{"id":172076,"date":"2023-10-30T20:48:40","date_gmt":"2023-10-30T23:48:40","guid":{"rendered":"https:\/\/sme.goiania.go.gov.br\/conexaoescola\/?post_type=ensino_fundamental&#038;p=172076"},"modified":"2023-10-30T20:48:42","modified_gmt":"2023-10-30T23:48:42","slug":"historia-patrimonio-de-goiania","status":"publish","type":"ensino_fundamental","link":"https:\/\/sme.goiania.go.gov.br\/conexaoescola\/ensino_fundamental\/historia-patrimonio-de-goiania\/","title":{"rendered":"Hist\u00f3ria &#8211; Patrim\u00f4nio de Goi\u00e2nia"},"content":{"rendered":"\n<p class=\"has-text-align-center has-background has-medium-font-size\" style=\"background-color:#d9e3eb\"><strong>ESTA PROPOSTA DE ATIVIDADE DE HIST\u00d3RIA&nbsp;\u00c9 DESTINADA AOS ESTUDANTES<\/strong>&nbsp;<strong>DO<\/strong>&nbsp;<strong>5\u00ba ANO DO ENSINO FUNDAMENTAL<\/strong>.<\/p>\n\n\n\n<div class=\"wp-block-buttons is-content-justification-center is-layout-flex wp-container-core-buttons-is-layout-16018d1d wp-block-buttons-is-layout-flex\">\n<div class=\"wp-block-button\"><a class=\"wp-block-button__link wp-element-button\" href=\"https:\/\/drive.google.com\/uc?export=download&amp;id=1od-H8CHTjB_C5lPQsQvq9FggHGZquwpR\" target=\"_blank\" rel=\"noreferrer noopener\">BAIXE A ATIVIDADE <\/a><\/div>\n\n\n\n<div class=\"wp-block-button\"><a class=\"wp-block-button__link wp-element-button\" href=\"https:\/\/drive.google.com\/uc?export=download&amp;id=1QYNANicwZo0eLaUObxqXBu-cR1aiHrPk\" target=\"_blank\" rel=\"noreferrer noopener\">BAIXE OS SLIDES <\/a><\/div>\n\n\n\n<div class=\"wp-block-button\"><a class=\"wp-block-button__link wp-element-button\" href=\"https:\/\/drive.google.com\/uc?export=download&amp;id=1R_-xANvtelSnFL6A4KugUjEeDJEn0TBx\" target=\"_blank\" rel=\"noreferrer noopener\">BAIXE O TEXTO<\/a><\/div>\n<\/div>\n\n\n\n<p class=\"has-medium-font-size\">A cidade de Goi\u00e2nia conserva pr\u00e9dios e monumentos que s\u00e3o hist\u00f3ricos, valorizando a identidade do Munic\u00edpio e as suas origens. Passear pela capital de Goi\u00e1s \u00e9 uma verdadeira visita a um museu a c\u00e9u aberto.<\/p>\n\n\n\n<p class=\"has-text-align-center has-medium-font-size\"><strong>PATRIM\u00d4NIO DE GOI\u00c2NIA<\/strong><\/p>\n\n\n<div class=\"wp-block-image\">\n<figure class=\"aligncenter size-full\"><img decoding=\"async\" src=\"https:\/\/sme.goiania.go.gov.br\/conexaoescola\/wp-content\/uploads\/2023\/10\/5-ANO.jpg\" alt=\"\" class=\"wp-image-172092\"\/><\/figure><\/div>\n\n\n<p class=\"has-text-align-center has-small-font-size\">Dispon\u00edvel em:https:\/\/www.flickr.com\/photos\/stankuns\/2697484010.Acesso em 27 out. 2023<\/p>\n\n\n\n<p class=\"has-medium-font-size\">A conserva\u00e7\u00e3o do patrim\u00f4nio material hist\u00f3rico \u00e9 de suma import\u00e2ncia para a identidade de uma cidade e o entendimento dos fatores que contribu\u00edram para a sua forma\u00e7\u00e3o. A cidade de Goi\u00e2nia conserva v\u00e1rios pr\u00e9dios hist\u00f3ricos e monumentos na regi\u00e3o central.&nbsp;<\/p>\n\n\n\n<p class=\"has-medium-font-size\">A conserva\u00e7\u00e3o do patrim\u00f4nio material hist\u00f3rico tem o objetivo de preservar e proteger bens culturais e hist\u00f3ricos, como monumentos e pr\u00e9dios, garantindo sua integridade e o conhecimento de sua origem pelas gera\u00e7\u00f5es futuras. Isso \u00e9 feito por meio de medidas como a restaura\u00e7\u00e3o, a manuten\u00e7\u00e3o permanente , o monitoramento e o controle de acesso e uso.&nbsp;<\/p>\n\n\n\n<p class=\"has-medium-font-size\">A Art D\u00e9co \u00e9 um estilo arquitet\u00f4nico e art\u00edstico que teve sua popularidade no in\u00edcio do s\u00e9culo XX, especialmente nas d\u00e9cadas de 1920 e 1930. Em Goi\u00e2nia, capital do estado de Goi\u00e1s, \u00e9 poss\u00edvel encontrar diversos exemplos de pr\u00e9dios e constru\u00e7\u00f5es no estilo Art D\u00e9co, especialmente no centro da cidade. Essas constru\u00e7\u00f5es se caracterizam por linhas retas, muitos ornamentos e formatos geom\u00e9tricos.&nbsp;<\/p>\n\n\n\n<p class=\"has-medium-font-size\">Podem-se citar as seguintes constru\u00e7\u00f5es em Goi\u00e2nia que seguem o estilo Art D\u00e9co: Coreto da Pra\u00e7a C\u00edvica, Museu Pedro Ludovico Teixeira (que foi a casa em que o fundador de Goi\u00e2nia viveu), Pal\u00e1cio das Esmeraldas e Torre do Rel\u00f3gio.<\/p>\n\n\n\n<p class=\"has-medium-font-size\">A prote\u00e7\u00e3o do patrim\u00f4nio hist\u00f3rico material de Goi\u00e2nia tamb\u00e9m envolve a conscientiza\u00e7\u00e3o da sociedade e a elabora\u00e7\u00e3o de pol\u00edticas p\u00fablicas para a manuten\u00e7\u00e3o dos espa\u00e7os.<\/p>\n\n\n\n<p class=\"has-text-align-center has-medium-font-size\"><strong>Agora \u00e9 com voc\u00ea, vamos responder algumas quest\u00f5es?<\/strong><\/p>\n\n\n\n<p class=\"has-text-align-left has-background has-medium-font-size\" style=\"background-color:#d9e3eb\"><strong>Q<strong><strong>uest\u00e3o<\/strong><\/strong> 1<\/strong><\/p>\n\n\n\n<p class=\"has-medium-font-size\">Observe a imagem a seguir de um monumento existente na cidade de Goi\u00e2nia:<\/p>\n\n\n<div class=\"wp-block-image\">\n<figure class=\"aligncenter size-full\"><img fetchpriority=\"high\" decoding=\"async\" width=\"606\" height=\"290\" src=\"https:\/\/sme.goiania.go.gov.br\/conexaoescola\/wp-content\/uploads\/2023\/10\/5-ANO-1.png\" alt=\"\" class=\"wp-image-172096\" srcset=\"https:\/\/sme.goiania.go.gov.br\/conexaoescola\/wp-content\/uploads\/2023\/10\/5-ANO-1.png 606w, https:\/\/sme.goiania.go.gov.br\/conexaoescola\/wp-content\/uploads\/2023\/10\/5-ANO-1-300x144.png 300w\" sizes=\"(max-width: 606px) 100vw, 606px\" \/><\/figure><\/div>\n\n\n<p class=\"has-text-align-center has-small-font-size\"><strong>\u00a0<\/strong>Dispon\u00edvel em:https:\/\/www.seguranca.go.gov.br\/ultimo-segundo\/dema-identifica-10-dos-maiores-pichadores-de-goiania.html.Acesso em 27 out. 2023<\/p>\n\n\n\n<p class=\"has-medium-font-size\">a) Qual preju\u00edzo ao patrim\u00f4nio hist\u00f3rico do Munic\u00edpio voc\u00ea consegue identificar?<\/p>\n\n\n\n<p class=\"has-medium-font-size\">b) De que forma o preju\u00edzo representado na imagem pode ser evitado?<\/p>\n\n\n\n<p class=\"has-text-align-left has-background has-medium-font-size\" style=\"background-color:#d9e3eb\"><strong>Q<strong><strong>uest\u00e3o<\/strong><\/strong> 2<\/strong><\/p>\n\n\n\n<p class=\"has-medium-font-size\">Observe imagens e identifique a qual pr\u00e9dio ou monumento hist\u00f3rico referem:<\/p>\n\n\n<div class=\"wp-block-image\">\n<figure class=\"aligncenter size-full\"><img decoding=\"async\" width=\"453\" height=\"191\" src=\"https:\/\/sme.goiania.go.gov.br\/conexaoescola\/wp-content\/uploads\/2023\/10\/532.jpg\" alt=\"\" class=\"wp-image-172098\" srcset=\"https:\/\/sme.goiania.go.gov.br\/conexaoescola\/wp-content\/uploads\/2023\/10\/532.jpg 453w, https:\/\/sme.goiania.go.gov.br\/conexaoescola\/wp-content\/uploads\/2023\/10\/532-300x126.jpg 300w\" sizes=\"(max-width: 453px) 100vw, 453px\" \/><\/figure><\/div>\n\n\n<figure class=\"wp-block-image size-full\"><img decoding=\"async\" width=\"318\" height=\"422\" src=\"https:\/\/sme.goiania.go.gov.br\/conexaoescola\/wp-content\/uploads\/2023\/10\/torre.jpg\" alt=\"\" class=\"wp-image-172099\" srcset=\"https:\/\/sme.goiania.go.gov.br\/conexaoescola\/wp-content\/uploads\/2023\/10\/torre.jpg 318w, https:\/\/sme.goiania.go.gov.br\/conexaoescola\/wp-content\/uploads\/2023\/10\/torre-226x300.jpg 226w\" sizes=\"(max-width: 318px) 100vw, 318px\" \/><\/figure>\n\n\n\n<p class=\"has-small-font-size\">Dispon\u00edvel em:http:\/\/portal.iphan.gov.br\/noticias\/detalhes\/5779\/torre-do-relogio-em-goiania-go-comeca-a-ser-restaurada . Acesso em 27 out. 2023.\u00a0<\/p>\n\n\n\n<figure class=\"wp-block-image size-full\"><img loading=\"lazy\" decoding=\"async\" width=\"345\" height=\"255\" src=\"https:\/\/sme.goiania.go.gov.br\/conexaoescola\/wp-content\/uploads\/2023\/10\/fgfd.jpg\" alt=\"\" class=\"wp-image-172100\" srcset=\"https:\/\/sme.goiania.go.gov.br\/conexaoescola\/wp-content\/uploads\/2023\/10\/fgfd.jpg 345w, https:\/\/sme.goiania.go.gov.br\/conexaoescola\/wp-content\/uploads\/2023\/10\/fgfd-300x222.jpg 300w\" sizes=\"(max-width: 345px) 100vw, 345px\" \/><\/figure>\n\n\n\n<p class=\"has-small-font-size\">Dispon\u00edvel em: https:\/\/commons.wikimedia.org\/wiki\/File:Coreto_da_Pra%C3%A7a_C%C3%ADvica,_Goi%C3%A2nia,_Goi%C3%A1s,_Brasil.JPG. Acesso em 27 out. 2023<\/p>\n\n\n\n<figure class=\"wp-block-image size-full\"><img loading=\"lazy\" decoding=\"async\" width=\"451\" height=\"338\" src=\"https:\/\/sme.goiania.go.gov.br\/conexaoescola\/wp-content\/uploads\/2023\/10\/ffff.jpg\" alt=\"\" class=\"wp-image-172101\" srcset=\"https:\/\/sme.goiania.go.gov.br\/conexaoescola\/wp-content\/uploads\/2023\/10\/ffff.jpg 451w, https:\/\/sme.goiania.go.gov.br\/conexaoescola\/wp-content\/uploads\/2023\/10\/ffff-300x225.jpg 300w\" sizes=\"(max-width: 451px) 100vw, 451px\" \/><\/figure>\n\n\n\n<p class=\"has-small-font-size\">Dispon\u00edvel em:https:\/\/commons.wikimedia.org\/wiki\/File:Pal%C3%A1cio_das_Esmeraldas_%28Goi%C3%A2nia,_Brasil%29_.jpg. Acesso em 27 out. 2023<\/p>\n\n\n\n<p class=\"has-text-align-left has-background has-medium-font-size\" style=\"background-color:#d9e3eb\"><strong>Q<strong><strong>uest\u00e3o<\/strong><\/strong><\/strong> <strong>3<\/strong><\/p>\n\n\n\n<p class=\"has-medium-font-size\">Cada \u00e9poca possui estilos arquitet\u00f4nicos pr\u00f3prios que conferem identidade \u00e0s constru\u00e7\u00f5es.<\/p>\n\n\n\n<p class=\"has-medium-font-size\">O estilo arquitet\u00f4nico presente no patrim\u00f4nio hist\u00f3rico material de Goi\u00e2nia, como por exemplo no Museu Pedro Ludovico Teixeira \u00e9:&nbsp;<\/p>\n\n\n\n<p class=\"has-medium-font-size\">(a) Art Rococ\u00f3.<\/p>\n\n\n\n<p class=\"has-medium-font-size\">(b) Art D\u00e9co.<\/p>\n\n\n\n<p class=\"has-medium-font-size\">(c) Art Rom\u00e2ntica.<\/p>\n\n\n\n<p class=\"has-medium-font-size\">(d) Art Barroca.<\/p>\n\n\n\n<p class=\"has-text-align-left has-background has-medium-font-size\" style=\"background-color:#d9e3eb\"><strong>Q<strong><strong>uest\u00e3o<\/strong><\/strong> 4<\/strong><\/p>\n\n\n\n<p class=\"has-medium-font-size\">A visita por Goi\u00e2nia possibilita reconhecer monumentos e pr\u00e9dios caracter\u00edsticos de uma cidade moderna e planejada.<\/p>\n\n\n\n<p class=\"has-medium-font-size\">A maior parte dos pr\u00e9dios e monumentos hist\u00f3ricos de Goi\u00e2nia concentram-se em qual regi\u00e3o da cidade?&nbsp;<\/p>\n\n\n\n<p class=\"has-medium-font-size\">a) Regi\u00e3o Norte.<\/p>\n\n\n\n<p class=\"has-medium-font-size\">b) Regi\u00e3o Sul.<\/p>\n\n\n\n<p class=\"has-medium-font-size\">c) Regi\u00e3o Central.<\/p>\n\n\n\n<p class=\"has-medium-font-size\">d) Regi\u00e3o Sudeste.<\/p>\n\n\n\n<hr class=\"wp-block-separator has-alpha-channel-opacity\"\/>\n\n\n\n<figure class=\"wp-block-table is-style-stripes\"><table><tbody><tr><td><strong>Autoria:<\/strong><\/td><td>Lorena Guimar\u00e3es<\/td><\/tr><tr><td><strong>Forma\u00e7\u00e3o:<\/strong><\/td><td>Formada em Pedagogia e Letras<\/td><\/tr><tr><td><strong>Componente<\/strong>:<\/td><td>Hist\u00f3ria<\/td><\/tr><tr><td><strong>Habilidade<\/strong>:<\/td><td>(GO-EF05HI10-A) Identificar os diferentes patrim\u00f4nios materiais e imateriais de sua regi\u00e3o e ou munic\u00edpio com \u00eanfase na Cidade de Goi\u00e1s, Patrim\u00f4nio Mundial da Humanidade.<\/td><\/tr><tr><td><strong>Refer\u00eancias:<\/strong><\/td><td><br>GOI\u00c1S. Documento Curricular para Goi\u00e1s \u2013 Ampliado. Volume II. Ensino Fundamental Anos Finais. CONSED; UNDIME, 2018. 433 p. Dispon\u00edvel em &lt;<a href=\"https:\/\/sme.goiania.go.gov.br\/site\/index.php\/institucional\/documentos-oficiais-2\/category\/27-documentos-gerais&amp;gt&amp;gt\">sme.goiania.go.gov.br\/site\/index.php\/institucional\/documentos-oficiais-2\/category\/27-documentos-gerais&amp;gt&amp;gt<\/a>;. Acesso em 23\/03\/2023.<br><br>GOI\u00c1S. Documento Curricular para Goi\u00e1s \u2013 Ampliado. Cortes Temporais. CONSED; UNDIME, 2019. p. 143. Dispon\u00edvel em: &lt;<a href=\"https:\/\/sme.goiania.go.gov.br\/site\/index.php\/institucional\/documentos-oficiais-2\">sme.goiania.go.gov.br\/site\/index.php\/institucional\/documentos-oficiais-2 >\u00a0<\/a>. Acesso em 23\/03\/2023.<br><br>RECORD TV GOI\u00c1S. S\u00f3 Goi\u00e1s que tem: Goi\u00e2nia tem o maior acervo Art D\u00e9co do pa\u00eds e inspira artistas modernos atuais. Dispon\u00edvel em:https:\/\/www.youtube.com\/watch?v=IpbaQbgReug. Acesso em 18 out. 2023.\u00a0<br><br>SECRETARIA DE ESTADO DE CULTURA DE GOI\u00c1S. Conhe\u00e7a mais sobre o Museu Pedro Ludovico Teixeira. Dispon\u00edvel em:\u00a0 https:\/\/www.youtube.com\/watch?v=O53MGMc1Td8. Acesso em: 18 out. 2023.\u00a0<br><br>IBGE. Biblioteca. Dispon\u00edvel em: https:\/\/biblioteca.ibge.gov.br\/index.php\/biblioteca-catalogo?id=442637&amp;view=detalhes. Acesso em: 18 out. 2023.<br><\/td><\/tr><\/tbody><\/table><\/figure>\n","protected":false},"author":59,"featured_media":172092,"template":"","ef_categoria":[193,13,14,21],"ef_ano":[88],"ef_componente":[95],"class_list":["post-172076","ensino_fundamental","type-ensino_fundamental","status-publish","has-post-thumbnail","hentry","ef_categoria-anos-iniciais","ef_categoria-ciclo-da-infancia-abc","ef_categoria-ciclo-da-infancia-de","ef_categoria-experiencias-e-curiosidades","ef_ano-5o-ano","ef_componente-historia","entry","has-media"],"acf":[],"_links":{"self":[{"href":"https:\/\/sme.goiania.go.gov.br\/conexaoescola\/wp-json\/wp\/v2\/ensino_fundamental\/172076","targetHints":{"allow":["GET"]}}],"collection":[{"href":"https:\/\/sme.goiania.go.gov.br\/conexaoescola\/wp-json\/wp\/v2\/ensino_fundamental"}],"about":[{"href":"https:\/\/sme.goiania.go.gov.br\/conexaoescola\/wp-json\/wp\/v2\/types\/ensino_fundamental"}],"author":[{"embeddable":true,"href":"https:\/\/sme.goiania.go.gov.br\/conexaoescola\/wp-json\/wp\/v2\/users\/59"}],"version-history":[{"count":1,"href":"https:\/\/sme.goiania.go.gov.br\/conexaoescola\/wp-json\/wp\/v2\/ensino_fundamental\/172076\/revisions"}],"predecessor-version":[{"id":172103,"href":"https:\/\/sme.goiania.go.gov.br\/conexaoescola\/wp-json\/wp\/v2\/ensino_fundamental\/172076\/revisions\/172103"}],"wp:featuredmedia":[{"embeddable":true,"href":"https:\/\/sme.goiania.go.gov.br\/conexaoescola\/wp-json\/wp\/v2\/media\/172092"}],"wp:attachment":[{"href":"https:\/\/sme.goiania.go.gov.br\/conexaoescola\/wp-json\/wp\/v2\/media?parent=172076"}],"wp:term":[{"taxonomy":"ef_categoria","embeddable":true,"href":"https:\/\/sme.goiania.go.gov.br\/conexaoescola\/wp-json\/wp\/v2\/ef_categoria?post=172076"},{"taxonomy":"ef_ano","embeddable":true,"href":"https:\/\/sme.goiania.go.gov.br\/conexaoescola\/wp-json\/wp\/v2\/ef_ano?post=172076"},{"taxonomy":"ef_componente","embeddable":true,"href":"https:\/\/sme.goiania.go.gov.br\/conexaoescola\/wp-json\/wp\/v2\/ef_componente?post=172076"}],"curies":[{"name":"wp","href":"https:\/\/api.w.org\/{rel}","templated":true}]}}