{"id":171109,"date":"2023-10-08T12:17:53","date_gmt":"2023-10-08T15:17:53","guid":{"rendered":"https:\/\/sme.goiania.go.gov.br\/conexaoescola\/?post_type=ensino_fundamental&#038;p=171109"},"modified":"2023-10-08T12:21:35","modified_gmt":"2023-10-08T15:21:35","slug":"lingua-portuguesa-descritor-7-identificar-a-tese-de-um-texto","status":"publish","type":"ensino_fundamental","link":"https:\/\/sme.goiania.go.gov.br\/conexaoescola\/ensino_fundamental\/lingua-portuguesa-descritor-7-identificar-a-tese-de-um-texto\/","title":{"rendered":"L\u00edngua Portuguesa &#8211; Descritor 7 &#8211; Identificar a tese de um texto"},"content":{"rendered":"\n<p class=\"has-black-color has-text-color has-background has-medium-font-size\" style=\"background-color:#ffbc8c\">Esta atividade de\u00a0<strong>L\u00edngua Portuguesa<\/strong>, que tem como base os descritores do\u00a0<strong>Programa Minha Escola \u00e9 Nota 10 (MEN10) \u2013 Goi\u00e2nia<\/strong>\u00a0e o\u00a0<strong>DC\/GO \u2013 Ampliado<\/strong>, est\u00e1 destinada a estudantes do <strong>9\u00ba ano<\/strong> do Ensino Fundamental. <\/p>\n\n\n\n<div class=\"wp-block-buttons is-content-justification-center is-layout-flex wp-container-core-buttons-is-layout-16018d1d wp-block-buttons-is-layout-flex\">\n<div class=\"wp-block-button\"><a class=\"wp-block-button__link wp-element-button\" href=\"https:\/\/drive.google.com\/uc?export=download&amp;id=1oy_LtDR_izorfxwP0FZIRVM0ipI7iQET\" target=\"_blank\" rel=\"noreferrer noopener\">BAIXE A ATIVIDADE<\/a><\/div>\n\n\n\n<div class=\"wp-block-button\"><a class=\"wp-block-button__link wp-element-button\" href=\"https:\/\/drive.google.com\/uc?export=download&amp;id=1BjGYDCR03BAp81QmznBbCzszGa3JixWg\" target=\"_blank\" rel=\"noreferrer noopener\">BAIXE OS SLIDES<\/a><\/div>\n\n\n\n<div class=\"wp-block-button\"><a class=\"wp-block-button__link wp-element-button\" href=\"https:\/\/drive.google.com\/uc?export=download&amp;id=1qim-eRV3P3vDf7RrpYwCVVQvhzbX7y0X\" target=\"_blank\" rel=\"noreferrer noopener\">BAIXE O TEXTO<\/a><\/div>\n<\/div>\n\n\n<div class=\"wp-block-image\">\n<figure class=\"aligncenter size-large is-resized\"><img fetchpriority=\"high\" decoding=\"async\" src=\"https:\/\/sme.goiania.go.gov.br\/conexaoescola\/wp-content\/uploads\/2023\/10\/33467519_8028096-e1696777284877-1024x1024.jpg\" alt=\"\" class=\"wp-image-171116\" width=\"495\" height=\"495\" srcset=\"https:\/\/sme.goiania.go.gov.br\/conexaoescola\/wp-content\/uploads\/2023\/10\/33467519_8028096-e1696777284877-1024x1024.jpg 1024w, https:\/\/sme.goiania.go.gov.br\/conexaoescola\/wp-content\/uploads\/2023\/10\/33467519_8028096-e1696777284877-300x300.jpg 300w, https:\/\/sme.goiania.go.gov.br\/conexaoescola\/wp-content\/uploads\/2023\/10\/33467519_8028096-e1696777284877-150x150.jpg 150w, https:\/\/sme.goiania.go.gov.br\/conexaoescola\/wp-content\/uploads\/2023\/10\/33467519_8028096-e1696777284877-768x768.jpg 768w, https:\/\/sme.goiania.go.gov.br\/conexaoescola\/wp-content\/uploads\/2023\/10\/33467519_8028096-e1696777284877-1536x1536.jpg 1536w, https:\/\/sme.goiania.go.gov.br\/conexaoescola\/wp-content\/uploads\/2023\/10\/33467519_8028096-e1696777284877.jpg 2000w\" sizes=\"(max-width: 495px) 100vw, 495px\" \/><figcaption class=\"wp-element-caption\">Imagem 1:&lt;<a href=\"https:\/\/br.freepik.com\/vetores-gratis\/ilustracao-do-conceito-de-correcao-gramatical_33467519.htm#query=escrita%20de%20textos&amp;position=20&amp;from_view=search&amp;track=ais\">https:\/\/br.freepik.com\/vetores-gratis\/ilustracao-do-conceito-de-correcao-gramatical_33467519.htm#query=escrita%20de%20textos&amp;position=20&amp;from_view=search&amp;track=ais<\/a>> Acesso em: 03, out. 2023<\/figcaption><\/figure><\/div>\n\n\n<p class=\"has-black-color has-text-color has-medium-font-size\">Voc\u00ea sabe o que \u00e9 uma tese?<\/p>\n\n\n\n<p class=\"has-black-color has-text-color has-medium-font-size\">Utilizamos bastante o conceito de tese na produ\u00e7\u00e3o de textos dissertativos, aqueles textos em que o autor escreve sobre um assunto espec\u00edfico, mobilizando argumentos para convencer o leitor de seu ponto de vista. A tese \u00e9 justamente esse ponto de vista do autor sobre um assunto. E mais, \u00e9 o ponto de vista principal de um texto.<\/p>\n\n\n\n<p class=\"has-black-color has-text-color has-medium-font-size\">A exposi\u00e7\u00e3o da tese constitui uma estrat\u00e9gia discursiva do autor para mostrar a relev\u00e2ncia ou consist\u00eancia de sua opini\u00e3o e, assim, ganhar a ades\u00e3o do leitor pela ado\u00e7\u00e3o do mesmo conjunto de conclus\u00f5es, ou seja, convencer o leitor de seu ponto de vista.<\/p>\n\n\n\n<p class=\"has-black-color has-text-color has-medium-font-size\">Geralmente, a tese pode ser identificada no primeiro par\u00e1grafo do texto e vem acompanhada do assunto do texto. Por isso, \u00e9 importante distinguir a tese do assunto\/tema.&nbsp;<\/p>\n\n\n\n<p class=\"has-black-color has-text-color has-medium-font-size\">Veja um exemplo:<\/p>\n\n\n\n<p class=\"has-black-color has-text-color has-medium-font-size\"><em>Apesar dos avan\u00e7os registrados ao longo das \u00faltimas d\u00e9cadas, ainda enfrentamos desafios significativos em rela\u00e7\u00e3o ao saneamento b\u00e1sico no Brasil. A falta de acesso a servi\u00e7os b\u00e1sicos como \u00e1gua pot\u00e1vel e esgoto tratado persiste em diversas regi\u00f5es do pa\u00eds, prejudicando a sa\u00fade, o meio ambiente e a dignidade das pessoas.Para superar essa situa\u00e7\u00e3o, \u00e9 essencial que o Estado, em conjunto com a iniciativa privada e a sociedade civil, invista em infraestrutura e pol\u00edticas p\u00fablicas que promovam a universaliza\u00e7\u00e3o do saneamento b\u00e1sico.<\/em>&nbsp;<\/p>\n\n\n\n<p class=\"has-black-color has-text-color has-medium-font-size\">No exemplo acima, logo na primeira senten\u00e7a, \u00e9 poss\u00edvel destacar que \u201cainda enfrentamos desafios significativos em rela\u00e7\u00e3o ao saneamento b\u00e1sico no Brasil\u201d. Temos aqui o tema e a tese do texto, que n\u00e3o aparecem nessa ordem direta. Observe que o tema do texto \u00e9 a quest\u00e3o do <strong>saneamento b\u00e1sico no Brasil<\/strong>, enquanto a tese firmada \u00e9 que <strong>ainda<\/strong> <strong>enfrentamos desafios significativos<\/strong> em rela\u00e7\u00e3o a ele. No exemplo, a tese do texto antecede o tema. Por isso, \u00e9 preciso atentar-se \u00e0 disposi\u00e7\u00e3o das frases no texto e das ideias que v\u00e3o sendo constru\u00eddas ao longo dele.&nbsp;<\/p>\n\n\n\n<p class=\"has-text-align-center has-black-color has-text-color has-background has-medium-font-size\" style=\"background-color:#ffbc8c\">Assista \u00e0 videoaula do professor Marlon Santos com essa tem\u00e1tica. <\/p>\n\n\n\n<figure class=\"wp-block-embed aligncenter is-type-video is-provider-youtube wp-block-embed-youtube wp-embed-aspect-16-9 wp-has-aspect-ratio\"><div class=\"wp-block-embed__wrapper\">\n<p class=\"responsive-video-wrap clr\"><iframe title=\"Videoaula 3 -  L\u00edngua Portuguesa  D7 - Identificar a tese de um texto - 9\u00ba Ano\" width=\"1200\" height=\"675\" src=\"https:\/\/www.youtube.com\/embed\/soTnvsnezxI?list=PLxRkqxlT0AC3bJO8JvdFPSPxQGew3NMjE\" frameborder=\"0\" allow=\"accelerometer; autoplay; clipboard-write; encrypted-media; gyroscope; picture-in-picture; web-share\" allowfullscreen><\/iframe><\/p>\n<\/div><figcaption class=\"wp-element-caption\">Portal Conex\u00e3o Escola &#8211; Videoaula 3 &#8211; L\u00edngua Portuguesa D7 &#8211; Identificar a tese de um texto &#8211; 9\u00ba Ano &#8211; Dispon\u00edvel em: &lt;https:\/\/www.youtube.com\/watch?v=soTnvsnezxI&amp;list=PLxRkqxlT0AC3bJO8JvdFPSPxQGew3NMjE&amp;index=3&amp;ab_channel=PortalConex%C3%A3oEscola> Acesso em: 22, set. 2023<\/figcaption><\/figure>\n\n\n\n<p class=\"has-text-align-center has-black-color has-text-color has-background has-medium-font-size\" style=\"background-color:#ffbc8c\"><strong>Responda \u00e0s quest\u00f5es a seguir.<\/strong><\/p>\n\n\n\n<p class=\"has-black-color has-text-color has-medium-font-size\">Leia o texto a seguir para responder \u00e0s quest\u00f5es 1 e 2.<\/p>\n\n\n\n<p class=\"has-black-color has-text-color has-medium-font-size\"><strong>Queimadas no cerrado brasileiro: um desafio ambiental urgente<\/strong><\/p>\n\n\n\n<p class=\"has-black-color has-text-color has-medium-font-size\">As queimadas no cerrado brasileiro representam um desafio ambiental de magnitude alarmante e \u00e9 crucial adotar medidas urgentes para combater esse problema e proteger esse ecossistema \u00fanico e precioso. Esse bioma, conhecido por sua riqueza em biodiversidade e sua import\u00e2ncia na regula\u00e7\u00e3o clim\u00e1tica, tem enfrentado um aumento devastador no n\u00famero de inc\u00eandios nos \u00faltimos anos.&nbsp;<\/p>\n\n\n\n<p class=\"has-black-color has-text-color has-medium-font-size\">Essas queimadas n\u00e3o apenas causam danos irrepar\u00e1veis \u00e0 flora e fauna locais, mas tamb\u00e9m liberam grandes quantidades de di\u00f3xido de carbono na atmosfera, contribuindo para as mudan\u00e7as clim\u00e1ticas globais. Para combater esse problema complexo, \u00e9 necess\u00e1rio adotar medidas urgentes, como o fortalecimento das pol\u00edticas de preven\u00e7\u00e3o e combate a inc\u00eandios, o engajamento da sociedade na conserva\u00e7\u00e3o do cerrado e a promo\u00e7\u00e3o de pr\u00e1ticas agr\u00edcolas sustent\u00e1veis que reduzam a press\u00e3o sobre esse ecossistema \u00fanico e precioso. A prote\u00e7\u00e3o do cerrado n\u00e3o \u00e9 apenas uma quest\u00e3o ambiental, mas tamb\u00e9m uma quest\u00e3o de sobreviv\u00eancia para o nosso planeta e para as futuras gera\u00e7\u00f5es. <\/p>\n\n\n\n<p class=\"has-text-align-right has-black-color has-text-color has-small-font-size\">Elaborado pela Equipe do NEC\/SME<\/p>\n\n\n\n<p class=\"has-black-color has-text-color has-background has-medium-font-size\" style=\"background-color:#ffbc8c\"><strong>QUEST\u00c3O 1<\/strong><\/p>\n\n\n\n<p class=\"has-black-color has-text-color has-medium-font-size\">O tema do texto \u00e9: <\/p>\n\n\n\n<p class=\"has-black-color has-text-color has-medium-font-size\">(A) o cerrado brasileiro. <\/p>\n\n\n\n<p class=\"has-black-color has-text-color has-medium-font-size\">(B) as queimadas no cerrado brasileiro. <\/p>\n\n\n\n<p class=\"has-black-color has-text-color has-medium-font-size\">(C) a biodiversidade. <\/p>\n\n\n\n<p class=\"has-black-color has-text-color has-medium-font-size\">(D) a regula\u00e7\u00e3o clim\u00e1tica. <\/p>\n\n\n\n<p class=\"has-black-color has-text-color has-background has-medium-font-size\" style=\"background-color:#ffbc8c\"><strong>QUEST\u00c3O 2 <\/strong><\/p>\n\n\n\n<p class=\"has-black-color has-text-color has-medium-font-size\">A tese do texto \u00e9: <\/p>\n\n\n\n<p class=\"has-black-color has-text-color has-medium-font-size\">(A) As queimadas no cerrado brasileiro representam um desafio ambiental de magnitude alarmante e \u00e9 crucial adotar medidas urgentes para combater esse problema e proteger esse ecossistema. <\/p>\n\n\n\n<p class=\"has-black-color has-text-color has-medium-font-size\">(B) Esse bioma, conhecido por sua riqueza em biodiversidade e sua import\u00e2ncia na regula\u00e7\u00e3o clim\u00e1tica, tem enfrentado um aumento devastador no n\u00famero de inc\u00eandios nos \u00faltimos anos.\u00a0<\/p>\n\n\n\n<p class=\"has-black-color has-text-color has-medium-font-size\">(C) Essas queimadas n\u00e3o apenas causam danos irrepar\u00e1veis \u00e0 flora e fauna locais, mas tamb\u00e9m liberam grandes quantidades de di\u00f3xido de carbono na atmosfera, contribuindo para as mudan\u00e7as clim\u00e1ticas globais. <\/p>\n\n\n\n<p class=\"has-black-color has-text-color has-medium-font-size\">(D) A prote\u00e7\u00e3o do cerrado n\u00e3o \u00e9 apenas uma quest\u00e3o ambiental, mas tamb\u00e9m uma quest\u00e3o de sobreviv\u00eancia para o nosso planeta e para as futuras gera\u00e7\u00f5es. <\/p>\n\n\n\n<p class=\"has-black-color has-text-color has-background has-medium-font-size\" style=\"background-color:#ffbc8c\"><strong>QUEST\u00c3O 3<\/strong> <\/p>\n\n\n\n<p class=\"has-black-color has-text-color has-medium-font-size\">Leia o texto abaixo e, em seguida, diga qual \u00e9 o seu tema e a sua tese. <\/p>\n\n\n\n<p class=\"has-black-color has-text-color has-medium-font-size\">Com a ascens\u00e3o constante das inova\u00e7\u00f5es tecnol\u00f3gicas, surge a necessidade de explorar de maneira cr\u00edtica e respons\u00e1vel como a tecnologia pode ser aplicada no ambiente escolar. A tecnologia na escola oferece in\u00fameras oportunidades para melhorar a qualidade da educa\u00e7\u00e3o. Plataformas de ensino online, recursos multim\u00eddia e aplicativos educacionais t\u00eam o potencial de tornar o aprendizado mais interativo, envolvente e personalizado.\u00a0 <\/p>\n\n\n\n<p class=\"has-black-color has-text-color has-medium-font-size\">No entanto, a implementa\u00e7\u00e3o da tecnologia na escola n\u00e3o est\u00e1 isenta de desafios. \u00c9 essencial abordar preocupa\u00e7\u00f5es sobre privacidade dos alunos, seguran\u00e7a cibern\u00e9tica e equidade no acesso \u00e0 tecnologia. Al\u00e9m disso, \u00e9 importante evitar a substitui\u00e7\u00e3o completa dos m\u00e9todos de ensino tradicionais pela tecnologia, pois a intera\u00e7\u00e3o humana continua sendo fundamental para o desenvolvimento integral dos alunos.<\/p>\n\n\n\n<p class=\"has-text-align-right has-black-color has-text-color has-small-font-size\">Elaborado pela Equipe do NEC\/SME  <\/p>\n\n\n\n<p class=\"has-black-color has-text-color has-background has-medium-font-size\" style=\"background-color:#ffbc8c\"><strong>QUEST\u00c3O 4<\/strong> <\/p>\n\n\n\n<p class=\"has-black-color has-text-color has-medium-font-size\">Voc\u00ea j\u00e1 sabe que a tese \u00e9 um ponto de vista de uma determinada pessoa sobre um tema. Pensando nos seguintes temas para discuss\u00e3o e produ\u00e7\u00e3o de texto, apresente uma tese para cada tema apresentado. <\/p>\n\n\n\n<p class=\"has-black-color has-text-color has-medium-font-size\">(A) A import\u00e2ncia da leitura na escola. <\/p>\n\n\n\n<p class=\"has-black-color has-text-color has-medium-font-size\">(B) Os agrot\u00f3xicos na polui\u00e7\u00e3o das \u00e1guas.<\/p>\n\n\n\n<hr class=\"wp-block-separator has-alpha-channel-opacity\"\/>\n\n\n\n<figure class=\"wp-block-table is-style-stripes has-small-font-size\"><table><tbody><tr><td><strong>Autoria:<\/strong><\/td><td>Marlon Santos<\/td><\/tr><tr><td><strong>Forma\u00e7\u00e3o:<\/strong><\/td><td>Letras \u2013 Portugu\u00eas<\/td><\/tr><tr><td><strong>Componente curricular:<\/strong><\/td><td>L\u00edngua Portuguesa<\/td><\/tr><tr><td><strong>Habilidade estruturante:<\/strong><\/td><td>(EF89LP04) Identificar e avaliar teses\/opini\u00f5es\/posicionamentos expl\u00edcitos e impl\u00edcitos, argumentos e contra-argumentos em textos argumentativos do campo (coment\u00e1rio, artigo de opini\u00e3o etc.), posicionando-se frente \u00e0 quest\u00e3o controversa de forma sustentada.<\/td><\/tr><tr><td><strong>Refer\u00eancias:<\/strong><\/td><td>Documento Curricular para Goi\u00e1s (DC-GO). Goi\u00e2nia\/GO: CONSED\/ UNDIME Goi\u00e1s, 2018. Dispon\u00edvel em: &lt;<a href=\"https:\/\/cee.go.gov.br\/\">https:\/\/cee.go.gov.br<\/a>&gt; Acesso em: 01, set. 2023<\/td><\/tr><\/tbody><\/table><\/figure>\n","protected":false},"author":42,"featured_media":171116,"template":"","ef_categoria":[16,36],"ef_ano":[92],"ef_componente":[93],"class_list":["post-171109","ensino_fundamental","type-ensino_fundamental","status-publish","has-post-thumbnail","hentry","ef_categoria-ciclo-da-adolescencia-hi","ef_categoria-etica-e-cidadania-ciclo-da-adolescencia-hi","ef_ano-9o-ano","ef_componente-portugues","entry","has-media"],"acf":[],"_links":{"self":[{"href":"https:\/\/sme.goiania.go.gov.br\/conexaoescola\/wp-json\/wp\/v2\/ensino_fundamental\/171109","targetHints":{"allow":["GET"]}}],"collection":[{"href":"https:\/\/sme.goiania.go.gov.br\/conexaoescola\/wp-json\/wp\/v2\/ensino_fundamental"}],"about":[{"href":"https:\/\/sme.goiania.go.gov.br\/conexaoescola\/wp-json\/wp\/v2\/types\/ensino_fundamental"}],"author":[{"embeddable":true,"href":"https:\/\/sme.goiania.go.gov.br\/conexaoescola\/wp-json\/wp\/v2\/users\/42"}],"version-history":[{"count":4,"href":"https:\/\/sme.goiania.go.gov.br\/conexaoescola\/wp-json\/wp\/v2\/ensino_fundamental\/171109\/revisions"}],"predecessor-version":[{"id":171119,"href":"https:\/\/sme.goiania.go.gov.br\/conexaoescola\/wp-json\/wp\/v2\/ensino_fundamental\/171109\/revisions\/171119"}],"wp:featuredmedia":[{"embeddable":true,"href":"https:\/\/sme.goiania.go.gov.br\/conexaoescola\/wp-json\/wp\/v2\/media\/171116"}],"wp:attachment":[{"href":"https:\/\/sme.goiania.go.gov.br\/conexaoescola\/wp-json\/wp\/v2\/media?parent=171109"}],"wp:term":[{"taxonomy":"ef_categoria","embeddable":true,"href":"https:\/\/sme.goiania.go.gov.br\/conexaoescola\/wp-json\/wp\/v2\/ef_categoria?post=171109"},{"taxonomy":"ef_ano","embeddable":true,"href":"https:\/\/sme.goiania.go.gov.br\/conexaoescola\/wp-json\/wp\/v2\/ef_ano?post=171109"},{"taxonomy":"ef_componente","embeddable":true,"href":"https:\/\/sme.goiania.go.gov.br\/conexaoescola\/wp-json\/wp\/v2\/ef_componente?post=171109"}],"curies":[{"name":"wp","href":"https:\/\/api.w.org\/{rel}","templated":true}]}}