{"id":170465,"date":"2023-09-27T16:23:00","date_gmt":"2023-09-27T19:23:00","guid":{"rendered":"https:\/\/sme.goiania.go.gov.br\/conexaoescola\/?post_type=ensino_fundamental&#038;p=170465"},"modified":"2026-04-27T17:36:12","modified_gmt":"2026-04-27T20:36:12","slug":"educacao-fisica-fenomeno-fitness-na-atualidade-copy","status":"publish","type":"ensino_fundamental","link":"https:\/\/sme.goiania.go.gov.br\/conexaoescola\/ensino_fundamental\/educacao-fisica-fenomeno-fitness-na-atualidade-copy\/","title":{"rendered":"Educa\u00e7\u00e3o f\u00edsica &#8211; Pilates &#8211; Caracter\u00edsticas hist\u00f3ricas e culturais."},"content":{"rendered":"\n<p class=\"has-text-align-center has-black-color has-luminous-vivid-orange-background-color has-text-color has-background has-medium-font-size\">   Esta proposta de atividade de<strong>&nbsp;EDUCA\u00c7\u00c3O F\u00cdSICA&nbsp;<\/strong>\u00e9 destinada aos estudantes do<strong> 9\u00ba ANO&nbsp;<\/strong>do Ensino Fundamental &#8211; Anos Finais.<\/p>\n\n\n\n<div class=\"wp-block-buttons alignwide is-content-justification-center is-layout-flex wp-container-core-buttons-is-layout-16018d1d wp-block-buttons-is-layout-flex\">\n<div class=\"wp-block-button\"><a class=\"wp-block-button__link has-medium-font-size has-custom-font-size wp-element-button\" href=\"https:\/\/drive.google.com\/uc?export=douwnload&amp;id=1IBx7FZ2-GtRPhPvRLRFaouHs_bUNqqZI\" target=\"_blank\" rel=\"noreferrer noopener\"><strong>BAIXE A ATIVIDADE<\/strong><\/a><\/div>\n\n\n\n<div class=\"wp-block-button has-custom-width wp-block-button__width-25\"><a class=\"wp-block-button__link has-medium-font-size has-custom-font-size wp-element-button\" href=\"https:\/\/drive.google.com\/uc?export=douwnload&amp;id=1OvxRkn9kBnZ-9DwXnhNFRJKf1Qokh7Cj\" target=\"_blank\" rel=\"noreferrer noopener\"><strong>BAIXE OS SLIDES<\/strong><\/a><\/div>\n\n\n\n<div class=\"wp-block-button has-custom-width wp-block-button__width-25\"><a class=\"wp-block-button__link has-medium-font-size has-custom-font-size wp-element-button\" href=\"https:\/\/drive.google.com\/uc?export=douwnload&amp;id=1U3vDxEQLNDFCSXTaMLgFd9FCU0n8NVjl\" target=\"_blank\" rel=\"noreferrer noopener\"><strong>BAIXE O TEXTO <\/strong><\/a><\/div>\n<\/div>\n\n\n\n<p><\/p>\n\n\n\n<p class=\"has-text-align-center has-medium-font-size\"><strong>PILATES &#8211; CARACTER\u00cdSTICAS HIST\u00d3RICAS E CULTURAIS<\/strong>.<\/p>\n\n\n\n<figure class=\"wp-block-image size-full is-resized is-style-rounded\"><img decoding=\"async\" src=\"https:\/\/sme.goiania.go.gov.br\/conexaoescola\/wp-content\/uploads\/2023\/09\/PILATES-DESTAQUE-e1695834862353.jpg\" alt=\"\" class=\"wp-image-170471\" style=\"width:839px;height:1119px\"\/><figcaption class=\"wp-element-caption\"><strong>Imagem do arquivo pessoal: Elaine Faria de Oliveira. Acesso: 25 de Setembro de 2023.<\/strong><\/figcaption><\/figure>\n\n\n\n<p class=\"has-text-align-center has-luminous-vivid-amber-background-color has-background has-medium-font-size\"><strong>ORIGEM<\/strong><\/p>\n\n\n\n<p class=\"has-text-align-center has-medium-font-size\">O Pilates foi desenvolvido por <strong>Joseph Humbertus Pilates,<\/strong> um alem\u00e3o nascido em 1883. Durante a Primeira Guerra Mundial, ele foi internado em um campo de concentra\u00e7\u00e3o, onde come\u00e7ou a desenvolver seu m\u00e9todo de exerc\u00edcios para ajudar na reabilita\u00e7\u00e3o dos feridos e doentes. Ele utilizava camas improvisadas com molas e tiras de cintos para criar resist\u00eancia e fortalecer os m\u00fasculos dos pacientes. Ap\u00f3s a guerra, Joseph Pilates mudou-se para os Estados Unidos e abriu um est\u00fadio em Nova York, onde come\u00e7ou a ensinar seu m\u00e9todo para bailarinos e atletas.&nbsp;<\/p>\n\n\n\n<p class=\"has-text-align-center has-luminous-vivid-amber-background-color has-background has-medium-font-size\"><strong>&nbsp;POPULARIDADE<\/strong><\/p>\n\n\n\n<p class=\"has-text-align-center has-medium-font-size\">O m\u00e9todo ganhou popularidade entre a comunidade de dan\u00e7a e, ao longo dos anos, foi se espalhando para outras \u00e1reas de condicionamento f\u00edsico. Hoje em dia, o Pilates \u00e9 praticado em todo o mundo e \u00e9 conhecido por seus benef\u00edcios para a postura, flexibilidade, for\u00e7a e equil\u00edbrio.&nbsp;<\/p>\n\n\n\n<p class=\"has-text-align-center has-luminous-vivid-amber-background-color has-background has-medium-font-size\"><strong>CARACTER\u00cdSTICAS&nbsp;<\/strong><\/p>\n\n\n\n<p class=\"has-text-align-center has-medium-font-size\">O m\u00e9todo se baseia em exerc\u00edcios que envolvem o controle preciso dos movimentos, a respira\u00e7\u00e3o adequada e o fortalecimento do &#8220;da instabilidade core&#8221; (m\u00fasculos abdominais profundos).<\/p>\n\n\n\n<p class=\"has-text-align-center has-luminous-vivid-amber-background-color has-background has-medium-font-size\"><strong>PRINC\u00cdPIOS FUNDAMENTAIS <\/strong><\/p>\n\n\n\n<p class=\"has-medium-font-size\"><strong>O m\u00e9todo Pilates est\u00e1 fundamentado em 10 princ\u00edpios, s\u00e3o eles:<\/strong><\/p>\n\n\n\n<p class=\"has-medium-font-size\"><strong>CONCENTRA\u00c7\u00c3O<\/strong>: Princ\u00edpio que consiste em focar a mente no movimento e nas sensa\u00e7\u00f5es do corpo durante a pr\u00e1tica.<\/p>\n\n\n\n<p class=\"has-medium-font-size\"><strong>CONTROLE:<\/strong> Princ\u00edpio que consiste em executar os exerc\u00edcios de forma suave e controlada, evitando movimentos bruscos e descontrolados.<\/p>\n\n\n\n<p class=\"has-medium-font-size\"><strong>CENTRALIZA\u00c7\u00c3O: <\/strong>Princ\u00edpio que consiste em fortalecer a &#8220;<strong>estabilidade do core&#8221;<\/strong> e manter a estabilidade e o alinhamento postural.<\/p>\n\n\n\n<p class=\"has-medium-font-size\"><strong>PRECIS\u00c3O:<\/strong> Princ\u00edpio que consiste em realizar os exerc\u00edcios com precis\u00e3o e aten\u00e7\u00e3o aos detalhes.<\/p>\n\n\n\n<p class=\"has-medium-font-size\"><strong>RESPIRA\u00c7\u00c3O:<\/strong> Princ\u00edpio que consiste em utilizar uma respira\u00e7\u00e3o profunda e controlada para oxigenar os m\u00fasculos e promover a concentra\u00e7\u00e3o.<\/p>\n\n\n\n<p class=\"has-medium-font-size\"><strong>FLUIDEZ:<\/strong> Princ\u00edpio que consiste em executar os movimentos de forma fluida e cont\u00ednua, sem pausas bruscas.<\/p>\n\n\n\n<p class=\"has-medium-font-size\"><strong>ISOLAMENTO: <\/strong>Princ\u00edpio que consiste em trabalhar m\u00fasculos espec\u00edficos de forma isolada, para fortalec\u00ea-los e equilibr\u00e1-los.<\/p>\n\n\n\n<p class=\"has-medium-font-size\"><strong>INTEGRA\u00c7\u00c3O<\/strong>: Princ\u00edpio que consiste em integrar todos os m\u00fasculos do corpo para realizar os movimentos de forma harmoniosa.<\/p>\n\n\n\n<p class=\"has-medium-font-size\"><strong>RESIST\u00caNCIA:<\/strong> Princ\u00edpio que consiste em utilizar a resist\u00eancia dos aparelhos ou do pr\u00f3prio corpo para fortalecer os m\u00fasculos.<\/p>\n\n\n\n<p class=\"has-medium-font-size\"><strong>REPETI\u00c7\u00c3O:<\/strong> Princ\u00edpio que consiste em realizar os exerc\u00edcios de forma repetida para fortalecer e condicionar o corpo.<\/p>\n\n\n\n<p class=\"has-text-align-center has-medium-font-size\"><strong>VAMOS RESPONDER ALGUMAS QUEST\u00d5ES?<\/strong> <\/p>\n\n\n\n<p class=\"has-light-green-cyan-background-color has-background has-medium-font-size\"><strong>QUEST\u00c3O 01<\/strong><\/p>\n\n\n\n<p class=\"has-medium-font-size\"><strong>O idealizador do m\u00e9todo Pilates foi<\/strong><\/p>\n\n\n\n<p class=\"has-medium-font-size\">(A) \u00c1lvaro Romano<\/p>\n\n\n\n<p class=\"has-medium-font-size\">(B) Philip Astley.<\/p>\n\n\n\n<p class=\"has-medium-font-size\">(C) Joseph Hubertus Pilates.<\/p>\n\n\n\n<p class=\"has-medium-font-size\">(D) Friedrich Ludwig Christoph Jahn.<\/p>\n\n\n\n<p class=\"has-light-green-cyan-background-color has-background has-medium-font-size\"><strong> QUEST\u00c3O 02 <\/strong><\/p>\n\n\n\n<p class=\"has-medium-font-size\"><strong>A principal motiva\u00e7\u00e3o de Joseph Pilates para cria\u00e7\u00e3o do m\u00e9todo est\u00e1 relacionada a<\/strong><\/p>\n\n\n\n<p class=\"has-medium-font-size\">A) melhorar a sa\u00fade mental.<\/p>\n\n\n\n<p class=\"has-medium-font-size\">B) aumentar a flexibilidade.<\/p>\n\n\n\n<p class=\"has-medium-font-size\">C) reabilitar soldados feridos na Primeira Guerra Mundial.<\/p>\n\n\n\n<p class=\"has-medium-font-size\">D) promover o emagrecimento.<\/p>\n\n\n\n<p class=\"has-light-green-cyan-background-color has-background has-medium-font-size\"><strong> QUEST\u00c3O 03 <\/strong><\/p>\n\n\n\n<p class=\"has-medium-font-size\"><strong>Para responder em seu caderno. Como o Pilates se tornou uma pr\u00e1tica t\u00e3o popular e amplamente adotada em todo o mundo?<\/strong><\/p>\n\n\n\n<p class=\"has-text-align-left has-light-green-cyan-background-color has-background has-medium-font-size\"><strong> QUEST\u00c3O 04 <\/strong><\/p>\n\n\n\n<p class=\"has-medium-font-size\"><strong>Com rela\u00e7\u00e3o aos princ\u00edpios fundamentais do m\u00e9todo Pilates marque:&nbsp;<\/strong><\/p>\n\n\n\n<p class=\"has-medium-font-size\"><strong>01 &#8211; CONCENTRA\u00c7\u00c3O&nbsp;<\/strong><\/p>\n\n\n\n<p class=\"has-medium-font-size\"><strong>02 &#8211; CONTROLE&nbsp;<\/strong><\/p>\n\n\n\n<p class=\"has-medium-font-size\"><strong>03 &#8211; CENTRALIZA\u00c7\u00c3O&nbsp;<\/strong><\/p>\n\n\n\n<p class=\"has-medium-font-size\"><strong>04 &#8211; PRECIS\u00c3O&nbsp;<\/strong><\/p>\n\n\n\n<p class=\"has-medium-font-size\"><strong>05 &#8211; RESPIRA\u00c7\u00c3O&nbsp;<\/strong><\/p>\n\n\n\n<p class=\"has-medium-font-size\"><strong>06 &#8211; FLUIDEZ&nbsp;<\/strong><\/p>\n\n\n\n<p class=\"has-medium-font-size\"><strong>07 &#8211; ISOLAMENTO&nbsp;<\/strong><\/p>\n\n\n\n<p class=\"has-medium-font-size\"><strong>08 &#8211; INTEGRA\u00c7\u00c3O&nbsp;<\/strong><\/p>\n\n\n\n<p class=\"has-medium-font-size\"><strong>09 &#8211; RESIST\u00caNCIA<\/strong><\/p>\n\n\n\n<p class=\"has-medium-font-size\"><strong>10 &#8211; REPETI\u00c7\u00c3O<\/strong><\/p>\n\n\n\n<figure class=\"wp-block-table has-medium-font-size\"><table><tbody><tr><td><\/td><td class=\"has-text-align-center\" data-align=\"center\">Princ\u00edpio que consiste em integrar todos os m\u00fasculos do corpo para realizar os movimentos de forma harmoniosa.<\/td><\/tr><tr><td><\/td><td class=\"has-text-align-center\" data-align=\"center\">Princ\u00edpio que consiste em trabalhar m\u00fasculos espec\u00edficos de forma isolada, para fortalec\u00ea-los e equilibr\u00e1-los.<\/td><\/tr><tr><td><\/td><td class=\"has-text-align-center\" data-align=\"center\">Princ\u00edpio que consiste focar a mente no movimento e nas sensa\u00e7\u00f5es do corpo durante a pr\u00e1tica.<\/td><\/tr><tr><td><\/td><td class=\"has-text-align-center\" data-align=\"center\">Princ\u00edpio que consiste em executar os exerc\u00edcios de forma suave e controlada, evitando movimentos bruscos e descontrolados.<\/td><\/tr><tr><td><\/td><td class=\"has-text-align-center\" data-align=\"center\">Princ\u00edpio que consiste em executar os movimentos de forma fluida e cont\u00ednua, sem pausas bruscas.<\/td><\/tr><tr><td><\/td><td class=\"has-text-align-center\" data-align=\"center\">Princ\u00edpio que consiste em utilizar uma respira\u00e7\u00e3o profunda e controlada para oxigenar os m\u00fasculos e promover a concentra\u00e7\u00e3o.<\/td><\/tr><tr><td><\/td><td class=\"has-text-align-center\" data-align=\"center\">Princ\u00edpio que consiste em fortalecer a <strong>&#8220;estabilidade do core&#8221; <\/strong>e manter a estabilidade e o alinhamento postural.<\/td><\/tr><tr><td><\/td><td class=\"has-text-align-center\" data-align=\"center\">Princ\u00edpio que consiste em realizar os exerc\u00edcios com precis\u00e3o e aten\u00e7\u00e3o aos detalhes.<\/td><\/tr><tr><td><\/td><td class=\"has-text-align-center\" data-align=\"center\">Princ\u00edpio que consiste em utilizar a resist\u00eancia dos aparelhos ou do pr\u00f3prio corpo para fortalecer os m\u00fasculos.<\/td><\/tr><tr><td><\/td><td class=\"has-text-align-center\" data-align=\"center\">Princ\u00edpio que consiste em realizar os exerc\u00edcios de forma repetida para fortalecer e condicionar o corpo.<\/td><\/tr><\/tbody><\/table><\/figure>\n\n\n\n<figure class=\"wp-block-table is-style-stripes has-medium-font-size\"><table><tbody><tr><td><strong>Autoria<\/strong><\/td><td>Elaine Faria de Oliveira <\/td><\/tr><tr><td><strong>Forma\u00e7\u00e3o<\/strong><\/td><td>Educa\u00e7\u00e3o F\u00edsica <\/td><\/tr><tr><td><strong>Componentes Curriculares<\/strong><\/td><td>Educa\u00e7\u00e3o F\u00edsica <\/td><\/tr><tr><td><strong>Objetivos de Aprendizagem e Desenvolvimento<\/strong><\/td><td>(EF89EF11) Identificar as diferen\u00e7as e semelhan\u00e7as entre a gin\u00e1stica de conscientiza\u00e7\u00e3o corporal e as de condicionamento f\u00edsico e discutir como a pr\u00e1tica de cada uma dessas manifesta\u00e7\u00f5es pode contribuir para a melhoria das condi\u00e7\u00f5es de vida, sa\u00fade, bem-estar e cuidado consigo mesmo.<\/td><\/tr><tr><td><strong>Refer\u00eancias<\/strong><\/td><td>DC-GO Ampliado &#8211; Base&nbsp; Nacional&nbsp; Comum&nbsp; Curricular&nbsp; (BNCC)&nbsp; da Educa\u00e7\u00e3o Infantil e do Ensino&nbsp;Fundamental, 2017.<br><br>Pr\u00e1ticas corporais: educa\u00e7\u00e3o f\u00edsica: 6\u00ba ao 9\u00ba anos: manual do professor\/ Suraya Cristina Darido. et AL 1 ed. &#8211; S\u00e3o Paulo:: Moderna, 2018<br>Gin\u00e1stica, dan\u00e7a e atividades circenses \/ Fernando Jaime Gonz\u00e1lez; Suraya Cristina Darido; Amauri Aparecido B\u00e1ssoli de Oliveira, org.; pref\u00e1cio de Leandro Cruz Fr\u00f3es da Silva. 2. ed. \u2013 Maring\u00e1 : Eduem, 2017. v. 3 (232 p.) : il. (algumas color); 25,0&#215;17,6 cm.&#8211; (Pr\u00e1ticas corporais e a organiza\u00e7\u00e3o do conhecimento).&nbsp;<br><br>Gin\u00e1stica. 2. Dan\u00e7a. 3.Artes circenses.I. Jaime Gonz\u00e1lez, Fernando. II. Darido, Suraya Cristina. III. Oliveira, Amauri Aparecido B\u00e1ssoli de. IV. Cappelli, Ricardo Garcia, pref. V. T\u00edtulo&nbsp;Cdd 22.ed.796.<\/td><\/tr><\/tbody><\/table><\/figure>\n","protected":false},"author":56,"featured_media":170471,"template":"","ef_categoria":[15,27],"ef_ano":[92],"ef_componente":[97],"class_list":["post-170465","ensino_fundamental","type-ensino_fundamental","status-publish","has-post-thumbnail","hentry","ef_categoria-ciclo-da-adolescencia-fg","ef_categoria-corpo-e-movimento-ciclo-da-adolescencia-fg","ef_ano-9o-ano","ef_componente-educacao-fisica","entry","has-media"],"acf":[],"_links":{"self":[{"href":"https:\/\/sme.goiania.go.gov.br\/conexaoescola\/wp-json\/wp\/v2\/ensino_fundamental\/170465","targetHints":{"allow":["GET"]}}],"collection":[{"href":"https:\/\/sme.goiania.go.gov.br\/conexaoescola\/wp-json\/wp\/v2\/ensino_fundamental"}],"about":[{"href":"https:\/\/sme.goiania.go.gov.br\/conexaoescola\/wp-json\/wp\/v2\/types\/ensino_fundamental"}],"author":[{"embeddable":true,"href":"https:\/\/sme.goiania.go.gov.br\/conexaoescola\/wp-json\/wp\/v2\/users\/56"}],"version-history":[{"count":15,"href":"https:\/\/sme.goiania.go.gov.br\/conexaoescola\/wp-json\/wp\/v2\/ensino_fundamental\/170465\/revisions"}],"predecessor-version":[{"id":203076,"href":"https:\/\/sme.goiania.go.gov.br\/conexaoescola\/wp-json\/wp\/v2\/ensino_fundamental\/170465\/revisions\/203076"}],"wp:featuredmedia":[{"embeddable":true,"href":"https:\/\/sme.goiania.go.gov.br\/conexaoescola\/wp-json\/wp\/v2\/media\/170471"}],"wp:attachment":[{"href":"https:\/\/sme.goiania.go.gov.br\/conexaoescola\/wp-json\/wp\/v2\/media?parent=170465"}],"wp:term":[{"taxonomy":"ef_categoria","embeddable":true,"href":"https:\/\/sme.goiania.go.gov.br\/conexaoescola\/wp-json\/wp\/v2\/ef_categoria?post=170465"},{"taxonomy":"ef_ano","embeddable":true,"href":"https:\/\/sme.goiania.go.gov.br\/conexaoescola\/wp-json\/wp\/v2\/ef_ano?post=170465"},{"taxonomy":"ef_componente","embeddable":true,"href":"https:\/\/sme.goiania.go.gov.br\/conexaoescola\/wp-json\/wp\/v2\/ef_componente?post=170465"}],"curies":[{"name":"wp","href":"https:\/\/api.w.org\/{rel}","templated":true}]}}