{"id":170395,"date":"2023-09-25T20:30:00","date_gmt":"2023-09-25T23:30:00","guid":{"rendered":"https:\/\/sme.goiania.go.gov.br\/conexaoescola\/?post_type=ensino_fundamental&#038;p=170395"},"modified":"2024-01-15T20:53:32","modified_gmt":"2024-01-15T23:53:32","slug":"matematica-graficos-de-colunas","status":"publish","type":"ensino_fundamental","link":"https:\/\/sme.goiania.go.gov.br\/conexaoescola\/ensino_fundamental\/matematica-graficos-de-colunas\/","title":{"rendered":"Matem\u00e1tica &#8211; Gr\u00e1ficos de colunas"},"content":{"rendered":"\n<p class=\"has-text-align-center has-background has-medium-font-size\" style=\"background-color:#f7a673\">E<strong>sta atividade tem como base as Sequ\u00eancias Did\u00e1ticas propostas pelo Programa Minha Escola \u00e9 Nota 10 (MEN 10) &#8211; Goi\u00e2nia, com base no DC-GO Ampliado e est\u00e1 destinada a estudantes do 5\u00ba ano do Ensino Fundamental.<\/strong> <\/p>\n\n\n\n<p class=\"has-background has-medium-font-size\" style=\"background-color:#f7a673\">D28 &#8211; Ler informa\u00e7\u00f5es e dados apresentados em gr\u00e1ficos (particularmente em gr\u00e1ficos de colunas).<\/p>\n\n\n\n<div class=\"wp-block-buttons is-content-justification-center is-layout-flex wp-container-core-buttons-is-layout-16018d1d wp-block-buttons-is-layout-flex\">\n<div class=\"wp-block-button has-custom-font-size has-medium-font-size\"><a class=\"wp-block-button__link wp-element-button\" href=\"https:\/\/drive.google.com\/uc?export=download&amp;id=1k01OgbxRQDWefgzaJzarCtV1Ff3pIIbF\" target=\"_blank\" rel=\"noreferrer noopener\">BAIXE A ATIVIDADE<\/a><\/div>\n\n\n\n<div class=\"wp-block-button has-custom-font-size has-medium-font-size\"><a class=\"wp-block-button__link wp-element-button\" href=\"https:\/\/drive.google.com\/uc?export=download&amp;id=10rtUs_BmLSrn_lmciH1XXI0dSBH-kz9Q\" target=\"_blank\" rel=\"noreferrer noopener\">BAIXE OS SLIDES <\/a><\/div>\n\n\n\n<div class=\"wp-block-button has-custom-font-size has-medium-font-size\"><a class=\"wp-block-button__link wp-element-button\" href=\"https:\/\/drive.google.com\/uc?export=download&amp;id=10w21N_SRg8nTDeFS3-LbXBZDmvGT-zLa\" target=\"_blank\" rel=\"noreferrer noopener\">BAIXE O TEXTO <\/a><\/div>\n<\/div>\n\n\n\n<hr class=\"wp-block-separator has-alpha-channel-opacity\"\/>\n\n\n\n<p class=\"has-text-align-center has-medium-font-size\"><strong>Gr\u00e1ficos de colunas<\/strong><\/p>\n\n\n<div class=\"wp-block-image\">\n<figure class=\"aligncenter size-full\"><img fetchpriority=\"high\" decoding=\"async\" width=\"409\" height=\"292\" src=\"https:\/\/sme.goiania.go.gov.br\/conexaoescola\/wp-content\/uploads\/2023\/09\/image-104.png\" alt=\"\" class=\"wp-image-170401\" srcset=\"https:\/\/sme.goiania.go.gov.br\/conexaoescola\/wp-content\/uploads\/2023\/09\/image-104.png 409w, https:\/\/sme.goiania.go.gov.br\/conexaoescola\/wp-content\/uploads\/2023\/09\/image-104-300x214.png 300w\" sizes=\"(max-width: 409px) 100vw, 409px\" \/><figcaption class=\"wp-element-caption\">Criado no Canva<\/figcaption><\/figure><\/div>\n\n\n<p class=\"has-medium-font-size\"><strong>O que s\u00e3o gr\u00e1ficos?&nbsp;<\/strong><\/p>\n\n\n\n<p class=\"has-medium-font-size\">S\u00e3o uma maneira de representar dados e informa\u00e7\u00f5es de uma forma visual e f\u00e1cil de compreender. Vamos descobrir juntos como eles funcionam!<\/p>\n\n\n\n<p class=\"has-medium-font-size\"><strong>O que s\u00e3o <\/strong><strong><em>Gr\u00e1ficos de Colunas<\/em><\/strong><strong>?<\/strong><\/p>\n\n\n\n<p class=\"has-medium-font-size\">S\u00e3o uma maneira de representar informa\u00e7\u00f5es usando barras verticais. Cada barra representa uma categoria ou conjunto de dados e a altura da barra mostra a quantidade ou o valor associado a ela. Eles s\u00e3o muito \u00fateis quando queremos comparar diferentes conjuntos de dados ou observar tend\u00eancias ao longo do tempo.<\/p>\n\n\n\n<p class=\"has-medium-font-size\"><strong>Elementos de um Gr\u00e1fico de Colunas:<\/strong><\/p>\n\n\n\n<p class=\"has-medium-font-size\"><em>Eixo Horizontal<\/em>: Representa as categorias ou os dados que estamos comparando. Por exemplo, se estivermos falando sobre tipos de frutas, as ma\u00e7\u00e3s, bananas e laranjas poderiam ser colocadas ao longo do eixo horizontal.<\/p>\n\n\n\n<p class=\"has-medium-font-size\"><em>Eixo Vertical<\/em>: Indica os valores associados a cada categoria. Por exemplo, se estivermos medindo a quantidade de frutas, o eixo vertical indica os n\u00fameros correspondentes.<\/p>\n\n\n\n<p class=\"has-medium-font-size\"><em>Colunas<\/em>: S\u00e3o as barras verticais que representam os dados. A altura da coluna mostra o valor associado \u00e0 categoria.<\/p>\n\n\n<div class=\"wp-block-image\">\n<figure class=\"aligncenter is-resized\"><img decoding=\"async\" src=\"https:\/\/lh3.googleusercontent.com\/s26jROGdhzxmLBl-8hEWujUeyAcZpzt80oy57IaD-pCq9KCLKzE-ZXh-8MU9kSZzn7Ent-iJCRRH720Qw1Hpbli06XxQsVwA3bAVlsZ_UZ5WpOvo7tLHfTFZZ6brl-_tULC9XgfC5NT9\" alt=\"\" width=\"600\" height=\"371\" title=\"Points scored\"\/><\/figure><\/div>\n\n\n<p class=\"has-medium-font-size\"><strong>Como ler um Gr\u00e1fico de Colunas:<\/strong><\/p>\n\n\n\n<p class=\"has-medium-font-size\"><em>Identifique as categorias<\/em>: No eixo horizontal, encontre as diferentes categorias ou conjuntos de dados que est\u00e3o sendo comparados.<\/p>\n\n\n\n<p class=\"has-medium-font-size\"><em>Observe as alturas das colunas<\/em>: A altura de cada coluna representa a quantidade ou valor associado \u00e0 categoria correspondente.<\/p>\n\n\n\n<p class=\"has-medium-font-size\"><em>Interprete a legenda (se houver)<\/em>: Algumas vezes, os gr\u00e1ficos v\u00eam com uma legenda que explica o que cada cor representa.<\/p>\n\n\n\n<p class=\"has-medium-font-size\">Exemplo Pr\u00e1tico:<\/p>\n\n\n\n<p class=\"has-medium-font-size\">Vamos imaginar um gr\u00e1fico que mostra a quantidade de livros lidos por quatro alunos em um m\u00eas:<\/p>\n\n\n\n<p class=\"has-medium-font-size\">Ana: 7 livros<\/p>\n\n\n\n<p class=\"has-medium-font-size\">Jo\u00e3o: 5 livros<\/p>\n\n\n\n<p class=\"has-medium-font-size\">Pedro: 8 livros<\/p>\n\n\n\n<p class=\"has-medium-font-size\">Sofia: 6 livros<\/p>\n\n\n\n<p class=\"has-medium-font-size\">Quando desenhamos as barras correspondentes para representar esses n\u00fameros podemos ver claramente quem leu mais livros!<\/p>\n\n\n<div class=\"wp-block-image\">\n<figure class=\"aligncenter is-resized\"><img decoding=\"async\" src=\"https:\/\/lh6.googleusercontent.com\/2DOM7cBmXDU2PaCLsv0PEU-EBvmVdZTC7AAYhoE4qH9TiQOpjkdLlgsCsYNFTtMJzSQBC02aL1iMXxJcd1cb-pjyGOk0L5PnKGgdiZd-IYCdmBkmLGCk38ffPCahX7rAthw_dlFcchT0\" alt=\"\" width=\"600\" height=\"371\" title=\"Points scored\"\/><\/figure><\/div>\n\n\n<p class=\"has-medium-font-size\">Os gr\u00e1ficos de colunas s\u00e3o uma ferramenta incr\u00edvel para visualizar e entender informa\u00e7\u00f5es de forma r\u00e1pida e eficaz. Eles nos ajudam a fazer compara\u00e7\u00f5es e identificar tend\u00eancias de maneira muito mais simples. <\/p>\n\n\n\n<hr class=\"wp-block-separator has-css-opacity\"\/>\n\n\n\n<p class=\"has-text-align-center has-background has-medium-font-size\" style=\"background-color:#f7a673\"><strong>Assista a videoaula  a seguir:<\/strong><\/p>\n\n\n\n<figure class=\"wp-block-embed is-type-video is-provider-youtube wp-block-embed-youtube wp-embed-aspect-16-9 wp-has-aspect-ratio\"><div class=\"wp-block-embed__wrapper\">\n<p class=\"responsive-video-wrap clr\"><iframe title=\"Videoaula 2 - Matem\u00e1tica - D28 Ler informa\u00e7\u00f5es e dados apresentados em gr\u00e1ficos particularmente em..\" width=\"1200\" height=\"675\" src=\"https:\/\/www.youtube.com\/embed\/OZ0uBqzR_zo?feature=oembed\" frameborder=\"0\" allow=\"accelerometer; autoplay; clipboard-write; encrypted-media; gyroscope; picture-in-picture; web-share\" allowfullscreen><\/iframe><\/p>\n<\/div><figcaption class=\"wp-element-caption\">Dispon\u00edvel em : Youtube, Canal: Portal Conex\u00e3o Escola &#8211;  Videoaula 2 &#8211; Matem\u00e1tica &#8211; D28 Ler informa\u00e7\u00f5es e dados apresentados em gr\u00e1ficos <\/figcaption><\/figure>\n\n\n\n<p class=\"has-pale-ocean-gradient-background has-background has-medium-font-size\"><strong>Quest\u00e3o 1 <\/strong><\/p>\n\n\n\n<p class=\"has-medium-font-size\">Considere o gr\u00e1fico de colunas abaixo, que representa o n\u00famero de alunos em uma escola.<\/p>\n\n\n<div class=\"wp-block-image\">\n<figure class=\"aligncenter is-resized\"><img loading=\"lazy\" decoding=\"async\" src=\"https:\/\/lh3.googleusercontent.com\/ld28t1pmT6qH-Vc4_tT6E59O3f1Ka8iVUXTjPf0xVtsc4zDcfOONqw--09CewKkTZSplEzmL-j39eBU9-3sqZuzlzG16Lb29vnK4BdOGhBKi1Y8lOAS4uu_jTH8VTcHoivOWFGwFj_hr\" alt=\"\" width=\"600\" height=\"371\" title=\"Points scored\"\/><\/figure><\/div>\n\n\n<p class=\"has-medium-font-size\">Assinale a alternativa correta sobre a quantidade de alunos do 4\u00ba Ano:<\/p>\n\n\n\n<p class=\"has-medium-font-size\">a) Maior que 60<\/p>\n\n\n\n<p class=\"has-medium-font-size\">b) Igual a 60<\/p>\n\n\n\n<p class=\"has-white-background-color has-background has-medium-font-size\">c) Menor que 60<\/p>\n\n\n\n<p class=\"has-medium-font-size\">d) Igual a 50<\/p>\n\n\n\n<p class=\"has-pale-ocean-gradient-background has-background has-medium-font-size\"><strong>Quest\u00e3o 2<\/strong><\/p>\n\n\n\n<p class=\"has-medium-font-size\">Observe o gr\u00e1fico de colunas que mostra a quantidade de brinquedos que quatro crian\u00e7as t\u00eam.<\/p>\n\n\n<div class=\"wp-block-image\">\n<figure class=\"aligncenter is-resized\"><img loading=\"lazy\" decoding=\"async\" src=\"https:\/\/lh6.googleusercontent.com\/VTGwItbzlSaXfxbK7EhGe62ECLL_T2dwBAdtbm1DIyZMHs35f9oHQC4EvmRc3nTtHCDJ-kpxZ70FmC-L4xrgkFNpOF5pFr7JWi2tLBTrM_jg204L-oEa2c0ITxDwM5-Fmx6hsPCT1mcD\" alt=\"\" width=\"600\" height=\"371\" title=\"Points scored\"\/><\/figure><\/div>\n\n\n<p class=\"has-medium-font-size\">Marque a alternativa que cont\u00e9m o nome da crian\u00e7a que possui a menor quantidade de brinquedos:<\/p>\n\n\n\n<p class=\"has-medium-font-size\">a) Mateus<\/p>\n\n\n\n<p class=\"has-medium-font-size\">b) Elo\u00e1<\/p>\n\n\n\n<p class=\"has-medium-font-size\">c) Ariane<\/p>\n\n\n\n<p class=\"has-medium-font-size\">d) Miguel<\/p>\n\n\n\n<p class=\"has-pale-ocean-gradient-background has-background has-medium-font-size\"><strong>Quest\u00e3o 3<\/strong><\/p>\n\n\n\n<p class=\"has-medium-font-size\">Imagine que voc\u00ea est\u00e1 organizando um evento na escola e quer escolher o dia da semana mais conveniente para a maioria dos alunos. Para isso, voc\u00ea decide fazer uma pesquisa e representar os resultados em um gr\u00e1fico de colunas.<\/p>\n\n\n\n<p class=\"has-medium-font-size\">Explique como voc\u00ea organizaria a pesquisa, quais informa\u00e7\u00f5es coletaria e como usaria o gr\u00e1fico de colunas para tomar a decis\u00e3o sobre o melhor dia para o evento. D\u00ea um exemplo hipot\u00e9tico de como esse gr\u00e1fico poderia parecer.<\/p>\n\n\n\n<p class=\"has-pale-ocean-gradient-background has-background has-medium-font-size\"><strong>Quest\u00e3o 4<\/strong><\/p>\n\n\n\n<p class=\"has-medium-font-size\">Suponha que voc\u00ea \u00e9 o representante da turma e precisa decidir qual atividade os alunos preferem para a pr\u00f3xima festa da escola: um piquenique no parque ou uma tarde de jogos na escola.<\/p>\n\n\n\n<ul class=\"wp-block-list\">\n<li class=\"has-medium-font-size\">Descreva como voc\u00ea organizaria uma pesquisa para coletar as prefer\u00eancias dos alunos.<\/li>\n\n\n\n<li class=\"has-medium-font-size\">Ap\u00f3s coletar os dados, como voc\u00ea representaria as escolhas dos alunos em um gr\u00e1fico de colunas? D\u00ea um exemplo de como esse gr\u00e1fico seria estruturado.<\/li>\n<\/ul>\n\n\n\n<hr class=\"wp-block-separator has-css-opacity\"\/>\n\n\n\n<figure class=\"wp-block-table alignwide is-style-stripes\"><table><tbody><tr><td><strong>Autoria:<\/strong><\/td><td>Lucyana Oliveira Borba<\/td><\/tr><tr><td><strong>Forma\u00e7\u00e3o:<\/strong><\/td><td>Pedagogia<\/td><\/tr><tr><td><strong>Componente Curricular:<\/strong><\/td><td>Matem\u00e1tica<\/td><\/tr><tr><td><strong>Descritor<\/strong><\/td><td>D28 &#8211; Ler informa\u00e7\u00f5es e dados apresentados em gr\u00e1ficos (particularmente em gr\u00e1ficos de colunas).<\/td><\/tr><tr><td><strong>Habilidades<\/strong><\/td><td>(EF05MA25) Realizar pesquisa envolvendo vari\u00e1veis categ\u00f3ricas e num\u00e9ricas, organizar dados coletados por meio de tabelas, gr\u00e1ficos de colunas, pict\u00f3ricos e de linhas, com e em uso de tecnologias digitais, e apresentar texto escrito sobre a finalidade da pesquisa e a s\u00edntese dos resultados. (EF05MA24) Interpretar dados estat\u00edsticos apresentados em textos, tabelas e gr\u00e1ficos (colunas ou linhas), referentes a outras \u00e1reas do conhecimento ou a outros contextos, como sa\u00fade e tr\u00e2nsito, e produzir textos com o objetivo de sintetizar conclus\u00f5es.<\/td><\/tr><tr><td><strong>Refer\u00eancias:<\/strong><\/td><td>BRASIL. Minist\u00e9rio da Educa\u00e7\u00e3o. Base Nacional Comum Curricular. Bras\u00edlia, 2018.<br>CADERNO APRENDER SEMPRE &#8211; 3\u00ba Bimestre 2023- 5\u00baAno\/ Ensino Fundamental\/ L\u00edngua Portuguesa e Matem\u00e1tica\/ Prefeitura de Goi\u00e2nia- Secretaria Municipal de Educa\u00e7\u00e3o.<br>Documento Curricular para Goi\u00e1s (DC-GO). Goi\u00e2nia\/GO: CONSED\/ UNDIME Goi\u00e1s, 2018.&nbsp;Dispon\u00edvel em: &lt;<a href=\"https:\/\/cutt.ly\/MOsX7AS\">https:\/\/cutt.ly\/MOsX7AS<\/a>&gt; acessado em 26, jan. 22.<\/td><\/tr><\/tbody><\/table><\/figure>\n","protected":false},"author":46,"featured_media":170401,"template":"","ef_categoria":[13,19],"ef_ano":[88],"ef_componente":[94],"class_list":["post-170395","ensino_fundamental","type-ensino_fundamental","status-publish","has-post-thumbnail","hentry","ef_categoria-ciclo-da-infancia-abc","ef_categoria-educacao-financeira-e-empreendedorismo","ef_ano-5o-ano","ef_componente-matematica","entry","has-media"],"acf":[],"_links":{"self":[{"href":"https:\/\/sme.goiania.go.gov.br\/conexaoescola\/wp-json\/wp\/v2\/ensino_fundamental\/170395","targetHints":{"allow":["GET"]}}],"collection":[{"href":"https:\/\/sme.goiania.go.gov.br\/conexaoescola\/wp-json\/wp\/v2\/ensino_fundamental"}],"about":[{"href":"https:\/\/sme.goiania.go.gov.br\/conexaoescola\/wp-json\/wp\/v2\/types\/ensino_fundamental"}],"author":[{"embeddable":true,"href":"https:\/\/sme.goiania.go.gov.br\/conexaoescola\/wp-json\/wp\/v2\/users\/46"}],"version-history":[{"count":5,"href":"https:\/\/sme.goiania.go.gov.br\/conexaoescola\/wp-json\/wp\/v2\/ensino_fundamental\/170395\/revisions"}],"predecessor-version":[{"id":175677,"href":"https:\/\/sme.goiania.go.gov.br\/conexaoescola\/wp-json\/wp\/v2\/ensino_fundamental\/170395\/revisions\/175677"}],"wp:featuredmedia":[{"embeddable":true,"href":"https:\/\/sme.goiania.go.gov.br\/conexaoescola\/wp-json\/wp\/v2\/media\/170401"}],"wp:attachment":[{"href":"https:\/\/sme.goiania.go.gov.br\/conexaoescola\/wp-json\/wp\/v2\/media?parent=170395"}],"wp:term":[{"taxonomy":"ef_categoria","embeddable":true,"href":"https:\/\/sme.goiania.go.gov.br\/conexaoescola\/wp-json\/wp\/v2\/ef_categoria?post=170395"},{"taxonomy":"ef_ano","embeddable":true,"href":"https:\/\/sme.goiania.go.gov.br\/conexaoescola\/wp-json\/wp\/v2\/ef_ano?post=170395"},{"taxonomy":"ef_componente","embeddable":true,"href":"https:\/\/sme.goiania.go.gov.br\/conexaoescola\/wp-json\/wp\/v2\/ef_componente?post=170395"}],"curies":[{"name":"wp","href":"https:\/\/api.w.org\/{rel}","templated":true}]}}