{"id":166608,"date":"2023-04-07T14:00:24","date_gmt":"2023-04-07T17:00:24","guid":{"rendered":"https:\/\/sme.goiania.go.gov.br\/conexaoescola\/?post_type=ensino_fundamental&#038;p=166608"},"modified":"2024-03-19T14:50:20","modified_gmt":"2024-03-19T17:50:20","slug":"matematica-numeros-primos-e-compostos","status":"publish","type":"ensino_fundamental","link":"https:\/\/sme.goiania.go.gov.br\/conexaoescola\/ensino_fundamental\/matematica-numeros-primos-e-compostos\/","title":{"rendered":"Matem\u00e1tica &#8211; N\u00fameros primos e compostos"},"content":{"rendered":"\n<p class=\"has-black-color has-text-color has-background has-medium-font-size\" style=\"background-color:#7bdbb580\">Esta proposta de atividade de&nbsp;<strong>Matem\u00e1tica<\/strong>&nbsp;com base no DC\/GO \u2013 Ampliado e&nbsp;\u00e9 destinada aos estudantes do&nbsp;7<strong>\u00ba Ano do Ensino Fundamental<\/strong> &#8211;&nbsp;<strong>Anos Finais<\/strong>.<\/p>\n\n\n\n<div class=\"wp-block-buttons is-content-justification-center is-layout-flex wp-container-core-buttons-is-layout-51f7783f wp-block-buttons-is-layout-flex\">\n<div class=\"wp-block-button has-custom-font-size has-medium-font-size\"><a class=\"wp-block-button__link wp-element-button\" href=\"https:\/\/drive.google.com\/uc?export=download&amp;id=1mU7BuLt5aStfd_UHHTV2kgoSu077X89T\" target=\"_blank\" rel=\"noreferrer noopener\">BAIXE A ATIVIDADE<\/a><\/div>\n\n\n\n<div class=\"wp-block-button has-custom-font-size has-medium-font-size\"><a class=\"wp-block-button__link wp-element-button\" href=\"https:\/\/drive.google.com\/uc?export=download&amp;id=1rwu9jPyasVFNTLWXZRDxLCWzUHn-smv8\" target=\"_blank\" rel=\"noreferrer noopener\">BAIXE OS  SLIDES<\/a><\/div>\n\n\n\n<div class=\"wp-block-button has-custom-font-size has-medium-font-size\"><a class=\"wp-block-button__link wp-element-button\" href=\"https:\/\/drive.google.com\/uc?export=download&amp;id=1H3OsnXcDv51nOck0SyW-zkengEZO7gtK\" target=\"_blank\" rel=\"noreferrer noopener\">BAIXE O TEXTO<\/a><\/div>\n<\/div>\n\n\n\n<hr class=\"wp-block-separator has-alpha-channel-opacity\"\/>\n\n\n\n<figure class=\"wp-block-image size-large is-style-default\"><img fetchpriority=\"high\" decoding=\"async\" width=\"1024\" height=\"713\" src=\"https:\/\/sme.goiania.go.gov.br\/conexaoescola\/wp-content\/uploads\/2023\/08\/image-3-1024x713.png\" alt=\"\" class=\"wp-image-166611\" srcset=\"https:\/\/sme.goiania.go.gov.br\/conexaoescola\/wp-content\/uploads\/2023\/08\/image-3-1024x713.png 1024w, https:\/\/sme.goiania.go.gov.br\/conexaoescola\/wp-content\/uploads\/2023\/08\/image-3-300x209.png 300w, https:\/\/sme.goiania.go.gov.br\/conexaoescola\/wp-content\/uploads\/2023\/08\/image-3-768x535.png 768w, https:\/\/sme.goiania.go.gov.br\/conexaoescola\/wp-content\/uploads\/2023\/08\/image-3.png 1280w\" sizes=\"(max-width: 1024px) 100vw, 1024px\" \/><\/figure>\n\n\n\n<p class=\"has-text-align-center has-small-font-size\">Dispon\u00edvel em: &lt;https:\/\/pixabay.com\/pt\/illustrations\/n%C3%BAmeros-primos-pagar-d%C3%ADgitos-n%C3%BAmero-5319713\/&gt; \u00faltimo acesso em 30 de maio de 2023.<\/p>\n\n\n\n<div class=\"wp-block-group\"><div class=\"wp-block-group__inner-container is-layout-constrained wp-block-group-is-layout-constrained\">\n<div class=\"wp-block-group has-medium-font-size\"><div class=\"wp-block-group__inner-container is-layout-constrained wp-block-group-is-layout-constrained\">\n<p class=\"has-text-align-left has-black-color has-text-color has-medium-font-size\">A classifica\u00e7\u00e3o dos n\u00fameros naturais em primos e compostos \u00e9 um conceito fundamental da teoria dos n\u00fameros, que desempenha um papel crucial na matem\u00e1tica e em diversas aplica\u00e7\u00f5es pr\u00e1ticas. Neste texto, exploraremos os conceitos e m\u00e9todos para distinguir entre n\u00fameros primos e compostos, bem como as propriedades que tornam esses n\u00fameros \u00fanicos e interessantes. <\/p>\n\n\n\n<p class=\"has-text-align-left has-black-color has-text-color has-medium-font-size\"><strong>N\u00fameros Naturais: Defini\u00e7\u00e3o e Propriedades B\u00e1sicas<\/strong><\/p>\n\n\n\n<p class=\"has-text-align-left has-black-color has-text-color has-medium-font-size\">Os n\u00fameros naturais s\u00e3o um conjunto infinito de inteiros n\u00e3o negativos, come\u00e7ando por 0, seguidos por 1, 2, 3 e assim por diante. S\u00e3o representados por N = {0, 1, 2, 3, 4, 5, &#8230;}.<\/p>\n\n\n\n<p class=\"has-text-align-left has-black-color has-text-color has-medium-font-size\">Uma das caracter\u00edsticas distintivas dos n\u00fameros naturais \u00e9 a sua decomposi\u00e7\u00e3o \u00fanica em fatores primos. Esse princ\u00edpio fundamental \u00e9 conhecido como o Teorema Fundamental da Aritm\u00e9tica.<\/p>\n\n\n\n<p class=\"has-text-align-left has-black-color has-text-color has-medium-font-size\"><strong>N\u00fameros Primos<\/strong><\/p>\n\n\n\n<p class=\"has-text-align-left has-black-color has-text-color has-medium-font-size\">Um n\u00famero natural \u00e9 classificado como primo se ele possuir apenas dois divisores positivos: o pr\u00f3prio n\u00famero e 1. Em outras palavras, um n\u00famero primo \u00e9 aquele que n\u00e3o pode ser expresso como o produto de dois n\u00fameros naturais distintos.<\/p>\n\n\n\n<p class=\"has-text-align-left has-black-color has-text-color has-medium-font-size\">Por exemplo:<\/p>\n\n\n\n<ul class=\"wp-block-list\">\n<li class=\"has-medium-font-size\">2 \u00e9 um n\u00famero primo, pois seus \u00fanicos divisores s\u00e3o 1 e 2.<\/li>\n\n\n\n<li class=\"has-medium-font-size\">3 \u00e9 um n\u00famero primo, pois seus \u00fanicos divisores s\u00e3o 1 e 3.<\/li>\n\n\n\n<li class=\"has-medium-font-size\">7 \u00e9 um n\u00famero primo, pois seus \u00fanicos divisores s\u00e3o 1 e 7.<\/li>\n<\/ul>\n\n\n\n<p class=\"has-black-color has-text-color has-medium-font-size\"><strong>N\u00fameros Compostos<\/strong><\/p>\n\n\n\n<p class=\"has-black-color has-text-color has-medium-font-size\">Os n\u00fameros naturais que n\u00e3o s\u00e3o primos s\u00e3o denominados n\u00fameros compostos. Um n\u00famero composto \u00e9 aquele que possui mais de dois divisores positivos, ou seja, pode ser expresso como o produto de dois ou mais n\u00fameros naturais diferentes.<\/p>\n\n\n\n<p class=\"has-black-color has-text-color has-medium-font-size\">Por exemplo:<\/p>\n\n\n\n<ul class=\"wp-block-list\">\n<li class=\"has-medium-font-size\">4 \u00e9 um n\u00famero composto, pois pode ser expresso como: 1 x 4; 2 x 2 ou 4 x 1.<\/li>\n\n\n\n<li class=\"has-medium-font-size\">6 \u00e9 um n\u00famero composto, pois pode ser expresso como 1 x 6; 2 x 3; 3&#215;2 ou 6 x 1.<\/li>\n\n\n\n<li class=\"has-medium-font-size\">9 \u00e9 um n\u00famero composto, pois pode ser expresso como 1 x 9; 3 x 3 ou 9 x 1.<\/li>\n<\/ul>\n\n\n\n<p class=\"has-black-color has-text-color has-medium-font-size\"><strong>Import\u00e2ncia dos N\u00fameros Primos<\/strong><\/p>\n\n\n\n<p class=\"has-black-color has-text-color has-medium-font-size\">Os n\u00fameros primos t\u00eam uma relev\u00e2ncia crucial em criptografia e seguran\u00e7a da informa\u00e7\u00e3o. Muitos algoritmos de criptografia modernos baseiam-se na dificuldade de fatorar grandes n\u00fameros em seus fatores primos, o que torna esses sistemas extremamente seguros.<\/p>\n\n\n\n<p class=\"has-black-color has-text-color has-medium-font-size\">Al\u00e9m disso, a pesquisa de n\u00fameros primos continua a ser uma \u00e1rea ativa de investiga\u00e7\u00e3o matem\u00e1tica. O maior n\u00famero primo conhecido at\u00e9 o momento tem milh\u00f5es de d\u00edgitos e sua descoberta envolveu poder computacional substancial.<\/p>\n\n\n\n<p class=\"has-black-color has-text-color has-medium-font-size\">Podemos concluir ent\u00e3o que, a classifica\u00e7\u00e3o de n\u00fameros naturais em primos e compostos \u00e9 uma base essencial da teoria dos n\u00fameros. Os n\u00fameros primos desempenham um papel vital na matem\u00e1tica aplicada e t\u00eam aplica\u00e7\u00f5es significativas em criptografia. A busca por n\u00fameros primos cada vez maiores continua a ser um desafio intelectual e tecnol\u00f3gico interessante. Entender as propriedades dos n\u00fameros primos e compostos contribui para uma compreens\u00e3o mais profunda dos fundamentos da matem\u00e1tica e suas aplica\u00e7\u00f5es em diversos campos do conhecimento.<\/p>\n<\/div><\/div>\n\n\n\n<p class=\"has-black-color has-text-color has-medium-font-size\">Agora que voc\u00ea entendeu os n\u00fameros primos, que tal fazer uma atividade para testar seus conhecimentos?<\/p>\n<\/div><\/div>\n\n\n\n<hr class=\"wp-block-separator has-alpha-channel-opacity\"\/>\n\n\n\n<p class=\"has-black-color has-pale-ocean-gradient-background has-text-color has-background has-medium-font-size\"><strong>QUEST\u00c3O 1<\/strong><\/p>\n\n\n\n<p class=\"has-black-color has-text-color has-medium-font-size\">Em uma competi\u00e7\u00e3o de nata\u00e7\u00e3o, um nadador completou 25 voltas na piscina durante o treino. Sabendo que ele n\u00e3o fez menos de uma volta completa, ent\u00e3o o menor n\u00famero primo que representa o n\u00famero de voltas que o nadador fez \u00e9<\/p>\n\n\n\n<p class=\"has-black-color has-text-color has-medium-font-size\">(A) 5<\/p>\n\n\n\n<p class=\"has-black-color has-text-color has-medium-font-size\">(B) 7<\/p>\n\n\n\n<p class=\"has-black-color has-text-color has-medium-font-size\">(C) 11<\/p>\n\n\n\n<p class=\"has-black-color has-text-color has-medium-font-size\">(D) 13<\/p>\n\n\n\n<div class=\"wp-block-group has-medium-font-size\"><div class=\"wp-block-group__inner-container is-layout-constrained wp-block-group-is-layout-constrained\">\n<p class=\"has-black-color has-pale-ocean-gradient-background has-text-color has-background has-medium-font-size\"><strong>QUEST\u00c3O 2<\/strong><\/p>\n<\/div><\/div>\n\n\n\n<p class=\"has-black-color has-text-color has-medium-font-size\">Em uma escola, os alunos foram divididos em equipes para uma competi\u00e7\u00e3o de matem\u00e1tica. Cada equipe deveria ter o mesmo n\u00famero de alunos e n\u00e3o sobrar nenhum aluno de fora. Sabendo que h\u00e1 27 alunos na escola, o maior n\u00famero de equipes que pode ser formado \u00e9<\/p>\n\n\n\n<p class=\"has-black-color has-text-color has-medium-font-size\">(A) 3<\/p>\n\n\n\n<p class=\"has-black-color has-text-color has-medium-font-size\">(B) 6<\/p>\n\n\n\n<p class=\"has-black-color has-text-color has-medium-font-size\">(C) 9<\/p>\n\n\n\n<p class=\"has-black-color has-text-color has-medium-font-size\">(D) 12<\/p>\n\n\n\n<p class=\"has-black-color has-pale-ocean-gradient-background has-text-color has-background has-medium-font-size\"><strong>QUEST\u00c3O 3<\/strong><\/p>\n\n\n\n<p class=\"has-black-color has-text-color has-medium-font-size\">Em um campeonato de tiro ao alvo, um competidor obteve 13 acertos em 15 tiros. Qual \u00e9 o maior n\u00famero primo que representa o n\u00famero de acertos que o competidor obteve?<\/p>\n\n\n\n<p class=\"has-black-color has-pale-ocean-gradient-background has-text-color has-background has-medium-font-size\"><strong>QUEST\u00c3O 4<\/strong><\/p>\n\n\n\n<p class=\"has-black-color has-text-color has-medium-font-size\">Um grupo de estudantes est\u00e1 trabalhando em um projeto de pesquisa sobre sustentabilidade e matem\u00e1tica. Eles descobriram que a an\u00e1lise de n\u00fameros primos pode ter aplica\u00e7\u00f5es interessantes em teorias matem\u00e1ticas relacionadas \u00e0 conserva\u00e7\u00e3o de recursos naturais. Para enriquecer seu projeto de pesquisa sobre sustentabilidade, os estudantes decidiram investigar os n\u00fameros primos entre 20 e 40. Quais s\u00e3o eles?<\/p>\n\n\n\n<p class=\"has-text-align-center\"><\/p>\n\n\n\n<figure class=\"wp-block-table\"><table class=\"has-black-color has-text-color\"><tbody><tr><td><strong>Autoria:<\/strong><\/td><td>Priscilla Nascimento Dias, licenciada em matem\u00e1tica e pedagoga.<\/td><\/tr><tr><td><strong>Componente Curricular:<\/strong><\/td><td>Matem\u00e1tica<\/td><\/tr><tr><td><strong>Habilidades:<\/strong><\/td><td> (EF06MA05-D) Classificar n\u00fameros naturais em primos e compostos.<\/td><\/tr><tr><td><strong>Refer\u00eancias<\/strong><\/td><td>GOI\u00c2NIA. Secretaria Municipal de Educa\u00e7\u00e3o. Aprender Sempre. 6\u00b0 ao 9\u00ba ano &#8211; Ensino Fundamental; Matem\u00e1tica; 1\u00b0 Bimestre; Goi\u00e2nia, 2023.&nbsp;<br>GOI\u00c1S. Documento Curricular para Goi\u00e1s \u2013 Ampliado. Volume II. Ensino Fundamental Anos Finais. CONSED; UNDIME, 2018. 433 p. Dispon\u00edvel em &lt;https:\/\/sme.goiania.go.gov.br\/site\/index.php\/institucional\/documentos-oficiais-2\/category\/27-documentos-gerais&amp;gt&gt;. Acesso em 23\/03\/2023.<\/td><\/tr><\/tbody><\/table><\/figure>\n\n\n\n<p><\/p>\n\n\n\n<p><\/p>\n\n\n\n<p class=\"has-black-color has-text-color has-medium-font-size\"><\/p>\n","protected":false},"author":60,"featured_media":166611,"template":"","ef_categoria":[15,29],"ef_ano":[89],"ef_componente":[94],"class_list":["post-166608","ensino_fundamental","type-ensino_fundamental","status-publish","has-post-thumbnail","hentry","ef_categoria-ciclo-da-adolescencia-fg","ef_categoria-educacao-financeira-e-empreendedorismo-ciclo-da-adolescencia-fg","ef_ano-6o-ano","ef_componente-matematica","entry","has-media"],"acf":[],"_links":{"self":[{"href":"https:\/\/sme.goiania.go.gov.br\/conexaoescola\/wp-json\/wp\/v2\/ensino_fundamental\/166608","targetHints":{"allow":["GET"]}}],"collection":[{"href":"https:\/\/sme.goiania.go.gov.br\/conexaoescola\/wp-json\/wp\/v2\/ensino_fundamental"}],"about":[{"href":"https:\/\/sme.goiania.go.gov.br\/conexaoescola\/wp-json\/wp\/v2\/types\/ensino_fundamental"}],"author":[{"embeddable":true,"href":"https:\/\/sme.goiania.go.gov.br\/conexaoescola\/wp-json\/wp\/v2\/users\/60"}],"version-history":[{"count":8,"href":"https:\/\/sme.goiania.go.gov.br\/conexaoescola\/wp-json\/wp\/v2\/ensino_fundamental\/166608\/revisions"}],"predecessor-version":[{"id":179264,"href":"https:\/\/sme.goiania.go.gov.br\/conexaoescola\/wp-json\/wp\/v2\/ensino_fundamental\/166608\/revisions\/179264"}],"wp:featuredmedia":[{"embeddable":true,"href":"https:\/\/sme.goiania.go.gov.br\/conexaoescola\/wp-json\/wp\/v2\/media\/166611"}],"wp:attachment":[{"href":"https:\/\/sme.goiania.go.gov.br\/conexaoescola\/wp-json\/wp\/v2\/media?parent=166608"}],"wp:term":[{"taxonomy":"ef_categoria","embeddable":true,"href":"https:\/\/sme.goiania.go.gov.br\/conexaoescola\/wp-json\/wp\/v2\/ef_categoria?post=166608"},{"taxonomy":"ef_ano","embeddable":true,"href":"https:\/\/sme.goiania.go.gov.br\/conexaoescola\/wp-json\/wp\/v2\/ef_ano?post=166608"},{"taxonomy":"ef_componente","embeddable":true,"href":"https:\/\/sme.goiania.go.gov.br\/conexaoescola\/wp-json\/wp\/v2\/ef_componente?post=166608"}],"curies":[{"name":"wp","href":"https:\/\/api.w.org\/{rel}","templated":true}]}}