{"id":166574,"date":"2023-08-05T09:56:33","date_gmt":"2023-08-05T12:56:33","guid":{"rendered":"https:\/\/sme.goiania.go.gov.br\/conexaoescola\/?post_type=ensino_fundamental&#038;p=166574"},"modified":"2023-08-24T11:02:12","modified_gmt":"2023-08-24T14:02:12","slug":"geo-bri","status":"publish","type":"ensino_fundamental","link":"https:\/\/sme.goiania.go.gov.br\/conexaoescola\/ensino_fundamental\/geo-bri\/","title":{"rendered":"Geografia &#8211; BRICS"},"content":{"rendered":"\n<p class=\"has-black-color has-luminous-vivid-amber-background-color has-text-color has-background has-medium-font-size\">Esta proposta de atividade de&nbsp;<strong>Geografia<\/strong>&nbsp;com base no DC\/GO \u2013 Ampliado e&nbsp;\u00e9 destinada aos estudantes do&nbsp;<strong>8\u00ba Ano do Ensino Fundamental<\/strong>&nbsp;<strong>Anos Finais<\/strong>.<\/p>\n\n\n\n<div class=\"wp-block-buttons is-content-justification-center is-layout-flex wp-container-core-buttons-is-layout-51f7783f wp-block-buttons-is-layout-flex\">\n<div class=\"wp-block-button has-custom-font-size has-medium-font-size\"><a class=\"wp-block-button__link has-black-background-color has-background wp-element-button\" href=\"https:\/\/drive.google.com\/uc?export=download&amp;id=1HhK2yoyjt6cZkTB4cW7kVaC1jpP9jjX7\" target=\"_blank\" rel=\"noreferrer noopener\">Baixe a atividade<\/a><\/div>\n\n\n\n<div class=\"wp-block-button has-custom-font-size has-medium-font-size\"><a class=\"wp-block-button__link has-black-background-color has-background wp-element-button\" href=\"https:\/\/drive.google.com\/uc?export=download&amp;id=1_yOU1lZ-iMSktDNSVbcPEfb9h9_ymKpj\" target=\"_blank\" rel=\"noreferrer noopener\">Baixe os slides<\/a><\/div>\n\n\n\n<div class=\"wp-block-button has-custom-font-size has-medium-font-size\"><a class=\"wp-block-button__link has-black-background-color has-background wp-element-button\" href=\"https:\/\/drive.google.com\/uc?export=download&amp;id=1ACORQ4-O0DHSst51qfUgl4ck6-j8H6vB\" target=\"_blank\" rel=\"noreferrer noopener\">Baixe o texto<\/a><\/div>\n<\/div>\n\n\n\n<hr class=\"wp-block-separator has-alpha-channel-opacity\"\/>\n\n\n<div class=\"wp-block-image is-style-default\">\n<figure class=\"aligncenter size-large\"><img fetchpriority=\"high\" decoding=\"async\" width=\"1024\" height=\"512\" src=\"https:\/\/sme.goiania.go.gov.br\/conexaoescola\/wp-content\/uploads\/2023\/08\/brics-g9747d676f_1280-e1691239806409-1024x512.png\" alt=\"\" class=\"wp-image-166575\" srcset=\"https:\/\/sme.goiania.go.gov.br\/conexaoescola\/wp-content\/uploads\/2023\/08\/brics-g9747d676f_1280-e1691239806409-1024x512.png 1024w, https:\/\/sme.goiania.go.gov.br\/conexaoescola\/wp-content\/uploads\/2023\/08\/brics-g9747d676f_1280-e1691239806409-300x150.png 300w, https:\/\/sme.goiania.go.gov.br\/conexaoescola\/wp-content\/uploads\/2023\/08\/brics-g9747d676f_1280-e1691239806409-768x384.png 768w, https:\/\/sme.goiania.go.gov.br\/conexaoescola\/wp-content\/uploads\/2023\/08\/brics-g9747d676f_1280-e1691239806409.png 1280w\" sizes=\"(max-width: 1024px) 100vw, 1024px\" \/><figcaption class=\"wp-element-caption\">BRICS. Dispon\u00edvel em:&lt;https:\/\/pixabay.com\/pt\/vectors\/brics-brasil-r%C3%BAssia-%C3%ADndia-china-1301745\/&gt;.  Acesso em: 05, ago. 2023<\/figcaption><\/figure><\/div>\n\n\n<p class=\"has-text-align-center has-white-color has-text-color has-background has-medium-font-size\" style=\"background-color:#06603f\"><strong>BRICS<\/strong><\/p>\n\n\n\n<p class=\"has-black-color has-text-color has-medium-font-size\">O economista brit\u00e2nico Jim O\u2019 Neill, economista- chefe do banco Goldman Sachs, em 2001, foi o primeiro a utilizar o termo BRICs para descrever as economias emergentes que apresentavam naquele per\u00edodo perspectiva de crescimento econ\u00f4mico e que se fortaleceram no cen\u00e1rio global.&nbsp;<\/p>\n\n\n\n<p class=\"has-black-color has-text-color has-medium-font-size\">Brasil, R\u00fassia, \u00cdndia, China e \u00c1frica do Sul, s\u00e3o os pa\u00edses que formam os BRICS, esse termo \u00e9 o acr\u00f4nimo das iniciais das na\u00e7\u00f5es que fazem parte desse grupo. Inicialmente utilizava- se o BRICs com \u201cs\u201d min\u00fasculo, quando se referia ao grupo no plural, e foi apenas a partir de 2011 com o ingresso da \u00c1frica do Sul que BRICS passou a ser escrito sempre com a letra \u201cS\u201d em mai\u00fasculo. Vale ressaltar, que o acr\u00f4nimo considera o nome dos pa\u00edses em ingl\u00eas e por isso para \u00c1frica do Sul a grafia \u00e9 <em>South Africa<\/em>.<\/p>\n\n\n\n<p class=\"has-black-color has-text-color has-medium-font-size\">Ainda que os pa\u00edses que formam os BRICS apresentam caracter\u00edsticas comuns como relev\u00e2ncia geopol\u00edtica, expressivo quantitativo populacional e aspectos econ\u00f4micos semelhantes, \u00e9 preciso considerar que cada um desses pa\u00edses tem hist\u00f3ria, quest\u00f5es culturais e sistemas pol\u00edticos diferentes, por\u00e9m enfrentam desafios semelhantes no processo de desenvolvimento.&nbsp;<\/p>\n\n\n\n<p class=\"has-black-color has-text-color has-medium-font-size\">O BRICS busca fortalecer sua posi\u00e7\u00e3o no cen\u00e1rio internacional, promover o com\u00e9rcio entre si, buscar parcerias estrat\u00e9gicas e impulsionar projetos de coopera\u00e7\u00e3o nas \u00e1reas de infraestrutura, tecnologia, educa\u00e7\u00e3o e sa\u00fade promovendo desenvolvimento sustent\u00e1vel.&nbsp;<\/p>\n\n\n\n<p class=\"has-black-color has-text-color has-medium-font-size\">Ainda que n\u00e3o seja um bloco econ\u00f4mico, o BRICS realiza anualmente c\u00fapulas e encontros ministeriais. Promovendo mecanismos de coopera\u00e7\u00e3o em v\u00e1rias \u00e1reas, o grupo estimula o desenvolvimento econ\u00f4mico e social em cada um dos pa\u00edses membros e possibilita amplia\u00e7\u00e3o das suas influ\u00eancias no contexto geopol\u00edtico.<\/p>\n\n\n\n<p class=\"has-black-color has-text-color has-medium-font-size\">O BRICS funciona como um mecanismo internacional de coopera\u00e7\u00e3o, em 2014 durante a sexta edi\u00e7\u00e3o da c\u00fapula do BRICS, sediada no Brasil, o grupo criou o Novo Banco de Desenvolvimento (NBD) com objetivo de apoiar financeiramente os projetos de infraestrutura e desenvolvimento sustent\u00e1vel nos pa\u00edses membros, em outras economias emergentes e pa\u00edses em desenvolvimento. O Banco foi criado por um aporte de US$ 10 bilh\u00f5es de cada um dos cinco pa\u00edses que formam o Brics, entrou em vigor em 2015 e tem sede em Xangai, na China.&nbsp;<\/p>\n\n\n\n<p class=\"has-black-color has-text-color has-medium-font-size\">O grupo dos BRICS tem sido importante nas discuss\u00f5es que dizem respeito \u00e0s mudan\u00e7as clim\u00e1ticas e a sustentabilidade, comprometendo- se com a\u00e7\u00f5es&nbsp; para reduzirem os efeitos do aquecimento global. No entanto, esse grupo tamb\u00e9m enfrenta desafios internos e externos, quest\u00f5es como desigualdade social, pobreza, corrup\u00e7\u00e3o e os interesses pr\u00f3prios em decorr\u00eancia da diversidade econ\u00f4mica de cada pa\u00eds que comp\u00f5em os BRICS.<\/p>\n\n\n\n<p class=\"has-black-color has-text-color has-medium-font-size\">A coopera\u00e7\u00e3o dentro do BRICS \u00e9 fundamental para superar os desafios e aproveitar as oportunidades de crescimento e desenvolvimento. \u00c9 preciso adotar di\u00e1logo aberto, respeitoso e pragm\u00e1tico, os pa\u00edses membros podem trabalhar juntos para encontrar solu\u00e7\u00f5es comuns, promover a estabilidade financeira global e avan\u00e7ar em dire\u00e7\u00e3o a um mundo mais multipolar, onde as vozes dos pa\u00edses emergentes s\u00e3o devidamente ouvidas e consideradas.<\/p>\n\n\n\n<p class=\"has-text-align-center has-white-color has-luminous-vivid-amber-background-color has-text-color has-background has-medium-font-size\"><strong>RESPONDA \u00c0S QUEST\u00d5ES<\/strong><\/p>\n\n\n\n<hr class=\"wp-block-separator has-alpha-channel-opacity\"\/>\n\n\n\n<p class=\"has-white-color has-text-color has-background has-medium-font-size\" style=\"background-color:#06603f\"><strong>QUEST\u00c3O 1<\/strong><\/p>\n\n\n\n<p class=\"has-black-color has-text-color has-medium-font-size\">O acr\u00f4nimo BRICS \u00e9 formado pelas iniciais dos pa\u00edses que formam esse grupo: Brasil, R\u00fassia, \u00cdndia, China e \u00c1frica do Sul. Ainda que realizem c\u00fapulas e reuni\u00f5es ministeriais anualmente, sabemos que os BRICS n\u00e3o s\u00e3o um bloco econ\u00f4mico. Descreva, por que o BRICS n\u00e3o \u00e9 um bloco econ\u00f4mico.<\/p>\n\n\n\n<p class=\"has-white-color has-text-color has-background has-medium-font-size\" style=\"background-color:#06603f\"><strong>QUEST\u00c3O 2<\/strong><\/p>\n\n\n\n<p class=\"has-black-color has-text-color has-medium-font-size\">Observe o mapa:<\/p>\n\n\n\n<figure class=\"wp-block-image\"><img decoding=\"async\" src=\"https:\/\/lh4.googleusercontent.com\/PEdiHwj-Zl_4vRyIO5-Gifh2mPqBIoQZ3kNbTYwUnWUQR6IQDEATYlvCxKaH8_yNqhePxJvkfnff4PzFbjuYKH9we-4sIR8iKQrM_kdV0HCUXhkcGsI68KOEiZjbqewT7L66iDgs3NIF\" alt=\"\"\/><figcaption class=\"wp-element-caption\">BRICS.<strong> Fonte: <\/strong>https:\/\/pt.m.wikipedia.org\/wiki\/Ficheiro:BRICS.svg<\/figcaption><\/figure>\n\n\n\n<p class=\"has-black-color has-text-color has-medium-font-size\">A imagem apresenta em destaque:<\/p>\n\n\n\n<p class=\"has-black-color has-text-color has-medium-font-size\">(A) Grupo de pa\u00edses desenvolvidos que formam os BRICS.&nbsp;<\/p>\n\n\n\n<p class=\"has-black-color has-text-color has-medium-font-size\">(B) Pa\u00edses que apresentam baixo crescimento econ\u00f4mico e dificuldades para estabelecer rela\u00e7\u00f5es diplom\u00e1ticas.&nbsp;<\/p>\n\n\n\n<p class=\"has-black-color has-text-color has-medium-font-size\">(C) Pa\u00edses emergentes que formam os BRICS.&nbsp;<\/p>\n\n\n\n<p class=\"has-black-color has-text-color has-medium-font-size\">(D) Grupo de pa\u00edses em desenvolvimento que formam a Alian\u00e7a do Pac\u00edfico.&nbsp;<\/p>\n\n\n\n<p class=\"has-white-color has-text-color has-background has-medium-font-size\" style=\"background-color:#06603f\"><strong>QUEST\u00c3O 3<\/strong><\/p>\n\n\n\n<p class=\"has-black-color has-text-color has-medium-font-size\">\u201c<em>A ex-presidente Dilma Rousseff foi oficializada no comando do Novo Banco de Desenvolvimento (NBD), tamb\u00e9m conhecido como &#8220;banco do Brics&#8221;, nesta sexta-feira (24). Dilma foi indicada pelo governo Lula ao cargo. O mandato dela vai at\u00e9 julho de 2025.\u201d<\/em><\/p>\n\n\n\n<p class=\"has-text-align-right has-black-color has-text-color has-small-font-size\">MATOSO, F; BISCHOFF, W. Dilma \u00e9 confirmada como nova presidente do banco do Brics; mandato vai at\u00e9 julho de 2025. Dispon\u00edvel em:&lt;https:\/\/g1.globo.com\/politica\/noticia\/2023\/03\/24\/dilma-sera-nova-presidente-do-banco-do-brics-mandato-vai-ate-julho-de-2025.ghtml&gt;. Acesso em: 04, ago. 2023.<\/p>\n\n\n\n<p class=\"has-black-color has-text-color has-medium-font-size\">O banco comandado pela ex-presidente Dilma Rousseff tem por objetivo:&nbsp;<\/p>\n\n\n\n<p class=\"has-black-color has-text-color has-medium-font-size\">(A) Apoiar financeiramente os projetos de infraestrutura e desenvolvimento sustent\u00e1vel nos pa\u00edses membros, em outras economias emergentes e pa\u00edses em desenvolvimento<\/p>\n\n\n\n<p class=\"has-black-color has-text-color has-medium-font-size\">(B) Apoiar de forma irrestrita os pa\u00edses latinos, ampliando a sua participa\u00e7\u00e3o no cen\u00e1rio global e permitindo maior integra\u00e7\u00e3o entre essas na\u00e7\u00f5es.&nbsp;<\/p>\n\n\n\n<p class=\"has-black-color has-text-color has-medium-font-size\">(C) O banco foi criado por pa\u00edses desenvolvidos e tem por objetivo financiar projetos de desenvolvimento sustent\u00e1vel em na\u00e7\u00f5es em desenvolvimento e que apresentam baixos indicadores socioecon\u00f4micos.&nbsp;&nbsp;&nbsp;&nbsp;<\/p>\n\n\n\n<p class=\"has-black-color has-text-color has-medium-font-size\">(D) O banco foi criado em meados de 2011 pelas economias exportadoras de petr\u00f3leo e tem por objetivo financiar projetos de pesquisa e a amplia\u00e7\u00e3o da extra\u00e7\u00e3o desse recurso.<\/p>\n\n\n\n<p class=\"has-white-color has-text-color has-background has-medium-font-size\" style=\"background-color:#06603f\"><strong>QUEST\u00c3O 4<\/strong><\/p>\n\n\n\n<p class=\"has-black-color has-text-color has-medium-font-size\">O que o economista brit\u00e2nico <em>Jim O\u2019 Neill<\/em>, em 2001, levou em considera\u00e7\u00e3o para agrupar os pa\u00edses que formam os BRICS?<\/p>\n\n\n\n<hr class=\"wp-block-separator has-alpha-channel-opacity\"\/>\n\n\n\n<figure class=\"wp-block-table is-style-stripes\"><table><tbody><tr><td><strong>Autoria:<\/strong><\/td><td>Ailton Silva <\/td><\/tr><tr><td><strong>Forma\u00e7\u00e3o:<\/strong><\/td><td>Geografia<\/td><\/tr><tr><td><strong>Componente Curricular:<\/strong><\/td><td>Geografia<\/td><\/tr><tr><td><strong>Habilidades:<\/strong><\/td><td>(EF08GE09-A) Analisar a posi\u00e7\u00e3o dos EUA e dos BRICS &#8211; Brasil, R\u00fassia, China e \u00c1frica do Sul, no cen\u00e1rio socioecon\u00f4mico mundial, compreendendo os padr\u00f5es econ\u00f4micos mundiais de produ\u00e7\u00e3o, distribui\u00e7\u00e3o e interc\u00e2mbio dos produtos agr\u00edcolas e industrializados.<\/td><\/tr><tr><td><strong>Refer\u00eancia bibliogr\u00e1fica:<\/strong><\/td><td>G1. <em>Banco do Brics: entenda o que \u00e9 a institui\u00e7\u00e3o que passa a ser comandada por Dilma Rousseff<\/em>. Dispon\u00edvel em:&lt;https:\/\/g1.globo.com\/economia\/noticia\/2023\/04\/13\/banco-do-brics-o-que-e-a-instituicao-que-sera-comandada-por-dilma-rousseff.ghtml&gt;. Acesso em: 03, ago. 2023.<br>IPEA &#8211; INSTITUTO DE PESQUISA ECON\u00d4MICA APLICADA. <em>Conhe\u00e7a os BRICS<\/em>. Dispon\u00edvel em:&lt;https:\/\/www.ipea.gov.br\/forumbrics\/pt-BR\/conheca-os-brics.html&gt;. Acesso em: 03, ago. 2023.<br>LOBATO, L. V. C. <em>A quest\u00e3o social no projeto do BRICS<\/em>. Dispon\u00edvel em:&lt;https:\/\/www.scielo.br\/j\/csc\/a\/cq89HSrr4FGdP343GxBbMws\/#&gt;. Acesso em: 03, ago. 2023.<\/td><\/tr><\/tbody><\/table><\/figure>\n","protected":false},"author":52,"featured_media":166575,"template":"","ef_categoria":[],"ef_ano":[91],"ef_componente":[96],"class_list":["post-166574","ensino_fundamental","type-ensino_fundamental","status-publish","has-post-thumbnail","hentry","ef_ano-8o-ano","ef_componente-geografia","entry","has-media"],"acf":[],"_links":{"self":[{"href":"https:\/\/sme.goiania.go.gov.br\/conexaoescola\/wp-json\/wp\/v2\/ensino_fundamental\/166574","targetHints":{"allow":["GET"]}}],"collection":[{"href":"https:\/\/sme.goiania.go.gov.br\/conexaoescola\/wp-json\/wp\/v2\/ensino_fundamental"}],"about":[{"href":"https:\/\/sme.goiania.go.gov.br\/conexaoescola\/wp-json\/wp\/v2\/types\/ensino_fundamental"}],"author":[{"embeddable":true,"href":"https:\/\/sme.goiania.go.gov.br\/conexaoescola\/wp-json\/wp\/v2\/users\/52"}],"version-history":[{"count":3,"href":"https:\/\/sme.goiania.go.gov.br\/conexaoescola\/wp-json\/wp\/v2\/ensino_fundamental\/166574\/revisions"}],"predecessor-version":[{"id":168619,"href":"https:\/\/sme.goiania.go.gov.br\/conexaoescola\/wp-json\/wp\/v2\/ensino_fundamental\/166574\/revisions\/168619"}],"wp:featuredmedia":[{"embeddable":true,"href":"https:\/\/sme.goiania.go.gov.br\/conexaoescola\/wp-json\/wp\/v2\/media\/166575"}],"wp:attachment":[{"href":"https:\/\/sme.goiania.go.gov.br\/conexaoescola\/wp-json\/wp\/v2\/media?parent=166574"}],"wp:term":[{"taxonomy":"ef_categoria","embeddable":true,"href":"https:\/\/sme.goiania.go.gov.br\/conexaoescola\/wp-json\/wp\/v2\/ef_categoria?post=166574"},{"taxonomy":"ef_ano","embeddable":true,"href":"https:\/\/sme.goiania.go.gov.br\/conexaoescola\/wp-json\/wp\/v2\/ef_ano?post=166574"},{"taxonomy":"ef_componente","embeddable":true,"href":"https:\/\/sme.goiania.go.gov.br\/conexaoescola\/wp-json\/wp\/v2\/ef_componente?post=166574"}],"curies":[{"name":"wp","href":"https:\/\/api.w.org\/{rel}","templated":true}]}}