{"id":166291,"date":"2023-08-04T07:00:00","date_gmt":"2023-08-04T10:00:00","guid":{"rendered":"https:\/\/sme.goiania.go.gov.br\/conexaoescola\/?post_type=ensino_fundamental&#038;p=166291"},"modified":"2024-03-14T16:43:18","modified_gmt":"2024-03-14T19:43:18","slug":"geografia-a-divisao-politico-administrativa-e-a-divisao-regional-do-brasil","status":"publish","type":"ensino_fundamental","link":"https:\/\/sme.goiania.go.gov.br\/conexaoescola\/ensino_fundamental\/geografia-a-divisao-politico-administrativa-e-a-divisao-regional-do-brasil\/","title":{"rendered":"Geografia &#8211; A divis\u00e3o pol\u00edtico-administrativa e a divis\u00e3o regional do Brasil"},"content":{"rendered":"\n<p class=\"has-black-color has-text-color has-background has-medium-font-size\" style=\"background-color:#d6f8da\">Esta proposta de atividade de<strong> GEOGRAFIA<\/strong> \u00e9 destinada aos estudantes do <strong>4\u00ba ano<\/strong> do Ensino Fundamental anos iniciais.<\/p>\n\n\n\n<div class=\"wp-block-buttons is-content-justification-center is-layout-flex wp-container-core-buttons-is-layout-16018d1d wp-block-buttons-is-layout-flex\">\n<div class=\"wp-block-button has-custom-font-size has-medium-font-size\"><a class=\"wp-block-button__link has-white-color has-black-background-color has-text-color has-background wp-element-button\" href=\"https:\/\/drive.google.com\/uc?export=download&amp;id=1LkB8ZN3thRO_3yAszrADFhMsvam9aU_9\" target=\"_blank\" rel=\"noreferrer noopener\">BAIXE A ATIVIDADE<\/a><\/div>\n\n\n\n<div class=\"wp-block-button has-custom-font-size has-medium-font-size\"><a class=\"wp-block-button__link has-white-color has-black-background-color has-text-color has-background wp-element-button\" href=\"https:\/\/drive.google.com\/uc?export=download&amp;id=1NR4558yizGcZSoO0jnbtBDUwRf_J7LoE\" target=\"_blank\" rel=\"noreferrer noopener\">BAIXE OS SLIDES<\/a><\/div>\n\n\n\n<div class=\"wp-block-button has-custom-font-size has-medium-font-size\"><a class=\"wp-block-button__link has-white-color has-black-background-color has-text-color has-background wp-element-button\" href=\"https:\/\/drive.google.com\/uc?export=download&amp;id=1qEmzOLoo-HlN6i9aJGbm-pGyXSBpf2hu\" target=\"_blank\" rel=\"noreferrer noopener\">BAIXE O TEXTO<\/a><\/div>\n<\/div>\n\n\n\n<p><\/p>\n\n\n\n<figure class=\"wp-block-image size-large\"><img fetchpriority=\"high\" decoding=\"async\" width=\"1024\" height=\"576\" src=\"https:\/\/sme.goiania.go.gov.br\/conexaoescola\/wp-content\/uploads\/2023\/07\/2-3-e1690541943115-1024x576.png\" alt=\"\" class=\"wp-image-166293\" srcset=\"https:\/\/sme.goiania.go.gov.br\/conexaoescola\/wp-content\/uploads\/2023\/07\/2-3-e1690541943115-1024x576.png 1024w, https:\/\/sme.goiania.go.gov.br\/conexaoescola\/wp-content\/uploads\/2023\/07\/2-3-e1690541943115-300x169.png 300w, https:\/\/sme.goiania.go.gov.br\/conexaoescola\/wp-content\/uploads\/2023\/07\/2-3-e1690541943115-768x432.png 768w, https:\/\/sme.goiania.go.gov.br\/conexaoescola\/wp-content\/uploads\/2023\/07\/2-3-e1690541943115-1536x864.png 1536w, https:\/\/sme.goiania.go.gov.br\/conexaoescola\/wp-content\/uploads\/2023\/07\/2-3-e1690541943115.png 1920w\" sizes=\"(max-width: 1024px) 100vw, 1024px\" \/><\/figure>\n\n\n\n<p class=\"has-text-align-center has-black-color has-text-color has-background has-medium-font-size\" style=\"background-color:#f3eded\"><strong>A divis\u00e3o pol\u00edtico-administrativa e a divis\u00e3o regional do Brasil<\/strong><\/p>\n\n\n\n<p class=\"has-black-color has-text-color has-medium-font-size\">O Brasil possui 26 estados e um Distrito Federal, cada estado possui um Governador, uma capital e munic\u00edpios que integram o estado. Os munic\u00edpios s\u00e3o divis\u00f5es territoriais dentro do estado, cada munic\u00edpio tem um prefeito, distritos e vilas. O Distrito Federal (Bras\u00edlia) \u00e9 considerado a capital do pa\u00eds, nele tem a sede do Governo Federal, e dos poderes Judici\u00e1rio, Legislativo e Executivo.<\/p>\n\n\n\n<p class=\"has-text-align-center has-black-color has-text-color has-background has-medium-font-size\" style=\"background-color:#f3eded\"><strong><strong>A regionaliza\u00e7\u00e3o do Brasil<\/strong><\/strong><\/p>\n\n\n\n<p class=\"has-black-color has-text-color has-medium-font-size\">A primeira regionaliza\u00e7\u00e3o do Brasil foi realizada em 1913, seguida por outras propostas que buscavam alinhar a divis\u00e3o territorial com as particularidades econ\u00f4micas, culturais, f\u00edsicas e sociais de cada estado. A vers\u00e3o atual da regionaliza\u00e7\u00e3o remonta a 1970, com ajustes realizados em 1990 para refletir as mudan\u00e7as introduzidas pela Constitui\u00e7\u00e3o de 1988.<\/p>\n\n\n\n<p class=\"has-black-color has-text-color has-medium-font-size\">Atualmente o Brasil possui uma divis\u00e3o regional conforme o Instituto Brasileiro de Geografia e Estat\u00edstica (IBGE) delimitou. Sendo assim, o pa\u00eds \u00e9 dividido atualmente em cinco Regi\u00f5es, s\u00e3o elas: A Regi\u00e3o Norte, Regi\u00e3o Nordeste, Regi\u00e3o Centro-Oeste, Regi\u00e3o Sudeste e Regi\u00e3o Sul.<\/p>\n\n\n\n<figure class=\"wp-block-image size-large\"><img decoding=\"async\" width=\"1024\" height=\"576\" src=\"https:\/\/sme.goiania.go.gov.br\/conexaoescola\/wp-content\/uploads\/2023\/07\/1-1-e1690541920693-1024x576.png\" alt=\"\" class=\"wp-image-166292\" srcset=\"https:\/\/sme.goiania.go.gov.br\/conexaoescola\/wp-content\/uploads\/2023\/07\/1-1-e1690541920693-1024x576.png 1024w, https:\/\/sme.goiania.go.gov.br\/conexaoescola\/wp-content\/uploads\/2023\/07\/1-1-e1690541920693-300x169.png 300w, https:\/\/sme.goiania.go.gov.br\/conexaoescola\/wp-content\/uploads\/2023\/07\/1-1-e1690541920693-768x432.png 768w, https:\/\/sme.goiania.go.gov.br\/conexaoescola\/wp-content\/uploads\/2023\/07\/1-1-e1690541920693-1536x864.png 1536w, https:\/\/sme.goiania.go.gov.br\/conexaoescola\/wp-content\/uploads\/2023\/07\/1-1-e1690541920693.png 1920w\" sizes=\"(max-width: 1024px) 100vw, 1024px\" \/><\/figure>\n\n\n\n<p class=\"has-black-color has-text-color has-medium-font-size\">A regionaliza\u00e7\u00e3o do Brasil \u00e9 definida a partir de alguns crit\u00e9rios: aspectos econ\u00f4micos, sociais, culturais e ambientais. O objetivo \u00e9 agrupar estados e munic\u00edpios com caracter\u00edsticas semelhantes em regi\u00f5es, facilitando, a an\u00e1lise e a tomada de decis\u00f5es governamentais. Dessa forma, a classifica\u00e7\u00e3o regional serve como uma ferramenta essencial para o planejamento de pol\u00edticas p\u00fablicas e para desenvolver a an\u00e1lise de indicadores socioecon\u00f4micos.<\/p>\n\n\n\n<p class=\"has-text-align-center has-black-color has-text-color has-background has-medium-font-size\" style=\"background-color:#f3eded\"><strong>As Regi\u00f5es do Brasil<\/strong><\/p>\n\n\n\n<p class=\"has-black-color has-text-color has-medium-font-size\">A <strong>Regi\u00e3o Norte<\/strong> \u00e9 composta pelos estados do Acre, Amap\u00e1, Amazonas, Par\u00e1, Rond\u00f4nia, Roraima e Tocantins. Esses estados que comp\u00f5e a regi\u00e3o s\u00e3o ricos em recursos naturais, abriga grande parte da Floresta Amaz\u00f4nica e possui uma grande diversidade cultural, possui tamb\u00e9m uma variedade de povos ind\u00edgenas e comunidades tradicionais. Na perspectiva econ\u00f4mica, o extrativismo, a agropecu\u00e1ria e a minera\u00e7\u00e3o s\u00e3o atividades importantes na regi\u00e3o.<\/p>\n\n\n\n<figure class=\"wp-block-image size-large\"><img decoding=\"async\" width=\"1024\" height=\"576\" src=\"https:\/\/sme.goiania.go.gov.br\/conexaoescola\/wp-content\/uploads\/2023\/07\/4-1-e1690541986962-1024x576.png\" alt=\"\" class=\"wp-image-166295\" srcset=\"https:\/\/sme.goiania.go.gov.br\/conexaoescola\/wp-content\/uploads\/2023\/07\/4-1-e1690541986962-1024x576.png 1024w, https:\/\/sme.goiania.go.gov.br\/conexaoescola\/wp-content\/uploads\/2023\/07\/4-1-e1690541986962-300x169.png 300w, https:\/\/sme.goiania.go.gov.br\/conexaoescola\/wp-content\/uploads\/2023\/07\/4-1-e1690541986962-768x432.png 768w, https:\/\/sme.goiania.go.gov.br\/conexaoescola\/wp-content\/uploads\/2023\/07\/4-1-e1690541986962-1536x864.png 1536w, https:\/\/sme.goiania.go.gov.br\/conexaoescola\/wp-content\/uploads\/2023\/07\/4-1-e1690541986962.png 1920w\" sizes=\"(max-width: 1024px) 100vw, 1024px\" \/><\/figure>\n\n\n\n<p class=\"has-black-color has-text-color has-medium-font-size\">A <strong>Regi\u00e3o Nordeste<\/strong> \u00e9 composta pelos estados de Alagoas, Bahia, Cear\u00e1, Maranh\u00e3o, Para\u00edba, Pernambuco, Piau\u00ed, Rio Grande do Norte e Sergipe. A regi\u00e3o \u00e9 caracterizada pela grande diversidade cultural, possui uma economia pautada na agropecu\u00e1ria, turismo e industrias. Desde o in\u00edcio dos anos 2000 a regi\u00e3o passa por um intenso desenvolvimento socioecon\u00f4mico.<\/p>\n\n\n\n<figure class=\"wp-block-image size-large\"><img loading=\"lazy\" decoding=\"async\" width=\"1024\" height=\"576\" src=\"https:\/\/sme.goiania.go.gov.br\/conexaoescola\/wp-content\/uploads\/2023\/07\/3-e1690541963193-1024x576.png\" alt=\"\" class=\"wp-image-166294\" srcset=\"https:\/\/sme.goiania.go.gov.br\/conexaoescola\/wp-content\/uploads\/2023\/07\/3-e1690541963193-1024x576.png 1024w, https:\/\/sme.goiania.go.gov.br\/conexaoescola\/wp-content\/uploads\/2023\/07\/3-e1690541963193-300x169.png 300w, https:\/\/sme.goiania.go.gov.br\/conexaoescola\/wp-content\/uploads\/2023\/07\/3-e1690541963193-768x432.png 768w, https:\/\/sme.goiania.go.gov.br\/conexaoescola\/wp-content\/uploads\/2023\/07\/3-e1690541963193-1536x864.png 1536w, https:\/\/sme.goiania.go.gov.br\/conexaoescola\/wp-content\/uploads\/2023\/07\/3-e1690541963193.png 1920w\" sizes=\"(max-width: 1024px) 100vw, 1024px\" \/><\/figure>\n\n\n\n<p class=\"has-black-color has-text-color has-medium-font-size\">A <strong>Regi\u00e3o Centro-Oeste<\/strong> \u00e9 definida pelos estados de Goi\u00e1s, Mato Grosso, Mato Grosso do Sul e o Distrito Federal, a regi\u00e3o se destaca como uma das principais \u00e1reas de produ\u00e7\u00e3o agropecu\u00e1ria do pa\u00eds, e pelo crescimento urbano e desenvolvimento socioecon\u00f4mico dos estados, na perspectiva cultural o sertanejo se destaca, juntamente com as festas tradicionais. Atualmente o estado de Goi\u00e1s se destaca pelo desenvolvimento na \u00e1rea de seguran\u00e7a, educa\u00e7\u00e3o e sa\u00fade.<\/p>\n\n\n\n<figure class=\"wp-block-image size-large\"><img loading=\"lazy\" decoding=\"async\" width=\"1024\" height=\"576\" src=\"https:\/\/sme.goiania.go.gov.br\/conexaoescola\/wp-content\/uploads\/2023\/07\/5-e1690542009718-1024x576.png\" alt=\"\" class=\"wp-image-166296\" srcset=\"https:\/\/sme.goiania.go.gov.br\/conexaoescola\/wp-content\/uploads\/2023\/07\/5-e1690542009718-1024x576.png 1024w, https:\/\/sme.goiania.go.gov.br\/conexaoescola\/wp-content\/uploads\/2023\/07\/5-e1690542009718-300x169.png 300w, https:\/\/sme.goiania.go.gov.br\/conexaoescola\/wp-content\/uploads\/2023\/07\/5-e1690542009718-768x432.png 768w, https:\/\/sme.goiania.go.gov.br\/conexaoescola\/wp-content\/uploads\/2023\/07\/5-e1690542009718-1536x864.png 1536w, https:\/\/sme.goiania.go.gov.br\/conexaoescola\/wp-content\/uploads\/2023\/07\/5-e1690542009718.png 1920w\" sizes=\"(max-width: 1024px) 100vw, 1024px\" \/><\/figure>\n\n\n\n<p class=\"has-black-color has-text-color has-medium-font-size\">A <strong>Regi\u00e3o Sudeste<\/strong> \u00e9 formada pelos estados de S\u00e3o Paulo, Rio de Janeiro, Minas Gerais e Esp\u00edrito Santo. A regi\u00e3o Sudeste possui o maior quantitativo populacional do Brasil e abriga as duas maiores metr\u00f3poles do pa\u00eds, S\u00e3o Paulo e Rio de Janeiro, a Regi\u00e3o Sudeste possui mais de 80 milh\u00f5es de habitantes, conforme o censo de 2010 realizado pelo IBGE. A regi\u00e3o \u00e9 caracterizada por um elevado desenvolvimento industrial, \u00e9 o principal centro econ\u00f4mico do Brasil, e apresenta uma variedade de possibilidades de acesso \u00e0 cultura e lazer.<\/p>\n\n\n\n<figure class=\"wp-block-image size-large\"><img loading=\"lazy\" decoding=\"async\" width=\"1024\" height=\"576\" src=\"https:\/\/sme.goiania.go.gov.br\/conexaoescola\/wp-content\/uploads\/2023\/07\/6-e1690542037452-1024x576.png\" alt=\"\" class=\"wp-image-166297\" srcset=\"https:\/\/sme.goiania.go.gov.br\/conexaoescola\/wp-content\/uploads\/2023\/07\/6-e1690542037452-1024x576.png 1024w, https:\/\/sme.goiania.go.gov.br\/conexaoescola\/wp-content\/uploads\/2023\/07\/6-e1690542037452-300x169.png 300w, https:\/\/sme.goiania.go.gov.br\/conexaoescola\/wp-content\/uploads\/2023\/07\/6-e1690542037452-768x432.png 768w, https:\/\/sme.goiania.go.gov.br\/conexaoescola\/wp-content\/uploads\/2023\/07\/6-e1690542037452-1536x864.png 1536w, https:\/\/sme.goiania.go.gov.br\/conexaoescola\/wp-content\/uploads\/2023\/07\/6-e1690542037452.png 1920w\" sizes=\"(max-width: 1024px) 100vw, 1024px\" \/><\/figure>\n\n\n\n<p class=\"has-black-color has-text-color has-medium-font-size\">A <strong>Regi\u00e3o Sul<\/strong> \u00e9 composta pelos estados do Paran\u00e1, Santa Catarina e Rio Grande do Sul, a regi\u00e3o Sul \u00e9 caracterizada por uma economia diversificada, com destaque para a agroind\u00fastria, o com\u00e9rcio exterior e o turismo. O clima subtropical e a coloniza\u00e7\u00e3o europeia deixaram marcas na cultura e na arquitetura da regi\u00e3o.<\/p>\n\n\n\n<figure class=\"wp-block-image size-large\"><img loading=\"lazy\" decoding=\"async\" width=\"1024\" height=\"576\" src=\"https:\/\/sme.goiania.go.gov.br\/conexaoescola\/wp-content\/uploads\/2023\/07\/7-e1690542067487-1024x576.png\" alt=\"\" class=\"wp-image-166298\" srcset=\"https:\/\/sme.goiania.go.gov.br\/conexaoescola\/wp-content\/uploads\/2023\/07\/7-e1690542067487-1024x576.png 1024w, https:\/\/sme.goiania.go.gov.br\/conexaoescola\/wp-content\/uploads\/2023\/07\/7-e1690542067487-300x169.png 300w, https:\/\/sme.goiania.go.gov.br\/conexaoescola\/wp-content\/uploads\/2023\/07\/7-e1690542067487-768x432.png 768w, https:\/\/sme.goiania.go.gov.br\/conexaoescola\/wp-content\/uploads\/2023\/07\/7-e1690542067487-1536x864.png 1536w, https:\/\/sme.goiania.go.gov.br\/conexaoescola\/wp-content\/uploads\/2023\/07\/7-e1690542067487.png 1920w\" sizes=\"(max-width: 1024px) 100vw, 1024px\" \/><\/figure>\n\n\n\n<p class=\"has-black-color has-text-color has-medium-font-size\">Portanto, a divis\u00e3o regional do Brasil n\u00e3o \u00e9 imut\u00e1vel, dependendo das mudan\u00e7as, sociais, econ\u00f4micas e produtivas de cada estado e do pa\u00eds, a classifica\u00e7\u00e3o pode ser revisada e atualizada ao longo do tempo, como j\u00e1 foi feito anteriormente.<\/p>\n\n\n\n<p class=\"has-text-align-center has-black-color has-text-color has-background has-medium-font-size\" style=\"background-color:#fcc196\"><strong>RESPONDA \u00c0S QUEST\u00d5ES<\/strong><\/p>\n\n\n\n<p class=\"has-black-color has-pale-cyan-blue-background-color has-text-color has-background has-medium-font-size\"><strong>QUEST\u00c3O 01<\/strong><\/p>\n\n\n\n<p class=\"has-black-color has-text-color has-medium-font-size\">Fa\u00e7a uma pesquisa e escreva no seu caderno as caracter\u00edsticas: econ\u00f4micas, produtivas, culturais, lingu\u00edsticas, gastron\u00f4micas, ambientais, dos estados de Goi\u00e1s, Mato Grosso e Mato Grosso do Sul. Ap\u00f3s a pesquisa, aponte as similaridades e diferen\u00e7as entre os estados da Regi\u00e3o Centro-Oeste.<\/p>\n\n\n\n<p class=\"has-black-color has-pale-cyan-blue-background-color has-text-color has-background has-medium-font-size\"><strong><strong>QUEST\u00c3O<\/strong> 02<\/strong><\/p>\n\n\n\n<p class=\"has-black-color has-text-color has-medium-font-size\">A regionaliza\u00e7\u00e3o do Brasil \u00e9 definida a partir de alguns crit\u00e9rios, cite ao menos 3 crit\u00e9rios e explique o objetivo de regionalizar o pa\u00eds.<\/p>\n\n\n\n<p><\/p>\n\n\n\n<p class=\"has-black-color has-pale-cyan-blue-background-color has-text-color has-background has-medium-font-size\"><strong><strong>QUEST\u00c3O<\/strong> 03<\/strong><\/p>\n\n\n\n<p class=\"has-black-color has-text-color has-medium-font-size\">A regi\u00e3o possui o maior quantitativo populacional do Brasil e abriga as duas maiores metr\u00f3poles do pa\u00eds, e possui mais de 80 milh\u00f5es de habitantes, conforme o censo de 2010 realizado pelo IBGE. Essas caracter\u00edsticas se referem \u00e0<\/p>\n\n\n\n<p class=\"has-black-color has-text-color has-medium-font-size\">(A) Regi\u00e3o Sul.<\/p>\n\n\n\n<p class=\"has-black-color has-text-color has-medium-font-size\">(B) Regi\u00e3o Norte.<\/p>\n\n\n\n<p class=\"has-black-color has-text-color has-medium-font-size\">(C) Regi\u00e3o Sudeste.<\/p>\n\n\n\n<p class=\"has-black-color has-text-color has-medium-font-size\">(D) Regi\u00e3o Nordeste.<\/p>\n\n\n\n<p class=\"has-black-color has-pale-cyan-blue-background-color has-text-color has-background has-medium-font-size\"><strong><strong>QUEST\u00c3O<\/strong> 04<\/strong><\/p>\n\n\n\n<p class=\"has-black-color has-text-color has-medium-font-size\">Os estados do Acre, Amap\u00e1, Amazonas, Par\u00e1, Rond\u00f4nia, Roraima e Tocantins fazem parte da Regi\u00e3o<\/p>\n\n\n\n<p class=\"has-black-color has-text-color has-medium-font-size\">(A) Norte.<\/p>\n\n\n\n<p class=\"has-black-color has-text-color has-medium-font-size\">(B) Sudeste.<\/p>\n\n\n\n<p class=\"has-black-color has-text-color has-medium-font-size\">(C) Nordeste.<\/p>\n\n\n\n<p class=\"has-black-color has-text-color has-medium-font-size\">(D) Centro-Oeste.<\/p>\n\n\n\n<hr class=\"wp-block-separator has-alpha-channel-opacity\"\/>\n\n\n\n<figure class=\"wp-block-table is-style-stripes\" style=\"font-size:15px\"><table class=\"has-black-color has-text-color\"><tbody><tr><td><strong>Autoria:<\/strong><\/td><td>Prof. Me.: Gabriel Ramos Paiva<\/td><\/tr><tr><td><strong>Forma\u00e7\u00e3o:<\/strong><\/td><td>Licenciatura em Geografia;<br>Bacharelado em Geografia;<br>Licenciatura em Pedagogia;<br>Mestre em Geografia pelo IESA-UFG.<\/td><\/tr><tr><td><strong>Componente Curricular:<\/strong><\/td><td>Geografia<\/td><\/tr><tr><td><strong>Habilidades:<\/strong><\/td><td>(EF04GE05-A) Distinguir unidades pol\u00edtico-administrativas oficiais nacionais, Distrito Federal, Munic\u00edpio, Unidade da Federa\u00e7\u00e3o e Regi\u00f5es Brasileiras, suas fronteiras e sua hierarquia, localizando seus lugares de viv\u00eancia.<\/td><\/tr><tr><td><strong>Refer\u00eancias:<\/strong><\/td><td>Instituto Brasileiro de Geografia e Estat\u00edstica &#8211; IBGE. Divis\u00e3o regional do Brasil em regi\u00f5es geogr\u00e1ficas imediatas e regi\u00f5es geogr\u00e1ficas intermedi\u00e1rias: 2017\/IBGE, Coordena\u00e7\u00e3o de Geografia. Rio de Janeiro:IBGE, 2017. Dispon\u00edvel em: &lt;http:\/\/www.usp.br\/nereus\/wp-content\/uploads\/IBGE_2017_REG_GEO.pdf&gt;. Acesso em 25 de jul. de 2023.<\/td><\/tr><\/tbody><\/table><\/figure>\n","protected":false},"author":20,"featured_media":166292,"template":"","ef_categoria":[193],"ef_ano":[87],"ef_componente":[96],"class_list":["post-166291","ensino_fundamental","type-ensino_fundamental","status-publish","has-post-thumbnail","hentry","ef_categoria-anos-iniciais","ef_ano-4o-ano","ef_componente-geografia","entry","has-media"],"acf":[],"_links":{"self":[{"href":"https:\/\/sme.goiania.go.gov.br\/conexaoescola\/wp-json\/wp\/v2\/ensino_fundamental\/166291","targetHints":{"allow":["GET"]}}],"collection":[{"href":"https:\/\/sme.goiania.go.gov.br\/conexaoescola\/wp-json\/wp\/v2\/ensino_fundamental"}],"about":[{"href":"https:\/\/sme.goiania.go.gov.br\/conexaoescola\/wp-json\/wp\/v2\/types\/ensino_fundamental"}],"author":[{"embeddable":true,"href":"https:\/\/sme.goiania.go.gov.br\/conexaoescola\/wp-json\/wp\/v2\/users\/20"}],"version-history":[{"count":5,"href":"https:\/\/sme.goiania.go.gov.br\/conexaoescola\/wp-json\/wp\/v2\/ensino_fundamental\/166291\/revisions"}],"predecessor-version":[{"id":178934,"href":"https:\/\/sme.goiania.go.gov.br\/conexaoescola\/wp-json\/wp\/v2\/ensino_fundamental\/166291\/revisions\/178934"}],"wp:featuredmedia":[{"embeddable":true,"href":"https:\/\/sme.goiania.go.gov.br\/conexaoescola\/wp-json\/wp\/v2\/media\/166292"}],"wp:attachment":[{"href":"https:\/\/sme.goiania.go.gov.br\/conexaoescola\/wp-json\/wp\/v2\/media?parent=166291"}],"wp:term":[{"taxonomy":"ef_categoria","embeddable":true,"href":"https:\/\/sme.goiania.go.gov.br\/conexaoescola\/wp-json\/wp\/v2\/ef_categoria?post=166291"},{"taxonomy":"ef_ano","embeddable":true,"href":"https:\/\/sme.goiania.go.gov.br\/conexaoescola\/wp-json\/wp\/v2\/ef_ano?post=166291"},{"taxonomy":"ef_componente","embeddable":true,"href":"https:\/\/sme.goiania.go.gov.br\/conexaoescola\/wp-json\/wp\/v2\/ef_componente?post=166291"}],"curies":[{"name":"wp","href":"https:\/\/api.w.org\/{rel}","templated":true}]}}