{"id":166136,"date":"2023-07-17T16:51:24","date_gmt":"2023-07-17T19:51:24","guid":{"rendered":"https:\/\/sme.goiania.go.gov.br\/conexaoescola\/?post_type=ensino_fundamental&#038;p=166136"},"modified":"2023-07-17T16:51:26","modified_gmt":"2023-07-17T19:51:26","slug":"arte-construindo-pau-de-chuva","status":"publish","type":"ensino_fundamental","link":"https:\/\/sme.goiania.go.gov.br\/conexaoescola\/ensino_fundamental\/arte-construindo-pau-de-chuva\/","title":{"rendered":"Arte &#8211; Construindo Pau de Chuva"},"content":{"rendered":"\n<p class=\"has-background has-medium-font-size\" style=\"background:linear-gradient(135deg,rgb(255,246,67) 0%,rgb(105,43,0) 100%)\">Esta proposta de atividade de<strong>\u00a0<strong>Arte<\/strong>, <\/strong>\u00e9 destinada a estudantes de<strong>\u00a0<strong>5\u00ba ano<\/strong>\u00a0<\/strong>do\u00a0Ensino Fundamental Anos Iniciais.<\/p>\n\n\n\n<div style=\"height:52px\" aria-hidden=\"true\" class=\"wp-block-spacer\"><\/div>\n\n\n\n<div class=\"wp-block-buttons is-content-justification-center is-layout-flex wp-container-core-buttons-is-layout-16018d1d wp-block-buttons-is-layout-flex\">\n<div class=\"wp-block-button\"><a class=\"wp-block-button__link wp-element-button\" href=\"https:\/\/drive.google.com\/uc?export=download&amp;id=1UxREFm7qHlbqj6qLRm4d5RwxapPHZ2M1\">BAIXE A ATIVIDADE<\/a><\/div>\n\n\n\n<div class=\"wp-block-button\"><a class=\"wp-block-button__link wp-element-button\" href=\"https:\/\/drive.google.com\/uc?export=download&amp;id=1Q5JaCCaz0NRmbMxYqhDyc0-fXt88jG-P\">BAIXE OS SLIDES<\/a><\/div>\n\n\n\n<div class=\"wp-block-button\"><a class=\"wp-block-button__link wp-element-button\" href=\"https:\/\/drive.google.com\/uc?export=download&amp;id=189ToTvN7b-bc0z1aIuyKpA03uN-q17vk\">BAIXE O TEXTO<\/a><\/div>\n<\/div>\n\n\n\n<figure class=\"wp-block-image size-large\"><img fetchpriority=\"high\" decoding=\"async\" width=\"1024\" height=\"410\" src=\"https:\/\/sme.goiania.go.gov.br\/conexaoescola\/wp-content\/uploads\/2023\/07\/Texto-do-seu-paragrafo-4-1024x410.png\" alt=\"\" class=\"wp-image-166137\" srcset=\"https:\/\/sme.goiania.go.gov.br\/conexaoescola\/wp-content\/uploads\/2023\/07\/Texto-do-seu-paragrafo-4-1024x410.png 1024w, https:\/\/sme.goiania.go.gov.br\/conexaoescola\/wp-content\/uploads\/2023\/07\/Texto-do-seu-paragrafo-4-300x120.png 300w, https:\/\/sme.goiania.go.gov.br\/conexaoescola\/wp-content\/uploads\/2023\/07\/Texto-do-seu-paragrafo-4-768x307.png 768w, https:\/\/sme.goiania.go.gov.br\/conexaoescola\/wp-content\/uploads\/2023\/07\/Texto-do-seu-paragrafo-4-1536x614.png 1536w, https:\/\/sme.goiania.go.gov.br\/conexaoescola\/wp-content\/uploads\/2023\/07\/Texto-do-seu-paragrafo-4.png 2000w\" sizes=\"(max-width: 1024px) 100vw, 1024px\" \/><\/figure>\n\n\n\n<p class=\"has-text-align-center\" style=\"font-size:28px\"><strong>Pau de Chuva<\/strong><\/p>\n\n\n\n<p class=\"has-medium-font-size\">Os instrumentos musicais desempenham um papel fundamental na vida do ser humano. Eles s\u00e3o uma forma de express\u00e3o art\u00edstica, permitindo a cria\u00e7\u00e3o e a transmiss\u00e3o de emo\u00e7\u00f5es, hist\u00f3rias e ideias atrav\u00e9s da m\u00fasica. Al\u00e9m disso, os instrumentos tamb\u00e9m t\u00eam um impacto social, cultural e at\u00e9 mesmo terap\u00eautico.<\/p>\n\n\n\n<p class=\"has-medium-font-size\">A origem dos instrumentos musicais remonta \u00e0 pr\u00e9-hist\u00f3ria, onde os primeiros humanos come\u00e7aram a criar sons utilizando objetos naturais, como ossos, pedras e troncos ocos.&nbsp;<\/p>\n\n\n\n<p class=\"has-medium-font-size\">Falando especificamente do <strong>Pau de Chuva<\/strong>, que \u00e9 um<strong> \u201cinstrumento musical idiof\u00f3nico\u201d, <\/strong>que quer dizer: instrumento que produz o pr\u00f3prio som. N\u00e3o precisa ser batido, friccionado ou dedilhado. O som \u00e9 de dentro para fora e&nbsp; impreciso, n\u00e3o se tem controle total de como sair\u00e1.&nbsp;<\/p>\n\n\n\n<p class=\"has-medium-font-size\">O <strong>Pau de Chuva,<\/strong> como o pr\u00f3prio nome j\u00e1 indica, produz um som pr\u00f3ximo ao que ouvimos durante as chuvas. Ele \u00e9 um instrumento de percuss\u00e3o e efeito, \u201cda fam\u00edlia dos chocalhos\u201d, tem sua origem de povos ind\u00edgenas da Am\u00e9rica do Sul, provavelmente onde hoje \u00e9 o Chile. Usado principalmente em rituais e cerim\u00f4nias.\u00a0<\/p>\n\n\n\n<div style=\"height:52px\" aria-hidden=\"true\" class=\"wp-block-spacer\"><\/div>\n\n\n\n<p class=\"has-background has-medium-font-size\" style=\"background:linear-gradient(135deg,rgb(255,246,67) 0%,rgb(105,43,0) 100%)\"><strong>Quest\u00e3o 1<\/strong> <\/p>\n\n\n\n<p class=\"has-medium-font-size\">Os instrumentos musicais surgiram:&nbsp;<\/p>\n\n\n\n<p class=\"has-medium-font-size\">(A) A partir de estudos cient\u00edficos sistematizados<\/p>\n\n\n\n<p class=\"has-medium-font-size\">(B) Por meio da experimenta\u00e7\u00e3o, observa\u00e7\u00e3o e utiliza\u00e7\u00e3o de materiais da natureza<\/p>\n\n\n\n<p class=\"has-medium-font-size\">(C) Por meio da observa\u00e7\u00e3o dos animais&nbsp;<\/p>\n\n\n\n<p class=\"has-medium-font-size\">(D) Todas as alternativas anteriores est\u00e3o corretas<\/p>\n\n\n\n<div style=\"height:52px\" aria-hidden=\"true\" class=\"wp-block-spacer\"><\/div>\n\n\n\n<p class=\"has-background has-medium-font-size\" style=\"background:linear-gradient(135deg,rgb(255,246,67) 0%,rgb(105,43,0) 100%)\"><strong>Quest\u00e3o 2<\/strong> <\/p>\n\n\n\n<p class=\"has-medium-font-size\">Para o homem, qual a import\u00e2ncia dos instrumentos musicais ?&nbsp;<\/p>\n\n\n\n<p class=\"has-medium-font-size\">(A) Promover o desenvolvimento cognitivo e emocional&nbsp;<\/p>\n\n\n\n<p class=\"has-medium-font-size\">(B) Possibilitam a express\u00e3o individual e coletiva por meio da m\u00fasica&nbsp;<\/p>\n\n\n\n<p class=\"has-medium-font-size\">(C) Estimulam a criatividade e a imagina\u00e7\u00e3o&nbsp;<\/p>\n\n\n\n<p class=\"has-medium-font-size\">(D) Todas as alternativas anteriores est\u00e3o corretas<\/p>\n\n\n\n<div style=\"height:52px\" aria-hidden=\"true\" class=\"wp-block-spacer\"><\/div>\n\n\n\n<p class=\"has-background has-medium-font-size\" style=\"background:linear-gradient(135deg,rgb(255,246,67) 0%,rgb(105,43,0) 100%)\"><strong>Quest\u00e3o 3<\/strong><\/p>\n\n\n\n<p class=\"has-medium-font-size\">Vamos <strong>construir um Pau de Chuva<\/strong> com material reutiliz\u00e1vel?<\/p>\n\n\n\n<p class=\"has-medium-font-size\">Veja o v\u00eddeo de Hist\u00f3rias e Natureza antes de produzir.<\/p>\n\n\n\n<figure class=\"wp-block-embed aligncenter is-type-video is-provider-youtube wp-block-embed-youtube wp-embed-aspect-16-9 wp-has-aspect-ratio\"><div class=\"wp-block-embed__wrapper\">\n<p class=\"responsive-video-wrap clr\"><iframe title=\"COMO FAZER UM PAU DE CHUVA COM MATERIAL RECICL\u00c1VEL\" width=\"1200\" height=\"675\" src=\"https:\/\/www.youtube.com\/embed\/0zVZKMLkR3I?feature=oembed\" frameborder=\"0\" allow=\"accelerometer; autoplay; clipboard-write; encrypted-media; gyroscope; picture-in-picture; web-share\" allowfullscreen><\/iframe><\/p>\n<\/div><\/figure>\n\n\n\n<div style=\"height:52px\" aria-hidden=\"true\" class=\"wp-block-spacer\"><\/div>\n\n\n\n<p class=\"has-background has-medium-font-size\" style=\"background:linear-gradient(135deg,rgb(255,246,67) 0%,rgb(105,43,0) 100%)\"> <strong>Quest\u00e3o 4<\/strong><\/p>\n\n\n\n<p class=\"has-medium-font-size\">Vamos providenciar os materiais?<\/p>\n\n\n\n<figure class=\"wp-block-gallery has-nested-images columns-default is-cropped wp-block-gallery-1 is-layout-flex wp-block-gallery-is-layout-flex\">\n<figure class=\"wp-block-image size-large\"><img decoding=\"async\" width=\"728\" height=\"546\" data-id=\"166149\" src=\"https:\/\/sme.goiania.go.gov.br\/conexaoescola\/wp-content\/uploads\/2023\/07\/1-1.jpg\" alt=\"\" class=\"wp-image-166149\" srcset=\"https:\/\/sme.goiania.go.gov.br\/conexaoescola\/wp-content\/uploads\/2023\/07\/1-1.jpg 728w, https:\/\/sme.goiania.go.gov.br\/conexaoescola\/wp-content\/uploads\/2023\/07\/1-1-300x225.jpg 300w\" sizes=\"(max-width: 728px) 100vw, 728px\" \/><figcaption class=\"wp-element-caption\">Imagem de: <a href=\"https:\/\/pt.wikihow.com\/Fazer-Pau-de-Chuva\">Como Fazer Pau de Chuva<\/a>. Coescrito por <a href=\"https:\/\/pt.wikihow.com\/Fazer-Pau-de-Chuva#\">Equipe wikiHow<\/a>. Dispon\u00edvel em: pt.wikihow.com\/Fazer-Pau-de-Chuva <\/figcaption><\/figure>\n\n\n\n<figure class=\"wp-block-image size-large\"><img decoding=\"async\" width=\"493\" height=\"333\" data-id=\"166150\" src=\"https:\/\/sme.goiania.go.gov.br\/conexaoescola\/wp-content\/uploads\/2023\/07\/material-pc-1.jpg\" alt=\"\" class=\"wp-image-166150\" srcset=\"https:\/\/sme.goiania.go.gov.br\/conexaoescola\/wp-content\/uploads\/2023\/07\/material-pc-1.jpg 493w, https:\/\/sme.goiania.go.gov.br\/conexaoescola\/wp-content\/uploads\/2023\/07\/material-pc-1-300x203.jpg 300w\" sizes=\"(max-width: 493px) 100vw, 493px\" \/><\/figure>\n<\/figure>\n\n\n\n<p class=\"has-medium-font-size\">M\u00e3os \u00e0 Obra!<\/p>\n\n\n\n<div style=\"height:46px\" aria-hidden=\"true\" class=\"wp-block-spacer\"><\/div>\n\n\n\n<p class=\"has-background has-medium-font-size\" style=\"background:linear-gradient(135deg,rgb(255,246,67) 0%,rgb(105,43,0) 100%)\"> <strong>Quest\u00e3o 5<\/strong><\/p>\n\n\n\n<p class=\"has-medium-font-size\">Depois do instrumento pronto, explore o som que ele faz, o seus movimentos e intensidade deles.<\/p>\n\n\n\n<p class=\"has-medium-font-size\">De acordo com o material e a quantidade os som dos instrumentos da sala podem e devem ficar diferentes e em algumas ocasi\u00f5es a combina\u00e7\u00e3o deles contribuem para uma melhor percep\u00e7\u00e3o.\u00a0<\/p>\n\n\n\n<div style=\"height:52px\" aria-hidden=\"true\" class=\"wp-block-spacer\"><\/div>\n\n\n\n<p class=\"has-background has-medium-font-size\" style=\"background:linear-gradient(135deg,rgb(255,246,67) 0%,rgb(105,43,0) 100%)\"> <strong>Quest\u00e3o 6<\/strong><\/p>\n\n\n\n<p class=\"has-medium-font-size\">Por fim, podem usar o instrumento como efeito, para contar ou encenar uma hist\u00f3ria.<\/p>\n\n\n\n<div class=\"wp-block-media-text is-stacked-on-mobile\" style=\"grid-template-columns:24% auto\"><figure class=\"wp-block-media-text__media\"><a href=\"https:\/\/drive.google.com\/uc?export=download&amp;id=1TD0vS88M5GUfbPzPoTJBBH3xFcVsO6Ff\"><img loading=\"lazy\" decoding=\"async\" width=\"445\" height=\"447\" src=\"https:\/\/sme.goiania.go.gov.br\/conexaoescola\/wp-content\/uploads\/2023\/07\/indio.png\" alt=\"\" class=\"wp-image-166143 size-full\" srcset=\"https:\/\/sme.goiania.go.gov.br\/conexaoescola\/wp-content\/uploads\/2023\/07\/indio.png 445w, https:\/\/sme.goiania.go.gov.br\/conexaoescola\/wp-content\/uploads\/2023\/07\/indio-300x300.png 300w, https:\/\/sme.goiania.go.gov.br\/conexaoescola\/wp-content\/uploads\/2023\/07\/indio-150x150.png 150w\" sizes=\"(max-width: 445px) 100vw, 445px\" \/><\/a><\/figure><div class=\"wp-block-media-text__content\">\n<p class=\"has-medium-font-size\">Clique no bot\u00e3o, para acessar a \u00a0hist\u00f3ria &#8220;O Menino da Chuva&#8221; e usar o efeito do instrumento durante a conta\u00e7\u00e3o\/encena\u00e7\u00e3o.\u00a0<\/p>\n<\/div><\/div>\n\n\n\n<div class=\"wp-block-buttons is-content-justification-center is-layout-flex wp-container-core-buttons-is-layout-16018d1d wp-block-buttons-is-layout-flex\">\n<div class=\"wp-block-button is-style-outline is-style-outline--2\"><a class=\"wp-block-button__link has-white-color has-text-color has-background wp-element-button\" href=\"https:\/\/drive.google.com\/uc?export=download&amp;id=1TD0vS88M5GUfbPzPoTJBBH3xFcVsO6Ff\" style=\"background-color:#cf5f2d\"><strong>Baixe a Hist\u00f3ria em Slides<\/strong><\/a><\/div>\n<\/div>\n\n\n\n<div style=\"height:52px\" aria-hidden=\"true\" class=\"wp-block-spacer\"><\/div>\n\n\n\n<p class=\"has-text-align-right has-medium-font-size\"><strong>Aten\u00e7\u00e3o:<\/strong>\u00a0toda essa atividade pode durar dias e at\u00e9 semanas!<\/p>\n\n\n\n<p class=\"has-background has-medium-font-size\" style=\"background:linear-gradient(135deg,rgb(255,246,67) 0%,rgb(105,43,0) 100%)\"><strong>Saber mais<\/strong><\/p>\n\n\n\n<p class=\"has-medium-font-size\">Acesse:\u00a0<\/p>\n\n\n\n<ul class=\"wp-block-list\">\n<li class=\"has-medium-font-size\"><a href=\"https:\/\/pt.wikihow.com\/Fazer-Pau-de-Chuva#\">WikiHow<\/a> &#8211; <a href=\"https:\/\/pt.wikihow.com\/Fazer-Pau-de-Chuva\">Como Fazer Pau de Chuva<\/a>. Dispon\u00edvel em: <a href=\"https:\/\/pt.wikihow.com\/Fazer-Pau-de-Chuva\">https:\/\/pt.wikihow.com\/Fazer-Pau-de-Chuva<\/a> Acesso em: 14\/07\/2023<\/li>\n\n\n\n<li class=\"has-medium-font-size\">Explicatorium &#8211; Construir instrumentos: Como construir um Pau-de-Chuva. Dispon\u00edvel em: <a href=\"https:\/\/www.explicatorium.com\/cfq-8\/instrumentos-fazer-pau-de-chuva.html\">www.explicatorium.com\/cfq-8\/instrumentos-fazer-pau-de-chuva.html<\/a>. Acesso em: 13\/07\/2023 <\/li>\n<\/ul>\n\n\n\n<div style=\"height:52px\" aria-hidden=\"true\" class=\"wp-block-spacer\"><\/div>\n\n\n\n<hr class=\"wp-block-separator has-alpha-channel-opacity\"\/>\n\n\n\n<div class=\"wp-block-columns is-not-stacked-on-mobile has-small-font-size is-layout-flex wp-container-core-columns-is-layout-9d6595d7 wp-block-columns-is-layout-flex\">\n<div class=\"wp-block-column is-vertically-aligned-center is-layout-flow wp-block-column-is-layout-flow\" style=\"flex-basis:100%\">\n<figure class=\"wp-block-table alignwide is-style-stripes has-small-font-size\"><table><tbody><tr><td><strong>Autoria:<\/strong><\/td><td>Ariadiny C\u00e2ndido Morais<\/td><\/tr><tr><td><strong>Forma\u00e7\u00e3o<\/strong><\/td><td>Pedagoga e Mestre em Educa\u00e7\u00e3o.<\/td><\/tr><tr><td><strong>Componente Curricular:<\/strong><\/td><td>ARTE<\/td><\/tr><tr><td><strong>Habilidades:<\/strong> <\/td><td>(GO-EF05AR15-D) Construir instrumentos musicais, explorando diversas fontes sonoras, utilizando-os no repert\u00f3rio estudado.<br><br>(GO-EF05AR18-C) Desenvolver a multisensorialidade ao ver, ouvir, criar e contar hist\u00f3rias dramatizadas e outras narrativas, exercitando a percep\u00e7\u00e3o, o imagin\u00e1rio, a mem\u00f3ria, a intui\u00e7\u00e3o, a reflex\u00e3o, a emo\u00e7\u00e3o, a capacidade de simbolizar, o repert\u00f3rio real e ficcional, refletindo sobre a constru\u00e7\u00e3o dos enredos, reconhecendo os elementos teatrais envolvidos.<br><br>(GO-EF05AR25) Conhecer e valorizar o patrim\u00f4nio cultural, material e imaterial, de culturas diversas, com foco no estado de Goi\u00e1s, incluindo suas matrizes ind\u00edgenas, africanas e europeias, de diferentes \u00e9pocas, favorecendo a constru\u00e7\u00e3o de vocabul\u00e1rio e repert\u00f3rio relativos \u00e0s diferentes linguagens art\u00edsticas.\u00a0<br><\/td><\/tr><tr><td><strong>Refer\u00eancias:&nbsp;<\/strong><\/td><td>GOI\u00c1S. Documento Curricular para Goi\u00e1s \u2013 Ampliado. Volume II. Ensino Fundamental Anos Finais. CONSED; UNDIME, 2018. 433 p. Dispon\u00edvel em: &lt;<a href=\"https:\/\/sme.goiania.go.gov.br\/site\/index.php\/institucional\/documentos-oficiais-2\/category\/27-documentos-gerais&amp;gt&amp;gt\">sme.goiania.go.gov.br\/site\/index.php\/institucional\/documentos-oficiais-2\/category\/27-documentos-gerais&amp;gt&amp;gt<\/a>;. Acesso em 23\/03\/2023.<br><br>GOI\u00c1S. Documento Curricular para Goi\u00e1s \u2013 Ampliado. Cortes Temporais. CONSED; UNDIME, 2019. p. 143. Dispon\u00edvel em: &lt;<a href=\"https:\/\/sme.goiania.go.gov.br\/site\/index.php\/institucional\/documentos-oficiais-2\">sme.goiania.go.gov.br\/site\/index.php\/institucional\/documentos-oficiais-2 ><\/a>. Acesso em: 23\/06\/2023.<br><br>Musica Brasilis &#8211; Recursos Educacionais.\u00a0 Dispon\u00edvel em: <a href=\"https:\/\/musicabrasilis.org.br\/recursos-educacionais\">https:\/\/musicabrasilis.org.br\/recursos-educacionais<\/a>\u00a0 Acesso em: 12\/07\/2023.\u00a0<br><br>Solo infantil. Instrumentos Musicais Reciclados \u2013 42 Ideias Geniais Para Fazer! Dispon\u00edvel em: <a href=\"https:\/\/soloinfantil.com\/brinquedos\/instrumentos-musicais-reciclados\/\">https:\/\/soloinfantil.com\/brinquedos\/instrumentos-musicais-reciclados\/<\/a> Acesso em: 10\/07\/2023<br><br>Revista Meu Retiro. Pau de Chuva: como esse instrumento pode me ajudar? Dispon\u00edvel em: <a href=\"https:\/\/revista.meuretiro.com.br\/noticias\/pau-de-chuva-instrumento\/\">revista.meuretiro.com.br\/noticias\/pau-de-chuva-instrumento\/<\/a> Acesso em: 12\/07\/2023<br><br>Biruta Gaivota. CHOVE, CHUVA! Dispon\u00edvel em: <a href=\"https:\/\/blogbirutagaivota.wordpress.com\/2013\/09\/05\/chove-chuva\/#:~:text=Uma%20lenda%20ind%C3%ADgena%20da%20tribo,que%20se%20alimentavam%20de%20peixes\">blogbirutagaivota.wordpress.com\/2013\/09\/05\/chove-chuva\/#:~:text=Uma%20lenda%20ind%C3%ADgena%20da%20tribo,que%20se%20alimentavam%20de%20peixes<\/a> Acesso em: 12\/07\/2023.<br><\/td><\/tr><\/tbody><\/table><\/figure>\n<\/div>\n<\/div>\n","protected":false},"author":12,"featured_media":166137,"template":"","ef_categoria":[14,22],"ef_ano":[88],"ef_componente":[99],"class_list":["post-166136","ensino_fundamental","type-ensino_fundamental","status-publish","has-post-thumbnail","hentry","ef_categoria-ciclo-da-infancia-de","ef_categoria-corpo-e-movimento-ciclo-da-infancia-de","ef_ano-5o-ano","ef_componente-arte-ef","entry","has-media"],"acf":[],"_links":{"self":[{"href":"https:\/\/sme.goiania.go.gov.br\/conexaoescola\/wp-json\/wp\/v2\/ensino_fundamental\/166136","targetHints":{"allow":["GET"]}}],"collection":[{"href":"https:\/\/sme.goiania.go.gov.br\/conexaoescola\/wp-json\/wp\/v2\/ensino_fundamental"}],"about":[{"href":"https:\/\/sme.goiania.go.gov.br\/conexaoescola\/wp-json\/wp\/v2\/types\/ensino_fundamental"}],"author":[{"embeddable":true,"href":"https:\/\/sme.goiania.go.gov.br\/conexaoescola\/wp-json\/wp\/v2\/users\/12"}],"version-history":[{"count":8,"href":"https:\/\/sme.goiania.go.gov.br\/conexaoescola\/wp-json\/wp\/v2\/ensino_fundamental\/166136\/revisions"}],"predecessor-version":[{"id":166153,"href":"https:\/\/sme.goiania.go.gov.br\/conexaoescola\/wp-json\/wp\/v2\/ensino_fundamental\/166136\/revisions\/166153"}],"wp:featuredmedia":[{"embeddable":true,"href":"https:\/\/sme.goiania.go.gov.br\/conexaoescola\/wp-json\/wp\/v2\/media\/166137"}],"wp:attachment":[{"href":"https:\/\/sme.goiania.go.gov.br\/conexaoescola\/wp-json\/wp\/v2\/media?parent=166136"}],"wp:term":[{"taxonomy":"ef_categoria","embeddable":true,"href":"https:\/\/sme.goiania.go.gov.br\/conexaoescola\/wp-json\/wp\/v2\/ef_categoria?post=166136"},{"taxonomy":"ef_ano","embeddable":true,"href":"https:\/\/sme.goiania.go.gov.br\/conexaoescola\/wp-json\/wp\/v2\/ef_ano?post=166136"},{"taxonomy":"ef_componente","embeddable":true,"href":"https:\/\/sme.goiania.go.gov.br\/conexaoescola\/wp-json\/wp\/v2\/ef_componente?post=166136"}],"curies":[{"name":"wp","href":"https:\/\/api.w.org\/{rel}","templated":true}]}}