{"id":166096,"date":"2023-08-11T07:00:00","date_gmt":"2023-08-11T10:00:00","guid":{"rendered":"https:\/\/sme.goiania.go.gov.br\/conexaoescola\/?post_type=ensino_fundamental&#038;p=166096"},"modified":"2024-04-18T13:36:04","modified_gmt":"2024-04-18T16:36:04","slug":"arte-artes-visuais-fotografia","status":"publish","type":"ensino_fundamental","link":"https:\/\/sme.goiania.go.gov.br\/conexaoescola\/ensino_fundamental\/arte-artes-visuais-fotografia\/","title":{"rendered":"Arte\/Artes Visuais &#8211; Fotografia"},"content":{"rendered":"\n<p class=\"has-text-align-center has-black-color has-text-color has-background has-medium-font-size\" style=\"background-color:#949799\">Esta proposta de atividade de ARTE\/ARTES VISUAIS \u00e9 destinada aos estudantes do 9\u00ba ano do Ensino Fundamental.<\/p>\n\n\n<div class=\"wp-block-image\">\n<figure class=\"aligncenter size-full is-resized\"><img fetchpriority=\"high\" decoding=\"async\" width=\"445\" height=\"445\" src=\"https:\/\/sme.goiania.go.gov.br\/conexaoescola\/wp-content\/uploads\/2023\/07\/image-15.png\" alt=\"\" class=\"wp-image-166097\" style=\"width:275px;height:275px\" srcset=\"https:\/\/sme.goiania.go.gov.br\/conexaoescola\/wp-content\/uploads\/2023\/07\/image-15.png 445w, https:\/\/sme.goiania.go.gov.br\/conexaoescola\/wp-content\/uploads\/2023\/07\/image-15-300x300.png 300w, https:\/\/sme.goiania.go.gov.br\/conexaoescola\/wp-content\/uploads\/2023\/07\/image-15-150x150.png 150w\" sizes=\"(max-width: 445px) 100vw, 445px\" \/><\/figure><\/div>\n\n\n<p class=\"has-text-align-center has-small-font-size\">Dispon\u00edvel em <a href=\"https:\/\/www.canva.com\/design\/DAFnHCbLwxE\/DoSNvQdWb-0tMqwk7tz8dg\/view?utm_content=DAFnHCbLwxE&amp;utm_campaign=share_your_design&amp;utm_medium=link&amp;utm_source=shareyourdesignpanel\">https:\/\/www.canva.com\/design\/DAFnHCbLwxE\/DoSNvQdWb-0tMqwk7tz8dg\/view?utm_content=DAFnHCbLwxE&amp;utm_campaign=share_your_design&amp;utm_medium=link&amp;utm_source=shareyourdesignpanel<\/a> Acesso em 28, jun. 2023.<\/p>\n\n\n\n<div class=\"wp-block-buttons is-content-justification-center is-layout-flex wp-container-core-buttons-is-layout-16018d1d wp-block-buttons-is-layout-flex\">\n<div class=\"wp-block-button has-custom-font-size has-medium-font-size\"><a class=\"wp-block-button__link wp-element-button\" href=\"https:\/\/drive.google.com\/uc?export=download&amp;id=1EDEM8AJ-GwyYHy7uCh28Ovquclx00iM6\" target=\"_blank\" rel=\"noreferrer noopener\">Baixe a atividade<\/a><\/div>\n\n\n\n<div class=\"wp-block-button has-custom-font-size has-medium-font-size\"><a class=\"wp-block-button__link wp-element-button\" href=\"https:\/\/drive.google.com\/uc?export=download&amp;id=1D1oZ3bBosSkwoOuVVAMEz-iC1D0ErVyU\" target=\"_blank\" rel=\"noreferrer noopener\">Baixe os slides<\/a><\/div>\n\n\n\n<div class=\"wp-block-button has-custom-font-size has-medium-font-size\"><a class=\"wp-block-button__link wp-element-button\" href=\"https:\/\/drive.google.com\/uc?export=download&amp;id=1O4TnNDxvWZg6RETMN1bW_lublEUs-v64\" target=\"_blank\" rel=\"noreferrer noopener\">Baixe o texto<\/a><\/div>\n<\/div>\n\n\n\n<p class=\"has-medium-font-size\">A fotografia \u00e9 uma forma de express\u00e3o art\u00edstica e um meio de documentos visuais que captura momentos e registra a realidade de forma concreta. \u00c9 a arte de criar imagens por meio da luz, com o uso de uma c\u00e2mera ou dispositivo fotogr\u00e1fico.<\/p>\n\n\n<div class=\"wp-block-image\">\n<figure class=\"aligncenter size-full is-resized\"><img decoding=\"async\" width=\"715\" height=\"473\" src=\"https:\/\/sme.goiania.go.gov.br\/conexaoescola\/wp-content\/uploads\/2023\/07\/image-16.png\" alt=\"\" class=\"wp-image-166098\" style=\"width:482px;height:319px\" srcset=\"https:\/\/sme.goiania.go.gov.br\/conexaoescola\/wp-content\/uploads\/2023\/07\/image-16.png 715w, https:\/\/sme.goiania.go.gov.br\/conexaoescola\/wp-content\/uploads\/2023\/07\/image-16-300x198.png 300w\" sizes=\"(max-width: 715px) 100vw, 715px\" \/><\/figure><\/div>\n\n\n<p class=\"has-text-align-center has-small-font-size\">Dispon\u00edvel em <a href=\"https:\/\/pixabay.com\/pt\/photos\/fotografias-lentes-fotografia-256888\/\">https:\/\/pixabay.com\/pt\/photos\/fotografias-lentes-fotografia-256888\/<\/a> Acesso em 28, jun. 2023.<\/p>\n\n\n\n<p class=\"has-medium-font-size\">O conceito de fotografia baseia-se no princ\u00edpio fundamental da forma\u00e7\u00e3o de imagens atrav\u00e9s da proje\u00e7\u00e3o da luz. Quando a luz incide sobre uma superf\u00edcie sens\u00edvel \u00e0 luz, como um filme fotogr\u00e1fico ou um sensor digital, ocorre uma rea\u00e7\u00e3o ou qu\u00edmica el\u00e9trica que registra a imagem.<\/p>\n\n\n\n<p class=\"has-medium-font-size\">A fotografia permite congelar um instante no tempo, capturando emo\u00e7\u00f5es, paisagens, objetos, pessoas e eventos de maneira precisa. Ela desempenha um papel fundamental na preserva\u00e7\u00e3o da mem\u00f3ria coletiva e individual, permitindo-nos reviver momentos importantes ou at\u00e9 mesmo hist\u00f3ricos.<\/p>\n\n\n<div class=\"wp-block-image\">\n<figure class=\"aligncenter size-full is-resized\"><img decoding=\"async\" width=\"763\" height=\"508\" src=\"https:\/\/sme.goiania.go.gov.br\/conexaoescola\/wp-content\/uploads\/2023\/07\/image-17.png\" alt=\"\" class=\"wp-image-166099\" style=\"width:539px;height:359px\" srcset=\"https:\/\/sme.goiania.go.gov.br\/conexaoescola\/wp-content\/uploads\/2023\/07\/image-17.png 763w, https:\/\/sme.goiania.go.gov.br\/conexaoescola\/wp-content\/uploads\/2023\/07\/image-17-300x200.png 300w\" sizes=\"(max-width: 763px) 100vw, 763px\" \/><\/figure><\/div>\n\n\n<p class=\"has-text-align-center has-small-font-size\">Dispon\u00edvel em <a href=\"https:\/\/pxhere.com\/pt\/photo\/1069341%20Acesso%20em%2028\">https:\/\/pxhere.com\/pt\/photo\/1069341 Acesso em 28<\/a>, jun. 2023.<\/p>\n\n\n\n<p class=\"has-medium-font-size\">Os fot\u00f3grafos podem explorar uma ampla variedade de estilos e t\u00e9cnicas para transmitir mensagens, contar hist\u00f3rias e despertar emo\u00e7\u00f5es. Seja no fotojornalismo, na moda, na natureza, na arte conceitual ou em qualquer outro g\u00eanero, a fotografia oferece in\u00fameras possibilidades criativas.<\/p>\n\n\n<div class=\"wp-block-image\">\n<figure class=\"aligncenter size-full is-resized\"><img loading=\"lazy\" decoding=\"async\" width=\"763\" height=\"506\" src=\"https:\/\/sme.goiania.go.gov.br\/conexaoescola\/wp-content\/uploads\/2023\/07\/image-18.png\" alt=\"\" class=\"wp-image-166100\" style=\"width:540px;height:358px\" srcset=\"https:\/\/sme.goiania.go.gov.br\/conexaoescola\/wp-content\/uploads\/2023\/07\/image-18.png 763w, https:\/\/sme.goiania.go.gov.br\/conexaoescola\/wp-content\/uploads\/2023\/07\/image-18-300x199.png 300w\" sizes=\"(max-width: 763px) 100vw, 763px\" \/><\/figure><\/div>\n\n\n<p class=\"has-text-align-center has-small-font-size\">Dispon\u00edvel em <a href=\"https:\/\/www.wallpaperflare.com\/brazil-brumadinho-wild-tree-conceitual-tropical-forest-wallpaper-ewhhm%20Acesso%20em%2028\">https:\/\/www.wallpaperflare.com\/brazil-brumadinho-wild-tree-conceitual-tropical-forest-wallpaper-ewhhm Acesso em 28<\/a>, jun. 2023.<\/p>\n\n\n\n<p class=\"has-medium-font-size\">Al\u00e9m disso, a fotografia tamb\u00e9m \u00e9 uma ferramenta poderosa para comunica\u00e7\u00e3o visual. Em um mundo cada vez mais visual, as imagens t\u00eam um impacto imediato e universal, transcendendo barreiras lingu\u00edsticas e culturais. Elas podem transmitir ideias, denunciar injusti\u00e7as, provocar reflex\u00f5es e inspirar mudan\u00e7as.<\/p>\n\n\n\n<p class=\"has-medium-font-size\">Com os avan\u00e7os tecnol\u00f3gicos, a fotografia se tornou mais acess\u00edvel e vers\u00e1til. Atualmente, muitas pessoas t\u00eam acesso a c\u00e2meras digitais ou at\u00e9 mesmo a smartphones com capacidade fotogr\u00e1fica, permitindo que elas capturem e compartilhem instantaneamente suas experi\u00eancias visuais com o mundo.<\/p>\n\n\n<div class=\"wp-block-image\">\n<figure class=\"aligncenter size-full is-resized\"><img loading=\"lazy\" decoding=\"async\" width=\"755\" height=\"500\" src=\"https:\/\/sme.goiania.go.gov.br\/conexaoescola\/wp-content\/uploads\/2023\/07\/image-19.png\" alt=\"\" class=\"wp-image-166101\" style=\"width:558px;height:370px\" srcset=\"https:\/\/sme.goiania.go.gov.br\/conexaoescola\/wp-content\/uploads\/2023\/07\/image-19.png 755w, https:\/\/sme.goiania.go.gov.br\/conexaoescola\/wp-content\/uploads\/2023\/07\/image-19-300x199.png 300w\" sizes=\"(max-width: 755px) 100vw, 755px\" \/><\/figure><\/div>\n\n\n<p class=\"has-text-align-center has-small-font-size\">Dispon\u00edvel em <a href=\"https:\/\/pxhere.com\/pt\/photo\/1077817%20Acesso%20em%2028\">https:\/\/pxhere.com\/pt\/photo\/1077817 Acesso em 28<\/a>, jun. 2023.<\/p>\n\n\n\n<p class=\"has-medium-font-size\">No entanto, por tr\u00e1s da aparente facilidade de tirar fotos, h\u00e1 uma complexidade t\u00e9cnica e art\u00edstica que define os grandes fot\u00f3grafos. Composi\u00e7\u00e3o, ilumina\u00e7\u00e3o, enquadramento, escolha de momentos e a habilidade de contar hist\u00f3rias visualmente s\u00e3o apenas alguns dos aspectos que afetam a qualidade e o impacto de uma imagem.<\/p>\n\n\n<div class=\"wp-block-image\">\n<figure class=\"aligncenter size-full is-resized\"><img loading=\"lazy\" decoding=\"async\" width=\"731\" height=\"552\" src=\"https:\/\/sme.goiania.go.gov.br\/conexaoescola\/wp-content\/uploads\/2023\/07\/image-20.png\" alt=\"\" class=\"wp-image-166102\" style=\"width:511px;height:386px\" srcset=\"https:\/\/sme.goiania.go.gov.br\/conexaoescola\/wp-content\/uploads\/2023\/07\/image-20.png 731w, https:\/\/sme.goiania.go.gov.br\/conexaoescola\/wp-content\/uploads\/2023\/07\/image-20-300x227.png 300w\" sizes=\"(max-width: 731px) 100vw, 731px\" \/><\/figure><\/div>\n\n\n<p class=\"has-text-align-center has-small-font-size\">Dispon\u00edvel em <a href=\"https:\/\/pixabay.com\/pt\/photos\/homem-mais-velho-senior-pessoas-7678619\/\">https:\/\/pixabay.com\/pt\/photos\/homem-mais-velho-senior-pessoas-7678619\/<\/a> Acesso em 28, jun. 2023.<\/p>\n\n\n\n<p class=\"has-medium-font-size\">A fotografia continua a evoluir e se reinventar, acompanhando as transforma\u00e7\u00f5es da sociedade e da tecnologia. Novas t\u00e9cnicas, estilos e abordagens continuam a surgir, ampliando as possibilidades criativas e desafiando os limites da forma visual.<\/p>\n\n\n\n<p class=\"has-black-color has-text-color has-background\" style=\"background-color:#949799\"><strong>QUEST\u00c3O 1<\/strong><\/p>\n\n\n\n<p class=\"has-medium-font-size\">O conceito de fotografia baseia-se no princ\u00edpio fundamental da forma\u00e7\u00e3o de imagens atrav\u00e9s<\/p>\n\n\n\n<p class=\"has-medium-font-size\">(A) Composi\u00e7\u00e3o.<\/p>\n\n\n\n<p class=\"has-medium-font-size\">(B) Ilumina\u00e7\u00e3o.<\/p>\n\n\n\n<p class=\"has-medium-font-size\">(C) Proje\u00e7\u00e3o da luz.<\/p>\n\n\n\n<p class=\"has-medium-font-size\">(D) Absor\u00e7\u00e3o da luz.<\/p>\n\n\n\n<p class=\"has-black-color has-text-color has-background\" style=\"background-color:#949799\"><strong>QUEST\u00c3O 2<\/strong><\/p>\n\n\n\n<p class=\"has-medium-font-size\">Por tr\u00e1s da aparente facilidade de tirar fotos, h\u00e1 uma complexidade t\u00e9cnica e art\u00edstica que define os grandes fot\u00f3grafos. Qual s\u00e3o os aspectos que afetam a qualidade e o impacto de uma imagem fotogr\u00e1fica?<\/p>\n\n\n\n<p class=\"has-medium-font-size\">(A) Composi\u00e7\u00e3o, ilumina\u00e7\u00e3o e enquadramento.<\/p>\n\n\n\n<p class=\"has-medium-font-size\">(B) Transforma\u00e7\u00f5es da sociedade.<\/p>\n\n\n\n<p class=\"has-medium-font-size\">(C) T\u00e9cnicas, estilos e c\u00e2mera fotogr\u00e1fica.<\/p>\n\n\n\n<p class=\"has-medium-font-size\">(D) Avan\u00e7os tecnol\u00f3gicos.<\/p>\n\n\n\n<p class=\"has-black-color has-text-color has-background\" style=\"background-color:#949799\"><strong>QUEST\u00c3O 3<\/strong><\/p>\n\n\n\n<p class=\"has-medium-font-size\">Na sua opini\u00e3o, qual \u00e9 o papel da fotografia na preserva\u00e7\u00e3o da mem\u00f3ria coletiva e individual? Voc\u00ea acha que a fotografia pode ajudar a construir uma identidade cultural?<\/p>\n\n\n\n<p class=\"has-black-color has-text-color has-background\" style=\"background-color:#949799\"><strong>QUEST\u00c3O 4<\/strong><\/p>\n\n\n\n<p class=\"has-medium-font-size\">Considerando a evolu\u00e7\u00e3o da tecnologia e a populariza\u00e7\u00e3o das c\u00e2meras digitais e smartphones, como voc\u00ea v\u00ea o impacto dessa democratiza\u00e7\u00e3o da fotografia no campo art\u00edstico e na forma como compartilhamos nossas experi\u00eancias visuais?<\/p>\n\n\n\n<figure class=\"wp-block-table has-medium-font-size\"><table><tbody><tr><td><strong>Autoria<\/strong><\/td><td>Veruska Bettiol<\/td><\/tr><tr><td><strong>Forma\u00e7\u00e3o <\/strong><\/td><td>Artes Visuais<\/td><\/tr><tr><td><strong>Componente Curricular<\/strong><\/td><td>Arte\/Artes Visuais<\/td><\/tr><tr><td><strong>Habilidade<\/strong><\/td><td>(GO-EF09AR01-A) Apontar, relacionar, compreender criticamente as formas distintas das artes visuais tradicionais e contempor\u00e2neas, locais, regionais, nacionais e universais, desenvolvendo a percep\u00e7\u00e3o, o imagin\u00e1rio, o pensamento cr\u00edtico, a interpreta\u00e7\u00e3o, a capacidade de simbolizar e valorizar o repert\u00f3rio imag\u00e9tico pessoal e do cotidiano, em contextos diversos.<\/td><\/tr><tr><td><strong>Refer\u00eancias<\/strong><\/td><td><strong>BIANCO<\/strong>, Bela Feldman &amp; LEITE, Miriam M. Desafios da Imagem. Campinas: Papirus Ed., 1998.<br><strong>COSTA<\/strong>, Helouise. A Fotografia Moderna no Brasil. Rio de Janeiro: FUNARTE, 1995.<br><strong>SONTAG<\/strong>, Susan. Sobre fotografia. S\u00e3o Paulo: Companhia das Letras, 2004.<\/td><\/tr><\/tbody><\/table><\/figure>\n","protected":false},"author":62,"featured_media":166103,"template":"","ef_categoria":[16,32],"ef_ano":[92],"ef_componente":[99],"class_list":["post-166096","ensino_fundamental","type-ensino_fundamental","status-publish","has-post-thumbnail","hentry","ef_categoria-ciclo-da-adolescencia-hi","ef_categoria-corpo-e-movimento-ciclo-da-adolescencia-hi","ef_ano-9o-ano","ef_componente-arte-ef","entry","has-media"],"acf":[],"_links":{"self":[{"href":"https:\/\/sme.goiania.go.gov.br\/conexaoescola\/wp-json\/wp\/v2\/ensino_fundamental\/166096","targetHints":{"allow":["GET"]}}],"collection":[{"href":"https:\/\/sme.goiania.go.gov.br\/conexaoescola\/wp-json\/wp\/v2\/ensino_fundamental"}],"about":[{"href":"https:\/\/sme.goiania.go.gov.br\/conexaoescola\/wp-json\/wp\/v2\/types\/ensino_fundamental"}],"author":[{"embeddable":true,"href":"https:\/\/sme.goiania.go.gov.br\/conexaoescola\/wp-json\/wp\/v2\/users\/62"}],"version-history":[{"count":4,"href":"https:\/\/sme.goiania.go.gov.br\/conexaoescola\/wp-json\/wp\/v2\/ensino_fundamental\/166096\/revisions"}],"predecessor-version":[{"id":181191,"href":"https:\/\/sme.goiania.go.gov.br\/conexaoescola\/wp-json\/wp\/v2\/ensino_fundamental\/166096\/revisions\/181191"}],"wp:featuredmedia":[{"embeddable":true,"href":"https:\/\/sme.goiania.go.gov.br\/conexaoescola\/wp-json\/wp\/v2\/media\/166103"}],"wp:attachment":[{"href":"https:\/\/sme.goiania.go.gov.br\/conexaoescola\/wp-json\/wp\/v2\/media?parent=166096"}],"wp:term":[{"taxonomy":"ef_categoria","embeddable":true,"href":"https:\/\/sme.goiania.go.gov.br\/conexaoescola\/wp-json\/wp\/v2\/ef_categoria?post=166096"},{"taxonomy":"ef_ano","embeddable":true,"href":"https:\/\/sme.goiania.go.gov.br\/conexaoescola\/wp-json\/wp\/v2\/ef_ano?post=166096"},{"taxonomy":"ef_componente","embeddable":true,"href":"https:\/\/sme.goiania.go.gov.br\/conexaoescola\/wp-json\/wp\/v2\/ef_componente?post=166096"}],"curies":[{"name":"wp","href":"https:\/\/api.w.org\/{rel}","templated":true}]}}