{"id":165690,"date":"2023-06-28T16:08:45","date_gmt":"2023-06-28T19:08:45","guid":{"rendered":"https:\/\/sme.goiania.go.gov.br\/conexaoescola\/?post_type=ensino_fundamental&#038;p=165690"},"modified":"2023-06-28T16:18:26","modified_gmt":"2023-06-28T19:18:26","slug":"lingua-portuguesa-cordeis","status":"publish","type":"ensino_fundamental","link":"https:\/\/sme.goiania.go.gov.br\/conexaoescola\/ensino_fundamental\/lingua-portuguesa-cordeis\/","title":{"rendered":"L\u00edngua Portuguesa &#8211; Cord\u00e9is"},"content":{"rendered":"\n<p class=\"has-background has-medium-font-size\" style=\"background-color:#deeff9\">Esta proposta de atividade de<strong>\u00a0L\u00edngua Portuguesa<\/strong>\u00a0\u00e9 destinada aos estudantes do 3\u00ba ano do Ensino Fundamental anos iniciais.<\/p>\n\n\n\n<div class=\"wp-block-buttons is-content-justification-center is-layout-flex wp-container-core-buttons-is-layout-16018d1d wp-block-buttons-is-layout-flex\">\n<div class=\"wp-block-button\"><a class=\"wp-block-button__link wp-element-button\" href=\"https:\/\/drive.google.com\/uc?export=download&amp;id=19fWJyCz95qwf3WuRL4A9woDO-jDF6HUJ\" target=\"_blank\" rel=\"noreferrer noopener\">Baixe a atividade<\/a><\/div>\n\n\n\n<div class=\"wp-block-button\"><a class=\"wp-block-button__link wp-element-button\" href=\"https:\/\/drive.google.com\/uc?export=download&amp;id=1OLGBUoDjlc_7jwDFq2BnQ_YeR7O2P5Bl\" target=\"_blank\" rel=\"noreferrer noopener\">Baixe os slides<\/a><\/div>\n\n\n\n<div class=\"wp-block-button\"><a class=\"wp-block-button__link wp-element-button\" href=\"https:\/\/drive.google.com\/uc?export=download&amp;id=1l0AYcRz3vjmm9uWxXzBZ1bhCz2ozEkOA\" target=\"_blank\" rel=\"noreferrer noopener\">Baixe o texto<\/a><\/div>\n<\/div>\n\n\n\n<p><\/p>\n\n\n<div class=\"wp-block-image\">\n<figure class=\"aligncenter size-full is-resized\"><img fetchpriority=\"high\" decoding=\"async\" src=\"https:\/\/sme.goiania.go.gov.br\/conexaoescola\/wp-content\/uploads\/2023\/06\/1-20-e1687978686667.jpg\" alt=\"\" class=\"wp-image-165691\" width=\"328\" height=\"389\"\/><figcaption class=\"wp-element-caption\">Dispon\u00edvel em: &lt;https:\/\/www.canva.com>. Acesso em: 28, fev. 23<\/figcaption><\/figure><\/div>\n\n\n<p class=\"has-text-align-center has-background has-medium-font-size\" style=\"background-color:#deeff9\"><strong>Cord\u00e9is<\/strong><\/p>\n\n\n\n<p class=\"has-medium-font-size\">Ol\u00e1 estudantes!<\/p>\n\n\n\n<p class=\"has-medium-font-size\">O que voc\u00eas sabem sobre cord\u00e9is?<\/p>\n\n\n<div class=\"wp-block-image\">\n<figure class=\"aligncenter size-full is-resized\"><img decoding=\"async\" src=\"https:\/\/sme.goiania.go.gov.br\/conexaoescola\/wp-content\/uploads\/2023\/06\/1-21-e1687978939740.jpg\" alt=\"\" class=\"wp-image-165693\" width=\"438\" height=\"315\" srcset=\"https:\/\/sme.goiania.go.gov.br\/conexaoescola\/wp-content\/uploads\/2023\/06\/1-21-e1687978939740.jpg 379w, https:\/\/sme.goiania.go.gov.br\/conexaoescola\/wp-content\/uploads\/2023\/06\/1-21-e1687978939740-300x216.jpg 300w\" sizes=\"(max-width: 438px) 100vw, 438px\" \/><figcaption class=\"wp-element-caption\">Dispon\u00edvel em: &lt;https:\/\/br.freepik.com\/vetores-gratis\/um-menino-sentado-no-chao-e-lendo-um-livro_24467390.htm#query=crian%C3%A7a%20lendo%20desenho&amp;position=1&amp;from_view=search&amp;track=ais>. Acesso em: 28, fev. 23<\/figcaption><\/figure><\/div>\n\n\n<p class=\"has-medium-font-size\">O cordel \u00e9 um g\u00eanero liter\u00e1rio popular que veio do Nordeste do Brasil.<\/p>\n\n\n\n<p class=\"has-medium-font-size\">\u00c9 uma forma de poesia com versos rimados e m\u00e9trica regular, que apresentam hist\u00f3rias e transmitem conhecimentos.<\/p>\n\n\n\n<p class=\"has-medium-font-size\">Os cord\u00e9is s\u00e3o impressos em folhetos de papel, geralmente ilustrados, e s\u00e3o vendidos em feiras e eventos culturais.<\/p>\n\n\n\n<p class=\"has-medium-font-size\">\u00c9 uma forma de express\u00e3o art\u00edstica que valoriza a oralidade, a rima e a musicalidade.<\/p>\n\n\n<div class=\"wp-block-image\">\n<figure class=\"aligncenter size-full is-resized\"><img decoding=\"async\" src=\"https:\/\/sme.goiania.go.gov.br\/conexaoescola\/wp-content\/uploads\/2023\/06\/1-22-e1687979042407.jpg\" alt=\"\" class=\"wp-image-165694\" width=\"310\" height=\"316\"\/><figcaption class=\"wp-element-caption\">Dispon\u00edvel em: &lt;https:\/\/www.canva.com>. Acesso em: 28, fev. 23<\/figcaption><\/figure><\/div>\n\n\n<p class=\"has-medium-font-size\">O termo &#8220;cordel&#8221; tem origem em Portugal e deriva do costume de pendurar os folhetos com cord\u00f5es para a venda. Esses folhetos s\u00e3o escritos por cordelistas, que s\u00e3o poetas populares.<\/p>\n\n\n\n<p class=\"has-medium-font-size\">O g\u00eanero textual cordel possui algumas caracter\u00edsticas importantes:<\/p>\n\n\n\n<ul class=\"wp-block-list\">\n<li class=\"has-medium-font-size\">Versos rimados;<\/li>\n\n\n\n<li class=\"has-medium-font-size\">Possuem um n\u00famero espec\u00edfico de s\u00edlabas po\u00e9ticas em cada linha;<\/li>\n\n\n\n<li class=\"has-medium-font-size\">Linguagem acess\u00edvel;<\/li>\n\n\n\n<li class=\"has-medium-font-size\">Temas variados;<\/li>\n\n\n\n<li class=\"has-medium-font-size\">Frequentemente recitado ou cantado;<\/li>\n\n\n\n<li class=\"has-medium-font-size\">Os folhetos de cordel costumam ser ilustrados com desenhos coloridos.<\/li>\n<\/ul>\n\n\n\n<p class=\"has-medium-font-size\">Veja o cordel seguinte:<\/p>\n\n\n\n<figure class=\"wp-block-image size-full is-resized\"><img loading=\"lazy\" decoding=\"async\" src=\"https:\/\/sme.goiania.go.gov.br\/conexaoescola\/wp-content\/uploads\/2023\/06\/1-23-e1687979178162.jpg\" alt=\"\" class=\"wp-image-165695\" width=\"841\" height=\"605\" srcset=\"https:\/\/sme.goiania.go.gov.br\/conexaoescola\/wp-content\/uploads\/2023\/06\/1-23-e1687979178162.jpg 616w, https:\/\/sme.goiania.go.gov.br\/conexaoescola\/wp-content\/uploads\/2023\/06\/1-23-e1687979178162-300x216.jpg 300w\" sizes=\"(max-width: 841px) 100vw, 841px\" \/><\/figure>\n\n\n\n<figure class=\"wp-block-image size-full is-resized\"><img loading=\"lazy\" decoding=\"async\" src=\"https:\/\/sme.goiania.go.gov.br\/conexaoescola\/wp-content\/uploads\/2023\/06\/1-24-e1687979239193.jpg\" alt=\"\" class=\"wp-image-165696\" width=\"856\" height=\"633\" srcset=\"https:\/\/sme.goiania.go.gov.br\/conexaoescola\/wp-content\/uploads\/2023\/06\/1-24-e1687979239193.jpg 638w, https:\/\/sme.goiania.go.gov.br\/conexaoescola\/wp-content\/uploads\/2023\/06\/1-24-e1687979239193-300x222.jpg 300w\" sizes=\"(max-width: 856px) 100vw, 856px\" \/><figcaption class=\"wp-element-caption\">Dispon\u00edvel em: &lt;https:\/\/br.freepik.com\/vetores-gratis\/bandeira-de-sinal-de-madeira-vazia-isolada_24467455.htm#query=BORDA%20MADEIRA&amp;position=25&amp;from_view=search&amp;track=ais>. Acesso em: 28, de junho de 23.<\/figcaption><\/figure>\n\n\n\n<p class=\"has-text-align-center has-background has-medium-font-size\" style=\"background-color:#deeff9\"><strong>Atividades<\/strong><\/p>\n\n\n\n<p class=\"has-medium-font-size\">1- O cordel \u00e9 um g\u00eanero liter\u00e1rio popular que veio do Nordeste do Brasil. Marque sobre as&nbsp; caracter\u00edsticas dos cord\u00e9is:<\/p>\n\n\n\n<p class=\"has-medium-font-size\">(A) S\u00e3o textos sem rima.<\/p>\n\n\n\n<p class=\"has-medium-font-size\">(B) Apresentam uma linguagem complexa.<\/p>\n\n\n\n<p class=\"has-medium-font-size\">(C) S\u00e3o textos que n\u00e3o exploram a oralidade.<\/p>\n\n\n\n<p class=\"has-medium-font-size\">(D) Abordam sempre hist\u00f3rias de lutas.<\/p>\n\n\n\n<p class=\"has-medium-font-size\">(E) S\u00e3o textos que frequentemente s\u00e3o recitados ou cantados.<\/p>\n\n\n\n<hr class=\"wp-block-separator has-alpha-channel-opacity\"\/>\n\n\n\n<p class=\"has-medium-font-size\">2- Sobre o g\u00eanero textual cordel, fa\u00e7a a leitura de cada alternativa, pense e depois assinale a resposta correta:<\/p>\n\n\n\n<p class=\"has-medium-font-size\">I- O cordelista \u00e9 um poeta popular.<\/p>\n\n\n\n<p class=\"has-medium-font-size\">II- O termo &#8220;cordel&#8221; tem origem na Espanha.<\/p>\n\n\n\n<p class=\"has-medium-font-size\">III- O cordel \u00e9 um g\u00eanero liter\u00e1rio popular que veio do Nordeste do Brasil<\/p>\n\n\n\n<p><\/p>\n\n\n\n<p class=\"has-medium-font-size\">(A) Apenas a afirmativa I est\u00e1 correta.<\/p>\n\n\n\n<p class=\"has-medium-font-size\">(B) Apenas a afirmativa II est\u00e1 correta.<\/p>\n\n\n\n<p class=\"has-medium-font-size\">(C) Apenas a afirmativa III est\u00e1 correta.<\/p>\n\n\n\n<p class=\"has-medium-font-size\">(D) As afirmativas I, II e III est\u00e3o corretas.<\/p>\n\n\n\n<p class=\"has-medium-font-size\">(E) A afirmativa II est\u00e1 errada.<\/p>\n\n\n\n<hr class=\"wp-block-separator has-alpha-channel-opacity\"\/>\n\n\n\n<p class=\"has-medium-font-size\">3- Leia o cordel a seguir e responda:<\/p>\n\n\n\n<figure class=\"wp-block-image size-full is-resized\"><img loading=\"lazy\" decoding=\"async\" src=\"https:\/\/sme.goiania.go.gov.br\/conexaoescola\/wp-content\/uploads\/2023\/06\/1-23-e1687979178162.jpg\" alt=\"\" class=\"wp-image-165695\" width=\"807\" height=\"580\" srcset=\"https:\/\/sme.goiania.go.gov.br\/conexaoescola\/wp-content\/uploads\/2023\/06\/1-23-e1687979178162.jpg 616w, https:\/\/sme.goiania.go.gov.br\/conexaoescola\/wp-content\/uploads\/2023\/06\/1-23-e1687979178162-300x216.jpg 300w\" sizes=\"(max-width: 807px) 100vw, 807px\" \/><\/figure>\n\n\n\n<figure class=\"wp-block-image size-full is-resized\"><img loading=\"lazy\" decoding=\"async\" src=\"https:\/\/sme.goiania.go.gov.br\/conexaoescola\/wp-content\/uploads\/2023\/06\/1-24-e1687979239193.jpg\" alt=\"\" class=\"wp-image-165696\" width=\"794\" height=\"587\" srcset=\"https:\/\/sme.goiania.go.gov.br\/conexaoescola\/wp-content\/uploads\/2023\/06\/1-24-e1687979239193.jpg 638w, https:\/\/sme.goiania.go.gov.br\/conexaoescola\/wp-content\/uploads\/2023\/06\/1-24-e1687979239193-300x222.jpg 300w\" sizes=\"(max-width: 794px) 100vw, 794px\" \/><\/figure>\n\n\n\n<p class=\"has-medium-font-size\">a) Qual o assunto tratado no texto?<\/p>\n\n\n\n<figure class=\"wp-block-table is-style-regular\"><table><tbody><tr><td><br><\/td><\/tr><\/tbody><\/table><\/figure>\n\n\n\n<p class=\"has-medium-font-size\">b) Quantos versos o texto possui?<\/p>\n\n\n\n<figure class=\"wp-block-table is-style-regular\"><table><tbody><tr><td><br><\/td><\/tr><\/tbody><\/table><\/figure>\n\n\n\n<p class=\"has-medium-font-size\">c) Segundo o texto, quem \u00e9 Lampi\u00e3o?<\/p>\n\n\n\n<figure class=\"wp-block-table is-style-regular\"><table><tbody><tr><td><br><\/td><\/tr><\/tbody><\/table><\/figure>\n\n\n\n<hr class=\"wp-block-separator has-alpha-channel-opacity\"\/>\n\n\n\n<p class=\"has-medium-font-size\">4- Retire do cordel apresentado no exerc\u00edcio anterior, todas as palavras que voc\u00ea n\u00e3o conhece, procure no dicion\u00e1rio o significado de cada uma e registre:<\/p>\n\n\n\n<figure class=\"wp-block-table is-style-regular\"><table><tbody><tr><td class=\"has-text-align-center\" data-align=\"center\"><strong>Palavra:&nbsp;<\/strong><\/td><td class=\"has-text-align-center\" data-align=\"center\"><strong>Significado:&nbsp;<\/strong><\/td><\/tr><tr><td class=\"has-text-align-center\" data-align=\"center\"><br><\/td><td class=\"has-text-align-center\" data-align=\"center\"><\/td><\/tr><tr><td class=\"has-text-align-center\" data-align=\"center\"><br><\/td><td class=\"has-text-align-center\" data-align=\"center\"><\/td><\/tr><tr><td class=\"has-text-align-center\" data-align=\"center\"><br><\/td><td class=\"has-text-align-center\" data-align=\"center\"><\/td><\/tr><tr><td class=\"has-text-align-center\" data-align=\"center\"><br><\/td><td class=\"has-text-align-center\" data-align=\"center\"><\/td><\/tr><tr><td class=\"has-text-align-center\" data-align=\"center\"><br><\/td><td class=\"has-text-align-center\" data-align=\"center\"><\/td><\/tr><tr><td class=\"has-text-align-center\" data-align=\"center\"><br><\/td><td class=\"has-text-align-center\" data-align=\"center\"><\/td><\/tr><tr><td class=\"has-text-align-center\" data-align=\"center\"><br><\/td><td class=\"has-text-align-center\" data-align=\"center\"><\/td><\/tr><tr><td class=\"has-text-align-center\" data-align=\"center\"><br><\/td><td class=\"has-text-align-center\" data-align=\"center\"><\/td><\/tr><\/tbody><\/table><\/figure>\n\n\n\n<hr class=\"wp-block-separator has-alpha-channel-opacity\"\/>\n\n\n\n<figure class=\"wp-block-table is-style-stripes\"><table><tbody><tr><td><strong>Autoria:<\/strong><\/td><td>Gabriele Leandro Dias<\/td><\/tr><tr><td><strong>Forma\u00e7\u00e3o:&nbsp;<\/strong><\/td><td>Pedagogia\/ Psicologia<\/td><\/tr><tr><td><strong>Componente Curricular:<\/strong><\/td><td>L\u00edngua Portuguesa<\/td><\/tr><tr><td><strong>Habilidades:<\/strong><\/td><td>(GO-EF35LP32) Ler contos populares, utilizando diferentes estrat\u00e9gias de leitura como mecanismos de interpreta\u00e7\u00e3o de textos: formula\u00e7\u00e3o de hip\u00f3teses (antecipa\u00e7\u00e3o e infer\u00eancia); verifica\u00e7\u00e3o de hip\u00f3teses (sele\u00e7\u00e3o e checagem);<br>(EF35LP26) Ler e compreender, com certa autonomia, narrativas ficcionais que apresentem cen\u00e1rios e personagens, observando os elementos da estrutura narrativa: enredo, tempo, espa\u00e7o, personagens, narrador e a constru\u00e7\u00e3o do discurso indireto e discurso direto.<\/td><\/tr><tr><td><strong>Refer\u00eancias:&nbsp;<\/strong><\/td><td>2020. Documento Curricular para Goi\u00e1s (DC-GO). Goi\u00e2nia\/GO: CONSED\/ UNDIME Goi\u00e1s, 2018. Dispon\u00edvel em: https:\/\/cee.go.gov.br<br>GOI\u00c2NIA. Secretaria Municipal de Educa\u00e7\u00e3o. Aprender sempre. 3\u00b0. Ano &#8211; Ensino Fundamental; L\u00edngua Portuguesa e Matem\u00e1tica; 2\u00b0. Bimestre; Goi\u00e2nia, 2023.<br>Projeto Buriti. Portugu\u00eas. (Cole\u00e7\u00e3o do 2\u00ba ao 5\u00ba ano). S\u00e3o Paulo: Moderna, 2017.<\/td><\/tr><\/tbody><\/table><\/figure>\n","protected":false},"author":45,"featured_media":165691,"template":"","ef_categoria":[30],"ef_ano":[86],"ef_componente":[93],"class_list":["post-165690","ensino_fundamental","type-ensino_fundamental","status-publish","has-post-thumbnail","hentry","ef_categoria-etica-e-cidadania-ciclo-da-adolescencia-fg","ef_ano-3o-ano","ef_componente-portugues","entry","has-media"],"acf":[],"_links":{"self":[{"href":"https:\/\/sme.goiania.go.gov.br\/conexaoescola\/wp-json\/wp\/v2\/ensino_fundamental\/165690","targetHints":{"allow":["GET"]}}],"collection":[{"href":"https:\/\/sme.goiania.go.gov.br\/conexaoescola\/wp-json\/wp\/v2\/ensino_fundamental"}],"about":[{"href":"https:\/\/sme.goiania.go.gov.br\/conexaoescola\/wp-json\/wp\/v2\/types\/ensino_fundamental"}],"author":[{"embeddable":true,"href":"https:\/\/sme.goiania.go.gov.br\/conexaoescola\/wp-json\/wp\/v2\/users\/45"}],"version-history":[{"count":10,"href":"https:\/\/sme.goiania.go.gov.br\/conexaoescola\/wp-json\/wp\/v2\/ensino_fundamental\/165690\/revisions"}],"predecessor-version":[{"id":165711,"href":"https:\/\/sme.goiania.go.gov.br\/conexaoescola\/wp-json\/wp\/v2\/ensino_fundamental\/165690\/revisions\/165711"}],"wp:featuredmedia":[{"embeddable":true,"href":"https:\/\/sme.goiania.go.gov.br\/conexaoescola\/wp-json\/wp\/v2\/media\/165691"}],"wp:attachment":[{"href":"https:\/\/sme.goiania.go.gov.br\/conexaoescola\/wp-json\/wp\/v2\/media?parent=165690"}],"wp:term":[{"taxonomy":"ef_categoria","embeddable":true,"href":"https:\/\/sme.goiania.go.gov.br\/conexaoescola\/wp-json\/wp\/v2\/ef_categoria?post=165690"},{"taxonomy":"ef_ano","embeddable":true,"href":"https:\/\/sme.goiania.go.gov.br\/conexaoescola\/wp-json\/wp\/v2\/ef_ano?post=165690"},{"taxonomy":"ef_componente","embeddable":true,"href":"https:\/\/sme.goiania.go.gov.br\/conexaoescola\/wp-json\/wp\/v2\/ef_componente?post=165690"}],"curies":[{"name":"wp","href":"https:\/\/api.w.org\/{rel}","templated":true}]}}