{"id":165427,"date":"2023-06-22T14:44:57","date_gmt":"2023-06-22T17:44:57","guid":{"rendered":"https:\/\/sme.goiania.go.gov.br\/conexaoescola\/?post_type=ensino_fundamental&#038;p=165427"},"modified":"2024-03-21T08:37:55","modified_gmt":"2024-03-21T11:37:55","slug":"matematica-leitura-escrita-e-ordenacao-de-numeros-racionais-em-sua-representacao-decimal","status":"publish","type":"ensino_fundamental","link":"https:\/\/sme.goiania.go.gov.br\/conexaoescola\/ensino_fundamental\/matematica-leitura-escrita-e-ordenacao-de-numeros-racionais-em-sua-representacao-decimal\/","title":{"rendered":"Matem\u00e1tica &#8211; Leitura, escrita e ordena\u00e7\u00e3o de n\u00fameros racionais em sua representa\u00e7\u00e3o decimal"},"content":{"rendered":"\n<p class=\"has-black-color has-text-color has-background has-medium-font-size\" style=\"background-color:#7bdbb580\">Esta proposta de atividade de&nbsp;<strong>Matem\u00e1tica<\/strong>&nbsp;com base no DC\/GO \u2013 Ampliado e&nbsp;\u00e9 destinada aos estudantes do&nbsp;<strong>6\u00b0 Ano do Ensino Fundamental<\/strong> &#8211;&nbsp;<strong>Anos Finais<\/strong>.<\/p>\n\n\n\n<div class=\"wp-block-buttons is-content-justification-center is-layout-flex wp-container-core-buttons-is-layout-51f7783f wp-block-buttons-is-layout-flex\">\n<div class=\"wp-block-button has-custom-font-size has-medium-font-size\"><a class=\"wp-block-button__link wp-element-button\" href=\"https:\/\/drive.google.com\/uc?export=download&amp;id=1S0jVkRgDdYUbdYPSY5qZaqqYxo4B41G8\" target=\"_blank\" rel=\"noreferrer noopener\">BAIXE A ATIVIDADE<\/a><\/div>\n\n\n\n<div class=\"wp-block-button has-custom-font-size has-medium-font-size\"><a class=\"wp-block-button__link wp-element-button\" href=\"https:\/\/drive.google.com\/uc?export=download&amp;id=189JKG1u8CC2dDfsKGZe7tyzbbos_xiR5\" target=\"_blank\" rel=\"noreferrer noopener\">BAIXE OS  SLIDES<\/a><\/div>\n\n\n\n<div class=\"wp-block-button has-custom-font-size has-medium-font-size\"><a class=\"wp-block-button__link wp-element-button\" href=\"https:\/\/drive.google.com\/uc?export=download&amp;id=1ldBKGZ6HearN51gbRJsfFQM-6MOGBEyk\" target=\"_blank\" rel=\"noreferrer noopener\">BAIXE O TEXTO<\/a><\/div>\n<\/div>\n\n\n\n<hr class=\"wp-block-separator has-alpha-channel-opacity\"\/>\n\n\n<div class=\"wp-block-image is-style-rounded\">\n<figure class=\"aligncenter size-large\"><img fetchpriority=\"high\" decoding=\"async\" width=\"1024\" height=\"724\" src=\"https:\/\/sme.goiania.go.gov.br\/conexaoescola\/wp-content\/uploads\/2023\/06\/image-117-1024x724.png\" alt=\"\" class=\"wp-image-165429\" srcset=\"https:\/\/sme.goiania.go.gov.br\/conexaoescola\/wp-content\/uploads\/2023\/06\/image-117-1024x724.png 1024w, https:\/\/sme.goiania.go.gov.br\/conexaoescola\/wp-content\/uploads\/2023\/06\/image-117-300x212.png 300w, https:\/\/sme.goiania.go.gov.br\/conexaoescola\/wp-content\/uploads\/2023\/06\/image-117-768x543.png 768w, https:\/\/sme.goiania.go.gov.br\/conexaoescola\/wp-content\/uploads\/2023\/06\/image-117.png 1280w\" sizes=\"(max-width: 1024px) 100vw, 1024px\" \/><\/figure><\/div>\n\n\n<p class=\"has-text-align-center has-small-font-size\">Dispon\u00edvel em: &lt;<a href=\"https:\/\/pixabay.com\/pt\/illustrations\/pagar-d%C3%ADgito-n%C3%BAmero-abund%C3%A2ncia-1036469\/\">Pagar D\u00edgito N\u00famero &#8211; Imagens gr\u00e1tis no Pixabay &#8211; Pixabay<\/a>&gt; \u00faltimo acesso em 12 de mar\u00e7o de 2023.<\/p>\n\n\n\n<div class=\"wp-block-group\"><div class=\"wp-block-group__inner-container is-layout-constrained wp-block-group-is-layout-constrained\">\n<div class=\"wp-block-group has-medium-font-size\"><div class=\"wp-block-group__inner-container is-layout-constrained wp-block-group-is-layout-constrained\">\n<p class=\"has-text-align-left has-black-color has-text-color has-medium-font-size\">A leitura de n\u00fameros racionais na forma decimal \u00e9 uma habilidade essencial no contexto matem\u00e1tico e no dia a dia. Ao compreender e dominar essa habilidade, somos capazes de interpretar e expressar quantidades racionais com precis\u00e3o.<\/p>\n\n\n\n<p class=\"has-text-align-left has-black-color has-text-color has-medium-font-size\">Ao ler um n\u00famero racional na forma decimal, \u00e9 importante compreender a rela\u00e7\u00e3o entre as posi\u00e7\u00f5es ocupadas pelos algarismos e os valores que eles representam. O sistema de numera\u00e7\u00e3o decimal \u00e9 baseado em pot\u00eancias de 10, e cada posi\u00e7\u00e3o \u00e0 direita da v\u00edrgula possui um valor 10 vezes menor que a anterior.<\/p>\n\n\n\n<p class=\"has-text-align-left has-black-color has-text-color has-medium-font-size\">Para iniciar a leitura de um n\u00famero racional na forma decimal, primeiramente identificamos a parte inteira, que compreende os algarismos \u00e0 esquerda da v\u00edrgula. Por exemplo, no n\u00famero <strong>123,45<\/strong>, a parte inteira \u00e9 &#8220;<strong>123<\/strong>&#8220;. Em seguida, \u00e9 necess\u00e1rio interpretar a parte decimal, que se encontra \u00e0 direita da v\u00edrgula. No exemplo citado, a parte decimal \u00e9 &#8220;<strong>45<\/strong>&#8220;.<\/p>\n\n\n\n<p class=\"has-text-align-left has-black-color has-text-color has-medium-font-size\">Para ler a parte decimal, consideramos a rela\u00e7\u00e3o entre as posi\u00e7\u00f5es ocupadas pelos algarismos e seu valor. A primeira casa decimal representa d\u00e9cimos, a segunda casa representa cent\u00e9simos, a terceira casa representa mil\u00e9simos e assim por diante. No caso de <strong>123,45<\/strong>, o &#8220;<strong>4<\/strong>&#8221; representa quatro d\u00e9cimos e o &#8220;<strong>5<\/strong>&#8221; representa cinco cent\u00e9simos.<\/p>\n\n\n\n<p class=\"has-text-align-left has-black-color has-text-color has-medium-font-size\">Ao fazer a leitura completa, combinamos a parte inteira e a parte decimal, utilizando a palavra &#8220;e&#8221; para representar a separa\u00e7\u00e3o entre ambas. No exemplo mencionado, o n\u00famero <strong>123,45<\/strong> pode ser lido como &#8220;cento e vinte e tr\u00eas inteiros e quarenta e cinco cent\u00e9simos&#8221;. <\/p>\n\n\n\n<p class=\"has-text-align-left has-black-color has-text-color has-medium-font-size\">Vejamos outro exemplo:  <\/p>\n\n\n\n<p class=\"has-text-align-left has-black-color has-text-color has-medium-font-size\">Vamos considerar o n\u00famero racional <strong>0,0076<\/strong> e realizar sua leitura na forma decimal.<\/p>\n\n\n\n<p class=\"has-text-align-left has-black-color has-text-color has-medium-font-size\">Para iniciar a leitura, identificamos a parte inteira, que neste caso \u00e9 zero, pois n\u00e3o h\u00e1 algarismos \u00e0 esquerda da v\u00edrgula. Em seguida, passamos para a parte decimal.<\/p>\n\n\n\n<p class=\"has-text-align-left has-black-color has-text-color has-medium-font-size\">A primeira casa decimal \u00e0 direita da v\u00edrgula representa d\u00e9cimos, a segunda casa representa cent\u00e9simos e a terceira casa representa mil\u00e9simos.<\/p>\n\n\n\n<p class=\"has-text-align-left has-black-color has-text-color has-medium-font-size\">No n\u00famero 0,0076, o &#8220;7&#8221; representa sete mil\u00e9simos e o &#8220;6&#8221; representa seis d\u00e9cimos de mil\u00e9simos.<\/p>\n\n\n\n<p class=\"has-text-align-left has-black-color has-text-color has-medium-font-size\">Ao fazer a leitura completa, combinamos a parte inteira e a parte decimal, utilizando a palavra &#8220;e&#8221; para representar a separa\u00e7\u00e3o entre ambas. Nesse caso, o n\u00famero 0,0076 pode ser lido como &#8220;zero inteiros e sete mil\u00e9simos e seis d\u00e9cimos de mil\u00e9simos&#8221;.<\/p>\n\n\n\n<p class=\"has-text-align-left has-black-color has-text-color has-medium-font-size\">Dominar a leitura de n\u00fameros racionais na forma decimal \u00e9 fundamental para interpretar informa\u00e7\u00f5es quantitativas em diferentes contextos, como nas ci\u00eancias, economia, estat\u00edstica e at\u00e9 mesmo em situa\u00e7\u00f5es cotidianas, como lidar com dinheiro, medidas e porcentagens.<\/p>\n\n\n\n<p class=\"has-text-align-left has-black-color has-text-color has-medium-font-size\"><strong>Reta num\u00e9rica:<\/strong> <\/p>\n\n\n\n<p class=\"has-text-align-left has-black-color has-text-color has-medium-font-size\">Marcar um n\u00famero racional na forma decimal na reta num\u00e9rica pode ser feito de forma simples e visual. Vamos considerar o n\u00famero racional 0,5 como exemplo.<\/p>\n\n\n\n<ol class=\"wp-block-list\">\n<li class=\"has-medium-font-size\">Comece desenhando uma linha reta horizontal, que ser\u00e1 a sua reta num\u00e9rica.<\/li>\n\n\n\n<li class=\"has-medium-font-size\">Marque um ponto inicial na linha e atribua a ele o valor zero.<\/li>\n\n\n\n<li class=\"has-medium-font-size\">Identifique uma unidade de medida adequada para a sua reta num\u00e9rica, por exemplo, 1 cent\u00edmetro representa 0,1 na reta num\u00e9rica.<\/li>\n\n\n\n<li class=\"has-medium-font-size\">A partir do ponto zero, avance 5 unidades de medida na dire\u00e7\u00e3o positiva da reta num\u00e9rica.<\/li>\n\n\n\n<li class=\"has-medium-font-size\">Marque um ponto nessa posi\u00e7\u00e3o correspondente a 0,5.<\/li>\n<\/ol>\n\n\n\n<p class=\"has-black-color has-text-color has-medium-font-size\">Agora voc\u00ea tem o n\u00famero 0,5 representado na reta num\u00e9rica. Visualmente, voc\u00ea pode observar que ele est\u00e1 localizado entre o zero e o n\u00famero 1, e \u00e9 exatamente no meio do caminho entre esses dois pontos.<\/p>\n\n\n<div class=\"wp-block-image is-style-default\">\n<figure class=\"aligncenter size-full\"><img decoding=\"async\" width=\"502\" height=\"137\" src=\"https:\/\/sme.goiania.go.gov.br\/conexaoescola\/wp-content\/uploads\/2023\/06\/image-118.png\" alt=\"\" class=\"wp-image-165435\" srcset=\"https:\/\/sme.goiania.go.gov.br\/conexaoescola\/wp-content\/uploads\/2023\/06\/image-118.png 502w, https:\/\/sme.goiania.go.gov.br\/conexaoescola\/wp-content\/uploads\/2023\/06\/image-118-300x82.png 300w\" sizes=\"(max-width: 502px) 100vw, 502px\" \/><figcaption class=\"wp-element-caption\">Imagem do arquivo pessoal<\/figcaption><\/figure><\/div><\/div><\/div>\n\n\n\n<p class=\"has-black-color has-text-color has-medium-font-size\"><strong>Ordena\u00e7\u00e3o de n\u00fameros racionais na forma decimal: <\/strong><\/p>\n\n\n\n<p class=\"has-black-color has-text-color has-medium-font-size\">Para ordenar n\u00fameros racionais na forma decimal, siga os seguintes passos:<\/p>\n\n\n\n<ol class=\"wp-block-list\">\n<li class=\"has-medium-font-size\">Comece comparando as partes inteiras dos n\u00fameros. Coloque os n\u00fameros em ordem crescente ou decrescente com base em suas partes inteiras. Se as partes inteiras forem iguais, passe para a pr\u00f3xima etapa.<\/li>\n\n\n\n<li class=\"has-medium-font-size\">Em seguida, compare as partes decimais dos n\u00fameros. Comece comparando a casa decimal mais \u00e0 esquerda. Coloque os n\u00fameros em ordem crescente ou decrescente com base nessa casa decimal. Se as casas decimais forem iguais, passe para a pr\u00f3xima casa decimal. Continue comparando e ordenando as casas decimais at\u00e9 que todos os n\u00fameros estejam em ordem.<\/li>\n\n\n\n<li class=\"has-medium-font-size\">Se alguns dos n\u00fameros tiverem casas decimais adicionais, mas outros n\u00e3o, considere que os n\u00fameros sem casas decimais s\u00e3o equivalentes a ter casas decimais zero. Por exemplo, 2,5 \u00e9 o mesmo que 2,500.<\/li>\n\n\n\n<li class=\"has-medium-font-size\">Continue comparando e ordenando as casas decimais at\u00e9 que todos os n\u00fameros estejam em ordem completa, levando em conta todas as casas decimais.<\/li>\n\n\n\n<li class=\"has-medium-font-size\">Utilize os s\u00edmbolos de maior que (&gt;), menor que (&lt;) ou igual a (=) para indicar a rela\u00e7\u00e3o de ordem entre os n\u00fameros. Por exemplo, se tivermos os n\u00fameros 2,35; 2,56 e 2,14, podemos compar\u00e1-los da seguinte forma: 2,14 &lt; 2,35 &lt; 2,56.<\/li>\n\n\n\n<li class=\"has-medium-font-size\">Se alguns dos n\u00fameros tiverem casas decimais adicionais, mas outros n\u00e3o, considere que os n\u00fameros sem casas decimais s\u00e3o equivalentes a ter casas decimais zero. Por exemplo, 2,5 \u00e9 o mesmo que 2,500.<\/li>\n\n\n\n<li class=\"has-medium-font-size\">Continue comparando e ordenando as casas decimais at\u00e9 que todos os n\u00fameros estejam em ordem completa, levando em conta todas as casas decimais.<\/li>\n\n\n\n<li class=\"has-medium-font-size\">Utilize os s\u00edmbolos de maior que (&gt;), menor que (&lt;) ou igual a (=) para indicar a rela\u00e7\u00e3o de ordem entre os n\u00fameros. Por exemplo, se tivermos os n\u00fameros 2,35; 2,56 e 2,14, podemos compar\u00e1-los da seguinte forma: 2,14 &lt; 2,35 &lt; 2,56.<\/li>\n<\/ol>\n\n\n\n<p class=\"has-black-color has-text-color has-medium-font-size\">Ao ordenar n\u00fameros racionais na forma decimal, \u00e9 importante observar tanto as partes inteiras quanto as partes decimais dos n\u00fameros. Essa an\u00e1lise cuidadosa permite que voc\u00ea estabele\u00e7a uma sequ\u00eancia precisa e correta dos n\u00fameros em rela\u00e7\u00e3o \u00e0s suas magnitudes decimais. Lembre-se de realizar as compara\u00e7\u00f5es em cada casa decimal, levando em considera\u00e7\u00e3o os valores num\u00e9ricos presentes.<\/p>\n\n\n\n<p class=\"has-black-color has-text-color has-medium-font-size\">Agora que voc\u00ea estudou sobre leitura, escrita e ordena\u00e7\u00e3o de n\u00fameros racionais em sua representa\u00e7\u00e3o decimal, que tal fazer uma atividade para testar seus conhecimentos?<\/p>\n<\/div><\/div>\n\n\n\n<hr class=\"wp-block-separator has-alpha-channel-opacity\"\/>\n\n\n\n<p class=\"has-black-color has-pale-ocean-gradient-background has-text-color has-background has-medium-font-size\"><strong>QUEST\u00c3O 1<\/strong> <\/p>\n\n\n\n<p class=\"has-black-color has-text-color has-medium-font-size\">Lucas est\u00e1 medindo a temperatura em diferentes momentos do dia e registrou as seguintes leituras: <strong>17,3\u00b0C<\/strong>, <strong>12,45\u00b0C<\/strong>, <strong>18,02\u00b0C<\/strong> e <strong>9,8\u00b0C<\/strong>. Escreva os n\u00fameros em ordem crescente, do menor para o maior e os represente em uma reta num\u00e9rica.<\/p>\n\n\n\n<p class=\"has-black-color has-pale-ocean-gradient-background has-text-color has-background has-medium-font-size\"><strong>QUEST\u00c3O 2<\/strong><\/p>\n\n\n\n<p class=\"has-black-color has-text-color has-medium-font-size\">Na f\u00e1brica de brinquedos, foram produzidos pacotes de figurinhas com as medidas de <strong>5,25<\/strong> por <strong>7,4<\/strong>. A leitura correta desses n\u00fameros \u00e9<\/p>\n\n\n\n<p class=\"has-black-color has-text-color has-medium-font-size\">(A) cinco inteiros e vinte e cinco cent\u00e9simos; sete inteiros e quatro d\u00e9cimos. <\/p>\n\n\n\n<p class=\"has-black-color has-text-color has-medium-font-size\">(B) cinco inteiros e vinte e cinco cent\u00e9simos; sete inteiros e quarenta cent\u00e9simos. <\/p>\n\n\n\n<p class=\"has-black-color has-text-color has-medium-font-size\">(C) cinco inteiros e vinte e cinco mil\u00e9simos; sete inteiros e quatro d\u00e9cimos. <\/p>\n\n\n\n<p class=\"has-black-color has-text-color has-medium-font-size\">(D) cinco inteiros e vinte e cinco mil\u00e9simos; sete inteiros e quarenta cent\u00e9simos.<\/p>\n\n\n\n<p class=\"has-black-color has-pale-ocean-gradient-background has-text-color has-background has-medium-font-size\"><strong>QUEST\u00c3O 3<\/strong><\/p>\n\n\n\n<p class=\"has-black-color has-text-color has-medium-font-size\">Ana est\u00e1 fazendo compras em uma papelaria e registrou os pre\u00e7os de alguns produtos: R$ <strong>5,35<\/strong>; R$ <strong>7,99<\/strong>; R$ <strong>3,15<\/strong> e R$ <strong>6,50<\/strong>. Escreva os pre\u00e7os em ordem crescente, do menor para o maior, e represente-os em uma reta num\u00e9rica<\/p>\n\n\n\n<p class=\"has-black-color has-pale-ocean-gradient-background has-text-color has-background has-medium-font-size\"><strong>QUEST\u00c3O 4<\/strong><\/p>\n\n\n\n<p class=\"has-black-color has-text-color has-medium-font-size\">Um corredor est\u00e1 treinando para uma competi\u00e7\u00e3o de corrida e cronometrou seus tempos em diferentes trechos da pista. Os tempos registrados foram: <strong>12,75<\/strong> segundos; <strong>12,32<\/strong> segundos;<strong> 12,5<\/strong> segundos e <strong>12,7<\/strong> segundos. Desses tempos o menor \u00e9<\/p>\n\n\n\n<p class=\"has-black-color has-text-color has-medium-font-size\">(A)<strong> 12,75<\/strong>. <\/p>\n\n\n\n<p class=\"has-black-color has-text-color has-medium-font-size\">(B) <strong>12,32<\/strong>.<\/p>\n\n\n\n<p class=\"has-black-color has-text-color has-medium-font-size\">(C) <strong>12,5<\/strong>.<\/p>\n\n\n\n<p class=\"has-black-color has-text-color has-medium-font-size\">(D) <strong>12,7<\/strong>.<\/p>\n\n\n\n<p class=\"has-text-align-center\"><\/p>\n\n\n\n<figure class=\"wp-block-table\"><table class=\"has-black-color has-text-color\"><tbody><tr><td><strong>Autoria:<\/strong><\/td><td>Priscilla Nascimento Dias, licenciada em matem\u00e1tica e pedagoga.<\/td><\/tr><tr><td><strong>Componente Curricular:<\/strong><\/td><td>Matem\u00e1tica<\/td><\/tr><tr><td><strong>Habilidades:<\/strong><\/td><td>(EF06MA02-G) Ler, escrever e ordenar n\u00fameros racionais na forma decimal com compreens\u00e3o das principais caracter\u00edsticas do sistema de numera\u00e7\u00e3o decimal, utilizando, como recursos, a composi\u00e7\u00e3o e decomposi\u00e7\u00e3o e a reta num\u00e9rica.<\/td><\/tr><tr><td><strong>Refer\u00eancias<\/strong><\/td><td>GOI\u00c2NIA. Secretaria Municipal de Educa\u00e7\u00e3o. Aprender Sempre. 6\u00b0 ao 9\u00ba ano &#8211; Ensino Fundamental; Matem\u00e1tica; 1\u00b0 Bimestre; Goi\u00e2nia, 2023.&nbsp;<br>GOI\u00c1S. Documento Curricular para Goi\u00e1s \u2013 Ampliado. Volume II. Ensino Fundamental Anos Finais. CONSED; UNDIME, 2018. 433 p. Dispon\u00edvel em &lt;https:\/\/sme.goiania.go.gov.br\/site\/index.php\/institucional\/documentos-oficiais-2\/category\/27-documentos-gerais&amp;gt&gt;. Acesso em 23\/03\/2023.<\/td><\/tr><\/tbody><\/table><\/figure>\n\n\n\n<p><\/p>\n\n\n\n<p><\/p>\n\n\n\n<p class=\"has-black-color has-text-color has-medium-font-size\"><\/p>\n","protected":false},"author":60,"featured_media":165429,"template":"","ef_categoria":[15,29],"ef_ano":[89],"ef_componente":[94],"class_list":["post-165427","ensino_fundamental","type-ensino_fundamental","status-publish","has-post-thumbnail","hentry","ef_categoria-ciclo-da-adolescencia-fg","ef_categoria-educacao-financeira-e-empreendedorismo-ciclo-da-adolescencia-fg","ef_ano-6o-ano","ef_componente-matematica","entry","has-media"],"acf":[],"_links":{"self":[{"href":"https:\/\/sme.goiania.go.gov.br\/conexaoescola\/wp-json\/wp\/v2\/ensino_fundamental\/165427","targetHints":{"allow":["GET"]}}],"collection":[{"href":"https:\/\/sme.goiania.go.gov.br\/conexaoescola\/wp-json\/wp\/v2\/ensino_fundamental"}],"about":[{"href":"https:\/\/sme.goiania.go.gov.br\/conexaoescola\/wp-json\/wp\/v2\/types\/ensino_fundamental"}],"author":[{"embeddable":true,"href":"https:\/\/sme.goiania.go.gov.br\/conexaoescola\/wp-json\/wp\/v2\/users\/60"}],"version-history":[{"count":9,"href":"https:\/\/sme.goiania.go.gov.br\/conexaoescola\/wp-json\/wp\/v2\/ensino_fundamental\/165427\/revisions"}],"predecessor-version":[{"id":179469,"href":"https:\/\/sme.goiania.go.gov.br\/conexaoescola\/wp-json\/wp\/v2\/ensino_fundamental\/165427\/revisions\/179469"}],"wp:featuredmedia":[{"embeddable":true,"href":"https:\/\/sme.goiania.go.gov.br\/conexaoescola\/wp-json\/wp\/v2\/media\/165429"}],"wp:attachment":[{"href":"https:\/\/sme.goiania.go.gov.br\/conexaoescola\/wp-json\/wp\/v2\/media?parent=165427"}],"wp:term":[{"taxonomy":"ef_categoria","embeddable":true,"href":"https:\/\/sme.goiania.go.gov.br\/conexaoescola\/wp-json\/wp\/v2\/ef_categoria?post=165427"},{"taxonomy":"ef_ano","embeddable":true,"href":"https:\/\/sme.goiania.go.gov.br\/conexaoescola\/wp-json\/wp\/v2\/ef_ano?post=165427"},{"taxonomy":"ef_componente","embeddable":true,"href":"https:\/\/sme.goiania.go.gov.br\/conexaoescola\/wp-json\/wp\/v2\/ef_componente?post=165427"}],"curies":[{"name":"wp","href":"https:\/\/api.w.org\/{rel}","templated":true}]}}