{"id":165327,"date":"2023-06-23T07:00:00","date_gmt":"2023-06-23T10:00:00","guid":{"rendered":"https:\/\/sme.goiania.go.gov.br\/conexaoescola\/?post_type=ensino_fundamental&#038;p=165327"},"modified":"2023-08-24T09:53:12","modified_gmt":"2023-08-24T12:53:12","slug":"arte-artes-visuais-os-gemeos-artistas-grafiteiros","status":"publish","type":"ensino_fundamental","link":"https:\/\/sme.goiania.go.gov.br\/conexaoescola\/ensino_fundamental\/arte-artes-visuais-os-gemeos-artistas-grafiteiros\/","title":{"rendered":"Arte\/Artes Visuais &#8211; Os G\u00eameos &#8211; Artistas Grafiteiros"},"content":{"rendered":"\n<p class=\"has-text-align-center has-background has-medium-font-size\" style=\"background-color:#f2b817\">Esta proposta de atividade de ARTE\/ARTES VISUAIS \u00e9 destinada aos estudantes do 6\u00ba ano do Ensino Fundamental.<\/p>\n\n\n<div class=\"wp-block-image\">\n<figure class=\"aligncenter size-full is-resized\"><img fetchpriority=\"high\" decoding=\"async\" src=\"https:\/\/sme.goiania.go.gov.br\/conexaoescola\/wp-content\/uploads\/2023\/06\/image-109.png\" alt=\"\" class=\"wp-image-165328\" width=\"325\" height=\"325\" srcset=\"https:\/\/sme.goiania.go.gov.br\/conexaoescola\/wp-content\/uploads\/2023\/06\/image-109.png 444w, https:\/\/sme.goiania.go.gov.br\/conexaoescola\/wp-content\/uploads\/2023\/06\/image-109-300x300.png 300w, https:\/\/sme.goiania.go.gov.br\/conexaoescola\/wp-content\/uploads\/2023\/06\/image-109-150x150.png 150w\" sizes=\"(max-width: 325px) 100vw, 325px\" \/><\/figure><\/div>\n\n\n<p class=\"has-text-align-center has-small-font-size\">Dispon\u00edvel em <a href=\"https:\/\/www.canva.com\/design\/DAFl-3Q4FFw\/2ZA7ZBIWXjSTMCP1KNfd-Q\/edit%20Acesso%20em%2016\">https:\/\/www.canva.com\/design\/DAFl-3Q4FFw\/2ZA7ZBIWXjSTMCP1KNfd-Q\/edit Acesso em 16<\/a>, jun. 2023<\/p>\n\n\n\n<div class=\"wp-block-buttons is-content-justification-center is-layout-flex wp-container-core-buttons-is-layout-16018d1d wp-block-buttons-is-layout-flex\">\n<div class=\"wp-block-button has-custom-font-size\" style=\"font-size:12px\"><a class=\"wp-block-button__link wp-element-button\" href=\"https:\/\/drive.google.com\/uc?export=download&amp;id=11yMJ4u2Otqcuzku11lZ_PwjfkyE2alF0\" target=\"_blank\" rel=\"noreferrer noopener\">Baixe a atividade<\/a><\/div>\n\n\n\n<div class=\"wp-block-button has-custom-font-size\" style=\"font-size:12px\"><a class=\"wp-block-button__link wp-element-button\" href=\"https:\/\/drive.google.com\/uc?export=download&amp;id=12IySPX2-BAzSc1XS9UC9phg5i0mZtoLS\" target=\"_blank\" rel=\"noreferrer noopener\">Baixe os slides<\/a><\/div>\n\n\n\n<div class=\"wp-block-button has-custom-font-size\" style=\"font-size:12px\"><a class=\"wp-block-button__link wp-element-button\" href=\"https:\/\/drive.google.com\/uc?export=download&amp;id=1uri4m52jA1dfZyl-w3v93CibEwxV4WIm\" target=\"_blank\" rel=\"noreferrer noopener\">Baixe o texto <\/a><\/div>\n<\/div>\n\n\n\n<p class=\"has-text-align-center has-medium-font-size\"><strong>Artistas Grafiteiros<\/strong><\/p>\n\n\n\n<p class=\"has-medium-font-size\">Os G\u00eameos, formado pelos irm\u00e3os g\u00eameos brasileiros Ot\u00e1vio e Gustavo Pandolfo, s\u00e3o reconhecidos mundialmente como um dos mais talentosos e influentes grafiteiros da atualidade. Nascidos em 1974, na cidade de S\u00e3o Paulo, eles come\u00e7aram a pintar nas ruas da capital paulista na d\u00e9cada de 1980, em uma \u00e9poca em que o graffiti estava come\u00e7ando a ganhar destaque na cidade.<\/p>\n\n\n<div class=\"wp-block-image\">\n<figure class=\"aligncenter size-full is-resized\"><img decoding=\"async\" src=\"https:\/\/sme.goiania.go.gov.br\/conexaoescola\/wp-content\/uploads\/2023\/06\/image-110.png\" alt=\"\" class=\"wp-image-165329\" width=\"520\" height=\"347\" srcset=\"https:\/\/sme.goiania.go.gov.br\/conexaoescola\/wp-content\/uploads\/2023\/06\/image-110.png 886w, https:\/\/sme.goiania.go.gov.br\/conexaoescola\/wp-content\/uploads\/2023\/06\/image-110-300x200.png 300w, https:\/\/sme.goiania.go.gov.br\/conexaoescola\/wp-content\/uploads\/2023\/06\/image-110-768x512.png 768w\" sizes=\"(max-width: 520px) 100vw, 520px\" \/><\/figure><\/div>\n\n\n<p class=\"has-text-align-center has-small-font-size\">Dispon\u00edvel em <a href=\"https:\/\/upload.wikimedia.org\/wikipedia\/commons\/3\/35\/Eixo_Leste-Oeste%2C_osgemeos%2C_Nina_Pandolfo%2C_Nunca%2C_Finok%2C_Zefix%2C_Vitch%C3%A9_e_Herbert_Baglione_%285877965381%29.jpg\">https:\/\/upload.wikimedia.org\/wikipedia\/commons\/3\/35\/Eixo_Leste-Oeste%2C_osgemeos%2C_Nina_Pandolfo%2C_Nunca%2C_Finok%2C_Zefix%2C_Vitch%C3%A9_e_Herbert_Baglione_%285877965381%29.jpg<\/a> Acesso em 15, jun. 2023.<\/p>\n\n\n\n<p class=\"has-text-align-center has-medium-font-size\"><strong>Proposta de trabalho<\/strong><\/p>\n\n\n\n<p class=\"has-medium-font-size\">A proposta de trabalho desenvolvida pelos G\u00eameos vai al\u00e9m do simples ato de pintar muros. Eles criam verdadeiras obras de arte que mesclam elementos da cultura hip-hop, da arte de rua, da cultura brasileira e de sua pr\u00f3pria imagina\u00e7\u00e3o. Suas obras s\u00e3o repletas de cores vibrantes, personagens fant\u00e1sticos e uma est\u00e9tica \u00fanica, o que lhes conferiu um estilo reconhecido e admirado em todo o mundo.<\/p>\n\n\n<div class=\"wp-block-image\">\n<figure class=\"aligncenter size-full is-resized\"><img decoding=\"async\" src=\"https:\/\/sme.goiania.go.gov.br\/conexaoescola\/wp-content\/uploads\/2023\/06\/image-111.png\" alt=\"\" class=\"wp-image-165330\" width=\"555\" height=\"312\" srcset=\"https:\/\/sme.goiania.go.gov.br\/conexaoescola\/wp-content\/uploads\/2023\/06\/image-111.png 886w, https:\/\/sme.goiania.go.gov.br\/conexaoescola\/wp-content\/uploads\/2023\/06\/image-111-300x169.png 300w, https:\/\/sme.goiania.go.gov.br\/conexaoescola\/wp-content\/uploads\/2023\/06\/image-111-768x432.png 768w\" sizes=\"(max-width: 555px) 100vw, 555px\" \/><\/figure><\/div>\n\n\n<p class=\"has-text-align-center has-small-font-size\">Dispon\u00edvel em <a href=\"https:\/\/pxhere.com\/en\/photo\/904794%20Acesso%20em%2015\">https:\/\/pxhere.com\/en\/photo\/904794 Acesso em 15<\/a>, jun. 2023.<\/p>\n\n\n\n<p class=\"has-text-align-center has-medium-font-size\"><strong>Caracter\u00edsticas das obras<\/strong><\/p>\n\n\n\n<p class=\"has-medium-font-size\">Uma das principais caracter\u00edsticas das obras dos G\u00eameos \u00e9 a presen\u00e7a de personagens estilizados, geralmente com olhos grandes e expressivos, muitas vezes retratando crian\u00e7as ou figuras m\u00edsticas.<\/p>\n\n\n<div class=\"wp-block-image\">\n<figure class=\"aligncenter size-full is-resized\"><img loading=\"lazy\" decoding=\"async\" src=\"https:\/\/sme.goiania.go.gov.br\/conexaoescola\/wp-content\/uploads\/2023\/06\/image-112.png\" alt=\"\" class=\"wp-image-165332\" width=\"670\" height=\"311\" srcset=\"https:\/\/sme.goiania.go.gov.br\/conexaoescola\/wp-content\/uploads\/2023\/06\/image-112.png 886w, https:\/\/sme.goiania.go.gov.br\/conexaoescola\/wp-content\/uploads\/2023\/06\/image-112-300x140.png 300w, https:\/\/sme.goiania.go.gov.br\/conexaoescola\/wp-content\/uploads\/2023\/06\/image-112-768x357.png 768w\" sizes=\"(max-width: 670px) 100vw, 670px\" \/><\/figure><\/div>\n\n\n<p class=\"has-text-align-center has-small-font-size\">Dispon\u00edvel em <a href=\"https:\/\/upload.wikimedia.org\/wikipedia\/de\/0\/01\/Mural_Av.23_de_Maio%2C_S%C3%A3o_Paulo_%282009%29-01.jpg\">https:\/\/upload.wikimedia.org\/wikipedia\/de\/0\/01\/Mural_Av.23_de_Maio%2C_S%C3%A3o_Paulo_%282009%29-01.jpg<\/a> Acesso em 15, jun. 2023.<\/p>\n\n\n\n<p class=\"has-medium-font-size\">Esses personagens frequentemente est\u00e3o envolvidos em cen\u00e1rios on\u00edricos e surreais, que fazem alus\u00e3o \u00e0 cultura popular brasileira e a temas sociais. Combinando t\u00e9cnicas de pintura tradicional com graffiti, eles criam uma atmosfera m\u00e1gica e cativante em suas obras.<\/p>\n\n\n\n<p class=\"has-medium-font-size\">Al\u00e9m disso, os G\u00eameos t\u00eam um forte v\u00ednculo com a sua cidade natal, S\u00e3o Paulo, e muitas de suas obras podem ser encontradas em diferentes bairros da cidade.<\/p>\n\n\n\n<p class=\"has-medium-font-size\">Eles transformaram a paisagem urbana de S\u00e3o Paulo, trazendo cor, poesia e express\u00e3o art\u00edstica para as ruas, tornando-se verdadeiros \u00edcones do graffiti brasileiro.<\/p>\n\n\n<div class=\"wp-block-image\">\n<figure class=\"aligncenter size-full is-resized\"><img loading=\"lazy\" decoding=\"async\" src=\"https:\/\/sme.goiania.go.gov.br\/conexaoescola\/wp-content\/uploads\/2023\/06\/image-113.png\" alt=\"\" class=\"wp-image-165333\" width=\"515\" height=\"343\" srcset=\"https:\/\/sme.goiania.go.gov.br\/conexaoescola\/wp-content\/uploads\/2023\/06\/image-113.png 886w, https:\/\/sme.goiania.go.gov.br\/conexaoescola\/wp-content\/uploads\/2023\/06\/image-113-300x200.png 300w, https:\/\/sme.goiania.go.gov.br\/conexaoescola\/wp-content\/uploads\/2023\/06\/image-113-768x512.png 768w\" sizes=\"(max-width: 515px) 100vw, 515px\" \/><\/figure><\/div>\n\n\n<p class=\"has-text-align-center has-small-font-size\">Dispon\u00edvel em <a href=\"https:\/\/upload.wikimedia.org\/wikipedia\/commons\/b\/be\/Grafite_na_entrada_do_MAM%2C_osgemeos_%285878029136%29.jpg\">https:\/\/upload.wikimedia.org\/wikipedia\/commons\/b\/be\/Grafite_na_entrada_do_MAM%2C_osgemeos_%285878029136%29.jpg<\/a> Acesso em 15, jun. 2023.<\/p>\n\n\n\n<p class=\"has-medium-font-size\">A influ\u00eancia dos G\u00eameos transcende as fronteiras do Brasil e sua arte j\u00e1 foi exibida em galerias e museus renomados ao redor do mundo. Eles colaboraram com diversos artistas e participaram de exposi\u00e7\u00f5es individuais e coletivas em pa\u00edses como Estados Unidos, Jap\u00e3o, Alemanha, Inglaterra, entre outros.<\/p>\n\n\n\n<p class=\"has-medium-font-size\">Os G\u00eameos s\u00e3o artistas que trazem uma perspectiva \u00fanica para a arte urbana, unindo elementos da cultura brasileira com uma est\u00e9tica contempor\u00e2nea e universal.<\/p>\n\n\n\n<p class=\"has-text-align-center has-medium-font-size\"><strong>As obras<\/strong><\/p>\n\n\n<div class=\"wp-block-image\">\n<figure class=\"aligncenter size-full is-resized\"><img loading=\"lazy\" decoding=\"async\" src=\"https:\/\/sme.goiania.go.gov.br\/conexaoescola\/wp-content\/uploads\/2023\/06\/image-114.png\" alt=\"\" class=\"wp-image-165334\" width=\"617\" height=\"411\" srcset=\"https:\/\/sme.goiania.go.gov.br\/conexaoescola\/wp-content\/uploads\/2023\/06\/image-114.png 886w, https:\/\/sme.goiania.go.gov.br\/conexaoescola\/wp-content\/uploads\/2023\/06\/image-114-300x200.png 300w, https:\/\/sme.goiania.go.gov.br\/conexaoescola\/wp-content\/uploads\/2023\/06\/image-114-768x512.png 768w\" sizes=\"(max-width: 617px) 100vw, 617px\" \/><\/figure><\/div>\n\n\n<p class=\"has-text-align-center has-small-font-size\">Dispon\u00edvel em <a href=\"https:\/\/upload.wikimedia.org\/wikipedia\/commons\/e\/ec\/Eixo_Leste-Oeste%2C_osgemeos%2C_Nina_Pandolfo%2C_Nunca%2C_Finok%2C_Zefix%2C_Vitch%C3%A9_e_Herbert_Baglione_%285877959979%29.jpg\">https:\/\/upload.wikimedia.org\/wikipedia\/commons\/e\/ec\/Eixo_Leste-Oeste%2C_osgemeos%2C_Nina_Pandolfo%2C_Nunca%2C_Finok%2C_Zefix%2C_Vitch%C3%A9_e_Herbert_Baglione_%285877959979%29.jpg<\/a> Acesso em 15, jun. 2023.<\/p>\n\n\n\n<p class=\"has-medium-font-size\">Suas obras s\u00e3o um convite para mergulhar em um universo m\u00e1gico e reflexivo, que desafia as fronteiras entre a arte de rua, a pintura e a imagina\u00e7\u00e3o.<\/p>\n\n\n<div class=\"wp-block-image\">\n<figure class=\"aligncenter size-full is-resized\"><img loading=\"lazy\" decoding=\"async\" src=\"https:\/\/sme.goiania.go.gov.br\/conexaoescola\/wp-content\/uploads\/2023\/06\/image-115.png\" alt=\"\" class=\"wp-image-165335\" width=\"310\" height=\"414\" srcset=\"https:\/\/sme.goiania.go.gov.br\/conexaoescola\/wp-content\/uploads\/2023\/06\/image-115.png 454w, https:\/\/sme.goiania.go.gov.br\/conexaoescola\/wp-content\/uploads\/2023\/06\/image-115-225x300.png 225w\" sizes=\"(max-width: 310px) 100vw, 310px\" \/><\/figure><\/div>\n\n\n<p class=\"has-text-align-center has-small-font-size\">Dispon\u00edvel em <a href=\"https:\/\/pixabay.com\/pt\/photos\/litu%C3%A2nia-vilnius-grafite-2826376\/\">https:\/\/pixabay.com\/pt\/photos\/litu%C3%A2nia-vilnius-grafite-2826376\/<\/a> Acesso em 15, jun. 2023.<\/p>\n\n\n\n<p class=\"has-medium-font-size\">Com talento e vis\u00e3o art\u00edstica, eles marcaram o mundo do graffiti, inspirando uma nova gera\u00e7\u00e3o de artistas e provando que a arte urbana \u00e9 uma forma de express\u00e3o poderosa e impactante.<\/p>\n\n\n\n<p class=\"has-background has-medium-font-size\" style=\"background-color:#f2b817\"><strong>QUEST\u00c3O 1<\/strong><\/p>\n\n\n\n<p class=\"has-medium-font-size\">A obra dos G\u00eameos vai al\u00e9m do simples ato de pintar muros, eles t\u00eam como proposta art\u00edstica<\/p>\n\n\n\n<p class=\"has-medium-font-size\">(A) Criar obras de arte abstratas em galerias renomadas.<\/p>\n\n\n\n<p class=\"has-medium-font-size\">(B) Realizar performances de dan\u00e7a em eventos culturais.<\/p>\n\n\n\n<p class=\"has-medium-font-size\">(C) Desenvolver grafites que retratam a cultura brasileira e elementos da imagina\u00e7\u00e3o.<\/p>\n\n\n\n<p class=\"has-medium-font-size\">(D) Produzir esculturas de metal inspiradas na arte urbana.<\/p>\n\n\n\n<p class=\"has-background has-medium-font-size\" style=\"background-color:#f2b817\"><strong>QUEST\u00c3O 2<\/strong><\/p>\n\n\n\n<p class=\"has-medium-font-size\">Os G\u00eameos transformam a paisagem urbana de S\u00e3o Paulo, trazendo poesia e express\u00e3o art\u00edstica para as ruas, tornando-se verdadeiros \u00edcones do graffiti brasileiro. Uma das principais caracter\u00edsticas de suas obras \u00e9<\/p>\n\n\n\n<p class=\"has-medium-font-size\">(A) Uso predominante de cores frias e tons neutros.<\/p>\n\n\n\n<p class=\"has-medium-font-size\">(B) Retrato de paisagens urbanas realistas.<\/p>\n\n\n\n<p class=\"has-medium-font-size\">(C) Presen\u00e7a de personagens estilizados com olhos grandes e expressivos.<\/p>\n\n\n\n<p class=\"has-medium-font-size\">(D) Utiliza\u00e7\u00e3o exclusiva de t\u00e9cnicas de pintura tradicional.<\/p>\n\n\n\n<p class=\"has-background has-medium-font-size\" style=\"background-color:#f2b817\"><strong>QUEST\u00c3O 3<\/strong><\/p>\n\n\n\n<p class=\"has-medium-font-size\">Qual \u00e9 a proposta de trabalho dos G\u00eameos e suas principais caracter\u00edsticas?<\/p>\n\n\n\n<p class=\"has-background has-medium-font-size\" style=\"background-color:#f2b817\"><strong>QUEST\u00c3O 4<\/strong><\/p>\n\n\n\n<p class=\"has-medium-font-size\">Qual \u00e9 a import\u00e2ncia da presen\u00e7a das obras dos G\u00eameos nas ruas de S\u00e3o Paulo?<\/p>\n\n\n\n<figure class=\"wp-block-table is-style-stripes has-medium-font-size\"><table><tbody><tr><td><strong>Autoria<\/strong><\/td><td>Veruska Bettiol<\/td><\/tr><tr><td><strong>Forma\u00e7\u00e3o<\/strong><\/td><td>Artes Visuais<\/td><\/tr><tr><td><strong>Componente Curricular<\/strong><\/td><td>Arte\/Artes Visuais<\/td><\/tr><tr><td><strong>Habilidade<\/strong><\/td><td>(GO-EF06AR07-B) Conhecer, valorizar e respeitar os artistas, tais como: artistas pl\u00e1sticos, ilustradores, designers, grafiteiros, artes\u00e3os e os curadores locais, estabelecendo rela\u00e7\u00f5es com os nacionais e internacionais de forma investigativa, cr\u00edtica e sens\u00edvel.<br><\/td><\/tr><\/tbody><\/table><\/figure>\n\n\n\n<figure class=\"wp-block-table is-style-stripes has-medium-font-size\"><table><tbody><tr><td><strong>Refer\u00eancias<\/strong>           <\/td><td><strong>BARBOSA<\/strong>, A. M.(org) Inquieta\u00e7\u00f5es e Mudan\u00e7as no Ensino da Arte 7.ed. \u2013 S\u00e3o Paulo: Cortez , 2012. V\u00e1rios autores ISBN 978-85-249-1910-7.<br><strong>FISCHER<\/strong>, Ernest. A necessidade da arte. Rio de Janeiro: Zahar, 1976.<br><strong>GITAHY<\/strong>, Celso. O que \u00e9 Grafitti. S\u00e3o Paulo. Ed. Brasiliense, 1999 \u2013 (Cole\u00e7\u00e3o Primeiros Passos: 312) ISBN 978-85-11-00049-8.<\/td><\/tr><\/tbody><\/table><\/figure>\n","protected":false},"author":62,"featured_media":165340,"template":"","ef_categoria":[15,27],"ef_ano":[89],"ef_componente":[99],"class_list":["post-165327","ensino_fundamental","type-ensino_fundamental","status-publish","has-post-thumbnail","hentry","ef_categoria-ciclo-da-adolescencia-fg","ef_categoria-corpo-e-movimento-ciclo-da-adolescencia-fg","ef_ano-6o-ano","ef_componente-arte-ef","entry","has-media"],"acf":[],"_links":{"self":[{"href":"https:\/\/sme.goiania.go.gov.br\/conexaoescola\/wp-json\/wp\/v2\/ensino_fundamental\/165327","targetHints":{"allow":["GET"]}}],"collection":[{"href":"https:\/\/sme.goiania.go.gov.br\/conexaoescola\/wp-json\/wp\/v2\/ensino_fundamental"}],"about":[{"href":"https:\/\/sme.goiania.go.gov.br\/conexaoescola\/wp-json\/wp\/v2\/types\/ensino_fundamental"}],"author":[{"embeddable":true,"href":"https:\/\/sme.goiania.go.gov.br\/conexaoescola\/wp-json\/wp\/v2\/users\/62"}],"version-history":[{"count":2,"href":"https:\/\/sme.goiania.go.gov.br\/conexaoescola\/wp-json\/wp\/v2\/ensino_fundamental\/165327\/revisions"}],"predecessor-version":[{"id":165346,"href":"https:\/\/sme.goiania.go.gov.br\/conexaoescola\/wp-json\/wp\/v2\/ensino_fundamental\/165327\/revisions\/165346"}],"wp:featuredmedia":[{"embeddable":true,"href":"https:\/\/sme.goiania.go.gov.br\/conexaoescola\/wp-json\/wp\/v2\/media\/165340"}],"wp:attachment":[{"href":"https:\/\/sme.goiania.go.gov.br\/conexaoescola\/wp-json\/wp\/v2\/media?parent=165327"}],"wp:term":[{"taxonomy":"ef_categoria","embeddable":true,"href":"https:\/\/sme.goiania.go.gov.br\/conexaoescola\/wp-json\/wp\/v2\/ef_categoria?post=165327"},{"taxonomy":"ef_ano","embeddable":true,"href":"https:\/\/sme.goiania.go.gov.br\/conexaoescola\/wp-json\/wp\/v2\/ef_ano?post=165327"},{"taxonomy":"ef_componente","embeddable":true,"href":"https:\/\/sme.goiania.go.gov.br\/conexaoescola\/wp-json\/wp\/v2\/ef_componente?post=165327"}],"curies":[{"name":"wp","href":"https:\/\/api.w.org\/{rel}","templated":true}]}}