{"id":164690,"date":"2023-06-16T07:00:00","date_gmt":"2023-06-16T10:00:00","guid":{"rendered":"https:\/\/sme.goiania.go.gov.br\/conexaoescola\/?post_type=ensino_fundamental&#038;p=164690"},"modified":"2024-02-05T09:10:10","modified_gmt":"2024-02-05T12:10:10","slug":"ciencias-da-natureza-mudancas-hormonais-e-reproducao-humana","status":"publish","type":"ensino_fundamental","link":"https:\/\/sme.goiania.go.gov.br\/conexaoescola\/ensino_fundamental\/ciencias-da-natureza-mudancas-hormonais-e-reproducao-humana\/","title":{"rendered":"CI\u00caNCIAS DA NATUREZA \u2013 MUDAN\u00c7AS HORMONAIS E REPRODU\u00c7\u00c3O HUMANA"},"content":{"rendered":"\n<p class=\"has-text-align-center has-luminous-vivid-orange-to-vivid-red-gradient-background has-background has-medium-font-size\"><strong>ESTA PROPOSTA DE ATIVIDADE DE CI\u00caNCIAS DA NATUREZA&nbsp;\u00c9 DESTINADA AOS ESTUDANTES<\/strong>&nbsp;<strong>DO<\/strong>&nbsp;<strong>5\u00ba ANO DO ENSINO FUNDAMENTAL<\/strong>.<\/p>\n\n\n\n<div class=\"wp-block-buttons alignwide is-content-justification-center is-layout-flex wp-container-core-buttons-is-layout-16018d1d wp-block-buttons-is-layout-flex\">\n<div class=\"wp-block-button has-custom-width wp-block-button__width-25\"><a class=\"wp-block-button__link wp-element-button\" href=\"https:\/\/drive.google.com\/uc?export=download&amp;id=18MgXwFC3WtfcHI5ad4kZ41G-rhjJO4W2\" target=\"_blank\" rel=\"noreferrer noopener\"><strong>BAIXE A ATIVIDADE<\/strong><\/a><\/div>\n\n\n\n<div class=\"wp-block-button has-custom-width wp-block-button__width-25\"><a class=\"wp-block-button__link wp-element-button\" href=\"https:\/\/drive.google.com\/uc?export=download&amp;id=1SHfbD71KKNdo_fDQNv-mrQQn1rp8A5MF\" target=\"_blank\" rel=\"noreferrer noopener\"><strong>BAIXE OS SLIDES<\/strong><\/a><\/div>\n\n\n\n<div class=\"wp-block-button has-custom-width wp-block-button__width-25\"><a class=\"wp-block-button__link wp-element-button\" href=\"https:\/\/drive.google.com\/uc?export=download&amp;id=1oq3d_9WUyeN403qZtX0tRU1P3MCPPlcw\" target=\"_blank\" rel=\"noreferrer noopener\"><strong>BAIXE O TEXTO<\/strong><\/a><\/div>\n<\/div>\n\n\n\n<hr class=\"wp-block-separator has-alpha-channel-opacity\"\/>\n\n\n\n<p class=\"has-text-align-center has-medium-font-size\"><strong>Descobrindo as Mudan\u00e7as no Nosso Corpo<\/strong><\/p>\n\n\n\n<figure class=\"wp-block-audio\"><audio controls src=\"https:\/\/sme.goiania.go.gov.br\/conexaoescola\/wp-content\/uploads\/2023\/06\/Zigoto.m4a\"><\/audio><\/figure>\n\n\n\n<p class=\"has-medium-font-size\">Ol\u00e1, crian\u00e7as! Hoje vamos falar sobre uma fase muito especial que acontece na vida de todos n\u00f3s: a puberdade! Durante essa \u00e9poca, o nosso corpo passa por v\u00e1rias mudan\u00e7as incr\u00edveis, e muitas delas est\u00e3o relacionadas aos horm\u00f4nios sexuais. Vamos entender melhor como tudo isso acontece!<\/p>\n\n\n\n<p class=\"has-medium-font-size\">Quando chegamos \u00e0 puberdade, o nosso corpo come\u00e7a a produzir horm\u00f4nios sexuais. Nas meninas, o principal horm\u00f4nio \u00e9 o estrog\u00eanio, e nos meninos, \u00e9 a testosterona. Esses horm\u00f4nios s\u00e3o como mensageiros que mandam recados para diferentes partes do nosso corpo.<\/p>\n\n\n\n<p class=\"has-medium-font-size\">Uma das mudan\u00e7as mais vis\u00edveis que ocorrem na puberdade \u00e9 o crescimento dos seios nas meninas. Isso acontece porque o estrog\u00eanio faz com que as gl\u00e2ndulas mam\u00e1rias se desenvolvam. Al\u00e9m disso, o estrog\u00eanio tamb\u00e9m \u00e9 respons\u00e1vel pelo crescimento dos pelos p\u00fabicos e axilares, assim como pelo aumento da gordura corporal.<\/p>\n\n\n\n<p class=\"has-medium-font-size\">J\u00e1 nos meninos, a testosterona faz com que o corpo comece a produzir esperma. Os test\u00edculos, que s\u00e3o partes integrantes do sistema genital masculino, come\u00e7am a produzir espermatozoides, que s\u00e3o as c\u00e9lulas respons\u00e1veis pela reprodu\u00e7\u00e3o. Al\u00e9m disso, a testosterona tamb\u00e9m \u00e9 respons\u00e1vel pelo crescimento dos pelos faciais, da voz e do desenvolvimento dos m\u00fasculos.<\/p>\n\n\n\n<p class=\"has-medium-font-size\">Tanto para meninos quanto para meninas, outra mudan\u00e7a importante \u00e9 o crescimento dos \u00f3rg\u00e3os genitais. Nas meninas, os ov\u00e1rios, que s\u00e3o as gl\u00e2ndulas onde os \u00f3vulos s\u00e3o produzidos, se desenvolvem, e o \u00fatero, que \u00e9 onde o beb\u00ea se desenvolve durante a gravidez, tamb\u00e9m aumenta de tamanho. Nos meninos, os test\u00edculos e o p\u00eanis aumentam de tamanho \u00e0 medida que eles crescem.<\/p>\n\n\n\n<p class=\"has-medium-font-size\">Agora, vamos falar sobre a reprodu\u00e7\u00e3o humana. Para que um beb\u00ea possa ser concebido, \u00e9 necess\u00e1rio que um espermatozoide encontre um \u00f3vulo. Isso acontece durante o ato sexual. Os espermatozoides, que s\u00e3o liberados pelos test\u00edculos, nadam pelo canal chamado de uretra at\u00e9 encontrarem o \u00f3vulo nos ov\u00e1rios.<\/p>\n\n\n\n<p class=\"has-medium-font-size\">Quando um espermatozoide encontra um \u00f3vulo, ocorre a fertiliza\u00e7\u00e3o. Isso significa que o espermatozoide penetra no \u00f3vulo e forma uma c\u00e9lula chamada zigoto, que \u00e9 o in\u00edcio de um novo ser humano. O zigoto se desenvolve no \u00fatero da m\u00e3e, onde recebe os nutrientes necess\u00e1rios para crescer e se tornar um beb\u00ea.<\/p>\n\n\n\n<p class=\"has-medium-font-size\">\u00c9 importante lembrar que a puberdade \u00e9 uma fase natural da vida, e cada pessoa passa por ela em seu pr\u00f3prio ritmo. Essas mudan\u00e7as podem parecer assustadoras no come\u00e7o, mas s\u00e3o completamente normais e fazem parte do crescimento e desenvolvimento de cada um de n\u00f3s.<\/p>\n\n\n\n<p class=\"has-text-align-center has-medium-font-size\"><strong>OBSERVE A SEGUINTE IMAGEM PARA RESPONDER \u00c0S QUEST\u00d5ES:<\/strong><\/p>\n\n\n<div class=\"wp-block-image\">\n<figure class=\"aligncenter size-large is-resized\"><img fetchpriority=\"high\" decoding=\"async\" src=\"https:\/\/sme.goiania.go.gov.br\/conexaoescola\/wp-content\/uploads\/2023\/06\/Post-do-Instagram-motivacional-eu-amo-ser-livre-9-1024x1024.png\" alt=\"\" class=\"wp-image-164693\" width=\"328\" height=\"328\" srcset=\"https:\/\/sme.goiania.go.gov.br\/conexaoescola\/wp-content\/uploads\/2023\/06\/Post-do-Instagram-motivacional-eu-amo-ser-livre-9-1024x1024.png 1024w, https:\/\/sme.goiania.go.gov.br\/conexaoescola\/wp-content\/uploads\/2023\/06\/Post-do-Instagram-motivacional-eu-amo-ser-livre-9-300x300.png 300w, https:\/\/sme.goiania.go.gov.br\/conexaoescola\/wp-content\/uploads\/2023\/06\/Post-do-Instagram-motivacional-eu-amo-ser-livre-9-150x150.png 150w, https:\/\/sme.goiania.go.gov.br\/conexaoescola\/wp-content\/uploads\/2023\/06\/Post-do-Instagram-motivacional-eu-amo-ser-livre-9-768x768.png 768w, https:\/\/sme.goiania.go.gov.br\/conexaoescola\/wp-content\/uploads\/2023\/06\/Post-do-Instagram-motivacional-eu-amo-ser-livre-9.png 1080w\" sizes=\"(max-width: 328px) 100vw, 328px\" \/><figcaption class=\"wp-element-caption\">Imagem produzida no Canva<\/figcaption><\/figure><\/div>\n\n\n<p class=\"has-luminous-vivid-orange-to-vivid-red-gradient-background has-background has-medium-font-size\"><strong>QUEST\u00c3O 1<\/strong><\/p>\n\n\n\n<p class=\"has-medium-font-size\">De acordo com a autora, <strong>qual<\/strong> horm\u00f4nio \u00e9 respons\u00e1vel pelo crescimento dos seios nas meninas durante a puberdade? <strong>Assinale<\/strong> a alternativa correta.<\/p>\n\n\n\n<p class=\"has-medium-font-size\">(A) Testosterona&nbsp;<\/p>\n\n\n\n<p class=\"has-medium-font-size\">(B) Estrog\u00eanio&nbsp;<\/p>\n\n\n\n<p class=\"has-medium-font-size\">(C) Progesterona&nbsp;<\/p>\n\n\n\n<p class=\"has-medium-font-size\">(D) Cortisol<\/p>\n\n\n\n<p class=\"has-medium-font-size\">(E) Dopamina<\/p>\n\n\n\n<p class=\"has-luminous-vivid-orange-to-vivid-red-gradient-background has-background has-medium-font-size\"><strong>QUEST\u00c3O 2<\/strong><\/p>\n\n\n\n<p class=\"has-medium-font-size\">A gesta\u00e7\u00e3o \u00e9 um momento de grande transforma\u00e7\u00e3o no corpo feminino.&nbsp;<\/p>\n\n\n\n<p class=\"has-medium-font-size\"><strong>O que<\/strong> acontece quando um espermatozoide encontra um \u00f3vulo?&nbsp;<strong>Assinale<\/strong> a alternativa correta.<\/p>\n\n\n\n<p class=\"has-medium-font-size\">(A) O espermatozoide se torna um \u00f3vulo.&nbsp;<\/p>\n\n\n\n<p class=\"has-medium-font-size\">(B) O \u00f3vulo se torna um espermatozoide.&nbsp;<\/p>\n\n\n\n<p class=\"has-medium-font-size\">(C) Ocorre a fertiliza\u00e7\u00e3o, formando um zigoto.&nbsp;<\/p>\n\n\n\n<p class=\"has-medium-font-size\">(D) Nada acontece.<\/p>\n\n\n\n<p class=\"has-medium-font-size\">(E) Todas as alternativas anteriores est\u00e3o corretas.<\/p>\n\n\n\n<p class=\"has-luminous-vivid-orange-to-vivid-red-gradient-background has-background has-medium-font-size\"><strong>QUEST\u00c3O 3<\/strong><\/p>\n\n\n\n<p class=\"has-medium-font-size\"><strong>Quais<\/strong> s\u00e3o as mudan\u00e7as mais vis\u00edveis que ocorrem durante a puberdade nos meninos e nas meninas? <strong>Explique<\/strong>.<\/p>\n\n\n\n<p class=\"has-luminous-vivid-orange-to-vivid-red-gradient-background has-background has-medium-font-size\"><strong>QUEST\u00c3O 4<\/strong><\/p>\n\n\n\n<p class=\"has-medium-font-size\"><strong>Por que<\/strong> \u00e9 importante conversar com pessoas de confian\u00e7a durante essa fase de mudan\u00e7as no corpo?<\/p>\n\n\n\n<p class=\"has-luminous-vivid-orange-to-vivid-red-gradient-background has-background has-medium-font-size\"><strong>QUEST\u00c3O 5<\/strong><\/p>\n\n\n\n<p class=\"has-medium-font-size\"><strong>Releia <\/strong>o texto. Ap\u00f3s,<strong> enumere<\/strong> corretamente as informa\u00e7\u00f5es abaixo.&nbsp;<\/p>\n\n\n\n<ol class=\"wp-block-list\">\n<li class=\"has-medium-font-size\">Estrog\u00eanio<\/li>\n\n\n\n<li class=\"has-medium-font-size\">\u00datero<\/li>\n\n\n\n<li class=\"has-medium-font-size\">Ov\u00e1rios<\/li>\n\n\n\n<li class=\"has-medium-font-size\">Testosterona<\/li>\n<\/ol>\n\n\n\n<p class=\"has-medium-font-size\">&nbsp;(&nbsp; &nbsp; ) Horm\u00f4nio que faz com que o corpo comece a produzir esperma nos meninos.<\/p>\n\n\n\n<p class=\"has-medium-font-size\">&nbsp;(&nbsp; &nbsp; ) \u00d3rg\u00e3o feminino onde o beb\u00ea se desenvolve durante a gravidez.<\/p>\n\n\n\n<p class=\"has-medium-font-size\">&nbsp;(&nbsp; &nbsp; ) Gl\u00e2ndulas onde os \u00f3vulos s\u00e3o produzidos nas meninas.<\/p>\n\n\n\n<p class=\"has-medium-font-size\">&nbsp;(&nbsp; &nbsp; ) Horm\u00f4nio respons\u00e1vel pelo crescimento dos seios nas meninas.<\/p>\n\n\n\n<hr class=\"wp-block-separator has-alpha-channel-opacity\"\/>\n\n\n\n<figure class=\"wp-block-table is-style-stripes\"><table><tbody><tr><td><strong>Autoria:<\/strong><\/td><td>Prof\u00aa Esp. Danielle Assis Borges Fantini<\/td><\/tr><tr><td><strong>Forma\u00e7\u00e3o:<\/strong><\/td><td>Graduada em:<br>\u2013 Pedagogia e graduanda em Jornalismo.<br>P\u00f3s-graduada em:<br>\u2013 MBA em Gest\u00e3o das Tecnologias da Informa\u00e7\u00e3o e da Comunica\u00e7\u00e3o \u2013 Educa\u00e7\u00e3o.<br>\u2013 Doc\u00eancia Universit\u00e1ria.<br>\u2013 Neuropedagogia Aplicada \u00e0 Educa\u00e7\u00e3o.<br>\u2013 Psicopedagogia Institucional e Cl\u00ednica.<\/td><\/tr><tr><td><strong>Componente Curricular:<\/strong><\/td><td>CI\u00caNCIAS DA NATUREZA<\/td><\/tr><tr><td><strong>Habilidade (s):<\/strong><\/td><td>(EF05CI14-A) Identificar e discutir as principais mudan\u00e7as que ocorrem no organismo durante a puberdade, associando \u00e0 a\u00e7\u00e3o dos horm\u00f4nios sexuais.&nbsp;<br><br>(EF05CI14-B) Identificar as partes integrantes do sistema genital, explicando os processos que possibilitam a reprodu\u00e7\u00e3o humana.<\/td><\/tr><tr><td><strong>Refer\u00eancia (s):<\/strong><\/td><td>BACICH, Lilian; CARONE, C\u00e9lia R.; PICHILIANI, Edilson A. Presente Mais Ci\u00eancias da Natureza: ci\u00eancias: 5\u00ba ano: ensino fundamental: anos iniciais. 1 ed. S\u00e3o Paulo: Moderna, 2021.<br><br>FERRARO, Ana Carolina Navarro dos Santos. Bons Amigos: ci\u00eancias: 5\u00ba ano: ensino fundamental: anos iniciais. 1 ed. S\u00e3o Paulo: FTD, 2021.<br><br>HIRANAKA, Roberta Aparecida Bueno; HORTENCIO, Thiago Macedo de Abreu. Entrela\u00e7os: ci\u00eancias: 5\u00ba ano: ensino fundamental: anos iniciais. 1 ed. S\u00e3o Paulo: FTD, 2021.<br><br>PUBERDADE, Escola Kids, 2024. Dispon\u00edvel em: <br><a href=\"https:\/\/escolakids.uol.com.br\/ciencias\/puberdade.htm\">https:\/\/escolakids.uol.com.br\/ciencias\/puberdade.htm<\/a>. Acesso em: 05 fev. 2024.<br><br>PUBERDADE, Mundo Educa\u00e7\u00e3o, 2024. Dispon\u00edvel em: <a href=\"https:\/\/mundoeducacao.uol.com.br\/sexualidade\/puberdade.htm\">https:\/\/mundoeducacao.uol.com.br\/sexualidade\/puberdade.htm<\/a>. Acesso em: 05 fev. 2024.&nbsp;<\/td><\/tr><tr><td><strong>Documento norteador: <\/strong><\/td><td>DOCUMENTO CURRICULAR PARA GOI\u00c1S \u2013 AMPLIADO (DC-GO AMPLIADO)<\/td><\/tr><\/tbody><\/table><\/figure>\n","protected":false},"author":64,"featured_media":164693,"template":"","ef_categoria":[23],"ef_ano":[88],"ef_componente":[98],"class_list":["post-164690","ensino_fundamental","type-ensino_fundamental","status-publish","has-post-thumbnail","hentry","ef_categoria-educacao-ambiental-e-saude-ciclo-da-infancia-de","ef_ano-5o-ano","ef_componente-ciencia-da-natureza-ef","entry","has-media"],"acf":[],"_links":{"self":[{"href":"https:\/\/sme.goiania.go.gov.br\/conexaoescola\/wp-json\/wp\/v2\/ensino_fundamental\/164690","targetHints":{"allow":["GET"]}}],"collection":[{"href":"https:\/\/sme.goiania.go.gov.br\/conexaoescola\/wp-json\/wp\/v2\/ensino_fundamental"}],"about":[{"href":"https:\/\/sme.goiania.go.gov.br\/conexaoescola\/wp-json\/wp\/v2\/types\/ensino_fundamental"}],"author":[{"embeddable":true,"href":"https:\/\/sme.goiania.go.gov.br\/conexaoescola\/wp-json\/wp\/v2\/users\/64"}],"version-history":[{"count":6,"href":"https:\/\/sme.goiania.go.gov.br\/conexaoescola\/wp-json\/wp\/v2\/ensino_fundamental\/164690\/revisions"}],"predecessor-version":[{"id":176704,"href":"https:\/\/sme.goiania.go.gov.br\/conexaoescola\/wp-json\/wp\/v2\/ensino_fundamental\/164690\/revisions\/176704"}],"wp:featuredmedia":[{"embeddable":true,"href":"https:\/\/sme.goiania.go.gov.br\/conexaoescola\/wp-json\/wp\/v2\/media\/164693"}],"wp:attachment":[{"href":"https:\/\/sme.goiania.go.gov.br\/conexaoescola\/wp-json\/wp\/v2\/media?parent=164690"}],"wp:term":[{"taxonomy":"ef_categoria","embeddable":true,"href":"https:\/\/sme.goiania.go.gov.br\/conexaoescola\/wp-json\/wp\/v2\/ef_categoria?post=164690"},{"taxonomy":"ef_ano","embeddable":true,"href":"https:\/\/sme.goiania.go.gov.br\/conexaoescola\/wp-json\/wp\/v2\/ef_ano?post=164690"},{"taxonomy":"ef_componente","embeddable":true,"href":"https:\/\/sme.goiania.go.gov.br\/conexaoescola\/wp-json\/wp\/v2\/ef_componente?post=164690"}],"curies":[{"name":"wp","href":"https:\/\/api.w.org\/{rel}","templated":true}]}}