{"id":164342,"date":"2023-06-05T18:43:36","date_gmt":"2023-06-05T21:43:36","guid":{"rendered":"https:\/\/sme.goiania.go.gov.br\/conexaoescola\/?post_type=ensino_fundamental&#038;p=164342"},"modified":"2023-06-05T18:43:38","modified_gmt":"2023-06-05T21:43:38","slug":"historia-a-industria-e-o-trabalho","status":"publish","type":"ensino_fundamental","link":"https:\/\/sme.goiania.go.gov.br\/conexaoescola\/ensino_fundamental\/historia-a-industria-e-o-trabalho\/","title":{"rendered":"Hist\u00f3ria &#8211; A ind\u00fastria e o trabalho"},"content":{"rendered":"\n<p class=\"has-text-align-center has-background has-medium-font-size\" style=\"background-color:#d7b8a1\">Esta proposta de atividade de<strong>&nbsp;Hist\u00f3ria&nbsp;<\/strong>\u00e9 destinada aos estudantes do <strong>4\u00ba <strong>ano&nbsp;do Ensino Fundamental<\/strong><\/strong> &#8211; Anos Iniciais.<\/p>\n\n\n\n<div class=\"wp-block-buttons is-content-justification-center is-layout-flex wp-container-core-buttons-is-layout-16018d1d wp-block-buttons-is-layout-flex\">\n<div class=\"wp-block-button\"><a class=\"wp-block-button__link wp-element-button\" href=\"https:\/\/drive.google.com\/uc?export=download&amp;id=1jka8Fmq6BePrKL_rrUZsXIiizNPa7NvG\" target=\"_blank\" rel=\"noreferrer noopener\">BAIXE A ATIVIDADE <\/a><\/div>\n\n\n\n<div class=\"wp-block-button\"><a class=\"wp-block-button__link wp-element-button\" href=\"https:\/\/drive.google.com\/uc?export=download&amp;id=1A7Gkov66oU1k662IDJr8QurIeNCu3d1t\" target=\"_blank\" rel=\"noreferrer noopener\">BAIXE OS SLIDES <\/a><\/div>\n\n\n\n<div class=\"wp-block-button\"><a class=\"wp-block-button__link wp-element-button\" href=\"https:\/\/drive.google.com\/uc?export=download&amp;id=1L88rRtrs2ZDQlz76NllLSwaQ8beUk6lR\" target=\"_blank\" rel=\"noreferrer noopener\">BAIXE O TEXTO<\/a><\/div>\n<\/div>\n\n\n\n<p class=\"has-medium-font-size\">No in\u00edcio do processo de industrializa\u00e7\u00e3o, v\u00e1rias pessoas mudaram-se para as cidades. Ao chegarem, submeteram-se a trabalhos indignos e com nenhuma prote\u00e7\u00e3o. Os movimentos oper\u00e1rios se organizaram e reivindicaram melhores condi\u00e7\u00f5es.<\/p>\n\n\n\n<p class=\"has-text-align-center has-medium-font-size\"><strong>A IND\u00daSTRIA E O TRABALHO<\/strong><\/p>\n\n\n<div class=\"wp-block-image\">\n<figure class=\"aligncenter size-full\"><img decoding=\"async\" src=\"https:\/\/sme.goiania.go.gov.br\/conexaoescola\/wp-content\/uploads\/2023\/06\/4-ANO.jpg\" alt=\"\" class=\"wp-image-164343\"\/><\/figure><\/div>\n\n\n<p class=\"has-text-align-center has-small-font-size\"><strong>\u00a0<\/strong>Dispon\u00edvel em: https:\/\/pixabay.com\/pt\/photos\/f%C3%A1brica-nostalgia-maquinaria-4477482\/.Acesso em 05 jun. 2023<\/p>\n\n\n\n<p class=\"has-medium-font-size\">No s\u00e9culo XVIII, o evento denominado Revolu\u00e7\u00e3o Industrial gerou profundas modifica\u00e7\u00f5es no modo como o trabalho \u00e9 desenvolvido. A industrializa\u00e7\u00e3o ocorrida gerou novos postos de trabalho e muitas fam\u00edlias realizaram o \u00eaxodo rural.<\/p>\n\n\n\n<p class=\"has-medium-font-size\">O aumento da produtividade era a principal meta, por\u00e9m, as condi\u00e7\u00f5es de trabalho para que isso ocorresse eram indignas e degradantes.<\/p>\n\n\n\n<p class=\"has-medium-font-size\">Os trabalhadores n\u00e3o possu\u00edam prote\u00e7\u00e3o de legisla\u00e7\u00f5es e jornadas exaustivas eram frequentes. Sem contar nos ambientes perigosos e insalubres em que as fun\u00e7\u00f5es eram desenvolvidas, o que propiciava in\u00fameros acidentes.<\/p>\n\n\n\n<p class=\"has-text-align-center has-background has-medium-font-size\" style=\"background-color:#d7b8a1\"><strong>MOVIMENTOS OPER\u00c1RIOS<\/strong><\/p>\n\n\n\n<p class=\"has-medium-font-size\">Nos s\u00e9culos XIX e XX, oper\u00e1rios se reuniram para juntos reivindicar por melhores condi\u00e7\u00f5es de trabalho. Os primeiros sindicatos surgiram e grandes greves buscavam chamar a aten\u00e7\u00e3o dos patr\u00f5es e empregadores.<\/p>\n\n\n\n<p class=\"has-medium-font-size\">Os movimentos oper\u00e1rios contribu\u00edram para a discuss\u00e3o sobre o Estado do bem-estar social, ou seja, um Estado preocupado com garantias de condi\u00e7\u00f5es de vida digna \u00e0 popula\u00e7\u00e3o.<\/p>\n\n\n\n<p class=\"has-medium-font-size\">Um dos maiores reflexos do Estado de bem-estar social s\u00e3o as regulamenta\u00e7\u00f5es de leis trabalhistas, prevendo direitos como: f\u00e9rias, limite de jornada de trabalho, exist\u00eancia de sal\u00e1rio-m\u00ednimo e descanso semanal remunerado.<\/p>\n\n\n\n<p class=\"has-medium-font-size\">No Brasil, o ano de 1943 \u00e9 marcado pela cria\u00e7\u00e3o da Consolida\u00e7\u00e3o das Leis do Trabalho, que \u00e9 um documento que re\u00fane os principais direitos e obriga\u00e7\u00f5es nas rela\u00e7\u00f5es trabalhistas.<\/p>\n\n\n\n<p class=\"has-medium-font-size\">Mesmo com os grandes avan\u00e7os da prote\u00e7\u00e3o do trabalhador, infelizmente, \u00e9 comum den\u00fancias de realiza\u00e7\u00e3o de trabalho escravo.<\/p>\n\n\n\n<p class=\"has-text-align-center has-medium-font-size\"><strong>AGORA \u00c9 COM VOC\u00caS, VAMOS RESPONDER ALGUMAS QUEST\u00d5ES?<\/strong><\/p>\n\n\n\n<p class=\"has-text-align-left has-background has-medium-font-size\" style=\"background-color:#d7b8a1\"><strong>Q<strong><strong>uest\u00e3o<\/strong><\/strong> 1<\/strong><\/p>\n\n\n\n<p class=\"has-medium-font-size\">A intensa industrializa\u00e7\u00e3o gerou a precariza\u00e7\u00e3o de condi\u00e7\u00f5es de trabalho, fornecendo condi\u00e7\u00f5es indignas aos oper\u00e1rios.<\/p>\n\n\n\n<p class=\"has-medium-font-size\">A cria\u00e7\u00e3o das leis trabalhistas \u00e9 um reflexo do Estado de:<\/p>\n\n\n\n<p class=\"has-medium-font-size\">(a) Bem-estar social.<\/p>\n\n\n\n<p class=\"has-medium-font-size\">(b) Bem-estar dos patr\u00f5es.<\/p>\n\n\n\n<p class=\"has-medium-font-size\">(c) Prote\u00e7\u00e3o \u00e0s ind\u00fastrias.<\/p>\n\n\n\n<p class=\"has-medium-font-size\">(d) Prote\u00e7\u00e3o aos empregadores.<\/p>\n\n\n\n<p class=\"has-text-align-left has-background has-medium-font-size\" style=\"background-color:#d7b8a1\"><strong>Q<strong><strong>uest\u00e3o<\/strong><\/strong> 2<\/strong><\/p>\n\n\n\n<p class=\"has-medium-font-size\">Os movimentos oper\u00e1rios foram respons\u00e1veis pela press\u00e3o na cria\u00e7\u00e3o de normas trabalhistas.<\/p>\n\n\n\n<p class=\"has-medium-font-size\">Assinale a alternativa que indica uma condi\u00e7\u00e3o de trabalho indigna.&nbsp;<\/p>\n\n\n\n<p class=\"has-medium-font-size\">(a) Oferecimento de equipamentos de seguran\u00e7a e prote\u00e7\u00e3o do trabalhador.<\/p>\n\n\n\n<p class=\"has-medium-font-size\">(b) Realiza\u00e7\u00e3o de atividades em ambientes insalubres e perigosos.<\/p>\n\n\n\n<p class=\"has-medium-font-size\">(c) Concess\u00e3o de descanso semanal com remunera\u00e7\u00e3o garantida.<\/p>\n\n\n\n<p class=\"has-medium-font-size\">(d) Concess\u00e3o de f\u00e9rias anuais para reposi\u00e7\u00e3o das energias.<\/p>\n\n\n\n<p class=\"has-text-align-left has-background has-medium-font-size\" style=\"background-color:#d7b8a1\"><strong>Q<strong>uest\u00e3o<\/strong><\/strong> <strong>3<\/strong><\/p>\n\n\n\n<p class=\"has-medium-font-size\">Observe a imagem que representa a realiza\u00e7\u00e3o de trabalho em uma f\u00e1brica no in\u00edcio do processo de industrializa\u00e7\u00e3o.<\/p>\n\n\n<div class=\"wp-block-image\">\n<figure class=\"aligncenter size-full\"><img fetchpriority=\"high\" decoding=\"async\" width=\"396\" height=\"283\" src=\"https:\/\/sme.goiania.go.gov.br\/conexaoescola\/wp-content\/uploads\/2023\/06\/4.1-ANO.jpg\" alt=\"\" class=\"wp-image-164344\" srcset=\"https:\/\/sme.goiania.go.gov.br\/conexaoescola\/wp-content\/uploads\/2023\/06\/4.1-ANO.jpg 396w, https:\/\/sme.goiania.go.gov.br\/conexaoescola\/wp-content\/uploads\/2023\/06\/4.1-ANO-300x214.jpg 300w\" sizes=\"(max-width: 396px) 100vw, 396px\" \/><\/figure><\/div>\n\n\n<p class=\"has-text-align-center has-small-font-size\"><strong>\u00a0<\/strong>Dispon\u00edvel em: https:\/\/pixnio.com\/pt\/fotos-vintage\/historia-fotografia\/pessoas-cara-criancas-trabalho-fabrica-industria-artesanato-feito-a-mao.Acesso em 05 jun. 2023.<\/p>\n\n\n\n<p class=\"has-medium-font-size\">Quais os problemas representados na imagem e que n\u00e3o seriam mais aceitos pelas leis que protegem os trabalhadores, atualmente?<\/p>\n\n\n\n<p class=\"has-text-align-left has-background has-medium-font-size\" style=\"background-color:#d7b8a1\"><strong>Q<strong><strong>uest\u00e3o<\/strong><\/strong> 4<\/strong><\/p>\n\n\n\n<p class=\"has-medium-font-size\">Os movimentos oper\u00e1rios buscavam trazer \u00e0 discuss\u00e3o temas de prote\u00e7\u00e3o aos trabalhadores que eram marginalizados e sofriam com condi\u00e7\u00f5es degradantes.<\/p>\n\n\n\n<p class=\"has-medium-font-size\">Fa\u00e7a uma pesquisa nos dicion\u00e1rios e registre o significado das palavras que fazem parte dos movimentos oper\u00e1rios:<\/p>\n\n\n\n<p class=\"has-medium-font-size\">a) Sindicato<\/p>\n\n\n\n<p class=\"has-medium-font-size\">b) Greve<\/p>\n\n\n\n<hr class=\"wp-block-separator has-alpha-channel-opacity\"\/>\n\n\n\n<figure class=\"wp-block-table is-style-stripes\"><table><tbody><tr><td><strong>Autoria:<\/strong><\/td><td>Lorena Guimar\u00e3es<\/td><\/tr><tr><td><strong>Forma\u00e7\u00e3o:<\/strong><\/td><td>Formada em Pedagogia e Letras<\/td><\/tr><tr><td><strong>Componente<\/strong>:<\/td><td>Hist\u00f3ria<\/td><\/tr><tr><td><strong>Habilidade<\/strong>:<\/td><td>(EF04HI06) Identificar as transforma\u00e7\u00f5es ocorridas nos processos de deslocamento das pessoas e mercadorias, analisando as formas de adapta\u00e7\u00e3o ou marginaliza\u00e7\u00e3o.<\/td><\/tr><tr><td><strong>Refer\u00eancias:<\/strong><\/td><td>GOI\u00c1S. Documento Curricular para Goi\u00e1s \u2013 Ampliado. Volume II. Ensino Fundamental Anos Finais. CONSED; UNDIME, 2018. 433 p. Dispon\u00edvel em &lt;<a href=\"https:\/\/sme.goiania.go.gov.br\/site\/index.php\/institucional\/documentos-oficiais-2\/category\/27-documentos-gerais&amp;gt&amp;gt\">sme.goiania.go.gov.br\/site\/index.php\/institucional\/documentos-oficiais-2\/category\/27-documentos-gerais&amp;gt&amp;gt<\/a>;. Acesso em 23\/03\/2023.<br><br>GOI\u00c1S. Documento Curricular para Goi\u00e1s \u2013 Ampliado. Cortes Temporais. CONSED; UNDIME, 2019. p. 143. Dispon\u00edvel em: &lt;<a href=\"https:\/\/sme.goiania.go.gov.br\/site\/index.php\/institucional\/documentos-oficiais-2\">sme.goiania.go.gov.br\/site\/index.php\/institucional\/documentos-oficiais-2 >\u00a0<\/a>. Acesso em 23\/03\/2023.<br><br>ESCRAVO, NEM PENSAR! Ciclo do trabalho escravo contempor\u00e2neo? Dispon\u00edvel em: <a href=\"https:\/\/www.youtube.com\/watch?v=Q1T9qRb9B8E\">https:\/\/www.youtube.com\/watch?v=Q1T9qRb9B8E<\/a>. Acesso em 05 jun. 2023.<br><br>PORTAL DA IND\u00daSTRIA.\u00a0 Legisla\u00e7\u00e3o Trabalhista.\u00a0 Dispon\u00edvel em: <a href=\"https:\/\/www.portaldaindustria.com.br\/industria-de-a-z\/o-que-e-legislacao-trabalhista\/#:~:text=A%20CLT%20foi%20criada%20pelo,direitos%20trabalhistas%20na%20legisla%C3%A7%C3%A3o%20brasileira\">https:\/\/www.portaldaindustria.com.br\/industria-de-a-z\/o-que-e-legislacao-trabalhista\/#:~:text=A%20CLT%20foi%20criada%20pelo,direitos%20trabalhistas%20na%20legisla%C3%A7%C3%A3o%20brasileira<\/a>. Acesso em 05 jun. 2023.<br><\/td><\/tr><\/tbody><\/table><\/figure>\n\n\n\n<p><\/p>\n\n\n\n<p class=\"has-text-align-center has-white-background-color has-background has-medium-font-size\"><\/p>\n","protected":false},"author":59,"featured_media":164343,"template":"","ef_categoria":[13,14],"ef_ano":[87],"ef_componente":[95],"class_list":["post-164342","ensino_fundamental","type-ensino_fundamental","status-publish","has-post-thumbnail","hentry","ef_categoria-ciclo-da-infancia-abc","ef_categoria-ciclo-da-infancia-de","ef_ano-4o-ano","ef_componente-historia","entry","has-media"],"acf":[],"_links":{"self":[{"href":"https:\/\/sme.goiania.go.gov.br\/conexaoescola\/wp-json\/wp\/v2\/ensino_fundamental\/164342","targetHints":{"allow":["GET"]}}],"collection":[{"href":"https:\/\/sme.goiania.go.gov.br\/conexaoescola\/wp-json\/wp\/v2\/ensino_fundamental"}],"about":[{"href":"https:\/\/sme.goiania.go.gov.br\/conexaoescola\/wp-json\/wp\/v2\/types\/ensino_fundamental"}],"author":[{"embeddable":true,"href":"https:\/\/sme.goiania.go.gov.br\/conexaoescola\/wp-json\/wp\/v2\/users\/59"}],"version-history":[{"count":2,"href":"https:\/\/sme.goiania.go.gov.br\/conexaoescola\/wp-json\/wp\/v2\/ensino_fundamental\/164342\/revisions"}],"predecessor-version":[{"id":164346,"href":"https:\/\/sme.goiania.go.gov.br\/conexaoescola\/wp-json\/wp\/v2\/ensino_fundamental\/164342\/revisions\/164346"}],"wp:featuredmedia":[{"embeddable":true,"href":"https:\/\/sme.goiania.go.gov.br\/conexaoescola\/wp-json\/wp\/v2\/media\/164343"}],"wp:attachment":[{"href":"https:\/\/sme.goiania.go.gov.br\/conexaoescola\/wp-json\/wp\/v2\/media?parent=164342"}],"wp:term":[{"taxonomy":"ef_categoria","embeddable":true,"href":"https:\/\/sme.goiania.go.gov.br\/conexaoescola\/wp-json\/wp\/v2\/ef_categoria?post=164342"},{"taxonomy":"ef_ano","embeddable":true,"href":"https:\/\/sme.goiania.go.gov.br\/conexaoescola\/wp-json\/wp\/v2\/ef_ano?post=164342"},{"taxonomy":"ef_componente","embeddable":true,"href":"https:\/\/sme.goiania.go.gov.br\/conexaoescola\/wp-json\/wp\/v2\/ef_componente?post=164342"}],"curies":[{"name":"wp","href":"https:\/\/api.w.org\/{rel}","templated":true}]}}