{"id":1636,"date":"2020-05-18T07:00:00","date_gmt":"2020-05-18T10:00:00","guid":{"rendered":"http:\/\/sme.goiania.go.gov.br\/conexaoescola\/?post_type=ensino_fundamental&#038;p=1636"},"modified":"2020-05-27T17:34:39","modified_gmt":"2020-05-27T20:34:39","slug":"e-ai-a-agua-acabou","status":"publish","type":"ensino_fundamental","link":"https:\/\/sme.goiania.go.gov.br\/conexaoescola\/ensino_fundamental\/e-ai-a-agua-acabou\/","title":{"rendered":"E a\u00ed, a \u00e1gua acabou?"},"content":{"rendered":"\n<p><strong>Voc\u00ea j\u00e1 pensou como a \u00e1gua \u00e9 importante<\/strong> e como dependemos dela para sobreviver? No v\u00eddeo \u201cA import\u00e2ncia da \u00e1gua\u201d, do canal Wilivro, publicado no Youtube, voc\u00ea descobrir\u00e1 v\u00e1rias utiliza\u00e7\u00f5es da \u00e1gua no seu dia a dia.&nbsp;<\/p>\n\n\n\n<p><strong>Clique no V\u00eddeo para assistir:<\/strong><\/p>\n\n\n\n<figure class=\"wp-block-embed-youtube wp-block-embed is-type-video is-provider-youtube wp-embed-aspect-16-9 wp-has-aspect-ratio\"><div class=\"wp-block-embed__wrapper\">\n<p class=\"responsive-video-wrap clr\"><iframe title=\"A import\u00e2ncia da \u00e1gua - Cartilha Planeta \u00c1gua [com legendas]\" width=\"1200\" height=\"675\" src=\"https:\/\/www.youtube.com\/embed\/HQYbLX7ieYo?feature=oembed\" frameborder=\"0\" allow=\"accelerometer; autoplay; encrypted-media; gyroscope; picture-in-picture\" allowfullscreen><\/iframe><\/p>\n<\/div><figcaption>Clique Na Imagem Para Assistir Ao V\u00eddeo<\/figcaption><\/figure>\n\n\n\n<p><strong>Viu?<\/strong> A \u00e1gua sempre esteve presente na vida do ser humano. Voc\u00ea percebeu em quantas coisas ela \u00e9 utilizada?<\/p>\n\n\n\n<p>Fa\u00e7a um registro no seu caderno, enumerando onde e como as pessoas utilizam a \u00e1gua. Pesquise tamb\u00e9m em qual estado fica o rio Coruripe.<\/p>\n\n\n\n<p>A \u00e1gua \u00e9 fonte de vida e renda para muitas pessoas. Infelizmente, ela \u00e9 utilizada de maneira errada pelas pessoas, que n\u00e3o evitam o desperd\u00edcio.<\/p>\n\n\n\n<p>Desperdi\u00e7ar significa n\u00e3o aproveitar da maneira correta. Isso \u00e9 muito ruim, pois a \u00e1gua \u00e9 um recurso finito, ou seja, pode acabar.&nbsp;<\/p>\n\n\n\n<p>Al\u00e9m disso, esse desperd\u00edcio traz consequ\u00eancias \u00e0s finan\u00e7as da sua fam\u00edlia. Vamos entender melhor?&nbsp;<\/p>\n\n\n\n<p class=\"has-medium-font-size\"><strong>Clique no link:<\/strong> <a href=\"https:\/\/meubolsofeliz.com.br\/o-desperdicio-de-agua-pesa-no-seu-bolso\/\">https:\/\/meubolsofeliz.com.br\/o-desperdicio-de-agua-pesa-no-seu-bolso\/<\/a>    e leia o texto \u201cO desperd\u00edcio da \u00e1gua pesa no bolso\u201d: <\/p>\n\n\n\n<p class=\"has-medium-font-size\"><a href=\"https:\/\/meubolsofeliz.com.br\/ilustracoes\/combo1\/desperdicio-invisivel.jpg\">https:\/\/meubolsofeliz.com.br\/ilustracoes\/combo1\/desperdicio-invisivel.jpg<\/a><\/p>\n\n\n\n<p><strong>Gostou do texto?<\/strong> Ele fala sobre um desperd\u00edcio \u201cinvis\u00edvel\u201d de \u00e1gua que acontece em nossas casas.<\/p>\n\n\n\n<p><strong>Voc\u00ea sabe o que significa a palavra invis\u00edvel e qual \u00e9 a sua interpreta\u00e7\u00e3o nesse contexto?<\/strong><\/p>\n\n\n\n<p>Investigue, pergunte aos seus pais e fa\u00e7a um verbete explicando o significado desse termo nessa frase.<br><br><\/p>\n\n\n\n<figure class=\"wp-block-image\"><img decoding=\"async\" src=\"https:\/\/lh6.googleusercontent.com\/b8LOYKxiqyJ6ZbxdEIRdorqfhP_SuYSw_EI6yQnW6xGQJMOgfpExztMxKWCtCFZyYa8w2Fynh-oYyymXS-kfDayzUkDFmsS1QUwJ7krBmrBwkkDbTV1CDTA2U77HFfjpFK5z2Tbd\" alt=\"Verbete teoria\"\/><\/figure>\n\n\n\n<p>Exemplo de verbete:&nbsp;<\/p>\n\n\n\n<figure class=\"wp-block-image\"><img decoding=\"async\" src=\"https:\/\/lh6.googleusercontent.com\/-w0Xrmut4vOzpTp_lk5d3Ojs5nlGu4tyoPmxMA9lXErnKkWEnRzxnFIw4u4YUqFMVPSDSXJjEpwJqMAIzSlLOk5X3UfJ_ci_F4mhxyqCc3Futr3pwfgvb3J6M8xAuUUCO8xoHR8C\" alt=\"verbete da entrada Cavalo.\"\/><\/figure>\n\n\n\n<p><a href=\"https:\/\/www.researchgate.net\/figure\/Figura-7-verbete-da-entrada-Cavalo_fig5_334495109\">https:\/\/www.researchgate.net\/figure\/Figura-7-verbete-da-entrada-Cavalo_fig5_334495109<\/a><\/p>\n\n\n\n<p>Quando escovamos os dentes com a torneira aberta, gastamos quase 12 litros de \u00e1gua, em 5 minutos. Se escovarmos com a torneira fechada, o gasto passa a ser de apenas 1 litro, gerando uma economia de 11 litros. Quantas pessoas moram na sua casa? <strong>Se todas elas escovarem os<\/strong> <strong>dentes com a torneira desligada, quantos litros&nbsp; voc\u00eas economizar\u00e3o em cinco minutos?<\/strong> Fa\u00e7a as contas, registre em seu caderno e apresente o resultado para sua fam\u00edlia, mostrando que voc\u00eas podem aproveitar melhor a \u00e1gua.<\/p>\n\n\n\n<p>Todos os dias, por falta de aten\u00e7\u00e3o, desperdi\u00e7amos \u00e1gua. Quando chega a conta, ficamos assustados com o valor que precisa ser pago. Voc\u00ea j\u00e1 observou a conta de \u00e1gua que \u00e9 paga todo m\u00eas em sua casa? Vamos entender como funciona?&nbsp; Vamos observar uma conta de \u00e1gua retirada da internet.<\/p>\n\n\n\n<figure class=\"wp-block-image\"><img decoding=\"async\" src=\"https:\/\/lh4.googleusercontent.com\/i6hhGCzc3MTnLWaVEIdd6lSPntizahIygr40XLpgs_IhJ59k5HutVxCxuX-BBoOXbePYjqag428gHH3GDLPeojkHOHxRVElT9-V81cF286QBJtlD2DjT8-d8lPFJXbbTAGEasFgO\" alt=\"\"\/><\/figure>\n\n\n\n<p>Imagem retirada da internet \u2013 Adaptada<\/p>\n\n\n\n<figure class=\"wp-block-embed-wordpress wp-block-embed is-type-wp-embed is-provider-ancelmo-a-queiroz\"><div class=\"wp-block-embed__wrapper\">\n<div class=\"oceanwp-oembed-wrap clr\"><blockquote class=\"wp-embedded-content\" data-secret=\"vnjs1ZOod2\"><a href=\"https:\/\/www.ancelmo.queiroz.nom.br\/usuario-ecologicamente-correto-e-punido-por-estatal-de-saneamento\/\">Usu\u00e1rio ecologicamente correto \u00e9 punido por estatal de saneamento<\/a><\/blockquote><iframe title=\"&#8220;Usu\u00e1rio ecologicamente correto \u00e9 punido por estatal de saneamento&#8221; &#8212; Ancelmo A. Queiroz\" class=\"wp-embedded-content\" sandbox=\"allow-scripts\" security=\"restricted\" style=\"position: absolute; clip: rect(1px, 1px, 1px, 1px);\" src=\"https:\/\/www.ancelmo.queiroz.nom.br\/usuario-ecologicamente-correto-e-punido-por-estatal-de-saneamento\/embed\/#?secret=vnjs1ZOod2\" data-secret=\"vnjs1ZOod2\" width=\"600\" height=\"338\" frameborder=\"0\" marginwidth=\"0\" marginheight=\"0\" scrolling=\"no\"><\/iframe><\/div>\n<\/div><\/figure>\n\n\n\n<p>A conta de \u00e1gua \u00e9 divida em 4 partes:<br><\/p>\n\n\n\n<p>A primeira traz informa\u00e7\u00f5es da empresa respons\u00e1vel por distribuir e tratar a \u00e1gua que chega na sua casa. Voc\u00ea notou que o termo SANEAGO \u00e9 a sigla para o nome completo da empresa \u201cSANEAMENTO DE GOI\u00c1S S.A.?<\/p>\n\n\n\n<p>A sigla \u00e9 um tipo de abrevia\u00e7\u00e3o utilizada para reduzir algumas palavras, a fim de que haja mais agilidade, tanto ao falar, quanto ao escrever. \u00c9 formada, geralmente, pelas iniciais dos termos.<\/p>\n\n\n\n<p>Existem outras siglas contidas nas informa\u00e7\u00f5es da empresa. Investigue e escreva, em seu caderno, o significado delas.<\/p>\n\n\n\n<p>A segunda parte descreve as informa\u00e7\u00f5es do consumidor. Pode acontecer de a sua conta vir com um nome desconhecido. Esse nome pode ser do antigo morador da casa ou do dono do im\u00f3vel. Al\u00e9m do nome, existe um n\u00famero que identifica cada im\u00f3vel.&nbsp;<\/p>\n\n\n\n<figure class=\"wp-block-image is-resized\"><img fetchpriority=\"high\" decoding=\"async\" src=\"https:\/\/lh5.googleusercontent.com\/Byj-Mr0x5QFJhybPlrM1u8He40A41hc1lAEp9bnthK47E5U8b4KYphEYJqqVgJ11CJjnMmsNk7GhDfFjSRd0r2KjCgJXkR-IFaCnmzc9aYo00R0DIoHsIS9SN7lBK3ACAd5q0f3Z\" alt=\"\" width=\"512\" height=\"136\"\/><\/figure>\n\n\n\n<p>Localize o n\u00famero da conta nessa segunda parte. Voc\u00ea sabia que esse n\u00famero serve para identificar a sua casa? \u00c0s vezes, em um \u00fanico endere\u00e7o tem duas ou mais casas e, para evitar erros no pagamento, cada conta possui um n\u00famero diferente.&nbsp; A data de emiss\u00e3o \u00e9 o dia que foi impressa a conta.&nbsp;<\/p>\n\n\n\n<p>Voc\u00ea notou que, nessa parte da conta, vem escrito o nome &#8220;hidr\u00f4metro&#8221;? Voc\u00ea sabe o que isso significa? Pesquise o significado dessa palavra no dicion\u00e1rio ou na internet e fa\u00e7a um desenho, em seu caderno, do hidr\u00f4metro da sua casa.<\/p>\n\n\n\n<p>Na pr\u00f3xima atividade, continuaremos a aprender sobre a conta de \u00e1gua e o que fazer para economizar na hora de pag\u00e1-la. At\u00e9 breve.<\/p>\n\n\n\n<p>&#8212;&#8212;&#8212;&#8212;&#8212;&#8212;&#8212;&#8211;<\/p>\n\n\n\n<p><strong>Se quiser saber mais, acesse os links abaixo.<\/strong><\/p>\n\n\n\n<p><strong>V\u00eddeo :<\/strong> Turma da M\u00f4nica &#8211; Economizar \u00c1gua &#8211;<\/p>\n\n\n\n<figure class=\"wp-block-embed-youtube wp-block-embed is-type-video is-provider-youtube wp-embed-aspect-16-9 wp-has-aspect-ratio\"><div class=\"wp-block-embed__wrapper\">\n <p class=\"responsive-video-wrap clr\"><iframe title=\"Turma da M\u00f4nica - Economizar \u00c1gua\" width=\"1200\" height=\"675\" src=\"https:\/\/www.youtube.com\/embed\/SlfpR8IgQeY?feature=oembed\" frameborder=\"0\" allow=\"accelerometer; autoplay; encrypted-media; gyroscope; picture-in-picture\" allowfullscreen><\/iframe><\/p>\n<\/div><figcaption>Clique Na Imagem Para Assistir Ao V\u00eddeo<\/figcaption><\/figure>\n\n\n\n<p><strong>V\u00eddeo:<\/strong> Cuidado com o Apag\u00e3o | Turma da M\u00f4nica &#8211; <\/p>\n\n\n\n<figure class=\"wp-block-embed-youtube wp-block-embed is-type-video is-provider-youtube wp-embed-aspect-16-9 wp-has-aspect-ratio\"><div class=\"wp-block-embed__wrapper\">\n<p class=\"responsive-video-wrap clr\"><iframe title=\"Cuidado com o Apag\u00e3o | Turma da M\u00f4nica\" width=\"1200\" height=\"675\" src=\"https:\/\/www.youtube.com\/embed\/ecfDSTEnLSc?feature=oembed\" frameborder=\"0\" allow=\"accelerometer; autoplay; encrypted-media; gyroscope; picture-in-picture\" allowfullscreen><\/iframe><\/p>\n<\/div><figcaption><strong>\u00a0<\/strong>\u00a0Clique Na Imagem Para Assistir Ao V\u00eddeo<\/figcaption><\/figure>\n\n\n\n<p class=\"has-text-align-center\"><br><br><a href=\"http:\/\/sme.goiania.go.gov.br\/conexaoescola\/page-ensino-fundamental\/ciclo-da-infancia-turmas-d-e-e\/\">Ensino Fundamental \u2013 Ciclo da Inf\u00e2ncia \u2013 D e E \u2013 Educa\u00e7\u00e3o Financeira e Empreendedorismo<\/a><\/p>\n\n\n\n<figure class=\"wp-block-table\"><table><tbody><tr><td><br><strong>Habilidades de Matem\u00e1tica:&nbsp;<\/strong><\/td><\/tr><tr><td><br>(EF04MA20-B) Reconhecer e medir comprimentos, incluindo per\u00edmetros, massas e capacidades, utilizando unidades de medida padronizadas mais usuais.<br>(EF05MA19-F) Ler, interpretar, resolver e elaborar problemas envolvendo medidas de capacidade, recorrendo a transforma\u00e7\u00f5es entre as unidades mais usuais em contextos socioculturais utilizando gr\u00e1ficos e tabelas.<\/td><\/tr><tr><td><strong>Habilidades de L\u00edngua Portuguesa:&nbsp;<\/strong><\/td><\/tr><tr><td>(EF15LP18) Relacionar textos com ilustra\u00e7\u00f5es e outros recursos gr\u00e1ficos (leitura multissemi\u00f3tica).<\/td><\/tr><\/tbody><\/table><\/figure>\n","protected":false},"author":8,"featured_media":1637,"template":"","ef_categoria":[14,24],"ef_ano":[],"ef_componente":[],"class_list":["post-1636","ensino_fundamental","type-ensino_fundamental","status-publish","has-post-thumbnail","hentry","ef_categoria-ciclo-da-infancia-de","ef_categoria-educacao-financeira-e-empreendedorismo-ciclo-da-infancia-de","entry","has-media"],"acf":[],"_links":{"self":[{"href":"https:\/\/sme.goiania.go.gov.br\/conexaoescola\/wp-json\/wp\/v2\/ensino_fundamental\/1636","targetHints":{"allow":["GET"]}}],"collection":[{"href":"https:\/\/sme.goiania.go.gov.br\/conexaoescola\/wp-json\/wp\/v2\/ensino_fundamental"}],"about":[{"href":"https:\/\/sme.goiania.go.gov.br\/conexaoescola\/wp-json\/wp\/v2\/types\/ensino_fundamental"}],"author":[{"embeddable":true,"href":"https:\/\/sme.goiania.go.gov.br\/conexaoescola\/wp-json\/wp\/v2\/users\/8"}],"version-history":[{"count":0,"href":"https:\/\/sme.goiania.go.gov.br\/conexaoescola\/wp-json\/wp\/v2\/ensino_fundamental\/1636\/revisions"}],"wp:featuredmedia":[{"embeddable":true,"href":"https:\/\/sme.goiania.go.gov.br\/conexaoescola\/wp-json\/wp\/v2\/media\/1637"}],"wp:attachment":[{"href":"https:\/\/sme.goiania.go.gov.br\/conexaoescola\/wp-json\/wp\/v2\/media?parent=1636"}],"wp:term":[{"taxonomy":"ef_categoria","embeddable":true,"href":"https:\/\/sme.goiania.go.gov.br\/conexaoescola\/wp-json\/wp\/v2\/ef_categoria?post=1636"},{"taxonomy":"ef_ano","embeddable":true,"href":"https:\/\/sme.goiania.go.gov.br\/conexaoescola\/wp-json\/wp\/v2\/ef_ano?post=1636"},{"taxonomy":"ef_componente","embeddable":true,"href":"https:\/\/sme.goiania.go.gov.br\/conexaoescola\/wp-json\/wp\/v2\/ef_componente?post=1636"}],"curies":[{"name":"wp","href":"https:\/\/api.w.org\/{rel}","templated":true}]}}