{"id":162684,"date":"2023-05-12T13:35:34","date_gmt":"2023-05-12T16:35:34","guid":{"rendered":"https:\/\/sme.goiania.go.gov.br\/conexaoescola\/?post_type=ensino_fundamental&#038;p=162684"},"modified":"2023-05-12T13:35:36","modified_gmt":"2023-05-12T16:35:36","slug":"historia-as-liberdades-nas-americas","status":"publish","type":"ensino_fundamental","link":"https:\/\/sme.goiania.go.gov.br\/conexaoescola\/ensino_fundamental\/historia-as-liberdades-nas-americas\/","title":{"rendered":"Hist\u00f3ria &#8211; As liberdades nas Am\u00e9ricas"},"content":{"rendered":"\n<p class=\"has-black-color has-vivid-green-cyan-background-color has-text-color has-background has-medium-font-size\">Esta proposta de atividade de\u00a0<strong>HIST\u00d3RIA<\/strong>\u00a0\u00e9 destinada aos estudantes do\u00a0<strong>8\u00b0 Ano<\/strong>\u00a0do Ensino Fundamental Anos Finais.<\/p>\n\n\n\n<p><\/p>\n\n\n\n<div class=\"wp-block-buttons is-content-justification-center is-layout-flex wp-container-core-buttons-is-layout-16018d1d wp-block-buttons-is-layout-flex\">\n<div class=\"wp-block-button has-custom-font-size has-medium-font-size\"><a class=\"wp-block-button__link has-white-color has-black-background-color has-text-color has-background wp-element-button\" href=\"https:\/\/docs.google.com\/document\/d\/1F5FFvWvJWY4LqJ9E7WMy-yDT5ANivf0i\/copy\" target=\"_blank\" rel=\"noreferrer noopener\"><strong>Baixar a atividade<\/strong><\/a><\/div>\n\n\n\n<div class=\"wp-block-button has-custom-font-size has-medium-font-size\"><a class=\"wp-block-button__link has-white-color has-black-background-color has-text-color has-background wp-element-button\" href=\"https:\/\/docs.google.com\/presentation\/d\/1hkeQ_aZnrzkEj-gcKD9q9VJJtj5zuQ5u\/copy\" target=\"_blank\" rel=\"noreferrer noopener\"><strong>Baixar os Slides<\/strong><\/a><\/div>\n\n\n\n<div class=\"wp-block-button has-custom-font-size has-medium-font-size\"><a class=\"wp-block-button__link has-white-color has-black-background-color has-text-color has-background wp-element-button\" href=\"https:\/\/docs.google.com\/document\/d\/1J4W4EuI6spmPH0_c73vGreHEEYeTcSBK\/copy\" target=\"_blank\" rel=\"noreferrer noopener\"><strong>Baixar o texto<\/strong><\/a><\/div>\n<\/div>\n\n\n\n<p><\/p>\n\n\n<div class=\"wp-block-image\">\n<figure class=\"aligncenter size-full\"><img fetchpriority=\"high\" decoding=\"async\" width=\"569\" height=\"496\" src=\"https:\/\/sme.goiania.go.gov.br\/conexaoescola\/wp-content\/uploads\/2023\/05\/America-Latina-e1683907543338.jpg\" alt=\"\" class=\"wp-image-162686\" srcset=\"https:\/\/sme.goiania.go.gov.br\/conexaoescola\/wp-content\/uploads\/2023\/05\/America-Latina-e1683907543338.jpg 569w, https:\/\/sme.goiania.go.gov.br\/conexaoescola\/wp-content\/uploads\/2023\/05\/America-Latina-e1683907543338-300x262.jpg 300w\" sizes=\"(max-width: 569px) 100vw, 569px\" \/><\/figure><\/div>\n\n\n<p class=\"has-text-align-center has-small-font-size\">Dispon\u00edvel em: &lt;<a href=\"https:\/\/seer.ufs.br\/index.php\/tempo\/issue\/view\/494\">https:\/\/seer.ufs.br\/index.php\/tempo\/issue\/view\/494<\/a>>. Acesso em: 12 maio 2023.<\/p>\n\n\n\n<p><\/p>\n\n\n\n<p class=\"has-text-align-center has-black-color has-text-color has-background\" style=\"background-color:#cf2d2dd1;font-size:30px\"><strong>O papel das mulheres na independ\u00eancia da Am\u00e9rica espanhola<\/strong><\/p>\n\n\n\n<p class=\"has-black-color has-text-color has-medium-font-size\">As mulheres desempenharam pap\u00e9is importantes na luta pela independ\u00eancia da Am\u00e9rica Espanhola, embora muitas vezes suas contribui\u00e7\u00f5es tenham sido subestimadas ou esquecidas. Aqui est\u00e3o alguns exemplos:<\/p>\n\n\n\n<p class=\"has-black-color has-text-color has-medium-font-size\">Lideran\u00e7a pol\u00edtica: Algumas mulheres assumiram pap\u00e9is de lideran\u00e7a em movimentos pol\u00edticos independentistas. Por exemplo, Manuela S\u00e1enz foi uma importante l\u00edder pol\u00edtica na luta pela independ\u00eancia do Equador. Ela foi uma das principais colaboradoras do l\u00edder independentista Sim\u00f3n Bol\u00edvar, e desempenhou um papel fundamental em v\u00e1rias batalhas.<\/p>\n\n\n\n<p class=\"has-black-color has-text-color has-medium-font-size\">Espionagem: Algumas mulheres atuaram como espi\u00e3s durante a luta pela independ\u00eancia. Por exemplo, Leona Vicario, do M\u00e9xico, ajudou a fornecer informa\u00e7\u00f5es importantes para os l\u00edderes independentistas sobre os planos do governo espanhol.<\/p>\n\n\n\n<p class=\"has-black-color has-text-color has-medium-font-size\">Financiamento: As mulheres tamb\u00e9m desempenharam um papel importante no financiamento da luta pela independ\u00eancia. Muitas mulheres ricas fizeram doa\u00e7\u00f5es generosas para as causas independentistas e ajudaram a garantir que os l\u00edderes independentistas tivessem os recursos de que precisavam.<\/p>\n\n\n\n<p class=\"has-black-color has-text-color has-medium-font-size\">Apoio log\u00edstico: Algumas mulheres ajudaram a fornecer apoio log\u00edstico para as tropas independentistas. Por exemplo, as &#8220;mulheres valentes&#8221; da Venezuela ajudaram a transportar suprimentos e armas para as tropas independentistas.<\/p>\n\n\n\n<p class=\"has-black-color has-text-color has-medium-font-size\">Em resumo, as mulheres desempenharam uma variedade de pap\u00e9is importantes na luta pela independ\u00eancia da Am\u00e9rica Espanhola. Embora suas contribui\u00e7\u00f5es muitas vezes tenham sido subestimadas ou esquecidas, \u00e9 importante reconhecer o papel crucial que elas desempenharam na luta pela independ\u00eancia e na forma\u00e7\u00e3o das na\u00e7\u00f5es que hoje comp\u00f5em a Am\u00e9rica Latina.<\/p>\n\n\n\n<p class=\"has-text-align-center has-black-color has-vivid-cyan-blue-background-color has-text-color has-background\" style=\"font-size:30px\"><strong>Responda \u00e0s quest\u00f5es<\/strong><\/p>\n\n\n\n<p class=\"has-black-color has-light-green-cyan-background-color has-text-color has-background has-medium-font-size\"><strong>Quest\u00e3o 1<\/strong><\/p>\n\n\n\n<p class=\"has-black-color has-text-color has-medium-font-size\">Sobre as independ\u00eancias na Am\u00e9rica Latina: observe o mapa abaixo, pesquise data em que ocorreu a Independ\u00eancia de cada pa\u00eds, pinte-o (cada pa\u00eds de uma cor) colocando a data em que ocorreu a Independ\u00eancia de cada pa\u00eds.\u00a0<\/p>\n\n\n<div class=\"wp-block-image\">\n<figure class=\"aligncenter size-full is-resized\"><img decoding=\"async\" src=\"https:\/\/sme.goiania.go.gov.br\/conexaoescola\/wp-content\/uploads\/2023\/05\/Mapa-Americas-e1683908398660.jpg\" alt=\"\" class=\"wp-image-162691\" width=\"531\" height=\"693\" srcset=\"https:\/\/sme.goiania.go.gov.br\/conexaoescola\/wp-content\/uploads\/2023\/05\/Mapa-Americas-e1683908398660.jpg 531w, https:\/\/sme.goiania.go.gov.br\/conexaoescola\/wp-content\/uploads\/2023\/05\/Mapa-Americas-e1683908398660-230x300.jpg 230w\" sizes=\"(max-width: 531px) 100vw, 531px\" \/><\/figure><\/div>\n\n\n<p class=\"has-black-color has-text-color has-small-font-size\">Dispon\u00edvel em: &lt;<a href=\"https:\/\/pixabay.com\/pt\/vectors\/sul-am%c3%a9rica-mapa-pol%c3%adtico-latina-35734\/\">https:\/\/pixabay.com\/pt\/vectors\/sul-am%c3%a9rica-mapa-pol%c3%adtico-latina-35734\/<\/a>>. Acesso em: 12 maio 2023.<\/p>\n\n\n\n<p class=\"has-black-color has-light-green-cyan-background-color has-text-color has-background has-medium-font-size\"><strong>Quest\u00e3o 2<\/strong><\/p>\n\n\n\n<p class=\"has-black-color has-text-color has-medium-font-size\">Pesquise e anote em seu caderno o nome dos dois principais l\u00edderes das lutas pela Independ\u00eancia na Am\u00e9rica Espanhola.<\/p>\n\n\n\n<p class=\"has-black-color has-light-green-cyan-background-color has-text-color has-background has-medium-font-size\"><strong>Quest\u00e3o 3<\/strong><\/p>\n\n\n\n<p class=\"has-black-color has-text-color has-medium-font-size\">As mulheres desempenharam uma variedade de pap\u00e9is importantes na luta pela independ\u00eancia da Am\u00e9rica Espanhola, embora suas contribui\u00e7\u00f5es muitas vezes tenham sido \u201csubestimadas\u201d ou \u201cesquecidas\u201d. Este esquecimento foi algo intencional. Leia as op\u00e7\u00f5es abaixo e marque a que melhor se encaixa para descrever esse processo de \u201capagamento\u201d dessas mulheres nos livros e na hist\u00f3ria.<\/p>\n\n\n\n<p class=\"has-black-color has-text-color has-medium-font-size\">(A) Epistemic\u00eddio<\/p>\n\n\n\n<p class=\"has-black-color has-text-color has-medium-font-size\">(B) Fratric\u00eddio<\/p>\n\n\n\n<p class=\"has-black-color has-text-color has-medium-font-size\">(C) Alus\u00e3o<\/p>\n\n\n\n<p class=\"has-black-color has-text-color has-medium-font-size\">(D) Permacultura<\/p>\n\n\n\n<p class=\"has-black-color has-vivid-green-cyan-background-color has-text-color has-background has-medium-font-size\"><strong>Quest\u00e3o 4<\/strong><\/p>\n\n\n\n<p class=\"has-black-color has-text-color has-medium-font-size\">A Am\u00e9rica Latina foi uma regi\u00e3o colonizada por pot\u00eancias europeias, principalmente Portugal e Espanha, durante s\u00e9culos. A luta pela independ\u00eancia desses pa\u00edses ocorreu ao longo do s\u00e9culo XIX e resultou em diversas na\u00e7\u00f5es independentes.<\/p>\n\n\n\n<p class=\"has-black-color has-text-color has-medium-font-size\">Sobre o primeiro pa\u00eds da Am\u00e9rica Latina a ser independente, a resposta correta \u00e9:<\/p>\n\n\n\n<p class=\"has-black-color has-text-color has-medium-font-size\">(A) Haiti<\/p>\n\n\n\n<p class=\"has-black-color has-text-color has-medium-font-size\">(B) Argentina<\/p>\n\n\n\n<p class=\"has-black-color has-text-color has-medium-font-size\">(C) M\u00e9xico<\/p>\n\n\n\n<p class=\"has-black-color has-text-color has-medium-font-size\">(D) Brasil<\/p>\n\n\n\n<p class=\"has-black-color has-text-color has-medium-font-size\">Agora escreve o nome do pa\u00eds abaixo:<\/p>\n\n\n\n<p class=\"has-black-color has-text-color has-medium-font-size\">O ______ foi o primeiro pa\u00eds a se tornar independente na Am\u00e9rica Latina, em 1804. O pa\u00eds era uma col\u00f4nia francesa e a luta pela independ\u00eancia foi liderada por Toussaint L&#8217;Ouverture e Jean-Jacques Dessalines. A independ\u00eancia do ________ foi conquistada ap\u00f3s uma longa luta contra as for\u00e7as coloniais francesas e seus aliados, incluindo o ex\u00e9rcito brit\u00e2nico.<\/p>\n\n\n\n<figure class=\"wp-block-table is-style-stripes\"><table><tbody><tr><td><strong>Autoria:<\/strong><\/td><td>Prof. Esp.: Uilson Silva Duarte<\/td><\/tr><tr><td><strong>Forma\u00e7\u00e3o:<\/strong><\/td><td>Hist\u00f3ria<\/td><\/tr><tr><td><strong>Componente Curricular:<\/strong><\/td><td>Hist\u00f3ria<\/td><\/tr><tr><td><strong>Habilidades:<\/strong><\/td><td><strong>(EF08HI07)<\/strong> Identificar e contextualizar as especificidades dos diversos processos de independ\u00eancia nas Am\u00e9ricas, seus aspectos populacionais e suas conforma\u00e7\u00f5es territoriais.<strong>(EF08HI08)<\/strong> Conhecer o ide\u00e1rio dos l\u00edderes dos movimentos independentistas e seu papel nas revolu\u00e7\u00f5es que levaram \u00e0 independ\u00eancia das col\u00f4nias hispano-americanas.<\/td><\/tr><tr><td><strong>Refer\u00eancias:<\/strong><\/td><td><strong>BETHELL<\/strong>, Leslie. (org.). Hist\u00f3ria da Am\u00e9rica Latina, v. III: Da Independ\u00eancia at\u00e9 1870. S\u00e3o Paulo: Editora da Universidade de S\u00e3o Paulo \/ Imprensa Oficial do Estado; Bras\u00edlia: Funda\u00e7\u00e3o Alexandre de Gusm\u00e3o, 2001.<\/td><\/tr><\/tbody><\/table><\/figure>\n","protected":false},"author":51,"featured_media":162686,"template":"","ef_categoria":[],"ef_ano":[91],"ef_componente":[95],"class_list":["post-162684","ensino_fundamental","type-ensino_fundamental","status-publish","has-post-thumbnail","hentry","ef_ano-8o-ano","ef_componente-historia","entry","has-media"],"acf":[],"_links":{"self":[{"href":"https:\/\/sme.goiania.go.gov.br\/conexaoescola\/wp-json\/wp\/v2\/ensino_fundamental\/162684","targetHints":{"allow":["GET"]}}],"collection":[{"href":"https:\/\/sme.goiania.go.gov.br\/conexaoescola\/wp-json\/wp\/v2\/ensino_fundamental"}],"about":[{"href":"https:\/\/sme.goiania.go.gov.br\/conexaoescola\/wp-json\/wp\/v2\/types\/ensino_fundamental"}],"author":[{"embeddable":true,"href":"https:\/\/sme.goiania.go.gov.br\/conexaoescola\/wp-json\/wp\/v2\/users\/51"}],"version-history":[{"count":3,"href":"https:\/\/sme.goiania.go.gov.br\/conexaoescola\/wp-json\/wp\/v2\/ensino_fundamental\/162684\/revisions"}],"predecessor-version":[{"id":162696,"href":"https:\/\/sme.goiania.go.gov.br\/conexaoescola\/wp-json\/wp\/v2\/ensino_fundamental\/162684\/revisions\/162696"}],"wp:featuredmedia":[{"embeddable":true,"href":"https:\/\/sme.goiania.go.gov.br\/conexaoescola\/wp-json\/wp\/v2\/media\/162686"}],"wp:attachment":[{"href":"https:\/\/sme.goiania.go.gov.br\/conexaoescola\/wp-json\/wp\/v2\/media?parent=162684"}],"wp:term":[{"taxonomy":"ef_categoria","embeddable":true,"href":"https:\/\/sme.goiania.go.gov.br\/conexaoescola\/wp-json\/wp\/v2\/ef_categoria?post=162684"},{"taxonomy":"ef_ano","embeddable":true,"href":"https:\/\/sme.goiania.go.gov.br\/conexaoescola\/wp-json\/wp\/v2\/ef_ano?post=162684"},{"taxonomy":"ef_componente","embeddable":true,"href":"https:\/\/sme.goiania.go.gov.br\/conexaoescola\/wp-json\/wp\/v2\/ef_componente?post=162684"}],"curies":[{"name":"wp","href":"https:\/\/api.w.org\/{rel}","templated":true}]}}