{"id":162559,"date":"2023-05-11T08:12:28","date_gmt":"2023-05-11T11:12:28","guid":{"rendered":"https:\/\/sme.goiania.go.gov.br\/conexaoescola\/?post_type=ensino_fundamental&#038;p=162559"},"modified":"2023-05-17T09:17:46","modified_gmt":"2023-05-17T12:17:46","slug":"lingua-portuguesa-reportagem","status":"publish","type":"ensino_fundamental","link":"https:\/\/sme.goiania.go.gov.br\/conexaoescola\/ensino_fundamental\/lingua-portuguesa-reportagem\/","title":{"rendered":"L\u00edngua Portuguesa &#8211; Reportagem"},"content":{"rendered":"\n<p class=\"has-background has-medium-font-size\" style=\"background-color:#d9ebf6\">Esta proposta de atividade de<strong>&nbsp;L\u00edngua Portuguesa<\/strong>&nbsp;\u00e9 destinada aos estudantes do 4\u00ba ano do Ensino Fundamental anos iniciais.<\/p>\n\n\n\n<div class=\"wp-block-buttons is-content-justification-center is-layout-flex wp-container-core-buttons-is-layout-16018d1d wp-block-buttons-is-layout-flex\">\n<div class=\"wp-block-button\"><a class=\"wp-block-button__link wp-element-button\" href=\"https:\/\/docs.google.com\/document\/d\/1R6ObO4AilpkkmR4_3abfGm8WS3UFYZ7yMGNDyumJ72c\/edit?usp=sharing\" target=\"_blank\" rel=\"noreferrer noopener\">Baixe o texto<\/a><\/div>\n\n\n\n<div class=\"wp-block-button\"><a class=\"wp-block-button__link wp-element-button\" href=\"https:\/\/docs.google.com\/document\/d\/14ucnPxPwY-QRuz0zeyjXdaJJPBRFTsMW95luvn_4gxM\/edit?usp=sharing\" target=\"_blank\" rel=\"noreferrer noopener\">Baixe a atividade<\/a><\/div>\n\n\n\n<div class=\"wp-block-button\"><a class=\"wp-block-button__link wp-element-button\" href=\"https:\/\/docs.google.com\/presentation\/d\/137AbERPie3Hh1c6plxObfD2mH3wSoU0lQk3_GUJpW-I\/edit?usp=sharing\" target=\"_blank\" rel=\"noreferrer noopener\">Baixe os slides<\/a><\/div>\n<\/div>\n\n\n\n<p><\/p>\n\n\n<div class=\"wp-block-image\">\n<figure class=\"aligncenter size-full\"><img fetchpriority=\"high\" decoding=\"async\" width=\"569\" height=\"279\" src=\"https:\/\/sme.goiania.go.gov.br\/conexaoescola\/wp-content\/uploads\/2023\/05\/1-7-e1683801665673.jpg\" alt=\"\" class=\"wp-image-162560\" srcset=\"https:\/\/sme.goiania.go.gov.br\/conexaoescola\/wp-content\/uploads\/2023\/05\/1-7-e1683801665673.jpg 569w, https:\/\/sme.goiania.go.gov.br\/conexaoescola\/wp-content\/uploads\/2023\/05\/1-7-e1683801665673-300x147.jpg 300w\" sizes=\"(max-width: 569px) 100vw, 569px\" \/><figcaption class=\"wp-element-caption\"><br>Dispon\u00edvel em: &lt;https:\/\/www.canva.com&gt; Acesso em: 28, fev. 23<br><\/figcaption><\/figure><\/div>\n\n\n<p class=\"has-text-align-center has-background has-medium-font-size\" style=\"background-color:#d9ebf6\"><strong>Reportagem<\/strong><\/p>\n\n\n\n<p class=\"has-medium-font-size\">Ol\u00e1 estudantes!<\/p>\n\n\n\n<p class=\"has-medium-font-size\">Voc\u00eas j\u00e1 ouviram falar sobre o g\u00eanero reportagem?<\/p>\n\n\n\n<p class=\"has-medium-font-size\">Sabem em que ve\u00edculos de comunica\u00e7\u00e3o as reportagens s\u00e3o publicadas?<\/p>\n\n\n\n<figure class=\"wp-block-image size-full is-resized\"><img decoding=\"async\" src=\"https:\/\/sme.goiania.go.gov.br\/conexaoescola\/wp-content\/uploads\/2023\/05\/1-8-e1683801809122.jpg\" alt=\"\" class=\"wp-image-162561\" width=\"246\" height=\"395\" srcset=\"https:\/\/sme.goiania.go.gov.br\/conexaoescola\/wp-content\/uploads\/2023\/05\/1-8-e1683801809122.jpg 204w, https:\/\/sme.goiania.go.gov.br\/conexaoescola\/wp-content\/uploads\/2023\/05\/1-8-e1683801809122-187x300.jpg 187w\" sizes=\"(max-width: 246px) 100vw, 246px\" \/><figcaption class=\"wp-element-caption\"><br>Dispon\u00edvel em: &lt;https:\/\/br.freepik.com\/vetores-gratis\/uma-crianca-jogando-ipad-com-balao_24780911.htm#page=2&amp;query=CRIAN%C3%87A%20PENSANDO%20DESENHO&amp;position=32&amp;from_view=search&amp;track=ais&gt; Acesso em: 8, maio. 23.<\/figcaption><\/figure>\n\n\n\n<p class=\"has-medium-font-size\">A reportagem \u00e9 um tipo de texto informativo que podemos encontrar em jornais, revistas, TV e at\u00e9 na internet. Ela \u00e9 muito importante para nos fornecer informa\u00e7\u00f5es atualizadas sobre fatos, eventos e acontecimentos relevantes. Para escrever uma reportagem, \u00e9 preciso fazer uma pesquisa aprofundada e mostrar diferentes pontos de vista sobre o assunto de forma clara e f\u00e1cil de entender.<\/p>\n\n\n\n<p class=\"has-medium-font-size\">Uma boa reportagem precisa ser sobre algo que seja importante e interessante para quem est\u00e1 lendo ou assistindo, e tamb\u00e9m deve trazer novidades e informa\u00e7\u00f5es exclusivas sobre o tema abordado.<\/p>\n\n\n\n<p class=\"has-medium-font-size\">E voc\u00eas sabem quem escreve a reportagem?<\/p>\n\n\n<div class=\"wp-block-image\">\n<figure class=\"aligncenter size-full is-resized\"><img decoding=\"async\" src=\"https:\/\/sme.goiania.go.gov.br\/conexaoescola\/wp-content\/uploads\/2023\/05\/1-9-e1683802083765.jpg\" alt=\"\" class=\"wp-image-162562\" width=\"262\" height=\"352\"\/><figcaption class=\"wp-element-caption\">Dispon\u00edvel em: &lt;https:\/\/br.freepik.com\/vetores-gratis\/reporteres-masculinos-e-femininos_22743868.htm#query=reporter%20DESENHO&amp;position=13&amp;from_view=search&amp;track=ais&gt; Acesso em: 8, maio. 23.<\/figcaption><\/figure><\/div>\n\n\n<p class=\"has-medium-font-size\">O rep\u00f3rter \u00e9 a pessoa respons\u00e1vel por escrever a reportagem, ele pesquisa o assunto, faz entrevistas com as pessoas envolvidas e escreve o texto para que todos possam entender.<\/p>\n\n\n\n<p class=\"has-medium-font-size\">Uma reportagem geralmente deve apresentar a seguinte estrutura: T\u00edtulo &#8211; Lide &#8211;&nbsp;<\/p>\n\n\n\n<p class=\"has-medium-font-size\">Corpo da reportagem &#8211; Cita\u00e7\u00f5es e entrevistas &#8211; Conclus\u00e3o &#8211; Cr\u00e9ditos. Vejam o exemplo:<\/p>\n\n\n\n<figure class=\"wp-block-image size-full is-resized\"><img loading=\"lazy\" decoding=\"async\" src=\"https:\/\/sme.goiania.go.gov.br\/conexaoescola\/wp-content\/uploads\/2023\/05\/1-10-e1683802306694.jpg\" alt=\"\" class=\"wp-image-162563\" width=\"655\" height=\"462\" srcset=\"https:\/\/sme.goiania.go.gov.br\/conexaoescola\/wp-content\/uploads\/2023\/05\/1-10-e1683802306694.jpg 567w, https:\/\/sme.goiania.go.gov.br\/conexaoescola\/wp-content\/uploads\/2023\/05\/1-10-e1683802306694-300x212.jpg 300w\" sizes=\"(max-width: 655px) 100vw, 655px\" \/><figcaption class=\"wp-element-caption\"><br>Dispon\u00edvel em:GOIANIA. Secretaria Municipal de Educa\u00e7\u00e3o. Aprender sempre. 5\u00b0. Ano &#8211; Ensino Fundamental; L\u00edngua Portuguesa e Matem\u00e1tica; 4\u00b0. Bimestre; Goi\u00e2nia, 2022.<br><\/figcaption><\/figure>\n\n\n\n<ul class=\"has-background wp-block-list\" style=\"background-color:#f7d8e0\">\n<li class=\"has-medium-font-size\">A reportagem \u00e9 um tipo de texto que pode ter v\u00e1rias finalidades, como explicar, informar, descrever, contar uma hist\u00f3ria ou dar opini\u00e3o.<\/li>\n\n\n\n<li class=\"has-medium-font-size\">As reportagens s\u00e3o parte do jornalismo que tem como objetivo apresentar pontos de vista sobre um assunto.<\/li>\n\n\n\n<li class=\"has-medium-font-size\">Nas reportagens, o autor pode usar palavras como &#8220;eu&#8221; ou &#8220;ele\/ela&#8221; para falar sobre o que est\u00e1 acontecendo.<\/li>\n\n\n\n<li class=\"has-medium-font-size\">As reportagens geralmente t\u00eam um t\u00edtulo que indica sobre o que se trata o texto.<\/li>\n\n\n\n<li class=\"has-medium-font-size\">Os temas mais comuns nas reportagens s\u00e3o sobre a sociedade, pol\u00edtica e economia.<\/li>\n\n\n\n<li class=\"has-medium-font-size\">A linguagem usada nas reportagens \u00e9 mais formal.<\/li>\n\n\n\n<li class=\"has-medium-font-size\">Quando um autor escreve uma reportagem, ele costuma assinar no final do texto para que as pessoas saibam quem escreveu.<\/li>\n<\/ul>\n\n\n\n<p class=\"has-text-align-center has-background has-medium-font-size\" style=\"background-color:#d9ebf6\"><strong>Atividades<\/strong><\/p>\n\n\n\n<p class=\"has-medium-font-size\">1- A reportagem \u00e9 um tipo de texto informativo que podemos encontrar em jornais, revistas, TV e at\u00e9 na internet. Dentre seus objetivos destacam:<\/p>\n\n\n\n<figure class=\"wp-block-image size-full is-resized\"><img loading=\"lazy\" decoding=\"async\" src=\"https:\/\/sme.goiania.go.gov.br\/conexaoescola\/wp-content\/uploads\/2023\/05\/1-11-e1683802568537.jpg\" alt=\"\" class=\"wp-image-162564\" width=\"717\" height=\"267\" srcset=\"https:\/\/sme.goiania.go.gov.br\/conexaoescola\/wp-content\/uploads\/2023\/05\/1-11-e1683802568537.jpg 520w, https:\/\/sme.goiania.go.gov.br\/conexaoescola\/wp-content\/uploads\/2023\/05\/1-11-e1683802568537-300x112.jpg 300w\" sizes=\"(max-width: 717px) 100vw, 717px\" \/><figcaption class=\"wp-element-caption\">Dispon\u00edvel em: &lt;https:\/\/br.freepik.com\/vetores-gratis\/uma-menina-e-um-menino-lendo_23715281.htm#page=3&amp;query=CRIAN%C3%87A%20lendo%20DESENHO&amp;position=13&amp;from_view=search&amp;track=ais&gt; Acesso em: 28, fev. 23.&gt; Acesso em: 28, fev. 23<\/figcaption><\/figure>\n\n\n\n<p class=\"has-medium-font-size\">2- Marque a alternativa incorreta:<\/p>\n\n\n\n<p class=\"has-medium-font-size\">(A) A reportagem \u00e9 um tipo de texto que pode ter v\u00e1rias finalidades, como explicar, informar, descrever, contar uma hist\u00f3ria ou dar opini\u00e3o.<\/p>\n\n\n\n<p class=\"has-medium-font-size\">(B) Os temas mais comuns nas reportagens s\u00e3o sobre a sociedade, pol\u00edtica e economia.<\/p>\n\n\n\n<p class=\"has-medium-font-size\">(C) Nas reportagens, o autor pode usar palavras como &#8220;eu&#8221; ou &#8220;ele\/ela&#8221; para falar sobre o que est\u00e1 acontecendo.<\/p>\n\n\n\n<p class=\"has-medium-font-size\">(D) A linguagem mais usada nas reportagens \u00e9 a linguagem informal.<\/p>\n\n\n\n<p class=\"has-medium-font-size\">(E) Quando um autor escreve uma reportagem, ele costuma assinar no final do texto para que as pessoas saibam quem escreveu.<\/p>\n\n\n\n<hr class=\"wp-block-separator has-alpha-channel-opacity\"\/>\n\n\n\n<p class=\"has-medium-font-size\">3- Quais s\u00e3o as especificidades importantes do g\u00eanero textual reportagem?<\/p>\n\n\n\n<figure class=\"wp-block-table is-style-regular\"><table><tbody><tr><td><br><\/td><\/tr><\/tbody><\/table><\/figure>\n\n\n\n<figure class=\"wp-block-image size-full is-resized\"><img loading=\"lazy\" decoding=\"async\" src=\"https:\/\/sme.goiania.go.gov.br\/conexaoescola\/wp-content\/uploads\/2023\/05\/1-12-e1683802705992.jpg\" alt=\"\" class=\"wp-image-162565\" width=\"564\" height=\"234\" srcset=\"https:\/\/sme.goiania.go.gov.br\/conexaoescola\/wp-content\/uploads\/2023\/05\/1-12-e1683802705992.jpg 388w, https:\/\/sme.goiania.go.gov.br\/conexaoescola\/wp-content\/uploads\/2023\/05\/1-12-e1683802705992-300x124.jpg 300w\" sizes=\"(max-width: 564px) 100vw, 564px\" \/><figcaption class=\"wp-element-caption\">Dispon\u00edvel em: &lt;https:\/\/br.freepik.com\/vetores-gratis\/uma-garota-com-o-polegar-para-cima-posando-de-bom-humor-isolada_9956947.htm#query=CRIAN%C3%87A%20dando%20like%20DESENHO&amp;position=0&amp;from_view=search&amp;track=ais&gt; Acesso em: 28, fev. 23<\/figcaption><\/figure>\n\n\n\n<p class=\"has-medium-font-size\">Voc\u00ea ser\u00e1 o rep\u00f3rter e precisa elaborar uma reportagem sobre um tema bastante relevante e atual, que desperte o interesse do p\u00fablico: alunos do&nbsp; 4\u00ba ANO. Escolha o tema, pesquise, e comece a produzir o seu texto. Ao produzir sua reportagem, lembre-se de que a linguagem deve ser mais formal e objetiva. E lembre-se que a reportagem deve seguir a estrutura b\u00e1sica desse g\u00eanero jornal\u00edstico, com t\u00edtulo, lide, corpo da reportagem, cita\u00e7\u00f5es e entrevistas, conclus\u00e3o e cr\u00e9ditos. Boa produ\u00e7\u00e3o.&nbsp;<\/p>\n\n\n\n<figure class=\"wp-block-table is-style-regular\"><table><tbody><tr><td><br><\/td><\/tr><tr><td><br><\/td><\/tr><tr><td><br><\/td><\/tr><tr><td><br><\/td><\/tr><tr><td><br><\/td><\/tr><tr><td><br><\/td><\/tr><tr><td><br><\/td><\/tr><tr><td><br><\/td><\/tr><tr><td><br><\/td><\/tr><tr><td><br><\/td><\/tr><tr><td><br><\/td><\/tr><tr><td><\/td><\/tr><tr><td><\/td><\/tr><tr><td><\/td><\/tr><tr><td><\/td><\/tr><\/tbody><\/table><\/figure>\n\n\n\n<figure class=\"wp-block-table is-style-regular\"><table><tbody><tr><td><strong>Autoria:<\/strong><\/td><td>Gabriele Leandro Dias<\/td><\/tr><tr><td><strong>Forma\u00e7\u00e3o:&nbsp;<\/strong><\/td><td>Pedagogia\/ Psicologia<\/td><\/tr><tr><td><strong>Componente Curricular:<\/strong><\/td><td>L\u00edngua Portuguesa<\/td><\/tr><tr><td><strong>Habilidades:<\/strong><\/td><td>(EF35LP16) Identificar e reproduzir, em not\u00edcias, manchetes, lides e corpo de not\u00edcias simples para p\u00fablico infantil (revista infantil), entre outros, digitais ou impressos, a formata\u00e7\u00e3o e diagrama\u00e7\u00e3o espec\u00edfica de cada um desses g\u00eaneros, inclusive em suas vers\u00f5es orais.&nbsp;<\/td><\/tr><tr><td><strong>Refer\u00eancias:&nbsp;<\/strong><\/td><td>2020. Documento Curricular para Goi\u00e1s (DC-GO). Goi\u00e2nia\/GO: CONSED\/ UNDIME Goi\u00e1s, 2018. Dispon\u00edvel em: https:\/\/cee.go.gov.br<br>GOI\u00c2NIA. Secretaria Municipal de Educa\u00e7\u00e3o. Aprender sempre. 4\u00b0. Ano &#8211; Ensino Fundamental; L\u00edngua Portuguesa e Matem\u00e1tica; 2\u00b0. Bimestre; Goi\u00e2nia, 2023.<br>Projeto Buriti. Portugu\u00eas. (Cole\u00e7\u00e3o do 2\u00ba ao 5\u00ba ano). S\u00e3o Paulo: Moderna, 2017.<\/td><\/tr><\/tbody><\/table><\/figure>\n","protected":false},"author":45,"featured_media":162567,"template":"","ef_categoria":[30],"ef_ano":[87],"ef_componente":[93],"class_list":["post-162559","ensino_fundamental","type-ensino_fundamental","status-publish","has-post-thumbnail","hentry","ef_categoria-etica-e-cidadania-ciclo-da-adolescencia-fg","ef_ano-4o-ano","ef_componente-portugues","entry","has-media"],"acf":[],"_links":{"self":[{"href":"https:\/\/sme.goiania.go.gov.br\/conexaoescola\/wp-json\/wp\/v2\/ensino_fundamental\/162559","targetHints":{"allow":["GET"]}}],"collection":[{"href":"https:\/\/sme.goiania.go.gov.br\/conexaoescola\/wp-json\/wp\/v2\/ensino_fundamental"}],"about":[{"href":"https:\/\/sme.goiania.go.gov.br\/conexaoescola\/wp-json\/wp\/v2\/types\/ensino_fundamental"}],"author":[{"embeddable":true,"href":"https:\/\/sme.goiania.go.gov.br\/conexaoescola\/wp-json\/wp\/v2\/users\/45"}],"version-history":[{"count":8,"href":"https:\/\/sme.goiania.go.gov.br\/conexaoescola\/wp-json\/wp\/v2\/ensino_fundamental\/162559\/revisions"}],"predecessor-version":[{"id":162977,"href":"https:\/\/sme.goiania.go.gov.br\/conexaoescola\/wp-json\/wp\/v2\/ensino_fundamental\/162559\/revisions\/162977"}],"wp:featuredmedia":[{"embeddable":true,"href":"https:\/\/sme.goiania.go.gov.br\/conexaoescola\/wp-json\/wp\/v2\/media\/162567"}],"wp:attachment":[{"href":"https:\/\/sme.goiania.go.gov.br\/conexaoescola\/wp-json\/wp\/v2\/media?parent=162559"}],"wp:term":[{"taxonomy":"ef_categoria","embeddable":true,"href":"https:\/\/sme.goiania.go.gov.br\/conexaoescola\/wp-json\/wp\/v2\/ef_categoria?post=162559"},{"taxonomy":"ef_ano","embeddable":true,"href":"https:\/\/sme.goiania.go.gov.br\/conexaoescola\/wp-json\/wp\/v2\/ef_ano?post=162559"},{"taxonomy":"ef_componente","embeddable":true,"href":"https:\/\/sme.goiania.go.gov.br\/conexaoescola\/wp-json\/wp\/v2\/ef_componente?post=162559"}],"curies":[{"name":"wp","href":"https:\/\/api.w.org\/{rel}","templated":true}]}}