{"id":162315,"date":"2023-05-08T05:50:00","date_gmt":"2023-05-08T08:50:00","guid":{"rendered":"https:\/\/sme.goiania.go.gov.br\/conexaoescola\/?post_type=ensino_fundamental&#038;p=162315"},"modified":"2023-05-08T13:26:58","modified_gmt":"2023-05-08T16:26:58","slug":"historia-as-reformas-religiosas-rupturas-no-catolicismo","status":"publish","type":"ensino_fundamental","link":"https:\/\/sme.goiania.go.gov.br\/conexaoescola\/ensino_fundamental\/historia-as-reformas-religiosas-rupturas-no-catolicismo\/","title":{"rendered":"Hist\u00f3ria &#8211; As reformas religiosas: rupturas no catolicismo"},"content":{"rendered":"\n<p class=\"has-black-color has-luminous-vivid-amber-background-color has-text-color has-background has-medium-font-size\">Esta proposta de atividade de&nbsp;<strong>HIST\u00d3RIA<\/strong>&nbsp;\u00e9 destinada aos estudantes do&nbsp;<strong>7\u00b0 Ano<\/strong>&nbsp;do Ensino Fundamental Anos Finais.<\/p>\n\n\n\n<p><\/p>\n\n\n\n<div class=\"wp-block-buttons is-content-justification-center is-layout-flex wp-container-core-buttons-is-layout-16018d1d wp-block-buttons-is-layout-flex\">\n<div class=\"wp-block-button has-custom-font-size has-medium-font-size\"><a class=\"wp-block-button__link has-white-color has-black-background-color has-text-color has-background wp-element-button\" href=\"https:\/\/docs.google.com\/document\/d\/1kHkbNKbx3rD46JZlhOEju6g8t32ACM1F\/copy\" target=\"_blank\" rel=\"noreferrer noopener\"><strong>Baixar a atividade<\/strong><\/a><\/div>\n\n\n\n<div class=\"wp-block-button has-custom-font-size has-medium-font-size\"><a class=\"wp-block-button__link has-white-color has-black-background-color has-text-color has-background wp-element-button\" href=\"https:\/\/docs.google.com\/presentation\/d\/1zwCnaluCt1rYDl3d81CHmpzzWrydhQgYJ_r54JgPClc\/copy\" target=\"_blank\" rel=\"noreferrer noopener\"><strong>Baixe os slides<\/strong><\/a><\/div>\n\n\n\n<div class=\"wp-block-button has-custom-font-size has-medium-font-size\"><a class=\"wp-block-button__link has-white-color has-black-background-color has-text-color has-background wp-element-button\" href=\"https:\/\/docs.google.com\/document\/d\/1NXKAZ7CkncEMpbxl074VEmOlYExP3K3h\/copy\" target=\"_blank\" rel=\"noreferrer noopener\"><strong>Baixe o texto<\/strong><\/a><\/div>\n<\/div>\n\n\n\n<p><\/p>\n\n\n<div class=\"wp-block-image\">\n<figure class=\"aligncenter size-full is-resized\"><img fetchpriority=\"high\" decoding=\"async\" src=\"https:\/\/sme.goiania.go.gov.br\/conexaoescola\/wp-content\/uploads\/2023\/05\/Muttich_Kamil_Vladislav_-_Mistr_Jan_Hus_na_hranici_v_Kostnici_1415-e1683465470194.jpg\" alt=\"\" class=\"wp-image-162316\" width=\"324\" height=\"456\"\/><\/figure><\/div>\n\n\n<p class=\"has-small-font-size\">Execu\u00e7\u00e3o de&nbsp;<a href=\"https:\/\/pt.wikipedia.org\/wiki\/Jan_Hus\">Jan Hus<\/a>&nbsp;em&nbsp;<a href=\"https:\/\/pt.wikipedia.org\/wiki\/Constan%C3%A7a_(Alemanha)\">Constan\u00e7a<\/a>&nbsp;(1415). Dispon\u00edvel em:&lt;<a href=\"https:\/\/pt.wikipedia.org\/wiki\/Reforma_Protestante#\/media\/Ficheiro:Muttich,_Kamil_Vladislav_-_Mistr_Jan_Hus_na_hranici_v_Kostnici_1415.jpg\">https:\/\/pt.wikipedia.org\/wiki\/Reforma_Protestante#\/media\/Ficheiro:Muttich,_Kamil_Vladislav_-_Mistr_Jan_Hus_na_hranici_v_Kostnici_1415.jpg<\/a>&gt;. Acesso em: 05  maio 2023.<\/p>\n\n\n\n<p class=\"has-text-align-center has-black-color has-cyan-bluish-gray-background-color has-text-color has-background\" style=\"font-size:28px\"><strong>A Reforma Protestante na Europa<\/strong><\/p>\n\n\n\n<p class=\"has-black-color has-text-color has-medium-font-size\">A Reforma Protestante foi um movimento religioso que teve um impacto profundo na Europa do s\u00e9culo XVI. Liderado por te\u00f3logos como Martinho Lutero, Jo\u00e3o Calvino e Ulrico Zwinglio, o movimento tinha como objetivo reformar a Igreja Cat\u00f3lica, que na \u00e9poca era vista como corrupta e distante dos ensinamentos originais do cristianismo.<\/p>\n\n\n\n<p class=\"has-black-color has-text-color has-medium-font-size\">Os reformadores propuseram uma nova interpreta\u00e7\u00e3o da B\u00edblia, que enfatizava a import\u00e2ncia da f\u00e9 individual e da gra\u00e7a divina na obten\u00e7\u00e3o da salva\u00e7\u00e3o, em contraste com a vis\u00e3o cat\u00f3lica que colocava a Igreja como mediadora da rela\u00e7\u00e3o entre o homem e Deus. Essa nova vis\u00e3o religiosa desafiou a autoridade da Igreja Cat\u00f3lica e levou a conflitos que resultaram na cria\u00e7\u00e3o de novas denomina\u00e7\u00f5es crist\u00e3s, como a Igreja Luterana, a Igreja Calvinista e a Igreja Anglicana.<\/p>\n\n\n\n<p class=\"has-black-color has-text-color has-medium-font-size\">A Reforma Protestante tamb\u00e9m teve implica\u00e7\u00f5es pol\u00edticas na Europa da \u00e9poca. Os l\u00edderes reformistas muitas vezes se alinhavam com as monarquias nacionais contra o poder papal, o que fortaleceu o nacionalismo e a centraliza\u00e7\u00e3o do poder pol\u00edtico em cada pa\u00eds. Al\u00e9m disso, a Reforma Protestante incentivou a alfabetiza\u00e7\u00e3o e a educa\u00e7\u00e3o religiosa, que contribu\u00edram para a ascens\u00e3o da classe m\u00e9dia e para o desenvolvimento da cultura e das artes na Europa.<\/p>\n\n\n\n<p class=\"has-black-color has-text-color has-medium-font-size\">No entanto, a Reforma Protestante tamb\u00e9m levou a conflitos sangrentos, como as Guerras dos Trinta Anos e a Guerra Civil Inglesa. E apesar das mudan\u00e7as significativas que trouxe para a religi\u00e3o e a pol\u00edtica na Europa, a Reforma Protestante n\u00e3o foi capaz de unificar as diferentes denomina\u00e7\u00f5es crist\u00e3s que surgiram a partir dela, deixando um legado de divis\u00e3o religiosa que perdura at\u00e9 hoje.<\/p>\n\n\n\n<p class=\"has-text-align-center has-black-color has-cyan-bluish-gray-background-color has-text-color has-background\" style=\"font-size:28px\"><strong>RESPONDA \u00c0S QUEST\u00d5ES<\/strong><\/p>\n\n\n\n<p class=\"has-black-color has-text-color has-background has-medium-font-size\" style=\"background-color:#ff6a008f\"><strong>Quest\u00e3o 1<\/strong><\/p>\n\n\n\n<p class=\"has-white-background-color has-background has-medium-font-size\">Desde o in\u00edcio Lutero tinha interesse em fundar uma nova igreja? Comente.<\/p>\n\n\n\n<p class=\"has-black-color has-text-color has-background has-medium-font-size\" style=\"background-color:#ff6a008f\"><strong>Quest\u00e3o 2<\/strong><\/p>\n\n\n\n<p><\/p>\n\n\n\n<p class=\"has-black-color has-text-color has-medium-font-size\">Quais foram os descontentamentos de Lutero para com a Igreja Cat\u00f3lica da \u00e9poca?<\/p>\n\n\n\n<p class=\"has-black-color has-text-color has-background has-medium-font-size\" style=\"background-color:#ff6a008f\"><strong>Quest\u00e3o 3<\/strong><\/p>\n\n\n\n<p class=\"has-black-color has-text-color has-medium-font-size\">Aprendemos que uma das principais ideias da Reforma Protestante foi a \u00eanfase na responsabilidade individual diante de Deus. Isso levou a uma maior valoriza\u00e7\u00e3o do trabalho e da \u00e9tica profissional. Os reformadores, em particular os calvinistas, enfatizavam a ideia de que o trabalho \u00e1rduo e o sucesso financeiro eram sinais da gra\u00e7a de Deus. Essa vis\u00e3o do trabalho como uma voca\u00e7\u00e3o sagrada influenciou a \u00e9tica do trabalho e pode ter incentivado a busca pelo lucro como um sinal de b\u00ean\u00e7\u00e3o divina.<\/p>\n\n\n\n<p class=\"has-black-color has-text-color has-medium-font-size\">Tomando o texto aneterior como base, como os reformistas viam o enriquecimento?<\/p>\n\n\n\n<p class=\"has-black-color has-text-color has-medium-font-size\">(A) Como um sinal de b\u00ean\u00e7\u00e3os divinas aos mais ricos<\/p>\n\n\n\n<p class=\"has-black-color has-text-color has-medium-font-size\">(B) Como uma consequ\u00eancia inevit\u00e1vel da desigualdade social<\/p>\n\n\n\n<p class=\"has-black-color has-text-color has-medium-font-size\">(C)Como um pecado que desviava as pessoas do caminho da salva\u00e7\u00e3o<\/p>\n\n\n\n<p class=\"has-black-color has-text-color has-medium-font-size\">(D) Como uma virtude a ser cultivada pelos crist\u00e3os, desde que fosse acompanhada de generosidade e responsabilidade social.<\/p>\n\n\n\n<p class=\"has-black-color has-text-color has-background has-medium-font-size\" style=\"background-color:#ff6a008f\"><strong>Quest\u00e3o 4<\/strong><\/p>\n\n\n\n<p class=\"has-black-color has-text-color has-medium-font-size\">A Reforma Protestante teve um impacto na organiza\u00e7\u00e3o da economia europeia. O surgimento de novas denomina\u00e7\u00f5es religiosas e a fragmenta\u00e7\u00e3o da igreja cat\u00f3lica romana levaram a um enfraquecimento do poder da igreja na sociedade. Na Inglaterra temos a cria\u00e7\u00e3o da Igreja Anglicana, agora marque a resposta correta sobre a sua cria\u00e7\u00e3o:<\/p>\n\n\n\n<p class=\"has-black-color has-text-color has-medium-font-size\"><\/p>\n\n\n\n<p class=\"has-black-color has-text-color has-medium-font-size\">(A) Foi fundada por Martinho Lutero como parte da Reforma Protestante<\/p>\n\n\n\n<p class=\"has-black-color has-text-color has-medium-font-size\">(B) Foi criada por Henrique VIII como resultado de uma disputa com o Papa sobre o seu div\u00f3rcio de Catarina de Arag\u00e3o<\/p>\n\n\n\n<p class=\"has-black-color has-text-color has-medium-font-size\">(C) Foi estabelecida pelo Papa Pio V como uma forma de unificar as igrejas crist\u00e3s<\/p>\n\n\n\n<p class=\"has-black-color has-text-color has-medium-font-size\">(D) Foi formada a partir da fus\u00e3o das igrejas cat\u00f3lica e ortodoxa<\/p>\n\n\n\n<figure class=\"wp-block-table is-style-stripes\"><table><tbody><tr><td><strong>Autoria:<\/strong><\/td><td>Prof. Esp.: Uilson Silva Duarte<\/td><\/tr><tr><td>F<strong>orma\u00e7\u00e3o:<\/strong><\/td><td>Hist\u00f3ria<\/td><\/tr><tr><td><strong>Componente Curricular:<\/strong><\/td><td>Hist\u00f3ria<\/td><\/tr><tr><td><strong>Habilidades:<\/strong><\/td><td><strong>(GO-EF07HI05-A)<\/strong> Identificar e comparar em fontes hist\u00f3ricas as regi\u00f5es em que ocorreram as reformas religiosas, analisando semelhan\u00e7as e diferen\u00e7as, na perspectiva de distinguir vers\u00f5es diferentes sobre este acontecimento hist\u00f3rico.<br><strong>(GO-EF07HI05-B)<\/strong> Analisar o movimento da reforma religiosa, seus desdobramentos pol\u00edticos, culturais e religiosos, para as sociedades modernas e sua rela\u00e7\u00e3o com a fragmenta\u00e7\u00e3o da religi\u00e3o crist\u00e3, presentemente.<\/td><\/tr><tr><td><strong>Refer\u00eancias bibliogr\u00e1ficas:<\/strong><\/td><td><strong>DELUMEAU<\/strong>, Jean. Nascimento e afirma\u00e7\u00e3o da Reforma. S\u00e3o Paulo: Pioneira, 1989.<br><strong>FEBVRE<\/strong>, Lucien. Martinho Lutero: um destino. S\u00e3o Paulo: Tr\u00eas Estrela, 2012.<\/td><\/tr><\/tbody><\/table><\/figure>\n","protected":false},"author":51,"featured_media":162316,"template":"","ef_categoria":[15,30],"ef_ano":[90],"ef_componente":[95],"class_list":["post-162315","ensino_fundamental","type-ensino_fundamental","status-publish","has-post-thumbnail","hentry","ef_categoria-ciclo-da-adolescencia-fg","ef_categoria-etica-e-cidadania-ciclo-da-adolescencia-fg","ef_ano-7o-ano","ef_componente-historia","entry","has-media"],"acf":[],"_links":{"self":[{"href":"https:\/\/sme.goiania.go.gov.br\/conexaoescola\/wp-json\/wp\/v2\/ensino_fundamental\/162315","targetHints":{"allow":["GET"]}}],"collection":[{"href":"https:\/\/sme.goiania.go.gov.br\/conexaoescola\/wp-json\/wp\/v2\/ensino_fundamental"}],"about":[{"href":"https:\/\/sme.goiania.go.gov.br\/conexaoescola\/wp-json\/wp\/v2\/types\/ensino_fundamental"}],"author":[{"embeddable":true,"href":"https:\/\/sme.goiania.go.gov.br\/conexaoescola\/wp-json\/wp\/v2\/users\/51"}],"version-history":[{"count":8,"href":"https:\/\/sme.goiania.go.gov.br\/conexaoescola\/wp-json\/wp\/v2\/ensino_fundamental\/162315\/revisions"}],"predecessor-version":[{"id":162363,"href":"https:\/\/sme.goiania.go.gov.br\/conexaoescola\/wp-json\/wp\/v2\/ensino_fundamental\/162315\/revisions\/162363"}],"wp:featuredmedia":[{"embeddable":true,"href":"https:\/\/sme.goiania.go.gov.br\/conexaoescola\/wp-json\/wp\/v2\/media\/162316"}],"wp:attachment":[{"href":"https:\/\/sme.goiania.go.gov.br\/conexaoescola\/wp-json\/wp\/v2\/media?parent=162315"}],"wp:term":[{"taxonomy":"ef_categoria","embeddable":true,"href":"https:\/\/sme.goiania.go.gov.br\/conexaoescola\/wp-json\/wp\/v2\/ef_categoria?post=162315"},{"taxonomy":"ef_ano","embeddable":true,"href":"https:\/\/sme.goiania.go.gov.br\/conexaoescola\/wp-json\/wp\/v2\/ef_ano?post=162315"},{"taxonomy":"ef_componente","embeddable":true,"href":"https:\/\/sme.goiania.go.gov.br\/conexaoescola\/wp-json\/wp\/v2\/ef_componente?post=162315"}],"curies":[{"name":"wp","href":"https:\/\/api.w.org\/{rel}","templated":true}]}}