{"id":161353,"date":"2023-04-20T20:07:53","date_gmt":"2023-04-20T23:07:53","guid":{"rendered":"https:\/\/sme.goiania.go.gov.br\/conexaoescola\/?post_type=ensino_fundamental&#038;p=161353"},"modified":"2023-04-20T20:07:55","modified_gmt":"2023-04-20T23:07:55","slug":"arte-luz-e-perspectiva","status":"publish","type":"ensino_fundamental","link":"https:\/\/sme.goiania.go.gov.br\/conexaoescola\/ensino_fundamental\/arte-luz-e-perspectiva\/","title":{"rendered":"Arte &#8211; Luz e perspectiva"},"content":{"rendered":"\n<p class=\"has-background has-medium-font-size\" style=\"background:linear-gradient(135deg,rgb(208,107,34) 0%,rgb(248,235,224) 100%)\">Esta proposta de atividade de <strong>Arte<\/strong>, \u00e9 destinada a estudantes do <strong>5\u00ba ano<\/strong> do <strong>Ensino Fundamental.<\/strong><\/p>\n\n\n\n<div class=\"wp-block-buttons is-content-justification-center is-layout-flex wp-container-core-buttons-is-layout-16018d1d wp-block-buttons-is-layout-flex\">\n<div class=\"wp-block-button\"><a class=\"wp-block-button__link wp-element-button\" href=\"https:\/\/docs.google.com\/document\/d\/1FHRgDEo1rMlRmdWJF3bNAGFuoJuKh-ja\/edit?usp=sharing&amp;ouid=104807536622666394356&amp;rtpof=true&amp;sd=true\" target=\"_blank\" rel=\"noreferrer noopener\">Baixe a atividade<\/a><\/div>\n\n\n\n<div class=\"wp-block-button\"><a class=\"wp-block-button__link wp-element-button\" href=\"https:\/\/docs.google.com\/presentation\/d\/1vZgZWkeS7airer-bV3Vea6DiWKxlM0cbdRuvvGe1yMc\/edit?usp=sharing\" target=\"_blank\" rel=\"noreferrer noopener\">Baixe os slides<\/a><\/div>\n\n\n\n<div class=\"wp-block-button\"><a class=\"wp-block-button__link wp-element-button\" href=\"https:\/\/docs.google.com\/document\/d\/1qdjdt9-NWdMHHI1ZOhHN2ouFV-UqPeqZ\/edit?usp=sharing&amp;ouid=104807536622666394356&amp;rtpof=true&amp;sd=true\" target=\"_blank\" rel=\"noreferrer noopener\">Baixe o texto<\/a><\/div>\n<\/div>\n\n\n\n<p class=\"has-text-align-center has-medium-font-size\"><strong>Luz e perspectiva como elementos das Artes Visuais.<\/strong><\/p>\n\n\n\n<div style=\"height:36px\" aria-hidden=\"true\" class=\"wp-block-spacer\"><\/div>\n\n\n<div class=\"wp-block-image\">\n<figure class=\"aligncenter size-full is-resized\"><img fetchpriority=\"high\" decoding=\"async\" src=\"https:\/\/sme.goiania.go.gov.br\/conexaoescola\/wp-content\/uploads\/2023\/04\/DublinVermeer.jpg\" alt=\"\" class=\"wp-image-161356\" width=\"371\" height=\"450\" srcset=\"https:\/\/sme.goiania.go.gov.br\/conexaoescola\/wp-content\/uploads\/2023\/04\/DublinVermeer.jpg 494w, https:\/\/sme.goiania.go.gov.br\/conexaoescola\/wp-content\/uploads\/2023\/04\/DublinVermeer-247x300.jpg 247w\" sizes=\"(max-width: 371px) 100vw, 371px\" \/><figcaption class=\"wp-element-caption\"><a href=\"https:\/\/en.wikipedia.org\/wiki\/en:Johannes_Vermeer\">Johannes Vermeer<\/a> :<a href=\"https:\/\/en.wikipedia.org\/wiki\/en:Lady_Writing_a_Letter_with_her_Maid\"> \u200b\u200bSenhora escrevendo uma carta com sua empregada<\/a>: Dispon\u00edvel em: <a href=\"https:\/\/commons.wikimedia.org\/wiki\/File:DublinVermeer.jpg\">https:\/\/commons.wikimedia.org\/wiki\/File:DublinVermeer.jpg<\/a>. Acesso em: 18\/04\/2023<\/figcaption><\/figure><\/div>\n\n\n<p class=\"has-medium-font-size\">Luz e sombra s\u00e3o elementos importantes da Arte visual, pois conseguem aprimorar as obras (desenhos, pinturas\u2026) conferindo a elas uma sensa\u00e7\u00e3o mais realista, com volume e profundidade.<\/p>\n\n\n\n<p class=\"has-medium-font-size\">A t\u00e9cnica do sombreamento \u00e9 usada por diversos artistas ao longo dos s\u00e9culos, especialmente aqueles adeptos dos movimentos impressionistas e do movimento realista.<\/p>\n\n\n\n<p class=\"has-medium-font-size\">Para conferir a obra o aspecto de representa\u00e7\u00e3o pr\u00f3xima do que nossos olhos captam na realidade h\u00e1 ainda a perspectiva, que conste em uma representa\u00e7\u00e3o Tridimensional (3D) em uma superf\u00edcie plana como o papel, tela ou parede.<\/p>\n\n\n\n<p class=\"has-medium-font-size\">Observe a obra ao lado e tente perceber os elementos abordados.<\/p>\n\n\n\n<p class=\"has-text-align-center has-medium-font-size\"><strong>Agora \u00e9 a sua vez!<\/strong><\/p>\n\n\n\n<div style=\"height:36px\" aria-hidden=\"true\" class=\"wp-block-spacer\"><\/div>\n\n\n\n<p class=\"has-background has-medium-font-size\" style=\"background:linear-gradient(135deg,rgb(208,107,34) 0%,rgb(248,235,224) 100%)\"><strong>Quest\u00e3o 1<\/strong><\/p>\n\n\n\n<p class=\"has-medium-font-size\">Marque a alternativa correta. A express\u00e3o 3d, significa:<\/p>\n\n\n<div class=\"wp-block-image\">\n<figure class=\"aligncenter size-full is-resized\"><img decoding=\"async\" src=\"https:\/\/sme.goiania.go.gov.br\/conexaoescola\/wp-content\/uploads\/2023\/04\/151.png\" alt=\"\" class=\"wp-image-161363\" width=\"200\" height=\"226\" srcset=\"https:\/\/sme.goiania.go.gov.br\/conexaoescola\/wp-content\/uploads\/2023\/04\/151.png 800w, https:\/\/sme.goiania.go.gov.br\/conexaoescola\/wp-content\/uploads\/2023\/04\/151-266x300.png 266w, https:\/\/sme.goiania.go.gov.br\/conexaoescola\/wp-content\/uploads\/2023\/04\/151-768x866.png 768w\" sizes=\"(max-width: 200px) 100vw, 200px\" \/><\/figure><\/div>\n\n\n<p class=\"has-medium-font-size\">(a) 3 dimens\u00f5es<br>(b) 3 dias<br>(c) 3 dire\u00e7\u00f5es<br>(d) 3 designs<\/p>\n\n\n\n<div style=\"height:36px\" aria-hidden=\"true\" class=\"wp-block-spacer\"><\/div>\n\n\n\n<p class=\"has-background has-medium-font-size\" style=\"background:linear-gradient(135deg,rgb(208,107,34) 0%,rgb(248,235,224) 100%)\"><strong>Quest\u00e3o 2<\/strong><\/p>\n\n\n\n<p class=\"has-medium-font-size\">Observe as imagens abaixo e marque a alternativa correta.<\/p>\n\n\n\n<figure class=\"wp-block-gallery has-nested-images columns-default is-cropped wp-block-gallery-1 is-layout-flex wp-block-gallery-is-layout-flex\">\n<figure class=\"wp-block-image size-large\"><img decoding=\"async\" width=\"754\" height=\"600\" data-id=\"161365\" src=\"https:\/\/sme.goiania.go.gov.br\/conexaoescola\/wp-content\/uploads\/2023\/04\/La_familia_de_Felipe_V_Van_Loo.jpg\" alt=\"\" class=\"wp-image-161365\" srcset=\"https:\/\/sme.goiania.go.gov.br\/conexaoescola\/wp-content\/uploads\/2023\/04\/La_familia_de_Felipe_V_Van_Loo.jpg 754w, https:\/\/sme.goiania.go.gov.br\/conexaoescola\/wp-content\/uploads\/2023\/04\/La_familia_de_Felipe_V_Van_Loo-300x239.jpg 300w\" sizes=\"(max-width: 754px) 100vw, 754px\" \/><figcaption class=\"wp-element-caption\">&nbsp;A fam\u00edlia de Felipe V de Louis-Michel van Loo. Dispon\u00edvel em: <a href=\"https:\/\/commons.wikimedia.org\/wiki\/File:La_familia_de_Felipe_V_(Van_Loo).jpg\">https:\/\/commons.wikimedia.org\/wiki\/File:La_familia_de_Felipe_V_(Van_Loo).jpg<\/a>&nbsp;<\/figcaption><\/figure>\n\n\n\n<figure class=\"wp-block-image size-large\"><img loading=\"lazy\" decoding=\"async\" width=\"800\" height=\"546\" data-id=\"161366\" src=\"https:\/\/sme.goiania.go.gov.br\/conexaoescola\/wp-content\/uploads\/2023\/04\/Canaletto_Entrance_to_the_Grand_Canal_Venice.jpg\" alt=\"\" class=\"wp-image-161366\" srcset=\"https:\/\/sme.goiania.go.gov.br\/conexaoescola\/wp-content\/uploads\/2023\/04\/Canaletto_Entrance_to_the_Grand_Canal_Venice.jpg 800w, https:\/\/sme.goiania.go.gov.br\/conexaoescola\/wp-content\/uploads\/2023\/04\/Canaletto_Entrance_to_the_Grand_Canal_Venice-300x205.jpg 300w, https:\/\/sme.goiania.go.gov.br\/conexaoescola\/wp-content\/uploads\/2023\/04\/Canaletto_Entrance_to_the_Grand_Canal_Venice-768x524.jpg 768w\" sizes=\"(max-width: 800px) 100vw, 800px\" \/><figcaption class=\"wp-element-caption\"><a href=\"https:\/\/en.wikipedia.org\/wiki\/en:Canaletto\">Canaletto<\/a> :<a href=\"https:\/\/en.wikipedia.org\/wiki\/en:The_Entrance_to_the_Grand_Canal,_Venice\"> A entrada para o Grande Canal, Veneza<\/a> Dispon\u00edvel em: <a href=\"https:\/\/commons.wikimedia.org\/wiki\/File:Canaletto_Entrance_to_the_Grand_Canal_Venice.jpg\">https:\/\/commons.wikimedia.org\/wiki\/File:Canaletto_Entrance_to_the_Grand_Canal_Venice.jpg<\/a>.<\/figcaption><\/figure>\n<\/figure>\n\n\n\n<p class=\"has-medium-font-size\">(a) \u00e9 poss\u00edvel afirmar que ambas s\u00e3o obras em duas dimens\u00f5es<br>(b) \u00e9 poss\u00edvel afirmar que ambas utilizam a t\u00e9cnica de sombreamento<br>(c) n\u00e3o \u00e9 poss\u00edvel afirmar que as imagens acima s\u00e3o obras de arte<br>(d) \u00e9 poss\u00edvel afirmar que apenas uma das obras est\u00e1 em duas dimens\u00f5es<\/p>\n\n\n\n<div style=\"height:36px\" aria-hidden=\"true\" class=\"wp-block-spacer\"><\/div>\n\n\n\n<p class=\"has-background has-medium-font-size\" style=\"background:linear-gradient(135deg,rgb(208,107,34) 0%,rgb(248,235,224) 100%)\"><strong>Quest\u00e3o 3<\/strong><\/p>\n\n\n\n<p class=\"has-medium-font-size\">Observe as imagens abaixo.<\/p>\n\n\n\n<figure class=\"wp-block-image size-full\"><img loading=\"lazy\" decoding=\"async\" width=\"782\" height=\"174\" src=\"https:\/\/sme.goiania.go.gov.br\/conexaoescola\/wp-content\/uploads\/2023\/04\/bolas.png\" alt=\"\" class=\"wp-image-161369\" srcset=\"https:\/\/sme.goiania.go.gov.br\/conexaoescola\/wp-content\/uploads\/2023\/04\/bolas.png 782w, https:\/\/sme.goiania.go.gov.br\/conexaoescola\/wp-content\/uploads\/2023\/04\/bolas-300x67.png 300w, https:\/\/sme.goiania.go.gov.br\/conexaoescola\/wp-content\/uploads\/2023\/04\/bolas-768x171.png 768w\" sizes=\"(max-width: 782px) 100vw, 782px\" \/><\/figure>\n\n\n\n<p class=\"has-medium-font-size\">Qual das imagens aproxima-se mais de uma bola que vemos ao vivo? Quais elementos foram usados?&nbsp;<\/p>\n\n\n\n<div style=\"height:36px\" aria-hidden=\"true\" class=\"wp-block-spacer\"><\/div>\n\n\n\n<p class=\"has-background has-medium-font-size\" style=\"background:linear-gradient(135deg,rgb(208,107,34) 0%,rgb(248,235,224) 100%)\"><strong>Quest\u00e3o 4<\/strong><\/p>\n\n\n\n<p class=\"has-medium-font-size\">Ap\u00f3s todo o conhecimento que adquirimos, pegue um l\u00e1pis de escrever, uma borracha e uma folha branca para exercitarmos.<\/p>\n\n\n\n<p class=\"has-medium-font-size\">Voc\u00ea j\u00e1 desenhou usando o sombreamento e as tr\u00eas dimens\u00f5es (altura, largura e comprimento)? Vamos tentar?<\/p>\n\n\n\n<p class=\"has-medium-font-size\">Vamos come\u00e7ar com desenhos simples como, bola, cubo, casa, garrafa\u2026&nbsp;<\/p>\n\n\n\n<p class=\"has-medium-font-size\">Primeiro defina de que dire\u00e7\u00e3o vir\u00e1 a luz para depois desenhar e por fim sombrear onde a luz n\u00e3o atinge. qualquer d\u00favida observe na realidade como os objetos se comportam sob a luz\u2026<\/p>\n\n\n\n<p class=\"has-text-align-center has-medium-font-size\"><em><strong>Ao fim, que tal expor seus desenhos!<\/strong><\/em><\/p>\n\n\n\n<div style=\"height:36px\" aria-hidden=\"true\" class=\"wp-block-spacer\"><\/div>\n\n\n\n<p class=\"has-background has-medium-font-size\" style=\"background:linear-gradient(135deg,rgb(208,107,34) 0%,rgb(248,235,224) 100%)\"><strong>Saiba Mais<\/strong><\/p>\n\n\n\n<figure class=\"wp-block-embed is-type-video is-provider-youtube wp-block-embed-youtube wp-embed-aspect-16-9 wp-has-aspect-ratio\"><div class=\"wp-block-embed__wrapper\">\n<p class=\"responsive-video-wrap clr\"><iframe title=\"Luz e Sombra - Volume\" width=\"1200\" height=\"675\" src=\"https:\/\/www.youtube.com\/embed\/AgR0G9Csk0o?feature=oembed\" frameborder=\"0\" allow=\"accelerometer; autoplay; clipboard-write; encrypted-media; gyroscope; picture-in-picture; web-share\" allowfullscreen><\/iframe><\/p>\n<\/div><\/figure>\n\n\n\n<p class=\"has-medium-font-size\">Luz e Sombra &#8211; Volume. Professora Let\u00edcia de Arte. Dispon\u00edvel em: <a rel=\"noreferrer noopener\" href=\"https:\/\/www.youtube.com\/watch?v=AgR0G9Csk0o\" target=\"_blank\">https:\/\/www.youtube.com\/watch?v=AgR0G9Csk0o<\/a>. Acesso em: 18\/04\/2023. <\/p>\n\n\n\n<div style=\"height:36px\" aria-hidden=\"true\" class=\"wp-block-spacer\"><\/div>\n\n\n\n<hr class=\"wp-block-separator has-alpha-channel-opacity\"\/>\n\n\n\n<figure class=\"wp-block-table is-style-stripes has-small-font-size\"><table class=\"has-fixed-layout\"><tbody><tr><td><strong>Autoria:<\/strong><\/td><td>Ariadiny C\u00e2ndido Morais<\/td><\/tr><tr><td><strong>Forma\u00e7\u00e3o:<\/strong><\/td><td>Pedagoga e Mestre em Educa\u00e7\u00e3o.<\/td><\/tr><tr><td><strong>Componente Curricular:<\/strong><\/td><td>ARTE<\/td><\/tr><tr><td><strong>Habilidades:<\/strong><\/td><td>(GO-EF05AR02-A) Explorar, reconhecer e produzir criativamente os elementos constitutivos das artes visuais, tais como: o ponto, a linha, a forma, a cor, o espa\u00e7o, o movimento, a textura, os planos, a perspectiva, como componentes fundamentais para a composi\u00e7\u00e3o e a cria\u00e7\u00e3o art\u00edstica em contextos variados e significativos, utilizando diferentes suportes e ferramentas.<\/td><\/tr><tr><td><strong>Refer\u00eancias:&nbsp;<\/strong><\/td><td>GOI\u00c1S. Documento Curricular para Goi\u00e1s \u2013 Ampliado. Volume II. Ensino Fundamental Anos Finais. CONSED; UNDIME, 2018. 433 p. Dispon\u00edvel em:&lt;<a href=\"https:\/\/sme.goiania.go.gov.br\/site\/index.php\/institucional\/documentos-oficiais-2\/category\/27-documentos-gerais&amp;gt&amp;gt\">sme.goiania.go.gov.br\/site\/index.php\/institucional\/documentos-oficiais-2\/category\/27-documentos-gerais&amp;gt&amp;gt<\/a>. Acesso em 03\/04\/2023.<br><br>GOI\u00c1S. Documento Curricular para Goi\u00e1s \u2013 Ampliado. Cortes Temporais. CONSED; UNDIME, 2019. p. 143. Dispon\u00edvel em: &lt;<a href=\"https:\/\/sme.goiania.go.gov.br\/site\/index.php\/institucional\/documentos-oficiais-2\">sme.goiania.go.gov.br\/site\/index.php\/institucional\/documentos-oficiais-2 &gt; <\/a>. Acesso em 03\/04\/2023.<br><br>&nbsp;Enciclop\u00e9dia Ita\u00faCultural. Perspectiva. (2001 &#8211; 2023) Dispon\u00edvel em: &lt;<a href=\"https:\/\/enciclopedia.itaucultural.org.br\/termo3636\/perspectiva#:~:text=T%C3%A9cnica%20de%20representa%C3%A7%C3%A3o%20do%20espa%C3%A7o,de%20representa%C3%A7%C3%A3o%20da%20profundidade%20espacial\">https:\/\/enciclopedia.itaucultural.org.br\/termo3636\/perspectiva#:~:text=T%C3%A9cnica%20de%20representa%C3%A7%C3%A3o%20do%20espa%C3%A7o,de%20representa%C3%A7%C3%A3o%20da%20profundidade%20espacial<\/a><a href=\"https:\/\/sme.goiania.go.gov.br\/site\/index.php\/institucional\/documentos-oficiais-2\">&gt; <\/a>Acesso em: 19\/04\/2023.<br><br>PARADELLA, Flavia Simonini. TEORIA DA FORMA &#8211; PONTO \/ LINHA \/ PLANO. (UNESA). Dispon\u00edvel em: <a href=\"http:\/\/www.ensp.fiocruz.br\/portal-ensp\/_uploads\/documentos-pessoais\/documento-pessoal_314.pdf\">http:\/\/www.ensp.fiocruz.br\/portal-ensp\/_uploads\/documentos-pessoais\/documento-pessoal_314.pdf<\/a><a href=\"https:\/\/sme.goiania.go.gov.br\/site\/index.php\/institucional\/documentos-oficiais-2\">&gt; <\/a>Acesso em: 19\/04\/2023<\/td><\/tr><\/tbody><\/table><\/figure>\n\n\n\n<hr class=\"wp-block-separator has-alpha-channel-opacity\"\/>\n","protected":false},"author":12,"featured_media":161356,"template":"","ef_categoria":[14,22],"ef_ano":[88],"ef_componente":[99],"class_list":["post-161353","ensino_fundamental","type-ensino_fundamental","status-publish","has-post-thumbnail","hentry","ef_categoria-ciclo-da-infancia-de","ef_categoria-corpo-e-movimento-ciclo-da-infancia-de","ef_ano-5o-ano","ef_componente-arte-ef","entry","has-media"],"acf":[],"_links":{"self":[{"href":"https:\/\/sme.goiania.go.gov.br\/conexaoescola\/wp-json\/wp\/v2\/ensino_fundamental\/161353","targetHints":{"allow":["GET"]}}],"collection":[{"href":"https:\/\/sme.goiania.go.gov.br\/conexaoescola\/wp-json\/wp\/v2\/ensino_fundamental"}],"about":[{"href":"https:\/\/sme.goiania.go.gov.br\/conexaoescola\/wp-json\/wp\/v2\/types\/ensino_fundamental"}],"author":[{"embeddable":true,"href":"https:\/\/sme.goiania.go.gov.br\/conexaoescola\/wp-json\/wp\/v2\/users\/12"}],"version-history":[{"count":3,"href":"https:\/\/sme.goiania.go.gov.br\/conexaoescola\/wp-json\/wp\/v2\/ensino_fundamental\/161353\/revisions"}],"predecessor-version":[{"id":161402,"href":"https:\/\/sme.goiania.go.gov.br\/conexaoescola\/wp-json\/wp\/v2\/ensino_fundamental\/161353\/revisions\/161402"}],"wp:featuredmedia":[{"embeddable":true,"href":"https:\/\/sme.goiania.go.gov.br\/conexaoescola\/wp-json\/wp\/v2\/media\/161356"}],"wp:attachment":[{"href":"https:\/\/sme.goiania.go.gov.br\/conexaoescola\/wp-json\/wp\/v2\/media?parent=161353"}],"wp:term":[{"taxonomy":"ef_categoria","embeddable":true,"href":"https:\/\/sme.goiania.go.gov.br\/conexaoescola\/wp-json\/wp\/v2\/ef_categoria?post=161353"},{"taxonomy":"ef_ano","embeddable":true,"href":"https:\/\/sme.goiania.go.gov.br\/conexaoescola\/wp-json\/wp\/v2\/ef_ano?post=161353"},{"taxonomy":"ef_componente","embeddable":true,"href":"https:\/\/sme.goiania.go.gov.br\/conexaoescola\/wp-json\/wp\/v2\/ef_componente?post=161353"}],"curies":[{"name":"wp","href":"https:\/\/api.w.org\/{rel}","templated":true}]}}