{"id":160897,"date":"2023-04-13T21:22:19","date_gmt":"2023-04-14T00:22:19","guid":{"rendered":"https:\/\/sme.goiania.go.gov.br\/conexaoescola\/?post_type=ensino_fundamental&#038;p=160897"},"modified":"2023-05-22T19:33:57","modified_gmt":"2023-05-22T22:33:57","slug":"historia-desenvolvimento-da-pecuaria","status":"publish","type":"ensino_fundamental","link":"https:\/\/sme.goiania.go.gov.br\/conexaoescola\/ensino_fundamental\/historia-desenvolvimento-da-pecuaria\/","title":{"rendered":"HIST\u00d3RIA &#8211; DESENVOLVIMENTO DA PECU\u00c1RIA"},"content":{"rendered":"\n<p class=\"has-text-align-center has-background has-medium-font-size\" style=\"background-color:#7bc08b\"><strong>ESTA PROPOSTA DE ATIVIDADE DE HIST\u00d3RIA&nbsp;\u00c9 DESTINADA AOS ESTUDANTES<\/strong>&nbsp;<strong>DO<\/strong>&nbsp;<strong>4\u00ba ANO DO ENSINO FUNDAMENTAL<\/strong>.<\/p>\n\n\n\n<div class=\"wp-block-buttons is-content-justification-center is-layout-flex wp-container-core-buttons-is-layout-16018d1d wp-block-buttons-is-layout-flex\">\n<div class=\"wp-block-button\"><a class=\"wp-block-button__link wp-element-button\" href=\"https:\/\/docs.google.com\/document\/d\/17EyoZBe4zaSkVMK19eipJUuQ8cjQF-Ix\/copy\" target=\"_blank\" rel=\"noreferrer noopener\">BAIXE A ATIVIDADE <\/a><\/div>\n\n\n\n<div class=\"wp-block-button\"><a class=\"wp-block-button__link wp-element-button\" href=\"https:\/\/docs.google.com\/presentation\/d\/1ZtNrF2TL6BQVqeg9qRMUmeGjPn5i9T0j\/copy\" target=\"_blank\" rel=\"noreferrer noopener\">BAIXE OS SLIDES <\/a><\/div>\n\n\n\n<div class=\"wp-block-button\"><a class=\"wp-block-button__link wp-element-button\" href=\"https:\/\/docs.google.com\/document\/d\/1ugwYcChI0F3eCx7GEEXKvImFd1UMDXpO\/copy\" target=\"_blank\" rel=\"noreferrer noopener\">BAIXE O TEXTO<\/a><\/div>\n<\/div>\n\n\n\n<p><\/p>\n\n\n\n<p class=\"has-medium-font-size\">Com a sedentariza\u00e7\u00e3o dos agrupamentos humanos, impulsionada pelo dom\u00ednio da agricultura, outras atividades puderam ser desenvolvidas como a pecu\u00e1ria e domestica\u00e7\u00e3o dos animais. As atividades pecu\u00e1rias podem ser desenvolvidas de diferentes formas e com a cria\u00e7\u00e3o de esp\u00e9cies animais variadas.<\/p>\n\n\n\n<p class=\"has-text-align-center has-medium-font-size\"><strong>DESENVOLVIMENTO DA PECU\u00c1RIA<\/strong><\/p>\n\n\n\n<p class=\"has-text-align-center\"><strong><img fetchpriority=\"high\" decoding=\"async\" src=\"https:\/\/lh3.googleusercontent.com\/OE7Ks5XJrhvBdlhZ7_KGuCpt1wukBDOkwM27pJQLWLeL0noadxyXnxJ6--xZBu1YUgsJGLoZjiIZ33nuiRG77TOUbDBm8MNU5PkyKX8grH5lzXXVccQMG4dcUjrKGkHuKvURZ3kISsh4\" width=\"600\" height=\"400\"><\/strong><\/p>\n\n\n\n<p class=\"has-text-align-center has-small-font-size\"><strong>&nbsp;<\/strong>Dispon\u00edvel em:<a href=\"https:\/\/pixabay.com\/pt\/photos\/ovelha-rebanho-pasto-prado-5539895\/\">https:\/\/pixabay.com\/pt\/photos\/ovelha-rebanho-pasto-prado-5539895<\/a>\/Acesso em 23 mar. 2022<\/p>\n\n\n\n<p class=\"has-medium-font-size\"><\/p>\n\n\n\n<p class=\"has-medium-font-size\">No per\u00edodo pr\u00e9-hist\u00f3rico havia muitos grupos n\u00f4mades e eles realizavam a busca de alimentos por meio da ca\u00e7a. Por\u00e9m, para isso, percorriam grandes dist\u00e2ncias e, nem sempre, conseguiam realizar a captura de animais.&nbsp;<\/p>\n\n\n\n<p class=\"has-medium-font-size\">O dom\u00ednio da agricultura auxiliou na sedentariza\u00e7\u00e3o dos agrupamentos humanos e, desse modo, a domestica\u00e7\u00e3o e pastoreio de animais integrou as atividades produtivas humanas.<\/p>\n\n\n\n<p class=\"has-text-align-center has-background has-medium-font-size\" style=\"background-color:#b9eec1\"><strong>A IMPORT\u00c2NCIA DA PECU\u00c1RIA<\/strong><\/p>\n\n\n\n<p class=\"has-medium-font-size\">A pecu\u00e1ria pode ser entendida como uma atividade produtiva humana que pressup\u00f5e domestica\u00e7\u00e3o e cria\u00e7\u00e3o de animais. Trata-se de um mecanismo que possibilita a obten\u00e7\u00e3o de insumos e g\u00eaneros destinados \u00e0 alimenta\u00e7\u00e3o e confec\u00e7\u00e3o de vestimentas.<\/p>\n\n\n\n<p class=\"has-medium-font-size\">O dom\u00ednio da pecu\u00e1ria auxilia na variedade de alimentos, tendo em vista que h\u00e1 diferentes modalidades. Assim, de forma exemplificativa, temos a suinocultura (cria\u00e7\u00e3o de porcos), avicultura (cria\u00e7\u00e3o de aves), apicultura (cria\u00e7\u00e3o de abelhas) e psicultura (cria\u00e7\u00e3o de peixes).<\/p>\n\n\n\n<p class=\"has-text-align-center has-background has-medium-font-size\" style=\"background-color:#b9eec1\"><strong>A PECU\u00c1RIA E O MEIO AMBIENTE<\/strong><\/p>\n\n\n\n<p class=\"has-medium-font-size\">O surgimento da agricultura representou a supera\u00e7\u00e3o do nomadismo e o estabelecimento de agrupamentos humanos sedent\u00e1rios. Isso significa que muitos grupos humanos fixaram-se em uma regi\u00e3o, desenvolvendo vilas, que se transformaram em povoados e com o crescimento tornaram-se cidades.<\/p>\n\n\n\n<p class=\"has-medium-font-size\">As primeiras civiliza\u00e7\u00f5es fixas procuraram-se estabelecer em regi\u00f5es pr\u00f3ximas a rios, pois desse modo a irriga\u00e7\u00e3o das planta\u00e7\u00f5es era mais facilitada. Muitas outras t\u00e9cnicas agr\u00edcolas foram criadas, objetivando melhorar o processo de produ\u00e7\u00e3o.<\/p>\n\n\n\n<p class=\"has-text-align-center has-medium-font-size\"><strong>Agora \u00e9 com voc\u00eas, vamos responder algumas quest\u00f5es?<\/strong><\/p>\n\n\n\n<p class=\"has-text-align-center has-background has-medium-font-size\" style=\"background-color:#b9eec1\"><strong>QUEST\u00c3O 1<\/strong><\/p>\n\n\n\n<p class=\"has-medium-font-size\">Observe a imagem e veja uma t\u00e9cnica que foi utilizada para cria\u00e7\u00e3o de pastos:<\/p>\n\n\n\n<p class=\"has-text-align-center\"><img decoding=\"async\" src=\"https:\/\/lh5.googleusercontent.com\/dSulf-7ijayUgefkF-H1zZSQuyOzIrrSP5xfBSob0xlQ_EPMaFoZ-G6xSSBAABZH3n0HP4Q9tVHv8J0QQQyS9KNwbqg5uPk9npQViKxAhDxY1-pYxNMfClemdCTT0p7tpXRIaYuom4Ah\" width=\"539\" height=\"357\"><\/p>\n\n\n\n<p class=\"has-text-align-center has-small-font-size\">Dispon\u00edvel em: https:\/\/commons.wikimedia.org\/wiki\/File:Ueberladewagen.jpg Acesso em 25 jan. 2022<\/p>\n\n\n\n<p class=\"has-medium-font-size\">A) Procure no dicion\u00e1rio o significado da palavra sustent\u00e1vel e fa\u00e7a o registro.<\/p>\n\n\n\n<p class=\"has-medium-font-size\">B) A pr\u00e1tica representada na imagem \u00e9 sustent\u00e1vel? Como voc\u00ea chegou \u00e0 essa conclus\u00e3o?<\/p>\n\n\n\n<p class=\"has-text-align-left has-background has-medium-font-size\" style=\"background-color:#b9eec1\"><strong>QUEST\u00c3O 2<\/strong><\/p>\n\n\n\n<p class=\"has-medium-font-size\">O processo de sedentariza\u00e7\u00e3o humana impulsionada pelo dom\u00ednio da agricultura, influenciou na cria\u00e7\u00e3o de pr\u00e1ticas para o desenvolvimento da pecu\u00e1ria.<\/p>\n\n\n\n<p class=\"has-medium-font-size\">Os primeiros instrumentos desenvolvidos para a realiza\u00e7\u00e3o de atividades pecu\u00e1rias possu\u00edam como caracter\u00edstica:<\/p>\n\n\n\n<p class=\"has-medium-font-size\">(a) uso de intelig\u00eancia artificial.<\/p>\n\n\n\n<p class=\"has-medium-font-size\">(b) uso de m\u00e1quinas el\u00e9tricas.<\/p>\n\n\n\n<p class=\"has-medium-font-size\">(c) uso de materiais de madeira.<\/p>\n\n\n\n<p class=\"has-medium-font-size\">(d) uso de m\u00e1quinas movidas a motor.<\/p>\n\n\n\n<p class=\"has-text-align-left has-background has-medium-font-size\" style=\"background-color:#b9eec1\"><strong>QUEST\u00c3O<\/strong> <strong>3<\/strong><\/p>\n\n\n\n<p class=\"has-medium-font-size\">As atividades pecu\u00e1rias s\u00e3o fundamentais para a disponibiliza\u00e7\u00e3o de g\u00eaneros aliment\u00edcios e at\u00e9 mesmo vestimentas.<\/p>\n\n\n\n<p class=\"has-medium-font-size\">Assinale a alternativa que representa um produto que pode ser consumido em raz\u00e3o de atividades pecu\u00e1rias:<\/p>\n\n\n\n<p class=\"has-medium-font-size\">(a) roupas de algod\u00e3o.<\/p>\n\n\n\n<p class=\"has-medium-font-size\">(b) leite de coco.<\/p>\n\n\n\n<p class=\"has-medium-font-size\">(c) mel de abelha.<\/p>\n\n\n\n<p class=\"has-medium-font-size\">(d) carne de soja.<\/p>\n\n\n\n<p><\/p>\n\n\n\n<p class=\"has-text-align-left has-background has-medium-font-size\" style=\"background-color:#b9eec1\"><strong>QUEST\u00c3O 4<\/strong><\/p>\n\n\n\n<p class=\"has-medium-font-size\">Os historiadores costumam usar como fonte de pesquisa dos modos de vida pr\u00e9-hist\u00f3rico os registros rupestres.<\/p>\n\n\n\n<p class=\"has-medium-font-size\">Observe um registro rupestre:<\/p>\n\n\n\n<p class=\"has-text-align-center\"><img decoding=\"async\" src=\"https:\/\/lh5.googleusercontent.com\/6nTpr9z_UuC78JkqVMLF1VlEGldMGndomUqEjHf9MLXHAgFgUL-55b5VRt5juNAmTb4nrGE_E7hpU6YjoMmtBajBoahyu2LELqkq_qaSHAmW-_O-TKpHnoz82lmDfM--UZQdqLq-75i-\" width=\"332\" height=\"442\"><\/p>\n\n\n\n<p class=\"has-text-align-center has-small-font-size\">Dispon\u00edvel em: <a href=\"https:\/\/pixabay.com\/pt\/photos\/arte-rupestre-pintura-%c3%a1frica-2912463\/\">https:\/\/pixabay.com\/pt\/photos\/arte-rupestre-pintura-%c3%a1frica-2912463\/<\/a>Acesso em 23 mar. 2022<\/p>\n\n\n\n<p class=\"has-text-align-left has-medium-font-size\">&nbsp;Ap\u00f3s a observa\u00e7\u00e3o, fa\u00e7a uma descri\u00e7\u00e3o de quais tipos de atividades s\u00e3o representadas e quais os elementos aparecem no registro\/desenho.<\/p>\n\n\n\n<hr class=\"wp-block-separator has-alpha-channel-opacity\"\/>\n\n\n\n<figure class=\"wp-block-table is-style-stripes\"><table><tbody><tr><td><strong>Autoria:<\/strong><\/td><td>Lorena Guimar\u00e3es<\/td><\/tr><tr><td><strong>Forma\u00e7\u00e3o:<\/strong><\/td><td>Formada em Pedagogia e Letras<\/td><\/tr><tr><td><strong>Componente<\/strong>:<\/td><td>Hist\u00f3ria<\/td><\/tr><tr><td><strong>Habilidade<\/strong>:<\/td><td>(EF04HI02) Identificar mudan\u00e7as e perman\u00eancias ao longo do tempo, discutindo os sentidos dos grandes marcos da hist\u00f3ria da humanidade (nomadismo, desenvolvimento da agricultura e do pastoreio, cria\u00e7\u00e3o da ind\u00fastria, etc.).<\/td><\/tr><tr><td><strong>Refer\u00eancias:<\/strong><\/td><td><br>ESCOLA EDUCA\u00c7\u00c3O. Pecu\u00e1ria: O que \u00e9, tipos, modalidades e problemas ambientais. Dispon\u00edvel em: <a href=\"https:\/\/escolaeducacao.com.br\/pecuaria\/\">https:\/\/escolaeducacao.com.br\/pecuaria\/<\/a>. Acesso em <em>23 mar. 2023.<\/em><br><br>GOI\u00c1S. Documento Curricular para Goi\u00e1s \u2013 Ampliado. Volume II. Ensino Fundamental Anos Finais. CONSED; UNDIME, 2018. 433 p. Dispon\u00edvel em &lt;<a href=\"https:\/\/sme.goiania.go.gov.br\/site\/index.php\/institucional\/documentos-oficiais-2\/category\/27-documentos-gerais&amp;gt&amp;gt\">sme.goiania.go.gov.br\/site\/index.php\/institucional\/documentos-oficiais-2\/category\/27-documentos-gerais&amp;gt&amp;gt<\/a>;. Acesso em 23\/03\/2023.<br><br>GOI\u00c1S. Documento Curricular para Goi\u00e1s \u2013 Ampliado. Cortes Temporais. CONSED; UNDIME, 2019. p. 143. Dispon\u00edvel em: &lt;<a href=\"https:\/\/sme.goiania.go.gov.br\/site\/index.php\/institucional\/documentos-oficiais-2\">sme.goiania.go.gov.br\/site\/index.php\/institucional\/documentos-oficiais-2 &gt;&nbsp;<\/a>. Acesso em 23\/03\/2023.<br><br>RECORD TV GOI\u00c1S. Nossa hist\u00f3ria: s\u00edtio arqueol\u00f3gico tem mais de 3500 anos. Dispon\u00edvel em:<a href=\"https:\/\/www.youtube.com\/watch?v=ZZCe7wZ19lQ\">https:\/\/www.youtube.com\/watch?v=ZZCe7wZ19lQ<\/a>. Acesso em <em>23 mar. 2023.<\/em><br><br>SECRETARIA DE ESTADO DE AGRICULTURA, PECU\u00c1RIA E ABASTECIMENTO DO ESTADO DE GOI\u00c1S. Goi\u00e1s possui segundo maior rebanho bovino do Brasil. Dispon\u00edvel em: <a href=\"https:\/\/www.agricultura.go.gov.br\/comunica%C3%A7%C3%A3o\/not%C3%ADcias\/3489-goi%C3%A1s-possui-2%C2%BA-maior-rebanho-bovino-do-brasil.html\">https:\/\/www.agricultura.go.gov.br\/comunica%C3%A7%C3%A3o\/not%C3%ADcias\/3489-goi%C3%A1s-possui-2%C2%BA-maior-rebanho-bovino-do-brasil.html<\/a>. Acesso <em>23 mar. 2023.<\/em><br><\/td><\/tr><\/tbody><\/table><\/figure>\n","protected":false},"author":59,"featured_media":160899,"template":"","ef_categoria":[14],"ef_ano":[87],"ef_componente":[95],"class_list":["post-160897","ensino_fundamental","type-ensino_fundamental","status-publish","has-post-thumbnail","hentry","ef_categoria-ciclo-da-infancia-de","ef_ano-4o-ano","ef_componente-historia","entry","has-media"],"acf":[],"_links":{"self":[{"href":"https:\/\/sme.goiania.go.gov.br\/conexaoescola\/wp-json\/wp\/v2\/ensino_fundamental\/160897","targetHints":{"allow":["GET"]}}],"collection":[{"href":"https:\/\/sme.goiania.go.gov.br\/conexaoescola\/wp-json\/wp\/v2\/ensino_fundamental"}],"about":[{"href":"https:\/\/sme.goiania.go.gov.br\/conexaoescola\/wp-json\/wp\/v2\/types\/ensino_fundamental"}],"author":[{"embeddable":true,"href":"https:\/\/sme.goiania.go.gov.br\/conexaoescola\/wp-json\/wp\/v2\/users\/59"}],"version-history":[{"count":4,"href":"https:\/\/sme.goiania.go.gov.br\/conexaoescola\/wp-json\/wp\/v2\/ensino_fundamental\/160897\/revisions"}],"predecessor-version":[{"id":163385,"href":"https:\/\/sme.goiania.go.gov.br\/conexaoescola\/wp-json\/wp\/v2\/ensino_fundamental\/160897\/revisions\/163385"}],"wp:featuredmedia":[{"embeddable":true,"href":"https:\/\/sme.goiania.go.gov.br\/conexaoescola\/wp-json\/wp\/v2\/media\/160899"}],"wp:attachment":[{"href":"https:\/\/sme.goiania.go.gov.br\/conexaoescola\/wp-json\/wp\/v2\/media?parent=160897"}],"wp:term":[{"taxonomy":"ef_categoria","embeddable":true,"href":"https:\/\/sme.goiania.go.gov.br\/conexaoescola\/wp-json\/wp\/v2\/ef_categoria?post=160897"},{"taxonomy":"ef_ano","embeddable":true,"href":"https:\/\/sme.goiania.go.gov.br\/conexaoescola\/wp-json\/wp\/v2\/ef_ano?post=160897"},{"taxonomy":"ef_componente","embeddable":true,"href":"https:\/\/sme.goiania.go.gov.br\/conexaoescola\/wp-json\/wp\/v2\/ef_componente?post=160897"}],"curies":[{"name":"wp","href":"https:\/\/api.w.org\/{rel}","templated":true}]}}