{"id":160410,"date":"2023-04-05T07:00:00","date_gmt":"2023-04-05T10:00:00","guid":{"rendered":"https:\/\/sme.goiania.go.gov.br\/conexaoescola\/?post_type=ensino_fundamental&#038;p=160410"},"modified":"2023-04-12T16:36:57","modified_gmt":"2023-04-12T19:36:57","slug":"arte-danca-contato-improvisacao","status":"publish","type":"ensino_fundamental","link":"https:\/\/sme.goiania.go.gov.br\/conexaoescola\/ensino_fundamental\/arte-danca-contato-improvisacao\/","title":{"rendered":"Arte\/Dan\u00e7a &#8211; T\u00e9cnica de Contato\/Improvisa\u00e7\u00e3o"},"content":{"rendered":"\n<p class=\"has-text-align-center has-background has-medium-font-size\" style=\"background-color:#0792e340\">Esta proposta de atividade de ARTE\/DAN\u00c7A \u00e9 destinada aos estudantes do 7\u00ba ano do Ensino Fundamental.<\/p>\n\n\n<div class=\"wp-block-image\">\n<figure class=\"aligncenter size-full is-resized\"><img fetchpriority=\"high\" decoding=\"async\" src=\"https:\/\/sme.goiania.go.gov.br\/conexaoescola\/wp-content\/uploads\/2023\/04\/image-7.png\" alt=\"\" class=\"wp-image-160765\" width=\"313\" height=\"313\" srcset=\"https:\/\/sme.goiania.go.gov.br\/conexaoescola\/wp-content\/uploads\/2023\/04\/image-7.png 1024w, https:\/\/sme.goiania.go.gov.br\/conexaoescola\/wp-content\/uploads\/2023\/04\/image-7-300x300.png 300w, https:\/\/sme.goiania.go.gov.br\/conexaoescola\/wp-content\/uploads\/2023\/04\/image-7-150x150.png 150w, https:\/\/sme.goiania.go.gov.br\/conexaoescola\/wp-content\/uploads\/2023\/04\/image-7-768x768.png 768w\" sizes=\"(max-width: 313px) 100vw, 313px\" \/><\/figure><\/div>\n\n\n<div class=\"wp-block-buttons is-content-justification-center is-layout-flex wp-container-core-buttons-is-layout-16018d1d wp-block-buttons-is-layout-flex\">\n<div class=\"wp-block-button has-custom-font-size\" style=\"font-size:12px\"><a class=\"wp-block-button__link wp-element-button\" href=\"https:\/\/docs.google.com\/document\/d\/10eJu_bTOezUp74EDhxB4gkVjQlsMbm1yO0FWR7VAQBg\/copy\" target=\"_blank\" rel=\"noreferrer noopener\">Baixe a atividade<\/a><\/div>\n\n\n\n<div class=\"wp-block-button has-custom-font-size\" style=\"font-size:12px\"><a class=\"wp-block-button__link wp-element-button\" href=\"https:\/\/docs.google.com\/presentation\/d\/1wJt6vJnBtvHf93sHoKaixOYR7Mh8xWwoviuPKE1ju-8\/copy\" target=\"_blank\" rel=\"noreferrer noopener\">Baixe os slides<\/a><\/div>\n\n\n\n<div class=\"wp-block-button has-custom-font-size\" style=\"font-size:12px\"><a class=\"wp-block-button__link wp-element-button\" href=\"https:\/\/docs.google.com\/document\/d\/1krnGYbbDCRcgFpleImQNgjYr8Xs1Gh1bndsyvFGwKpM\/copy\" target=\"_blank\" rel=\"noreferrer noopener\">Baixe o texto <\/a><\/div>\n<\/div>\n\n\n\n<p><\/p>\n\n\n\n<p class=\"has-text-align-left has-medium-font-size\">A improvisa\u00e7\u00e3o na dan\u00e7a \u00e9 uma t\u00e9cnica em que os movimentos s\u00e3o criados espontaneamente, sem uma coreografia pr\u00e9-estabelecida. Isso permite que os dan\u00e7arinos expressem sua individualidade e criatividade atrav\u00e9s do movimento, e tamb\u00e9m permite que a dan\u00e7a evolua a cada apresenta\u00e7\u00e3o, tornando cada uma delas \u00fanica e especial.<\/p>\n\n\n\n<p class=\"has-medium-font-size\">A improvisa\u00e7\u00e3o na dan\u00e7a pode ser criada em muitas formas de dan\u00e7a, incluindo dan\u00e7a contempor\u00e2nea, jazz, dan\u00e7a do ventre, hip hop e outras. \u00c9 frequentemente utilizada em apresenta\u00e7\u00f5es de dan\u00e7a ao vivo, bem como em competi\u00e7\u00f5es de dan\u00e7a. Requer habilidades de escuta ativa e resposta r\u00e1pida, pois os dan\u00e7arinos precisam proteger \u00e0s escolhas de movimento uns dos outros enquanto se movem no espa\u00e7o. Tamb\u00e9m \u00e9 uma forma de explorar novas possibilidades de movimento e experimentar diferentes estilos e t\u00e9cnicas de dan\u00e7a.<\/p>\n\n\n\n<p class=\"has-medium-font-size\">Se torna desafiador, pois permite que os dan\u00e7arinos se conectem com a sua express\u00e3o mais criativa e art\u00edstica.<\/p>\n\n\n\n<p class=\"has-text-align-center\"><img decoding=\"async\" width=\"326\" height=\"457\" src=\"https:\/\/lh3.googleusercontent.com\/6hI3cc28aoRg5goVnMygDRX1G2IqXwVCO47Srm1SDyaUbNtO6bMLHRWwnWQWUWOLExlm_rMJZaJzHo41gwW6SP9e78VR7v6fiO-abeSldRt473ydFWrX5uWf9RWKvTGtOy0vsM8X0ikqnzCNiBW9M28\"><\/p>\n\n\n\n<p class=\"has-text-align-center\" style=\"font-size:8px\">Dispon\u00edvel em<a href=\"https:\/\/www.freepik.com\/free-photo\/male-dancing-hip-hop_7021829.htm#query=improvisa%C3%A7%C3%A3o%20na%20dan%C3%A7a&amp;position=14&amp;from_view=search&amp;track=ais\"> https:\/\/www.freepik.com\/free-photo\/male-dancing-hip-hop_7021829.htm#query=improvisa%C3%A7%C3%A3o%20na%20dan%C3%A7a&amp;position=14&amp;from_view=search&amp;track=ais<\/a> <\/p>\n\n\n\n<p class=\"has-text-align-center\" style=\"font-size:8px\">Acesso em 03, abril. 2023<\/p>\n\n\n\n<p class=\"has-medium-font-size\">Existe uma t\u00e9cnica de improvisa\u00e7\u00e3o denominada <strong>Contato\/Improvisa\u00e7\u00e3o<\/strong> que pode ocorrer em duplas, grupos ou conjuntos. Trata-se de um estilo de dan\u00e7a improvisacional em que os dan\u00e7arinos exploram o movimento em contato f\u00edsico pr\u00f3ximo. Os dan\u00e7arinos usam a for\u00e7a da gravidade e do impulso para se moverem juntos e criarem movimentos fluidos, muitas vezes atrav\u00e9s de toques e empurr\u00f5es suaves e seguros.<\/p>\n\n\n\n<p class=\"has-black-color has-text-color has-medium-font-size\">O Contato\/Improvisa\u00e7\u00e3o foi desenvolvido na d\u00e9cada de 1970 por Steve Paxton e outros dan\u00e7arinos, como uma forma de explorar o potencial criativo do contato f\u00edsico e da improvisa\u00e7\u00e3o. O estilo enfatiza a escuta do corpo e da intera\u00e7\u00e3o com outros dan\u00e7arinos, e encoraja a express\u00e3o individual dentro de um contexto de colabora\u00e7\u00e3o e respeito m\u00fatuo. O Contato\/Improvisa\u00e7\u00e3o pode ser realizado por dan\u00e7arinos de diferentes n\u00edveis de habilidade e experi\u00eancia.<\/p>\n\n\n\n<p class=\"has-background has-medium-font-size\" style=\"background-color:#0792e340\"><strong>QUEST\u00c3O 1<\/strong><\/p>\n\n\n\n<p class=\"has-medium-font-size\">A improvisa\u00e7\u00e3o na dan\u00e7a \u00e9 uma t\u00e9cnica em que&nbsp;<\/p>\n\n\n\n<p class=\"has-medium-font-size\">(A) os movimentos acontecem em dire\u00e7\u00f5es, planos e n\u00edveis pr\u00e9-estabelecidos.<\/p>\n\n\n\n<p class=\"has-medium-font-size\">(B) os movimentos s\u00e3o criados espontaneamente, sem uma coreografia pr\u00e9-estabelecida.&nbsp;<\/p>\n\n\n\n<p class=\"has-medium-font-size\">(C) os movimentos s\u00e3o desenvolvidos por meio da telepatia.<\/p>\n\n\n\n<p class=\"has-medium-font-size\">(D) os movimentos s\u00e3o espont\u00e2neos e o foco \u00e9 apenas em algumas partes do corpo.<\/p>\n\n\n\n<p class=\"has-background has-medium-font-size\" style=\"background-color:#0792e340\"><strong>QUEST\u00c3O 2<\/strong><\/p>\n\n\n\n<p class=\"has-medium-font-size\">Existe uma t\u00e9cnica de improvisa\u00e7\u00e3o denominada Contato\/Improvisa\u00e7\u00e3o que pode ocorrer&nbsp;<\/p>\n\n\n\n<p class=\"has-medium-font-size\">(A) individual, duplas ou equipes.<\/p>\n\n\n\n<p class=\"has-medium-font-size\">(B) em grupos, individual ou conjuntos.<\/p>\n\n\n\n<p class=\"has-medium-font-size\">(C) em equipes, duplas ou individual.<\/p>\n\n\n\n<p class=\"has-medium-font-size\">(D) em duplas, grupos ou conjuntos.<\/p>\n\n\n\n<p class=\"has-background has-medium-font-size\" style=\"background-color:#0792e340\"><strong>QUEST\u00c3O 3<\/strong><\/p>\n\n\n\n<p class=\"has-medium-font-size\">Como pode ser uma improvisa\u00e7\u00e3o em dan\u00e7a?<\/p>\n\n\n\n<p class=\"has-background has-medium-font-size\" style=\"background-color:#0792e340\"><strong>QUEST\u00c3O 4<\/strong><\/p>\n\n\n\n<p class=\"has-medium-font-size\">Como \u00e9 chamado o estilo de dan\u00e7a improvisacional em que os dan\u00e7arinos exploram o movimento em contato f\u00edsico pr\u00f3ximo? E como pode ser realizado?&nbsp;<\/p>\n\n\n\n<p><\/p>\n\n\n\n<figure class=\"wp-block-table is-style-stripes has-medium-font-size\"><table><tbody><tr><td><strong>Autoria:<\/strong><\/td><td>Veruska Bettiol<\/td><\/tr><tr><td><strong>Forma\u00e7\u00e3o:<\/strong><\/td><td>Arte\/Artes Visuais<\/td><\/tr><tr><td><strong>Componente Curricular:<\/strong><\/td><td>Arte\/Dan\u00e7a<\/td><\/tr><tr><td><strong>Habilidade:<\/strong><\/td><td>(GO-EF07AR12-A) Criar, jogar e improvisar movimentos dan\u00e7ados, de modo coletivo, colaborativo e autoral, considerando aspectos estruturais, din\u00e2micos e expressivos de elementos constitutivos do movimento, explorando diferentes matrizes est\u00e9ticas e culturais. Dialogar com a produ\u00e7\u00e3o art\u00edstica goiana, seus distintos processos e fazeres.<br><\/td><\/tr><\/tbody><\/table><\/figure>\n\n\n\n<figure class=\"wp-block-table is-style-stripes has-medium-font-size\"><table><tbody><tr><td><strong>Refer\u00eancias<\/strong>           <\/td><td><strong>BIZERRIL<\/strong>, J. (2003). Dan\u00e7a e dialogia: etnografando o contato e improvisa\u00e7\u00e3o. Cadernos de dan\u00e7a: revista de estudos antropol\u00f3gicos da dan\u00e7a e do corpo, 01, 15-34.<br><strong>GOI\u00c1S. Documento Curricular para Goi\u00e1s \u2013 Ampliado &#8211; Cortes Temporais.<\/strong> CONSED; UNDIME, 2019. Dispon\u00edvel em: &lt;sme.goiania.go.gov.br\/site\/index.php\/institucional\/documentos-oficiais-2 &gt; Acesso em 23\/02\/2023.<br><strong>GIL<\/strong>, Jos\u00e9. Movimento Total: O corpo e a dan\u00e7a. S\u00e3o Paulo, Iluminuras, 2004.<br><strong>LE BRETON,<\/strong> D. (2003). O corpo acess\u00f3rio In: Adeus ao corpo: antropologia e sociedade. Campinas: Papirus. Le Breton, D. (2006). A sociologia do corpo. Rio de Janeiro: Vozes.<br><strong>OSTROWER,<\/strong> Fayga. Criatividade e processos criativos. Petr\u00f3polis: Vozes, 1987.<br><strong>SOARES<\/strong>, Andresa. Improvisa\u00e7\u00e3o e dan\u00e7a: conte\u00fados para a dan\u00e7a na Educa\u00e7\u00e3o F\u00edsica. Universidade Federal de Santa Catarina: Florian\u00f3polis, 1998.<\/td><\/tr><\/tbody><\/table><\/figure>\n","protected":false},"author":62,"featured_media":160693,"template":"","ef_categoria":[15,27],"ef_ano":[90],"ef_componente":[99],"class_list":["post-160410","ensino_fundamental","type-ensino_fundamental","status-publish","has-post-thumbnail","hentry","ef_categoria-ciclo-da-adolescencia-fg","ef_categoria-corpo-e-movimento-ciclo-da-adolescencia-fg","ef_ano-7o-ano","ef_componente-arte-ef","entry","has-media"],"acf":[],"_links":{"self":[{"href":"https:\/\/sme.goiania.go.gov.br\/conexaoescola\/wp-json\/wp\/v2\/ensino_fundamental\/160410","targetHints":{"allow":["GET"]}}],"collection":[{"href":"https:\/\/sme.goiania.go.gov.br\/conexaoescola\/wp-json\/wp\/v2\/ensino_fundamental"}],"about":[{"href":"https:\/\/sme.goiania.go.gov.br\/conexaoescola\/wp-json\/wp\/v2\/types\/ensino_fundamental"}],"author":[{"embeddable":true,"href":"https:\/\/sme.goiania.go.gov.br\/conexaoescola\/wp-json\/wp\/v2\/users\/62"}],"version-history":[{"count":6,"href":"https:\/\/sme.goiania.go.gov.br\/conexaoescola\/wp-json\/wp\/v2\/ensino_fundamental\/160410\/revisions"}],"predecessor-version":[{"id":160772,"href":"https:\/\/sme.goiania.go.gov.br\/conexaoescola\/wp-json\/wp\/v2\/ensino_fundamental\/160410\/revisions\/160772"}],"wp:featuredmedia":[{"embeddable":true,"href":"https:\/\/sme.goiania.go.gov.br\/conexaoescola\/wp-json\/wp\/v2\/media\/160693"}],"wp:attachment":[{"href":"https:\/\/sme.goiania.go.gov.br\/conexaoescola\/wp-json\/wp\/v2\/media?parent=160410"}],"wp:term":[{"taxonomy":"ef_categoria","embeddable":true,"href":"https:\/\/sme.goiania.go.gov.br\/conexaoescola\/wp-json\/wp\/v2\/ef_categoria?post=160410"},{"taxonomy":"ef_ano","embeddable":true,"href":"https:\/\/sme.goiania.go.gov.br\/conexaoescola\/wp-json\/wp\/v2\/ef_ano?post=160410"},{"taxonomy":"ef_componente","embeddable":true,"href":"https:\/\/sme.goiania.go.gov.br\/conexaoescola\/wp-json\/wp\/v2\/ef_componente?post=160410"}],"curies":[{"name":"wp","href":"https:\/\/api.w.org\/{rel}","templated":true}]}}