{"id":160117,"date":"2023-03-30T14:09:41","date_gmt":"2023-03-30T17:09:41","guid":{"rendered":"https:\/\/sme.goiania.go.gov.br\/conexaoescola\/?post_type=ensino_fundamental&#038;p=160117"},"modified":"2023-03-30T14:10:45","modified_gmt":"2023-03-30T17:10:45","slug":"lingua-portuguesa-listas","status":"publish","type":"ensino_fundamental","link":"https:\/\/sme.goiania.go.gov.br\/conexaoescola\/ensino_fundamental\/lingua-portuguesa-listas\/","title":{"rendered":"L\u00edngua Portuguesa \u2013\u00a0Listas"},"content":{"rendered":"\n<p class=\"has-background has-medium-font-size\" style=\"background-color:#d4e6f1\">Esta proposta de atividade de<strong>\u00a0L\u00edngua Portuguesa<\/strong>\u00a0\u00e9 destinada aos estudantes do 2\u00ba ano do Ensino Fundamental anos iniciais.<\/p>\n\n\n\n<div class=\"wp-block-buttons is-content-justification-center is-layout-flex wp-container-core-buttons-is-layout-16018d1d wp-block-buttons-is-layout-flex\">\n<div class=\"wp-block-button\"><a class=\"wp-block-button__link wp-element-button\" href=\"https:\/\/docs.google.com\/document\/d\/1oDgJLcErurbsN9Zos99vWw0KKyPbhzgCOENZS62HhuI\/edit?usp=sharing\" target=\"_blank\" rel=\"noreferrer noopener\">Baixe o texto<\/a><\/div>\n\n\n\n<div class=\"wp-block-button\"><a class=\"wp-block-button__link wp-element-button\" href=\"https:\/\/docs.google.com\/document\/d\/1whaYtE3o6s9xr0tKnY9SIY0_DhItHUKhCP8o0hdlfDY\/edit?usp=sharing\" target=\"_blank\" rel=\"noreferrer noopener\">Baixe a atividade<\/a><\/div>\n\n\n\n<div class=\"wp-block-button\"><a class=\"wp-block-button__link wp-element-button\" href=\"https:\/\/docs.google.com\/presentation\/d\/1_iKuzPKV7DdURsLdsvFXTaFLCQsz8HeHq-SJK5lps1c\/edit?usp=sharing\" target=\"_blank\" rel=\"noreferrer noopener\">Baixe os slides<\/a><\/div>\n<\/div>\n\n\n\n<p><\/p>\n\n\n<div class=\"wp-block-image\">\n<figure class=\"aligncenter size-full is-resized\"><img fetchpriority=\"high\" decoding=\"async\" src=\"https:\/\/sme.goiania.go.gov.br\/conexaoescola\/wp-content\/uploads\/2023\/03\/2-e1680194937227.jpg\" alt=\"\" class=\"wp-image-160121\" width=\"344\" height=\"368\"\/><figcaption class=\"wp-element-caption\">Dispon\u00edvel em: &lt;https:\/\/www.canva.com>Acesso em: 27 de mar\u00e7o de 2023.<\/figcaption><\/figure><\/div>\n\n\n<p class=\"has-text-align-center has-background has-medium-font-size\" style=\"background-color:#d4e6f1\"><strong>LISTAS<\/strong><\/p>\n\n\n\n<p class=\"has-medium-font-size\">\u00a0\u00a0\u00a0\u00a0VOC\u00caS SABIAM QUE A LISTA \u00c9 UM TEXTO QUE ORGANIZA DADOS?<\/p>\n\n\n<div class=\"wp-block-image\">\n<figure class=\"aligncenter size-full is-resized\"><img decoding=\"async\" src=\"https:\/\/sme.goiania.go.gov.br\/conexaoescola\/wp-content\/uploads\/2023\/03\/2-1-e1680195210112.jpg\" alt=\"\" class=\"wp-image-160122\" width=\"337\" height=\"300\"\/><figcaption class=\"wp-element-caption\">Dispon\u00edvel em: &lt;https:\/\/br.freepik.com\/vetores-gratis\/homem-verificar-gigante-lista-de-verificacao-fundo_3951134.htm#page=4&amp;query=CRIAN%C3%87A%20COM%20LISTA%20DESENHO&amp;position=21&amp;from_view=search&amp;track=ais>. Acesso em: 27 de mar\u00e7o de 2023.<\/figcaption><\/figure><\/div>\n\n\n<p class=\"has-medium-font-size\">A LISTA \u00c9 UM G\u00caNERO TEXTUAL QUE PODE SER USADO EM DIVERSAS SITUA\u00c7\u00d5ES, DESDE FAZER COMPRAS NO SUPERMERCADO AT\u00c9 LEMBRAR DAS BRINCADEIRAS PREFERIDAS.<\/p>\n\n\n\n<p class=\"has-medium-font-size\">PARA ESCREVER UMA LISTA DE FORMA ADEQUADA, \u00c9 IMPORTANTE SEGUIR ALGUNS PASSOS. PRIMEIRO, A LISTA DEVE TER UM T\u00cdTULO QUE SEJA CLARO E DETALHE SOBRE O QUE SE TRATA O CONTE\u00daDO APRESENTADO. EM SEGUIDA, \u00c9 NECESS\u00c1RIO APRESENTAR O CORPO DO TEXTO, QUE \u00c9 A EXPOSI\u00c7\u00c3O DAS INFORMA\u00c7\u00d5ES QUE SER\u00c3O LISTADAS.<\/p>\n\n\n<div class=\"wp-block-image\">\n<figure class=\"aligncenter size-full is-resized\"><img decoding=\"async\" src=\"https:\/\/sme.goiania.go.gov.br\/conexaoescola\/wp-content\/uploads\/2023\/03\/2-2-e1680195351918.jpg\" alt=\"\" class=\"wp-image-160123\" width=\"459\" height=\"390\" srcset=\"https:\/\/sme.goiania.go.gov.br\/conexaoescola\/wp-content\/uploads\/2023\/03\/2-2-e1680195351918.jpg 393w, https:\/\/sme.goiania.go.gov.br\/conexaoescola\/wp-content\/uploads\/2023\/03\/2-2-e1680195351918-300x255.jpg 300w\" sizes=\"(max-width: 459px) 100vw, 459px\" \/><figcaption class=\"wp-element-caption\">Dispon\u00edvel em: &lt;https:\/\/br.freepik.com\/vetores-gratis\/caderno-azul-com-lista-de-verificacao-e-lapis-vermelho_1078565.htm#query=LISTA%20DESENHO&amp;position=15&amp;from_view=search&amp;track=ais>. Acesso em: 27 de mar\u00e7o de 2023.<\/figcaption><\/figure><\/div>\n\n\n<p class=\"has-medium-font-size\">AS INFORMA\u00c7\u00d5ES DEVEM SER DESCRITAS DE FORMA ORGANIZADA. \u00c9 IMPORTANTE QUE OS ELEMENTOS DA LISTA ESTEJAM ORDENADOS DE ACORDO COM A PRIORIDADE, ORDEM ALFAB\u00c9TICA OU QUALQUER OUTRA ORDENA\u00c7\u00c3O RELEVANTE PARA O CONTEXTO EM QUE A LISTA \u00c9 UTILIZADA.<\/p>\n\n\n\n<p class=\"has-medium-font-size\">AH, E N\u00c3O PODEMOS ESQUECER QUE EXISTEM DOIS TIPOS DE LISTA: A NUM\u00c9RICA E A COM MARCADORES. A NUM\u00c9RICA USA N\u00daMEROS PARA INDICAR A ORDEM DOS ELEMENTOS, ENQUANTO A COM MARCADORES USA S\u00cdMBOLOS, COMO PONTINHOS E ASTERISCOS.<\/p>\n\n\n\n<p class=\"has-medium-font-size\">POR FIM, \u00c9 FUNDAMENTAL QUE A LISTA SEJA CLARA E OBJETIVA PARA QUE O LEITOR POSSA COMPREENDER FACILMENTE AS INFORMA\u00c7\u00d5ES APRESENTADAS. ASSIM, A LISTA SE TORNA UMA FERRAMENTA PR\u00c1TICA E EFICIENTE PARA A ORGANIZA\u00c7\u00c3O DE INFORMA\u00c7\u00d5ES EM DIVERSOS CONTEXTOS.<\/p>\n\n\n\n<p class=\"has-text-align-center has-background has-medium-font-size\" style=\"background-color:#d4e6f1\"><strong>ATIVIDADES<\/strong><\/p>\n\n\n\n<p class=\"has-medium-font-size\">1- A LISTA \u00c9 UM TEXTO QUE ORGANIZA DADOS. \u00c9 UM G\u00caNERO TEXTUAL QUE PODE SER USADO EM DIVERSAS SITUA\u00c7\u00d5ES, DESDE FAZER COMPRAS NO SUPERMERCADO AT\u00c9 LEMBRAR DAS BRINCADEIRAS PREFERIDAS. SABENDO DISSO, AGORA RESPONDA QUAIS S\u00c3O OS DOIS TIPOS DE LISTA ESTUDADOS NESTE CONTE\u00daDO?<\/p>\n\n\n\n<p class=\"has-medium-font-size\">(A) LISTA ALFAB\u00c9TICA E LISTA DE COMPRAS<\/p>\n\n\n\n<p class=\"has-medium-font-size\">(B) LISTA NUMERADA E LISTA COM MARCADORES<\/p>\n\n\n\n<p class=\"has-medium-font-size\">(C) LISTA DE SUPERMERCADO E LISTA DE TAREFAS<\/p>\n\n\n\n<p class=\"has-medium-font-size\">(D) LISTA DE DESEJOS E LISTA DE PRIORIDADES<\/p>\n\n\n\n<p class=\"has-medium-font-size\">(E) LISTA DE COMPRAS E LISTA DE M\u00daSICAS PREFERIDAS<\/p>\n\n\n\n<p class=\"has-medium-font-size\">2- VEJA A LISTA QUE UM ALUNO DO SEGUNDO ANO ESCREVEU SOBRE OS PRESENTES QUE ELE QUER GANHAR DE ANIVERS\u00c1RIO. EM SEGUIDA, MARQUE A AFIRMATIVA CORRETA.<\/p>\n\n\n<div class=\"wp-block-image\">\n<figure class=\"aligncenter size-full\"><img loading=\"lazy\" decoding=\"async\" width=\"393\" height=\"430\" src=\"https:\/\/sme.goiania.go.gov.br\/conexaoescola\/wp-content\/uploads\/2023\/03\/2-3-e1680195595891.jpg\" alt=\"\" class=\"wp-image-160124\" srcset=\"https:\/\/sme.goiania.go.gov.br\/conexaoescola\/wp-content\/uploads\/2023\/03\/2-3-e1680195595891.jpg 393w, https:\/\/sme.goiania.go.gov.br\/conexaoescola\/wp-content\/uploads\/2023\/03\/2-3-e1680195595891-274x300.jpg 274w\" sizes=\"(max-width: 393px) 100vw, 393px\" \/><figcaption class=\"wp-element-caption\">Dispon\u00edvel em: &lt;https:\/\/br.freepik.com\/vetores-gratis\/caderno-azul-com-lista-de-verificacao-e-lapis-vermelho_1078565.htm#query=LISTA%20DESENHO&amp;position=15&amp;from_view=search&amp;track=ais>Acesso em: 27 de mar\u00e7o de 2023.<\/figcaption><\/figure><\/div>\n\n\n<p class=\"has-medium-font-size\">(A) OS ITENS DA LISTA EST\u00c3O ORGANIZADOS EM ORDEM ALEAT\u00d3RIA<\/p>\n\n\n\n<p class=\"has-medium-font-size\">(B) OS ITENS DA LISTA N\u00c3O SEGUEM UMA ORDEM.<\/p>\n\n\n\n<p class=\"has-medium-font-size\">(C) OS ITENS DA LISTA EST\u00c3O ESCRITOS EM ORDEM ALFAB\u00c9TICA<\/p>\n\n\n\n<p class=\"has-medium-font-size\">(D) A LISTA APRESENTADA \u00c9 UMA LISTA NUM\u00c9RICA.<\/p>\n\n\n\n<p class=\"has-medium-font-size\">(E) A LISTA APRESENTADA N\u00c3O TEM MARCADORES.<\/p>\n\n\n\n<p class=\"has-medium-font-size\">3- PARA ESCREVER UMA LISTA DE FORMA ADEQUADA, \u00c9 IMPORTANTE E TER O T\u00cdTULO E O CORPO DO TEXTO. IDENTIFIQUE NA LISTA SEGUINTE ESTES ELEMENTOS E DESCREVA A FUN\u00c7\u00c3O DE CADA UM.<\/p>\n\n\n<div class=\"wp-block-image\">\n<figure class=\"aligncenter size-full is-resized\"><img loading=\"lazy\" decoding=\"async\" src=\"https:\/\/sme.goiania.go.gov.br\/conexaoescola\/wp-content\/uploads\/2023\/03\/2-4-e1680195837561.jpg\" alt=\"\" class=\"wp-image-160125\" width=\"793\" height=\"379\" srcset=\"https:\/\/sme.goiania.go.gov.br\/conexaoescola\/wp-content\/uploads\/2023\/03\/2-4-e1680195837561.jpg 542w, https:\/\/sme.goiania.go.gov.br\/conexaoescola\/wp-content\/uploads\/2023\/03\/2-4-e1680195837561-300x143.jpg 300w\" sizes=\"(max-width: 793px) 100vw, 793px\" \/><\/figure><\/div>\n\n\n<p class=\"has-medium-font-size\">4- AGORA CHEGOU A SUA VEZ DE PRODUZIR! ELABORE UMA LISTA COM 10 ATIVIDADES DIVERTIDAS PARA SEREM FEITAS EM FAM\u00cdLIA DURANTE O FINAL\u00a0 DE SEMANA. VOC\u00ca PODER\u00c1 ESCREVER EM ORDEM DE PRIORIDADE OU EM ORDEM ALFAB\u00c9TICA. ESCREVA O T\u00cdTULO E DESCREVA O SEU TEXTO USANDO MARCADORES. BOA PRODU\u00c7\u00c3O!<\/p>\n\n\n<div class=\"wp-block-image\">\n<figure class=\"aligncenter size-full is-resized\"><img loading=\"lazy\" decoding=\"async\" src=\"https:\/\/sme.goiania.go.gov.br\/conexaoescola\/wp-content\/uploads\/2023\/03\/2-5-e1680195954450.jpg\" alt=\"\" class=\"wp-image-160126\" width=\"784\" height=\"523\" srcset=\"https:\/\/sme.goiania.go.gov.br\/conexaoescola\/wp-content\/uploads\/2023\/03\/2-5-e1680195954450.jpg 567w, https:\/\/sme.goiania.go.gov.br\/conexaoescola\/wp-content\/uploads\/2023\/03\/2-5-e1680195954450-300x200.jpg 300w\" sizes=\"(max-width: 784px) 100vw, 784px\" \/><figcaption class=\"wp-element-caption\">Dispon\u00edvel em: &lt;https:\/\/br.freepik.com\/vetores-gratis\/vetor-de-design-de-papel-branco-em-branco_24382364.htm#query=LINHAS%20DE%20CADERNO&amp;position=15&amp;from_view=search&amp;track=ais>. Acesso em: 27 de mar\u00e7o de 2023.<\/figcaption><\/figure><\/div>\n\n\n<figure class=\"wp-block-table is-style-regular\"><table><tbody><tr><td>Autoria: Gabriele Leandro<br>Forma\u00e7\u00e3o: Pedagogia\/ Psicologia<\/td><\/tr><\/tbody><\/table><\/figure>\n\n\n\n<figure class=\"wp-block-table is-style-stripes\"><table><tbody><tr><td><strong>Componente Curricular:<\/strong><\/td><td>L\u00edngua Portuguesa<\/td><\/tr><tr><td><strong>Habilidades:<\/strong><\/td><td>(EF12LP04) Ler e compreender, em colabora\u00e7\u00e3o com os colegas e com a ajuda do professor ou j\u00e1 com certa autonomia, listas, agendas, calend\u00e1rios, receitas, instru\u00e7\u00f5es de montagem (digitais ou impressos), entre outros g\u00eaneros, considerando a situa\u00e7\u00e3o comunicativa e o tema\/assunto do texto e relacionando sua forma de organiza\u00e7\u00e3o \u00e0 sua finalidade.<\/td><\/tr><\/tbody><\/table><\/figure>\n","protected":false},"author":45,"featured_media":160121,"template":"","ef_categoria":[30],"ef_ano":[85],"ef_componente":[93],"class_list":["post-160117","ensino_fundamental","type-ensino_fundamental","status-publish","has-post-thumbnail","hentry","ef_categoria-etica-e-cidadania-ciclo-da-adolescencia-fg","ef_ano-2o-ano","ef_componente-portugues","entry","has-media"],"acf":[],"_links":{"self":[{"href":"https:\/\/sme.goiania.go.gov.br\/conexaoescola\/wp-json\/wp\/v2\/ensino_fundamental\/160117","targetHints":{"allow":["GET"]}}],"collection":[{"href":"https:\/\/sme.goiania.go.gov.br\/conexaoescola\/wp-json\/wp\/v2\/ensino_fundamental"}],"about":[{"href":"https:\/\/sme.goiania.go.gov.br\/conexaoescola\/wp-json\/wp\/v2\/types\/ensino_fundamental"}],"author":[{"embeddable":true,"href":"https:\/\/sme.goiania.go.gov.br\/conexaoescola\/wp-json\/wp\/v2\/users\/45"}],"version-history":[{"count":3,"href":"https:\/\/sme.goiania.go.gov.br\/conexaoescola\/wp-json\/wp\/v2\/ensino_fundamental\/160117\/revisions"}],"predecessor-version":[{"id":160130,"href":"https:\/\/sme.goiania.go.gov.br\/conexaoescola\/wp-json\/wp\/v2\/ensino_fundamental\/160117\/revisions\/160130"}],"wp:featuredmedia":[{"embeddable":true,"href":"https:\/\/sme.goiania.go.gov.br\/conexaoescola\/wp-json\/wp\/v2\/media\/160121"}],"wp:attachment":[{"href":"https:\/\/sme.goiania.go.gov.br\/conexaoescola\/wp-json\/wp\/v2\/media?parent=160117"}],"wp:term":[{"taxonomy":"ef_categoria","embeddable":true,"href":"https:\/\/sme.goiania.go.gov.br\/conexaoescola\/wp-json\/wp\/v2\/ef_categoria?post=160117"},{"taxonomy":"ef_ano","embeddable":true,"href":"https:\/\/sme.goiania.go.gov.br\/conexaoescola\/wp-json\/wp\/v2\/ef_ano?post=160117"},{"taxonomy":"ef_componente","embeddable":true,"href":"https:\/\/sme.goiania.go.gov.br\/conexaoescola\/wp-json\/wp\/v2\/ef_componente?post=160117"}],"curies":[{"name":"wp","href":"https:\/\/api.w.org\/{rel}","templated":true}]}}