{"id":159119,"date":"2023-03-17T16:21:15","date_gmt":"2023-03-17T19:21:15","guid":{"rendered":"https:\/\/sme.goiania.go.gov.br\/conexaoescola\/?post_type=ensino_fundamental&#038;p=159119"},"modified":"2023-03-27T13:47:08","modified_gmt":"2023-03-27T16:47:08","slug":"geografia-origem-do-universo","status":"publish","type":"ensino_fundamental","link":"https:\/\/sme.goiania.go.gov.br\/conexaoescola\/ensino_fundamental\/geografia-origem-do-universo\/","title":{"rendered":"Geografia &#8211; Origem do Universo"},"content":{"rendered":"\n<p class=\"has-black-color has-luminous-vivid-amber-background-color has-text-color has-background has-medium-font-size\">Esta proposta de atividade de&nbsp;<strong>Geografia<\/strong>&nbsp;com base no DC\/GO \u2013 Ampliado e&nbsp;\u00e9 destinada aos estudantes do&nbsp;<strong>6\u00ba Ano do Ensino Fundamental<\/strong>&nbsp;<strong>Anos Finais<\/strong>.<\/p>\n\n\n\n<div class=\"wp-block-buttons is-content-justification-center is-layout-flex wp-container-core-buttons-is-layout-51f7783f wp-block-buttons-is-layout-flex\">\n<div class=\"wp-block-button has-custom-font-size has-medium-font-size\"><a class=\"wp-block-button__link has-black-background-color has-background wp-element-button\" href=\"https:\/\/docs.google.com\/document\/d\/1i9kMyXjzC0vL-G0a3ybSasMS_kZ4Qn4R\/copy\" target=\"_blank\" rel=\"noreferrer noopener\">BAIXE A ATIVIDADE<\/a><\/div>\n\n\n\n<div class=\"wp-block-button has-custom-font-size has-medium-font-size\"><a class=\"wp-block-button__link has-black-background-color has-background wp-element-button\" href=\"https:\/\/docs.google.com\/presentation\/d\/1v9IBRz9-pEJTQhaOIpTQqOB1z-IreoPO\/copy\" target=\"_blank\" rel=\"noreferrer noopener\">BAIXE OS  SLIDES<\/a><\/div>\n\n\n\n<div class=\"wp-block-button has-custom-font-size has-medium-font-size\"><a class=\"wp-block-button__link has-black-background-color has-background wp-element-button\" href=\"https:\/\/docs.google.com\/document\/d\/1_dqTptVQKasVgUI442xChd5A5LnT9Fpo\/copy\" target=\"_blank\" rel=\"noreferrer noopener\">BAIXE O TEXTO<\/a><\/div>\n<\/div>\n\n\n\n<hr class=\"wp-block-separator has-alpha-channel-opacity\"\/>\n\n\n<div class=\"wp-block-image is-style-rounded\">\n<figure class=\"aligncenter size-large\"><img fetchpriority=\"high\" decoding=\"async\" width=\"1024\" height=\"589\" src=\"https:\/\/sme.goiania.go.gov.br\/conexaoescola\/wp-content\/uploads\/2023\/03\/background-g8480a288a_1920-e1679080811416-1024x589.jpg\" alt=\"\" class=\"wp-image-159120\" srcset=\"https:\/\/sme.goiania.go.gov.br\/conexaoescola\/wp-content\/uploads\/2023\/03\/background-g8480a288a_1920-e1679080811416-1024x589.jpg 1024w, https:\/\/sme.goiania.go.gov.br\/conexaoescola\/wp-content\/uploads\/2023\/03\/background-g8480a288a_1920-e1679080811416-300x173.jpg 300w, https:\/\/sme.goiania.go.gov.br\/conexaoescola\/wp-content\/uploads\/2023\/03\/background-g8480a288a_1920-e1679080811416-768x442.jpg 768w, https:\/\/sme.goiania.go.gov.br\/conexaoescola\/wp-content\/uploads\/2023\/03\/background-g8480a288a_1920-e1679080811416-1536x883.jpg 1536w, https:\/\/sme.goiania.go.gov.br\/conexaoescola\/wp-content\/uploads\/2023\/03\/background-g8480a288a_1920-e1679080811416.jpg 1920w\" sizes=\"(max-width: 1024px) 100vw, 1024px\" \/><figcaption class=\"wp-element-caption\">Big Bang. Dispon\u00edvel em:&lt;<a href=\"https:\/\/pixabay.com\/pt\/illustrations\/fundo-papel-de-parede-big-bang-7187883\/\">https:\/\/pixabay.com\/pt\/illustrations\/fundo-papel-de-parede-big-bang-7187883\/<\/a>&gt;. Acesso em: 17, mar. 2023.<\/figcaption><\/figure><\/div>\n\n\n<p class=\"has-text-align-center has-black-color has-text-color has-background has-medium-font-size\" style=\"background-color:#b1deff\"><strong>Como surgiu o Universo?<\/strong><\/p>\n\n\n\n<p class=\"has-black-color has-text-color has-medium-font-size\">Como surgiu o Universo n\u00e3o \u00e9 uma pergunta f\u00e1cil, esse assunto ainda que n\u00e3o seja o tema central das rodas de conversas em pra\u00e7as ou daquele belo churrasco com o tio da <em>\u201cpiadoca\u201d<\/em> do pav\u00ea \u00e9 essencial para compreens\u00e3o de v\u00e1rios fen\u00f4menos que ocorrem no nosso planeta.&nbsp;<\/p>\n\n\n\n<p class=\"has-black-color has-text-color has-medium-font-size\">O planeta Terra \u00e9 um dos in\u00fameros planetas e corpos celestes que comp\u00f5em o Universo, ainda que para perspectiva humana essa massa rochosa, que chamamos de lar doce lar, seja muito grande o Universo \u00e9 in\u00fameras vezes maior. A jun\u00e7\u00e3o de tudo o que existe, toda a mat\u00e9ria e energia ao longo do espa\u00e7o e do tempo formam o Universo que \u00e9 composto por in\u00fameras gal\u00e1xias e corpos celestes como planetas, estrelas, sat\u00e9lites, entre outros.<\/p>\n\n\n\n<p class=\"has-black-color has-text-color has-medium-font-size\">Ainda que os cientistas n\u00e3o consigam definir o tamanho do Universo existem duas teorias sobre a sua origem, a ci\u00eancia defende; em sua maioria, a teoria do <em>Big Ban<\/em>, por outro lado os adeptos do cristianismo defendem a teoria do Criacionismo.&nbsp;<\/p>\n\n\n\n<p class=\"has-black-color has-text-color has-medium-font-size\">De acordo com a teoria do <em>Big Bang<\/em>, Grande Explos\u00e3o em tradu\u00e7\u00e3o direta, h\u00e1 14 bilh\u00f5es de anos havia um pequeno ponto com o tamanho de uma agulha, encontrava- se elevadas temperaturas e densidade que ao explodir gerou o espa\u00e7o- tempo e tudo o que conhecemos do Universo.&nbsp;<\/p>\n\n\n\n<p class=\"has-black-color has-text-color has-medium-font-size\">A teoria do <em>Big Bang <\/em>surgiu<em> <\/em>em 1948 e foi apresentada pelos irm\u00e3os George Gamow e Georges Lema\u00eetre. Vale ressaltar que a grande explos\u00e3o, foi na verdade a expans\u00e3o da energia que estava concentrada em um ponto para todos as dire\u00e7\u00f5es e ao resfriar formou as mat\u00e9rias. Logo, apoiados na teoria de Einstein que energia \u00e9 igual a mat\u00e9ria, o resfriamento da energia que expandiu- se no <em>Big Bang <\/em>formou as mat\u00e9rias e por consequ\u00eancia o que chamamos de Universo.&nbsp;<\/p>\n\n\n\n<p class=\"has-black-color has-text-color has-medium-font-size\">O Criacionismo defende a ideia que uma entidade divina criou o Universo, o cristianismo; maior religi\u00e3o do mundo, acredita pautada pelo seu livro sagrado que Deus criou o Universo e absolutamente tudo que existe.&nbsp;<\/p>\n\n\n\n<p class=\"has-black-color has-text-color has-medium-font-size\">Em G\u00eanesis (Origem ou cria\u00e7\u00e3o), livro da B\u00edblia Sagrada dos crist\u00e3os, h\u00e1 o relato de como Deus criou o c\u00e9u, a terra e toda exist\u00eancia. O cristianismo n\u00e3o descarta evolu\u00e7\u00e3o das esp\u00e9cies ao longo do tempo, considerando por exemplo as muta\u00e7\u00f5es que ocorrem em v\u00edrus, bact\u00e9rias e em outros seres vivos.&nbsp;<\/p>\n\n\n\n<p class=\"has-text-align-center has-white-color has-black-background-color has-text-color has-background has-medium-font-size\"><strong>RESPONDA AS QUEST\u00d5ES<\/strong><\/p>\n\n\n\n<hr class=\"wp-block-separator has-alpha-channel-opacity\"\/>\n\n\n\n<p class=\"has-white-color has-vivid-cyan-blue-background-color has-text-color has-background has-medium-font-size\"><strong>QUEST\u00c3O 1<\/strong><\/p>\n\n\n\n<p class=\"has-text-align-center has-black-color has-text-color has-medium-font-size\">Nada \u00e9 igual ao seu redor<\/p>\n\n\n\n<p class=\"has-text-align-center has-black-color has-text-color has-medium-font-size\">Tudo se faz no seu olhar<\/p>\n\n\n\n<p class=\"has-text-align-center has-black-color has-text-color has-medium-font-size\">Todo o universo se formou no seu falar<\/p>\n\n\n\n<p class=\"has-text-align-center has-black-color has-text-color has-medium-font-size\">Teologia pra explicar<\/p>\n\n\n\n<p class=\"has-text-align-center has-black-color has-text-color has-medium-font-size\">Ou Big- Bang pra disfar\u00e7ar<\/p>\n\n\n\n<p class=\"has-text-align-center has-black-color has-text-color has-medium-font-size\">Pode algu\u00e9m at\u00e9 duvidar [\u2026]<\/p>\n\n\n\n<p class=\"has-text-align-center has-black-color has-text-color has-medium-font-size\">[\u2026] Dono de toda ci\u00eancia, sabedoria e poder<\/p>\n\n\n\n<p class=\"has-text-align-center has-black-color has-text-color has-medium-font-size\">Oh, d\u00e1-me de beber da \u00e1gua da fonte da vida<\/p>\n\n\n\n<p class=\"has-text-align-center has-black-color has-text-color has-medium-font-size\">Antes que o ar j\u00e1 houvesse<\/p>\n\n\n\n<p class=\"has-text-align-center has-black-color has-text-color has-medium-font-size\">Ele j\u00e1 era Deus<\/p>\n\n\n\n<p class=\"has-text-align-right has-black-color has-text-color has-small-font-size\">Ningu\u00e9m explica Deus &#8211; Preto no Branco&nbsp;<\/p>\n\n\n\n<p class=\"has-text-align-right has-black-color has-text-color has-small-font-size\">Compositor: Clovis Encarna\u00e7\u00e3o De Pinho<\/p>\n\n\n\n<p class=\"has-black-color has-text-color has-medium-font-size\">A can\u00e7\u00e3o acima faz refer\u00eancia a umas das teorias sobre a cria\u00e7\u00e3o do Universo. Identifique a teoria citada e aponte as suas caracter\u00edsticas.&nbsp;<\/p>\n\n\n\n<p class=\"has-white-color has-vivid-cyan-blue-background-color has-text-color has-background has-medium-font-size\"><strong>QUEST\u00c3O 2<\/strong><\/p>\n\n\n<div class=\"wp-block-image\">\n<figure class=\"aligncenter is-resized\"><img decoding=\"async\" src=\"https:\/\/lh4.googleusercontent.com\/md0EXnjYkIsaY94gwLF7E8e3Dep_yFpsaFrQyzxsXg2f4xYuzKJZ50oly3bLZp7QcKLGvnQ6Dk4pjnMmNGKAfTOn6GleUM0xTyvkoJQpTNVFyXeVleWGphyo3AS9LJ5wzY8IWX8bwEgb\" alt=\"\" width=\"770\" height=\"554\"\/><figcaption class=\"wp-element-caption\">The Big Bang &#8211; Mueller. <strong>Fonte:<\/strong> http:\/\/abyss.uoregon.edu\/~js\/glossary\/big_bang.html<\/figcaption><\/figure><\/div>\n\n\n<p class=\"has-black-color has-text-color has-medium-font-size\">Assinale a alternativa correta relacionado a charge acima com a teoria do <em>Big Bang<\/em>.&nbsp;<\/p>\n\n\n\n<p class=\"has-black-color has-text-color has-medium-font-size\">(A) Segundo a teoria do <em>Big Bang<\/em>, o Universo foi formado pela expans\u00e3o da energia que estava concentrada em um pequeno ponto.&nbsp;<\/p>\n\n\n\n<p class=\"has-black-color has-text-color has-medium-font-size\">(B) A imagem apresenta a cria\u00e7\u00e3o do Universo na perspectiva do derramamento dos corpos celestes pelas diversas gal\u00e1xias existentes.&nbsp;<\/p>\n\n\n\n<p class=\"has-black-color has-text-color has-medium-font-size\">(C) Considerando que o <em>Big Bang<\/em> define a cria\u00e7\u00e3o do Universo por uma grande explos\u00e3o de energia, a charge aponta que o Universo n\u00e3o \u00e9 t\u00e3o grande e pode caber em um saco de p\u00e3o.&nbsp;<br>(D) A teoria do <em>Big Bang<\/em> \u00e9 pautada pela premissa que uma entidade divina foi respons\u00e1vel pela cria\u00e7\u00e3o do Universo e tudo o que conhecemos.<\/p>\n\n\n\n<p class=\"has-white-color has-vivid-cyan-blue-background-color has-text-color has-background has-medium-font-size\"><strong>QUEST\u00c3O 3<\/strong><\/p>\n\n\n<div class=\"wp-block-image\">\n<figure class=\"aligncenter\"><img decoding=\"async\" src=\"https:\/\/lh4.googleusercontent.com\/7-KkZov6tp5dFqJ9_fatOveDKWFFG3t4K62YPM0d4_2oaWfeKNvAGQrBQ0lrongBOy8m2z_LecNazVzDn60RmEBIhBty_cNqrmnjjV-wlt4uaAFl-yNd9uIwCm2bobJWQB0xVlbWRCbr\" alt=\"\"\/><figcaption class=\"wp-element-caption\">Morre Stephen Hawking &#8211; Cazo. <strong>Fonte:<\/strong> https:\/\/blogdoaftm.com.br\/charge-morre-stephen-hawking-cientista-que-destrinchou-origem-do-universo\/<\/figcaption><\/figure><\/div>\n\n\n<p class=\"has-black-color has-text-color has-medium-font-size\">Stephen Hawking foi um dos maiores cientistas dos \u00faltimos anos, respons\u00e1vel por not\u00e1veis avan\u00e7os na astrof\u00edsica, entre eles as quest\u00f5es relacionadas aos buracos negros, a origem e o funcionamento do universo. Considerando as teorias sobre origem do Universo, descreva as caracter\u00edsticas da teoria ao qual Stephen Hawking acreditava sobre a origem do Universo.<\/p>\n\n\n\n<p class=\"has-white-color has-vivid-cyan-blue-background-color has-text-color has-background has-medium-font-size\"><strong>QUEST\u00c3O 4<\/strong><\/p>\n\n\n\n<p class=\"has-black-color has-text-color has-medium-font-size\">G\u00eanesis Cap\u00edtulo 1 &#8211; Vers\u00edculos 1, 3 e 5<\/p>\n\n\n\n<p class=\"has-black-color has-text-color has-medium-font-size\">1. No princ\u00edpio, Deus criou os c\u00e9us e a terra.<\/p>\n\n\n\n<p class=\"has-black-color has-text-color has-medium-font-size\">3. Ent\u00e3o Deus disse:<\/p>\n\n\n\n<p class=\"has-black-color has-text-color has-medium-font-size\">\u2014 Haja luz! E houve luz.&nbsp;<\/p>\n\n\n\n<p class=\"has-black-color has-text-color has-medium-font-size\">5. Deus chamou \u00e0 luz \u201cdia\u201d e chamou \u00e0s trevas \u201cnoite\u201d. Houve tarde e manh\u00e3, o primeiro dia.<\/p>\n\n\n\n<p class=\"has-text-align-right has-black-color has-text-color\"><strong>Fonte:<\/strong> B\u00edblia Sagrada &#8211; Traduzida em portugu\u00eas por Jo\u00e3o Ferreira de Almeida&nbsp;<\/p>\n\n\n\n<p class=\"has-black-color has-text-color has-medium-font-size\">O texto acima est\u00e1 presente na B\u00edblia Sagrada e representa a teoria:<\/p>\n\n\n\n<p class=\"has-black-color has-text-color has-medium-font-size\">(A) <em>Big Bang<\/em> proposta por Georges Lema\u00eetre e George Gamow.<\/p>\n\n\n\n<p class=\"has-black-color has-text-color has-medium-font-size\">(B) Criacionismo presente no livro sagrado dos budistas.&nbsp;<\/p>\n\n\n\n<p class=\"has-black-color has-text-color has-medium-font-size\">(C) Teoria da expans\u00e3o da energia.&nbsp;<\/p>\n\n\n\n<p class=\"has-black-color has-text-color has-medium-font-size\">(D) Criacionismo presente no livro sagrado dos crist\u00e3os.\u00a0<\/p>\n\n\n\n<hr class=\"wp-block-separator has-alpha-channel-opacity\"\/>\n\n\n\n<figure class=\"wp-block-table is-style-stripes\"><table><tbody><tr><td><strong>Autoria:<\/strong><\/td><td>Ailton Silva <\/td><\/tr><tr><td><strong>Forma\u00e7\u00e3o:<\/strong><\/td><td>Geografia<\/td><\/tr><tr><td><strong>Componente Curricular:<\/strong><\/td><td>Geografia<\/td><\/tr><tr><td><strong>Habilidades:<\/strong><\/td><td>(EF06GE03-A) Compreender a din\u00e2mica do sistema solar e sua rela\u00e7\u00e3o com o Universo.<\/td><\/tr><tr><td><strong>Refer\u00eancia bibliogr\u00e1fica:<\/strong><\/td><td>A B\u00cdBLIA SAGRADA: Antigo e Novo Testamentos. Traduzida em portugu\u00eas por Jo\u00e3o Ferreira de Almeida, ed. rev. e atualizada no Brasil, 2\u00aa ed., S\u00e3o Paulo, Sociedade B\u00edblica do Brasil, 1993, 309 p.<br>A ESCALA DO UNIVERSO. Instituto de F\u00edsica da Universidade Federal do Rio Grande do Sul. Dispon\u00edvel em: &lt;<a href=\"http:\/\/www.if.ufrgs.br\/oei\/cgu\/sca\/sca.htm\">http:\/\/www.if.ufrgs.br\/oei\/cgu\/sca\/sca.htm<\/a>&gt;. Acesso em: janeiro de 2022<br>SERRANO, C. Neil Turok, o f\u00edsico que desafia teoria do Big Bang e defende a ideia de &#8216;universo espelho&#8217;. Dispon\u00edvel em &lt;https:\/\/www.bbc.com\/portuguese\/geral-56909935&gt;. Acesso em: fevereiro de 2023.&nbsp;&nbsp;&nbsp;<br>SILVA, F. P. Representa\u00e7\u00e3o das dimens\u00f5es astron\u00f4micas em livros did\u00e1ticos de Ci\u00eancias no \u00e2mbito do Ensino Fundamental II. Revista Latino- Americana de Educa\u00e7\u00e3o em Astronomia &#8211; RELEA, n. 30, p.7 &#8211; 19, 2020. Dispon\u00edvel em &lt;https:\/\/www.relea.ufscar.br\/index.php\/relea\/issue\/view\/37&gt;. Acesso em: fevereiro de 2023.&nbsp;<br><br>SOARES, D. O que a Astronomia e a Cosmologia t\u00eam a dizer sobre a idade do universo. Dispon\u00edvel em:&lt;lilith.fisica.ufmg.br\/~dsoares\/UAI\/idade-u.htm&gt;. Acesso em: fevereiro de 2023.<\/td><\/tr><\/tbody><\/table><\/figure>\n","protected":false},"author":52,"featured_media":159120,"template":"","ef_categoria":[],"ef_ano":[89],"ef_componente":[96],"class_list":["post-159119","ensino_fundamental","type-ensino_fundamental","status-publish","has-post-thumbnail","hentry","ef_ano-6o-ano","ef_componente-geografia","entry","has-media"],"acf":[],"_links":{"self":[{"href":"https:\/\/sme.goiania.go.gov.br\/conexaoescola\/wp-json\/wp\/v2\/ensino_fundamental\/159119","targetHints":{"allow":["GET"]}}],"collection":[{"href":"https:\/\/sme.goiania.go.gov.br\/conexaoescola\/wp-json\/wp\/v2\/ensino_fundamental"}],"about":[{"href":"https:\/\/sme.goiania.go.gov.br\/conexaoescola\/wp-json\/wp\/v2\/types\/ensino_fundamental"}],"author":[{"embeddable":true,"href":"https:\/\/sme.goiania.go.gov.br\/conexaoescola\/wp-json\/wp\/v2\/users\/52"}],"version-history":[{"count":6,"href":"https:\/\/sme.goiania.go.gov.br\/conexaoescola\/wp-json\/wp\/v2\/ensino_fundamental\/159119\/revisions"}],"predecessor-version":[{"id":159820,"href":"https:\/\/sme.goiania.go.gov.br\/conexaoescola\/wp-json\/wp\/v2\/ensino_fundamental\/159119\/revisions\/159820"}],"wp:featuredmedia":[{"embeddable":true,"href":"https:\/\/sme.goiania.go.gov.br\/conexaoescola\/wp-json\/wp\/v2\/media\/159120"}],"wp:attachment":[{"href":"https:\/\/sme.goiania.go.gov.br\/conexaoescola\/wp-json\/wp\/v2\/media?parent=159119"}],"wp:term":[{"taxonomy":"ef_categoria","embeddable":true,"href":"https:\/\/sme.goiania.go.gov.br\/conexaoescola\/wp-json\/wp\/v2\/ef_categoria?post=159119"},{"taxonomy":"ef_ano","embeddable":true,"href":"https:\/\/sme.goiania.go.gov.br\/conexaoescola\/wp-json\/wp\/v2\/ef_ano?post=159119"},{"taxonomy":"ef_componente","embeddable":true,"href":"https:\/\/sme.goiania.go.gov.br\/conexaoescola\/wp-json\/wp\/v2\/ef_componente?post=159119"}],"curies":[{"name":"wp","href":"https:\/\/api.w.org\/{rel}","templated":true}]}}