{"id":156120,"date":"2022-12-27T20:27:51","date_gmt":"2022-12-27T23:27:51","guid":{"rendered":"https:\/\/sme.goiania.go.gov.br\/conexaoescola\/?post_type=ensino_fundamental&#038;p=156120"},"modified":"2024-04-01T14:55:31","modified_gmt":"2024-04-01T17:55:31","slug":"ciencias-da-natureza-quais-fatores-influenciam-nos-climas-regionais","status":"publish","type":"ensino_fundamental","link":"https:\/\/sme.goiania.go.gov.br\/conexaoescola\/ensino_fundamental\/ciencias-da-natureza-quais-fatores-influenciam-nos-climas-regionais\/","title":{"rendered":"Ci\u00eancias da Natureza \u2013 Climas regionais"},"content":{"rendered":"\n<p class=\"has-text-align-center has-background has-medium-font-size\" style=\"background-color:#fff878\">Esta proposta de atividade de&nbsp;<strong>Ci\u00eancias da Natureza<\/strong>&nbsp;\u00e9 destinada aos estudantes do<strong>&nbsp;8\u00ba ano&nbsp;<\/strong>dos anos finais do Ensino Fundamental<\/p>\n\n\n\n<div class=\"wp-block-buttons is-content-justification-center is-layout-flex wp-container-core-buttons-is-layout-16018d1d wp-block-buttons-is-layout-flex\">\n<div class=\"wp-block-button has-custom-font-size has-medium-font-size\"><a class=\"wp-block-button__link wp-element-button\" href=\"https:\/\/drive.google.com\/uc?export=download&amp;id=13GcVaGuqUvirK4m55qvPlDDDyALHT2hJ\"><strong>BAIXE A ATIVIDADE<\/strong><\/a><\/div>\n\n\n\n<div class=\"wp-block-button has-custom-font-size has-medium-font-size\"><a class=\"wp-block-button__link wp-element-button\" href=\"https:\/\/drive.google.com\/uc?export=download&amp;id=1A1HCzWfFpE2dNd6LxS7HUYLg8FvfiWv3\"><strong>BAIXE OS SLIDES<\/strong><\/a><\/div>\n\n\n\n<div class=\"wp-block-button has-custom-font-size has-medium-font-size\"><a class=\"wp-block-button__link wp-element-button\" href=\"https:\/\/drive.google.com\/uc?export=download&amp;id=1bamh6VZEOrG8h2JaiThug4RBDxa73Q-u\"><strong>BAIXE O TEXTO<\/strong><\/a><\/div>\n<\/div>\n\n\n\n<hr class=\"wp-block-separator has-alpha-channel-opacity\"\/>\n\n\n\n<figure class=\"wp-block-image size-large\"><img fetchpriority=\"high\" decoding=\"async\" width=\"1024\" height=\"576\" src=\"https:\/\/sme.goiania.go.gov.br\/conexaoescola\/wp-content\/uploads\/2024\/03\/Design-sem-nome-39-1024x576.png\" alt=\"\" class=\"wp-image-179830\" srcset=\"https:\/\/sme.goiania.go.gov.br\/conexaoescola\/wp-content\/uploads\/2024\/03\/Design-sem-nome-39-1024x576.png 1024w, https:\/\/sme.goiania.go.gov.br\/conexaoescola\/wp-content\/uploads\/2024\/03\/Design-sem-nome-39-300x169.png 300w, https:\/\/sme.goiania.go.gov.br\/conexaoescola\/wp-content\/uploads\/2024\/03\/Design-sem-nome-39-768x432.png 768w, https:\/\/sme.goiania.go.gov.br\/conexaoescola\/wp-content\/uploads\/2024\/03\/Design-sem-nome-39-1536x864.png 1536w, https:\/\/sme.goiania.go.gov.br\/conexaoescola\/wp-content\/uploads\/2024\/03\/Design-sem-nome-39.png 1920w\" sizes=\"(max-width: 1024px) 100vw, 1024px\" \/><figcaption class=\"wp-element-caption\"><strong>Imagem 1. <\/strong>IgOrZh. Weather forecast. Canva. Download em 25\/03\/2024.<\/figcaption><\/figure>\n\n\n\n<h1 class=\"wp-block-heading has-text-align-center\"><strong>CLIMAS REGIONAIS<\/strong><\/h1>\n\n\n\n<p class=\"has-medium-font-size\">O planeta Terra possui caracter\u00edsticas pr\u00f3prias que permitem que apresente uma temperatura m\u00e9dia de 15\u00ba C, tais como a dist\u00e2ncia do Sol e o efeito estufa. Entretanto, nessa temperatura m\u00e9dia, cabem muitas vari\u00e1veis referentes ao tempo e ao clima, dependendo da localidade, \u00e9poca do ano, hor\u00e1rio, vegeta\u00e7\u00e3o, enfim. Todos esses fatores s\u00e3o imprescind\u00edveis nas configura\u00e7\u00f5es dos climas regionais.<\/p>\n\n\n\n<p class=\"has-medium-font-size\">Primeiramente, \u00e9 importante destacar a diferen\u00e7a entre o que \u00e9 clima e o que \u00e9 o tempo. O tempo \u00e9 a condi\u00e7\u00e3o atmosf\u00e9rica moment\u00e2nea em um determinado local, considerando a ocorr\u00eancia ou n\u00e3o de chuva, umidade, ventos, etc. J\u00e1 o clima \u00e9 a m\u00e9dia dessas condi\u00e7\u00f5es ao longo de um per\u00edodo mais longo, geralmente de 30 anos. Assim, o clima abrange uma s\u00e9rie de padr\u00f5es clim\u00e1ticos que caracterizam uma regi\u00e3o, como clima polar, temperado, tropical, entre outros.<\/p>\n\n\n\n<p class=\"has-medium-font-size\">Esses padr\u00f5es clim\u00e1ticos est\u00e3o diretamente relacionados \u00e0 din\u00e2mica do clima, que \u00e9 influenciada por diversos fatores, incluindo os padr\u00f5es de circula\u00e7\u00e3o atmosf\u00e9rica e oce\u00e2nica. Por exemplo, o fen\u00f4meno El Ni\u00f1o \u00e9 caracterizado pelo aquecimento an\u00f4malo das \u00e1guas superficiais do Oceano Pac\u00edfico Equatorial, impactando padr\u00f5es clim\u00e1ticos globais, como chuvas intensas em algumas regi\u00f5es e secas em outras. Ele ocorre irregularmente, geralmente a cada dois a sete anos, com varia\u00e7\u00f5es na intensidade e dura\u00e7\u00e3o.<\/p>\n\n\n\n<p class=\"has-medium-font-size\">O aquecimento desigual causado pela forma esf\u00e9rica e pelos movimentos da Terra tamb\u00e9m desempenha um papel crucial na determina\u00e7\u00e3o dos climas regionais. Al\u00e9m disso, a inclina\u00e7\u00e3o do eixo terrestre resulta em varia\u00e7\u00f5es sazonais de temperatura em diferentes partes do globo, enquanto as diferentes propor\u00e7\u00f5es entre oceano e continente&nbsp; contribui para a forma\u00e7\u00e3o de padr\u00f5es clim\u00e1ticos espec\u00edficos, como os climas costeiros, continentais e de montanha.<\/p>\n\n\n\n<p class=\"has-medium-font-size\">As atividades humanas, principalmente a queima de combust\u00edveis f\u00f3sseis e o desmatamento, tamb\u00e9m causam altera\u00e7\u00f5es significativas no clima global. O aumento das concentra\u00e7\u00f5es de gases de efeito estufa na atmosfera tem contribu\u00eddo para a intensifica\u00e7\u00e3o do efeito estufa: o aquecimento global. Nesse cen\u00e1rio, h\u00e1 a intensifica\u00e7\u00e3o de eventos clim\u00e1ticos extremos, como ondas de calor, tempestades e secas prolongadas.<\/p>\n\n\n\n<p class=\"has-medium-font-size\">\u00c9 essencial compreender as complexas intera\u00e7\u00f5es entre os diferentes elementos do sistema clim\u00e1tico para entender os climas regionais e as mudan\u00e7as clim\u00e1ticas. Isso porque somos a \u00fanica esp\u00e9cie com capacidade para desenvolver estrat\u00e9gias eficazes para a redu\u00e7\u00e3o das emiss\u00f5es de gases de efeito estufa, a promo\u00e7\u00e3o de pr\u00e1ticas sustent\u00e1veis e a prote\u00e7\u00e3o e fortalecimento das comunidades mais vulner\u00e1veis \u200b\u200baos impactos das mudan\u00e7as clim\u00e1ticas.<\/p>\n\n\n\n<p class=\"has-pale-cyan-blue-background-color has-background has-medium-font-size\"><strong>QUEST\u00c3O 1<\/strong><\/p>\n\n\n\n<p class=\"has-medium-font-size\">Costumeiramente, tratamos \u201cclima\u201d e \u201ctempo\u201d enquanto express\u00f5es sin\u00f4nimas &#8211; mas n\u00e3o s\u00e3o. Observe atentamente os dados referentes \u00e0s cidades de Goi\u00e2nia (Goi\u00e1s) e Porto Alegre (Rio Grande do Sul), em determinado dia, no in\u00edcio da noite.<\/p>\n\n\n<div class=\"wp-block-image\">\n<figure class=\"aligncenter size-large is-resized\"><img decoding=\"async\" width=\"1024\" height=\"596\" src=\"https:\/\/sme.goiania.go.gov.br\/conexaoescola\/wp-content\/uploads\/2024\/03\/Weather-vocabulary-1024x596.png\" alt=\"\" class=\"wp-image-179818\" style=\"width:600px\" srcset=\"https:\/\/sme.goiania.go.gov.br\/conexaoescola\/wp-content\/uploads\/2024\/03\/Weather-vocabulary-1024x596.png 1024w, https:\/\/sme.goiania.go.gov.br\/conexaoescola\/wp-content\/uploads\/2024\/03\/Weather-vocabulary-300x175.png 300w, https:\/\/sme.goiania.go.gov.br\/conexaoescola\/wp-content\/uploads\/2024\/03\/Weather-vocabulary-768x447.png 768w, https:\/\/sme.goiania.go.gov.br\/conexaoescola\/wp-content\/uploads\/2024\/03\/Weather-vocabulary-1536x895.png 1536w, https:\/\/sme.goiania.go.gov.br\/conexaoescola\/wp-content\/uploads\/2024\/03\/Weather-vocabulary.png 2000w\" sizes=\"(max-width: 1024px) 100vw, 1024px\" \/><figcaption class=\"wp-element-caption\"><strong>Imagem 2.<\/strong> ARAGUAIA, Mariana. Condi\u00e7\u00f5es atmosf\u00e9ricas. Canva. Criado em 25\/03\/2024.<\/figcaption><\/figure><\/div>\n\n\n<p class=\"has-medium-font-size\">Podemos afirmar que tais dados indicam<\/p>\n\n\n\n<p class=\"has-medium-font-size\">(A) as condi\u00e7\u00f5es de tempo.<br>(B) o clima dessas cidades.<br>(C) que choveu ou chover\u00e1.<br>(D) sensa\u00e7\u00e3o de muito frio.<\/p>\n\n\n\n<p class=\"has-pale-cyan-blue-background-color has-background has-medium-font-size\"><strong>QUEST\u00c3O 2<\/strong><\/p>\n\n\n\n<p class=\"has-medium-font-size\">Observe a imagem a seguir, analisando tamb\u00e9m os cards com as informa\u00e7\u00f5es a respeito de Goi\u00e2nia e Porto Alegre (quest\u00e3o 1).<\/p>\n\n\n<div class=\"wp-block-image\">\n<figure class=\"aligncenter size-full\"><img decoding=\"async\" width=\"633\" height=\"622\" src=\"https:\/\/sme.goiania.go.gov.br\/conexaoescola\/wp-content\/uploads\/2024\/03\/Paralelos_notables1-1.png\" alt=\"\" class=\"wp-image-179823\" srcset=\"https:\/\/sme.goiania.go.gov.br\/conexaoescola\/wp-content\/uploads\/2024\/03\/Paralelos_notables1-1.png 633w, https:\/\/sme.goiania.go.gov.br\/conexaoescola\/wp-content\/uploads\/2024\/03\/Paralelos_notables1-1-300x295.png 300w\" sizes=\"(max-width: 633px) 100vw, 633px\" \/><figcaption class=\"wp-element-caption\"><strong>Imagem 3.<\/strong> MAOSE. Paralelos notables. Wikimedia Commons. Dispon\u00edvel em &lt;https:\/\/commons.wikimedia.org\/wiki\/File:Paralelos_notables1.png&gt;. Acesso em 25\/03\/2024.<\/figcaption><\/figure><\/div>\n\n\n<p class=\"has-medium-font-size\">Explique: como \u00e9 poss\u00edvel que Porto Alegre, situada pr\u00f3xima ao Tr\u00f3pico de Capric\u00f3rnio, apresente a mesma temperatura que Goi\u00e2nia, que se encontra entre o referido tr\u00f3pico e a Linha do Equador?<\/p>\n\n\n\n<p class=\"has-pale-cyan-blue-background-color has-background has-medium-font-size\"><strong>QUEST\u00c3O 3<\/strong><\/p>\n\n\n\n<p class=\"has-medium-font-size\">Leia a seguir um trecho do artigo de Carlos Lessa, chamado &#8220;Auto-estima e desenvolvimento social&#8221;:<\/p>\n\n\n\n<blockquote class=\"wp-block-quote is-layout-flow wp-block-quote-is-layout-flow\">\n<p>Entre os europeus existia a cren\u00e7a de que o para\u00edso estaria longe da Europa, uma vez que a Idade M\u00e9dia a moldara como um local cinzento, de terror, de pestes, de fome, com florestas cheias de bruxas e esp\u00edritos malignos. Ent\u00e3o, quanto mais pr\u00f3ximos do Equador, mais perto estariam do para\u00edso, onde, imaginavam, seria um lugar quente e aconchegante. Pelos olhos dos navegadores ib\u00e9ricos vemos que o para\u00edso s\u00f3 podia estar, de fato, nos tr\u00f3picos. <\/p>\n<cite><strong>Fonte: <\/strong>LESSA, C. Auto-estima e desenvolvimento social. Rio de Janeiro: Garamond, 2000 apud BARROS, Marcus. Clima e endemias tropicais. Estud. av. 20 (58).&nbsp; Dez 2006. Dispon\u00edvel em &lt;<a href=\"https:\/\/www.scielo.br\/j\/ea\/a\/NtrGZgZmbCFrCbqj6hs5pYz\/?lang=pt&amp;format=html#\">https:\/\/www.scielo.br\/j\/ea\/a\/NtrGZgZmbCFrCbqj6hs5pYz\/?lang=pt&amp;format=html#<\/a>&gt;. Acesso em 25\/03\/2024.<\/cite><\/blockquote>\n\n\n\n<p class=\"has-medium-font-size\">As regi\u00f5es pr\u00f3ximas \u00e0 linha do Equador tendem a apresentar maior temperatura que aquelas mais distantes, como os c\u00edrculos polares, porque<\/p>\n\n\n\n<p class=\"has-medium-font-size\">(A) t\u00eam camada de oz\u00f4nio mais espessa, retendo mais calor.<br>(B) recebem mais radia\u00e7\u00e3o solar direta ao longo do ano.<br>(C) s\u00e3o mais afetadas pela industrializa\u00e7\u00e3o e o efeito estufa.<br>(D) t\u00eam menor varia\u00e7\u00e3o de temperatura pela proximidade dos oceanos.<\/p>\n\n\n\n<p class=\"has-pale-cyan-blue-background-color has-background has-medium-font-size\"><strong>QUEST\u00c3O 4<\/strong><\/p>\n\n\n\n<p class=\"has-medium-font-size\">Analise o t\u00edtulo e o lide de uma not\u00edcia do site G1 Goi\u00e1s:<\/p>\n\n\n<div class=\"wp-block-image is-resized\">\n<figure class=\"aligncenter size-full\"><img loading=\"lazy\" decoding=\"async\" width=\"918\" height=\"337\" src=\"https:\/\/sme.goiania.go.gov.br\/conexaoescola\/wp-content\/uploads\/2022\/12\/frente-fria-e1672184428337.png\" alt=\"\" class=\"wp-image-156128\" srcset=\"https:\/\/sme.goiania.go.gov.br\/conexaoescola\/wp-content\/uploads\/2022\/12\/frente-fria-e1672184428337.png 918w, https:\/\/sme.goiania.go.gov.br\/conexaoescola\/wp-content\/uploads\/2022\/12\/frente-fria-e1672184428337-300x110.png 300w, https:\/\/sme.goiania.go.gov.br\/conexaoescola\/wp-content\/uploads\/2022\/12\/frente-fria-e1672184428337-768x282.png 768w\" sizes=\"(max-width: 918px) 100vw, 918px\" \/><figcaption class=\"wp-element-caption\"><strong>Imagem 4. <\/strong>MELO, Thauany. Frente fria deve provocar chuvas e at\u00e9 tempestades durante o fim de semana em Goi\u00e1s. G1 Goi\u00e1s. Dispon\u00edvel em <a href=\"https:\/\/g1.globo.com\/go\/goias\/noticia\/2022\/10\/27\/frente-fria-deve-provocar-chuvas-e-ate-tempestades-durante-o-fim-de-semana-em-goias.ghtml\">https:\/\/g1.globo.com\/go\/goias\/noticia\/2022\/10\/27\/frente-fria-deve-provocar-chuvas-e-ate-tempestades-durante-o-fim-de-semana-em-goias.ghtml<\/a>. Acesso em 25\/03\/2024.<\/figcaption><\/figure><\/div>\n\n\n<p class=\"has-medium-font-size\">Qual fen\u00f4meno atmosf\u00e9rico relaciona-se \u00e0s frentes frias? E \u00e0s frentes quentes? Explique sua resposta.<\/p>\n\n\n\n<p class=\"has-background has-medium-font-size\" style=\"background-color:#fff878\"><strong>SAIBA MAIS<\/strong><\/p>\n\n\n\n<p class=\"has-medium-font-size\">Voc\u00ea j\u00e1 ouviu falar sobre os rios voadores, e como eles podem influenciar o regime de chuvas no nosso pa\u00eds? Assista ao v\u00eddeo a seguir, da professora Mariana Araguaia, para encontrar tais respostas!<\/p>\n\n\n\n<figure class=\"wp-block-embed is-type-video is-provider-youtube wp-block-embed-youtube wp-embed-aspect-16-9 wp-has-aspect-ratio\"><div class=\"wp-block-embed__wrapper\">\n<p class=\"responsive-video-wrap clr\"><iframe title=\"[Rios voadores]\" width=\"1200\" height=\"675\" src=\"https:\/\/www.youtube.com\/embed\/qlG6kXmI33g?feature=oembed\" frameborder=\"0\" allow=\"accelerometer; autoplay; clipboard-write; encrypted-media; gyroscope; picture-in-picture; web-share\" allowfullscreen><\/iframe><\/p>\n<\/div><figcaption class=\"wp-element-caption\">Canal Mariana Araguaia. Rios voadores. Dispon\u00edvel em <a href=\"https:\/\/youtu.be\/qlG6kXmI33g\">https:\/\/youtu.be\/qlG6kXmI33g<\/a>. Acesso em dez. 2022.<\/figcaption><\/figure>\n\n\n\n<figure class=\"wp-block-table is-style-stripes\"><table><tbody><tr><td><strong>Autoria<\/strong><\/td><td>Mariana Araguaia<\/td><\/tr><tr><td><strong>Forma\u00e7\u00e3o<\/strong><\/td><td>Ci\u00eancias Biol\u00f3gicas<\/td><\/tr><tr><td><strong>Componente Curricular<\/strong><\/td><td>Ci\u00eancias da Natureza<\/td><\/tr><tr><td><strong>Habilidade<\/strong><\/td><td>(EF08CI14) Relacionar climas regionais aos padr\u00f5es de circula\u00e7\u00e3o atmosf\u00e9rica e oce\u00e2nica e ao aquecimento desigual causado pela forma e pelos movimentos da Terra.<\/td><\/tr><tr><td><strong>Refer\u00eancias<\/strong><\/td><td>CARNEVALLE, M. R. Ararib\u00e1 mais Ci\u00eancias: 6\u00ba ano: ensino fundamental: anos finais. 1. ed. S\u00e3o Paulo: Moderna, 2018. 272 p.<br><br>GOI\u00c1S. Documento Curricular para Goi\u00e1s \u2013 Ampliado. Volume III Ensino Fundamental Anos Finais. Dispon\u00edvel em &lt;<a href=\"https:\/\/sme.goiania.go.gov.br\/site\/index.php\/institucional\/documentos-oficiais-2\/category\/27-documentos-gerais\">https:\/\/sme.goiania.go.gov.br\/site\/index.php\/institucional\/documentos-oficiais-2\/category\/27-documentos-gerais<\/a>&gt;. Acesso em 25\/03\/2024.<br><br>GOI\u00c1S. Documento Curricular para Goi\u00e1s \u2013 Ampliado \u2013 Cortes Temporais. CONSED; UNDIME, 2019. p. 143. Dispon\u00edvel em: &lt;<a href=\"http:\/\/sme.goiania.go.gov.br\/site\/index.php\/institucional\/documentos-oficiais-2\">sme.goiania.go.gov.br\/site\/index.php\/institucional\/documentos-oficiais-2<\/a>&gt;. Acesso em 25\/03\/2024.<br><br>HIRANAKA. R. A. B.; HORTENCIO, T. M. A. Inspire Ci\u00eancias: 6\u00ba ano: ensino fundamental: anos finais. 1. ed. S\u00e3o Paulo: FTD, 2018. 256 p.<br><br>SANT&#8217;ANNA-NETO, Jo\u00e3o Lima. Alegres Tr\u00f3picos: primeiras impress\u00f5es dos cronistas e viajantes sobre o tempo e o clima no Brasil Col\u00f4nia. Caderno Prudentino De Geografia, 1(23), 71\u201392, 2020. Dispon\u00edvel em &lt;<a href=\"https:\/\/revista.fct.unesp.br\/index.php\/cpg\/article\/view\/7320\">https:\/\/revista.fct.unesp.br\/index.php\/cpg\/article\/view\/7320<\/a>&gt;. Acesso em 25\/03\/2024.<\/td><\/tr><\/tbody><\/table><\/figure>\n","protected":false},"author":44,"featured_media":179830,"template":"","ef_categoria":[33,37],"ef_ano":[91],"ef_componente":[98],"class_list":["post-156120","ensino_fundamental","type-ensino_fundamental","status-publish","has-post-thumbnail","hentry","ef_categoria-educacao-ambiental-e-saude-ciclo-da-adolescencia-hi","ef_categoria-experiencias-e-curiosidades-ciclo-da-adolescencia-hi","ef_ano-8o-ano","ef_componente-ciencia-da-natureza-ef","entry","has-media"],"acf":[],"_links":{"self":[{"href":"https:\/\/sme.goiania.go.gov.br\/conexaoescola\/wp-json\/wp\/v2\/ensino_fundamental\/156120","targetHints":{"allow":["GET"]}}],"collection":[{"href":"https:\/\/sme.goiania.go.gov.br\/conexaoescola\/wp-json\/wp\/v2\/ensino_fundamental"}],"about":[{"href":"https:\/\/sme.goiania.go.gov.br\/conexaoescola\/wp-json\/wp\/v2\/types\/ensino_fundamental"}],"author":[{"embeddable":true,"href":"https:\/\/sme.goiania.go.gov.br\/conexaoescola\/wp-json\/wp\/v2\/users\/44"}],"version-history":[{"count":10,"href":"https:\/\/sme.goiania.go.gov.br\/conexaoescola\/wp-json\/wp\/v2\/ensino_fundamental\/156120\/revisions"}],"predecessor-version":[{"id":180006,"href":"https:\/\/sme.goiania.go.gov.br\/conexaoescola\/wp-json\/wp\/v2\/ensino_fundamental\/156120\/revisions\/180006"}],"wp:featuredmedia":[{"embeddable":true,"href":"https:\/\/sme.goiania.go.gov.br\/conexaoescola\/wp-json\/wp\/v2\/media\/179830"}],"wp:attachment":[{"href":"https:\/\/sme.goiania.go.gov.br\/conexaoescola\/wp-json\/wp\/v2\/media?parent=156120"}],"wp:term":[{"taxonomy":"ef_categoria","embeddable":true,"href":"https:\/\/sme.goiania.go.gov.br\/conexaoescola\/wp-json\/wp\/v2\/ef_categoria?post=156120"},{"taxonomy":"ef_ano","embeddable":true,"href":"https:\/\/sme.goiania.go.gov.br\/conexaoescola\/wp-json\/wp\/v2\/ef_ano?post=156120"},{"taxonomy":"ef_componente","embeddable":true,"href":"https:\/\/sme.goiania.go.gov.br\/conexaoescola\/wp-json\/wp\/v2\/ef_componente?post=156120"}],"curies":[{"name":"wp","href":"https:\/\/api.w.org\/{rel}","templated":true}]}}