{"id":155389,"date":"2022-12-14T09:28:41","date_gmt":"2022-12-14T12:28:41","guid":{"rendered":"https:\/\/sme.goiania.go.gov.br\/conexaoescola\/?post_type=ensino_fundamental&#038;p=155389"},"modified":"2024-01-25T20:39:57","modified_gmt":"2024-01-25T23:39:57","slug":"matematica-grandezas-e-medidas-2","status":"publish","type":"ensino_fundamental","link":"https:\/\/sme.goiania.go.gov.br\/conexaoescola\/ensino_fundamental\/matematica-grandezas-e-medidas-2\/","title":{"rendered":"Matem\u00e1tica &#8211; Grandezas e medidas"},"content":{"rendered":"\n<p class=\"has-text-align-center has-black-color has-text-color has-background has-medium-font-size\" style=\"background-color:#a6b2f7\">Esta atividade tem como base as sequ\u00eancias did\u00e1ticas propostas pelo <strong>Programa Aprender Sempre<\/strong>, da SME-Goi\u00e2nia, com base no DC-GO Ampliado e est\u00e1 destinada a estudantes do<strong> 3\u00ba ano do Ensino Fundamental<\/strong>.<\/p>\n\n\n\n<div class=\"wp-block-buttons is-content-justification-center is-layout-flex wp-container-core-buttons-is-layout-16018d1d wp-block-buttons-is-layout-flex\">\n<div class=\"wp-block-button has-custom-font-size has-medium-font-size\"><a class=\"wp-block-button__link wp-element-button\" href=\"1F9YAs9AmPY-_B8AfFQqXXW7vBiqgffzy\" target=\"_blank\" rel=\"noreferrer noopener\">BAIXE A ATIVIDADE<\/a><\/div>\n\n\n\n<div class=\"wp-block-button has-custom-font-size has-medium-font-size\"><a class=\"wp-block-button__link wp-element-button\" href=\"https:\/\/drive.google.com\/uc?export=download&amp;id=1tkefrRxXyjfPdohIsfADqG7UtffgEUiH\" target=\"_blank\" rel=\"noreferrer noopener\">BAIXE OS SLIDES<\/a><\/div>\n\n\n\n<div class=\"wp-block-button has-custom-font-size has-medium-font-size\"><a class=\"wp-block-button__link wp-element-button\" href=\"https:\/\/drive.google.com\/uc?export=download&amp;id=1ROuWp0gRIyyGndxsmedUgOitlFjm5HnL\" target=\"_blank\" rel=\"noreferrer noopener\">BAIXE O TEXTO<\/a><\/div>\n<\/div>\n\n\n\n<hr class=\"wp-block-separator has-css-opacity\"\/>\n\n\n\n<p class=\"has-text-align-center has-medium-font-size\"><strong>GRANDEZAS E MEDIDAS<\/strong><\/p>\n\n\n\n<p class=\"has-medium-font-size\">VOC\u00caS J\u00c1 PARARAM PARA PENSAR EM COMO MEDIMOS O TEMPO, A DIST\u00c2NCIA, O PESO E MUITAS OUTRAS COISAS NO NOSSO DIA A DIA? VAMOS DESCOBRIR JUNTOS!<\/p>\n\n\n\n<p class=\"has-medium-font-size\"><em>O QUE S\u00c3O GRANDEZAS?<\/em><\/p>\n\n\n\n<p class=\"has-medium-font-size\">GRANDEZAS S\u00c3O CARACTER\u00cdSTICAS MENSUR\u00c1VEIS DE OBJETOS, SERES OU FEN\u00d4MENOS. OU SEJA, S\u00c3O COISAS QUE PODEMOS MEDIR. POR EXEMPLO, O COMPRIMENTO DE UMA R\u00c9GUA, A ALTURA DE UMA PESSOA, A TEMPERATURA DE UM DIA OU A QUANTIDADE DE \u00c1GUA EM UM COPO S\u00c3O TODAS GRANDEZAS.<\/p>\n\n\n\n<p class=\"has-medium-font-size\">PARA MEDIR GRANDEZAS, UTILIZAMOS UNIDADES DE MEDIDA. ELAS S\u00c3O AS &#8220;R\u00c9GUAS&#8221; DO NOSSO MUNDO, NOS AJUDANDO A ENTENDER E COMPARAR DIFERENTES QUANTIDADES. VAMOS VER ALGUNS EXEMPLOS?<\/p>\n\n\n\n<p class=\"has-medium-font-size\"><strong>COMPRIMENTO<\/strong>: QUANDO QUEREMOS MEDIR ALGO LONGO, COMO A SALA DE AULA, USAMOS METROS (M) OU CENT\u00cdMETROS (CM).<\/p>\n\n\n<div class=\"wp-block-image\">\n<figure class=\"aligncenter\"><img decoding=\"async\" src=\"https:\/\/lh7-us.googleusercontent.com\/4JEp0Zud2SpM4Zjndlz0ZEnfq1eFbx9cNwCGXkU7iEHL8x53WpXOHjkoo5i1PKQbHwq9Y83rnVxewkcOOguG5a1bAxlyyDUtpDcaNIxv-W2EHiyj-yj9Dn3QAeM8kwrFqM7lcK2ItCRR\" alt=\"\"\/><figcaption class=\"wp-element-caption\">IMAGEM CRIADA NO CANVA<\/figcaption><\/figure><\/div>\n\n\n<p class=\"has-medium-font-size\"><strong>PESO<\/strong>: PARA MEDIR O QUANTO ALGO PESA, USAMOS UNIDADES COMO GRAMAS (G) OU QUILOGRAMAS (KG). O INSTRUMENTO QUE USAMOS PARA ENCONTRAR O PESO \u00c9 A BALAN\u00c7A.<\/p>\n\n\n<div class=\"wp-block-image\">\n<figure class=\"aligncenter is-resized\"><img fetchpriority=\"high\" decoding=\"async\" src=\"https:\/\/lh7-us.googleusercontent.com\/2TKj42faiMiEvEarJtgiq1TP5pP2YQoe8Exj2qjMF2HJG3KjdeGNQDguYKpUy6UjJytJdQM2t9CTmW2aG6x6kq61S41V1J96z099xXK84oP2tnnXftk5N9Y1I4KSBY-pTHy3srRSdBEn\" alt=\"\" width=\"280\" height=\"232\"\/><figcaption class=\"wp-element-caption\">IMAGEM CRIADA NO CANVA<\/figcaption><\/figure><\/div>\n\n\n<p class=\"has-medium-font-size\"><strong>TEMPO<\/strong>: MEDIMOS O TEMPO EM HORAS, MINUTOS E SEGUNDOS. POR EXEMPLO, A AULA DE MATEM\u00c1TICA PODE DURAR UMA HORA, QUE \u00c9 DIVIDIDA EM 60 MINUTOS, E CADA MINUTO TEM 60 SEGUNDOS.<\/p>\n\n\n<div class=\"wp-block-image\">\n<figure class=\"aligncenter is-resized\"><img decoding=\"async\" src=\"https:\/\/lh7-us.googleusercontent.com\/tcK3mfL5DJJRU8pVeATdhBRjCi_Dg8XNgZYLOlZwY8yccQW4Yw7v7eNZtsRDH9zladhzROlC724f-iJZTFpuIHwVtXm0vbhkf3c4iRSo9AC6VkOCYi1pxkrodD7HiLS3e-hae93aIEnJ\" alt=\"\" width=\"241\" height=\"235\"\/><figcaption class=\"wp-element-caption\">IMAGEM CRIADA NO CANVA<\/figcaption><\/figure><\/div>\n\n\n<p class=\"has-medium-font-size\"><strong>CAPACIDADE<\/strong>: QUANDO FALAMOS DA QUANTIDADE DE L\u00cdQUIDO QUE CABE EM UM COPO, UTILIZAMOS UNIDADES COMO LITROS (L) OU MILILITROS (ML). O SUCO DE FRUTA PODE SER MEDIDO EM MILILITROS.<\/p>\n\n\n<div class=\"wp-block-image\">\n<figure class=\"aligncenter is-resized\"><img decoding=\"async\" src=\"https:\/\/lh7-us.googleusercontent.com\/dzOHPfryEI8AmozVJt63pSi363qY0G5mElXG5aJv29RY3gLcycD6owscWGiXKzFKrOv_I4nCQ8UPWh6K09CtopRlnE5GFjBsUxmYsr-IdbPDOXYcCy512IE2dVqXLi6M_DXNqBEGzbHw\" alt=\"\" width=\"217\" height=\"184\"\/><figcaption class=\"wp-element-caption\">IMAGEM CRIADA NO CANVA<\/figcaption><\/figure><\/div>\n\n\n<p class=\"has-medium-font-size\">VOC\u00caS J\u00c1 PENSARAM COMO SERIA DIF\u00cdCIL SE N\u00c3O TIV\u00c9SSEMOS MEDIDAS? IMAGINEM TENTAR COZINHAR SEM SABER AS QUANTIDADES DOS INGREDIENTES, OU CONSTRUIR UMA CASA SEM MEDIR OS MATERIAIS. AS MEDIDAS S\u00c3O UMA LINGUAGEM QUE NOS AJUDA A ENTENDER E COMUNICAR AS QUANTIDADES DE TUDO AO NOSSO REDOR.<\/p>\n\n\n\n<p class=\"has-medium-font-size\">GRANDEZAS E MEDIDAS EST\u00c3O POR TODA PARTE, E AGORA VOC\u00caS QUAIS FERRAMENTAS USAR PARA EXPLORAR E COMPREENDER ESSE UNIVERSO FASCINANTE. DIVIRTAM-SE EXPLORANDO O MUNDO DAS QUANTIDADES!<\/p>\n\n\n\n<hr class=\"wp-block-separator has-alpha-channel-opacity\"\/>\n\n\n\n<p class=\"has-black-color has-light-green-cyan-background-color has-text-color has-background has-medium-font-size\"><strong>Quest\u00e3o 1<\/strong><\/p>\n\n\n\n<p class=\"has-medium-font-size\">OBSERVE A IMAGEM A SEGUIR:<\/p>\n\n\n<div class=\"wp-block-image is-style-default\">\n<figure class=\"aligncenter size-full\"><img loading=\"lazy\" decoding=\"async\" width=\"654\" height=\"438\" src=\"https:\/\/sme.goiania.go.gov.br\/conexaoescola\/wp-content\/uploads\/2022\/12\/2-9.jpg\" alt=\"\" class=\"wp-image-155391\" srcset=\"https:\/\/sme.goiania.go.gov.br\/conexaoescola\/wp-content\/uploads\/2022\/12\/2-9.jpg 654w, https:\/\/sme.goiania.go.gov.br\/conexaoescola\/wp-content\/uploads\/2022\/12\/2-9-300x201.jpg 300w\" sizes=\"(max-width: 654px) 100vw, 654px\" \/><figcaption class=\"wp-element-caption\">Dispon\u00edvel em: <a href=\"https:\/\/cutt.ly\/w0zTAVD\">https:\/\/cutt.ly\/w0zTAVD<\/a> adaptado, acesso em 14, abr. 22.<\/figcaption><\/figure><\/div>\n\n\n<p class=\"has-medium-font-size\">O REL\u00d3GIO NA PAREDE DO SUPERMERCADO MARCA<\/p>\n\n\n<div class=\"wp-block-image is-style-default\">\n<figure class=\"aligncenter size-full\"><img loading=\"lazy\" decoding=\"async\" width=\"355\" height=\"333\" src=\"https:\/\/sme.goiania.go.gov.br\/conexaoescola\/wp-content\/uploads\/2022\/12\/3-7.jpg\" alt=\"\" class=\"wp-image-155392\" srcset=\"https:\/\/sme.goiania.go.gov.br\/conexaoescola\/wp-content\/uploads\/2022\/12\/3-7.jpg 355w, https:\/\/sme.goiania.go.gov.br\/conexaoescola\/wp-content\/uploads\/2022\/12\/3-7-300x281.jpg 300w\" sizes=\"(max-width: 355px) 100vw, 355px\" \/><\/figure><\/div>\n\n\n<p class=\"has-medium-font-size\">(A) 11 HORAS<\/p>\n\n\n\n<p class=\"has-medium-font-size\">(B) 09 HORAS E 55 MINUTOS<\/p>\n\n\n\n<p class=\"has-medium-font-size\">(C) 11 HORAS E 45 MINUTOS<\/p>\n\n\n\n<p class=\"has-medium-font-size\">(D) 09 HORAS<\/p>\n\n\n\n<p class=\"has-light-green-cyan-background-color has-background has-medium-font-size\"> <strong>Quest\u00e3o 2<\/strong> <\/p>\n\n\n\n<p class=\"has-medium-font-size\">VEJA OS VALORES DO SUCO DE VARIADOS SABORES DESCRITOS NA TABELA ABAIXO. J\u00daLIA QUER COMPRAR 5 LITROS DE SUCO. ESCOLHENDO A FORMA MAIS BARATA, ELA VAI GASTAR<\/p>\n\n\n<div class=\"wp-block-image is-style-default\">\n<figure class=\"aligncenter size-full\"><img loading=\"lazy\" decoding=\"async\" width=\"288\" height=\"196\" src=\"https:\/\/sme.goiania.go.gov.br\/conexaoescola\/wp-content\/uploads\/2022\/12\/4-6.jpg\" alt=\"\" class=\"wp-image-155393\"\/><\/figure><\/div>\n\n\n<p class=\"has-medium-font-size\">(A) 31 REAIS<\/p>\n\n\n\n<p class=\"has-medium-font-size\">(B) 51 REAIS<\/p>\n\n\n\n<p class=\"has-medium-font-size\">(C) 49 REAIS<\/p>\n\n\n\n<p class=\"has-medium-font-size\">(D) 55 REAIS<\/p>\n\n\n\n<p class=\"has-black-color has-light-green-cyan-background-color has-text-color has-background has-medium-font-size\"><strong>Quest\u00e3o 3<\/strong><\/p>\n\n\n\n<p class=\"has-medium-font-size\">OBSERVE OS REL\u00d3GIOS:<\/p>\n\n\n<div class=\"wp-block-image is-style-default\">\n<figure class=\"aligncenter size-full is-resized\"><img loading=\"lazy\" decoding=\"async\" src=\"https:\/\/sme.goiania.go.gov.br\/conexaoescola\/wp-content\/uploads\/2022\/12\/5-3.jpg\" alt=\"\" class=\"wp-image-155394\" width=\"213\" height=\"192\"\/><figcaption class=\"wp-element-caption\">Dispon\u00edvel em: <a href=\"https:\/\/cutt.ly\/d0zYkiE\">https:\/\/cutt.ly\/d0zYkiE<\/a> adaptado, acesso em 14, abr. 22.<br><\/figcaption><\/figure><\/div>\n\n\n<p class=\"has-medium-font-size\">O PONTEIRO <strong>MENOR<\/strong> APONTA PARA O <strong>9<\/strong> E O PONTEIRO <strong>MAIOR<\/strong> APONTA PARA O <strong>2<\/strong>. <strong>S\u00c3O 9 HORAS E 10 MINUTOS<\/strong>.<\/p>\n\n\n<div class=\"wp-block-image is-style-default\">\n<figure class=\"aligncenter size-full is-resized\"><img decoding=\"async\" src=\"https:\/\/sme.goiania.go.gov.br\/conexaoescola\/wp-content\/uploads\/2022\/12\/6-1.jpg\" alt=\"\" class=\"wp-image-155395\" width=\"-61\" height=\"-59\" srcset=\"https:\/\/sme.goiania.go.gov.br\/conexaoescola\/wp-content\/uploads\/2022\/12\/6-1.jpg 438w, https:\/\/sme.goiania.go.gov.br\/conexaoescola\/wp-content\/uploads\/2022\/12\/6-1-300x290.jpg 300w\" sizes=\"(max-width: 438px) 100vw, 438px\" \/><figcaption class=\"wp-element-caption\">Dispon\u00edvel em: <a href=\"https:\/\/cutt.ly\/C0zUEQ5\">https:\/\/cutt.ly\/C0zUEQ5<\/a> adaptado, acesso em 14, abr. 22.<\/figcaption><\/figure><\/div>\n\n\n<p class=\"has-medium-font-size\">O PONTEIRO <strong>MENOR<\/strong> APONTA PARA O <strong>1<\/strong> E O PONTEIRO <strong>MAIOR<\/strong> APONTA PARA O <strong>12<\/strong>. <strong>ESSE REL\u00d3GIO EST\u00c1 MARCANDO 1 HORA<\/strong>.<\/p>\n\n\n\n<p class=\"has-medium-font-size\">ESCREVA A HORA QUE CADA REL\u00d3GIO MARCA:<\/p>\n\n\n<div class=\"wp-block-image is-style-default\">\n<figure class=\"aligncenter size-full\"><img loading=\"lazy\" decoding=\"async\" width=\"619\" height=\"216\" src=\"https:\/\/sme.goiania.go.gov.br\/conexaoescola\/wp-content\/uploads\/2022\/12\/7-2.jpg\" alt=\"\" class=\"wp-image-155398\" srcset=\"https:\/\/sme.goiania.go.gov.br\/conexaoescola\/wp-content\/uploads\/2022\/12\/7-2.jpg 619w, https:\/\/sme.goiania.go.gov.br\/conexaoescola\/wp-content\/uploads\/2022\/12\/7-2-300x105.jpg 300w\" sizes=\"(max-width: 619px) 100vw, 619px\" \/><figcaption class=\"wp-element-caption\">Imagens dispon\u00edveis no site: <a href=\"https:\/\/br.freepik.com\/\">https:\/\/br.freepik.com\/<\/a><\/figcaption><\/figure><\/div>\n\n\n<p class=\"has-light-green-cyan-background-color has-background has-medium-font-size\"><strong>Quest\u00e3o 4<\/strong><\/p>\n\n\n\n<p class=\"has-medium-font-size\">DANIEL ANALISOU A VAZ\u00c3O DE UMA TORNEIRA E DESCOBRIU QUE ELA ABERTA DESPEJA, EM UM BALDE, 1 LITRO DE \u00c1GUA A CADA 15 SEGUNDOS. AO SE PASSAR 1 MINUTO, O BALDE TER\u00c1 QUE QUANTIDADE DE \u00c1GUA? EFETUE OS C\u00c1LCULOS E EXPLIQUE SUA RESPOSTA.<\/p>\n\n\n\n<hr class=\"wp-block-separator has-css-opacity\"\/>\n\n\n\n<figure class=\"wp-block-table alignwide is-style-stripes\"><table><tbody><tr><td><strong>Autoria:<\/strong><\/td><td>Lucyana Oliveira Borba<\/td><\/tr><tr><td><strong>Forma\u00e7\u00e3o:<\/strong><\/td><td>Pedagogia<\/td><\/tr><tr><td><strong>Componente Curricular:<\/strong><\/td><td>Matem\u00e1tica<\/td><\/tr><tr><td><strong>Habilidade:<\/strong><\/td><td>(EF03MA22-A) Identificar semelhan\u00e7as e diferen\u00e7as entre rel\u00f3gios digital e anal\u00f3gico.<br>(EF03MA22-C) Reconhecer as rela\u00e7\u00f5es entre os intervalos de tempo e as fra\u00e7\u00f5es. Exemplo: intervalo de 30 minutos = metade de uma hora; intervalo de 20 minutos = um ter\u00e7o de uma hora; intervalo de 15 minutos = um quarto de uma hora.<br>(EF03MA23-B) Reconhecer a rela\u00e7\u00e3o entre hora e minutos e entre minuto e segundos: 1h = 60 min, 1min = 60s, um dia = 24h. Exemplo: confec\u00e7\u00e3o de rel\u00f3gio anal\u00f3gico.<br>(EF03MA19-A) Estimar, medir o comprimento de objetos diversos e identificar quantas vezes a unidade de medida cabe no que est\u00e1 sendo medido, utilizando unidades de medida n\u00e3o padronizadas e padronizadas mais usuais, como metro, cent\u00edmetro e mil\u00edmetro, e diversos instrumentos de medida.<br>(EF03MA19-B) Comparar comprimentos diversos, escolhendo uma unidade e expressando a medi\u00e7\u00e3o numericamente com a identifica\u00e7\u00e3o da unidade, utilizando unidades de medida n\u00e3o padronizadas e padronizadas mais usuais, como metro, cent\u00edmetro e mil\u00edmetro, e diversos instrumentos de medida.<\/td><\/tr><tr><td><strong>Refer\u00eancias:<\/strong><\/td><td>CADERNO APRENDER SEMPRE- 2\u00ba Bimestre 2022- 3\u00baAno\/ Ensino Fundamental\/ L\u00edngua Portuguesa e Matem\u00e1tica\/ Prefeitura de Goi\u00e2nia- Secretaria Municipal de Educa\u00e7\u00e3o. BURITI MAIS MATEM\u00c1TICA, 3\u00ba ano, Editora Moderna, 2021.<\/td><\/tr><\/tbody><\/table><\/figure>\n","protected":false},"author":46,"featured_media":155390,"template":"","ef_categoria":[13,19],"ef_ano":[86],"ef_componente":[94],"class_list":["post-155389","ensino_fundamental","type-ensino_fundamental","status-publish","has-post-thumbnail","hentry","ef_categoria-ciclo-da-infancia-abc","ef_categoria-educacao-financeira-e-empreendedorismo","ef_ano-3o-ano","ef_componente-matematica","entry","has-media"],"acf":[],"_links":{"self":[{"href":"https:\/\/sme.goiania.go.gov.br\/conexaoescola\/wp-json\/wp\/v2\/ensino_fundamental\/155389","targetHints":{"allow":["GET"]}}],"collection":[{"href":"https:\/\/sme.goiania.go.gov.br\/conexaoescola\/wp-json\/wp\/v2\/ensino_fundamental"}],"about":[{"href":"https:\/\/sme.goiania.go.gov.br\/conexaoescola\/wp-json\/wp\/v2\/types\/ensino_fundamental"}],"author":[{"embeddable":true,"href":"https:\/\/sme.goiania.go.gov.br\/conexaoescola\/wp-json\/wp\/v2\/users\/46"}],"version-history":[{"count":1,"href":"https:\/\/sme.goiania.go.gov.br\/conexaoescola\/wp-json\/wp\/v2\/ensino_fundamental\/155389\/revisions"}],"predecessor-version":[{"id":176290,"href":"https:\/\/sme.goiania.go.gov.br\/conexaoescola\/wp-json\/wp\/v2\/ensino_fundamental\/155389\/revisions\/176290"}],"wp:featuredmedia":[{"embeddable":true,"href":"https:\/\/sme.goiania.go.gov.br\/conexaoescola\/wp-json\/wp\/v2\/media\/155390"}],"wp:attachment":[{"href":"https:\/\/sme.goiania.go.gov.br\/conexaoescola\/wp-json\/wp\/v2\/media?parent=155389"}],"wp:term":[{"taxonomy":"ef_categoria","embeddable":true,"href":"https:\/\/sme.goiania.go.gov.br\/conexaoescola\/wp-json\/wp\/v2\/ef_categoria?post=155389"},{"taxonomy":"ef_ano","embeddable":true,"href":"https:\/\/sme.goiania.go.gov.br\/conexaoescola\/wp-json\/wp\/v2\/ef_ano?post=155389"},{"taxonomy":"ef_componente","embeddable":true,"href":"https:\/\/sme.goiania.go.gov.br\/conexaoescola\/wp-json\/wp\/v2\/ef_componente?post=155389"}],"curies":[{"name":"wp","href":"https:\/\/api.w.org\/{rel}","templated":true}]}}