{"id":155134,"date":"2022-12-09T07:00:00","date_gmt":"2022-12-09T10:00:00","guid":{"rendered":"https:\/\/sme.goiania.go.gov.br\/conexaoescola\/?post_type=ensino_fundamental&#038;p=155134"},"modified":"2023-11-20T18:59:53","modified_gmt":"2023-11-20T21:59:53","slug":"ciencias-da-natureza-fases-da-lua","status":"publish","type":"ensino_fundamental","link":"https:\/\/sme.goiania.go.gov.br\/conexaoescola\/ensino_fundamental\/ciencias-da-natureza-fases-da-lua\/","title":{"rendered":"Ci\u00eancias da Natureza \u2013 Fases da Lua"},"content":{"rendered":"\n<p class=\"has-text-align-center has-very-light-gray-to-cyan-bluish-gray-gradient-background has-background has-medium-font-size\">Esta proposta de atividade de&nbsp;<strong>Ci\u00eancias da Natureza<\/strong>&nbsp;\u00e9 destinada aos estudantes do&nbsp;<strong>4\u00ba ano dos Anos Iniciais do Ensino Fundamental.<\/strong><\/p>\n\n\n\n<div class=\"wp-block-buttons alignwide is-content-justification-center is-layout-flex wp-container-core-buttons-is-layout-16018d1d wp-block-buttons-is-layout-flex\">\n<div class=\"wp-block-button has-custom-width wp-block-button__width-25\"><a class=\"wp-block-button__link wp-element-button\" href=\"https:\/\/drive.google.com\/uc?export=download&amp;id=1X0La1iD4vg56LuEfhETRqCzXGYPts042\" target=\"_blank\" rel=\"noreferrer noopener\"><strong>BAIXE A ATIVIDADE<\/strong><\/a><\/div>\n\n\n\n<div class=\"wp-block-button has-custom-width wp-block-button__width-25\"><a class=\"wp-block-button__link wp-element-button\" href=\"https:\/\/drive.google.com\/uc?export=download&amp;id=1r42Qn2PM8jnIPJmukJKSfJCUjer-RNPD\" target=\"_blank\" rel=\"noreferrer noopener\"><strong>BAIXE OS SLIDES<\/strong><\/a><\/div>\n\n\n\n<div class=\"wp-block-button has-custom-width wp-block-button__width-25\"><a class=\"wp-block-button__link wp-element-button\" href=\"https:\/\/drive.google.com\/uc?export=download&amp;id=12lajIR83gARXmQiyw89Kkqcn8KMs5Wkw\" target=\"_blank\" rel=\"noreferrer noopener\"><strong>BAIXE O TEXTO<\/strong><\/a><\/div>\n<\/div>\n\n\n\n<hr class=\"wp-block-separator has-alpha-channel-opacity\"\/>\n\n\n\n<p class=\"has-text-align-center has-medium-font-size\"><strong><u>FASES DA LUA<\/u><\/strong><\/p>\n\n\n\n<p class=\"has-medium-font-size\">Ao contemplarmos o firmamento, deparamo-nos com a presen\u00e7a da Lua em suas distintas fases, sendo elas: Lua Nova, Lua Quarto Crescente, Lua Cheia e Lua Quarto Minguante.<\/p>\n\n\n\n<p class=\"has-medium-font-size\">Durante a Lua Nova, a vis\u00e3o da lua \u00e9 obstru\u00edda, pois encontra-se alinhada entre o Sol e a Terra. Nesse per\u00edodo, a por\u00e7\u00e3o iluminada pelo Sol est\u00e1 voltada para longe do nosso planeta, justificando a impossibilidade de sua aprecia\u00e7\u00e3o.<\/p>\n\n\n\n<p class=\"has-medium-font-size\">No est\u00e1gio de Lua Quarto Crescente, testemunhamos a gradual manifesta\u00e7\u00e3o da &#8220;Lua crescendo&#8221; no c\u00e9u. Essa evolu\u00e7\u00e3o na percep\u00e7\u00e3o lunar \u00e9 viabilizada pelos movimentos de rota\u00e7\u00e3o, transla\u00e7\u00e3o e revolu\u00e7\u00e3o que caracterizam a \u00f3rbita lunar.<\/p>\n\n\n\n<p class=\"has-medium-font-size\">Durante a fase de Lua Cheia, os habitantes terrestres s\u00e3o arrebatados pela espl\u00eandida vis\u00e3o da lua em sua plenitude luminosa, uma experi\u00eancia marcante e cativante.<\/p>\n\n\n\n<p class=\"has-medium-font-size\">Por fim, alcan\u00e7amos a etapa de Lua Quarto Minguante, marcando o in\u00edcio do decl\u00ednio lunar, encerrando assim um ciclo de aproximadamente 28 dias.<\/p>\n\n\n\n<p class=\"has-text-align-center has-medium-font-size\"><strong><strong>OBSERVE A SEGUINTE IMAGEM PARA RESPONDER \u00c0S QUEST\u00d5ES:<\/strong><\/strong><\/p>\n\n\n<div class=\"wp-block-image\">\n<figure class=\"aligncenter size-large is-resized\"><img fetchpriority=\"high\" decoding=\"async\" src=\"https:\/\/sme.goiania.go.gov.br\/conexaoescola\/wp-content\/uploads\/2022\/12\/PIX-11-1024x576.png\" alt=\"\" class=\"wp-image-173141\" width=\"442\" height=\"248\" srcset=\"https:\/\/sme.goiania.go.gov.br\/conexaoescola\/wp-content\/uploads\/2022\/12\/PIX-11-1024x576.png 1024w, https:\/\/sme.goiania.go.gov.br\/conexaoescola\/wp-content\/uploads\/2022\/12\/PIX-11-300x169.png 300w, https:\/\/sme.goiania.go.gov.br\/conexaoescola\/wp-content\/uploads\/2022\/12\/PIX-11-768x432.png 768w, https:\/\/sme.goiania.go.gov.br\/conexaoescola\/wp-content\/uploads\/2022\/12\/PIX-11-1536x864.png 1536w, https:\/\/sme.goiania.go.gov.br\/conexaoescola\/wp-content\/uploads\/2022\/12\/PIX-11.png 1920w\" sizes=\"(max-width: 442px) 100vw, 442px\" \/><figcaption class=\"wp-element-caption\">Imagem produzida em: canva.com<\/figcaption><\/figure><\/div>\n\n\n<p class=\"has-very-light-gray-to-cyan-bluish-gray-gradient-background has-background has-medium-font-size\"><strong>QUEST\u00c3O 1<\/strong><\/p>\n\n\n\n<p class=\"has-medium-font-size\">Segundo o texto, durante qual fase lunar a Lua n\u00e3o \u00e9 vis\u00edvel para os habitantes da Terra devido \u00e0 sua posi\u00e7\u00e3o entre o Sol e o planeta? <strong>Assinale<\/strong> a alternativa correta.<\/p>\n\n\n\n<p class=\"has-medium-font-size\">a) Lua Quarto Crescente<\/p>\n\n\n\n<p class=\"has-medium-font-size\">b) Lua Cheia<\/p>\n\n\n\n<p class=\"has-medium-font-size\">c) Lua Nova<\/p>\n\n\n\n<p class=\"has-medium-font-size\">d) Lua Quarto Minguante<\/p>\n\n\n\n<p class=\"has-very-light-gray-to-cyan-bluish-gray-gradient-background has-background has-medium-font-size\"><strong>QUEST\u00c3O 2<\/strong><\/p>\n\n\n\n<p class=\"has-medium-font-size\"><strong>O que<\/strong> marca o in\u00edcio do decl\u00ednio lunar e encerra um ciclo de aproximadamente 28 dias, conforme mencionado no texto? <strong>Assinale<\/strong> a alternativa correta.<\/p>\n\n\n\n<p class=\"has-medium-font-size\">a) Lua Quarto Crescente<\/p>\n\n\n\n<p class=\"has-medium-font-size\">b) Lua Cheia<\/p>\n\n\n\n<p class=\"has-medium-font-size\">c) Lua Nova<\/p>\n\n\n\n<p class=\"has-medium-font-size\">d) Lua Quarto Minguante<\/p>\n\n\n\n<p class=\"has-very-light-gray-to-cyan-bluish-gray-gradient-background has-background has-medium-font-size\"><strong>QUEST\u00c3O 3<\/strong><\/p>\n\n\n\n<p class=\"has-medium-font-size\">No dia 20 de julho de 1969 alguns astronautas desceram na Lua e puderam observar que l\u00e1 n\u00e3o h\u00e1: ar, \u00e1gua, plantas e nem vida.<\/p>\n\n\n\n<p class=\"has-medium-font-size\">Ao observar a afirma\u00e7\u00e3o acima e refletir sobre esse corpo celeste <strong>responda<\/strong>:<\/p>\n\n\n\n<p class=\"has-medium-font-size\">Afinal, <strong>qual a fun\u00e7\u00e3o da Lua<\/strong>?<\/p>\n\n\n\n<p class=\"has-very-light-gray-to-cyan-bluish-gray-gradient-background has-background has-medium-font-size\"> <strong>QUEST\u00c3O 4<\/strong> <\/p>\n\n\n\n<p class=\"has-black-color has-text-color has-medium-font-size\">A Lua gira ao redor da Terra, e a Terra gira em torno do Sol. Dessa forma, a Lua tamb\u00e9m gira em torno do Sol.<\/p>\n\n\n\n<p class=\"has-black-color has-text-color has-medium-font-size\"><strong>Ligue <\/strong>o conceito que corresponde a cada movimento da Lua. Se necess\u00e1rio, <strong>pesquise<\/strong> a resposta.<\/p>\n\n\n<div class=\"wp-block-image is-style-default\">\n<figure class=\"aligncenter size-full\"><img decoding=\"async\" width=\"777\" height=\"171\" src=\"https:\/\/sme.goiania.go.gov.br\/conexaoescola\/wp-content\/uploads\/2022\/12\/fases-da-Lua-1-1.png\" alt=\"\" class=\"wp-image-155139\" srcset=\"https:\/\/sme.goiania.go.gov.br\/conexaoescola\/wp-content\/uploads\/2022\/12\/fases-da-Lua-1-1.png 777w, https:\/\/sme.goiania.go.gov.br\/conexaoescola\/wp-content\/uploads\/2022\/12\/fases-da-Lua-1-1-300x66.png 300w, https:\/\/sme.goiania.go.gov.br\/conexaoescola\/wp-content\/uploads\/2022\/12\/fases-da-Lua-1-1-768x169.png 768w\" sizes=\"(max-width: 777px) 100vw, 777px\" \/><\/figure><\/div>\n\n\n<p class=\"has-very-light-gray-to-cyan-bluish-gray-gradient-background has-background has-medium-font-size\"> <strong>QUEST\u00c3O 5<\/strong> <\/p>\n\n\n\n<p class=\"has-medium-font-size\">Mas como a Lua brilha se ela n\u00e3o tem luz pr\u00f3pria? Aprendemos que isso \u00e9 poss\u00edvel gra\u00e7as \u00e0 luz solar que reflete sobre ela. Ap\u00f3s essa reflex\u00e3o, <strong>responda:<\/strong><\/p>\n\n\n\n<p class=\"has-medium-font-size\">a) <strong>Quantas<\/strong> fases principais t\u00eam a Lua?                 <\/p>\n\n\n\n<p class=\"has-medium-font-size\">(&nbsp;&nbsp; ) 28 &nbsp;&nbsp;&nbsp;&nbsp;&nbsp;(&nbsp;&nbsp; ) 4 &nbsp;&nbsp;&nbsp;&nbsp;(&nbsp;&nbsp; ) 15<\/p>\n\n\n\n<p class=\"has-medium-font-size\">b) <strong>A fase<\/strong> em que podemos enxergar a Lua <strong>em sua totalidade<\/strong> \u00e9:<\/p>\n\n\n\n<p class=\"has-medium-font-size\">(&nbsp;&nbsp; ) Lua Quarto Minguante&nbsp;&nbsp;&nbsp; (&nbsp;&nbsp; ) Lua Cheia&nbsp;&nbsp;&nbsp;&nbsp; (&nbsp;&nbsp; ) Lua Nova<\/p>\n\n\n\n<p class=\"has-medium-font-size\">c) <strong>As quatro fases<\/strong> da Lua <strong>duram<\/strong> aproximadamente:<\/p>\n\n\n\n<p class=\"has-medium-font-size\">(&nbsp;&nbsp; ) 7,5 dias&nbsp;&nbsp;&nbsp; (&nbsp;&nbsp; ) 28 dias&nbsp;&nbsp;&nbsp; (&nbsp;&nbsp; ) 30 dias&nbsp;&nbsp;&nbsp;&nbsp; (&nbsp;&nbsp; ) 40 dias<\/p>\n\n\n\n<p class=\"has-very-light-gray-to-cyan-bluish-gray-gradient-background has-background has-medium-font-size\"> <strong>QUEST\u00c3O 6<\/strong> <\/p>\n\n\n\n<p class=\"has-medium-font-size\">A cada semana, <strong>observe<\/strong> o c\u00e9u e veja como est\u00e1 a Lua. Ap\u00f3s, <strong>ilustre<\/strong> a fase observada nos espa\u00e7os abaixo:<\/p>\n\n\n\n<figure class=\"wp-block-image size-full is-style-default\"><img decoding=\"async\" width=\"815\" height=\"243\" src=\"https:\/\/sme.goiania.go.gov.br\/conexaoescola\/wp-content\/uploads\/2022\/12\/fases-da-Lua-2.png\" alt=\"\" class=\"wp-image-155140\" srcset=\"https:\/\/sme.goiania.go.gov.br\/conexaoescola\/wp-content\/uploads\/2022\/12\/fases-da-Lua-2.png 815w, https:\/\/sme.goiania.go.gov.br\/conexaoescola\/wp-content\/uploads\/2022\/12\/fases-da-Lua-2-300x89.png 300w, https:\/\/sme.goiania.go.gov.br\/conexaoescola\/wp-content\/uploads\/2022\/12\/fases-da-Lua-2-768x229.png 768w\" sizes=\"(max-width: 815px) 100vw, 815px\" \/><\/figure>\n\n\n\n<p class=\"has-very-light-gray-to-cyan-bluish-gray-gradient-background has-background has-medium-font-size\"><strong>SAIBA MAIS<\/strong><\/p>\n\n\n\n<p class=\"has-medium-font-size\">Voc\u00ea sabe quem \u00e9 o dono da Lua? N\u00e3o?! Para saber sobre essa e outras curiosidades desse sat\u00e9lite <strong>aperte<\/strong> o play.<\/p>\n\n\n\n<figure class=\"wp-block-embed is-type-video is-provider-youtube wp-block-embed-youtube wp-embed-aspect-16-9 wp-has-aspect-ratio\"><div class=\"wp-block-embed__wrapper\">\n<p class=\"responsive-video-wrap clr\"><iframe title=\"LUA E SUAS CURIOSIDADES #lua #ci\u00eancias\" width=\"1200\" height=\"675\" src=\"https:\/\/www.youtube.com\/embed\/jVz8tv-KvkU?feature=oembed\" frameborder=\"0\" allow=\"accelerometer; autoplay; clipboard-write; encrypted-media; gyroscope; picture-in-picture; web-share\" allowfullscreen><\/iframe><\/p>\n<\/div><figcaption class=\"wp-element-caption\">Canal Prof.\u00aa Danielle Assis. \u201cLua e suas curiosidades\u201d. Dispon\u00edvel em:\u00a0&lt;<a href=\"https:\/\/youtu.be\/jVz8tv-KvkU\">https:\/\/youtu.be\/jVz8tv-KvkU<\/a>>. Acesso em 20, nov. 2023.<\/figcaption><\/figure>\n\n\n\n<hr class=\"wp-block-separator has-alpha-channel-opacity\"\/>\n\n\n\n<figure class=\"wp-block-table is-style-stripes\"><table><tbody><tr><td><strong>Autoria:<\/strong><\/td><td>Prof.\u00aa Esp. Danielle Assis Borges Fantini<\/td><\/tr><tr><td><strong>Forma\u00e7\u00e3o:<\/strong><\/td><td>Gradua\u00e7\u00e3o:<br>\u2013 Graduada em Pedagogia e Graduanda em Jornalismo&nbsp;<br><br>P\u00f3s-gradua\u00e7\u00e3o:<br>\u2013 MBA em Gest\u00e3o das Tecnologias da Informa\u00e7\u00e3o e da Comunica\u00e7\u00e3o \u2013 Educa\u00e7\u00e3o<br>\u2013 Doc\u00eancia Universit\u00e1ria<br>\u2013 Psicopedagogia Institucional e Cl\u00ednica<br>\u2013 Neuropedagogia Aplicada \u00e0 Educa\u00e7\u00e3o<\/td><\/tr><tr><td><strong>Componente Curricular:<\/strong><\/td><td>Ci\u00eancias da Natureza<\/td><\/tr><tr><td><strong>Habilidade:<\/strong><\/td><td>(EF04CI11-A) Identificar as fases da Lua, destacando sua influ\u00eancia no cotidiano.<\/td><\/tr><tr><td><strong>Refer\u00eancias:<\/strong><\/td><td>FASES DA LUA, Instituto Nacional de Meteorologia, 2022. Dispon\u00edvel em: &lt;https:\/\/portal.inmet.gov.br\/paginas\/luas>. Acesso em: 20, nov. 2023. \u00a0 <br><br>LUA, Brasil Escola, 2022. Dispon\u00edvel em: &lt;https:\/\/brasilescola.uol.com.br\/geografia\/lua.htm>. Acesso em: 20, nov. 2023. \u00a0 <br><br>LUA, Mundo Educa\u00e7\u00e3o Uol, 2022. Dispon\u00edvel em: &lt;https:\/\/mundoeducacao.uol.com.br\/geografia\/lua.htm.>. Acesso em: 20, nov. 2023. \u00a0<\/td><\/tr><tr><td><strong>Documento curricular:<\/strong><\/td><td>DOCUMENTO CURRICULAR PARA GOI\u00c1S \u2013 AMPLIADO (DC-GO AMPLIADO)<\/td><\/tr><\/tbody><\/table><\/figure>\n","protected":false},"author":64,"featured_media":173142,"template":"","ef_categoria":[23],"ef_ano":[87],"ef_componente":[98],"class_list":["post-155134","ensino_fundamental","type-ensino_fundamental","status-publish","has-post-thumbnail","hentry","ef_categoria-educacao-ambiental-e-saude-ciclo-da-infancia-de","ef_ano-4o-ano","ef_componente-ciencia-da-natureza-ef","entry","has-media"],"acf":[],"_links":{"self":[{"href":"https:\/\/sme.goiania.go.gov.br\/conexaoescola\/wp-json\/wp\/v2\/ensino_fundamental\/155134","targetHints":{"allow":["GET"]}}],"collection":[{"href":"https:\/\/sme.goiania.go.gov.br\/conexaoescola\/wp-json\/wp\/v2\/ensino_fundamental"}],"about":[{"href":"https:\/\/sme.goiania.go.gov.br\/conexaoescola\/wp-json\/wp\/v2\/types\/ensino_fundamental"}],"author":[{"embeddable":true,"href":"https:\/\/sme.goiania.go.gov.br\/conexaoescola\/wp-json\/wp\/v2\/users\/64"}],"version-history":[{"count":1,"href":"https:\/\/sme.goiania.go.gov.br\/conexaoescola\/wp-json\/wp\/v2\/ensino_fundamental\/155134\/revisions"}],"predecessor-version":[{"id":173143,"href":"https:\/\/sme.goiania.go.gov.br\/conexaoescola\/wp-json\/wp\/v2\/ensino_fundamental\/155134\/revisions\/173143"}],"wp:featuredmedia":[{"embeddable":true,"href":"https:\/\/sme.goiania.go.gov.br\/conexaoescola\/wp-json\/wp\/v2\/media\/173142"}],"wp:attachment":[{"href":"https:\/\/sme.goiania.go.gov.br\/conexaoescola\/wp-json\/wp\/v2\/media?parent=155134"}],"wp:term":[{"taxonomy":"ef_categoria","embeddable":true,"href":"https:\/\/sme.goiania.go.gov.br\/conexaoescola\/wp-json\/wp\/v2\/ef_categoria?post=155134"},{"taxonomy":"ef_ano","embeddable":true,"href":"https:\/\/sme.goiania.go.gov.br\/conexaoescola\/wp-json\/wp\/v2\/ef_ano?post=155134"},{"taxonomy":"ef_componente","embeddable":true,"href":"https:\/\/sme.goiania.go.gov.br\/conexaoescola\/wp-json\/wp\/v2\/ef_componente?post=155134"}],"curies":[{"name":"wp","href":"https:\/\/api.w.org\/{rel}","templated":true}]}}