{"id":154636,"date":"2024-08-06T21:49:00","date_gmt":"2024-08-07T00:49:00","guid":{"rendered":"https:\/\/sme.goiania.go.gov.br\/conexaoescola\/?post_type=ensino_fundamental&#038;p=154636"},"modified":"2024-08-19T07:47:22","modified_gmt":"2024-08-19T10:47:22","slug":"geografia-o-brasil-africano","status":"publish","type":"ensino_fundamental","link":"https:\/\/sme.goiania.go.gov.br\/conexaoescola\/ensino_fundamental\/geografia-o-brasil-africano\/","title":{"rendered":"Geografia &#8211; O Brasil africano"},"content":{"rendered":"\n<p class=\"has-text-align-center has-black-color has-light-green-cyan-background-color has-text-color has-background has-medium-font-size\">Esta proposta de atividade de&nbsp;<strong>GEOGRAFIA <\/strong>\u00e9 destinada aos estudantes do<strong> 3\u00ba ano&nbsp;do Ensino Fundamental.<\/strong><\/p>\n\n\n\n<div class=\"wp-block-buttons is-content-justification-center is-layout-flex wp-container-core-buttons-is-layout-16018d1d wp-block-buttons-is-layout-flex\">\n<div class=\"wp-block-button has-custom-font-size has-medium-font-size\"><a class=\"wp-block-button__link has-white-color has-black-background-color has-text-color has-background wp-element-button\" href=\"https:\/\/drive.google.com\/uc?export=download&amp;id=1lvCZ_neX5QeIo_MebsqnYZM5tYQEI1Oh\" target=\"_blank\" rel=\"noreferrer noopener\">BAIXE A ATIVIDADE<\/a><\/div>\n\n\n\n<div class=\"wp-block-button has-custom-font-size has-medium-font-size\"><a class=\"wp-block-button__link has-white-color has-black-background-color has-text-color has-background wp-element-button\" href=\"https:\/\/drive.google.com\/uc?export=download&amp;id=12M5JevXvYe-gruqB_5DchNzb0jH9-jKT\" target=\"_blank\" rel=\"noreferrer noopener\">BAIXE OS SLIDES<\/a><\/div>\n\n\n\n<div class=\"wp-block-button has-custom-font-size has-medium-font-size\"><a class=\"wp-block-button__link has-white-color has-black-background-color has-text-color has-background wp-element-button\" href=\"https:\/\/drive.google.com\/uc?export=download&amp;id=1FcLJiJYWuk9gbpdpCjP9o_SAwYuMKXZr\" target=\"_blank\" rel=\"noreferrer noopener\">BAIXE O TEXTO<\/a><\/div>\n<\/div>\n\n\n\n<p><\/p>\n\n\n\n<p class=\"has-text-align-center has-black-color has-text-color has-medium-font-size\"><strong>O BRASIL AFRICANO<\/strong><\/p>\n\n\n\n<p class=\"has-text-align-center has-medium-font-size\">MAIS DA METADE DA POPULA\u00c7\u00c3O DE NOSSO PA\u00cdS \u00c9 COMPOSTA POR PESSOAS NEGRAS. O BRASIL \u00c9 POSSIVELMENTE A NA\u00c7\u00c3O COM MAIS PESSOAS NEGRAS FORA DO CONTINENTE AFRICANO. A CULTURA AFRO-BRASILEIRA E AFRICANA FAZ PARTE DE NOSSO DIA A DIA. PARTE DE NOSSO SANGUE VEM DOS POVOS DE ORIGEM AFRICANA.<\/p>\n\n\n<div class=\"wp-block-image\">\n<figure class=\"aligncenter size-full\"><img fetchpriority=\"high\" decoding=\"async\" width=\"474\" height=\"437\" src=\"https:\/\/sme.goiania.go.gov.br\/conexaoescola\/wp-content\/uploads\/2022\/11\/image-29.png\" alt=\"\" class=\"wp-image-154638\" srcset=\"https:\/\/sme.goiania.go.gov.br\/conexaoescola\/wp-content\/uploads\/2022\/11\/image-29.png 474w, https:\/\/sme.goiania.go.gov.br\/conexaoescola\/wp-content\/uploads\/2022\/11\/image-29-300x277.png 300w\" sizes=\"(max-width: 474px) 100vw, 474px\" \/><figcaption class=\"wp-element-caption\">Fonte da imagem https:\/\/img.freepik.com\/free-photo\/young-millennials-african-friends-with-mobile-phones-happy-black-people-having-fun-together-generation-z-friendship-concept_627829-7232.jpg<\/figcaption><\/figure><\/div>\n\n\n<p class=\"has-medium-font-size\"><strong>AGORA VOC\u00ca VAI REALIZAR ATIVIDADES SOBRE O TEMA.<\/strong><\/p>\n\n\n\n<p class=\"has-text-align-center has-medium-font-size\"><strong>\u2022<span class=\"has-inline-color has-vivid-red-color\">RESPONDA AS QUEST\u00d5ES NO SEU CADERNO <\/span><\/strong><\/p>\n\n\n\n<p class=\"has-black-color has-light-green-cyan-background-color has-text-color has-background has-medium-font-size\"><strong> QUEST\u00c3O 1<\/strong><\/p>\n\n\n\n<p class=\"has-text-align-center has-medium-font-size\">\u2022<strong> \u2022 VOC\u00ca VAI PEQUISAR SOBRE A HIST\u00d3RIA E CULTURA DOS POVOS AFRICANOS E AFRO-BRASILEIROS EM NOSSO PA\u00cdS.<\/strong><\/p>\n\n\n\n<p class=\"has-medium-font-size\">A. PESQUISE 5 PALAVRAS DE ORIGEM AFRICANA, QUE N\u00d3S USAMOS NO NOSSO VOCABUL\u00c1RIO DO DIA A DIA<\/p>\n\n\n\n<p class=\"has-medium-font-size\">B. QUAIS S\u00c3O OS RITMOS E M\u00daSICAS DE ORIGEM AFRICANA, QUE HOJE FAZEM PARTE DE NOSSA CULTURA?<\/p>\n\n\n\n<p class=\"has-medium-font-size\">C. QUAIS S\u00c3O OS ALIMENTOS E BEBIDAS DE ORIGEM AFRICANA OU AFRO-BRASILEIRA QUE TEMOS EM NOSSO PA\u00cdS?<\/p>\n\n\n\n<p class=\"has-black-color has-light-green-cyan-background-color has-text-color has-background has-medium-font-size\"><strong> QUEST\u00c3O 2<\/strong><\/p>\n\n\n\n<p class=\"has-text-align-center has-medium-font-size\"><strong>TODOS JUNTOS CONTRA O PRECONCEITO!<\/strong><\/p>\n\n\n\n<ul class=\"has-medium-font-size wp-block-list\">\n<li class=\"has-medium-font-size\">IMAGINE QUE VAMOS FAZER UMA PASSEATA CONTRA O PRECONCEITO COM AS PESSOAS NEGRAS.<\/li>\n\n\n\n<li class=\"has-medium-font-size\">AGORA, ESPA\u00c7O ABAIXO FA\u00c7A UM CARTAZ BEM LEGAL, MOSTRANDO O QUE VOC\u00ca PENSA SOBRE ESSE TEMA. CAPRICHE!<\/li>\n<\/ul>\n\n\n\n<figure class=\"wp-block-image size-large is-resized is-style-default\"><img decoding=\"async\" width=\"1024\" height=\"425\" src=\"https:\/\/sme.goiania.go.gov.br\/conexaoescola\/wp-content\/uploads\/2022\/10\/image-2-1024x425.png\" alt=\"\" class=\"wp-image-152150\" style=\"width:835px;height:346px\" srcset=\"https:\/\/sme.goiania.go.gov.br\/conexaoescola\/wp-content\/uploads\/2022\/10\/image-2-1024x425.png 1024w, https:\/\/sme.goiania.go.gov.br\/conexaoescola\/wp-content\/uploads\/2022\/10\/image-2-300x125.png 300w, https:\/\/sme.goiania.go.gov.br\/conexaoescola\/wp-content\/uploads\/2022\/10\/image-2-768x319.png 768w, https:\/\/sme.goiania.go.gov.br\/conexaoescola\/wp-content\/uploads\/2022\/10\/image-2.png 1071w\" sizes=\"(max-width: 1024px) 100vw, 1024px\" \/><\/figure>\n\n\n\n<p class=\"has-medium-font-size\"><strong>AGORA VOC\u00ca E SEUS COLEGAS V\u00c3O JUNTOS MOSTRAR OS RESULTADOS DA PESQUISA E TAMB\u00c9M DOS CARTAZES.<\/strong><\/p>\n\n\n\n<p class=\"has-black-color has-light-green-cyan-background-color has-text-color has-background has-medium-font-size\"><strong>SAIBA MAIS<\/strong><\/p>\n\n\n\n<p class=\"has-medium-font-size\"><strong>AGORA, ASSISTA O V\u00cdDEO:&nbsp;<span class=\"has-inline-color has-vivid-red-color\">CONTINENTES<\/span><\/strong><br>SAIBA MAIS SOBRE OS CONTINENTES DO PLANETA TERRA.<\/p>\n\n\n\n<figure class=\"wp-block-embed is-type-video is-provider-youtube wp-block-embed-youtube wp-embed-aspect-16-9 wp-has-aspect-ratio\"><div class=\"wp-block-embed__wrapper\">\n<p class=\"responsive-video-wrap clr\"><iframe title=\"Continentes - Prof.a Amarolina Ribeiro - Geografia EF1\" width=\"1200\" height=\"675\" src=\"https:\/\/www.youtube.com\/embed\/WykKWohxXjc?feature=oembed\" frameborder=\"0\" allow=\"accelerometer; autoplay; clipboard-write; encrypted-media; gyroscope; picture-in-picture; web-share\" referrerpolicy=\"strict-origin-when-cross-origin\" allowfullscreen><\/iframe><\/p>\n<\/div><\/figure>\n\n\n\n<p class=\"has-black-color has-light-green-cyan-background-color has-text-color has-background has-medium-font-size\"><strong>ACESSE ESSA PROPOSTA DID\u00c1TICA (SLIDES E ATIVIDADE) EM FORMATO PARA IMPRESS\u00c3O. CLIQUE AQUI:<\/strong> <a rel=\"noreferrer noopener\" href=\"https:\/\/sme.goiania.go.gov.br\/conexaoescola\/propostas_didaticas\/propostas-didaticas-geografia-3o-ano-ensino-fundamental\/\" data-type=\"URL\" data-id=\"https:\/\/sme.goiania.go.gov.br\/conexaoescola\/propostas_didaticas\/propostas-didaticas-geografia-3o-ano-ensino-fundamental\/\" target=\"_blank\">https:\/\/sme.goiania.go.gov.br\/conexaoescola\/propostas_didaticas\/propostas-didaticas-geografia-3o-ano-ensino-fundamental\/<\/a>  <\/p>\n\n\n<p><!-- \/wp:post-content --><\/p>\n<p><!-- wp:table {\"className\":\"is-style-stripes\"} --><\/p>\n<figure class=\"wp-block-table is-style-stripes\">\n<table>\n<tbody>\n<tr>\n<td><strong>Autoria:<\/strong><\/td>\n<td><strong>Amarolina Ribeiro Silva<\/strong><\/td>\n<\/tr>\n<tr>\n<td><strong>Forma\u00e7\u00e3o:<\/strong><\/td>\n<td>Graduada em Geografia e em Pedagogia. <br \/>Mestra em Ensino na Educa\u00e7\u00e3o B\u00e1sica.<\/td>\n<\/tr>\n<tr>\n<td><strong>Componente Curricular:<\/strong><\/td>\n<td><strong>Geografia<\/strong><\/td>\n<\/tr>\n<tr>\n<td><strong>Habilidades<\/strong><\/td>\n<td>(EF03GE01) Identificar e comparar aspectos culturais dos grupos sociais de seus lugares de viv\u00eancia, seja na cidade, seja no campo.<\/td>\n<\/tr>\n<tr>\n<td><strong>Refer\u00eancia <\/strong><\/td>\n<td>\n<p>GOI\u00c1S. Documento Curricular para Goi\u00e1s. CONSED\/UNDIME \u2013 Ampliado \u2013 Cortes Temporais.pdf. Dispon\u00edvel em: https:\/sme.goiania.go.gov.br\/site\/index.php\/institucional\/documentos-oficiais-2\/<\/p>\n<\/td>\n<\/tr>\n<\/tbody>\n<\/table>\n<\/figure>\n<p><!-- \/wp:table --><\/p>\n<p><!-- wp:paragraph --><\/p>\n<p><!-- wp:paragraph --><\/p>\n<p><!-- \/wp:paragraph --><\/p>\n\n<!-- wp:paragraph -->\n<p><\/p>\n<!-- \/wp:paragraph -->","protected":false},"author":61,"featured_media":154638,"template":"","ef_categoria":[],"ef_ano":[86],"ef_componente":[96],"class_list":["post-154636","ensino_fundamental","type-ensino_fundamental","status-publish","has-post-thumbnail","hentry","ef_ano-3o-ano","ef_componente-geografia","entry","has-media"],"acf":[],"_links":{"self":[{"href":"https:\/\/sme.goiania.go.gov.br\/conexaoescola\/wp-json\/wp\/v2\/ensino_fundamental\/154636","targetHints":{"allow":["GET"]}}],"collection":[{"href":"https:\/\/sme.goiania.go.gov.br\/conexaoescola\/wp-json\/wp\/v2\/ensino_fundamental"}],"about":[{"href":"https:\/\/sme.goiania.go.gov.br\/conexaoescola\/wp-json\/wp\/v2\/types\/ensino_fundamental"}],"author":[{"embeddable":true,"href":"https:\/\/sme.goiania.go.gov.br\/conexaoescola\/wp-json\/wp\/v2\/users\/61"}],"version-history":[{"count":6,"href":"https:\/\/sme.goiania.go.gov.br\/conexaoescola\/wp-json\/wp\/v2\/ensino_fundamental\/154636\/revisions"}],"predecessor-version":[{"id":186146,"href":"https:\/\/sme.goiania.go.gov.br\/conexaoescola\/wp-json\/wp\/v2\/ensino_fundamental\/154636\/revisions\/186146"}],"wp:featuredmedia":[{"embeddable":true,"href":"https:\/\/sme.goiania.go.gov.br\/conexaoescola\/wp-json\/wp\/v2\/media\/154638"}],"wp:attachment":[{"href":"https:\/\/sme.goiania.go.gov.br\/conexaoescola\/wp-json\/wp\/v2\/media?parent=154636"}],"wp:term":[{"taxonomy":"ef_categoria","embeddable":true,"href":"https:\/\/sme.goiania.go.gov.br\/conexaoescola\/wp-json\/wp\/v2\/ef_categoria?post=154636"},{"taxonomy":"ef_ano","embeddable":true,"href":"https:\/\/sme.goiania.go.gov.br\/conexaoescola\/wp-json\/wp\/v2\/ef_ano?post=154636"},{"taxonomy":"ef_componente","embeddable":true,"href":"https:\/\/sme.goiania.go.gov.br\/conexaoescola\/wp-json\/wp\/v2\/ef_componente?post=154636"}],"curies":[{"name":"wp","href":"https:\/\/api.w.org\/{rel}","templated":true}]}}