{"id":153669,"date":"2022-11-07T16:56:48","date_gmt":"2022-11-07T19:56:48","guid":{"rendered":"https:\/\/sme.goiania.go.gov.br\/conexaoescola\/?post_type=ensino_fundamental&#038;p=153669"},"modified":"2024-08-29T10:28:27","modified_gmt":"2024-08-29T13:28:27","slug":"geografia-europa-e-asia-biomas","status":"publish","type":"ensino_fundamental","link":"https:\/\/sme.goiania.go.gov.br\/conexaoescola\/ensino_fundamental\/geografia-europa-e-asia-biomas\/","title":{"rendered":"Geografia &#8211; Europa e \u00c1sia: Biomas"},"content":{"rendered":"\n<p class=\"has-black-color has-text-color has-background has-medium-font-size\" style=\"background-color:#ffcccc\">Esta proposta de atividade de <strong>GEOGRAFIA<\/strong> \u00e9 destinada aos estudantes do <strong>9\u00b0 Ano<\/strong> do Ensino Fundamental Anos Finais.<\/p>\n\n\n\n<div class=\"wp-block-buttons is-content-justification-center is-layout-flex wp-container-core-buttons-is-layout-16018d1d wp-block-buttons-is-layout-flex\">\n<div class=\"wp-block-button has-custom-font-size has-medium-font-size\"><a class=\"wp-block-button__link has-white-color has-black-background-color has-text-color has-background has-link-color wp-element-button\" href=\"https:\/\/drive.google.com\/uc?export=download&amp;id=1nUnira5-JciitFdajBG47YVutCEXyuj0\"><strong>BAIXE A ATIVIDADE<\/strong><\/a><\/div>\n\n\n\n<div class=\"wp-block-button has-custom-font-size has-medium-font-size\"><a class=\"wp-block-button__link has-white-color has-black-background-color has-text-color has-background has-link-color wp-element-button\" href=\"https:\/\/drive.google.com\/uc?export=download&amp;id=1qG0-D_M0UxvA5M1BgAsQ2-0hLdksAvYb\"><strong>BAIXE OS SLIDES<\/strong><\/a><\/div>\n\n\n\n<div class=\"wp-block-button has-custom-font-size has-medium-font-size\"><a class=\"wp-block-button__link has-white-color has-black-background-color has-text-color has-background has-link-color wp-element-button\" href=\"https:\/\/drive.google.com\/uc?export=download&amp;id=17GSQAyVj8aLms3ry3QXKiUAmViWDUjqM\"><strong>BAIXE O TEXTO<\/strong><\/a><\/div>\n<\/div>\n\n\n\n<p><\/p>\n\n\n<div class=\"wp-block-image is-style-rounded\">\n<figure class=\"aligncenter size-large is-resized\"><img fetchpriority=\"high\" decoding=\"async\" width=\"1024\" height=\"683\" src=\"https:\/\/sme.goiania.go.gov.br\/conexaoescola\/wp-content\/uploads\/2022\/11\/mountain-g2b511d4b2_1920-e1667850949712-1024x683.jpg\" alt=\"\" class=\"wp-image-153672\" style=\"width:840px;height:auto\" srcset=\"https:\/\/sme.goiania.go.gov.br\/conexaoescola\/wp-content\/uploads\/2022\/11\/mountain-g2b511d4b2_1920-e1667850949712-1024x683.jpg 1024w, https:\/\/sme.goiania.go.gov.br\/conexaoescola\/wp-content\/uploads\/2022\/11\/mountain-g2b511d4b2_1920-e1667850949712-300x200.jpg 300w, https:\/\/sme.goiania.go.gov.br\/conexaoescola\/wp-content\/uploads\/2022\/11\/mountain-g2b511d4b2_1920-e1667850949712-768x512.jpg 768w, https:\/\/sme.goiania.go.gov.br\/conexaoescola\/wp-content\/uploads\/2022\/11\/mountain-g2b511d4b2_1920-e1667850949712-1536x1024.jpg 1536w, https:\/\/sme.goiania.go.gov.br\/conexaoescola\/wp-content\/uploads\/2022\/11\/mountain-g2b511d4b2_1920-e1667850949712.jpg 1920w\" sizes=\"(max-width: 1024px) 100vw, 1024px\" \/><figcaption class=\"wp-element-caption\">Montanha \u2013 Fonte:<a href=\"https:\/\/pixabay.com\/pt\/photos\/montanha-penhasco-panorama-natureza-49878\/\"> https:\/\/pixabay.com\/pt\/photos\/montanha-penhasco-panorama-natureza-49878\/<\/a><\/figcaption><\/figure><\/div>\n\n\n<p class=\"has-text-align-center has-white-color has-black-background-color has-text-color has-background has-link-color has-medium-font-size wp-elements-1c9b642cba3b85fb8f01e7b154e79574\"><strong>&nbsp;&nbsp;<\/strong><strong>Europa e \u00c1sia: Biomas&nbsp;<\/strong><\/p>\n\n\n\n<p class=\"has-black-color has-text-color has-link-color has-medium-font-size wp-elements-71dd61bd644a1d5edc1af1a64f514b79\">Os biomas s\u00e3o caracterizados pela diversidade pr\u00f3pria de fauna e flora. S\u00e3o o resultado do agrupamento de tipos de vegeta\u00e7\u00e3o, quest\u00f5es geol\u00f3gicas e clim\u00e1ticas semelhantes, que podem ser compreendidos como conjunto de vida vegetal e animal.<\/p>\n\n\n\n<p class=\"has-black-color has-text-color has-link-color has-medium-font-size wp-elements-b4cee8d9d3212617b3ed763f1c861cfb\">As florestas temperadas s\u00e3o encontradas em regi\u00f5es de clima temperado e subtropical, apresentam as quatro esta\u00e7\u00f5es do ano bem definidas com ver\u00e3o quente e \u00famido e inverno frio. As florestas temperadas apresentam menor densidade e biodiversidade que as florestas tropicais, os carvalhos e castanheiras predominam como vegeta\u00e7\u00e3o.&nbsp;<\/p>\n\n\n\n<p class=\"has-black-color has-text-color has-link-color has-medium-font-size wp-elements-ebee183a5e4fc212ce3bccfc55ce555a\">Localizadas entre os tr\u00f3picos e principalmente pr\u00f3ximas \u00e0 Linha do Equador, as florestas tropicais apresentam grande biodiversidade e florestas densas de mata fechada. Ocorrem em regi\u00f5es de clima quente e \u00famido, apresentando elevadas temperaturas e bons \u00edndices pluviom\u00e9tricos bem distribu\u00eddos ao longo do ano.<\/p>\n\n\n\n<p class=\"has-black-color has-text-color has-link-color has-medium-font-size wp-elements-1f654d34ee6b9383c9312cc09860469e\">Nos desertos a vegeta\u00e7\u00e3o \u00e9 adaptada ao clima seco e as baixas precipita\u00e7\u00f5es, formada por gram\u00edneas, pequenos arbustos e cactos. Na China, encontramos o deserto de Gobi que \u00e9 gelado e apresenta baix\u00edssimas temperaturas. Os desertos n\u00e3o s\u00e3o apenas quentes, s\u00e3o definidos como lugares in\u00f3spitos, e apresentam baix\u00edssimos \u00edndices pluviom\u00e9tricos, na \u00c1sia encontramos desertos quentes e tamb\u00e9m gelados.<\/p>\n\n\n\n<p class=\"has-black-color has-text-color has-link-color has-medium-font-size wp-elements-e26065774db5f51c96fc234645236c4a\">As Savanas ocorrem em \u00e1reas de clima tropical, apresentando longos per\u00edodos de estiagem e temperaturas elevadas ao longo do ano inteiro. Apresenta vegeta\u00e7\u00e3o de m\u00e9dio porte, espa\u00e7ada e s\u00e3o capazes de resistir a longos per\u00edodos sem chuva, no Brasil s\u00e3o recebem o nome de Cerrado e Caatinga.&nbsp;<\/p>\n\n\n\n<p class=\"has-white-color has-black-background-color has-text-color has-background has-medium-font-size\"><strong>Quest\u00e3o 01<\/strong><\/p>\n\n\n\n<p class=\"has-black-color has-text-color has-link-color has-medium-font-size wp-elements-c18f49d5a6693875778441c3b032882f\">As florestas temperadas apresentam menor biodiversidade que as florestas tropicais, al\u00e9m disso&nbsp;<\/p>\n\n\n\n<p class=\"has-black-color has-text-color has-link-color has-medium-font-size wp-elements-be4484464014e10600a6816a2ea2b55b\">(A) s\u00e3o encontradas em regi\u00f5es de clima tropical, com elevada biodiversidade e vegeta\u00e7\u00e3o densa.<\/p>\n\n\n\n<p class=\"has-black-color has-text-color has-link-color has-medium-font-size wp-elements-7a7991e4a420dbc569a785feaf755876\">(B) est\u00e3o localizadas pr\u00f3ximas \u00e0 Linha do Equador e apresentam clima quente e \u00famido durante todo o ano.<\/p>\n\n\n\n<p class=\"has-black-color has-text-color has-link-color has-medium-font-size wp-elements-80c889510b6972d9a21849ff29540ee2\">(C) possuem as quatro esta\u00e7\u00f5es do ano bem definidas, com ver\u00e3o quente e \u00famido e inverno frio, predominando carvalhos e castanheiras.<\/p>\n\n\n\n<p class=\"has-black-color has-text-color has-link-color has-medium-font-size wp-elements-56edee623dc1169f736090f6f53e5002\">(D) apresentam clima seco com vegeta\u00e7\u00e3o adaptada, como cactos e pequenos arbustos.<\/p>\n\n\n\n<p class=\"has-white-color has-black-background-color has-text-color has-background has-medium-font-size\"><strong>Quest\u00e3o 02<\/strong><\/p>\n\n\n\n<p class=\"has-black-color has-text-color has-medium-font-size\">Observe as imagens:<\/p>\n\n\n<div class=\"wp-block-image\">\n<figure class=\"aligncenter is-resized\"><img decoding=\"async\" src=\"https:\/\/lh5.googleusercontent.com\/oTZH41IIh3gOTAHE53Z08u8_th1GmrZsd-yTxRZYzpdk5AaWn47CLZ5R6oe2ArhM2IjmQvqqVmKwXt6DGpmG2ZljKtaUMlwpK8DtILlY_zb5d_4sWvLtIuC8-sl-6qpduByqom8XrVPU9Py7YMP-J7aaw0oVxvYvS8AuExtEgl4kHUY_QAffFxrD4Q\" alt=\"\" style=\"aspect-ratio:1.7113970588235294;width:869px;height:auto\"\/><figcaption class=\"wp-element-caption\"> Tipos de vegeta\u00e7\u00e3o. <strong>Fonte: <\/strong>IBGE. <em>Atlas Geogr\u00e1fico Escolar<\/em>. 2\u00aa ed. Rio de Janeiro: IBGE, 2004. p.40. <\/figcaption><\/figure><\/div>\n\n\n<p class=\"has-black-color has-text-color has-medium-font-size\">De acordo com o mapa cite ao menos dois pa\u00edses onde podemos encontrar desertos.<\/p>\n\n\n\n<p class=\"has-white-color has-black-background-color has-text-color has-background has-medium-font-size\"><strong>Quest\u00e3o 03<\/strong><\/p>\n\n\n\n<p class=\"has-black-color has-text-color has-link-color has-medium-font-size wp-elements-b607e759e92024e5822b957937b53b45\">Pesquise em livros, na internet, jornais ou revistas sobre a Savana e descreva as principais caracter\u00edsticas desse bioma. Ao descrever a Savana voc\u00ea pode utilizar\u00a0 texto verbal e n\u00e3o verbal.<\/p>\n\n\n\n<p class=\"has-white-color has-black-background-color has-text-color has-background has-link-color has-medium-font-size wp-elements-fde7a78bf1c72fd7d8326b89f7fb207d\"><strong>Quest\u00e3o 04<\/strong><\/p>\n\n\n\n<p class=\"has-black-color has-text-color has-link-color has-medium-font-size wp-elements-ac54ea6e1932f57b6b88b7c0ff50c896\">Os desertos s\u00e3o caracterizados principalmente&nbsp;<\/p>\n\n\n\n<p class=\"has-black-color has-text-color has-link-color has-medium-font-size wp-elements-4c1d3b23c791766428f8485faf69992a\">(A) pela alta biodiversidade e clima subtropical.<\/p>\n\n\n\n<p class=\"has-black-color has-text-color has-link-color has-medium-font-size wp-elements-40b9dd45ba23efe1cb599a73ff34e55a\">(B) pela vegeta\u00e7\u00e3o de m\u00e9dio porte adaptada a longos per\u00edodos de estiagem.<\/p>\n\n\n\n<p class=\"has-black-color has-text-color has-link-color has-medium-font-size wp-elements-67a7043639bf58e72d67ec3f8892bfd6\">(C) pelos baixos \u00edndices pluviom\u00e9tricos e vegeta\u00e7\u00e3o adaptada ao clima seco, podendo ser quentes ou gelados.<\/p>\n\n\n\n<p class=\"has-black-color has-text-color has-link-color has-medium-font-size wp-elements-62fd7792480ef9be78f48e81ef19e5df\">(D) pelas florestas densas e clima quente e \u00famido.<\/p>\n\n\n\n<p class=\"has-white-color has-black-background-color has-text-color has-background has-medium-font-size\"><strong>SAIBA MAIS<\/strong><\/p>\n\n\n\n<figure class=\"wp-block-embed is-type-video is-provider-youtube wp-block-embed-youtube aligncenter wp-embed-aspect-16-9 wp-has-aspect-ratio\"><div class=\"wp-block-embed__wrapper\">\n<p class=\"responsive-video-wrap clr\"><iframe title=\"Atividade 15 - Florestas temperadas - 9\u00b0 Ano\" width=\"1200\" height=\"675\" src=\"https:\/\/www.youtube.com\/embed\/p85u3q3VSjM?feature=oembed\" frameborder=\"0\" allow=\"accelerometer; autoplay; clipboard-write; encrypted-media; gyroscope; picture-in-picture; web-share\" referrerpolicy=\"strict-origin-when-cross-origin\" allowfullscreen><\/iframe><\/p>\n<\/div><figcaption class=\"wp-element-caption\">Canal Geo Power &#8220;Atividade 15 &#8211; Florestas temperadas&#8221; &#8211; 9\u00ba Ano. Dispon\u00edvel em<a rel=\"noreferrer noopener\" href=\"https:\/\/www.youtube.com\/watch?v=_3Zz_5eFy1c\" target=\"_blank\">: &lt;<\/a><a href=\"https:\/\/www.youtube.com\/watch?v=p85u3q3VSjM\" target=\"_blank\" rel=\"noreferrer noopener\">https:\/\/www.youtube.com\/watch?v=p85u3q3VSjM<\/a>&gt;. Acesso em: 07, nov. 22.<\/figcaption><\/figure>\n\n\n\n<p class=\"has-background has-medium-font-size\" style=\"background-color:#fff5d8\"><strong>Acesse os materiais referentes a essa atividade clicando aqui:<\/strong>   <a href=\"https:\/\/sme.goiania.go.gov.br\/conexaoescola\/propostas_didaticas\/propostas-didaticas-geografia-9o-ano\/\" target=\"_blank\" rel=\"noreferrer noopener\">https:\/\/sme.goiania.go.gov.br\/conexaoescola\/propostas_didaticas\/propostas-didaticas-geografia-9o-ano\/<\/a> <\/p>\n\n\n\n<figure class=\"wp-block-table alignfull is-style-stripes\"><table><tbody><tr><td><strong>Habilidade:<\/strong><\/td><td>(EF09GE16-A) Identificar e comparar os diferentes biomas existentes nos pa\u00edses europeus, asi\u00e1ticos e da Oceania.<\/td><\/tr><tr><td><strong>Referencial Te\u00f3rico:&nbsp;<\/strong><\/td><td>ADAS, M; ADAS, S. Expedi\u00e7\u00f5es Geogr\u00e1ficas: 9\u00b0 ano. 3\u00b0 Edi\u00e7\u00e3o. S\u00e3o Paulo: Moderna, 2018.&nbsp;<br>________________. Expedi\u00e7\u00f5es Geogr\u00e1ficas: 6\u00b0 ano. 3\u00b0 Edi\u00e7\u00e3o. S\u00e3o Paulo: Moderna, 2018.&nbsp;<br>IBGE. <em>Atlas Geogr\u00e1fico Escolar<\/em>. 2\u00aa ed. Rio de Janeiro: IBGE, 2004. p.40.<br>____. <em>Atlas Geogr\u00e1fico Escolar<\/em>. 6\u00aa ed. Rio de Janeiro: IBGE, 2012. p.62.<\/td><\/tr><\/tbody><\/table><\/figure>\n\n\n\n<p><\/p>\n","protected":false},"author":52,"featured_media":153672,"template":"","ef_categoria":[],"ef_ano":[92],"ef_componente":[96],"class_list":["post-153669","ensino_fundamental","type-ensino_fundamental","status-publish","has-post-thumbnail","hentry","ef_ano-9o-ano","ef_componente-geografia","entry","has-media"],"acf":[],"_links":{"self":[{"href":"https:\/\/sme.goiania.go.gov.br\/conexaoescola\/wp-json\/wp\/v2\/ensino_fundamental\/153669","targetHints":{"allow":["GET"]}}],"collection":[{"href":"https:\/\/sme.goiania.go.gov.br\/conexaoescola\/wp-json\/wp\/v2\/ensino_fundamental"}],"about":[{"href":"https:\/\/sme.goiania.go.gov.br\/conexaoescola\/wp-json\/wp\/v2\/types\/ensino_fundamental"}],"author":[{"embeddable":true,"href":"https:\/\/sme.goiania.go.gov.br\/conexaoescola\/wp-json\/wp\/v2\/users\/52"}],"version-history":[{"count":1,"href":"https:\/\/sme.goiania.go.gov.br\/conexaoescola\/wp-json\/wp\/v2\/ensino_fundamental\/153669\/revisions"}],"predecessor-version":[{"id":186623,"href":"https:\/\/sme.goiania.go.gov.br\/conexaoescola\/wp-json\/wp\/v2\/ensino_fundamental\/153669\/revisions\/186623"}],"wp:featuredmedia":[{"embeddable":true,"href":"https:\/\/sme.goiania.go.gov.br\/conexaoescola\/wp-json\/wp\/v2\/media\/153672"}],"wp:attachment":[{"href":"https:\/\/sme.goiania.go.gov.br\/conexaoescola\/wp-json\/wp\/v2\/media?parent=153669"}],"wp:term":[{"taxonomy":"ef_categoria","embeddable":true,"href":"https:\/\/sme.goiania.go.gov.br\/conexaoescola\/wp-json\/wp\/v2\/ef_categoria?post=153669"},{"taxonomy":"ef_ano","embeddable":true,"href":"https:\/\/sme.goiania.go.gov.br\/conexaoescola\/wp-json\/wp\/v2\/ef_ano?post=153669"},{"taxonomy":"ef_componente","embeddable":true,"href":"https:\/\/sme.goiania.go.gov.br\/conexaoescola\/wp-json\/wp\/v2\/ef_componente?post=153669"}],"curies":[{"name":"wp","href":"https:\/\/api.w.org\/{rel}","templated":true}]}}