{"id":153626,"date":"2022-11-07T11:31:31","date_gmt":"2022-11-07T14:31:31","guid":{"rendered":"https:\/\/sme.goiania.go.gov.br\/conexaoescola\/?post_type=ensino_fundamental&#038;p=153626"},"modified":"2024-02-01T14:41:26","modified_gmt":"2024-02-01T17:41:26","slug":"arte-danca-videodanca-2","status":"publish","type":"ensino_fundamental","link":"https:\/\/sme.goiania.go.gov.br\/conexaoescola\/ensino_fundamental\/arte-danca-videodanca-2\/","title":{"rendered":"Arte\/Dan\u00e7a &#8211; Dan\u00e7a e Tecnologia"},"content":{"rendered":"\n<p class=\"has-text-align-center has-background has-medium-font-size\" style=\"background-color:#e9c258\">Esta proposta de atividade de <strong>ARTE\/DAN\u00c7A<\/strong> \u00e9 destinada aos estudantes do 7\u00ba ano do Ensino Fundamental.<\/p>\n\n\n\n<div class=\"wp-block-buttons is-content-justification-center is-layout-flex wp-container-core-buttons-is-layout-16018d1d wp-block-buttons-is-layout-flex\">\n<div class=\"wp-block-button\"><a class=\"wp-block-button__link wp-element-button\" href=\"https:\/\/drive.google.com\/uc?export=download&amp;id=1l-LE_2NPc4frOHOPMniXAZh4uI_AF4yW\" target=\"_blank\" rel=\"noreferrer noopener\">Baixe a atividade<\/a><\/div>\n\n\n\n<div class=\"wp-block-button\"><a class=\"wp-block-button__link wp-element-button\" href=\"https:\/\/drive.google.com\/uc?export=download&amp;id=1hhp-NeY-7Pk0xc5NeXxqW5rQzhH_X8c7\" target=\"_blank\" rel=\"noreferrer noopener\">Baixe os slides<\/a><\/div>\n\n\n\n<div class=\"wp-block-button\"><a class=\"wp-block-button__link wp-element-button\" href=\"https:\/\/drive.google.com\/uc?export=download&amp;id=1Gf_oDOM7Xl0k0U6OpTrpBhU5c7yTfBLO\" target=\"_blank\" rel=\"noreferrer noopener\">Baixe o texto<\/a><\/div>\n<\/div>\n\n\n\n<p class=\"has-text-align-center\"><\/p>\n\n\n<div class=\"wp-block-image\">\n<figure class=\"aligncenter size-full is-resized\"><img fetchpriority=\"high\" decoding=\"async\" src=\"https:\/\/sme.goiania.go.gov.br\/conexaoescola\/wp-content\/uploads\/2024\/02\/image-11.png\" alt=\"\" class=\"wp-image-176625\" width=\"416\" height=\"294\" srcset=\"https:\/\/sme.goiania.go.gov.br\/conexaoescola\/wp-content\/uploads\/2024\/02\/image-11.png 588w, https:\/\/sme.goiania.go.gov.br\/conexaoescola\/wp-content\/uploads\/2024\/02\/image-11-300x212.png 300w\" sizes=\"(max-width: 416px) 100vw, 416px\" \/><\/figure><\/div>\n\n\n<p class=\"has-text-align-center\" style=\"font-size:8px\">Dispon\u00edvel em <a href=\"https:\/\/pixabay.com\/pt\/illustrations\/bal%C3%A9-dan%C3%A7arinos-mulher-silhuetas-359982\/\">https:\/\/pixabay.com\/pt\/illustrations\/bal%C3%A9-dan%C3%A7arinos-mulher-silhuetas-359982\/<\/a> Acesso em 01, jan. 2023.<\/p>\n\n\n\n<p class=\"has-text-align-center has-medium-font-size\"><strong>Dan\u00e7a e Tecnologia<\/strong><\/p>\n\n\n\n<p class=\"has-medium-font-size\">A dan\u00e7a e a tecnologia s\u00e3o duas express\u00f5es art\u00edsticas que, \u00e0 primeira vista, podem parecer distantes, mas t\u00eam se entrela\u00e7ado de maneiras fascinantes ao longo do tempo. Ambas desempenham pap\u00e9is cruciais na evolu\u00e7\u00e3o cultural e art\u00edstica da sociedade, e sua converg\u00eancia oferece novas perspectivas e possibilidades criativas.<\/p>\n\n\n\n<p class=\"has-medium-font-size\">A dan\u00e7a, como forma de express\u00e3o corporal, tem ra\u00edzes na hist\u00f3ria, conectando-se com rituais, celebra\u00e7\u00f5es e narrativas culturais. Por outro lado, a tecnologia, especialmente nas \u00faltimas d\u00e9cadas, tem revolucionado a forma como nos comunicamos, compartilhamos experi\u00eancias e expressamos nossa criatividade.<\/p>\n\n\n<div class=\"wp-block-image\">\n<figure class=\"aligncenter size-full is-resized\"><img decoding=\"async\" src=\"https:\/\/sme.goiania.go.gov.br\/conexaoescola\/wp-content\/uploads\/2024\/02\/image-12.png\" alt=\"\" class=\"wp-image-176631\" width=\"302\" height=\"375\" srcset=\"https:\/\/sme.goiania.go.gov.br\/conexaoescola\/wp-content\/uploads\/2024\/02\/image-12.png 470w, https:\/\/sme.goiania.go.gov.br\/conexaoescola\/wp-content\/uploads\/2024\/02\/image-12-241x300.png 241w\" sizes=\"(max-width: 302px) 100vw, 302px\" \/><\/figure><\/div>\n\n\n<p class=\"has-text-align-center has-small-font-size\">Dispon\u00edvel em <a href=\"https:\/\/pxhere.com\/pt\/photo\/1624019%20Acesso%20em%2001\">https:\/\/pxhere.com\/pt\/photo\/1624019 Acesso em 01<\/a>, jan. 2023.<\/p>\n\n\n\n<p class=\"has-medium-font-size\">Plataformas online e redes sociais tem sido possibilidades acess\u00edveis para ampliar a visibilidade da dan\u00e7a e dos dan\u00e7arinos, permitindo que compartilhem suas cria\u00e7\u00f5es com pessoas de diferentes partes do mundo.<\/p>\n\n\n\n<p class=\"has-medium-font-size\">Al\u00e9m disso, a tecnologia tem desempenhado um papel crucial na cria\u00e7\u00e3o de novas formas de dan\u00e7a. Core\u00f3grafos e artistas t\u00eam explorado inova\u00e7\u00f5es como a realidade virtual, sensores de movimento e proje\u00e7\u00f5es interativas para expandir as possibilidades expressivas da dan\u00e7a. A realidade aumentada, por exemplo, pode transformar o espa\u00e7o ao redor do dan\u00e7arino, criando mundos virtuais que se fundem com o movimento do corpo, proporcionando experi\u00eancias imersivas e sensoriais.<\/p>\n\n\n<div class=\"wp-block-image\">\n<figure class=\"aligncenter size-full is-resized\"><img decoding=\"async\" src=\"https:\/\/sme.goiania.go.gov.br\/conexaoescola\/wp-content\/uploads\/2024\/02\/image-13.png\" alt=\"\" class=\"wp-image-176632\" width=\"466\" height=\"310\" srcset=\"https:\/\/sme.goiania.go.gov.br\/conexaoescola\/wp-content\/uploads\/2024\/02\/image-13.png 692w, https:\/\/sme.goiania.go.gov.br\/conexaoescola\/wp-content\/uploads\/2024\/02\/image-13-300x200.png 300w\" sizes=\"(max-width: 466px) 100vw, 466px\" \/><\/figure><\/div>\n\n\n<p class=\"has-text-align-center has-small-font-size\">Dispon\u00edvel em <a href=\"https:\/\/pixabay.com\/pt\/photos\/facilidade-saldo-f%C3%A1cil-pot%C3%AAncia-3134828\/\">https:\/\/pixabay.com\/pt\/photos\/facilidade-saldo-f%C3%A1cil-pot%C3%AAncia-3134828\/<\/a> Acesso em 01, jan. 2023.<\/p>\n\n\n\n<p class=\"has-medium-font-size\">Os avan\u00e7os na tecnologia t\u00eam ainda impactado de forma positiva o mundo da dan\u00e7a, pois contribui com efeitos visuais, sonoros, audiovisuais e de ilumina\u00e7\u00e3o. Coreografias podem ser aprimoradas com proje\u00e7\u00f5es mapeadas, jogos de luzes e holografia, proporcionando ao p\u00fablico, narrativas visuais e sensoriais de forma din\u00e2mica e at\u00e9 mesmo interativa.<\/p>\n\n\n<div class=\"wp-block-image\">\n<figure class=\"aligncenter size-full is-resized\"><img loading=\"lazy\" decoding=\"async\" src=\"https:\/\/sme.goiania.go.gov.br\/conexaoescola\/wp-content\/uploads\/2024\/02\/image-14.png\" alt=\"\" class=\"wp-image-176633\" width=\"504\" height=\"338\" srcset=\"https:\/\/sme.goiania.go.gov.br\/conexaoescola\/wp-content\/uploads\/2024\/02\/image-14.png 739w, https:\/\/sme.goiania.go.gov.br\/conexaoescola\/wp-content\/uploads\/2024\/02\/image-14-300x201.png 300w\" sizes=\"(max-width: 504px) 100vw, 504px\" \/><\/figure><\/div>\n\n\n<p class=\"has-text-align-center has-small-font-size\">Dispon\u00edvel em <a href=\"https:\/\/www.flickr.com\/photos\/leandroneumann\/5841081192%20Acesso%20em%2031\">https:\/\/www.flickr.com\/photos\/leandroneumann\/5841081192 Acesso em 31<\/a>, jan. 2023.<\/p>\n\n\n\n<p class=\"has-medium-font-size\">Assim, a rela\u00e7\u00e3o entre dan\u00e7a e tecnologia desafia as fronteiras criativas, onde a tradi\u00e7\u00e3o encontra a inova\u00e7\u00e3o, e o movimento do corpo se encontra com as possibilidades art\u00edsticas e tecnol\u00f3gicas, aprimorando os modos de ver e sentir a dan\u00e7a, de forma cr\u00edtica, participativa e interativa.<\/p>\n\n\n\n<p class=\"has-black-color has-text-color has-background has-medium-font-size\" style=\"background-color:#e9c258\"><strong>QUEST\u00c3O 1<\/strong><\/p>\n\n\n\n<p class=\"has-medium-font-size\">A dan\u00e7a e a tecnologia s\u00e3o duas express\u00f5es art\u00edsticas que, \u00e0 primeira vista, podem parecer distantes, mas t\u00eam se entrela\u00e7ado de maneiras fascinantes ao longo do tempo. Ambas desempenham pap\u00e9is cruciais na evolu\u00e7\u00e3o cultural e art\u00edstica da sociedade. Como a tecnologia tem impactado positivamente o mundo da dan\u00e7a?<\/p>\n\n\n\n<p class=\"has-medium-font-size\">(A) Substituindo a express\u00e3o humana na dan\u00e7a.<\/p>\n\n\n\n<p class=\"has-medium-font-size\">(B) Contribuindo com efeitos visuais, sonoros e ilumina\u00e7\u00e3o.<\/p>\n\n\n\n<p class=\"has-medium-font-size\">(C) Reduzindo a visibilidade da dan\u00e7a e dos dan\u00e7arinos.<\/p>\n\n\n\n<p class=\"has-medium-font-size\">(D) Limitando as possibilidades expressivas da dan\u00e7a.<\/p>\n\n\n\n<p class=\"has-black-color has-text-color has-background has-medium-font-size\" style=\"background-color:#e9c258\"><strong>QUEST\u00c3O 2<\/strong><\/p>\n\n\n\n<p class=\"has-medium-font-size\">Plataformas online e redes sociais tem sido possibilidades acess\u00edveis para ampliar a visibilidade da dan\u00e7a e dos dan\u00e7arinos. Nesse contexto, qual \u00e9 a principal contribui\u00e7\u00e3o das plataformas online e redes sociais para a dan\u00e7a?<\/p>\n\n\n\n<p class=\"has-medium-font-size\">(A) Restringindo a visibilidade da dan\u00e7a.<\/p>\n\n\n\n<p class=\"has-medium-font-size\">(B) Criando barreiras para a divulga\u00e7\u00e3o global das cria\u00e7\u00f5es dos dan\u00e7arinos.<\/p>\n\n\n\n<p class=\"has-medium-font-size\">(C) Ampliando a visibilidade da dan\u00e7a e dos dan\u00e7arinos globalmente.<\/p>\n\n\n\n<p class=\"has-medium-font-size\"> (D) Diminuindo a acessibilidade das performances de dan\u00e7a.<\/p>\n\n\n\n<p class=\"has-black-color has-text-color has-background has-medium-font-size\" style=\"background-color:#e9c258\"><strong>QUEST\u00c3O 3<\/strong><\/p>\n\n\n\n<p class=\"has-medium-font-size\">Como as inova\u00e7\u00f5es tecnol\u00f3gicas t\u00eam sido exploradas na cria\u00e7\u00e3o de novas formas de dan\u00e7a?<\/p>\n\n\n\n<p class=\"has-black-color has-text-color has-background has-medium-font-size\" style=\"background-color:#e9c258\"><strong>QUEST\u00c3O 4<\/strong><\/p>\n\n\n\n<p class=\"has-medium-font-size\">Qual \u00e9 o resultado da converg\u00eancia entre dan\u00e7a e tecnologia no modo de ver e sentir a dan\u00e7a?<\/p>\n\n\n\n<figure class=\"wp-block-table is-style-stripes\"><table><tbody><tr><td><strong>Autoria<\/strong><\/td><td>Veruska Bettiol<\/td><\/tr><tr><td><strong>Forma\u00e7\u00e3o<\/strong><\/td><td>Arte<\/td><\/tr><tr><td><strong>Componente Curricular<\/strong><\/td><td>Arte\/Dan\u00e7a<\/td><\/tr><tr><td><strong>Habilidade<\/strong><\/td><td>(GO-EF07AR07\u2013B) Identificar e distinguir situa\u00e7\u00f5es nas quais a dan\u00e7a se relaciona com performance, teatro, videodan\u00e7a, tecnologias de informa\u00e7\u00e3o e comunica\u00e7\u00e3o, anima\u00e7\u00e3o, cinema, musicais.<\/td><\/tr><tr><td><strong>Refer\u00eancias<\/strong><\/td><td><strong>CALDAS<\/strong>, Paulo, BRUM, Leonel (orgs.). Videodan\u00e7a. Rio de Janeiro: Oi Futuro, 2007. (Dan\u00e7a em foco, vol. 2).<br><strong>MACHADO<\/strong>, Arlindo (Org.). Made in Brazil: tr\u00eas d\u00e9cadas de v\u00eddeo no Brasil. Ita\u00fa Cultural: Editora Iluminuras, 2003.<br><strong>MIRANDA<\/strong>, Regina. Dan\u00e7a e tecnologia. In: PEREIRA, Roberto; SOTER, Silvia. Li\u00e7\u00f5es de dan\u00e7a 2. Rio de Janeiro: UniverCidade, 2000.<br><strong>VIDEODAN\u00c7A<\/strong>. In: ENCICLOP\u00c9DIA Ita\u00fa Cultural de Arte e Cultura.<\/td><\/tr><\/tbody><\/table><\/figure>\n","protected":false},"author":62,"featured_media":176634,"template":"","ef_categoria":[15,27],"ef_ano":[90],"ef_componente":[99],"class_list":["post-153626","ensino_fundamental","type-ensino_fundamental","status-publish","has-post-thumbnail","hentry","ef_categoria-ciclo-da-adolescencia-fg","ef_categoria-corpo-e-movimento-ciclo-da-adolescencia-fg","ef_ano-7o-ano","ef_componente-arte-ef","entry","has-media"],"acf":[],"_links":{"self":[{"href":"https:\/\/sme.goiania.go.gov.br\/conexaoescola\/wp-json\/wp\/v2\/ensino_fundamental\/153626","targetHints":{"allow":["GET"]}}],"collection":[{"href":"https:\/\/sme.goiania.go.gov.br\/conexaoescola\/wp-json\/wp\/v2\/ensino_fundamental"}],"about":[{"href":"https:\/\/sme.goiania.go.gov.br\/conexaoescola\/wp-json\/wp\/v2\/types\/ensino_fundamental"}],"author":[{"embeddable":true,"href":"https:\/\/sme.goiania.go.gov.br\/conexaoescola\/wp-json\/wp\/v2\/users\/62"}],"version-history":[{"count":1,"href":"https:\/\/sme.goiania.go.gov.br\/conexaoescola\/wp-json\/wp\/v2\/ensino_fundamental\/153626\/revisions"}],"predecessor-version":[{"id":176636,"href":"https:\/\/sme.goiania.go.gov.br\/conexaoescola\/wp-json\/wp\/v2\/ensino_fundamental\/153626\/revisions\/176636"}],"wp:featuredmedia":[{"embeddable":true,"href":"https:\/\/sme.goiania.go.gov.br\/conexaoescola\/wp-json\/wp\/v2\/media\/176634"}],"wp:attachment":[{"href":"https:\/\/sme.goiania.go.gov.br\/conexaoescola\/wp-json\/wp\/v2\/media?parent=153626"}],"wp:term":[{"taxonomy":"ef_categoria","embeddable":true,"href":"https:\/\/sme.goiania.go.gov.br\/conexaoescola\/wp-json\/wp\/v2\/ef_categoria?post=153626"},{"taxonomy":"ef_ano","embeddable":true,"href":"https:\/\/sme.goiania.go.gov.br\/conexaoescola\/wp-json\/wp\/v2\/ef_ano?post=153626"},{"taxonomy":"ef_componente","embeddable":true,"href":"https:\/\/sme.goiania.go.gov.br\/conexaoescola\/wp-json\/wp\/v2\/ef_componente?post=153626"}],"curies":[{"name":"wp","href":"https:\/\/api.w.org\/{rel}","templated":true}]}}