{"id":153375,"date":"2022-11-03T08:18:14","date_gmt":"2022-11-03T11:18:14","guid":{"rendered":"https:\/\/sme.goiania.go.gov.br\/conexaoescola\/?post_type=ensino_fundamental&#038;p=153375"},"modified":"2024-02-22T09:57:04","modified_gmt":"2024-02-22T12:57:04","slug":"geografia-minha-casa-meu-lar-meu-quarto","status":"publish","type":"ensino_fundamental","link":"https:\/\/sme.goiania.go.gov.br\/conexaoescola\/ensino_fundamental\/geografia-minha-casa-meu-lar-meu-quarto\/","title":{"rendered":"GEOGRAFIA &#8211; MINHA CASA, MEU LAR"},"content":{"rendered":"\n<p class=\"has-text-align-center has-background has-medium-font-size\" style=\"background-color:#f1f2ec\"> ESTA PROPOSTA DE ATIVIDADE DE&nbsp;<strong>GEOGRAFIA<\/strong>&nbsp;\u00c9 DESTINADA AOS ESTUDANTES DO&nbsp;<strong>1\u00ba ANO DOS ANOS INICIAIS DO ENSINO FUNDAMENTAL<\/strong>.<\/p>\n\n\n\n<div class=\"wp-block-buttons is-content-justification-center is-layout-flex wp-container-core-buttons-is-layout-16018d1d wp-block-buttons-is-layout-flex\">\n<div class=\"wp-block-button has-custom-font-size has-medium-font-size\"><a class=\"wp-block-button__link wp-element-button\" href=\"https:\/\/docs.google.com\/document\/d\/1l6idC-or-HI8v8qgORTgq5RGoBV7pVwk\/copy\" target=\"_blank\" rel=\"noreferrer noopener\">BAIXE A ATIVIDADE<\/a><\/div>\n\n\n\n<div class=\"wp-block-button has-custom-font-size has-medium-font-size\"><a class=\"wp-block-button__link wp-element-button\" href=\"https:\/\/docs.google.com\/presentation\/d\/1RNBuEjo3XMYkgcdyZpHijum0kwi7sQpp\/copy\" target=\"_blank\" rel=\"noreferrer noopener\">BAIXE OS SLIDES<\/a><\/div>\n<\/div>\n\n\n\n<p class=\"has-text-align-center has-medium-font-size\"><img decoding=\"async\" width=\"865px;\" height=\"487px;\" src=\"https:\/\/lh6.googleusercontent.com\/0l1HjB3tRRZF2huONuicmFUpXoVCLyAF3wnS5gk5AZwd8qkRhg6Z2QFpBIsFZdMNoHZiZc0N9E-6e2ODV0JuFonfsrzS6e3kTBFwi5T6i1K-h9RsXSVuVrp7nBXbGBjEhawhii3clTO8kqVwwzZfYSceigNsqEZM7n0D_SqLqHUnMi9mx0gVMKTWcJuMiU6eT4k=s2048\"><\/p>\n\n\n\n<p class=\"has-text-align-center has-background has-medium-font-size\" style=\"background-color:#faf0e9\">AS PRIMEIRAS <strong>MORADIAS<\/strong> FORAM CAVERNAS E GRUTAS QUE NADA MAIS S\u00c3O DO QUE GRANDES BURACOS NAS ROCHAS.&nbsp;<\/p>\n\n\n\n<p class=\"has-text-align-center has-background has-medium-font-size\" style=\"background-color:#f3f8f6\">OS ANIMAIS J\u00c1 UTILIZAVAM ESSES ESPA\u00c7OS PARA SE PROTEGER DE AMEA\u00c7AS DE OUTROS ANIMAIS MAIORES OU MESMO DO FRIO E DA CHUVA.<\/p>\n\n\n\n<p class=\"has-text-align-center has-background has-medium-font-size\" style=\"background-color:#eef5f9\">OS HOMENS PR\u00c9-HIST\u00d3RICOS N\u00c3O TINHAM CASA PARA MORAR. DESCOBRIRAM ENT\u00c3O QUE AS CAVERNAS E GRUTAS PODIAM ABRIG\u00c1-LOS DA CHUVA, DO FRIO, DO SOL, BEM COMO DOS ANIMAIS PERIGOSOS.&nbsp;<\/p>\n\n\n\n<p class=\"has-text-align-center has-background has-medium-font-size\" style=\"background-color:#f9f5fb\">\u00c0 MEDIDA QUE O TEMPO FOI PASSANDO, OS HOMENS MELHORARAM SUAS CAVERNAS, PASSARAM A CONSTRUIR ABRIGOS COM OUTROS MATERIAIS, POIS APRENDEREM A LIDAR E A APROVEITAR MELHOR OS RECURSOS DA NATUREZA, COMO AS PEDRAS, OS OSSOS, OS GALHOS, AS FOLHAS DAS \u00c1RVORES E AS PALHAS.&nbsp;<\/p>\n\n\n\n<p class=\"has-text-align-center has-background has-medium-font-size\" style=\"background-color:#fff5f5\">MAIS ADIANTE ESSES HOMENS DESCOBRIRAM QUE, AL\u00c9M DESSES RECURSOS, PODIAM UTILIZAR O BARRO PARA CONSTRUIR SEUS ABRIGOS E, A PARTIR DESSA IDEIA, O HOMEM MODERNO P\u00d4DE CONSTRUIR TELHAS E TIJOLOS QUE S\u00c3O UTILIZADOS NAS NOSSAS CASAS.<\/p>\n\n\n\n<p class=\"has-text-align-center has-background has-medium-font-size\" style=\"background-color:#f0f3f4\">CHAMAMOS DE CASA O LOCAL ONDE AS PESSOAS MORAM SOZINHAS, COM SEUS FAMILIARES OU OUTRAS PESSOAS. ELA TAMB\u00c9M PODE SER CHAMADA DE LAR. <\/p>\n\n\n\n<p class=\"has-text-align-center has-background has-medium-font-size\" style=\"background-color:#f0f3f4\">\u00c9 MUITO IMPORTANTE TER UMA CASA PARA MORAR E TODOS N\u00d3S PRECISAMOS, POIS \u00c9 O LUGAR ONDE DESCANSAMOS, COMEMOS, GUARDAMOS NOSSAS COISAS, NOS PROTEGEMOS DO SOL E DA CHUVA.<\/p>\n\n\n\n<p class=\"has-text-align-center has-background has-medium-font-size\" style=\"background-color:#f6eef0\">CADA POVO CONSTR\u00d3I SEU TIPO DE MORADIA DE ACORDO COM SUA NECESSIDADE E O AMBIENTE EM QUE VIVE.<\/p>\n\n\n\n<hr class=\"wp-block-separator has-css-opacity\"\/>\n\n\n\n<p class=\"has-text-align-center has-background has-medium-font-size\" style=\"background-color:#e7f4e9\"><strong>VAMOS FAZER AS ATIVIDADES?<\/strong><\/p>\n\n\n\n<p class=\"has-background has-medium-font-size\" style=\"background-color:#ecf3f5\"><strong>QUEST\u00c3O 1<\/strong><\/p>\n\n\n\n<p class=\"has-medium-font-size\">VAMOS FAZER UMA PLANTA BAIXA DO SEU QUARTO?<\/p>\n\n\n\n<p class=\"has-background has-medium-font-size\" style=\"background-color:#ebf0f2\"><strong>QUEST\u00c3O 2 <\/strong><\/p>\n\n\n\n<p class=\"has-medium-font-size\">VAMOS MONTAR ESSA CASA? VOC\u00ca PODE PINT\u00c1-LA DAS CORES QUE QUISER.<\/p>\n\n\n<div class=\"wp-block-image\">\n<figure class=\"aligncenter is-resized\"><img fetchpriority=\"high\" decoding=\"async\" src=\"https:\/\/lh4.googleusercontent.com\/wdkw81UYoq35-GN271d8JZ7vMPNXBYNLiuqvFO0-YUbV_ZFbDqzuWcTcT5ocVZceWKNxUksEI33Z2UkIVgw7VPtxKp-HWhfOHGxU1HqUcBFdDz-iSWEizKWlfo6R_812xsRSJKxnjCICselI4rOJg0SItWwphI-FEjfcYCl5mxKPfHmfyxgUSpQniw2_8A\" alt=\"\" width=\"497\" height=\"690\"\/><\/figure><\/div>\n\n\n<p class=\"has-background has-medium-font-size\" style=\"background-color:#edf1f4\"><strong>QUEST\u00c3O 3<\/strong><\/p>\n\n\n\n<p class=\"has-medium-font-size\">QUE TAL PINTAR O QUARTO DE VAN GOGH? DEPOIS, ESCREVA OS NOMES DOS OBJETOS QUE VOC\u00ca ENCONTROU NO QUARTO<\/p>\n\n\n<div class=\"wp-block-image\">\n<figure class=\"aligncenter\"><img decoding=\"async\" src=\"https:\/\/lh5.googleusercontent.com\/ejlTS4Q0KvpE2om2fiROVzxEKGy0CgH5Hu7Ycc5RbzDu5OD-i6MOvNP5bBSGOlMOn5YvhFVGde_KWH5RhVDKB-2d5uWa8-DA0yTNNwizmVT5D6a6pgfIpUwnJ_IxZwAA-wPWp1Rf7vC9Pc6WLEfevuYD_ZtVm8T-jZiGitc62S6t2a-iYizzhS9efQqT7w\" alt=\"\"\/><\/figure><\/div>\n\n\n<hr class=\"wp-block-separator has-css-opacity\"\/>\n\n\n\n<figure class=\"wp-block-table is-style-stripes\"><table><tbody><tr><td><strong>Autoria:<\/strong><\/td><td>Maria da Luz Santos Ramos<\/td><\/tr><tr><td><strong>Forma\u00e7\u00e3o:<\/strong><\/td><td>Professora Pedagoga, Doutora em Educa\u00e7\u00e3o<\/td><\/tr><tr><td><strong>Componente Curricular:<\/strong><\/td><td>GEOGRAFIA<\/td><\/tr><tr><td><strong>Habilidade:<\/strong><\/td><td>(EF01GE01-A) identificar-se e reconhecer-se como um sujeito no seu cotidiano e integrante de um espa\u00e7o vivenciado.<\/td><\/tr><tr><td><strong>Refer\u00eancias:<\/strong><\/td><td>GOI\u00c1S, Governo do Estado de. Secret\u00e1ria de Estado de Educa\u00e7\u00e3o \u2013 Seduc\/Consed. Documento Curricular para Goi\u00e1s \u2013 Ampliado: Volume II Ensino Fundamental Anos Iniciais.<br><strong>Imagens de:<\/strong><br>canva.com<br>br.pinterest.com\/<\/td><\/tr><\/tbody><\/table><\/figure>\n\n\n\n<hr class=\"wp-block-separator has-css-opacity\"\/>\n\n\n\n<hr class=\"wp-block-separator has-css-opacity\"\/>\n","protected":false},"author":39,"featured_media":157003,"template":"","ef_categoria":[28,30],"ef_ano":[84],"ef_componente":[96],"class_list":["post-153375","ensino_fundamental","type-ensino_fundamental","status-publish","has-post-thumbnail","hentry","ef_categoria-educacao-ambiental-e-saude-ciclo-da-adolescencia-fg","ef_categoria-etica-e-cidadania-ciclo-da-adolescencia-fg","ef_ano-1o-ano","ef_componente-geografia","entry","has-media"],"acf":[],"_links":{"self":[{"href":"https:\/\/sme.goiania.go.gov.br\/conexaoescola\/wp-json\/wp\/v2\/ensino_fundamental\/153375","targetHints":{"allow":["GET"]}}],"collection":[{"href":"https:\/\/sme.goiania.go.gov.br\/conexaoescola\/wp-json\/wp\/v2\/ensino_fundamental"}],"about":[{"href":"https:\/\/sme.goiania.go.gov.br\/conexaoescola\/wp-json\/wp\/v2\/types\/ensino_fundamental"}],"author":[{"embeddable":true,"href":"https:\/\/sme.goiania.go.gov.br\/conexaoescola\/wp-json\/wp\/v2\/users\/39"}],"version-history":[{"count":6,"href":"https:\/\/sme.goiania.go.gov.br\/conexaoescola\/wp-json\/wp\/v2\/ensino_fundamental\/153375\/revisions"}],"predecessor-version":[{"id":177514,"href":"https:\/\/sme.goiania.go.gov.br\/conexaoescola\/wp-json\/wp\/v2\/ensino_fundamental\/153375\/revisions\/177514"}],"wp:featuredmedia":[{"embeddable":true,"href":"https:\/\/sme.goiania.go.gov.br\/conexaoescola\/wp-json\/wp\/v2\/media\/157003"}],"wp:attachment":[{"href":"https:\/\/sme.goiania.go.gov.br\/conexaoescola\/wp-json\/wp\/v2\/media?parent=153375"}],"wp:term":[{"taxonomy":"ef_categoria","embeddable":true,"href":"https:\/\/sme.goiania.go.gov.br\/conexaoescola\/wp-json\/wp\/v2\/ef_categoria?post=153375"},{"taxonomy":"ef_ano","embeddable":true,"href":"https:\/\/sme.goiania.go.gov.br\/conexaoescola\/wp-json\/wp\/v2\/ef_ano?post=153375"},{"taxonomy":"ef_componente","embeddable":true,"href":"https:\/\/sme.goiania.go.gov.br\/conexaoescola\/wp-json\/wp\/v2\/ef_componente?post=153375"}],"curies":[{"name":"wp","href":"https:\/\/api.w.org\/{rel}","templated":true}]}}