{"id":153035,"date":"2022-10-28T04:55:00","date_gmt":"2022-10-28T07:55:00","guid":{"rendered":"https:\/\/sme.goiania.go.gov.br\/conexaoescola\/?post_type=ensino_fundamental&#038;p=153035"},"modified":"2024-08-23T09:30:02","modified_gmt":"2024-08-23T12:30:02","slug":"geo-ropa-e-asiamas","status":"publish","type":"ensino_fundamental","link":"https:\/\/sme.goiania.go.gov.br\/conexaoescola\/ensino_fundamental\/geo-ropa-e-asiamas\/","title":{"rendered":"Geografia &#8211; Europa e \u00c1sia: Biomas (Tundra e Taiga)"},"content":{"rendered":"\n<p class=\"has-black-color has-text-color has-background has-medium-font-size\" style=\"background-color:#ffcccc\">Esta proposta de atividade de <strong>GEOGRAFIA<\/strong> \u00e9 destinada aos estudantes do <strong>9\u00b0 Ano<\/strong> do Ensino Fundamental Anos Finais.<\/p>\n\n\n\n<div class=\"wp-block-buttons has-custom-font-size has-medium-font-size is-content-justification-center is-layout-flex wp-container-core-buttons-is-layout-16018d1d wp-block-buttons-is-layout-flex\">\n<div class=\"wp-block-button has-custom-font-size has-medium-font-size\"><a class=\"wp-block-button__link has-white-color has-black-background-color has-text-color has-background has-link-color wp-element-button\" href=\"https:\/\/drive.google.com\/uc?export=download&amp;id=1rL-pl21VHrbU1YIt9FAy5GtrXWcQ54Bq\" target=\"_blank\" rel=\"noreferrer noopener\"><strong>BAIXE A ATIVIDADE<\/strong><\/a><\/div>\n\n\n\n<div class=\"wp-block-button has-custom-font-size has-medium-font-size\"><a class=\"wp-block-button__link has-white-color has-black-background-color has-text-color has-background has-link-color wp-element-button\" href=\"https:\/\/drive.google.com\/uc?export=download&amp;id=1Fbm8vdS-5xWxDPsoDpz0w2njNI01XM2k\" target=\"_blank\" rel=\"noreferrer noopener\"><strong>BAIXE OS SLIDES<\/strong><\/a><\/div>\n\n\n\n<div class=\"wp-block-button has-custom-font-size has-medium-font-size\"><a class=\"wp-block-button__link has-white-color has-black-background-color has-text-color has-background has-link-color wp-element-button\" href=\"https:\/\/drive.google.com\/uc?export=download&amp;id=1FTZj9SXrH83Q2vc9cHqnejdMG6yCDM7U\" target=\"_blank\" rel=\"noreferrer noopener\"><strong>BAIXE O TEXTO<\/strong><\/a><\/div>\n<\/div>\n\n\n\n<p><\/p>\n\n\n<div class=\"wp-block-image is-resized is-style-rounded\">\n<figure class=\"aligncenter size-large\"><img fetchpriority=\"high\" decoding=\"async\" width=\"1024\" height=\"683\" src=\"https:\/\/sme.goiania.go.gov.br\/conexaoescola\/wp-content\/uploads\/2022\/10\/waterfall-ga5c9bdd7c_1920-e1666792975251-1024x683.jpg\" alt=\"\" class=\"wp-image-153037\" srcset=\"https:\/\/sme.goiania.go.gov.br\/conexaoescola\/wp-content\/uploads\/2022\/10\/waterfall-ga5c9bdd7c_1920-e1666792975251-1024x683.jpg 1024w, https:\/\/sme.goiania.go.gov.br\/conexaoescola\/wp-content\/uploads\/2022\/10\/waterfall-ga5c9bdd7c_1920-e1666792975251-300x200.jpg 300w, https:\/\/sme.goiania.go.gov.br\/conexaoescola\/wp-content\/uploads\/2022\/10\/waterfall-ga5c9bdd7c_1920-e1666792975251-768x512.jpg 768w, https:\/\/sme.goiania.go.gov.br\/conexaoescola\/wp-content\/uploads\/2022\/10\/waterfall-ga5c9bdd7c_1920-e1666792975251-1536x1024.jpg 1536w, https:\/\/sme.goiania.go.gov.br\/conexaoescola\/wp-content\/uploads\/2022\/10\/waterfall-ga5c9bdd7c_1920-e1666792975251.jpg 1920w\" sizes=\"(max-width: 1024px) 100vw, 1024px\" \/><figcaption class=\"wp-element-caption\">Bioma \u2013 Fonte: <a href=\"https:\/\/pixabay.com\/pt\/photos\/cachoeira-rio-montanhas-arvores-5838582\/\">https:\/\/pixabay.com\/pt\/photos\/cachoeira-rio-montanhas-arvores-5838582\/<\/a><\/figcaption><\/figure><\/div>\n\n\n<p class=\"has-text-align-center has-white-color has-text-color has-background has-link-color has-medium-font-size wp-elements-7b5584f15a0179c391d4995d6da1175b\" style=\"background-color:#003f20\"><strong>&nbsp;Europa e \u00c1sia: Biomas<\/strong><\/p>\n\n\n\n<p class=\"has-black-color has-text-color has-link-color has-medium-font-size wp-elements-2dfcd7ac8486fe17c73764c566b85dc7\">Os biomas s\u00e3o caracterizados pela diversidade pr\u00f3pria de fauna e flora. S\u00e3o o resultado do agrupamento de tipos de vegeta\u00e7\u00e3o, condi\u00e7\u00f5es geol\u00f3gicas e clima semelhante que, historicamente, sofrem os mesmos processos de forma\u00e7\u00e3o da paisagem, sendo compreendido como um conjunto de vida vegetal e animal.<\/p>\n\n\n\n<p class=\"has-black-color has-text-color has-link-color has-medium-font-size wp-elements-f9b408ce6397d6784ba3293089408df8\">Pensando nos diversos biomas que ocorrem no vasto territ\u00f3rio que compreende a Europa e \u00c1sia,&nbsp; vamos nos atentar a discutir a Taiga, tamb\u00e9m conhecida por Florestas Con\u00edferas, e a Tundra. S\u00e3o biomas que ocorrem no hemisf\u00e9rio norte, carregam caracter\u00edsticas pr\u00f3prias que marcam as paisagens das \u00e1reas de ocorr\u00eancia.&nbsp;<\/p>\n\n\n\n<p class=\"has-black-color has-text-color has-link-color has-medium-font-size wp-elements-03dfc8f221c816159df1132f95ce46e8\">A Tundra, ocorre predominantemente nas regi\u00f5es polares, n\u00e3o encontramos \u00e1rvores e a vegeta\u00e7\u00e3o desse bioma \u00e9 formada por plantas pequenas, por musgos e l\u00edquens. Ap\u00f3s o degelo podemos contemplar a beleza do florescer dessa vegeta\u00e7\u00e3o.<\/p>\n\n\n\n<p class=\"has-black-color has-text-color has-link-color has-medium-font-size wp-elements-1d4dc7820867b69451167c605631571a\">As Florestas Con\u00edferas, que tamb\u00e9m podem ser chamadas de Taiga, s\u00e3o formadas principalmente por \u00e1rvores con\u00edferas e pinheiro, sua \u00e1rea de ocorr\u00eancia est\u00e1 centrada em regi\u00f5es de clima temperado e polar.&nbsp;&nbsp;<\/p>\n\n\n\n<p class=\"has-black-color has-text-color has-link-color has-medium-font-size wp-elements-19d8dfa5b5b968d446a4793efe72b8b9\">As folhas dessa vegeta\u00e7\u00e3o apresentam formato de agulha e s\u00e3o cobertas por uma camada fina de cera, com objetivo de proteger das baixas temperaturas vivenciadas. O formato das \u00e1rvores, em cone, e das folhas em agulhas auxiliam para que a neve depositada nas folhas escorram e n\u00e3o pesem os galhos.<\/p>\n\n\n\n<p class=\"has-white-color has-text-color has-background has-medium-font-size\" style=\"background-color:#003f20\"><strong>Quest\u00e3o 01<\/strong><\/p>\n\n\n\n<p class=\"has-black-color has-text-color has-medium-font-size\">Neste bioma o formato das \u00e1rvores, auxilia para que a neve escorra e n\u00e3o fique depositada em suas folhas que apresentam formato de agulhas e s\u00e3o cobertas com uma fina camada de cera que serve como prote\u00e7\u00e3o \u00e0s baixas temperaturas. A imagem e o enunciado da quest\u00e3o fazem refer\u00eancia a<\/p>\n\n\n<div class=\"wp-block-image is-resized\">\n<figure class=\"aligncenter\"><img decoding=\"async\" src=\"https:\/\/lh3.googleusercontent.com\/WzvkeWVXJVBZfZBsTFVBK8_WIwNhZ-zkieGZPbkeCpe1X2RKUforTTFS9isCODOZ8OQ85h4D16gRpGlmYemx4mDdChp3AtL6t8chANupIxGAD7Kw9L96XtgBn9_yFfOTtoUzArO-XTk5EDsnZVoY5HCv4fodGwvGYCHko0bgEmpHW-LAqK9RijE5sg\" alt=\"\"\/><figcaption class=\"wp-element-caption\"> Floresta boreal &#8211; <strong>Fonte: <\/strong>https:\/\/www.flickr.com\/photos\/gridarendal\/31711670890 <\/figcaption><\/figure><\/div>\n\n\n<p class=\"has-black-color has-text-color has-link-color has-medium-font-size wp-elements-f9b5a459584a50d86992e7ab6a276350\">(A) Taiga.<\/p>\n\n\n\n<p class=\"has-black-color has-text-color has-link-color has-medium-font-size wp-elements-7872db30623ba883cffe4ebe2e329bd8\">(B) Floresta tropical.<\/p>\n\n\n\n<p class=\"has-black-color has-text-color has-link-color has-medium-font-size wp-elements-fc3baa10cdb948307c87c14a4342d176\">(C) Savana.<\/p>\n\n\n\n<p class=\"has-black-color has-text-color has-link-color has-medium-font-size wp-elements-f9303ffc7d598fe11f6cb615b2fba443\">(D) Tundra.<\/p>\n\n\n\n<p class=\"has-white-color has-text-color has-background has-medium-font-size\" style=\"background-color:#003f20\"><strong>Quest\u00e3o 02<\/strong><\/p>\n\n\n\n<p class=\"has-black-color has-text-color has-medium-font-size\">Observe as imagens:<\/p>\n\n\n<div class=\"wp-block-image is-resized\">\n<figure class=\"aligncenter\"><img decoding=\"async\" src=\"https:\/\/lh5.googleusercontent.com\/oTZH41IIh3gOTAHE53Z08u8_th1GmrZsd-yTxRZYzpdk5AaWn47CLZ5R6oe2ArhM2IjmQvqqVmKwXt6DGpmG2ZljKtaUMlwpK8DtILlY_zb5d_4sWvLtIuC8-sl-6qpduByqom8XrVPU9Py7YMP-J7aaw0oVxvYvS8AuExtEgl4kHUY_QAffFxrD4Q\" alt=\"\"\/><figcaption class=\"wp-element-caption\"> Tipos de vegeta\u00e7\u00e3o. <strong>Fonte: <\/strong>IBGE. <em>Atlas Geogr\u00e1fico Escolar<\/em>. 2\u00aa ed. Rio de Janeiro: IBGE, 2004. p.40. <\/figcaption><\/figure><\/div>\n\n<div class=\"wp-block-image is-resized\">\n<figure class=\"aligncenter\"><img decoding=\"async\" src=\"https:\/\/lh5.googleusercontent.com\/lpjsflF6YPXp-eatk9XDK46th-gaPTcnE_BPzuKKpc1diMDNARJI6mqdkwirNP7PAfUOGJac4bBg4f_1cXQTVwFkTKqmgp3s6j-eiPrp3c-bZXjI1636p_SDddUf4jI5RIAd6lo5b6V-pyuvxiaMfbFuQvJM-lxOAGik0A8AsYB5id_dhA3uyAcXmw\" alt=\"\"\/><figcaption class=\"wp-element-caption\"> Tipos de clima. <strong>Fonte: <\/strong>IBGE. <em>Atlas Geogr\u00e1fico Escolar<\/em>. 6\u00aa ed. Rio de Janeiro: IBGE, 2012. p.62. <\/figcaption><\/figure><\/div>\n\n\n<p class=\"has-black-color has-text-color has-medium-font-size\">Qual fator geogr\u00e1fico justifica a semelhan\u00e7a entre vegeta\u00e7\u00e3o e clima em algumas regi\u00f5es da \u00c1sia, Europa e Am\u00e9rica do Norte?<\/p>\n\n\n\n<p class=\"has-white-color has-text-color has-background has-medium-font-size\" style=\"background-color:#003f20\"><strong>Quest\u00e3o 03<\/strong><\/p>\n\n\n\n<p class=\"has-medium-font-size\"> Pesquise em livros, na internet, jornais ou revistas sobre a Savana e descreva as principais caracter\u00edsticas desse bioma. Ao descrever a Savana voc\u00ea pode utilizar o texto verbal e n\u00e3o verbal.<\/p>\n\n\n\n<p class=\"has-white-color has-text-color has-background has-link-color has-medium-font-size wp-elements-3be261da761104ed2572da001692ad05\" style=\"background-color:#003f20\"><strong>Quest\u00e3o 04<\/strong><\/p>\n\n\n\n<p class=\"has-black-color has-text-color has-link-color has-medium-font-size wp-elements-a9bf663291661bafa4f61cbb3198ad18\">Ocorre predominantemente nas regi\u00f5es polares e \u00e9 formado por plantas pequenas, por musgos e l\u00edquens. No degelo as flores florescem, sendo uma marca registrada da<\/p>\n\n\n\n<p class=\"has-black-color has-text-color has-link-color has-medium-font-size wp-elements-f9b5a459584a50d86992e7ab6a276350\">(A) Taiga.<\/p>\n\n\n\n<p class=\"has-black-color has-text-color has-link-color has-medium-font-size wp-elements-c3c4e54d87075b2ed1177c79ca74fef5\">(B) Floresta tropical.&nbsp;<\/p>\n\n\n\n<p class=\"has-black-color has-text-color has-link-color has-medium-font-size wp-elements-fc3baa10cdb948307c87c14a4342d176\">(C) Savana.<\/p>\n\n\n\n<p class=\"has-black-color has-text-color has-link-color has-medium-font-size wp-elements-f9303ffc7d598fe11f6cb615b2fba443\">(D) Tundra.<\/p>\n\n\n\n<p class=\"has-white-color has-text-color has-background has-medium-font-size\" style=\"background-color:#003f20\"><strong>SAIBA MAIS<\/strong><\/p>\n\n\n\n<figure class=\"wp-block-embed is-type-video is-provider-youtube wp-block-embed-youtube aligncenter wp-embed-aspect-16-9 wp-has-aspect-ratio\"><div class=\"wp-block-embed__wrapper\">\n<p class=\"responsive-video-wrap clr\"><iframe title=\"Atividade 14 - Biomas - 9\u00ba Ano\" width=\"1200\" height=\"675\" src=\"https:\/\/www.youtube.com\/embed\/3ff669OY-gk?feature=oembed\" frameborder=\"0\" allow=\"accelerometer; autoplay; clipboard-write; encrypted-media; gyroscope; picture-in-picture; web-share\" referrerpolicy=\"strict-origin-when-cross-origin\" allowfullscreen><\/iframe><\/p>\n<\/div><figcaption class=\"wp-element-caption\">Canal Geo Power &#8220;Atividade 13 &#8211; \u00c1sia: Economia&#8221; &#8211; 9\u00ba Ano. Dispon\u00edvel em<a rel=\"noreferrer noopener\" href=\"https:\/\/www.youtube.com\/watch?v=_3Zz_5eFy1c\" target=\"_blank\">: &lt;<\/a><a rel=\"noreferrer noopener\" href=\"https:\/\/www.youtube.com\/watch?v=aXm4GTgGvIs\" target=\"_blank\">https:\/\/www.youtube.com\/watch?v=3ff669OY-gk<\/a>&gt;. Acesso em:  26, out. 22.<\/figcaption><\/figure>\n\n\n\n<figure class=\"wp-block-table alignfull is-style-stripes\"><table><tbody><tr><td><strong>Autoria:<\/strong><\/td><td>Ailton Silva <\/td><\/tr><tr><td><strong>Forma\u00e7\u00e3o:<\/strong><\/td><td>Geografia <\/td><\/tr><tr><td><strong>Habilidade:<\/strong><\/td><td>(EF09GE16-A) Identificar e comparar os diferentes biomas existentes nos pa\u00edses europeus, asi\u00e1ticos e da Oceania.<\/td><\/tr><tr><td><strong>Refer\u00eancias:&nbsp;<\/strong><\/td><td>ADAS, M; ADAS, S. Expedi\u00e7\u00f5es Geogr\u00e1ficas: 9\u00b0 ano. 3\u00b0 Edi\u00e7\u00e3o. S\u00e3o Paulo: Moderna, 2018.&nbsp;<br>________________. Expedi\u00e7\u00f5es Geogr\u00e1ficas: 6\u00b0 ano. 3\u00b0 Edi\u00e7\u00e3o. S\u00e3o Paulo: Moderna, 2018.&nbsp;<br>IBGE. <em>Atlas Geogr\u00e1fico Escolar<\/em>. 2\u00aa ed. Rio de Janeiro: IBGE, 2004. p.40.<br>____. <em>Atlas Geogr\u00e1fico Escolar<\/em>. 6\u00aa ed. Rio de Janeiro: IBGE, 2012. p.62.<\/td><\/tr><\/tbody><\/table><\/figure>\n\n\n\n<p><\/p>\n","protected":false},"author":52,"featured_media":153037,"template":"","ef_categoria":[],"ef_ano":[92],"ef_componente":[96],"class_list":["post-153035","ensino_fundamental","type-ensino_fundamental","status-publish","has-post-thumbnail","hentry","ef_ano-9o-ano","ef_componente-geografia","entry","has-media"],"acf":[],"_links":{"self":[{"href":"https:\/\/sme.goiania.go.gov.br\/conexaoescola\/wp-json\/wp\/v2\/ensino_fundamental\/153035","targetHints":{"allow":["GET"]}}],"collection":[{"href":"https:\/\/sme.goiania.go.gov.br\/conexaoescola\/wp-json\/wp\/v2\/ensino_fundamental"}],"about":[{"href":"https:\/\/sme.goiania.go.gov.br\/conexaoescola\/wp-json\/wp\/v2\/types\/ensino_fundamental"}],"author":[{"embeddable":true,"href":"https:\/\/sme.goiania.go.gov.br\/conexaoescola\/wp-json\/wp\/v2\/users\/52"}],"version-history":[{"count":5,"href":"https:\/\/sme.goiania.go.gov.br\/conexaoescola\/wp-json\/wp\/v2\/ensino_fundamental\/153035\/revisions"}],"predecessor-version":[{"id":186345,"href":"https:\/\/sme.goiania.go.gov.br\/conexaoescola\/wp-json\/wp\/v2\/ensino_fundamental\/153035\/revisions\/186345"}],"wp:featuredmedia":[{"embeddable":true,"href":"https:\/\/sme.goiania.go.gov.br\/conexaoescola\/wp-json\/wp\/v2\/media\/153037"}],"wp:attachment":[{"href":"https:\/\/sme.goiania.go.gov.br\/conexaoescola\/wp-json\/wp\/v2\/media?parent=153035"}],"wp:term":[{"taxonomy":"ef_categoria","embeddable":true,"href":"https:\/\/sme.goiania.go.gov.br\/conexaoescola\/wp-json\/wp\/v2\/ef_categoria?post=153035"},{"taxonomy":"ef_ano","embeddable":true,"href":"https:\/\/sme.goiania.go.gov.br\/conexaoescola\/wp-json\/wp\/v2\/ef_ano?post=153035"},{"taxonomy":"ef_componente","embeddable":true,"href":"https:\/\/sme.goiania.go.gov.br\/conexaoescola\/wp-json\/wp\/v2\/ef_componente?post=153035"}],"curies":[{"name":"wp","href":"https:\/\/api.w.org\/{rel}","templated":true}]}}