{"id":152944,"date":"2022-10-24T07:52:59","date_gmt":"2022-10-24T10:52:59","guid":{"rendered":"https:\/\/sme.goiania.go.gov.br\/conexaoescola\/?post_type=ensino_fundamental&#038;p=152944"},"modified":"2022-11-05T18:36:11","modified_gmt":"2022-11-05T21:36:11","slug":"historia-fortalecer-a-democracia-por-meio-da-diversidade","status":"publish","type":"ensino_fundamental","link":"https:\/\/sme.goiania.go.gov.br\/conexaoescola\/ensino_fundamental\/historia-fortalecer-a-democracia-por-meio-da-diversidade\/","title":{"rendered":"Hist\u00f3ria &#8211; Fortalecer a Democracia por meio da diversidade"},"content":{"rendered":"\n<p class=\"has-black-color has-vivid-cyan-blue-background-color has-text-color has-background has-medium-font-size\">Esta proposta de atividade de&nbsp;<strong>HIST\u00d3RIA<\/strong>&nbsp;\u00e9 destinada aos estudantes do&nbsp;<strong>7\u00b0 Ano<\/strong>&nbsp;do Ensino Fundamental Anos Finais.<\/p>\n\n\n\n<p class=\"has-black-color has-text-color has-medium-font-size\">A hist\u00f3ria nos ajuda a compreender nossa sociedade ao fazer perguntas que visam esclarecer o presente. E para esclarecer essas d\u00favidas, questionamentos ou problemas elencados no presente, vai ao passado, buscando nas fontes hist\u00f3ricas para que historicizemos o presente e dessa forma consigamos compreender nossa realidade e sociedade! Ent\u00e3o \u2026<\/p>\n\n\n\n<p class=\"has-text-align-center has-medium-font-size\"><strong>VAMOS RESPONDER ALGUMAS QUEST\u00d5ES?<\/strong><\/p>\n\n\n\n<div class=\"wp-block-image is-style-default\"><figure class=\"aligncenter size-full\"><img fetchpriority=\"high\" decoding=\"async\" width=\"500\" height=\"333\" src=\"https:\/\/sme.goiania.go.gov.br\/conexaoescola\/wp-content\/uploads\/2022\/10\/Diversidade-Religiosa-e1666608089501.jpg\" alt=\"\" class=\"wp-image-152945\" srcset=\"https:\/\/sme.goiania.go.gov.br\/conexaoescola\/wp-content\/uploads\/2022\/10\/Diversidade-Religiosa-e1666608089501.jpg 500w, https:\/\/sme.goiania.go.gov.br\/conexaoescola\/wp-content\/uploads\/2022\/10\/Diversidade-Religiosa-e1666608089501-300x200.jpg 300w\" sizes=\"(max-width: 500px) 100vw, 500px\" \/><figcaption>Dispon\u00edvel em:&lt;<a href=\"https:\/\/educommais.educacao.rs.gov.br\/roteiro-de-estudo\/diversidade-religiosa-e-intolerancia-56816\" data-type=\"URL\" data-id=\"https:\/\/educommais.educacao.rs.gov.br\/roteiro-de-estudo\/diversidade-religiosa-e-intolerancia-56816\">https:\/\/educommais.educacao.rs.gov.br\/roteiro-de-estudo\/diversidade-religiosa-e-intolerancia-56816<\/a>&gt;. Acesso em: 23 out. 2022.<\/figcaption><\/figure><\/div>\n\n\n\n<p class=\"has-black-color has-text-color has-medium-font-size\">Leia atentamente o Inciso VI do Artigo 5 da Constitui\u00e7\u00e3o Federal de 1988 e responda as quest\u00f5es abaixo:<\/p>\n\n\n\n<p class=\"has-black-color has-text-color has-medium-font-size\">N\u00f3s, representantes do povo brasileiro, reunidos em Assembl\u00e9ia Nacional Constituinte para instituir um Estado Democr\u00e1tico, destinado a assegurar o exerc\u00edcio dos direitos sociais e individuais, a liberdade, a seguran\u00e7a, o bem-estar, o desenvolvimento, a igualdade e a justi\u00e7a como valores supremos de uma sociedade fraterna, pluralista e sem preconceitos, fundada na harmonia social e comprometida, na ordem interna e internacional, com a solu\u00e7\u00e3o pac\u00edfica das controv\u00e9rsias, promulgamos, sob a prote\u00e7\u00e3o de Deus, a seguinte CONSTITUI\u00c7\u00c3O DA REP\u00daBLICA FEDERATIVA DO BRASIL.<\/p>\n\n\n\n<figure class=\"wp-block-pullquote\"><blockquote><p><strong>Art. 5\u00ba<\/strong> Todos s\u00e3o iguais perante a lei, sem distin\u00e7\u00e3o de qualquer natureza, garantindo-se aos brasileiros e aos estrangeiros residentes no Pa\u00eds a inviolabilidade do direito \u00e0 vida, \u00e0 liberdade, \u00e0 igualdade, \u00e0 seguran\u00e7a e \u00e0 propriedade, nos termos seguintes:<\/p><p><strong>VI<\/strong> &#8211; \u00e9 inviol\u00e1vel a liberdade de consci\u00eancia e de cren\u00e7a, sendo assegurado o livre exerc\u00edcio dos cultos religiosos e garantida, na forma da lei, a prote\u00e7\u00e3o aos locais de culto e a suas liturgias;<\/p><cite>Dispon\u00edvel em:&lt;<a href=\"https:\/\/www.jusbrasil.com.br\/topicos\/10730845\/inciso-vi-do-artigo-5-da-constituicao-federal-de-1988\">https:\/\/www.jusbrasil.com.br\/topicos\/10730845\/inciso-vi-do-artigo-5-da-constituicao-federal-de-1988<\/a>&gt;. Acesso em: 23 out. 2022.<\/cite><\/blockquote><\/figure>\n\n\n\n<p class=\"has-black-color has-vivid-green-cyan-background-color has-text-color has-background has-medium-font-size\"><strong>Quest\u00e3o 1<\/strong><\/p>\n\n\n\n<p class=\"has-black-color has-text-color has-medium-font-size\">Identifique e transcreva para seu caderno o que o inciso VI da Constitui\u00e7\u00e3o Federal de 1988 estabelece com rela\u00e7\u00e3o \u00e0 liberdade religiosa .<\/p>\n\n\n\n<p class=\"has-black-color has-vivid-green-cyan-background-color has-text-color has-background has-medium-font-size\"><strong>Quest\u00e3o 2<\/strong><\/p>\n\n\n\n<p class=\"has-black-color has-text-color has-medium-font-size\">Leia a manchete do portal G1:<\/p>\n\n\n\n<p class=\"has-text-align-center\"><img decoding=\"async\" width=\"633\" height=\"733\" src=\"https:\/\/lh5.googleusercontent.com\/DcCSRnwMxmsU1DgArOII15Gs21wRrzWoA1Mzo0wEFc99wOHk7Rd0Gf1Of-B0eIYFzH9UuoltBRUkd-ZMUyjNVZ3na__7JDoKWfKutPMAW_WHtQ5w6Oz0dixKR_wbis3Z_XxUeScth6sgpPVq4wg8yepsGfOhTKem7LsJ3Eq-owEW46Cn6K1xW-50HA\"><\/p>\n\n\n\n<p style=\"font-size:12px\">Dispon\u00edvel em:&lt;<a href=\"https:\/\/g1.globo.com\/rio-de-janeiro\/noticia\/2015\/06\/menina-vitima-de-intolerancia-religiosa-diz-que-vai-ser-dificil-esquecer-pedrada.html\">https:\/\/g1.globo.com\/rio-de-janeiro\/noticia\/2015\/06\/menina-vitima-de-intolerancia-religiosa-diz-que-vai-ser-dificil-esquecer-pedrada.html<\/a>&gt;. Acesso em: 23 out. 2022.<\/p>\n\n\n\n<p class=\"has-black-color has-text-color has-medium-font-size\">As pessoas que cometeram o ato contra a menina Kailane respeitam a Constitui\u00e7\u00e3o Federal? Explique<\/p>\n\n\n\n<p class=\"has-black-color has-vivid-green-cyan-background-color has-text-color has-background has-medium-font-size\"><strong>Quest\u00e3o 3<\/strong><\/p>\n\n\n\n<p class=\"has-black-color has-text-color has-medium-font-size\">O que \u00e9 uma Constitui\u00e7\u00e3o de um pa\u00eds? Fa\u00e7a uma pesquisa e anote suas descobertas em seu caderno.<\/p>\n\n\n\n<p class=\"has-black-color has-vivid-green-cyan-background-color has-text-color has-background has-medium-font-size\"><strong>Quest\u00e3o 4<\/strong><\/p>\n\n\n\n<p class=\"has-black-color has-text-color has-medium-font-size\">Converse com seus pais\/respons\u00e1veis e colegas de classe e escrevam ideias de como podem fortalecer a Democracia por meio da diversidade.<\/p>\n\n\n\n<p class=\"has-text-align-center has-black-color has-luminous-vivid-amber-background-color has-text-color has-background\"><strong>SAIBA MAIS<\/strong><\/p>\n\n\n\n<p class=\"has-black-color has-text-color has-medium-font-size\">Clique no play e vamos ter acesso a mais conhecimento.<\/p>\n\n\n\n<figure class=\"wp-block-embed aligncenter is-type-video is-provider-youtube wp-block-embed-youtube wp-embed-aspect-16-9 wp-has-aspect-ratio\"><div class=\"wp-block-embed__wrapper\">\n<p class=\"responsive-video-wrap clr\"><iframe title=\"Atividade 15\u00b0 7\u00b0 Ano Democracia e Diversidade\" width=\"1200\" height=\"675\" src=\"https:\/\/www.youtube.com\/embed\/x6ge3YsQfSM?feature=oembed\" frameborder=\"0\" allow=\"accelerometer; autoplay; clipboard-write; encrypted-media; gyroscope; picture-in-picture\" allowfullscreen><\/iframe><\/p>\n<\/div><figcaption>Canal <a href=\"https:\/\/www.youtube.com\/c\/UilsonDuarte\">Uilson Duarte<\/a>. &#8220;Atividade 15\u00b0 7\u00b0 Ano Democracia e Diversidade&#8221;. Dispon\u00edvel em:&lt;<a href=\"https:\/\/www.youtube.com\/watch?v=x6ge3YsQfSM\" data-type=\"URL\" data-id=\"https:\/\/www.youtube.com\/watch?v=x6ge3YsQfSM\">https:\/\/www.youtube.com\/watch?v=x6ge3YsQfSM<\/a>&gt;. Acesso em: 28 out. 2022.<\/figcaption><\/figure>\n\n\n\n<figure class=\"wp-block-embed is-type-video is-provider-youtube wp-block-embed-youtube wp-embed-aspect-16-9 wp-has-aspect-ratio\"><div class=\"wp-block-embed__wrapper\">\n<p class=\"responsive-video-wrap clr\"><iframe title=\"No Brasil, diferentes cren\u00e7as se unem no combate \u00e0 intoler\u00e2ncia religiosa\" width=\"1200\" height=\"675\" src=\"https:\/\/www.youtube.com\/embed\/-4YM1cZbMwA?feature=oembed\" frameborder=\"0\" allow=\"accelerometer; autoplay; clipboard-write; encrypted-media; gyroscope; picture-in-picture\" allowfullscreen><\/iframe><\/p>\n<\/div><figcaption>Canal <a href=\"https:\/\/www.youtube.com\/c\/ONUBrasilOficial\">ONU Brasil<\/a>. No Brasil, diferentes cren\u00e7as se unem no combate \u00e0 intoler\u00e2ncia religiosa<\/figcaption><\/figure>\n\n\n\n<p class=\"has-black-color has-vivid-cyan-blue-background-color has-text-color has-background has-medium-font-size\"><strong>Acesse os materiais referenstes a essa atividade clicando aqui:<\/strong><a href=\"https:\/\/drive.google.com\/drive\/folders\/1fAvDtSzDpRCTiRvSpgI5YDNIATjcBWJ3\" data-type=\"URL\" data-id=\"https:\/\/drive.google.com\/drive\/folders\/1fAvDtSzDpRCTiRvSpgI5YDNIATjcBWJ3\" target=\"_blank\" rel=\"noreferrer noopener\">https:\/\/drive.google.com\/drive\/folders\/1fAvDtSzDpRCTiRvSpgI5YDNIATjcBWJ3<\/a><\/p>\n\n\n\n<figure class=\"wp-block-table is-style-stripes\"><table><tbody><tr><td><strong>Habilidade:<\/strong><\/td><td><strong>(EF07HI14)<\/strong> Descrever as din\u00e2micas comerciais das sociedades americanas e africanas e analisar suas intera\u00e7\u00f5es com outras sociedades do Ocidente e do Oriente.<br><strong>(GO-EF07HI14-A)<\/strong> Compreender as especificidades das trocas materiais e simb\u00f3licas, internas e externas realizadas por povos africanos antes da coloniza\u00e7\u00e3o que envolvia alde\u00f5es, grandes reinos e povos \u00e1rabes.<\/td><\/tr><\/tbody><\/table><\/figure>\n\n\n\n<figure class=\"wp-block-table\"><table><tbody><tr><td><strong>Referencial te\u00f3rico<\/strong><\/td><td><strong>SOUZA<\/strong>, Marina de Mello e. \u00c1frica e Brasil africano. 3 ed. S\u00e3o Paulo: \u00c1tica, 2012.&nbsp;<br><br>OLIVEIRA, ILZVER DE MATOS. RECONHECIMENTO JUDICIAL DAS RELIGI\u00d5ES DE ORIGEM AFRICANA E O NOVO PARADIGMA INTERPRETATIVO DA LIBERDADE DE CULTO E DE CREN\u00c7A NO DIREITO BRASILEIRO. <strong>Revista de Direito Brasileira<\/strong>, [S.l.], v. 10, n. 5, p. 169-199, abr. 2015. ISSN 2358-1352. Dispon\u00edvel em: &lt;<a href=\"https:\/\/www.indexlaw.org\/index.php\/rdb\/article\/view\/2860\">https:\/\/www.indexlaw.org\/index.php\/rdb\/article\/view\/2860<\/a>&gt;. Acesso em: 23 out. 2022. doi:<a href=\"http:\/\/dx.doi.org\/10.26668\/IndexLawJournals\/2358-1352\/2015.v10i5.2860\">http:\/\/dx.doi.org\/10.26668\/IndexLawJournals\/2358-1352\/2015.v10i5.2860<\/a>.<\/td><\/tr><\/tbody><\/table><\/figure>\n","protected":false},"author":51,"featured_media":152945,"template":"","ef_categoria":[],"ef_ano":[90],"ef_componente":[95],"class_list":["post-152944","ensino_fundamental","type-ensino_fundamental","status-publish","has-post-thumbnail","hentry","ef_ano-7o-ano","ef_componente-historia","entry","has-media"],"acf":[],"_links":{"self":[{"href":"https:\/\/sme.goiania.go.gov.br\/conexaoescola\/wp-json\/wp\/v2\/ensino_fundamental\/152944","targetHints":{"allow":["GET"]}}],"collection":[{"href":"https:\/\/sme.goiania.go.gov.br\/conexaoescola\/wp-json\/wp\/v2\/ensino_fundamental"}],"about":[{"href":"https:\/\/sme.goiania.go.gov.br\/conexaoescola\/wp-json\/wp\/v2\/types\/ensino_fundamental"}],"author":[{"embeddable":true,"href":"https:\/\/sme.goiania.go.gov.br\/conexaoescola\/wp-json\/wp\/v2\/users\/51"}],"version-history":[{"count":0,"href":"https:\/\/sme.goiania.go.gov.br\/conexaoescola\/wp-json\/wp\/v2\/ensino_fundamental\/152944\/revisions"}],"wp:featuredmedia":[{"embeddable":true,"href":"https:\/\/sme.goiania.go.gov.br\/conexaoescola\/wp-json\/wp\/v2\/media\/152945"}],"wp:attachment":[{"href":"https:\/\/sme.goiania.go.gov.br\/conexaoescola\/wp-json\/wp\/v2\/media?parent=152944"}],"wp:term":[{"taxonomy":"ef_categoria","embeddable":true,"href":"https:\/\/sme.goiania.go.gov.br\/conexaoescola\/wp-json\/wp\/v2\/ef_categoria?post=152944"},{"taxonomy":"ef_ano","embeddable":true,"href":"https:\/\/sme.goiania.go.gov.br\/conexaoescola\/wp-json\/wp\/v2\/ef_ano?post=152944"},{"taxonomy":"ef_componente","embeddable":true,"href":"https:\/\/sme.goiania.go.gov.br\/conexaoescola\/wp-json\/wp\/v2\/ef_componente?post=152944"}],"curies":[{"name":"wp","href":"https:\/\/api.w.org\/{rel}","templated":true}]}}