{"id":152584,"date":"2022-10-21T04:46:00","date_gmt":"2022-10-21T07:46:00","guid":{"rendered":"https:\/\/sme.goiania.go.gov.br\/conexaoescola\/?post_type=ensino_fundamental&#038;p=152584"},"modified":"2024-10-18T08:13:35","modified_gmt":"2024-10-18T11:13:35","slug":"georisticasinios-maticos","status":"publish","type":"ensino_fundamental","link":"https:\/\/sme.goiania.go.gov.br\/conexaoescola\/ensino_fundamental\/georisticasinios-maticos\/","title":{"rendered":"Geografia &#8211; Caracter\u00edsticas dos Dom\u00ednios morfoclim\u00e1ticos"},"content":{"rendered":"\n<p class=\"has-black-color has-text-color has-background has-medium-font-size\" style=\"background-color:#fca2a2\">Esta proposta de atividade de <strong>GEOGRAFIA<\/strong> \u00e9 destinada aos estudantes do <strong>7\u00b0 Ano<\/strong> do Ensino Fundamental Anos Finais.<\/p>\n\n\n\n<div class=\"wp-block-buttons has-custom-font-size has-medium-font-size is-content-justification-center is-layout-flex wp-container-core-buttons-is-layout-16018d1d wp-block-buttons-is-layout-flex\">\n<div class=\"wp-block-button\"><a class=\"wp-block-button__link has-white-color has-black-background-color has-text-color has-background has-link-color wp-element-button\" href=\"https:\/\/drive.google.com\/uc?export=download&amp;id=1UMMe4fABgoS2ITE0iz8qrkkjE9tmvAeK\"><strong>BAIXE A ATIVIDADE<\/strong><\/a><\/div>\n\n\n\n<div class=\"wp-block-button has-custom-font-size has-medium-font-size\"><a class=\"wp-block-button__link has-white-color has-black-background-color has-text-color has-background has-link-color wp-element-button\" href=\"https:\/\/drive.google.com\/uc?export=download&amp;id=1DBoj_V4gC_ByiDs4pm6ago3_DUgq_XCm\"><strong>BAIXE OS SLIDES<\/strong><\/a><\/div>\n\n\n\n<div class=\"wp-block-button\"><a class=\"wp-block-button__link has-white-color has-black-background-color has-text-color has-background has-link-color wp-element-button\" href=\"https:\/\/drive.google.com\/uc?export=download&amp;id=10HqmCu3mzOokAjTb_YzGgQ83ALBLsC5_\"><strong>BAIXE O TEXTO<\/strong><\/a><\/div>\n<\/div>\n\n\n\n<p><\/p>\n\n\n\n<figure class=\"wp-block-image size-large is-style-rounded\"><img fetchpriority=\"high\" decoding=\"async\" width=\"1024\" height=\"682\" src=\"https:\/\/sme.goiania.go.gov.br\/conexaoescola\/wp-content\/uploads\/2022\/10\/trees-g5f407f1b4_1920-e1665924983184-1024x682.jpg\" alt=\"\" class=\"wp-image-152585\" srcset=\"https:\/\/sme.goiania.go.gov.br\/conexaoescola\/wp-content\/uploads\/2022\/10\/trees-g5f407f1b4_1920-e1665924983184-1024x682.jpg 1024w, https:\/\/sme.goiania.go.gov.br\/conexaoescola\/wp-content\/uploads\/2022\/10\/trees-g5f407f1b4_1920-e1665924983184-300x200.jpg 300w, https:\/\/sme.goiania.go.gov.br\/conexaoescola\/wp-content\/uploads\/2022\/10\/trees-g5f407f1b4_1920-e1665924983184-768x511.jpg 768w, https:\/\/sme.goiania.go.gov.br\/conexaoescola\/wp-content\/uploads\/2022\/10\/trees-g5f407f1b4_1920-e1665924983184-1536x1022.jpg 1536w, https:\/\/sme.goiania.go.gov.br\/conexaoescola\/wp-content\/uploads\/2022\/10\/trees-g5f407f1b4_1920-e1665924983184.jpg 1920w\" sizes=\"(max-width: 1024px) 100vw, 1024px\" \/><figcaption class=\"wp-element-caption\">Natureza selvagem &#8211; Fonte:<a rel=\"noreferrer noopener\" href=\"https:\/\/pixabay.com\/pt\/photos\/dinheiro-moeda-investimento-2724241\/\" target=\"_blank\"> <\/a><a href=\"https:\/\/pixabay.com\/pt\/photos\/alberta-canad%c3%a1-lago-montanhas-2297204\/\">https:\/\/pixabay.com\/pt\/photos\/arvores-regi%c3%a3o-selvagem-natureza-3822149\/<\/a><\/figcaption><\/figure>\n\n\n\n<p><\/p>\n\n\n\n<p class=\"has-text-align-center has-white-color has-black-background-color has-text-color has-background has-link-color has-medium-font-size wp-elements-d0f4b314db51f14b41dcb12a1cafec30\"><strong>Dom\u00ednios morfoclim\u00e1ticos&nbsp;<\/strong><\/p>\n\n\n\n<p class=\"has-black-color has-text-color has-link-color has-medium-font-size wp-elements-e4ba32c50789cd88b36d4f2e4a55e287\">O ge\u00f3grafo brasileiro Aziz Ab\u2019Saber, por volta de 1960, considerou a rela\u00e7\u00e3o entre relevo, clima, vegeta\u00e7\u00e3o, solo e hidrografia para estabelecer os dom\u00ednios morfoclim\u00e1ticos e fitogeogr\u00e1ficos. Classificando o espa\u00e7o geogr\u00e1fico em seis dom\u00ednios, s\u00e3o eles: amaz\u00f4nico, caatinga, cerrado, mares de morro, arauc\u00e1rias e pradarias.<\/p>\n\n\n\n<p class=\"has-black-color has-text-color has-link-color has-medium-font-size wp-elements-7873ca8ace1b3b6392ed7627d2814f7a\">O dom\u00ednio amaz\u00f4nico est\u00e1 localizado na regi\u00e3o norte do Brasil, nesse dom\u00ednio predomina a floresta equatorial, abrigando a maior biodiversidade do mundo, a vegeta\u00e7\u00e3o \u00e9 classificada em mata de igap\u00f3, v\u00e1rzea e terra firme. &nbsp;As matas de terra firme n\u00e3o est\u00e3o sujeitas a inunda\u00e7\u00e3o, j\u00e1 as matas de v\u00e1rzea est\u00e3o sujeitas a inunda\u00e7\u00e3o no per\u00edodo de chuvas e as matas de igap\u00f3 permanecem inundadas o ano inteiro.&nbsp;&nbsp;<\/p>\n\n\n\n<p class=\"has-black-color has-text-color has-link-color has-medium-font-size wp-elements-47a60432fe577655a2960cc83ad8d7b3\">O clima predominante \u00e9 o Equatorial (Quente e \u00famido), no dom\u00ednio amaz\u00f4nico o relevo \u00e9 de baixas altitudes, com a presen\u00e7a de plan\u00edcies, planaltos e depress\u00f5es. A bacia do Rio Amazonas e Araguaia-Tocantins comp\u00f5em os recursos h\u00eddricos dessa regi\u00e3o, sendo o Rio Amazonas o maior do mundo em volume de \u00e1gua.&nbsp;<\/p>\n\n\n\n<p class=\"has-black-color has-text-color has-link-color has-medium-font-size wp-elements-56a1cc9b55bc5c1097f3bfaad904c981\">A Caatinga ocorre principalmente na regi\u00e3o nordeste, esse dom\u00ednio abriga paisagens exclusivas do Brasil. O clima semi\u00e1rido (quente e seco), faz com que a vegeta\u00e7\u00e3o seja adaptada a essa condi\u00e7\u00e3o, predominando esp\u00e9cies rasteiras e capaz de armazenar \u00e1gua. Nesse dom\u00ednio, o relevo \u00e9 formado por depress\u00f5es cercadas por planaltos, com solo raso e pouco perme\u00e1vel. Alguns rios dessa regi\u00e3o s\u00e3o intermitentes, ou seja, secam durante um per\u00edodo do ano.&nbsp;<\/p>\n\n\n\n<p class=\"has-black-color has-text-color has-link-color has-medium-font-size wp-elements-45bfb43332ed0c44e45dd1e72734cfcb\">O Cerrado pode ser encontrado nas regi\u00f5es Centro-Oeste, Norte, Nordeste e Sudeste. Apresenta clima tropical com duas esta\u00e7\u00f5es do ano bem definidas: ver\u00e3o (quente e \u00famido) e inverno (menos quente e seco). Neste dom\u00ednio predominam os planaltos, a vegeta\u00e7\u00e3o \u00e9 de pequeno e m\u00e9dio porte, com tronco e galhos retorcidos. A regi\u00e3o onde o solo do Cerrado \u00e9 pouco f\u00e9rtil e \u00e1cido, obrigando a utiliza\u00e7\u00e3o de fertilizantes e da t\u00e9cnica da calagem para viabilizar o plantio. Conhecido como caixa d\u2019\u00e1gua do Brasil, abriga as nascentes de importantes rios como o Paran\u00e1, S\u00e3o Francisco, Tocantins, Araguaia e Parna\u00edba.<\/p>\n\n\n\n<p class=\"has-black-color has-text-color has-link-color has-medium-font-size wp-elements-89dc2cea3ed8ad5762030020ff28db1e\">Nas Pradarias os Campos Sulinos ou Pampas ga\u00fachos dominam as paisagens da regi\u00e3o Sul.&nbsp; Apresenta clima subtropical, com vegeta\u00e7\u00e3o composta por gram\u00edneas que cobrem as plan\u00edcies que s\u00e3o a principal unidade de relevo da regi\u00e3o.&nbsp;<\/p>\n\n\n\n<p class=\"has-black-color has-text-color has-link-color has-medium-font-size wp-elements-afbea6e26aee9b85274a8197d42f7d0d\">O dom\u00ednio das Arauc\u00e1rias estende-se pelas regi\u00f5es sul e sudeste, esse dom\u00ednio apresenta solo f\u00e9rtil com predom\u00ednio da Mata de Arauc\u00e1ria, onde encontramos o Pinheiro do Paran\u00e1. Nessa regi\u00e3o podem ocorrer geadas em decorr\u00eancia do clima subtropical frio e \u00famido.<\/p>\n\n\n\n<p class=\"has-white-color has-black-background-color has-text-color has-background has-medium-font-size\"><strong>Quest\u00e3o 01<\/strong><\/p>\n\n\n\n<p class=\"has-medium-font-size\"><\/p>\n\n\n\n<p class=\"has-black-color has-text-color has-link-color has-medium-font-size wp-elements-9ea9de3557edab6b4469dff93e6affdc\"><\/p>\n\n\n<div class=\"wp-block-image\">\n<figure class=\"aligncenter is-resized\"><img decoding=\"async\" src=\"https:\/\/lh7-rt.googleusercontent.com\/docsz\/AD_4nXc2COvIXsWXTqk_Al-MbBXb0KA8ZATiZ5BalWzM7ZkH3qXKDwEsyMpX1_ikiNJY9wgFIt370tfSIlaHXNChwVZo61tpOAh0907EDQHjEEgDqkbzwLRcdFIFXBCeYOzT41UO0WsmIk1Bz3isekgd3EEuk4UOjJGicM_NwQi4dQ?key=PkPTC8N9XRtBNUgT1OK5oA\" alt=\"\" style=\"width:554px;height:auto\"\/><figcaption class=\"wp-element-caption\">Bahia<strong> &#8211; Fonte: <\/strong>https:\/\/commons.wikimedia.org\/wiki\/File:Caatinga_em_Uau%C3%A1,_Bahia.jpg<\/figcaption><\/figure><\/div>\n\n\n<p class=\"has-black-color has-text-color has-link-color has-medium-font-size wp-elements-c4ab750d1324b7407f58509666074cb0\">A imagem representa uma paisagem brasileira onde predomina o clima semi\u00e1rido, quente e seco. Por isso a vegeta\u00e7\u00e3o \u00e9 adaptada \u00e0s elevadas temperaturas e longos per\u00edodos de estiagem presente no&nbsp;<\/p>\n\n\n\n<p class=\"has-black-color has-text-color has-link-color has-medium-font-size wp-elements-e5614934f53611e8572cf32441f44e19\">(A) Dom\u00ednio Amaz\u00f4nico.&nbsp;<\/p>\n\n\n\n<p class=\"has-black-color has-text-color has-link-color has-medium-font-size wp-elements-0214f3de7672342060d868f9867f1495\">(B) Dom\u00ednio do Cerrado.&nbsp;<\/p>\n\n\n\n<p class=\"has-black-color has-text-color has-link-color has-medium-font-size wp-elements-5ce51c6f5dc51276f98055c4d6dd174e\">(C) Dom\u00ednio da Caatinga.&nbsp;<\/p>\n\n\n\n<p class=\"has-black-color has-text-color has-link-color has-medium-font-size wp-elements-24dcaacdb3f8d116d31bc671ce778fb4\">(D) Dom\u00ednio das Arauc\u00e1rias.<\/p>\n\n\n\n<p class=\"has-white-color has-black-background-color has-text-color has-background has-medium-font-size\"><strong>Quest\u00e3o 02<\/strong><\/p>\n\n\n\n<p class=\"has-black-color has-text-color has-medium-font-size\"><\/p>\n\n\n<div class=\"wp-block-image\">\n<figure class=\"aligncenter is-resized\"><img decoding=\"async\" src=\"https:\/\/lh7-rt.googleusercontent.com\/docsz\/AD_4nXepAJ6lF0sf18bjovxQj1YJTD_3AQnFGSUYF5Nkd9GsfovXM0Tx0uJsuWd8-8CoJM-5_1zDtweZRgX9TEYp9mhLegeKqCb90hhlSfFluVjo9do7g6XM9WkWiRs44wgPnTsG0JqZdhdkmK-w864j5zWsfXS222RhVddiqrdItg?key=PkPTC8N9XRtBNUgT1OK5oA\" alt=\"\" style=\"width:596px;height:auto\"\/><figcaption class=\"wp-element-caption\">Mata nativa &#8211; <strong>Fonte: <\/strong>https:\/\/commons.wikimedia.org\/wiki\/File:Cerrado_-_Campo_Sujo.JPG<\/figcaption><\/figure><\/div>\n\n\n<p class=\"has-black-color has-text-color has-link-color has-medium-font-size wp-elements-4a9e20355fc8fccf34ce4627e206d01d\">A imagem representa o Dom\u00ednio Morfoclim\u00e1tico que pode ser conhecido como caixa d&#8217;\u00e1gua do Brasil em decorr\u00eancia dos reservat\u00f3rios subterr\u00e2neos presentes nessa regi\u00e3o e por ser nascente dos principais rios brasileiros. Onde apresenta solo \u00e1cido, que dificulta a agricultura, \u00e9 comum a pr\u00e1tica da calagem para viabilizar o plantio no&nbsp;<\/p>\n\n\n\n<p class=\"has-black-color has-text-color has-link-color has-medium-font-size wp-elements-e5614934f53611e8572cf32441f44e19\">(A) Dom\u00ednio Amaz\u00f4nico.&nbsp;<\/p>\n\n\n\n<p class=\"has-black-color has-text-color has-link-color has-medium-font-size wp-elements-0214f3de7672342060d868f9867f1495\">(B) Dom\u00ednio do Cerrado.&nbsp;<\/p>\n\n\n\n<p class=\"has-black-color has-text-color has-link-color has-medium-font-size wp-elements-5ce51c6f5dc51276f98055c4d6dd174e\">(C) Dom\u00ednio da Caatinga.&nbsp;<\/p>\n\n\n\n<p class=\"has-black-color has-text-color has-link-color has-medium-font-size wp-elements-24dcaacdb3f8d116d31bc671ce778fb4\">(D) Dom\u00ednio das Arauc\u00e1rias.<\/p>\n\n\n\n<p class=\"has-white-color has-black-background-color has-text-color has-background has-medium-font-size\"><strong>Quest\u00e3o 03<\/strong><\/p>\n\n\n\n<hr class=\"wp-block-separator has-css-opacity\"\/>\n\n\n<div class=\"wp-block-image\">\n<figure class=\"aligncenter is-resized\"><img decoding=\"async\" src=\"https:\/\/lh6.googleusercontent.com\/Js99P1C1_7wvUxA9iy0EKgj9JKx8Ju-w5fG2uNIpmkXxu_aWf8ACITIWyQX2QcDOdklfbmtYH3-hVkiLQObmKvD4P9cvgnj-GKjqAKaEMjWoPYHPL6piNlYbm3kPgwnTfeuuqQxWas-y4RfaDuZJDbehN3ouQkkZBhTW2hh85Qg5lxyg_o-nQaWXbw\" alt=\"\" style=\"aspect-ratio:0.9878048780487805;width:452px;height:auto\"\/><figcaption class=\"wp-element-caption\"> Dom\u00ednios Morfoclim\u00e1ticos &#8211; <strong>Fonte: <\/strong><a href=\"https:\/\/commons.wikimedia.org\/wiki\/File:15_Dominios_Moforclimaticos.jpg\">https:\/\/commons.wikimedia.org\/wiki\/File:15_Dominios_Moforclimaticos.jpg<\/a> <\/figcaption><\/figure><\/div>\n\n\n<p class=\"has-black-color has-text-color has-medium-font-size\">Conforme o mapa dos Dom\u00ednios Morfoclim\u00e1ticos e considerando as macrorregi\u00f5es do IBGE as Pradarias est\u00e3o localizadas em quais regi\u00f5es do Brasil?<\/p>\n\n\n\n<p class=\"has-white-color has-black-background-color has-text-color has-background has-link-color has-medium-font-size wp-elements-fde7a78bf1c72fd7d8326b89f7fb207d\"><strong>Quest\u00e3o 04<\/strong><\/p>\n\n\n\n<p class=\"has-black-color has-text-color has-link-color has-medium-font-size wp-elements-928bf42bf393f19f4d2f2cc2aa237620\">Escreva as caracter\u00edsticas do Dom\u00ednio Amaz\u00f4nico.<\/p>\n\n\n\n<figure class=\"wp-block-table is-style-stripes\"><table><tbody><tr><td><strong>Autoria: <\/strong><\/td><td>Ailton Silva<\/td><\/tr><tr><td><strong>Forma\u00e7\u00e3o:<\/strong><\/td><td>Geografia <\/td><\/tr><tr><td><strong>Componente curricular:<\/strong><\/td><td>Geografia<\/td><\/tr><tr><td><strong>Habilidade:<\/strong><\/td><td>(EF07GE11-A) Caracterizar e relacionar as din\u00e2micas dos componentes f\u00edsico-naturais no territ\u00f3rio nacional com a distribui\u00e7\u00e3o da biodiversidade brasileira, com foco nos dom\u00ednios morfoclim\u00e1ticos.<\/td><\/tr><tr><td><strong>Refer\u00eancias<\/strong><\/td><td>AB\u2019SABER, A. N. Os dom\u00ednios de natureza no Brasil: potencialidades paisag\u00edsticas. S\u00e3o Paulo: Ateli\u00ea, 2003.<br>ADAS, M; ADAS, S.<em> Expedi\u00e7\u00f5es Geogr\u00e1ficas: 7\u00b0 ano<\/em>. 3\u00b0 Edi\u00e7\u00e3o. S\u00e3o Paulo: Moderna, 2018.&nbsp;&nbsp;<br>______________.<em> Expedi\u00e7\u00f5es Geogr\u00e1ficas: 6\u00b0 ano<\/em>. 3\u00b0 Edi\u00e7\u00e3o. S\u00e3o Paulo: Moderna, 2018.&nbsp;&nbsp;<br>A NATUREZA DA FORMA\u00c7\u00c3O VEGETAL DO BRASIL. Dispon\u00edvel em: &lt;https:\/\/acervodigital.unesp.br\/bitstream\/123456789\/438\/7\/geo_m3d5_tm05.pdf&gt;.Acesso em: setembro de 2022.<br>SILVA, A. O. <em>Os dom\u00ednios de natureza no Brasil: potencialidades paisag\u00edsticas.<\/em> Dispon\u00edvel em: &lt;https:\/\/periodicos.ufpe.br\/revistas\/revistageografia\/article\/view\/228990\/23395&gt;. Acesso em: setembro de 2022.<\/td><\/tr><\/tbody><\/table><\/figure>\n\n\n\n<p><\/p>\n","protected":false},"author":52,"featured_media":152585,"template":"","ef_categoria":[],"ef_ano":[90],"ef_componente":[96],"class_list":["post-152584","ensino_fundamental","type-ensino_fundamental","status-publish","has-post-thumbnail","hentry","ef_ano-7o-ano","ef_componente-geografia","entry","has-media"],"acf":[],"_links":{"self":[{"href":"https:\/\/sme.goiania.go.gov.br\/conexaoescola\/wp-json\/wp\/v2\/ensino_fundamental\/152584","targetHints":{"allow":["GET"]}}],"collection":[{"href":"https:\/\/sme.goiania.go.gov.br\/conexaoescola\/wp-json\/wp\/v2\/ensino_fundamental"}],"about":[{"href":"https:\/\/sme.goiania.go.gov.br\/conexaoescola\/wp-json\/wp\/v2\/types\/ensino_fundamental"}],"author":[{"embeddable":true,"href":"https:\/\/sme.goiania.go.gov.br\/conexaoescola\/wp-json\/wp\/v2\/users\/52"}],"version-history":[{"count":3,"href":"https:\/\/sme.goiania.go.gov.br\/conexaoescola\/wp-json\/wp\/v2\/ensino_fundamental\/152584\/revisions"}],"predecessor-version":[{"id":189029,"href":"https:\/\/sme.goiania.go.gov.br\/conexaoescola\/wp-json\/wp\/v2\/ensino_fundamental\/152584\/revisions\/189029"}],"wp:featuredmedia":[{"embeddable":true,"href":"https:\/\/sme.goiania.go.gov.br\/conexaoescola\/wp-json\/wp\/v2\/media\/152585"}],"wp:attachment":[{"href":"https:\/\/sme.goiania.go.gov.br\/conexaoescola\/wp-json\/wp\/v2\/media?parent=152584"}],"wp:term":[{"taxonomy":"ef_categoria","embeddable":true,"href":"https:\/\/sme.goiania.go.gov.br\/conexaoescola\/wp-json\/wp\/v2\/ef_categoria?post=152584"},{"taxonomy":"ef_ano","embeddable":true,"href":"https:\/\/sme.goiania.go.gov.br\/conexaoescola\/wp-json\/wp\/v2\/ef_ano?post=152584"},{"taxonomy":"ef_componente","embeddable":true,"href":"https:\/\/sme.goiania.go.gov.br\/conexaoescola\/wp-json\/wp\/v2\/ef_componente?post=152584"}],"curies":[{"name":"wp","href":"https:\/\/api.w.org\/{rel}","templated":true}]}}