{"id":152240,"date":"2022-10-07T19:29:36","date_gmt":"2022-10-07T22:29:36","guid":{"rendered":"https:\/\/sme.goiania.go.gov.br\/conexaoescola\/?post_type=ensino_fundamental&#038;p=152240"},"modified":"2024-09-02T15:06:02","modified_gmt":"2024-09-02T18:06:02","slug":"lingua-portuguesa-as-cartas-pessoais-como-instrumento-de-interlocucao-entre-autor-e-leitor","status":"publish","type":"ensino_fundamental","link":"https:\/\/sme.goiania.go.gov.br\/conexaoescola\/ensino_fundamental\/lingua-portuguesa-as-cartas-pessoais-como-instrumento-de-interlocucao-entre-autor-e-leitor\/","title":{"rendered":"L\u00edngua Portuguesa &#8211; As cartas pessoais como instrumento de interlocu\u00e7\u00e3o entre autor e leitor"},"content":{"rendered":"\n<p class=\"has-background has-medium-font-size\" style=\"background-color:#f2ecee\">Esta atividade tem como base as sequ\u00eancias did\u00e1ticas propostas pelo Programa Aprender Sempre, da SME-Goi\u00e2nia, com base no DC\/GO &#8211; Ampliado e est\u00e1 destinada a estudantes do 3\u00ba ano do Ensino Fundamental.&nbsp;<\/p>\n\n\n\n<p class=\"has-background has-medium-font-size\" style=\"background-color:#e7ecef\"><strong>INICIAREMOS MAIS UMA SEQU\u00caNCIA DID\u00c1TICA, QUE TEM COMO OBJETIVO O ESTUDO DE TEXTOS QUE FAZEM PARTE DO NOSSO COTIDIANO.&nbsp;<\/strong><\/p>\n\n\n\n<p class=\"has-background has-medium-font-size\" style=\"background-color:#e7ecef\"><strong>O FOCO DO ESTUDO SER\u00c1 A EXPLORA\u00c7\u00c3O E COMPREENS\u00c3O DE CARTAS PESSOAIS.<\/strong><\/p>\n\n\n\n<div class=\"wp-block-buttons is-content-justification-center is-layout-flex wp-container-core-buttons-is-layout-16018d1d wp-block-buttons-is-layout-flex\">\n<div class=\"wp-block-button\"><a class=\"wp-block-button__link wp-element-button\" href=\"https:\/\/drive.google.com\/uc?export=download&amp;id=1lOVHEa09Bi2fzPgQfKnVX2tj0SJqXhc3\" target=\"_blank\" rel=\"noreferrer noopener\">BAIXE A ATIVIDADE <\/a><\/div>\n\n\n\n<div class=\"wp-block-button\"><a class=\"wp-block-button__link wp-element-button\" href=\"https:\/\/drive.google.com\/uc?export=download&amp;id=1qAJMnR7iokOEkMpAHp2h6eEkaOQ5bZej\" target=\"_blank\" rel=\"noreferrer noopener\">BAIXE OS SLIDES<\/a><\/div>\n\n\n\n<div class=\"wp-block-button\"><a class=\"wp-block-button__link wp-element-button\" href=\"https:\/\/drive.google.com\/uc?export=download&amp;id=1OoskrQQZ4H_zcAOW50I04KQRiX5ZOUFy\" target=\"_blank\" rel=\"noreferrer noopener\">BAIXE O TEXTO<\/a><\/div>\n<\/div>\n\n\n\n<p><\/p>\n\n\n<div class=\"wp-block-image\">\n<figure class=\"aligncenter size-full is-resized\"><img fetchpriority=\"high\" decoding=\"async\" width=\"488\" height=\"326\" src=\"https:\/\/sme.goiania.go.gov.br\/conexaoescola\/wp-content\/uploads\/2022\/10\/1-6-e1665181658124.jpg\" alt=\"\" class=\"wp-image-152242\" style=\"width:746px;height:498px\" srcset=\"https:\/\/sme.goiania.go.gov.br\/conexaoescola\/wp-content\/uploads\/2022\/10\/1-6-e1665181658124.jpg 488w, https:\/\/sme.goiania.go.gov.br\/conexaoescola\/wp-content\/uploads\/2022\/10\/1-6-e1665181658124-300x200.jpg 300w\" sizes=\"(max-width: 488px) 100vw, 488px\" \/><figcaption class=\"wp-element-caption\">Dispon\u00edvel em: &lt;https:\/\/br.freepik.com\/vetores-gratis\/design-de-banner-do-dia-mundial-da-escrita-de-cartas_28814945.htm#page=2&amp;query=ENVELOPE%20DESENHO&amp;position=46&amp;from_view=search&gt; Acesso em 15, agosto de 2022.<\/figcaption><\/figure><\/div>\n\n\n<p class=\"has-text-align-center has-background has-medium-font-size\" style=\"background-color:#f2ecee\"> <strong>ASSISTA A VIDEOAULA A SEGUIR:<\/strong> <\/p>\n\n\n\n<figure class=\"wp-block-embed is-type-video is-provider-youtube wp-block-embed-youtube wp-embed-aspect-16-9 wp-has-aspect-ratio\"><div class=\"wp-block-embed__wrapper\">\n<p class=\"responsive-video-wrap clr\"><iframe title=\"Aprender Sempre - L. Portuguesa - 3\u00ba Ano - 3\u00ba Bim - Videoaula 5 - AS CARTAS PESSOAIS COMO INSTRUMENT\" width=\"1200\" height=\"675\" src=\"https:\/\/www.youtube.com\/embed\/ijiZB5CCNc0?feature=oembed\" frameborder=\"0\" allow=\"accelerometer; autoplay; clipboard-write; encrypted-media; gyroscope; picture-in-picture; web-share\" referrerpolicy=\"strict-origin-when-cross-origin\" allowfullscreen><\/iframe><\/p>\n<\/div><figcaption class=\"wp-element-caption\"><a href=\"https:\/\/youtu.be\/ijiZB5CCNc0\" target=\"_blank\" rel=\"noreferrer noopener\">Aprender Sempre &#8211; L. Portuguesa &#8211; 3\u00ba Ano &#8211; 3\u00ba Bim &#8211; Videoaula 5 &#8211; AS CARTAS PESSOAIS COMO INSTRUMENTO<\/a><\/figcaption><\/figure>\n\n\n\n<p class=\"has-text-align-center has-background has-medium-font-size\" style=\"background-color:#e3eef4\"><strong>As cartas pessoais como instrumento de interlocu\u00e7\u00e3o entre autor e leitor<\/strong><\/p>\n\n\n\n<p class=\"has-medium-font-size\">ANTES DA INVEN\u00c7\u00c3O DOS TELEFONES E DA INTERNET, AS CARTAS ERAM O PRINCIPAL MEIO DE COMUNICA\u00c7\u00c3O ENTRE PESSOAS QUE ESTAVAM DISTANTES.&nbsp;<\/p>\n\n\n\n<p class=\"has-medium-font-size\">HOJE, MESMO COM TANTAS TECNOLOGIAS DISPON\u00cdVEIS, ESCREVER CARTAS PESSOAIS AINDA \u00c9 UMA MANEIRA ESPECIAL DE MOSTRAR CARINHO E CUIDADO.&nbsp;<\/p>\n\n\n\n<p class=\"has-medium-font-size\">RECEBER UMA CARTA ESCRITA \u00c0 M\u00c3O \u00c9 UM GESTO QUE PODE TRAZER MUITA ALEGRIA E CRIAR UMA CONEX\u00c3O MAIS PROFUNDA ENTRE AS PESSOAS.<\/p>\n\n\n\n<p class=\"has-medium-font-size\">A CARTA PESSOAL \u00c9 UMA MENSAGEM ESCRITA PARA ALGU\u00c9M QUE CONHECEMOS, COMO UM AMIGO, PARENTE OU VIZINHO. ESSE TIPO DE TEXTO \u00c9 UMA POSSIBILIDADE DE COMUNICA\u00c7\u00c3O, DIFERENTE DAS MENSAGENS ELETR\u00d4NICAS.<\/p>\n\n\n\n<p class=\"has-medium-font-size\">APESAR DAS DIVERSAS TRANSFORMA\u00c7\u00d5ES DO G\u00caNERO CARTA, SUA ESTRUTURA POSSUI ALGUNS ELEMENTOS IMPORTANTES.<\/p>\n\n\n\n<figure class=\"wp-block-image size-full is-resized\"><img decoding=\"async\" width=\"651\" height=\"384\" src=\"https:\/\/sme.goiania.go.gov.br\/conexaoescola\/wp-content\/uploads\/2022\/10\/1-6-e1722600580842.png\" alt=\"\" class=\"wp-image-185264\" style=\"width:839px;height:auto\" srcset=\"https:\/\/sme.goiania.go.gov.br\/conexaoescola\/wp-content\/uploads\/2022\/10\/1-6-e1722600580842.png 651w, https:\/\/sme.goiania.go.gov.br\/conexaoescola\/wp-content\/uploads\/2022\/10\/1-6-e1722600580842-300x177.png 300w\" sizes=\"(max-width: 651px) 100vw, 651px\" \/><figcaption class=\"wp-element-caption\">Dispon\u00edvel em: GOIANIA. Secretaria Municipal de Educa\u00e7\u00e3o. Aprender sempre. 3\u00b0. Ano &#8211; Ensino Fundamental; L\u00edngua Portuguesa e Matem\u00e1tica; 3\u00b0. Bimestre; Goi\u00e2nia, 2022.<\/figcaption><\/figure>\n\n\n\n<p class=\"has-text-align-center has-background has-medium-font-size\" style=\"background-color:#e3eef4\"><strong>ATIVIDADES<\/strong><\/p>\n\n\n\n<p class=\"has-text-align-left has-background has-medium-font-size\" style=\"background-color:#f2ecee\"> <strong>QUEST\u00c3O 1<\/strong> <\/p>\n\n\n\n<p class=\"has-medium-font-size\">A CARTA \u00c9 UM TIPO DE TEXTO UTILIZADO ENTRE AS PESSOAS COM O OBJETIVO DE CORRESPONDEREM ENTRE SI. SUA ESTRUTURA POSSUI ALGUNS ELEMENTOS RELATIVAMENTE FIXOS, OS QUAIS S\u00c3O: DATA; DESTINAT\u00c1RIO (PARA QUEM \u00c9 REMETIDA A CARTA); CORPO DO TEXTO; SAUDA\u00c7\u00c3O E ASSINATURA. VEJA AS CARTAS SEGUINTES E RESPONDA:<\/p>\n\n\n\n<p class=\"has-medium-font-size\"><strong>CARTA 1<\/strong><\/p>\n\n\n<div class=\"wp-block-image\">\n<figure class=\"aligncenter size-full is-resized\"><img decoding=\"async\" width=\"384\" height=\"389\" src=\"https:\/\/sme.goiania.go.gov.br\/conexaoescola\/wp-content\/uploads\/2022\/10\/1-7-e1665182023826.jpg\" alt=\"\" class=\"wp-image-152249\" style=\"width:651px;height:659px\" srcset=\"https:\/\/sme.goiania.go.gov.br\/conexaoescola\/wp-content\/uploads\/2022\/10\/1-7-e1665182023826.jpg 384w, https:\/\/sme.goiania.go.gov.br\/conexaoescola\/wp-content\/uploads\/2022\/10\/1-7-e1665182023826-296x300.jpg 296w\" sizes=\"(max-width: 384px) 100vw, 384px\" \/><\/figure><\/div>\n\n\n<p class=\"has-medium-font-size\"><strong>CARTA 2<\/strong><\/p>\n\n\n<div class=\"wp-block-image\">\n<figure class=\"aligncenter size-full is-resized\"><img loading=\"lazy\" decoding=\"async\" width=\"551\" height=\"325\" src=\"https:\/\/sme.goiania.go.gov.br\/conexaoescola\/wp-content\/uploads\/2022\/10\/1-8-e1665182125826.jpg\" alt=\"\" class=\"wp-image-152250\" style=\"width:800px;height:472px\" srcset=\"https:\/\/sme.goiania.go.gov.br\/conexaoescola\/wp-content\/uploads\/2022\/10\/1-8-e1665182125826.jpg 551w, https:\/\/sme.goiania.go.gov.br\/conexaoescola\/wp-content\/uploads\/2022\/10\/1-8-e1665182125826-300x177.jpg 300w\" sizes=\"(max-width: 551px) 100vw, 551px\" \/><figcaption class=\"wp-element-caption\">Dispon\u00edvel em: GOI\u00c2NIA. Secretaria Municipal de Educa\u00e7\u00e3o. Aprender sempre. 3\u00b0. Ano &#8211; Ensino Fundamental; L\u00edngua Portuguesa e Matem\u00e1tica; 3\u00b0. Bimestre; Goi\u00e2nia, 2022.<\/figcaption><\/figure><\/div>\n\n\n<p class=\"has-medium-font-size\">A) COM QUE OBJETIVO CADA UMA DAS CARTAS FORAM ENVIADAS AOS SEUS DESTINAT\u00c1RIOS?<\/p>\n\n\n\n<p>_______________________________________________________________________________________________________________________<\/p>\n\n\n\n<p class=\"has-medium-font-size\">_______________________________________________________________________________________________<\/p>\n\n\n\n<p class=\"has-medium-font-size\">B) QUAIS S\u00c3O AS CARACTER\u00cdSTICAS DESSE G\u00caNERO?<\/p>\n\n\n\n<p>______________________________________________________________________________________________________________________<\/p>\n\n\n\n<p class=\"has-medium-font-size\">C) QUE RELA\u00c7\u00c3O PARECE EXISTIR ENTRE OS REMETENTES E OS SEUS DESTINAT\u00c1RIOS?<\/p>\n\n\n\n<p>______________________________________________________________________________________________________________________<\/p>\n\n\n\n<p>______________________________________________________________________________________________________________________<\/p>\n\n\n\n<p class=\"has-text-align-left has-background has-medium-font-size\" style=\"background-color:#f2ecee\"> <strong>QUEST\u00c3O 2<\/strong><\/p>\n\n\n\n<p class=\"has-medium-font-size\">A CARTA PESSOAL \u00c9<\/p>\n\n\n\n<p class=\"has-medium-font-size\">(A) UMA COMUNICA\u00c7\u00c3O ESCRITA ENTRE EMPRESAS.<\/p>\n\n\n\n<p class=\"has-medium-font-size\">(B) UMA MENSAGEM ESCRITA ENTRE AMIGOS OU FAMILIARES.<\/p>\n\n\n\n<p class=\"has-medium-font-size\">(C) UM DOCUMENTO OFICIAL ENVIADO POR UM GOVERNO.<\/p>\n\n\n\n<p class=\"has-medium-font-size\">(D) UM AN\u00daNCIO PUBLICIT\u00c1RIO ENVIADO PELO CORREIO.<\/p>\n\n\n\n<p><\/p>\n\n\n\n<p class=\"has-text-align-left has-background has-medium-font-size\" style=\"background-color:#f2ecee\"> <strong>QUEST\u00c3O 3<\/strong><\/p>\n\n\n\n<p class=\"has-medium-font-size\">COM O AVAN\u00c7O TECNOL\u00d3GICO, AS CARTAS SE VIRTUALIZARAM. <\/p>\n\n\n\n<p class=\"has-medium-font-size\">O MEIO DE COMUNICA\u00c7\u00c3O MAIS USADO ATUALMENTE PARA ENVIAR MENSAGENS \u00c9<\/p>\n\n\n\n<p class=\"has-medium-font-size\">(A) TELEGRAMA.<\/p>\n\n\n\n<p class=\"has-medium-font-size\">(B) FAX.<\/p>\n\n\n\n<p class=\"has-medium-font-size\">(C) E-MAIL.<\/p>\n\n\n\n<p class=\"has-medium-font-size\">(D) CARTA MANUSCRITA.<\/p>\n\n\n\n<p><\/p>\n\n\n\n<p class=\"has-text-align-left has-background has-medium-font-size\" style=\"background-color:#f2ecee\"> <strong>QUEST\u00c3O 4<\/strong><\/p>\n\n\n\n<p class=\"has-medium-font-size\">AGORA \u00c9 COM VOC\u00ca! IMAGINE QUE VOC\u00ca TEM UM AMIGO OU PARENTE QUE MORA EM OUTRA CIDADE E VOC\u00caS N\u00c3O SE VEEM H\u00c1 MUITO TEMPO. ESCREVA UMA CARTA CONTANDO COMO VOC\u00ca EST\u00c1, SEU DIA-A-DIA E RECORDE ALGO QUE PASSARAM JUNTOS. PARA A ELABORA\u00c7\u00c3O DA SUA CARTA, COLOQUE EM PR\u00c1TICA A ESTRUTURA DA CARTA PESSOAL QUE VOC\u00ca J\u00c1 APRENDEU.<\/p>\n\n\n\n<figure class=\"wp-block-image size-full is-resized\"><img loading=\"lazy\" decoding=\"async\" width=\"624\" height=\"440\" src=\"https:\/\/sme.goiania.go.gov.br\/conexaoescola\/wp-content\/uploads\/2022\/10\/1-9-e1665182378367.jpg\" alt=\"\" class=\"wp-image-152251\" style=\"width:835px;height:589px\" srcset=\"https:\/\/sme.goiania.go.gov.br\/conexaoescola\/wp-content\/uploads\/2022\/10\/1-9-e1665182378367.jpg 624w, https:\/\/sme.goiania.go.gov.br\/conexaoescola\/wp-content\/uploads\/2022\/10\/1-9-e1665182378367-300x212.jpg 300w\" sizes=\"(max-width: 624px) 100vw, 624px\" \/><figcaption class=\"wp-element-caption\">Dispon\u00edvel em: &lt;https:\/\/br.freepik.com\/vetores-gratis\/design-de-banner-do-dia-mundial-da-escrita-de-cartas_28814945.htm#page=2&amp;query=ENVELOPE%20DESENHO&amp;position=46&amp;from_view=search&gt; Acesso em 15, agosto de 2022.<\/figcaption><\/figure>\n\n\n\n<hr class=\"wp-block-separator has-alpha-channel-opacity\"\/>\n\n\n\n<figure class=\"wp-block-table is-style-stripes\"><table><tbody><tr><td><strong>Autoria:<\/strong><\/td><td>Gabriele Leandro Dias<\/td><\/tr><tr><td><strong>Forma\u00e7\u00e3o:&nbsp;<\/strong><\/td><td>Pedagogia\/ Psicologia<\/td><\/tr><tr><td><strong>Componente Curricular:<\/strong><\/td><td>L\u00cdNGUA PORTUGUESA<\/td><\/tr><tr><td><strong>Habilidades:<\/strong><\/td><td>(EF03LP12) Ler e compreender, com autonomia, cartas pessoais e di\u00e1rios, com express\u00e3o de sentimentos e opini\u00f5es, entre outros g\u00eaneros, de acordo com as conven\u00e7\u00f5es do g\u00eanero carta e considerando a situa\u00e7\u00e3o comunicativa e o tema\/assunto do texto.<br>(EF02LP12) Ler e compreender com certa autonomia cantigas, letras de can\u00e7\u00e3o, dentre outros g\u00eaneros, considerando a situa\u00e7\u00e3o comunicativa e o tema\/assunto do texto e relacionando sua forma de organiza\u00e7\u00e3o a sua finalidade.<br>(EF02LP12-C) Relacionar a forma de organiza\u00e7\u00e3o do texto, a cantiga e escrita em versos, estrofes e rimas, as can\u00e7\u00f5es n\u00e3o possuem a mesma estrutura, a sua finalidade: cantiga de ninar, de roda, de natal possuem finalidades espec\u00edficas.<br>(EF35LP01) Ler e compreender, silenciosamente e, em seguida, em voz alta, com autonomia e flu\u00eancia, textos curtos com n\u00edvel de textualidade adequado.<\/td><\/tr><tr><td><strong>Refer\u00eancias:<\/strong><\/td><td>GOI\u00c2NIA. Secretaria Municipal de Educa\u00e7\u00e3o. Aprender sempre. 3\u00b0. Ano &#8211; Ensino Fundamental; L\u00edngua Portuguesa e Matem\u00e1tica; 3\u00b0. Bimestre; Goi\u00e2nia, 2022.<br>Projeto Buriti. Portugu\u00eas. (Cole\u00e7\u00e3o do 2\u00ba ao 5\u00ba ano). S\u00e3o Paulo: Moderna, 2017.<\/td><\/tr><\/tbody><\/table><\/figure>\n","protected":false},"author":45,"featured_media":152241,"template":"","ef_categoria":[30],"ef_ano":[86],"ef_componente":[93],"class_list":["post-152240","ensino_fundamental","type-ensino_fundamental","status-publish","has-post-thumbnail","hentry","ef_categoria-etica-e-cidadania-ciclo-da-adolescencia-fg","ef_ano-3o-ano","ef_componente-portugues","entry","has-media"],"acf":[],"_links":{"self":[{"href":"https:\/\/sme.goiania.go.gov.br\/conexaoescola\/wp-json\/wp\/v2\/ensino_fundamental\/152240","targetHints":{"allow":["GET"]}}],"collection":[{"href":"https:\/\/sme.goiania.go.gov.br\/conexaoescola\/wp-json\/wp\/v2\/ensino_fundamental"}],"about":[{"href":"https:\/\/sme.goiania.go.gov.br\/conexaoescola\/wp-json\/wp\/v2\/types\/ensino_fundamental"}],"author":[{"embeddable":true,"href":"https:\/\/sme.goiania.go.gov.br\/conexaoescola\/wp-json\/wp\/v2\/users\/45"}],"version-history":[{"count":13,"href":"https:\/\/sme.goiania.go.gov.br\/conexaoescola\/wp-json\/wp\/v2\/ensino_fundamental\/152240\/revisions"}],"predecessor-version":[{"id":186788,"href":"https:\/\/sme.goiania.go.gov.br\/conexaoescola\/wp-json\/wp\/v2\/ensino_fundamental\/152240\/revisions\/186788"}],"wp:featuredmedia":[{"embeddable":true,"href":"https:\/\/sme.goiania.go.gov.br\/conexaoescola\/wp-json\/wp\/v2\/media\/152241"}],"wp:attachment":[{"href":"https:\/\/sme.goiania.go.gov.br\/conexaoescola\/wp-json\/wp\/v2\/media?parent=152240"}],"wp:term":[{"taxonomy":"ef_categoria","embeddable":true,"href":"https:\/\/sme.goiania.go.gov.br\/conexaoescola\/wp-json\/wp\/v2\/ef_categoria?post=152240"},{"taxonomy":"ef_ano","embeddable":true,"href":"https:\/\/sme.goiania.go.gov.br\/conexaoescola\/wp-json\/wp\/v2\/ef_ano?post=152240"},{"taxonomy":"ef_componente","embeddable":true,"href":"https:\/\/sme.goiania.go.gov.br\/conexaoescola\/wp-json\/wp\/v2\/ef_componente?post=152240"}],"curies":[{"name":"wp","href":"https:\/\/api.w.org\/{rel}","templated":true}]}}