{"id":152098,"date":"2022-10-07T07:00:00","date_gmt":"2022-10-07T10:00:00","guid":{"rendered":"https:\/\/sme.goiania.go.gov.br\/conexaoescola\/?post_type=ensino_fundamental&#038;p=152098"},"modified":"2024-03-11T15:13:33","modified_gmt":"2024-03-11T18:13:33","slug":"arte-artes-visuais-arte-naif-4","status":"publish","type":"ensino_fundamental","link":"https:\/\/sme.goiania.go.gov.br\/conexaoescola\/ensino_fundamental\/arte-artes-visuais-arte-naif-4\/","title":{"rendered":"Arte\/Artes Visuais &#8211; Arte Ing\u00eanua"},"content":{"rendered":"\n<p class=\"has-text-align-center has-background has-medium-font-size\" style=\"background-color:#cf7878\">Esta proposta de atividade de ARTE\/ARTES VISUAIS \u00e9 destinada aos estudantes do 9\u00ba ano do Ensino Fundamental.<\/p>\n\n\n\n<div class=\"wp-block-buttons is-content-justification-center is-layout-flex wp-container-core-buttons-is-layout-16018d1d wp-block-buttons-is-layout-flex\">\n<div class=\"wp-block-button\"><a class=\"wp-block-button__link wp-element-button\" href=\"https:\/\/drive.google.com\/uc?export=download&amp;id=1Gi7_uBi5VIDBxcbri20VJNSraOMi7j-9\" target=\"_blank\" rel=\"noreferrer noopener\">Baixe a atividade<\/a><\/div>\n\n\n\n<div class=\"wp-block-button\"><a class=\"wp-block-button__link wp-element-button\" href=\"https:\/\/drive.google.com\/uc?export=download&amp;id=15QxLzkmK3Za5KqTvIpbl8j8QiXOFV5yP\" target=\"_blank\" rel=\"noreferrer noopener\">Baixe os slides<\/a><\/div>\n\n\n\n<div class=\"wp-block-button\"><a class=\"wp-block-button__link wp-element-button\" href=\"https:\/\/drive.google.com\/uc?export=download&amp;id=1NBszR-TfdjQN5AQyWh8EEury6tx2WMQo\" target=\"_blank\" rel=\"noreferrer noopener\">Baixe o texto<\/a><\/div>\n<\/div>\n\n\n\n<p class=\"has-text-align-center\"><\/p>\n\n\n<div class=\"wp-block-image\">\n<figure class=\"aligncenter size-full is-resized\"><img fetchpriority=\"high\" decoding=\"async\" src=\"https:\/\/sme.goiania.go.gov.br\/conexaoescola\/wp-content\/uploads\/2023\/12\/image-69.png\" alt=\"\" class=\"wp-image-174513\" width=\"346\" height=\"346\" srcset=\"https:\/\/sme.goiania.go.gov.br\/conexaoescola\/wp-content\/uploads\/2023\/12\/image-69.png 435w, https:\/\/sme.goiania.go.gov.br\/conexaoescola\/wp-content\/uploads\/2023\/12\/image-69-300x300.png 300w, https:\/\/sme.goiania.go.gov.br\/conexaoescola\/wp-content\/uploads\/2023\/12\/image-69-150x150.png 150w\" sizes=\"(max-width: 346px) 100vw, 346px\" \/><\/figure><\/div>\n\n\n<p class=\"has-text-align-center has-small-font-size\">Dispon\u00edvel em <a href=\"https:\/\/www.deviantart.com\/artbyj9000\/art\/Untitled-963213697%20Acesso%20em%2013\">https:\/\/www.deviantart.com\/artbyj9000\/art\/Untitled-963213697 Acesso em 13<\/a>, dez. 2023.<\/p>\n\n\n\n<p class=\"has-text-align-center has-medium-font-size\"><strong>Arte Ing\u00eanua<\/strong><\/p>\n\n\n\n<p class=\"has-medium-font-size\">A arte ing\u00eanua, tamb\u00e9m conhecida como arte na\u00eff, \u00e9 um estilo art\u00edstico que se destaca pela simplicidade e autenticidade expressas nas obras. Este termo \u00e9 frequentemente associado a artistas autodidatas ou aqueles que n\u00e3o t\u00eam forma\u00e7\u00e3o formal em arte, resultando em cria\u00e7\u00f5es que emanam espontaneidade e simplicidade aos tra\u00e7os, formas, cores, composi\u00e7\u00e3o e muitas vezes simplificam os elementos visuais, criando imagens que s\u00e3o facilmente compreendidas.<\/p>\n\n\n<div class=\"wp-block-image\">\n<figure class=\"aligncenter size-full is-resized\"><img decoding=\"async\" src=\"https:\/\/sme.goiania.go.gov.br\/conexaoescola\/wp-content\/uploads\/2023\/12\/image-70.png\" alt=\"\" class=\"wp-image-174514\" width=\"482\" height=\"361\" srcset=\"https:\/\/sme.goiania.go.gov.br\/conexaoescola\/wp-content\/uploads\/2023\/12\/image-70.png 623w, https:\/\/sme.goiania.go.gov.br\/conexaoescola\/wp-content\/uploads\/2023\/12\/image-70-300x225.png 300w\" sizes=\"(max-width: 482px) 100vw, 482px\" \/><\/figure><\/div>\n\n\n<p class=\"has-text-align-center has-small-font-size\">Dispon\u00edvel em <a href=\"https:\/\/pxhere.com\/es\/photo\/1061201%20Acesso%20em%2013\">https:\/\/pxhere.com\/es\/photo\/1061201 Acesso em 13<\/a>, dez. 2023.<\/p>\n\n\n\n<p class=\"has-text-align-center has-medium-font-size\"><strong>Principais Caracter\u00edsticas<\/strong><\/p>\n\n\n\n<p class=\"has-medium-font-size\">Os artistas n\u00e3o seguem as regras tradicionais de perspectiva, resultando em representa\u00e7\u00f5es n\u00e3o convencionais dos objetos e paisagens. As obras art\u00edsticas frequentemente apresentam cores vibrantes e saturadas, adicionando um toque de alegria e vitalidade \u00e0s representa\u00e7\u00f5es.<\/p>\n\n\n<div class=\"wp-block-image\">\n<figure class=\"aligncenter size-full is-resized\"><img decoding=\"async\" src=\"https:\/\/sme.goiania.go.gov.br\/conexaoescola\/wp-content\/uploads\/2023\/12\/image-71.png\" alt=\"\" class=\"wp-image-174515\" width=\"348\" height=\"419\" srcset=\"https:\/\/sme.goiania.go.gov.br\/conexaoescola\/wp-content\/uploads\/2023\/12\/image-71.png 442w, https:\/\/sme.goiania.go.gov.br\/conexaoescola\/wp-content\/uploads\/2023\/12\/image-71-249x300.png 249w\" sizes=\"(max-width: 348px) 100vw, 348px\" \/><\/figure><\/div>\n\n\n<p class=\"has-text-align-center has-small-font-size\">Dispon\u00edvel em <a href=\"https:\/\/www.flickr.com\/photos\/lezumbalaberenjena\/13310233033%20Acesso%20em%2013\">https:\/\/www.flickr.com\/photos\/lezumbalaberenjena\/13310233033 Acesso em 13<\/a>, dez. 2023.<\/p>\n\n\n\n<p class=\"has-medium-font-size\">Os temas abordados nas produ\u00e7\u00f5es s\u00e3o frequentemente extra\u00eddos da vida cotidiana, festividades, atividades agr\u00edcolas, animais e retratos de pessoas comuns.<\/p>\n\n\n\n<p class=\"has-text-align-center has-medium-font-size\"><strong>Principais Artistas<\/strong><\/p>\n\n\n\n<p class=\"has-text-align-center has-medium-font-size\"><strong>Henri Rousseau (1844-1910)<\/strong><\/p>\n\n\n\n<p class=\"has-medium-font-size\">Rousseau foi um pintor franc\u00eas autodidata e um dos pioneiros da arte ing\u00eanua. Suas obras muitas vezes retratam plantas e animais selvagens.<\/p>\n\n\n<div class=\"wp-block-image\">\n<figure class=\"aligncenter size-full is-resized\"><img loading=\"lazy\" decoding=\"async\" src=\"https:\/\/sme.goiania.go.gov.br\/conexaoescola\/wp-content\/uploads\/2023\/12\/image-72.png\" alt=\"\" class=\"wp-image-174516\" width=\"438\" height=\"391\" srcset=\"https:\/\/sme.goiania.go.gov.br\/conexaoescola\/wp-content\/uploads\/2023\/12\/image-72.png 546w, https:\/\/sme.goiania.go.gov.br\/conexaoescola\/wp-content\/uploads\/2023\/12\/image-72-300x268.png 300w\" sizes=\"(max-width: 438px) 100vw, 438px\" \/><\/figure><\/div>\n\n\n<p class=\"has-text-align-center has-small-font-size\">Dispon\u00edvel em <a href=\"https:\/\/www.rawpixel.com\/board\/1054552\/henri-rousseau-original-public-domain-paintings%20Acesso%20em%2013\">https:\/\/www.rawpixel.com\/board\/1054552\/henri-rousseau-original-public-domain-paintings Acesso em 13<\/a>, dez. 2023.<\/p>\n\n\n\n<p class=\"has-text-align-center has-medium-font-size\"><strong>Grandma Moses (1860-1961)<\/strong><\/p>\n\n\n\n<p class=\"has-medium-font-size\">Anna Mary Robertson Moses, mais conhecida como Grandma Moses, foi uma famosa artista americana. Come\u00e7ou a pintar na terceira idade e ganhou reconhecimento por suas cenas rurais e representa\u00e7\u00f5es da vida no campo.<\/p>\n\n\n<div class=\"wp-block-image\">\n<figure class=\"aligncenter size-full is-resized\"><img loading=\"lazy\" decoding=\"async\" src=\"https:\/\/sme.goiania.go.gov.br\/conexaoescola\/wp-content\/uploads\/2023\/12\/image-73.png\" alt=\"\" class=\"wp-image-174517\" width=\"500\" height=\"334\" srcset=\"https:\/\/sme.goiania.go.gov.br\/conexaoescola\/wp-content\/uploads\/2023\/12\/image-73.png 708w, https:\/\/sme.goiania.go.gov.br\/conexaoescola\/wp-content\/uploads\/2023\/12\/image-73-300x200.png 300w\" sizes=\"(max-width: 500px) 100vw, 500px\" \/><\/figure><\/div>\n\n\n<p class=\"has-text-align-center has-small-font-size\">Dispon\u00edvel em <a href=\"https:\/\/www.flickr.com\/photos\/kamikazecactus\/3916414081%20Acesso%20em%2013\">https:\/\/www.flickr.com\/photos\/kamikazecactus\/3916414081 Acesso em 13<\/a>, dez. 2023.<\/p>\n\n\n\n<p class=\"has-text-align-center has-medium-font-size\"><strong>S\u00e9raphine Louis (1864-1942)<\/strong><\/p>\n\n\n\n<p class=\"has-medium-font-size\">S\u00e9raphine foi uma pintora francesa autodidata cujas obras s\u00e3o conhecidas por sua intensidade emocional, padr\u00f5es florais e paisagens.<\/p>\n\n\n<div class=\"wp-block-image\">\n<figure class=\"aligncenter size-full is-resized\"><img loading=\"lazy\" decoding=\"async\" src=\"https:\/\/sme.goiania.go.gov.br\/conexaoescola\/wp-content\/uploads\/2023\/12\/image-74.png\" alt=\"\" class=\"wp-image-174518\" width=\"312\" height=\"461\" srcset=\"https:\/\/sme.goiania.go.gov.br\/conexaoescola\/wp-content\/uploads\/2023\/12\/image-74.png 426w, https:\/\/sme.goiania.go.gov.br\/conexaoescola\/wp-content\/uploads\/2023\/12\/image-74-203x300.png 203w\" sizes=\"(max-width: 312px) 100vw, 312px\" \/><\/figure><\/div>\n\n\n<p class=\"has-text-align-center has-small-font-size\">Dispon\u00edvel em <a href=\"https:\/\/commons.wikimedia.org\/wiki\/File:S%C3%A9raphine_de_Senlis_au_Mus%C3%A9e_Maillol_%282955700234%29.jpg\">https:\/\/commons.wikimedia.org\/wiki\/File:S%C3%A9raphine_de_Senlis_au_Mus%C3%A9e_Maillol_%282955700234%29.jpg<\/a> Acesso em 13, dez. 2023.<\/p>\n\n\n\n<p class=\"has-medium-font-size\">A arte ing\u00eanua continua a ser apreciada por sua autenticidade e capacidade de transmitir emo\u00e7\u00f5es de maneira direta e acess\u00edvel. Ela celebra a criatividade inata e a express\u00e3o individual, desafiando muitas vezes as normas convencionais da arte acad\u00eamica.<\/p>\n\n\n\n<p class=\"has-black-color has-text-color has-background has-medium-font-size\" style=\"background-color:#cf7878\"><strong>QUEST\u00c3O 1<\/strong><\/p>\n\n\n\n<p class=\"has-medium-font-size\">A arte ing\u00eanua emana espontaneidade e simplicidade aos tra\u00e7os, formas, cores, composi\u00e7\u00e3o e muitas vezes simplificam os elementos visuais, criando imagens que s\u00e3o facilmente compreendidas. Ent\u00e3o, o<strong> <\/strong>que diferencia os artistas ing\u00eanuos em rela\u00e7\u00e3o \u00e0 perspectiva?<\/p>\n\n\n\n<p class=\"has-medium-font-size\">(A) Seguem estritamente as regras tradicionais.<\/p>\n\n\n\n<p class=\"has-medium-font-size\">(B) Utilizam perspectiva abstrata.<\/p>\n\n\n\n<p class=\"has-medium-font-size\">(C) Ignoram completamente a perspectiva.<\/p>\n\n\n\n<p class=\"has-medium-font-size\">(D) Adaptam a perspectiva conforme a intui\u00e7\u00e3o.<\/p>\n\n\n\n<p class=\"has-black-color has-text-color has-background has-medium-font-size\" style=\"background-color:#cf7878\"><strong>QUEST\u00c3O 2<\/strong><\/p>\n\n\n\n<p class=\"has-medium-font-size\">A arte ing\u00eanua, tamb\u00e9m conhecida como arte na\u00eff, \u00e9 um estilo art\u00edstico que se destaca pela simplicidade e autenticidade expressas nas obras, com cores e tra\u00e7os marcantes. Como as cores s\u00e3o geralmente apresentadas nas obras de arte?<\/p>\n\n\n\n<p class=\"has-medium-font-size\">(A) Tons neutros e apagados.<\/p>\n\n\n\n<p class=\"has-medium-font-size\">(B) Cores vibrantes e saturadas.<\/p>\n\n\n\n<p class=\"has-medium-font-size\">(C) Sombras e contrastes intensos.<\/p>\n\n\n\n<p class=\"has-medium-font-size\">(D) Paleta monocrom\u00e1tica.<\/p>\n\n\n\n<p class=\"has-black-color has-text-color has-background has-medium-font-size\" style=\"background-color:#cf7878\"><strong>QUEST\u00c3O 3<\/strong><\/p>\n\n\n\n<p class=\"has-medium-font-size\">Quais s\u00e3o as caracter\u00edsticas principais que destacam a arte ing\u00eanua?<\/p>\n\n\n\n<p class=\"has-black-color has-text-color has-background has-medium-font-size\" style=\"background-color:#cf7878\"><strong>QUEST\u00c3O 4<\/strong><\/p>\n\n\n\n<p class=\"has-medium-font-size\">Quais s\u00e3o os temas frequentemente abordados nas produ\u00e7\u00f5es art\u00edsticas ing\u00eanuas?<\/p>\n\n\n\n<figure class=\"wp-block-table is-style-stripes\"><table><tbody><tr><td><strong>Autoria<\/strong><\/td><td>Veruska Bettiol<\/td><\/tr><tr><td><strong>Forma\u00e7\u00e3o<\/strong><\/td><td>Artes Visuais<\/td><\/tr><tr><td><strong>Componente Curricular<\/strong><\/td><td>Arte\/Artes Visuais<\/td><\/tr><tr><td><strong>Habilidade<\/strong><\/td><td>(GO-EF09AR01-A) Apontar, relacionar, compreender criticamente as formas distintas das artes visuais tradicionais e contempor\u00e2neas, locais, regionais, nacionais e universais, desenvolvendo a percep\u00e7\u00e3o, o imagin\u00e1rio, o pensamento cr\u00edtico, a interpreta\u00e7\u00e3o, a capacidade de simbolizar e valorizar o repert\u00f3rio imag\u00e9tico pessoal e do cotidiano, em contextos diversos.<\/td><\/tr><tr><td><strong>Refer\u00eancias<\/strong><\/td><td><strong>ARAGON<\/strong>, BRODSKAIA, Nathalia. Arte <em>na\u00eff<\/em>, Cole\u00e7\u00e3o Folha, volume 20, 2017.<br><strong>Ita\u00fa Cultural.<\/strong>&nbsp; Arte Na\u00eff\/Enciclop\u00e9dia Ita\u00fa Cultural. \u00daltima atualiza\u00e7\u00e3o 20\/05\/2022. <br>Dispon\u00edvel em:&nbsp;<br>&lt;<a href=\"http:\/\/enciclopedia.itaucultural.org.br\/termo5357\/arte-naif\">http:\/\/enciclopedia.itaucultural.org.br\/termo5357\/arte-naif<\/a>&gt; Acesso em: 19 de set. 2022.<\/td><\/tr><\/tbody><\/table><\/figure>\n","protected":false},"author":62,"featured_media":174520,"template":"","ef_categoria":[16,32],"ef_ano":[92],"ef_componente":[99],"class_list":["post-152098","ensino_fundamental","type-ensino_fundamental","status-publish","has-post-thumbnail","hentry","ef_categoria-ciclo-da-adolescencia-hi","ef_categoria-corpo-e-movimento-ciclo-da-adolescencia-hi","ef_ano-9o-ano","ef_componente-arte-ef","entry","has-media"],"acf":[],"_links":{"self":[{"href":"https:\/\/sme.goiania.go.gov.br\/conexaoescola\/wp-json\/wp\/v2\/ensino_fundamental\/152098","targetHints":{"allow":["GET"]}}],"collection":[{"href":"https:\/\/sme.goiania.go.gov.br\/conexaoescola\/wp-json\/wp\/v2\/ensino_fundamental"}],"about":[{"href":"https:\/\/sme.goiania.go.gov.br\/conexaoescola\/wp-json\/wp\/v2\/types\/ensino_fundamental"}],"author":[{"embeddable":true,"href":"https:\/\/sme.goiania.go.gov.br\/conexaoescola\/wp-json\/wp\/v2\/users\/62"}],"version-history":[{"count":1,"href":"https:\/\/sme.goiania.go.gov.br\/conexaoescola\/wp-json\/wp\/v2\/ensino_fundamental\/152098\/revisions"}],"predecessor-version":[{"id":174521,"href":"https:\/\/sme.goiania.go.gov.br\/conexaoescola\/wp-json\/wp\/v2\/ensino_fundamental\/152098\/revisions\/174521"}],"wp:featuredmedia":[{"embeddable":true,"href":"https:\/\/sme.goiania.go.gov.br\/conexaoescola\/wp-json\/wp\/v2\/media\/174520"}],"wp:attachment":[{"href":"https:\/\/sme.goiania.go.gov.br\/conexaoescola\/wp-json\/wp\/v2\/media?parent=152098"}],"wp:term":[{"taxonomy":"ef_categoria","embeddable":true,"href":"https:\/\/sme.goiania.go.gov.br\/conexaoescola\/wp-json\/wp\/v2\/ef_categoria?post=152098"},{"taxonomy":"ef_ano","embeddable":true,"href":"https:\/\/sme.goiania.go.gov.br\/conexaoescola\/wp-json\/wp\/v2\/ef_ano?post=152098"},{"taxonomy":"ef_componente","embeddable":true,"href":"https:\/\/sme.goiania.go.gov.br\/conexaoescola\/wp-json\/wp\/v2\/ef_componente?post=152098"}],"curies":[{"name":"wp","href":"https:\/\/api.w.org\/{rel}","templated":true}]}}