{"id":151904,"date":"2024-10-10T14:38:56","date_gmt":"2024-10-10T17:38:56","guid":{"rendered":"https:\/\/sme.goiania.go.gov.br\/conexaoescola\/?post_type=ensino_fundamental&#038;p=151904"},"modified":"2024-10-15T13:32:31","modified_gmt":"2024-10-15T16:32:31","slug":"geografia-sinalizacao-de-transito","status":"publish","type":"ensino_fundamental","link":"https:\/\/sme.goiania.go.gov.br\/conexaoescola\/ensino_fundamental\/geografia-sinalizacao-de-transito\/","title":{"rendered":"Geografia &#8211; Sinaliza\u00e7\u00e3o de tr\u00e2nsito"},"content":{"rendered":"\n<p class=\"has-black-color has-text-color has-background has-medium-font-size\" style=\"background-color:#ccffcc\">Esta proposta de atividade de&nbsp;<strong>GEOGRAFIA <\/strong>\u00e9 destinada aos estudantes do<strong> 2\u00ba ano<\/strong>&nbsp;do Ensino Fundamental. <\/p>\n\n\n\n<div class=\"wp-block-buttons has-custom-font-size has-medium-font-size is-content-justification-center is-layout-flex wp-container-core-buttons-is-layout-16018d1d wp-block-buttons-is-layout-flex\">\n<div class=\"wp-block-button has-custom-font-size has-medium-font-size\"><a class=\"wp-block-button__link has-white-color has-black-background-color has-text-color has-background wp-element-button\" href=\"https:\/\/drive.google.com\/uc?export=download&amp;id=1Fk0PiSPIDxV1r3LNW4-WKuB2qttVgVYv\" target=\"_blank\" rel=\"noreferrer noopener\">BAIXE A ATIVIDADE<\/a><\/div>\n\n\n\n<div class=\"wp-block-button has-custom-font-size has-medium-font-size\"><a class=\"wp-block-button__link has-white-color has-black-background-color has-text-color has-background wp-element-button\" href=\"https:\/\/drive.google.com\/uc?export=download&amp;id=1AhK7lSfb8gW4krrun9Ag38H5YvsMMgqd\" target=\"_blank\" rel=\"noreferrer noopener\">BAIXE OS SLIDES<\/a><\/div>\n\n\n\n<div class=\"wp-block-button has-custom-font-size has-medium-font-size\"><a class=\"wp-block-button__link has-white-color has-black-background-color has-text-color has-background wp-element-button\" href=\"https:\/\/drive.google.com\/uc?export=download&amp;id=167_CQ4zerIYpUIMA9u7lvn56fFNoRTUb\" target=\"_blank\" rel=\"noreferrer noopener\">BAIXE O TEXTO<\/a><\/div>\n<\/div>\n\n\n\n<p class=\"has-white-color has-text-color has-link-color wp-elements-7e4ac651328708ea719ac0894fa30934\">.<\/p>\n\n\n\n<p class=\"has-text-align-center has-black-color has-text-color has-medium-font-size\"><strong> SINALIZA\u00c7\u00c3O DE TR\u00c2NSITO<\/strong><\/p>\n\n\n\n<p class=\"has-text-align-center has-black-color has-text-color has-medium-font-size\">NA MAIORIA DAS CIDADES, AS RUAS T\u00caM SINALIZA\u00c7\u00c3O PARA PEDESTRES, MOTORISTAS, CICLISTAS E MOTOCICLISTAS NO TR\u00c2NSITO. S\u00c3O AS PLACAS, OS SEM\u00c1FOROS, AS FAIXAS DE PEDESTRES E AS SINALIZA\u00c7\u00d5ES NO ASFALTO. ESTES RECURSOS S\u00c3O IMPORTANTES PARA ORGANIZAR O TR\u00c2NSITO E EVITAR ACIDENTES.<\/p>\n\n\n<div class=\"wp-block-image is-resized is-style-default\">\n<figure class=\"aligncenter size-full\"><img fetchpriority=\"high\" decoding=\"async\" width=\"450\" height=\"335\" src=\"https:\/\/sme.goiania.go.gov.br\/conexaoescola\/wp-content\/uploads\/2022\/10\/image-1.png\" alt=\"\" class=\"wp-image-152144\" srcset=\"https:\/\/sme.goiania.go.gov.br\/conexaoescola\/wp-content\/uploads\/2022\/10\/image-1.png 450w, https:\/\/sme.goiania.go.gov.br\/conexaoescola\/wp-content\/uploads\/2022\/10\/image-1-300x223.png 300w\" sizes=\"(max-width: 450px) 100vw, 450px\" \/><figcaption class=\"wp-element-caption\">https:\/\/www.freepik.com\/free-photo\/woman-riding-bicycle-path-centre-city_27331112.htm<\/figcaption><\/figure><\/div>\n\n\n<p class=\"has-text-align-center has-medium-font-size\"><strong>AGORA VOC\u00ca VAI REALIZAR ATIVIDADES SOBRE O TEMA.<\/strong><\/p>\n\n\n\n<p class=\"has-black-color has-text-color has-background has-medium-font-size\" style=\"background-color:#ccffcc\"><strong> QUEST\u00c3O 1 <\/strong><\/p>\n\n\n\n<p class=\"has-text-align-center has-medium-font-size\"><strong>FA\u00c7A TODAS AS ATIVIDADES EM SEU CADERNO<\/strong><\/p>\n\n\n\n<p class=\"has-medium-font-size\">\u2022 DEPOIS DE DESENHAR E COLORIR O SEM\u00c1FORO EM SEU CADERNO COMO NO EXEMPLO ABAIXO. PREENCHA OS ESPA\u00c7OS COM A INDICA\u00c7\u00c3O CORRETA DAS CORES.<\/p>\n\n\n\n<figure class=\"wp-block-image size-full is-resized is-style-default\"><img decoding=\"async\" width=\"671\" height=\"369\" src=\"https:\/\/sme.goiania.go.gov.br\/conexaoescola\/wp-content\/uploads\/2022\/10\/image-3.png\" alt=\"\" class=\"wp-image-152152\" style=\"width:833px;height:458px\" srcset=\"https:\/\/sme.goiania.go.gov.br\/conexaoescola\/wp-content\/uploads\/2022\/10\/image-3.png 671w, https:\/\/sme.goiania.go.gov.br\/conexaoescola\/wp-content\/uploads\/2022\/10\/image-3-300x165.png 300w\" sizes=\"(max-width: 671px) 100vw, 671px\" \/><\/figure>\n\n\n\n<p class=\"has-black-color has-text-color has-background has-medium-font-size\" style=\"background-color:#ccffcc\"><strong> QUEST\u00c3O 2<\/strong><\/p>\n\n\n\n<ul class=\"wp-block-list has-medium-font-size\">\n<li class=\"has-medium-font-size\"><strong>RESPONDA AS QUEST\u00d5ES A SEGUIR<\/strong><\/li>\n<\/ul>\n\n\n\n<p class=\"has-medium-font-size\">A. NA RUA ONDE VOC\u00ca MORA TEM PLACAS DE SINALIZA\u00c7\u00c3O?<\/p>\n\n\n\n<p class=\"has-medium-font-size\">B. DESENHE QUAIS S\u00c3O ESSAS PLACAS.<\/p>\n\n\n\n<p class=\"has-medium-font-size\">C. AGORA PERGUNTE A UM ADULTO OU PESQUISE NA INTERNET O QUE ESTAS PLACAS INDICAM OU SIGNIFICAM.<\/p>\n\n\n\n<p class=\"has-medium-font-size\">D. NA PORTA DA ESCOLA H\u00c1 UMA FAIXA DE PEDESTRES?<\/p>\n\n\n\n<p class=\"has-medium-font-size\">E. AS PESSOAS COSTUMAM RESPEITAR A FAIXA DE PEDESTRES DA PORTA DA ESCOLA?<\/p>\n\n\n\n<p class=\"has-text-align-center has-medium-font-size\"><strong>AGORA VOC\u00ca E SEUS COLEGAS V\u00c3O JUNTOS MOSTRAR OS RESULTADOS DAS ENTREVISTAS E TAMB\u00c9M DA PESQUISA NA INTERNET.<\/strong><\/p>\n\n\n\n<p class=\"has-black-color has-text-color has-background has-medium-font-size\" style=\"background-color:#ccffcc\"><strong> QUEST\u00c3O 3<\/strong><\/p>\n\n\n\n<p class=\"has-medium-font-size\"><strong>A COR VERMELHA DO SEM\u00c1FORO INDICA<\/strong><\/p>\n\n\n\n<p class=\"has-medium-font-size\">(A) PARAR COMPLETAMENTE E AGUARDAR NOVA SINALIZA\u00c7\u00c3O.<\/p>\n\n\n\n<p class=\"has-medium-font-size\">(B) SEGUIR EM FRENTE AT\u00c9 CHEGAR A UMA PLACA.<\/p>\n\n\n\n<p class=\"has-medium-font-size\">(C) ACELERAR PARA ATRAVESSAR MAIS R\u00c1PIDO.<\/p>\n\n\n\n<p class=\"has-medium-font-size\">(D) DIMINUIR A VELOCIDADE SEM PARAR TOTALMENTE.<\/p>\n\n\n\n<p class=\"has-black-color has-text-color has-background has-medium-font-size\" style=\"background-color:#ccffcc\"><strong> QUEST\u00c3O 4<\/strong><\/p>\n\n\n<div class=\"wp-block-image\">\n<figure class=\"aligncenter is-resized\"><img decoding=\"async\" src=\"https:\/\/lh7-rt.googleusercontent.com\/docsz\/AD_4nXdcvBMR8C51dyUVsAAbUzTEYd2IOlOfny9XTDdq4GZRWxQujTRKygtMLR2PVeUOKsMCAPW1ut1NPR8UDyJdU9GYex5Vqz6Bp1LmNQduNMALrUn-5nzSYzyiS2-JtlKh6JNWDfiPoGg8ghPtU2KnOtGzrqVjPyvDuTp5kGpHDw?key=d5GDPoFVZLwzkNMtMcDNFg\" alt=\"Family holding hands while crossing the road\" style=\"width:296px;height:auto\"\/><\/figure><\/div>\n\n\n<p class=\"has-medium-font-size\"><strong>A FAIXA DE PEDESTRES \u00c9 UM EXEMPLO DE SINALIZA\u00c7\u00c3O<\/strong><\/p>\n\n\n\n<p class=\"has-medium-font-size\">(A) VERTICAL, COLOCADA AO LADO DAS RUAS.<\/p>\n\n\n\n<p class=\"has-medium-font-size\">(B) HORIZONTAL, PINTADA NO ASFALTO DAS RUAS.<\/p>\n\n\n\n<p class=\"has-medium-font-size\">(C) DIGITAL, UTILIZADA APENAS EM AVENIDAS.<\/p>\n\n\n\n<p class=\"has-medium-font-size\">(D) AUTOM\u00c1TICA, QUE SE MOVE PARA OS PEDESTRES.<\/p>\n\n\n\n<hr class=\"wp-block-separator has-alpha-channel-opacity\"\/>\n\n\n\n<p class=\"has-black-color has-text-color has-background has-medium-font-size\" style=\"background-color:#ccffcc\"> <strong>SAIBA MAIS<\/strong> <\/p>\n\n\n\n<p class=\"has-medium-font-size\">AGORA, ASSISTA O V\u00cdDEO: TRANSPORTE P\u00daBLICO<br><\/p>\n\n\n\n<figure class=\"wp-block-embed is-type-video is-provider-youtube wp-block-embed-youtube wp-embed-aspect-16-9 wp-has-aspect-ratio\"><div class=\"wp-block-embed__wrapper\">\n<p class=\"responsive-video-wrap clr\"><iframe title=\"Transporte P\u00fablico - Prof.a Amarolina Ribeiro - Geografia EF1\" width=\"1200\" height=\"675\" src=\"https:\/\/www.youtube.com\/embed\/9-HuVehVRMY?feature=oembed\" frameborder=\"0\" allow=\"accelerometer; autoplay; clipboard-write; encrypted-media; gyroscope; picture-in-picture; web-share\" referrerpolicy=\"strict-origin-when-cross-origin\" allowfullscreen><\/iframe><\/p>\n<\/div><\/figure>\n\n\n\n<hr class=\"wp-block-separator has-alpha-channel-opacity\"\/>\n\n\n\n<figure class=\"wp-block-table is-style-stripes\"><table><tbody><tr><td><strong>Autoria:<\/strong><\/td><td><strong>Amarolina Ribeiro Silva<\/strong><\/td><\/tr><tr><td><strong>Forma\u00e7\u00e3o:<\/strong><\/td><td>Graduada em Geografia e em Pedagogia. <br>Mestra em Ensino na Educa\u00e7\u00e3o B\u00e1sica.<\/td><\/tr><tr><td><strong>Componente Curricular:<\/strong><\/td><td><strong>Geografia<\/strong><\/td><\/tr><tr><td><strong>Habilidades<\/strong><\/td><td>(EF02GE03) Comparar diferentes meios de transporte e de comunica\u00e7\u00e3o, indicando o seu papel na conex\u00e3o entre lugares, e discutir os riscos para a vida e para o ambiente e seu uso respons\u00e1vel.<\/td><\/tr><tr><td><strong>Refer\u00eancia <\/strong><\/td><td>GOI\u00c1S. Documento Curricular para Goi\u00e1s. CONSED\/UNDIME \u2013 Ampliado \u2013 Cortes Temporais.pdf. Dispon\u00edvel em: <a href=\"https:\/sme.goiania.go.gov.br\/site\/index.php\/institucional\/documentos-oficiais-2\/\">https:\/sme.goiania.go.gov.br\/site\/index.php\/institucional\/documentos-oficiais-2\/<\/a><\/td><\/tr><\/tbody><\/table><\/figure>\n\n\n\n<p><\/p>\n","protected":false},"author":61,"featured_media":152144,"template":"","ef_categoria":[],"ef_ano":[85],"ef_componente":[96],"class_list":["post-151904","ensino_fundamental","type-ensino_fundamental","status-publish","has-post-thumbnail","hentry","ef_ano-2o-ano","ef_componente-geografia","entry","has-media"],"acf":[],"_links":{"self":[{"href":"https:\/\/sme.goiania.go.gov.br\/conexaoescola\/wp-json\/wp\/v2\/ensino_fundamental\/151904","targetHints":{"allow":["GET"]}}],"collection":[{"href":"https:\/\/sme.goiania.go.gov.br\/conexaoescola\/wp-json\/wp\/v2\/ensino_fundamental"}],"about":[{"href":"https:\/\/sme.goiania.go.gov.br\/conexaoescola\/wp-json\/wp\/v2\/types\/ensino_fundamental"}],"author":[{"embeddable":true,"href":"https:\/\/sme.goiania.go.gov.br\/conexaoescola\/wp-json\/wp\/v2\/users\/61"}],"version-history":[{"count":13,"href":"https:\/\/sme.goiania.go.gov.br\/conexaoescola\/wp-json\/wp\/v2\/ensino_fundamental\/151904\/revisions"}],"predecessor-version":[{"id":188866,"href":"https:\/\/sme.goiania.go.gov.br\/conexaoescola\/wp-json\/wp\/v2\/ensino_fundamental\/151904\/revisions\/188866"}],"wp:featuredmedia":[{"embeddable":true,"href":"https:\/\/sme.goiania.go.gov.br\/conexaoescola\/wp-json\/wp\/v2\/media\/152144"}],"wp:attachment":[{"href":"https:\/\/sme.goiania.go.gov.br\/conexaoescola\/wp-json\/wp\/v2\/media?parent=151904"}],"wp:term":[{"taxonomy":"ef_categoria","embeddable":true,"href":"https:\/\/sme.goiania.go.gov.br\/conexaoescola\/wp-json\/wp\/v2\/ef_categoria?post=151904"},{"taxonomy":"ef_ano","embeddable":true,"href":"https:\/\/sme.goiania.go.gov.br\/conexaoescola\/wp-json\/wp\/v2\/ef_ano?post=151904"},{"taxonomy":"ef_componente","embeddable":true,"href":"https:\/\/sme.goiania.go.gov.br\/conexaoescola\/wp-json\/wp\/v2\/ef_componente?post=151904"}],"curies":[{"name":"wp","href":"https:\/\/api.w.org\/{rel}","templated":true}]}}