{"id":151666,"date":"2022-09-30T07:00:00","date_gmt":"2022-09-30T10:00:00","guid":{"rendered":"https:\/\/sme.goiania.go.gov.br\/conexaoescola\/?post_type=ensino_fundamental&#038;p=151666"},"modified":"2024-03-15T08:19:54","modified_gmt":"2024-03-15T11:19:54","slug":"arte-artes-visuais-arte-naif-2","status":"publish","type":"ensino_fundamental","link":"https:\/\/sme.goiania.go.gov.br\/conexaoescola\/ensino_fundamental\/arte-artes-visuais-arte-naif-2\/","title":{"rendered":"Arte\/Artes Visuais &#8211; Arte Popular"},"content":{"rendered":"\n<p class=\"has-text-align-center has-background has-medium-font-size\" style=\"background-color:#e65353\">Esta proposta de atividade de ARTE\/ARTES VISUAIS \u00e9 destinada aos estudantes do 7\u00ba ano do Ensino Fundamental.<\/p>\n\n\n\n<div class=\"wp-block-buttons is-content-justification-center is-layout-flex wp-container-core-buttons-is-layout-16018d1d wp-block-buttons-is-layout-flex\">\n<div class=\"wp-block-button\"><a class=\"wp-block-button__link wp-element-button\" href=\"https:\/\/drive.google.com\/uc?export=download&amp;id=1biSW3yXOy8eUOBJMYFYst8Uoa5ocMVu9\" target=\"_blank\" rel=\"noreferrer noopener\">Baixe a atividade<\/a><\/div>\n\n\n\n<div class=\"wp-block-button\"><a class=\"wp-block-button__link wp-element-button\" href=\"https:\/\/drive.google.com\/uc?export=download&amp;id=1I0Lf9LO_Ft7uE83Dxss8XlksYuqN_cQp\" target=\"_blank\" rel=\"noreferrer noopener\">Baixe os slides<\/a><\/div>\n\n\n\n<div class=\"wp-block-button\"><a class=\"wp-block-button__link wp-element-button\" href=\"https:\/\/drive.google.com\/uc?export=download&amp;id=1iw9QixrlwfAysuR9-3i3OFpad6cPespp\" target=\"_blank\" rel=\"noreferrer noopener\">Baixe o texto<\/a><\/div>\n<\/div>\n\n\n\n<p><\/p>\n\n\n<div class=\"wp-block-image\">\n<figure class=\"aligncenter size-full is-resized\"><img fetchpriority=\"high\" decoding=\"async\" width=\"536\" height=\"358\" src=\"https:\/\/sme.goiania.go.gov.br\/conexaoescola\/wp-content\/uploads\/2023\/12\/image-31.png\" alt=\"\" class=\"wp-image-174059\" style=\"width:417px;height:279px\" srcset=\"https:\/\/sme.goiania.go.gov.br\/conexaoescola\/wp-content\/uploads\/2023\/12\/image-31.png 536w, https:\/\/sme.goiania.go.gov.br\/conexaoescola\/wp-content\/uploads\/2023\/12\/image-31-300x200.png 300w\" sizes=\"(max-width: 536px) 100vw, 536px\" \/><\/figure><\/div>\n\n\n<p class=\"has-text-align-center has-small-font-size\">Dispon\u00edvel em <a href=\"https:\/\/www.freepik.com\/free-photo\/painted-wall-with-colorful-flowers_31505970.htm#query=arte%20popular&amp;position=8&amp;from_view=search&amp;track=ais&amp;uuid=eb7ea615-db88-4360-94fc-63a6632175f9\">https:\/\/www.freepik.com\/free-photo\/painted-wall-with-colorful-flowers_31505970.htm#query=arte%20popular&amp;position=8&amp;from_view=search&amp;track=ais&amp;uuid=eb7ea615-db88-4360-94fc-63a6632175f9<\/a> Acesso em 12, dez. 2023.<\/p>\n\n\n\n<p class=\"has-text-align-center has-medium-font-size\"><strong>Arte Popular<br><br><\/strong>A arte popular \u00e9 uma express\u00e3o vibrante e aut\u00eantica que emerge das ra\u00edzes culturais de uma comunidade. Diferentemente das formas de arte mais formalizadas e acad\u00eamicas, a arte popular \u00e9 muitas vezes produzida por artistas autodidatas, transmitida oralmente e enraizada nas tradi\u00e7\u00f5es locais.<\/p>\n\n\n<div class=\"wp-block-image\">\n<figure class=\"aligncenter size-full is-resized\"><img decoding=\"async\" width=\"423\" height=\"566\" src=\"https:\/\/sme.goiania.go.gov.br\/conexaoescola\/wp-content\/uploads\/2023\/12\/image-32.png\" alt=\"\" class=\"wp-image-174065\" style=\"width:323px;height:432px\" srcset=\"https:\/\/sme.goiania.go.gov.br\/conexaoescola\/wp-content\/uploads\/2023\/12\/image-32.png 423w, https:\/\/sme.goiania.go.gov.br\/conexaoescola\/wp-content\/uploads\/2023\/12\/image-32-224x300.png 224w\" sizes=\"(max-width: 423px) 100vw, 423px\" \/><\/figure><\/div>\n\n\n<p class=\"has-text-align-center has-small-font-size\">Dispon\u00edvel em <a href=\"https:\/\/www.flickr.com\/photos\/pedrosimoes7\/11204110194%20Acesso%20em%2011\">https:\/\/www.flickr.com\/photos\/pedrosimoes7\/11204110194 Acesso em 11<\/a>, dez. 2023.<\/p>\n\n\n\n<p class=\"has-medium-font-size\">O car\u00e1ter distintivo da arte popular reside na sua capacidade de refletir a identidade de uma comunidade, capturando suas hist\u00f3rias, cren\u00e7as e valores. Essa forma de express\u00e3o art\u00edstica muitas vezes se manifesta em diversas m\u00eddias, como pintura, escultura, cer\u00e2mica, m\u00fasica, dan\u00e7a e artesanato, incorporando materiais locais e t\u00e9cnicas tradicionais.<\/p>\n\n\n<div class=\"wp-block-image\">\n<figure class=\"aligncenter size-full is-resized\"><img decoding=\"async\" width=\"666\" height=\"444\" src=\"https:\/\/sme.goiania.go.gov.br\/conexaoescola\/wp-content\/uploads\/2023\/12\/image-33.png\" alt=\"\" class=\"wp-image-174066\" style=\"width:469px;height:313px\" srcset=\"https:\/\/sme.goiania.go.gov.br\/conexaoescola\/wp-content\/uploads\/2023\/12\/image-33.png 666w, https:\/\/sme.goiania.go.gov.br\/conexaoescola\/wp-content\/uploads\/2023\/12\/image-33-300x200.png 300w\" sizes=\"(max-width: 666px) 100vw, 666px\" \/><\/figure><\/div>\n\n\n<p class=\"has-text-align-center has-small-font-size\">Dispon\u00edvel em <a href=\"https:\/\/www.flickr.com\/photos\/mcdemoura\/4467321061%20Acesso%20em%2011\">https:\/\/www.flickr.com\/photos\/mcdemoura\/4467321061 Acesso em 11<\/a>, dez. 2023.<\/p>\n\n\n\n<p class=\"has-medium-font-size\">Um elemento crucial da arte popular \u00e9 a sua acessibilidade. Ao contr\u00e1rio de obras de arte mais elitistas, a arte popular frequentemente encontra seu p\u00fablico em contextos cotidianos, como mercados locais, festivais e espa\u00e7os p\u00fablicos. Essa proximidade cria uma liga\u00e7\u00e3o direta entre os artistas e o p\u00fablico, promovendo um senso de comunidade e preservando tradi\u00e7\u00f5es culturais.<\/p>\n\n\n<div class=\"wp-block-image\">\n<figure class=\"aligncenter size-full is-resized\"><img loading=\"lazy\" decoding=\"async\" width=\"620\" height=\"465\" src=\"https:\/\/sme.goiania.go.gov.br\/conexaoescola\/wp-content\/uploads\/2023\/12\/image-34.png\" alt=\"\" class=\"wp-image-174067\" style=\"width:450px;height:338px\" srcset=\"https:\/\/sme.goiania.go.gov.br\/conexaoescola\/wp-content\/uploads\/2023\/12\/image-34.png 620w, https:\/\/sme.goiania.go.gov.br\/conexaoescola\/wp-content\/uploads\/2023\/12\/image-34-300x225.png 300w\" sizes=\"(max-width: 620px) 100vw, 620px\" \/><\/figure><\/div>\n\n\n<p class=\"has-text-align-center has-small-font-size\">Dispon\u00edvel em <a href=\"https:\/\/commons.wikimedia.org\/wiki\/File:Artesanato_na_Casa_do_Artes%C3%A3o_de_Ponta_Grossa.3.jpg\">https:\/\/commons.wikimedia.org\/wiki\/File:Artesanato_na_Casa_do_Artes%C3%A3o_de_Ponta_Grossa.3.jpg<\/a> Acesso em 11, dez. 2023.<\/p>\n\n\n\n<p class=\"has-medium-font-size\">A diversidade \u00e9 uma marca registrada da arte popular, pois diferentes regi\u00f5es e comunidades desenvolvem estilos \u00fanicos e distintos. Essa riqueza de express\u00e3o contribui para a preserva\u00e7\u00e3o da diversidade cultural e \u00e9tnica, proporcionando uma vis\u00e3o fascinante das diferentes formas de vida em todo o mundo.<\/p>\n\n\n<div class=\"wp-block-image\">\n<figure class=\"aligncenter size-full is-resized\"><img loading=\"lazy\" decoding=\"async\" width=\"688\" height=\"458\" src=\"https:\/\/sme.goiania.go.gov.br\/conexaoescola\/wp-content\/uploads\/2023\/12\/image-35.png\" alt=\"\" class=\"wp-image-174068\" style=\"width:472px;height:314px\" srcset=\"https:\/\/sme.goiania.go.gov.br\/conexaoescola\/wp-content\/uploads\/2023\/12\/image-35.png 688w, https:\/\/sme.goiania.go.gov.br\/conexaoescola\/wp-content\/uploads\/2023\/12\/image-35-300x200.png 300w\" sizes=\"(max-width: 688px) 100vw, 688px\" \/><\/figure><\/div>\n\n\n<p class=\"has-text-align-center has-small-font-size\">Dispon\u00edvel em <a href=\"https:\/\/commons.wikimedia.org\/wiki\/File:Museo_de_Arte_Popular_%28MAP%29_CG9A5191_%2826654967508%29.jpg\">https:\/\/commons.wikimedia.org\/wiki\/File:Museo_de_Arte_Popular_%28MAP%29_CG9A5191_%2826654967508%29.jpg<\/a> Acesso em 11, dez. 2023.<\/p>\n\n\n\n<p class=\"has-medium-font-size\">A contemporaneidade n\u00e3o \u00e9 estranha \u00e0 arte popular, e muitos artistas populares incorporam elementos modernos em suas cria\u00e7\u00f5es, proporcionando uma fus\u00e3o entre tradi\u00e7\u00e3o e inova\u00e7\u00e3o. Essa capacidade de se adaptar ao tempo presente mant\u00e9m a relev\u00e2ncia da arte popular, conectando-a a novas gera\u00e7\u00f5es e permitindo que ela evolua sem perder suas ra\u00edzes.<\/p>\n\n\n<div class=\"wp-block-image\">\n<figure class=\"aligncenter size-full is-resized\"><img loading=\"lazy\" decoding=\"async\" width=\"480\" height=\"576\" src=\"https:\/\/sme.goiania.go.gov.br\/conexaoescola\/wp-content\/uploads\/2023\/12\/image-36.png\" alt=\"\" class=\"wp-image-174069\" style=\"width:331px;height:397px\" srcset=\"https:\/\/sme.goiania.go.gov.br\/conexaoescola\/wp-content\/uploads\/2023\/12\/image-36.png 480w, https:\/\/sme.goiania.go.gov.br\/conexaoescola\/wp-content\/uploads\/2023\/12\/image-36-250x300.png 250w\" sizes=\"(max-width: 480px) 100vw, 480px\" \/><\/figure><\/div>\n\n\n<p class=\"has-text-align-center has-small-font-size\">Dispon\u00edvel em <a href=\"https:\/\/www.flickr.com\/photos\/pedrosimoes7\/32034235266%20Acesso%20em%2011\">https:\/\/www.flickr.com\/photos\/pedrosimoes7\/32034235266 Acesso em 11<\/a>, dez. 2023.<\/p>\n\n\n\n<p class=\"has-black-color has-text-color has-background has-medium-font-size\" style=\"background-color:#e65353\"><strong>QUEST\u00c3O 1<\/strong><\/p>\n\n\n\n<p class=\"has-medium-font-size\">A arte popular \u00e9 uma express\u00e3o vibrante e aut\u00eantica que emerge das ra\u00edzes culturais de uma comunidade. Qual \u00e9 uma caracter\u00edstica distintiva da arte popular?<\/p>\n\n\n\n<p class=\"has-medium-font-size\">(A) Formaliza\u00e7\u00e3o acad\u00eamica.<\/p>\n\n\n\n<p class=\"has-medium-font-size\">(B) Produ\u00e7\u00e3o por artistas autodidatas.<\/p>\n\n\n\n<p class=\"has-medium-font-size\">(C) Exclusividade elitista.<\/p>\n\n\n\n<p class=\"has-medium-font-size\">(D) Desprezo por tradi\u00e7\u00f5es locais.<\/p>\n\n\n\n<p class=\"has-black-color has-text-color has-background has-medium-font-size\" style=\"background-color:#e65353\"><strong>QUEST\u00c3O 2<\/strong><\/p>\n\n\n\n<p class=\"has-medium-font-size\">Um elemento crucial da arte popular \u00e9 a sua acessibilidade. Ao contr\u00e1rio de obras de arte mais elitistas, a arte popular frequentemente encontra seu p\u00fablico em<\/p>\n\n\n\n<p class=\"has-medium-font-size\">(A) Exposi\u00e7\u00f5es internacionais.<\/p>\n\n\n\n<p class=\"has-medium-font-size\">(B) Leil\u00f5es de arte renomados.<\/p>\n\n\n\n<p class=\"has-medium-font-size\">(C) Mercados locais, festivais e espa\u00e7os p\u00fablicos.<\/p>\n\n\n\n<p class=\"has-medium-font-size\">(D) Museus de arte contempor\u00e2nea.<\/p>\n\n\n\n<p class=\"has-black-color has-text-color has-background has-medium-font-size\" style=\"background-color:#e65353\"><strong>QUEST\u00c3O 3<\/strong><\/p>\n\n\n\n<p class=\"has-medium-font-size\">Como a diversidade contribui para a arte popular?<\/p>\n\n\n\n<p class=\"has-black-color has-text-color has-background has-medium-font-size\" style=\"background-color:#e65353\"><strong>QUEST\u00c3O 4<\/strong><\/p>\n\n\n\n<p class=\"has-medium-font-size\">O que a proximidade entre artistas e p\u00fablico na arte popular promove?<\/p>\n\n\n\n<figure class=\"wp-block-table is-style-stripes has-medium-font-size\"><table><tbody><tr><td><strong>Autoria<\/strong><\/td><td>Veruska Bettiol<\/td><\/tr><tr><td><strong>Forma\u00e7\u00e3o<\/strong><\/td><td>Artes Visuais<\/td><\/tr><tr><td><strong>Componente Curricular<\/strong><\/td><td>Arte\/Artes Visuais<\/td><\/tr><tr><td><strong>Habilidade<\/strong><\/td><td>(GO-EF07AR01) Pesquisar, apreciar, analisar formas distintas das artes visuais tradicionais e contempor\u00e2neas, em obras de artistas goianos, brasileiros, bem como estrangeiros, de diferentes \u00e9pocas e em diferentes matrizes est\u00e9ticas e culturais, de modo a ampliar a experi\u00eancia com diferentes contextos e pr\u00e1ticas art\u00edstico-visuais e cultivar a percep\u00e7\u00e3o, o imagin\u00e1rio, a capacidade de simbolizar, de interpretar e ampliar o repert\u00f3rio imag\u00e9tico.<\/td><\/tr><tr><td><strong>Refer\u00eancias<\/strong><\/td><td><strong>FISCHER<\/strong>, Ernst. A Necessidade da Arte. Rio de Janeiro: Editora LTC, 2010.<br><strong>LIMA<\/strong>, Ricardo Gomes. Arte Popular. In: BARCINSKI, Fabiana Werneck (ORG.). Sobre a Arte Brasileira: Da Pr\u00e9-hist\u00f3ria aos anos 1960. S\u00e3o Paulo: Martins Fontes, 2014.<\/td><\/tr><\/tbody><\/table><\/figure>\n","protected":false},"author":62,"featured_media":174073,"template":"","ef_categoria":[15,27],"ef_ano":[90],"ef_componente":[99],"class_list":["post-151666","ensino_fundamental","type-ensino_fundamental","status-publish","has-post-thumbnail","hentry","ef_categoria-ciclo-da-adolescencia-fg","ef_categoria-corpo-e-movimento-ciclo-da-adolescencia-fg","ef_ano-7o-ano","ef_componente-arte-ef","entry","has-media"],"acf":[],"_links":{"self":[{"href":"https:\/\/sme.goiania.go.gov.br\/conexaoescola\/wp-json\/wp\/v2\/ensino_fundamental\/151666","targetHints":{"allow":["GET"]}}],"collection":[{"href":"https:\/\/sme.goiania.go.gov.br\/conexaoescola\/wp-json\/wp\/v2\/ensino_fundamental"}],"about":[{"href":"https:\/\/sme.goiania.go.gov.br\/conexaoescola\/wp-json\/wp\/v2\/types\/ensino_fundamental"}],"author":[{"embeddable":true,"href":"https:\/\/sme.goiania.go.gov.br\/conexaoescola\/wp-json\/wp\/v2\/users\/62"}],"version-history":[{"count":2,"href":"https:\/\/sme.goiania.go.gov.br\/conexaoescola\/wp-json\/wp\/v2\/ensino_fundamental\/151666\/revisions"}],"predecessor-version":[{"id":178991,"href":"https:\/\/sme.goiania.go.gov.br\/conexaoescola\/wp-json\/wp\/v2\/ensino_fundamental\/151666\/revisions\/178991"}],"wp:featuredmedia":[{"embeddable":true,"href":"https:\/\/sme.goiania.go.gov.br\/conexaoescola\/wp-json\/wp\/v2\/media\/174073"}],"wp:attachment":[{"href":"https:\/\/sme.goiania.go.gov.br\/conexaoescola\/wp-json\/wp\/v2\/media?parent=151666"}],"wp:term":[{"taxonomy":"ef_categoria","embeddable":true,"href":"https:\/\/sme.goiania.go.gov.br\/conexaoescola\/wp-json\/wp\/v2\/ef_categoria?post=151666"},{"taxonomy":"ef_ano","embeddable":true,"href":"https:\/\/sme.goiania.go.gov.br\/conexaoescola\/wp-json\/wp\/v2\/ef_ano?post=151666"},{"taxonomy":"ef_componente","embeddable":true,"href":"https:\/\/sme.goiania.go.gov.br\/conexaoescola\/wp-json\/wp\/v2\/ef_componente?post=151666"}],"curies":[{"name":"wp","href":"https:\/\/api.w.org\/{rel}","templated":true}]}}