{"id":151569,"date":"2022-09-28T10:32:06","date_gmt":"2022-09-28T13:32:06","guid":{"rendered":"https:\/\/sme.goiania.go.gov.br\/conexaoescola\/?post_type=ensino_fundamental&#038;p=151569"},"modified":"2023-08-15T13:26:32","modified_gmt":"2023-08-15T16:26:32","slug":"lingua-portuguesa-variacoes-da-lingua-em-variados-generos-discursivos","status":"publish","type":"ensino_fundamental","link":"https:\/\/sme.goiania.go.gov.br\/conexaoescola\/ensino_fundamental\/lingua-portuguesa-variacoes-da-lingua-em-variados-generos-discursivos\/","title":{"rendered":"L\u00edngua Portuguesa &#8211; Varia\u00e7\u00f5es da l\u00edngua em variados g\u00eaneros discursivos"},"content":{"rendered":"\n<p class=\"has-black-color has-light-green-cyan-background-color has-text-color has-background has-medium-font-size\">Esta atividade de<strong>&nbsp;L\u00edngua Portuguesa<\/strong>&nbsp;tem como base as sequ\u00eancias did\u00e1ticas propostas pelo&nbsp;<strong>Programa Aprender Sempre<\/strong>, da SME-Goi\u00e2nia, com base no DC\/GO \u2013 Ampliado e est\u00e1 destinada a estudantes do<strong>&nbsp;7\u00ba ano<\/strong>&nbsp;do Ensino Fundamental. <\/p>\n\n\n\n<div class=\"wp-block-buttons is-content-justification-center is-layout-flex wp-container-core-buttons-is-layout-16018d1d wp-block-buttons-is-layout-flex\">\n<div class=\"wp-block-button\"><a class=\"wp-block-button__link wp-element-button\" href=\"https:\/\/drive.google.com\/uc?export=download&amp;id=1qAcEZrzRSG-E3ZRalv4jhjN3qnz6fLWm\" target=\"_blank\" rel=\"noreferrer noopener\">BAIXE A ATIVIDADE<\/a><\/div>\n\n\n\n<div class=\"wp-block-button\"><a class=\"wp-block-button__link wp-element-button\" href=\"https:\/\/drive.google.com\/uc?export=download&amp;id=1_WetcyR9LG14UhbpQr1gySIH4d4-QTtV\" target=\"_blank\" rel=\"noreferrer noopener\">BAIXE OS SLIDES<\/a><\/div>\n\n\n\n<div class=\"wp-block-button\"><a class=\"wp-block-button__link wp-element-button\" href=\"https:\/\/drive.google.com\/uc?export=download&amp;id=1ORFdTftKJtiRgYKKOU8PXp_Og6lvrvpw\" target=\"_blank\" rel=\"noreferrer noopener\">BAIXE O TEXTO<\/a><\/div>\n<\/div>\n\n\n\n<p><\/p>\n\n\n<div class=\"wp-block-image\">\n<figure class=\"aligncenter size-large is-resized\"><img fetchpriority=\"high\" decoding=\"async\" src=\"https:\/\/sme.goiania.go.gov.br\/conexaoescola\/wp-content\/uploads\/2022\/09\/19245722_6101668-1-1024x1024.jpg\" alt=\"\" class=\"wp-image-151571\" width=\"478\" height=\"478\" srcset=\"https:\/\/sme.goiania.go.gov.br\/conexaoescola\/wp-content\/uploads\/2022\/09\/19245722_6101668-1-1024x1024.jpg 1024w, https:\/\/sme.goiania.go.gov.br\/conexaoescola\/wp-content\/uploads\/2022\/09\/19245722_6101668-1-300x300.jpg 300w, https:\/\/sme.goiania.go.gov.br\/conexaoescola\/wp-content\/uploads\/2022\/09\/19245722_6101668-1-150x150.jpg 150w, https:\/\/sme.goiania.go.gov.br\/conexaoescola\/wp-content\/uploads\/2022\/09\/19245722_6101668-1-768x768.jpg 768w, https:\/\/sme.goiania.go.gov.br\/conexaoescola\/wp-content\/uploads\/2022\/09\/19245722_6101668-1-1536x1536.jpg 1536w, https:\/\/sme.goiania.go.gov.br\/conexaoescola\/wp-content\/uploads\/2022\/09\/19245722_6101668-1.jpg 2000w\" sizes=\"(max-width: 478px) 100vw, 478px\" \/><figcaption class=\"wp-element-caption\">Dispon\u00edvel em: &lt;<a href=\"https:\/\/www.freepik.com\/free-vector\/study-abroad-concept-illustration_19245722.htm#query=estudar&amp;position=37&amp;from_view=search\">https:\/\/www.freepik.com\/free-vector\/study-abroad-concept-illustration_19245722.htm#query=estudar&amp;position=37&amp;from_view=search<\/a>&gt; Acesso em: 21, set. 22<\/figcaption><\/figure><\/div>\n\n\n<p class=\"has-black-color has-text-color has-medium-font-size\">As <strong>varia\u00e7\u00f5es lingu\u00edsticas<\/strong> s\u00e3o as varia\u00e7\u00f5es que acontecem em uma l\u00edngua em fun\u00e7\u00e3o da origem social, regional e cultural dos falantes, e da situa\u00e7\u00e3o comunicativa. H\u00e1 v\u00e1rias condi\u00e7\u00f5es que colaboram para as diferen\u00e7as lingu\u00edsticas entre os falantes acontecerem, como: a regi\u00e3o do pa\u00eds em que a l\u00edngua \u00e9 utilizada, os h\u00e1bitos lingu\u00edsticos da comunidade, a situa\u00e7\u00e3o, circunst\u00e2ncia e contexto em que os falantes est\u00e3o inseridos, o grau de escolaridade e a condi\u00e7\u00e3o social das pessoas, a inten\u00e7\u00e3o de quem produz a mensagem no ato da comunica\u00e7\u00e3o e at\u00e9 pessoa ou p\u00fablico-alvo a quem se destina a mensagem.<\/p>\n\n\n\n<p class=\"has-black-color has-text-color has-medium-font-size\">Infelizmente, h\u00e1 pessoas que desdenham ou maltratam outras pessoas por conta da forma como falam, seja pelo sotaque, pelo emprego de g\u00edrias ou at\u00e9 pelo dom\u00ednio da norma culta da l\u00edngua. Essa pr\u00e1tica \u00e9 chamada de preconceito lingu\u00edstico.<\/p>\n\n\n\n<p class=\"has-black-color has-text-color has-medium-font-size\">O <strong>preconceito lingu\u00edstico<\/strong> consiste em humilhar, criticar e excluir pessoas que t\u00eam formas diferentes de falar, como, por exemplo, as que usam g\u00edrias pr\u00f3prias de determinados grupos sociais.<\/p>\n\n\n\n<p class=\"has-black-color has-text-color has-medium-font-size\">H\u00e1 situa\u00e7\u00f5es comunicativas mais formais, como em uma entrevista de emprego ou atendimento ao cliente em uma empresa, e menos formais, como uma conversa entre m\u00e3e e filha ao telefone. As situa\u00e7\u00f5es mais formais exigem uma comunica\u00e7\u00e3o mais pr\u00f3xima da norma culta da l\u00edngua, com o objetivo de ser clara e abrangente a qualquer p\u00fablico. Em determinados contextos, como em uma prova, h\u00e1 uma exig\u00eancia do dom\u00ednio da gram\u00e1tica normativa da l\u00edngua. No entanto, n\u00e3o se pode humilhar ou constranger algu\u00e9m caso empregue a fala de maneira menos formal.&nbsp;<\/p>\n\n\n\n<p class=\"has-black-color has-text-color has-medium-font-size\">As varia\u00e7\u00f5es da l\u00edngua s\u00e3o empregadas em diversos contextos e g\u00eaneros, inclusive artisticamente. \u00c9 comum encontrarmos varia\u00e7\u00f5es em m\u00fasicas, tirinhas, cartuns, causos e tantos outros g\u00eaneros, inclusive em textos do cotidiano.<\/p>\n\n\n\n<p class=\"has-black-color has-text-color has-medium-font-size\">Veja um exemplo: <\/p>\n\n\n<div class=\"wp-block-image\">\n<figure class=\"aligncenter size-large is-resized\"><img decoding=\"async\" src=\"https:\/\/sme.goiania.go.gov.br\/conexaoescola\/wp-content\/uploads\/2023\/08\/1-6-576x1024.png\" alt=\"\" class=\"wp-image-167647\" width=\"347\" height=\"618\" srcset=\"https:\/\/sme.goiania.go.gov.br\/conexaoescola\/wp-content\/uploads\/2023\/08\/1-6-576x1024.png 576w, https:\/\/sme.goiania.go.gov.br\/conexaoescola\/wp-content\/uploads\/2023\/08\/1-6-169x300.png 169w, https:\/\/sme.goiania.go.gov.br\/conexaoescola\/wp-content\/uploads\/2023\/08\/1-6-768x1365.png 768w, https:\/\/sme.goiania.go.gov.br\/conexaoescola\/wp-content\/uploads\/2023\/08\/1-6-864x1536.png 864w, https:\/\/sme.goiania.go.gov.br\/conexaoescola\/wp-content\/uploads\/2023\/08\/1-6.png 1080w\" sizes=\"(max-width: 347px) 100vw, 347px\" \/><figcaption class=\"wp-element-caption\">Fonte: Elaborado pela equipe do NEC\/SME, no Canva<\/figcaption><\/figure><\/div>\n\n\n<p class=\"has-black-color has-text-color has-medium-font-size\">A imagem acima retrata a tela de um celular com avisos de mensagens ainda n\u00e3o visualizadas, no caso, mensagens de um filho para seu pai. Observe que h\u00e1 o uso de g\u00edrias (Pai\u00ea), palavras escritas conforme o internet\u00eas (kd, bisc8, flw), redu\u00e7\u00e3o de palavras (t\u00e1, c) entre outros recursos informais da escrita na internet.<\/p>\n\n\n\n<p class=\"has-black-color has-text-color has-medium-font-size\">Veja o seguinte exemplo:<\/p>\n\n\n\n<p class=\"has-text-align-center has-black-color has-text-color has-medium-font-size\">Me abra\u00e7a que o tempo n\u00e3o passa quando c\u00ea t\u00e1 perto,<\/p>\n\n\n\n<p class=\"has-text-align-center has-black-color has-text-color has-medium-font-size\">D\u00e1 a m\u00e3o e vem comigo que eu vejo como eu t\u00f4 certo,<\/p>\n\n\n\n<p class=\"has-text-align-center has-black-color has-text-color has-medium-font-size\">Eu digo que te amo c\u00ea pede algo imposs\u00edvel,<\/p>\n\n\n\n<p class=\"has-text-align-center has-black-color has-text-color has-medium-font-size\">Levanta da sua cama hoje o c\u00e9u est\u00e1 incr\u00edvel.<\/p>\n\n\n\n<p class=\"has-text-align-right has-black-color has-text-color has-small-font-size\">MOZART, Ivo; Adriel; TOMIM, Luiz. Vagalumes. In: POLLO. <em>Vim pra dominar o mundo<\/em>. Brasil: Radar Records, 2012, faixa 13. CD (42min3s).<\/p>\n\n\n\n<p class=\"has-black-color has-text-color has-medium-font-size\">No trecho da m\u00fasica \u201cVagalumes\u201d, interpretada por Pollo e Ivo Mozart, h\u00e1 algumas redu\u00e7\u00f5es de palavras como c\u00ea (voc\u00ea), t\u00e1 (est\u00e1), t\u00f4 (estou). Esse emprego da l\u00edngua \u00e9 considerado informal em rela\u00e7\u00e3o ao emprego da norma padr\u00e3o da l\u00edngua. Esse tipo de varia\u00e7\u00e3o lingu\u00edstica \u00e9 muito utilizado em m\u00fasicas, assim como em di\u00e1logos informais do cotidiano. Observe que a forma da palavra n\u00e3o prejudicou em nada na compreens\u00e3o da mensagem. Esse movimento tamb\u00e9m acontece em outras l\u00ednguas.<\/p>\n\n\n\n<p class=\"has-black-color has-text-color has-medium-font-size\">Em quais outros g\u00eaneros discursivos voc\u00ea costuma perceber as varia\u00e7\u00f5es lingu\u00edsticas?<\/p>\n\n\n\n<p class=\"has-text-align-center has-black-color has-light-green-cyan-background-color has-text-color has-background has-medium-font-size\">Assista \u00e0 videoaula do professor Marlon Santos com essa tem\u00e1tica.  <\/p>\n\n\n\n<figure class=\"wp-block-embed is-type-video is-provider-youtube wp-block-embed-youtube wp-embed-aspect-16-9 wp-has-aspect-ratio\"><div class=\"wp-block-embed__wrapper\">\n<p class=\"responsive-video-wrap clr\"><iframe title=\"Aprender Sempre - L. Portuguesa - 7\u00ba Ano - 3\u00ba Bim - Videoaula 3 - VARIA\u00c7\u00d5ES DA L\u00cdNGUA EM VARIADOS G\u00ca\" width=\"1200\" height=\"675\" src=\"https:\/\/www.youtube.com\/embed\/vF1U5Y-gbXY?feature=oembed\" frameborder=\"0\" allow=\"accelerometer; autoplay; clipboard-write; encrypted-media; gyroscope; picture-in-picture; web-share\" allowfullscreen><\/iframe><\/p>\n<\/div><figcaption class=\"wp-element-caption\">Canal Portal Conex\u00e3o Escola &#8211; Aprender Sempre &#8211; L. Portuguesa &#8211; 7\u00ba Ano &#8211; 3\u00ba Bim &#8211; Videoaula 3 &#8211; VARIA\u00c7\u00d5ES DA L\u00cdNGUA EM VARIADOS G\u00ca &#8211; Dispon\u00edvel em: &lt;https:\/\/www.youtube.com\/watch?v=vF1U5Y-gbXY&gt; Acesso em: 27, set. 22<\/figcaption><\/figure>\n\n\n\n<p class=\"has-text-align-center has-black-color has-text-color has-background has-medium-font-size\" style=\"background-color:#e7e7e7\"><strong>Responda \u00e0s quest\u00f5es a seguir.<\/strong><\/p>\n\n\n\n<p class=\"has-text-align-center has-black-color has-text-color has-background has-medium-font-size\" style=\"background-color:#ffc297\"> <strong>Leia a tirinha a seguir para responder \u00e0s quest\u00f5es 1 a 5. <\/strong><\/p>\n\n\n<div class=\"wp-block-image\">\n<figure class=\"aligncenter size-large is-resized\"><img decoding=\"async\" src=\"https:\/\/sme.goiania.go.gov.br\/conexaoescola\/wp-content\/uploads\/2022\/09\/WhatsApp-Image-2022-09-28-at-10.10.52-1-1001x1024.jpeg\" alt=\"\" class=\"wp-image-151573\" width=\"375\" height=\"384\" srcset=\"https:\/\/sme.goiania.go.gov.br\/conexaoescola\/wp-content\/uploads\/2022\/09\/WhatsApp-Image-2022-09-28-at-10.10.52-1-1001x1024.jpeg 1001w, https:\/\/sme.goiania.go.gov.br\/conexaoescola\/wp-content\/uploads\/2022\/09\/WhatsApp-Image-2022-09-28-at-10.10.52-1-293x300.jpeg 293w, https:\/\/sme.goiania.go.gov.br\/conexaoescola\/wp-content\/uploads\/2022\/09\/WhatsApp-Image-2022-09-28-at-10.10.52-1-768x786.jpeg 768w, https:\/\/sme.goiania.go.gov.br\/conexaoescola\/wp-content\/uploads\/2022\/09\/WhatsApp-Image-2022-09-28-at-10.10.52-1.jpeg 1078w\" sizes=\"(max-width: 375px) 100vw, 375px\" \/><figcaption class=\"wp-element-caption\">Jean Galv\u00e3o. Tirinha. 14, fev. 22. Dispon\u00edvel em: <a href=\"https:\/\/www.instagram.com\/p\/CZ9kxprLBEy\/?igshid=MDJmNzVkMjY%3D\">https:\/\/www.instagram.com\/p\/CZ9kxprLBEy\/?igshid=MDJmNzVkMjY%3D<\/a> Acesso em: 21, set. 22<br><\/figcaption><\/figure><\/div>\n\n\n<p class=\"has-black-color has-text-color has-background has-medium-font-size\" style=\"background-color:#ffc297\"><strong>QUEST\u00c3O 1<\/strong> <\/p>\n\n\n\n<p class=\"has-black-color has-text-color has-medium-font-size\">Na tirinha de Jean Galv\u00e3o, \u00e9 poss\u00edvel perceber que a garota pede o esmalte para sua m\u00e3e com um objetivo. Que objetivo \u00e9 esse? <\/p>\n\n\n\n<p class=\"has-black-color has-text-color has-medium-font-size\">(A) Ter a aten\u00e7\u00e3o de sua m\u00e3e. <\/p>\n\n\n\n<p class=\"has-black-color has-text-color has-medium-font-size\">(B) Pintar as unhas. <\/p>\n\n\n\n<p class=\"has-black-color has-text-color has-medium-font-size\">(C) Testar a m\u00e3e. <\/p>\n\n\n\n<p class=\"has-black-color has-text-color has-medium-font-size\">(D) Levar o esmalte para brincar com algu\u00e9m.<\/p>\n\n\n\n<p class=\"has-black-color has-text-color has-background has-medium-font-size\" style=\"background-color:#ffc297\"><strong>QUEST\u00c3O 2 <\/strong><\/p>\n\n\n\n<p class=\"has-black-color has-text-color has-medium-font-size\">No final da narrativa, a garota atinge seu objetivo? Se sim, como isso acontece?<\/p>\n\n\n\n<p class=\"has-black-color has-text-color has-background has-medium-font-size\" style=\"background-color:#ffc297\"><strong>QUEST\u00c3O 3<\/strong>  <\/p>\n\n\n\n<p class=\"has-black-color has-text-color has-medium-font-size\">Explique o efeito de humor produzido na tirinha. <\/p>\n\n\n\n<p class=\"has-black-color has-text-color has-background has-medium-font-size\" style=\"background-color:#ffc297\"><strong>QUEST\u00c3O 4<\/strong>  <\/p>\n\n\n\n<p class=\"has-black-color has-text-color has-medium-font-size\">Para produzir sentido, o autor da tirinha utilizou a linguagem mista, isto \u00e9, linguagem verbal e n\u00e3o verbal. Se voc\u00ea n\u00e3o tivesse acesso aos desenhos que comp\u00f5em o texto, qual sentido ele teria? Seria o mesmo?<\/p>\n\n\n\n<p class=\"has-black-color has-text-color has-background has-medium-font-size\" style=\"background-color:#ffc297\"><strong>QUEST\u00c3O 5<\/strong> <\/p>\n\n\n\n<p class=\"has-black-color has-text-color has-medium-font-size\">Que termo ou express\u00e3o apresentado na fala da garota foge da norma-padr\u00e3o da l\u00edngua portuguesa? Que contexto mais pr\u00f3ximo pode explicar esse uso informal da l\u00edngua?   <\/p>\n\n\n\n<p class=\"has-text-align-center has-black-color has-text-color has-background has-medium-font-size\" style=\"background-color:#e7e7e7\"><strong>Leia o cartum a seguir para responder \u00e0s quest\u00f5es 6 e 7.<\/strong><\/p>\n\n\n<div class=\"wp-block-image\">\n<figure class=\"aligncenter size-large is-resized\"><img loading=\"lazy\" decoding=\"async\" src=\"https:\/\/sme.goiania.go.gov.br\/conexaoescola\/wp-content\/uploads\/2022\/09\/WhatsApp-Image-2022-09-28-at-10.10.52-1024x1022.jpeg\" alt=\"\" class=\"wp-image-151572\" width=\"370\" height=\"369\" srcset=\"https:\/\/sme.goiania.go.gov.br\/conexaoescola\/wp-content\/uploads\/2022\/09\/WhatsApp-Image-2022-09-28-at-10.10.52-1024x1022.jpeg 1024w, https:\/\/sme.goiania.go.gov.br\/conexaoescola\/wp-content\/uploads\/2022\/09\/WhatsApp-Image-2022-09-28-at-10.10.52-300x300.jpeg 300w, https:\/\/sme.goiania.go.gov.br\/conexaoescola\/wp-content\/uploads\/2022\/09\/WhatsApp-Image-2022-09-28-at-10.10.52-150x150.jpeg 150w, https:\/\/sme.goiania.go.gov.br\/conexaoescola\/wp-content\/uploads\/2022\/09\/WhatsApp-Image-2022-09-28-at-10.10.52-768x767.jpeg 768w, https:\/\/sme.goiania.go.gov.br\/conexaoescola\/wp-content\/uploads\/2022\/09\/WhatsApp-Image-2022-09-28-at-10.10.52.jpeg 1080w\" sizes=\"(max-width: 370px) 100vw, 370px\" \/><figcaption class=\"wp-element-caption\">Jean Galv\u00e3o. Tirinha. 14, fev. 22. Dispon\u00edvel em: <a href=\"https:\/\/www.instagram.com\/p\/CSzNkUrrGld\/?igshid=MDJmNzVkMjY%3D\">https:\/\/www.instagram.com\/p\/CSzNkUrrGld\/?igshid=MDJmNzVkMjY%3D<\/a> Acesso em: 21, set. 22<br><\/figcaption><\/figure><\/div>\n\n\n<p class=\"has-black-color has-text-color has-background has-medium-font-size\" style=\"background-color:#ffc297\"><strong>QUEST\u00c3O 6<\/strong> <\/p>\n\n\n\n<p class=\"has-black-color has-text-color has-medium-font-size\">No cartum de Jean Galv\u00e3o, a palavra \u201concot\u00f4\u201d significa: <\/p>\n\n\n\n<p class=\"has-black-color has-text-color has-medium-font-size\">(A) um conto. <\/p>\n\n\n\n<p class=\"has-black-color has-text-color has-medium-font-size\">(B) encontrou. <\/p>\n\n\n\n<p class=\"has-black-color has-text-color has-medium-font-size\">(C) onde eu estou.<\/p>\n\n\n\n<p class=\"has-black-color has-text-color has-medium-font-size\">(D) onde eu vou.<\/p>\n\n\n\n<p class=\"has-black-color has-text-color has-background has-medium-font-size\" style=\"background-color:#ffc297\"><strong>QUEST\u00c3O 7 <\/strong><\/p>\n\n\n\n<p class=\"has-black-color has-text-color has-medium-font-size\">No cartum, para provocar humor, o cartunista brinca com uma varia\u00e7\u00e3o lingu\u00edstica. Explique que varia\u00e7\u00e3o \u00e9 essa e como ela \u00e9 constru\u00edda. <\/p>\n\n\n\n<p class=\"has-black-color has-text-color has-background has-medium-font-size\" style=\"background-color:#ffc297\"><strong>QUEST\u00c3O 8<\/strong> <\/p>\n\n\n\n<p class=\"has-black-color has-text-color has-medium-font-size\">O preconceito lingu\u00edstico consiste em humilhar, criticar e excluir pessoas que t\u00eam formas diferentes de falar, como, por exemplo, as que usam g\u00edrias pr\u00f3prias de determinados grupos sociais, regi\u00f5es do pa\u00eds. O que pode ser feito para combatermos a pr\u00e1tica do preconceito lingu\u00edstico? Aponte duas sugest\u00f5es.<\/p>\n\n\n\n<hr class=\"wp-block-separator has-css-opacity\"\/>\n\n\n\n<figure class=\"wp-block-table is-style-stripes\"><table><tbody><tr><td><strong>Autoria:<\/strong><\/td><td>Marlon Santos<\/td><\/tr><tr><td><strong>Forma\u00e7\u00e3o:<\/strong><\/td><td>Letras &#8211; Portugu\u00eas<\/td><\/tr><tr><td><strong>Componente curricular:<\/strong><\/td><td>L\u00edngua Portuguesa<\/td><\/tr><tr><td><strong>Habilidades estruturantes:<\/strong><\/td><td>(EF69LP55) Reconhecer as variedades da l\u00edngua falada, o conceito de norma padr\u00e3o e o de preconceito lingu\u00edstico.<br>(EF69LP44-B) Reconhecer, em textos liter\u00e1rios, formas de estabelecer m\u00faltiplos olhares sobre as identidades, sociedades e culturas, considerando a autoria e o contexto social e hist\u00f3rico de sua produ\u00e7\u00e3o.<\/td><\/tr><tr><td><strong>Refer\u00eancias:<\/strong><\/td><td>GOI\u00c2NIA. Secretaria Municipal de Educa\u00e7\u00e3o. Aprender Sempre. 6\u00b0 ao 9\u00ba ano \u2013 Ensino Fundamental; L\u00edngua Portuguesa; 3\u00b0 Bimestre; Goi\u00e2nia, 2022.<\/td><\/tr><\/tbody><\/table><\/figure>\n","protected":false},"author":42,"featured_media":151570,"template":"","ef_categoria":[15,30],"ef_ano":[90],"ef_componente":[93],"class_list":["post-151569","ensino_fundamental","type-ensino_fundamental","status-publish","has-post-thumbnail","hentry","ef_categoria-ciclo-da-adolescencia-fg","ef_categoria-etica-e-cidadania-ciclo-da-adolescencia-fg","ef_ano-7o-ano","ef_componente-portugues","entry","has-media"],"acf":[],"_links":{"self":[{"href":"https:\/\/sme.goiania.go.gov.br\/conexaoescola\/wp-json\/wp\/v2\/ensino_fundamental\/151569","targetHints":{"allow":["GET"]}}],"collection":[{"href":"https:\/\/sme.goiania.go.gov.br\/conexaoescola\/wp-json\/wp\/v2\/ensino_fundamental"}],"about":[{"href":"https:\/\/sme.goiania.go.gov.br\/conexaoescola\/wp-json\/wp\/v2\/types\/ensino_fundamental"}],"author":[{"embeddable":true,"href":"https:\/\/sme.goiania.go.gov.br\/conexaoescola\/wp-json\/wp\/v2\/users\/42"}],"version-history":[{"count":3,"href":"https:\/\/sme.goiania.go.gov.br\/conexaoescola\/wp-json\/wp\/v2\/ensino_fundamental\/151569\/revisions"}],"predecessor-version":[{"id":167648,"href":"https:\/\/sme.goiania.go.gov.br\/conexaoescola\/wp-json\/wp\/v2\/ensino_fundamental\/151569\/revisions\/167648"}],"wp:featuredmedia":[{"embeddable":true,"href":"https:\/\/sme.goiania.go.gov.br\/conexaoescola\/wp-json\/wp\/v2\/media\/151570"}],"wp:attachment":[{"href":"https:\/\/sme.goiania.go.gov.br\/conexaoescola\/wp-json\/wp\/v2\/media?parent=151569"}],"wp:term":[{"taxonomy":"ef_categoria","embeddable":true,"href":"https:\/\/sme.goiania.go.gov.br\/conexaoescola\/wp-json\/wp\/v2\/ef_categoria?post=151569"},{"taxonomy":"ef_ano","embeddable":true,"href":"https:\/\/sme.goiania.go.gov.br\/conexaoescola\/wp-json\/wp\/v2\/ef_ano?post=151569"},{"taxonomy":"ef_componente","embeddable":true,"href":"https:\/\/sme.goiania.go.gov.br\/conexaoescola\/wp-json\/wp\/v2\/ef_componente?post=151569"}],"curies":[{"name":"wp","href":"https:\/\/api.w.org\/{rel}","templated":true}]}}