{"id":151540,"date":"2022-09-27T19:17:42","date_gmt":"2022-09-27T22:17:42","guid":{"rendered":"https:\/\/sme.goiania.go.gov.br\/conexaoescola\/?post_type=ensino_fundamental&#038;p=151540"},"modified":"2022-09-27T19:32:36","modified_gmt":"2022-09-27T22:32:36","slug":"matematica-figuras-geometricas-planas","status":"publish","type":"ensino_fundamental","link":"https:\/\/sme.goiania.go.gov.br\/conexaoescola\/ensino_fundamental\/matematica-figuras-geometricas-planas\/","title":{"rendered":"Matem\u00e1tica &#8211; Figuras geom\u00e9tricas planas"},"content":{"rendered":"\n<p class=\"has-text-align-center has-black-color has-text-color has-background has-medium-font-size\" style=\"background-color:#7e8eee\">Esta atividade tem como base as sequ\u00eancias did\u00e1ticas propostas pelo <strong>Programa Aprender Sempre<\/strong>, da SME-Goi\u00e2nia, com base no DC-GO Ampliado e est\u00e1 destinada a estudantes do<strong> 3\u00ba ano do Ensino Fundamental<\/strong>.<\/p>\n\n\n\n<p class=\"has-text-align-center has-medium-font-size\"><strong>AS FORMAS GEOM\u00c9TRICAS EST\u00c3O PRESENTES EM NOSSO DIA A DIA. AS FIGURAS GEOM\u00c9TRICAS PLANAS S\u00c3O AQUELAS QUE POSSUEM APENAS DUAS DIMENS\u00d5ES: COMPRIMENTO E LARGURA. ENTRE ELES EST\u00c3O O C\u00cdRCULO, O QUADRADO, O TRI\u00c2NGULO, O RET\u00c2NGULO E V\u00c1RIOS OUTROS.<\/strong><\/p>\n\n\n\n<p class=\"has-text-align-center has-black-color has-text-color has-medium-font-size\"><strong>VAMOS RESPONDER ALGUMAS QUEST\u00d5ES?<\/strong><\/p>\n\n\n\n<div class=\"wp-block-image is-style-default\"><figure class=\"aligncenter size-full\"><img fetchpriority=\"high\" decoding=\"async\" width=\"586\" height=\"334\" src=\"https:\/\/sme.goiania.go.gov.br\/conexaoescola\/wp-content\/uploads\/2022\/09\/1-57.jpg\" alt=\"\" class=\"wp-image-151541\" srcset=\"https:\/\/sme.goiania.go.gov.br\/conexaoescola\/wp-content\/uploads\/2022\/09\/1-57.jpg 586w, https:\/\/sme.goiania.go.gov.br\/conexaoescola\/wp-content\/uploads\/2022\/09\/1-57-300x171.jpg 300w\" sizes=\"(max-width: 586px) 100vw, 586px\" \/><figcaption>&nbsp;&nbsp;Dispon\u00edvel em: <a href=\"https:\/\/cutt.ly\/oVUOPea\">https:\/\/cutt.ly\/oVUOPea<\/a>, acesso em, 25 set. 22.<\/figcaption><\/figure><\/div>\n\n\n\n<hr class=\"wp-block-separator\"\/>\n\n\n\n<p class=\"has-black-color has-text-color has-background has-medium-font-size\" style=\"background-color:#ced1d4\"><strong>Quest\u00e3o 1<\/strong><\/p>\n\n\n\n<p class=\"has-text-align-center has-medium-font-size\">A PALAVRA \u201cFOTOGRAFIA\u201d \u00c9 FORMADA PELA JUN\u00c7\u00c3O DOS ELEMENTOS \u201cPHOS\/PHOTO\u201d = LUZ, E \u201cGRAPHEIN\u201d = MARCAR, DESENHAR OU REGISTRAR. AS FOTOGRAFIAS TEM V\u00c1RIAS FUN\u00c7\u00d5ES: REGISTRAR FATOS HIST\u00d3RICOS, CAPTURAR IMAGENS DE OBRAS DE ARTE E CONSTRU\u00c7\u00d5ES CULTURAIS, AL\u00c9M DE MOMENTOS DO DIA A DIA. UMA FOTOGRAFIA PODE SER APRESENTADA COM DIFERENTES TIPOS DE MEDIDAS.<\/p>\n\n\n\n<div class=\"wp-block-image is-style-default\"><figure class=\"aligncenter size-full\"><img decoding=\"async\" width=\"514\" height=\"352\" src=\"https:\/\/sme.goiania.go.gov.br\/conexaoescola\/wp-content\/uploads\/2022\/09\/image-39.png\" alt=\"\" class=\"wp-image-151542\" srcset=\"https:\/\/sme.goiania.go.gov.br\/conexaoescola\/wp-content\/uploads\/2022\/09\/image-39.png 514w, https:\/\/sme.goiania.go.gov.br\/conexaoescola\/wp-content\/uploads\/2022\/09\/image-39-300x205.png 300w\" sizes=\"(max-width: 514px) 100vw, 514px\" \/><figcaption>Dispon\u00edvel em: <a href=\"https:\/\/cutt.ly\/fVUTRhE\" target=\"_blank\" rel=\"noreferrer noopener\">https:\/\/cutt.ly\/fVUTRhE<\/a>, acesso em 18, set. 22.&nbsp;<br><\/figcaption><\/figure><\/div>\n\n\n\n<p class=\"has-medium-font-size\">A) O FORMATO DE UMA FOTOGRAFIA PADR\u00c3O (10X15 CM), LEMBRA QUAL FIGURA GEOM\u00c9TRICA PLANA?&nbsp;<\/p>\n\n\n\n<p class=\"has-black-color has-text-color has-background has-medium-font-size\" style=\"background-color:#ced1d4\"><strong>Quest\u00e3o 2<\/strong><\/p>\n\n\n\n<p class=\"has-medium-font-size\">EM UM PROGRAMA DE COMPUTADOR ANDREA DESENHOU UMAS LINHAS. VEJA:<\/p>\n\n\n\n<div class=\"wp-block-image is-style-default wp-duotone-000000-ffffff-1\"><figure class=\"aligncenter size-full is-resized\"><img decoding=\"async\" src=\"https:\/\/sme.goiania.go.gov.br\/conexaoescola\/wp-content\/uploads\/2022\/09\/image-40.png\" alt=\"\" class=\"wp-image-151543\" width=\"407\" height=\"331\"\/><\/figure><\/div>\n\n\n\n<p class=\"has-text-align-center has-medium-font-size\">DENTRE AS LINHAS QUE ELA DESENHOU EST\u00c3O <strong>POL\u00cdGONOS<\/strong> E <strong>N\u00c3O POL\u00cdGONOS<\/strong>. SABENDO QUE UM POL\u00cdGONO \u00c9 UMA FIGURA PLANA COMPOSTA POR SEGMENTOS DE RETAS QUE N\u00c3O SE CRUZAM, RESPONDA:<\/p>\n\n\n\n<ul class=\"has-medium-font-size wp-block-list\"><li>QUAL \u00c9 O \u00daNICO POL\u00cdGONO APRESENTADO?<\/li><li>POR QUE A FIGURA <strong>G<\/strong>, <strong>B <\/strong>E<strong> C <\/strong>N\u00c3O S\u00c3O CONSIDERADOS POL\u00cdGONOS?<\/li><li>OS POL\u00cdGONOS POSSUEM DUAS DIMENS\u00d5ES. QUAIS S\u00c3O ELAS?<\/li><\/ul>\n\n\n\n<p class=\"has-background has-medium-font-size\" style=\"background-color:#ced1d4\"><strong>Quest\u00e3o 3 <\/strong><\/p>\n\n\n\n<p class=\"has-medium-font-size\">COMO VOC\u00ca J\u00c1 SABE, TODO POL\u00cdGONO POSSUI <strong>V\u00c9RTICES<\/strong> E <strong>LADOS<\/strong>. OS POL\u00cdGONOS PODEM SER NOMEADOS DE ACORDO COM A QUANTIDADE DE LADOS. COMPLETE:<\/p>\n\n\n\n<div class=\"wp-block-image is-style-default\"><figure class=\"aligncenter size-full is-resized\"><img loading=\"lazy\" decoding=\"async\" src=\"https:\/\/sme.goiania.go.gov.br\/conexaoescola\/wp-content\/uploads\/2022\/09\/4-5.jpg\" alt=\"\" class=\"wp-image-151544\" width=\"557\" height=\"332\" srcset=\"https:\/\/sme.goiania.go.gov.br\/conexaoescola\/wp-content\/uploads\/2022\/09\/4-5.jpg 721w, https:\/\/sme.goiania.go.gov.br\/conexaoescola\/wp-content\/uploads\/2022\/09\/4-5-300x179.jpg 300w\" sizes=\"(max-width: 557px) 100vw, 557px\" \/><\/figure><\/div>\n\n\n\n<hr class=\"wp-block-separator\"\/>\n\n\n\n<p class=\"has-text-align-center has-black-color has-text-color has-background has-medium-font-size\" style=\"background-color:#7e8eee\"> <strong>Acesse os materiais <\/strong><b>referentes<\/b> a<strong> essa atividade clicando aqui:<\/strong> <br><a rel=\"noreferrer noopener\" href=\"https:\/\/sme.goiania.go.gov.br\/conexaoescola\/propostas_didaticas\/propostas-didaticas-matematica-5o-ano\/\" target=\"_blank\"><\/a><a href=\"https:\/\/sme.goiania.go.gov.br\/conexaoescola\/?sfid=137851&amp;_sft_anos_praticas_em_rede=4o-ano&amp;_sft_cat_praticas_em_rede=matematica\"><\/a><a rel=\"noreferrer noopener\" href=\"https:\/\/sme.goiania.go.gov.br\/conexaoescola\/propostas_didaticas\/propostas-didaticas-matematica-4o-ano\/\" target=\"_blank\"><\/a><a href=\"https:\/\/sme.goiania.go.gov.br\/conexaoescola\/propostas_didaticas\/propostas-didaticas-matematica-3o-ano\/\">Propostas did\u00e1ticas \u2013 Matem\u00e1tica \u2013 3\u00ba ano \u2013 Conex\u00e3o Escola SME (goiania.go.gov.br)<\/a> <\/p>\n\n\n\n<hr class=\"wp-block-separator\"\/>\n\n\n\n<p class=\"has-text-align-center has-black-color has-text-color has-background has-medium-font-size\" style=\"background-color:#7e8eee\"><strong>SAIBA MAIS<\/strong><\/p>\n\n\n\n<p class=\"has-medium-font-size\">ASSISTA AO VIDEO E CONHE\u00c7A ESSE QUEBRA-CABE\u00c7AS CHIN\u00caS FORMADO POR SETE PE\u00c7AS QUE \u00c9 BASTANTE UTILIZADO EM SALA DE AULA PARA FACILITAR O ESTUDO DA GEOMETRIA E AMPLIAR O DESENVOLVIMENTO DO RACIC\u00cdNIO L\u00d3GICO MATEM\u00c1TICO E DA CRIATIVIDADE. <\/p>\n\n\n\n<figure class=\"wp-block-embed is-type-video is-provider-youtube wp-block-embed-youtube wp-embed-aspect-16-9 wp-has-aspect-ratio\"><div class=\"wp-block-embed__wrapper\">\n<p class=\"responsive-video-wrap clr\"><iframe title=\"O TANGRAM\" width=\"1200\" height=\"675\" src=\"https:\/\/www.youtube.com\/embed\/lyAMxvIrI5s?feature=oembed\" frameborder=\"0\" allow=\"accelerometer; autoplay; clipboard-write; encrypted-media; gyroscope; picture-in-picture\" allowfullscreen><\/iframe><\/p>\n<\/div><figcaption>Canal Lucyana Oliveira. O Tangran. Dispon\u00edvel em: <a href=\"https:\/\/www.youtube.com\/watch?v=lyAMxvIrI5s\">O TANGRAM &#8211; YouTube<\/a>. <\/figcaption><\/figure>\n\n\n\n<p><\/p>\n\n\n\n<figure class=\"wp-block-table\"><table><tbody><tr><td><strong>Componente Curricular:<\/strong><\/td><td>MATEM\u00c1TICA<\/td><\/tr><tr><td><strong>Habilidade:<\/strong><\/td><td>(EF03MA16-A) Reconhecer figuras de mesmo formato e suas respectivas medidas por meio de sobreposi\u00e7\u00e3o, utilizando materiais manipul\u00e1veis como pe\u00e7as de quebra-cabe\u00e7as.<br>(EF03MA15-B) Comparar e classificar figuras planas, como tri\u00e2ngulo, quadrado, ret\u00e2ngulo, trap\u00e9zio e paralelogramo, em rela\u00e7\u00e3o a seus lados: quantidade, posi\u00e7\u00f5es relativas e comprimento, e v\u00e9rtices, registrando essas caracter\u00edsticas em esquemas e tabelas.<\/td><\/tr><tr><td><strong>Refer\u00eancias:<\/strong><\/td><td>BRASIL. Minist\u00e9rio da Educa\u00e7\u00e3o. Base Nacional Comum Curricular. Bras\u00edlia, 2018.<br>CADERNO APRENDER SEMPRE- 3\u00ba Bimestre 2022- 2\u00baAno\/ Ensino Fundamental\/ L\u00edngua Portuguesa e Matem\u00e1tica\/ Prefeitura de Goi\u00e2nia- Secretaria Municipal de Educa\u00e7\u00e3o.<br>Documento Curricular para Goi\u00e1s (DC-GO). Goi\u00e2nia\/GO: CONSED\/ UNDIME Goi\u00e1s, 2018.&nbsp;Dispon\u00edvel em: &lt;<a href=\"https:\/\/cutt.ly\/MOsX7AS\">https:\/\/cutt.ly\/MOsX7AS<\/a>&gt; acessado em 26, jan. 22.<br>PROGRAMA GEST\u00c3O DA APRENDIZAGEM ESCOLAR. Minist\u00e9rio da Educa\u00e7\u00e3o. Dispon\u00edvel em: &lt;<a href=\"https:\/\/cutt.ly\/hOsCu2n\">https:\/\/cutt.ly\/hOsCu2n<\/a>&gt; acessado em 26, jan. 22.<\/td><\/tr><\/tbody><\/table><\/figure>\n","protected":false},"author":46,"featured_media":151541,"template":"","ef_categoria":[13,19],"ef_ano":[86],"ef_componente":[94],"class_list":["post-151540","ensino_fundamental","type-ensino_fundamental","status-publish","has-post-thumbnail","hentry","ef_categoria-ciclo-da-infancia-abc","ef_categoria-educacao-financeira-e-empreendedorismo","ef_ano-3o-ano","ef_componente-matematica","entry","has-media"],"acf":[],"_links":{"self":[{"href":"https:\/\/sme.goiania.go.gov.br\/conexaoescola\/wp-json\/wp\/v2\/ensino_fundamental\/151540","targetHints":{"allow":["GET"]}}],"collection":[{"href":"https:\/\/sme.goiania.go.gov.br\/conexaoescola\/wp-json\/wp\/v2\/ensino_fundamental"}],"about":[{"href":"https:\/\/sme.goiania.go.gov.br\/conexaoescola\/wp-json\/wp\/v2\/types\/ensino_fundamental"}],"author":[{"embeddable":true,"href":"https:\/\/sme.goiania.go.gov.br\/conexaoescola\/wp-json\/wp\/v2\/users\/46"}],"version-history":[{"count":0,"href":"https:\/\/sme.goiania.go.gov.br\/conexaoescola\/wp-json\/wp\/v2\/ensino_fundamental\/151540\/revisions"}],"wp:featuredmedia":[{"embeddable":true,"href":"https:\/\/sme.goiania.go.gov.br\/conexaoescola\/wp-json\/wp\/v2\/media\/151541"}],"wp:attachment":[{"href":"https:\/\/sme.goiania.go.gov.br\/conexaoescola\/wp-json\/wp\/v2\/media?parent=151540"}],"wp:term":[{"taxonomy":"ef_categoria","embeddable":true,"href":"https:\/\/sme.goiania.go.gov.br\/conexaoescola\/wp-json\/wp\/v2\/ef_categoria?post=151540"},{"taxonomy":"ef_ano","embeddable":true,"href":"https:\/\/sme.goiania.go.gov.br\/conexaoescola\/wp-json\/wp\/v2\/ef_ano?post=151540"},{"taxonomy":"ef_componente","embeddable":true,"href":"https:\/\/sme.goiania.go.gov.br\/conexaoescola\/wp-json\/wp\/v2\/ef_componente?post=151540"}],"curies":[{"name":"wp","href":"https:\/\/api.w.org\/{rel}","templated":true}]}}