{"id":151512,"date":"2022-09-30T07:00:00","date_gmt":"2022-09-30T10:00:00","guid":{"rendered":"https:\/\/sme.goiania.go.gov.br\/conexaoescola\/?post_type=ensino_fundamental&#038;p=151512"},"modified":"2023-08-16T21:23:45","modified_gmt":"2023-08-17T00:23:45","slug":"ciencias-da-natureza-importancia-da-agua-e-da-luz-para-as-plantas","status":"publish","type":"ensino_fundamental","link":"https:\/\/sme.goiania.go.gov.br\/conexaoescola\/ensino_fundamental\/ciencias-da-natureza-importancia-da-agua-e-da-luz-para-as-plantas\/","title":{"rendered":"Ci\u00eancias da Natureza \u2013 Import\u00e2ncia da \u00e1gua e da luz para as plantas"},"content":{"rendered":"\n<p class=\"has-text-align-center has-pale-ocean-gradient-background has-background has-medium-font-size\"><strong>ESTA PROPOSTA DE ATIVIDADE DE CI\u00caNCIAS DA NATUREZA&nbsp;\u00c9 DESTINADA AOS ESTUDANTES<\/strong>&nbsp;<strong>DO<\/strong>&nbsp;<strong>2\u00ba ANO DO ENSINO FUNDAMENTAL<\/strong>.<\/p>\n\n\n\n<div class=\"wp-block-buttons alignwide is-content-justification-center is-layout-flex wp-container-core-buttons-is-layout-16018d1d wp-block-buttons-is-layout-flex\">\n<div class=\"wp-block-button has-custom-width wp-block-button__width-25\"><a class=\"wp-block-button__link wp-element-button\" href=\"https:\/\/drive.google.com\/uc?export=download&amp;id=1GaB_xagifZTR6_nI0DCygtCGJ-XVFaZC\" target=\"_blank\" rel=\"noreferrer noopener\"><strong>BAIXE A ATIVIDADE<\/strong><\/a><\/div>\n\n\n\n<div class=\"wp-block-button has-custom-width wp-block-button__width-25\"><a class=\"wp-block-button__link wp-element-button\" href=\"https:\/\/drive.google.com\/uc?export=download&amp;id=1NndqOf876TCyCam6mB-iTk_8wW0-XYot\" target=\"_blank\" rel=\"noreferrer noopener\"><strong>BAIXE OS SLIDES<\/strong><\/a><\/div>\n\n\n\n<div class=\"wp-block-button has-custom-width wp-block-button__width-25\"><a class=\"wp-block-button__link wp-element-button\" href=\"https:\/\/drive.google.com\/uc?export=download&amp;id=1UPAw6txdoNl7FPVoXFNAIg1PIG7NYk1V\" target=\"_blank\" rel=\"noreferrer noopener\"><strong>BAIXE O TEXTO<\/strong><\/a><\/div>\n<\/div>\n\n\n\n<hr class=\"wp-block-separator has-alpha-channel-opacity\"\/>\n\n\n<div class=\"wp-block-image is-style-default\">\n<figure class=\"aligncenter size-full\"><img fetchpriority=\"high\" decoding=\"async\" width=\"656\" height=\"313\" src=\"https:\/\/sme.goiania.go.gov.br\/conexaoescola\/wp-content\/uploads\/2022\/09\/PLANTANDO.jpg\" alt=\"\" class=\"wp-image-151515\" srcset=\"https:\/\/sme.goiania.go.gov.br\/conexaoescola\/wp-content\/uploads\/2022\/09\/PLANTANDO.jpg 656w, https:\/\/sme.goiania.go.gov.br\/conexaoescola\/wp-content\/uploads\/2022\/09\/PLANTANDO-300x143.jpg 300w\" sizes=\"(max-width: 656px) 100vw, 656px\" \/><\/figure><\/div>\n\n\n<p class=\"has-text-align-center has-medium-font-size\"><strong>OBSERVE A SEGUINTE IMAGEM PARA RESPONDER \u00c0S QUEST\u00d5ES<\/strong>:<\/p>\n\n\n<div class=\"wp-block-image is-style-rounded\">\n<figure class=\"aligncenter size-full is-resized\"><img decoding=\"async\" src=\"https:\/\/sme.goiania.go.gov.br\/conexaoescola\/wp-content\/uploads\/2022\/09\/PE-DE-FEIJAO.jpg\" alt=\"\" class=\"wp-image-151517\" width=\"264\" height=\"336\" srcset=\"https:\/\/sme.goiania.go.gov.br\/conexaoescola\/wp-content\/uploads\/2022\/09\/PE-DE-FEIJAO.jpg 376w, https:\/\/sme.goiania.go.gov.br\/conexaoescola\/wp-content\/uploads\/2022\/09\/PE-DE-FEIJAO-236x300.jpg 236w\" sizes=\"(max-width: 264px) 100vw, 264px\" \/><figcaption class=\"wp-element-caption\"><br>Dispon\u00edvel em: &lt;https:\/\/pixabay.com\/pt\/vectors\/p%c3%a9-de-feij%c3%a3o-hist%c3%b3ria-jack-37003\/&gt;. Acesso em: 27, set. 2022.<\/figcaption><\/figure><\/div>\n\n\n<p class=\"has-pale-ocean-gradient-background has-background has-medium-font-size\"><strong>QUEST\u00c3O 1<\/strong><\/p>\n\n\n\n<p class=\"has-medium-font-size\"><strong>RELEIA <\/strong>A TIRINHA DA TURMA DA M\u00d4NICA. <strong>O QUE<\/strong> MILENA EST\u00c1 FAZENDO? <strong>ASSINALE<\/strong> A ALTERNATIVA CORRETA.<\/p>\n\n\n\n<p class=\"has-medium-font-size\">(A) MILENA EST\u00c1 PLANTANDO UMA FLOR.<\/p>\n\n\n\n<p class=\"has-medium-font-size\">(B) MILENA EST\u00c1 CUIDANDO DO SOLO.<\/p>\n\n\n\n<p class=\"has-medium-font-size\">(C) MILENA EST\u00c1 PLANTANDO UMA \u00c1RVORE.<\/p>\n\n\n\n<p class=\"has-medium-font-size\">(D) MILENA EST\u00c1 BRINCANDO COM O COELHO DA M\u00d4NICA.<\/p>\n\n\n\n<ol class=\"wp-block-list\">\n<li><\/li>\n<\/ol>\n\n\n\n<p class=\"has-pale-ocean-gradient-background has-background has-medium-font-size\"><strong>QUEST\u00c3O 2<\/strong><\/p>\n\n\n\n<p class=\"has-medium-font-size\"><strong>POR QUE <\/strong>AS \u00c1RVORES E DEMAIS PLANTAS S\u00c3O IMPORTANTES? <strong>MARQUE<\/strong> COM UM X AS ALTERNATIVAS CORRETAS.<\/p>\n\n\n\n<p class=\"has-medium-font-size\">(A) AS PLANTAS S\u00c3O IMPORTANTES PORQUE PRODUZEM SOMBRA.<\/p>\n\n\n\n<p class=\"has-medium-font-size\">(B) AS PLANTAS S\u00c3O IMPORTANTES PORQUE PRODUZEM ALIMENTO.<\/p>\n\n\n\n<p class=\"has-medium-font-size\">(C) AS PLANTAS S\u00c3O IMPORTANTES PARA A CONSTRU\u00c7\u00c3O DE M\u00d3VEIS.<\/p>\n\n\n\n<p class=\"has-medium-font-size\">(D) AS PLANTAS S\u00c3O IMPORTANTES PORQUE PRODUZEM DESENHO.<\/p>\n\n\n\n<p class=\"has-medium-font-size\">(E) AS PLANTAS S\u00c3O IMPORTANTES PORQUE PRODUZEM TERRA.<\/p>\n\n\n\n<p class=\"has-medium-font-size\">(F) AS PLANTAS S\u00c3O IMPORTANTES PORQUE LIBERAM OXIG\u00caNIO.<\/p>\n\n\n\n<p class=\"has-pale-ocean-gradient-background has-background has-medium-font-size\"><strong>QUEST\u00c3O 3<\/strong><\/p>\n\n\n\n<p class=\"has-medium-font-size\"><strong>RELEIA<\/strong> O \u00daLTIMO QUADRINHO DA TIRINHA. AP\u00d3S, <strong>DESENHE <\/strong>UMA DAS PLANTAS CITADAS POR MAGALI.<\/p>\n\n\n\n<figure class=\"wp-block-image size-full is-resized is-style-default\"><img decoding=\"async\" src=\"https:\/\/sme.goiania.go.gov.br\/conexaoescola\/wp-content\/uploads\/2022\/09\/QUADRO-DESENHO.jpg\" alt=\"\" class=\"wp-image-151520\" width=\"824\" height=\"257\" srcset=\"https:\/\/sme.goiania.go.gov.br\/conexaoescola\/wp-content\/uploads\/2022\/09\/QUADRO-DESENHO.jpg 695w, https:\/\/sme.goiania.go.gov.br\/conexaoescola\/wp-content\/uploads\/2022\/09\/QUADRO-DESENHO-300x94.jpg 300w\" sizes=\"(max-width: 824px) 100vw, 824px\" \/><\/figure>\n\n\n\n<p class=\"has-pale-ocean-gradient-background has-background has-medium-font-size\"><strong>QUEST\u00c3O 4<\/strong><\/p>\n\n\n\n<p class=\"has-medium-font-size\">APRENDEMOS QUE A LUZ E A \u00c1GUA S\u00c3O IMPORTANTES PARA O DESENVOLVIMENTO DE UMA PLANTA.<\/p>\n\n\n\n<p class=\"has-medium-font-size\">COM A AJUDA DE UM ADULTO, <strong>FA\u00c7A<\/strong> O SEGUINTE EXPERIMENTO:<\/p>\n\n\n\n<p><strong><u>MEU P\u00c9 DE FEIJ\u00c3O<\/u><\/strong><\/p>\n\n\n\n<p><strong>VOC\u00ca VAI PRECISAR DE:<\/strong><\/p>\n\n\n\n<p>&nbsp;&nbsp;&nbsp; &#8211; 3 SEMENTES DE FEIJ\u00c3O<\/p>\n\n\n\n<p>&nbsp;&nbsp;&nbsp; &#8211; 1 COPO COM TERRA OU ALGOD\u00c3O<\/p>\n\n\n\n<p>&nbsp;&nbsp;&nbsp; &#8211; 1 CAIXA DE SAPATOS COM TAMPA<\/p>\n\n\n\n<p>&nbsp;&nbsp;&nbsp; &#8211; 1 TESOURA SEM PONTA<\/p>\n\n\n\n<p><strong>PLANTANDO MEU P\u00c9 DE FEIJ\u00c3O:<\/strong><\/p>\n\n\n\n<ol class=\"wp-block-list\" type=\"1\">\n<li><strong>FA\u00c7A<\/strong> UM C\u00cdRCULO DE 5 CM DE LARGURA PR\u00d3XIMO A UMA DAS BORDAS DA TAMPA.<\/li>\n\n\n\n<li><strong>COLOQUE<\/strong> TERRA OU ALGOD\u00c3O DENTRO DE UM COPO. <strong>MOLHE<\/strong> A TERRA OU ALGOD\u00c3O COM CAUTELA.<\/li>\n\n\n\n<li><strong>COLOQUE<\/strong> 3 SEMENTES DE FEIJ\u00c3O PARA GERMINAR DENTRO DO COPO COM TERRA OU ALGOD\u00c3O \u00daMIDO.<\/li>\n\n\n\n<li><strong>POSICIONE<\/strong> O COPO DO LADO OPOSTO AO FURO DA TAMPA, DENTRO DA CAIXA. TAMPE A CAIXA.<\/li>\n\n\n\n<li><strong>ACOMPANHE<\/strong> O CRESCIMENTO DA PLANTA POR 15 DIAS.<\/li>\n\n\n\n<li>DE TR\u00caS EM TR\u00caS DIAS, <strong>REGISTRE<\/strong> O QUE VOC\u00ca OBSERVAR.<\/li>\n<\/ol>\n\n\n\n<p class=\"has-pale-ocean-gradient-background has-background has-medium-font-size\"><strong>SAIBA MAIS<\/strong><\/p>\n\n\n\n<p class=\"has-medium-font-size\">PLANTA QUE CRESCE EM \u00c1GUA?! ISSO MESMO! <strong>ASSISTA<\/strong> AO V\u00cdDEO E SAIBA MAIS.<\/p>\n\n\n\n<figure class=\"wp-block-embed is-type-video is-provider-youtube wp-block-embed-youtube wp-embed-aspect-16-9 wp-has-aspect-ratio\"><div class=\"wp-block-embed__wrapper\">\n<p class=\"responsive-video-wrap clr\"><iframe title=\"Hidrocultura #ci\u00eancias #plantasaqu\u00e1ticas #hidrocultura\" width=\"1200\" height=\"675\" src=\"https:\/\/www.youtube.com\/embed\/pw98DBgsXds?feature=oembed\" frameborder=\"0\" allow=\"accelerometer; autoplay; clipboard-write; encrypted-media; gyroscope; picture-in-picture; web-share\" allowfullscreen><\/iframe><\/p>\n<\/div><figcaption class=\"wp-element-caption\">Canal Danielle Assis \u201cHidrocultura\u201d. Dispon\u00edvel em: &lt;https:\/\/youtu.be\/pw98DBgsXds&gt;. Acesso 15, jun. 2023.<\/figcaption><\/figure>\n\n\n\n<figure class=\"wp-block-table is-style-stripes\"><table><tbody><tr><td><strong>Autora:&nbsp;<\/strong><\/td><td>Prof\u00aa Esp. Danielle Assis Borges Fantini<\/td><\/tr><tr><td><strong>Forma\u00e7\u00e3o:&nbsp;<\/strong><\/td><td>Gradua\u00e7\u00e3o:<br>\u2013 Graduada em Pedagogia e Graduanda em Jornalismo&nbsp;<br><br>P\u00f3s-gradua\u00e7\u00e3o:<br>\u2013 MBA em Gest\u00e3o das Tecnologias da Informa\u00e7\u00e3o e da Comunica\u00e7\u00e3o \u2013 Educa\u00e7\u00e3o<br>\u2013 Doc\u00eancia Universit\u00e1ria<br>\u2013 Psicopedagogia Institucional e Cl\u00ednica<br>\u2013 Neuropedagogia Aplicada \u00e0 Educa\u00e7\u00e3o<\/td><\/tr><tr><td><strong>Componente Curricular:<\/strong><\/td><td>Ci\u00eancias da Natureza<\/td><\/tr><tr><td><strong>Habilidade:<\/strong><\/td><td>(F02CI05) Investigar a import\u00e2ncia da \u00e1gua e da luz para a manuten\u00e7\u00e3o da vida de plantas em geral.&nbsp;<\/td><\/tr><tr><td><strong>Refer\u00eancias:&nbsp;<\/strong><\/td><td>ABSOR\u00c7\u00c3O DA \u00c1GUA E NUTRIENTES, 2022. Dispon\u00edvel em: &lt;https:\/\/mundoeducacao.uol.com.br\/biologia\/absorcao-agua-nutrientes.htm\/ &gt;. Acesso em: 26, set. 2022.<br><br>MEIO AMBIENTE, SABESP, 2022. Dispon\u00edvel em: &lt;https:\/\/site.sabesp.com.br\/site\/interna\/Default.aspx?secaoId=770\/ &gt;. Acesso em: 26, set. 2022.<br><br>Mendes, Denise [et.al]. Porta Aberta. Ci\u00eancias da Natureza, 2\u00ba ano: ensino fundamental. 1 ed. S\u00e3o Paulo: FTD, 2014.<br><br>SAIBA COMO A QUANTIDADE DE LUZ INTERFERE NO CRESCIMENTO DA PLANTA, UFLA, 2022. Dispon\u00edvel em: &lt; https:\/\/ufla.br\/noticias\/pesquisa\/12663-saiba-como-como-a-qualidade-da-luz-interfere-no-crescimento-das-plantas#:~:text=As%20plantas%20utilizam%20a%20luz,do%20oxig%C3%AAnio%20para%20a%20atmosfera.\/ &gt;. Acesso em: 26,&nbsp; set. 2022.<br><br>Yossef, Lina. Projeto Buriti \u2013 Ci\u00eancias Humanas e da Natureza, 2\u00ba ano: ensino fundamental. 1 ed. S\u00e3o Paulo: Moderna, 2014.<\/td><\/tr><tr><td><strong>Documento norteador:<\/strong><\/td><td>DOCUMENTO CURRICULAR PARA GOI\u00c1S \u2013 AMPLIADO (DC-GO AMPLIADO)<\/td><\/tr><\/tbody><\/table><\/figure>\n","protected":false},"author":64,"featured_media":151517,"template":"","ef_categoria":[18],"ef_ano":[85],"ef_componente":[98],"class_list":["post-151512","ensino_fundamental","type-ensino_fundamental","status-publish","has-post-thumbnail","hentry","ef_categoria-educacao-ambiental-e-saude","ef_ano-2o-ano","ef_componente-ciencia-da-natureza-ef","entry","has-media"],"acf":[],"_links":{"self":[{"href":"https:\/\/sme.goiania.go.gov.br\/conexaoescola\/wp-json\/wp\/v2\/ensino_fundamental\/151512","targetHints":{"allow":["GET"]}}],"collection":[{"href":"https:\/\/sme.goiania.go.gov.br\/conexaoescola\/wp-json\/wp\/v2\/ensino_fundamental"}],"about":[{"href":"https:\/\/sme.goiania.go.gov.br\/conexaoescola\/wp-json\/wp\/v2\/types\/ensino_fundamental"}],"author":[{"embeddable":true,"href":"https:\/\/sme.goiania.go.gov.br\/conexaoescola\/wp-json\/wp\/v2\/users\/64"}],"version-history":[{"count":3,"href":"https:\/\/sme.goiania.go.gov.br\/conexaoescola\/wp-json\/wp\/v2\/ensino_fundamental\/151512\/revisions"}],"predecessor-version":[{"id":167968,"href":"https:\/\/sme.goiania.go.gov.br\/conexaoescola\/wp-json\/wp\/v2\/ensino_fundamental\/151512\/revisions\/167968"}],"wp:featuredmedia":[{"embeddable":true,"href":"https:\/\/sme.goiania.go.gov.br\/conexaoescola\/wp-json\/wp\/v2\/media\/151517"}],"wp:attachment":[{"href":"https:\/\/sme.goiania.go.gov.br\/conexaoescola\/wp-json\/wp\/v2\/media?parent=151512"}],"wp:term":[{"taxonomy":"ef_categoria","embeddable":true,"href":"https:\/\/sme.goiania.go.gov.br\/conexaoescola\/wp-json\/wp\/v2\/ef_categoria?post=151512"},{"taxonomy":"ef_ano","embeddable":true,"href":"https:\/\/sme.goiania.go.gov.br\/conexaoescola\/wp-json\/wp\/v2\/ef_ano?post=151512"},{"taxonomy":"ef_componente","embeddable":true,"href":"https:\/\/sme.goiania.go.gov.br\/conexaoescola\/wp-json\/wp\/v2\/ef_componente?post=151512"}],"curies":[{"name":"wp","href":"https:\/\/api.w.org\/{rel}","templated":true}]}}