{"id":151477,"date":"2022-09-28T09:53:21","date_gmt":"2022-09-28T12:53:21","guid":{"rendered":"https:\/\/sme.goiania.go.gov.br\/conexaoescola\/?post_type=ensino_fundamental&#038;p=151477"},"modified":"2024-04-23T16:41:49","modified_gmt":"2024-04-23T19:41:49","slug":"lingua-portuguesa-planejando-a-escrita-de-um-artigo-de-divulgacao-cientifica","status":"publish","type":"ensino_fundamental","link":"https:\/\/sme.goiania.go.gov.br\/conexaoescola\/ensino_fundamental\/lingua-portuguesa-planejando-a-escrita-de-um-artigo-de-divulgacao-cientifica\/","title":{"rendered":"L\u00edngua Portuguesa &#8211; Planejando a escrita de um artigo de divulga\u00e7\u00e3o cient\u00edfica"},"content":{"rendered":"\n<p class=\"has-black-color has-light-green-cyan-background-color has-text-color has-background has-medium-font-size\">Esta atividade de<strong>\u00a0L\u00edngua Portuguesa<\/strong>\u00a0tem como base as sequ\u00eancias did\u00e1ticas propostas pelo\u00a0<strong>Programa Aprender Sempre<\/strong>, da SME-Goi\u00e2nia, com base no DC\/GO \u2013 Ampliado e est\u00e1 destinada a estudantes do<strong>\u00a08\u00ba ano<\/strong>\u00a0do Ensino Fundamental. <\/p>\n\n\n\n<div class=\"wp-block-buttons is-content-justification-center is-layout-flex wp-container-core-buttons-is-layout-16018d1d wp-block-buttons-is-layout-flex\">\n<div class=\"wp-block-button\"><a class=\"wp-block-button__link wp-element-button\" href=\"https:\/\/drive.google.com\/uc?export=download&amp;id=11GD4nS9jLICSKuUg7z8IfvrHi_N64b9a\" target=\"_blank\" rel=\"noreferrer noopener\">BAIXE A ATIVIDADE<\/a><\/div>\n\n\n\n<div class=\"wp-block-button\"><a class=\"wp-block-button__link wp-element-button\" href=\"https:\/\/drive.google.com\/uc?export=download&amp;id=1QenOXMD7v5BFzxyWx6qT4BWA67hQUjMK\" target=\"_blank\" rel=\"noreferrer noopener\">BAIXE OS SLIDES<\/a><\/div>\n\n\n\n<div class=\"wp-block-button\"><a class=\"wp-block-button__link wp-element-button\" href=\"https:\/\/drive.google.com\/uc?export=download&amp;id=1nPTrWe12NdVdxEjAnrSQTYKJppRLufuK\" target=\"_blank\" rel=\"noreferrer noopener\">BAIXE O TEXTO<\/a><\/div>\n<\/div>\n\n\n<div class=\"wp-block-image\">\n<figure class=\"aligncenter is-resized\"><img decoding=\"async\" src=\"https:\/\/img.freepik.com\/free-vector\/mobile-seo-illustration_335657-4666.jpg\" alt=\"Mobile seo illustration\" style=\"width:490px;height:490px\"\/><figcaption class=\"wp-element-caption\">&nbsp;Dispon\u00edvel em: &lt;<a href=\"https:\/\/www.freepik.com\/free-vector\/mobile-seo-illustration_18611304.htm#query=pesquisa&amp;position=0&amp;from_view=search\">https:\/\/www.freepik.com\/free-vector\/mobile-seo-illustration_18611304.htm#query=pesquisa&amp;position=0&amp;from_view=search<\/a>&gt; Acesso em: 26, set. 22<\/figcaption><\/figure><\/div>\n\n\n<p class=\"has-black-color has-text-color has-link-color has-medium-font-size wp-elements-b0e527f0c1cb9cbb9bcb9f504246817d\">O texto de divulga\u00e7\u00e3o cient\u00edfica \u00e9 um texto dissertativo-argumentativo que tem como objetivo apresentar, publicamente, os resultados de pesquisas realizadas por grupos de cientistas de forma mais acess\u00edvel, pois, no texto cient\u00edfico original, a linguagem \u00e9 espec\u00edfica e pode ser de dif\u00edcil compreens\u00e3o, conforme Leibruder (2001).<\/p>\n\n\n\n<p class=\"has-black-color has-text-color has-link-color has-medium-font-size wp-elements-062ef1454b3d86098965ada868f6574a\">Ao produzir um artigo de divulga\u00e7\u00e3o cient\u00edfica \u00e9 importante que o autor retome elementos da estrutura e aspectos relativos ao contexto de produ\u00e7\u00e3o e circula\u00e7\u00e3o da pesquisa realizada. Para isso, \u00e9 preciso considerar em seu planejamento de texto algumas quest\u00f5es como: O que escrever? Para quem? Por que escrever? Como escrever?<\/p>\n\n\n\n<p class=\"has-black-color has-text-color has-link-color has-medium-font-size wp-elements-3a6404fd2fb0ae9e689d03959a3e49ee\">A <strong>introdu\u00e7\u00e3o<\/strong> de um texto como esse, vide regra, apresenta a ideia central do que ser\u00e1 defendido pelo estudo, de maneira objetiva e formal.<\/p>\n\n\n\n<p class=\"has-black-color has-text-color has-link-color has-medium-font-size wp-elements-f149623130ab00bf744262ba7deaeee3\">No <strong>desenvolvimento<\/strong> do texto, o autor precisa apresentar os argumentos do estudo que defendem ou refutam algum conceito ou teoria, baseado em fatos. \u00c9 importante que n\u00e3o haja ambiguidades nem contradi\u00e7\u00f5es na argumenta\u00e7\u00e3o. Por isso, \u00e9 importante citar dados do estudo e cita\u00e7\u00f5es de autoridade no assunto defendido, por exemplo.<\/p>\n\n\n\n<p class=\"has-black-color has-text-color has-link-color has-medium-font-size wp-elements-a3b17c8e84b18b8067a40f8b814f675e\">Na <strong>conclus\u00e3o<\/strong>, deve-se retomar a ideia central apresentada no in\u00edcio do texto com o prop\u00f3sito de reafirm\u00e1-la, fazendo valer os argumentos apresentados para tal valida\u00e7\u00e3o.<\/p>\n\n\n\n<p class=\"has-black-color has-text-color has-link-color has-medium-font-size wp-elements-d82f3d3b10c73ea2c19aab5fcd33f5ec\">Depois de escrever, \u00e9 preciso revisar o texto. Para revisar o texto, considere os seguintes itens:<\/p>\n\n\n\n<ul class=\"wp-block-list\">\n<li class=\"has-medium-font-size\">Observe a estrutura do texto e veja se est\u00e1 adequada;<\/li>\n\n\n\n<li class=\"has-medium-font-size\">Verifique se o texto atende \u00e0 tem\u00e1tica abordada;<\/li>\n\n\n\n<li class=\"has-medium-font-size\">Realizou as cita\u00e7\u00f5es de maneira correta?<\/li>\n\n\n\n<li class=\"has-medium-font-size\">A norma-padr\u00e3o da l\u00edngua est\u00e1 bem empregada na constru\u00e7\u00e3o do texto?<\/li>\n\n\n\n<li class=\"has-medium-font-size\">Os argumentos est\u00e3o bem elaborados?<\/li>\n\n\n\n<li class=\"has-medium-font-size\">Os fatos da pesquisa foram expostos de forma coerente?&nbsp;<\/li>\n\n\n\n<li class=\"has-medium-font-size\">A conclus\u00e3o est\u00e1 bem estruturada?&nbsp;<\/li>\n<\/ul>\n\n\n\n<p class=\"has-black-color has-text-color has-link-color has-medium-font-size wp-elements-221c25ab8ea36b167a97734d5085a52a\">Depois de fazer a revis\u00e3o e reescrita de seu artigo de divulga\u00e7\u00e3o cient\u00edfica, divulgue-o para sua comunidade.<\/p>\n\n\n\n<p class=\"has-text-align-center has-black-color has-light-green-cyan-background-color has-text-color has-background has-medium-font-size\">Assista \u00e0 videoaula do professor Marlon Santos com essa tem\u00e1tica. <\/p>\n\n\n\n<figure class=\"wp-block-embed is-type-video is-provider-youtube wp-block-embed-youtube aligncenter wp-embed-aspect-16-9 wp-has-aspect-ratio\"><div class=\"wp-block-embed__wrapper\">\n<p class=\"responsive-video-wrap clr\"><iframe title=\"Aprender Sempre - L. Portuguesa - 8\u00ba Ano - 3\u00ba Bim - Videoaula 3 - PLANEJANDO UM ARTIGO DE DIVULGA\u00c7\u00c3O\" width=\"1200\" height=\"675\" src=\"https:\/\/www.youtube.com\/embed\/f5JmG5bYYDw?feature=oembed\" frameborder=\"0\" allow=\"accelerometer; autoplay; clipboard-write; encrypted-media; gyroscope; picture-in-picture; web-share\" referrerpolicy=\"strict-origin-when-cross-origin\" allowfullscreen><\/iframe><\/p>\n<\/div><figcaption class=\"wp-element-caption\">Canal Portal Conex\u00e3o Escola &#8211; Aprender Sempre &#8211; L. Portuguesa &#8211; 8\u00ba Ano &#8211; 3\u00ba Bim &#8211; Videoaula 3 &#8211; PLANEJANDO UM ARTIGO DE DIVULGA\u00c7\u00c3O &#8211; Dispon\u00edvel em: &lt;https:\/\/www.youtube.com\/watch?v=f5JmG5bYYDw&gt; Acesso em: 26, set. 22 <\/figcaption><\/figure>\n\n\n\n<p class=\"has-text-align-center has-black-color has-text-color has-background has-medium-font-size\" style=\"background-color:#efdfd4\"><strong>Responda \u00e0s quest\u00f5es a seguir.<\/strong><\/p>\n\n\n\n<p class=\"has-black-color has-text-color has-background has-medium-font-size\" style=\"background-color:#efdfd4\"><strong>QUEST\u00c3O 1<\/strong> <\/p>\n\n\n\n<p class=\"has-black-color has-text-color has-medium-font-size\">Fa\u00e7a uma pesquisa na internet sobre estudos desenvolvidos recentemente sobre <strong>a sa\u00fade mental e o bem-estar do brasileiro no per\u00edodo p\u00f3s-pandemia<\/strong>.  <\/p>\n\n\n\n<p class=\"has-black-color has-text-color has-background has-medium-font-size\" style=\"background-color:#efdfd4\"><strong>QUEST\u00c3O 2<\/strong> <\/p>\n\n\n\n<p class=\"has-black-color has-text-color has-medium-font-size\">Depois de realizar suas buscas, elabore um texto de divulga\u00e7\u00e3o dessa pesquisa. Para isso, fa\u00e7a um planejamento do seu texto seguindo os passos abaixo:<\/p>\n\n\n\n<p class=\"has-black-color has-text-color has-medium-font-size\">a) Qual \u00e9 a tese do seu texto, isto \u00e9, a ideia central dele?<\/p>\n\n\n\n<p class=\"has-black-color has-text-color has-medium-font-size\">b) Quais s\u00e3o os objetivos do seu texto? <\/p>\n\n\n\n<p class=\"has-black-color has-text-color has-medium-font-size\">c) Quais dados voc\u00ea apresentar\u00e1 para comprovar o estudo e a tese a respeito dele? <\/p>\n\n\n\n<p class=\"has-black-color has-text-color has-medium-font-size\">d) Voc\u00ea apresentar\u00e1 alguma cita\u00e7\u00e3o direta ou indireta para ampliar a credibilidade do seu texto? Organize-a.&nbsp;<\/p>\n\n\n\n<p class=\"has-black-color has-text-color has-medium-font-size\">e) Quais s\u00e3o as refer\u00eancias das pesquisas que embasam seu texto?  <\/p>\n\n\n\n<p class=\"has-black-color has-text-color has-background has-medium-font-size\" style=\"background-color:#efdfd4\"><strong>QUEST\u00c3O 3<\/strong> <\/p>\n\n\n\n<p class=\"has-black-color has-text-color has-medium-font-size\">Escreva a primeira vers\u00e3o do seu artigo de divulga\u00e7\u00e3o cient\u00edfica.  <\/p>\n\n\n\n<p class=\"has-black-color has-text-color has-background has-medium-font-size\" style=\"background-color:#efdfd4\"><strong>QUEST\u00c3O 4 <\/strong>  <\/p>\n\n\n\n<p class=\"has-black-color has-text-color has-medium-font-size\">\u00c9 hora da revis\u00e3o! Releia o texto que acabou de escrever com o objetivo de revis\u00e1-lo. Siga as dicas abaixo: <\/p>\n\n\n\n<p class=\"has-black-color has-text-color has-medium-font-size\">Observe a estrutura do texto e veja se est\u00e1 adequada; <\/p>\n\n\n\n<p class=\"has-black-color has-text-color has-medium-font-size\">Verifique se o texto atende \u00e0 tem\u00e1tica abordada; <\/p>\n\n\n\n<p class=\"has-black-color has-text-color has-medium-font-size\">Realizou as cita\u00e7\u00f5es de maneira correta? <\/p>\n\n\n\n<p class=\"has-black-color has-text-color has-medium-font-size\">A norma-padr\u00e3o da l\u00edngua est\u00e1 bem empregada na constru\u00e7\u00e3o do texto? <\/p>\n\n\n\n<p class=\"has-black-color has-text-color has-medium-font-size\">Os argumentos est\u00e3o bem elaborados? <\/p>\n\n\n\n<p class=\"has-black-color has-text-color has-medium-font-size\">Os fatos da pesquisa foram expostos de forma coerente?&nbsp; <\/p>\n\n\n\n<p class=\"has-black-color has-text-color has-medium-font-size\">A conclus\u00e3o est\u00e1 bem estruturada? <\/p>\n\n\n\n<p class=\"has-black-color has-text-color has-background has-medium-font-size\" style=\"background-color:#efdfd4\"><strong>QUEST\u00c3O 5<\/strong> <\/p>\n\n\n\n<p class=\"has-black-color has-text-color has-medium-font-size\">Depois de revisar seu texto, prepare a vers\u00e3o final para ser divulgada para sua classe e sua escola. <\/p>\n\n\n\n<p class=\"has-black-color has-text-color has-background has-medium-font-size\" style=\"background-color:#efdfd4\"><strong>QUEST\u00c3O 6 <\/strong><\/p>\n\n\n\n<p class=\"has-black-color has-text-color has-link-color has-medium-font-size wp-elements-9239d7f3c3ffa9440105fda5fd04eed9\">O principal objetivo de um artigo de divulga\u00e7\u00e3o cient\u00edfica \u00e9<\/p>\n\n\n\n<p class=\"has-black-color has-text-color has-link-color has-medium-font-size wp-elements-afd3edcf43a2fcfad9504d4bcf78c8c6\">(A) expor os resultados de pesquisas de forma mais acess\u00edvel.<\/p>\n\n\n\n<p class=\"has-black-color has-text-color has-link-color has-medium-font-size wp-elements-485e51c42483e4aa9569fef5d7a5e3b1\">(B) disseminar linguagem espec\u00edfica.<\/p>\n\n\n\n<p class=\"has-black-color has-text-color has-link-color has-medium-font-size wp-elements-474e0939464f7ed86db502abf91834eb\">(C) apresentar dados complexos.<\/p>\n\n\n\n<p class=\"has-black-color has-text-color has-link-color has-medium-font-size wp-elements-cc826c76fabec5559908b26677d7dc85\">(D) analisar teorias cient\u00edficas. <\/p>\n\n\n\n<p class=\"has-black-color has-text-color has-background has-medium-font-size\" style=\"background-color:#efdfd4\"><strong>QUEST\u00c3O 7<\/strong><\/p>\n\n\n\n<p class=\"has-black-color has-text-color has-link-color has-medium-font-size wp-elements-7ba825fbe286ab154834bf29ce60f024\">\u00c9 importante n\u00e3o haver ambiguidades nem contradi\u00e7\u00f5es na argumenta\u00e7\u00e3o de um texto cient\u00edfico<\/p>\n\n\n\n<p class=\"has-black-color has-text-color has-link-color has-medium-font-size wp-elements-abe6f72fd5274ccf0964c6085c03161d\">(A) para confundir os leitores.<\/p>\n\n\n\n<p class=\"has-black-color has-text-color has-link-color has-medium-font-size wp-elements-573c2a1cd22c537da016835d3770c926\">(B) para validar a pesquisa realizada.<\/p>\n\n\n\n<p class=\"has-black-color has-text-color has-link-color has-medium-font-size wp-elements-3eb5c6a4b16ee3b43bc468530af1f912\">(C) para dificultar a compreens\u00e3o do texto.<\/p>\n\n\n\n<p class=\"has-black-color has-text-color has-link-color has-medium-font-size wp-elements-c988c61cb54ebd1b6dd80e571b539f0d\">(D) para aumentar a complexidade da linguagem.<\/p>\n\n\n\n<hr class=\"wp-block-separator has-css-opacity\"\/>\n\n\n\n<figure class=\"wp-block-table is-style-stripes\"><table><tbody><tr><td><strong>Autoria:<\/strong><\/td><td>Marlon Santos<\/td><\/tr><tr><td><strong>Forma\u00e7\u00e3o:<\/strong><\/td><td>Letras  &#8211; Portugu\u00eas<\/td><\/tr><tr><td><strong>Componente curricular:<\/strong><\/td><td>L\u00edngua Portuguesa<\/td><\/tr><tr><td><strong>Habilidades estruturantes:<\/strong><\/td><td>EF69LP29-B) Analisar os aspectos relativos \u00e0 constru\u00e7\u00e3o composicional e \u00e0s marcas lingu\u00edsticas caracter\u00edsticas dos g\u00eaneros de divulga\u00e7\u00e3o cient\u00edfica, de forma a ampliar as possibilidades de compreens\u00e3o (e produ\u00e7\u00e3o) desses g\u00eaneros.&nbsp;<br>(EF69LP35-A) Planejar textos de divulga\u00e7\u00e3o cient\u00edfica, a partir da elabora\u00e7\u00e3o de esquema que considere as pesquisas feitas anteriormente, de notas e s\u00ednteses de leituras ou de registros de experimentos ou de estudo de campo.&nbsp;<br>(EF69LP35-B) Produzir, revisar e editar textos voltados para a divulga\u00e7\u00e3o do conhecimento e de dados e resultados de pesquisas, tais como artigos de divulga\u00e7\u00e3o cient\u00edfica, reportagens cient\u00edficas, verbetes de enciclop\u00e9dia, verbete de enciclop\u00e9dia digital colaborativa, infogr\u00e1ficos, relatos de experimento cient\u00edfico e relato multimidi\u00e1tico de campo.<\/td><\/tr><tr><td><strong>Refer\u00eancias:<\/strong><\/td><td>GOI\u00c2NIA. Secretaria Municipal de Educa\u00e7\u00e3o. Aprender Sempre. 6\u00b0 ao 9\u00ba ano \u2013 Ensino Fundamental; L\u00edngua Portuguesa; 3\u00b0 Bimestre; Goi\u00e2nia, 2022.<br><a href=\"http:\/\/lattes.cnpq.br\/9821854823043830\">LEIBRUDER,, A. P. O discurso de divulga\u00e7\u00e3o cient\u00edfica. In: BRAND\u00c3O, H. N. (Org.). G\u00eaneros do discurso na escola: mito, conto, cordel, discurso pol\u00edtico, divulga\u00e7\u00e3o cient\u00edfica. 2. ed. S\u00e3o Paulo: Cortez, 2001. p. 229-253.<\/a><\/td><\/tr><\/tbody><\/table><\/figure>\n","protected":false},"author":42,"featured_media":151564,"template":"","ef_categoria":[16,36],"ef_ano":[91],"ef_componente":[93],"class_list":["post-151477","ensino_fundamental","type-ensino_fundamental","status-publish","has-post-thumbnail","hentry","ef_categoria-ciclo-da-adolescencia-hi","ef_categoria-etica-e-cidadania-ciclo-da-adolescencia-hi","ef_ano-8o-ano","ef_componente-portugues","entry","has-media"],"acf":[],"_links":{"self":[{"href":"https:\/\/sme.goiania.go.gov.br\/conexaoescola\/wp-json\/wp\/v2\/ensino_fundamental\/151477","targetHints":{"allow":["GET"]}}],"collection":[{"href":"https:\/\/sme.goiania.go.gov.br\/conexaoescola\/wp-json\/wp\/v2\/ensino_fundamental"}],"about":[{"href":"https:\/\/sme.goiania.go.gov.br\/conexaoescola\/wp-json\/wp\/v2\/types\/ensino_fundamental"}],"author":[{"embeddable":true,"href":"https:\/\/sme.goiania.go.gov.br\/conexaoescola\/wp-json\/wp\/v2\/users\/42"}],"version-history":[{"count":1,"href":"https:\/\/sme.goiania.go.gov.br\/conexaoescola\/wp-json\/wp\/v2\/ensino_fundamental\/151477\/revisions"}],"predecessor-version":[{"id":181462,"href":"https:\/\/sme.goiania.go.gov.br\/conexaoescola\/wp-json\/wp\/v2\/ensino_fundamental\/151477\/revisions\/181462"}],"wp:featuredmedia":[{"embeddable":true,"href":"https:\/\/sme.goiania.go.gov.br\/conexaoescola\/wp-json\/wp\/v2\/media\/151564"}],"wp:attachment":[{"href":"https:\/\/sme.goiania.go.gov.br\/conexaoescola\/wp-json\/wp\/v2\/media?parent=151477"}],"wp:term":[{"taxonomy":"ef_categoria","embeddable":true,"href":"https:\/\/sme.goiania.go.gov.br\/conexaoescola\/wp-json\/wp\/v2\/ef_categoria?post=151477"},{"taxonomy":"ef_ano","embeddable":true,"href":"https:\/\/sme.goiania.go.gov.br\/conexaoescola\/wp-json\/wp\/v2\/ef_ano?post=151477"},{"taxonomy":"ef_componente","embeddable":true,"href":"https:\/\/sme.goiania.go.gov.br\/conexaoescola\/wp-json\/wp\/v2\/ef_componente?post=151477"}],"curies":[{"name":"wp","href":"https:\/\/api.w.org\/{rel}","templated":true}]}}