{"id":151401,"date":"2022-09-30T02:56:00","date_gmt":"2022-09-30T05:56:00","guid":{"rendered":"https:\/\/sme.goiania.go.gov.br\/conexaoescola\/?post_type=ensino_fundamental&#038;p=151401"},"modified":"2024-05-23T09:36:44","modified_gmt":"2024-05-23T12:36:44","slug":"geo-am-la-aguas-sub","status":"publish","type":"ensino_fundamental","link":"https:\/\/sme.goiania.go.gov.br\/conexaoescola\/ensino_fundamental\/geo-am-la-aguas-sub\/","title":{"rendered":"Geografia &#8211; Am\u00e9rica Latina: \u00c1guas subterr\u00e2neas"},"content":{"rendered":"\n<p class=\"has-black-color has-text-color has-background has-medium-font-size\" style=\"background-color:#dee0e2\">Esta proposta de atividade de <strong>GEOGRAFIA<\/strong> \u00e9 destinada aos estudantes do <strong>8\u00b0 Ano<\/strong> do Ensino Fundamental Anos Finais.<\/p>\n\n\n\n<div class=\"wp-block-buttons is-content-justification-center is-layout-flex wp-container-core-buttons-is-layout-16018d1d wp-block-buttons-is-layout-flex\">\n<div class=\"wp-block-button has-custom-font-size has-medium-font-size\"><a class=\"wp-block-button__link has-white-color has-black-background-color has-text-color has-background has-link-color wp-element-button\" href=\"https:\/\/drive.google.com\/uc?export=download&amp;id=13Z3oCikvwRyqdZjR5I-qEqg-7yxOG-DL\" target=\"_blank\" rel=\"noreferrer noopener\"><strong>BAIXE A ATIVIDADE<\/strong><\/a><\/div>\n\n\n\n<div class=\"wp-block-button has-custom-font-size has-medium-font-size\"><a class=\"wp-block-button__link has-white-color has-black-background-color has-text-color has-background has-link-color wp-element-button\" href=\"https:\/\/drive.google.com\/uc?export=download&amp;id=15TipsEpGKhpLbCcP5C5F7q2c100vd4mg\" target=\"_blank\" rel=\"noreferrer noopener\"><strong>BAIXE OS SLIDES<\/strong><\/a><\/div>\n\n\n\n<div class=\"wp-block-button has-custom-font-size has-medium-font-size\"><a class=\"wp-block-button__link has-white-color has-black-background-color has-text-color has-background has-link-color wp-element-button\" href=\"https:\/\/drive.google.com\/uc?export=download&amp;id=1pHXBbhDPOsFwRTSsQtEQ_cuCHrlmghvb\" target=\"_blank\" rel=\"noreferrer noopener\"><strong>BAIXE O TEXTO<\/strong><\/a><\/div>\n<\/div>\n\n\n\n<p><\/p>\n\n\n\n<figure class=\"wp-block-image size-large is-resized is-style-rounded\"><img fetchpriority=\"high\" decoding=\"async\" width=\"1024\" height=\"768\" src=\"https:\/\/sme.goiania.go.gov.br\/conexaoescola\/wp-content\/uploads\/2022\/09\/cave-g92d07ef96_1920-e1664201367245-1024x768.jpg\" alt=\"\" class=\"wp-image-151405\" style=\"width:840px;height:auto\" srcset=\"https:\/\/sme.goiania.go.gov.br\/conexaoescola\/wp-content\/uploads\/2022\/09\/cave-g92d07ef96_1920-e1664201367245-1024x768.jpg 1024w, https:\/\/sme.goiania.go.gov.br\/conexaoescola\/wp-content\/uploads\/2022\/09\/cave-g92d07ef96_1920-e1664201367245-300x225.jpg 300w, https:\/\/sme.goiania.go.gov.br\/conexaoescola\/wp-content\/uploads\/2022\/09\/cave-g92d07ef96_1920-e1664201367245-768x576.jpg 768w, https:\/\/sme.goiania.go.gov.br\/conexaoescola\/wp-content\/uploads\/2022\/09\/cave-g92d07ef96_1920-e1664201367245-1536x1152.jpg 1536w, https:\/\/sme.goiania.go.gov.br\/conexaoescola\/wp-content\/uploads\/2022\/09\/cave-g92d07ef96_1920-e1664201367245.jpg 1920w\" sizes=\"(max-width: 1024px) 100vw, 1024px\" \/><figcaption class=\"wp-element-caption\">Gruta &#8211; Fonte:<a href=\"https:\/\/pixabay.com\/pt\/photos\/bola-de-quebra-cabe%C3%A7a-globo-1728983\/\"> https:\/\/pixabay.com\/pt\/photos\/caverna-gruta-rochas-natureza-luz-1909324\/<\/a><\/figcaption><\/figure>\n\n\n\n<hr class=\"wp-block-separator has-css-opacity\"\/>\n\n\n\n<p class=\"has-text-align-center has-white-color has-text-color has-background has-link-color has-medium-font-size wp-elements-4e27d4516774ab91d68f9fd059cf0a94\" style=\"background-color:#532200\"><strong>Am\u00e9rica Latina: \u00c1guas subterr\u00e2neas<\/strong><\/p>\n\n\n\n<p class=\"has-black-color has-text-color has-link-color has-medium-font-size wp-elements-aeda822e90b6f4abebf7a2dd641b7b5f\">Nem toda a \u00e1gua dispon\u00edvel para o consumo est\u00e1 localizada na superf\u00edcie terrestre, as \u00e1guas subterr\u00e2neas podem ser encontradas em reservat\u00f3rios abaixo da superf\u00edcie e a Am\u00e9rica Latina, na por\u00e7\u00e3o sul, abriga os dois maiores aqu\u00edferos do mundo em volume de \u00e1gua pot\u00e1vel.<\/p>\n\n\n\n<p class=\"has-black-color has-text-color has-link-color has-medium-font-size wp-elements-f6e6ce5be97e886b7864701e0cef46dd\">As \u00e1guas subterr\u00e2neas est\u00e3o armazenadas abaixo da superf\u00edcie terrestre,&nbsp; considerando o ciclo hidrol\u00f3gico, ap\u00f3s a precipita\u00e7\u00e3o, a \u00e1gua que n\u00e3o escorreu pelo solo infiltra-se pelos poros do solo e das rochas. A \u00e1gua pode ser armazenada nos poros do solo e das rochas, em falhas ou fraturas das rochas e at\u00e9 mesmo em reservat\u00f3rios maiores que chamamos de aqu\u00edferos.&nbsp;<\/p>\n\n\n\n<p class=\"has-black-color has-text-color has-link-color has-medium-font-size wp-elements-33f2ad19dc998bd1b1d6ffc88ffb6efe\">Ao infiltrar a \u00e1gua passa por processos de filtragem e purifica\u00e7\u00e3o, o que viabiliza o seu consumo. Durante a infiltra\u00e7\u00e3o al\u00e9m da purifica\u00e7\u00e3o ocorre tamb\u00e9m a percola\u00e7\u00e3o que enriquece \u00e1gua com os minerais presentes no solo e nas rochas. Comumente, quando a \u00e1gua tem alta concentra\u00e7\u00e3o de minerais, compramos esse l\u00edquido envasado e chamamos de \u00e1gua mineral.<\/p>\n\n\n\n<p class=\"has-black-color has-text-color has-link-color has-medium-font-size wp-elements-4e727f7217ae57c6a87da886cdb0f4e0\">O&nbsp; n\u00edvel fre\u00e1tico \u00e9 onde encontramos o solo saturado de \u00e1gua, acima do n\u00edvel fre\u00e1tico fica a zona n\u00e3o saturada. Basicamente na zona n\u00e3o saturada encontramos os poros com \u00e1gua e ar, j\u00e1 na zona saturada os poros est\u00e3o cheios de \u00e1gua. Quando cavamos um po\u00e7o ou uma cisterna, \u00e9 na zona saturada que esse po\u00e7o fica cheio de \u00e1gua.&nbsp;&nbsp;<\/p>\n\n\n\n<p class=\"has-black-color has-text-color has-link-color has-medium-font-size wp-elements-a0bf0f9757ba99facd96d7b3da967d4c\">Os aqu\u00edferos s\u00e3o forma\u00e7\u00f5es geol\u00f3gicas que armazenam \u00e1gua subterr\u00e2nea, s\u00e3o grandes reservat\u00f3rios utilizados para o abastecimento de rios e para consumo humano. O maior aqu\u00edfero do mundo, em volume de \u00e1gua, \u00e9 o Alter do Ch\u00e3o e est\u00e1 localizado no Brasil. Esse aqu\u00edfero tem 410 km\u00b2 de extens\u00e3o e 87 mil km\u00b3 de \u00e1gua doce. O Aqu\u00edfero Guarani \u00e9 o segundo maior do mundo e apresenta 1,2 milh\u00f5es de km\u00b2 de extens\u00e3o, armazenando 37 mil km\u00b3 de \u00e1gua doce. Esse reservat\u00f3rio est\u00e1 localizado no Brasil, Argentina, Paraguai e Uruguai.<\/p>\n\n\n\n<p class=\"has-white-color has-text-color has-background has-medium-font-size\" style=\"background-color:#532200\"><strong>Quest\u00e3o 01<\/strong><\/p>\n\n\n\n<p class=\"has-black-color has-text-color has-medium-font-size\">Os aqu\u00edferos s\u00e3o grandes reservat\u00f3rios subterr\u00e2neos e s\u00e3o utilizados para o abastecimento de rios e para consumo humano, o Brasil \u00e9 privilegiado pois abriga em seu territ\u00f3rio os dois maiores aqu\u00edferos do mundo em volume de \u00e1gua. Pesquise e descreva as caracter\u00edsticas dos aqu\u00edferos citados, lembrando que um deles n\u00e3o est\u00e1 localizado apenas em territ\u00f3rio brasileiro.<\/p>\n\n\n\n<p class=\"has-white-color has-text-color has-background has-medium-font-size\" style=\"background-color:#532200\"><strong>Quest\u00e3o 02<\/strong><\/p>\n\n\n\n<p class=\"has-black-color has-text-color has-link-color has-medium-font-size wp-elements-4406a86e4e41a6d26fb14818c73ddfaf\">Assinale a alternativa correta sobre os reservat\u00f3rios subterr\u00e2neos.\u00a0<\/p>\n\n\n\n<p class=\"has-black-color has-text-color has-link-color has-medium-font-size wp-elements-355beda205fe09a5f7d0d0029ab7240c\">(A) As zonas de recarga s\u00e3o \u00e1reas na superf\u00edcie terrestre que garantem o abastecimento dos reservat\u00f3rios subterr\u00e2neos, as atividades humanas n\u00e3o interferem nesse espa\u00e7o e por isso n\u00e3o geram impactos.&nbsp;<\/p>\n\n\n\n<p class=\"has-black-color has-text-color has-link-color has-medium-font-size wp-elements-46850c266fad3f921501ffb07c9eb9c8\">(B) O Brasil trata com rigor as pol\u00edticas ambientais voltadas \u00e0 preserva\u00e7\u00e3o dos aqu\u00edferos e por isso compreendemos que os res\u00edduos oriundos da agropecu\u00e1ria n\u00e3o contaminam os aqu\u00edferos em nenhuma hip\u00f3tese.&nbsp;<\/p>\n\n\n\n<p class=\"has-black-color has-text-color has-link-color has-medium-font-size wp-elements-501dcb17c03d1dbf529c46f9d41a13ce\">(C) Consideremos por \u00e1gua subterr\u00e2nea toda \u00e1gua que encontra- se congelada nas geleiras ou no topo das montanhas.\u00a0<\/p>\n\n\n\n<p class=\"has-black-color has-text-color has-link-color has-medium-font-size wp-elements-b16ddc19ae575a3d20785437fc8950d9\">(D) Durante a infiltra\u00e7\u00e3o da \u00e1gua al\u00e9m da purifica\u00e7\u00e3o ocorre tamb\u00e9m a percola\u00e7\u00e3o que enriquece \u00e1gua com os minerais presentes no solo e nas rochas.<\/p>\n\n\n\n<p class=\"has-white-color has-text-color has-background has-medium-font-size\" style=\"background-color:#532200\"><strong>Quest\u00e3o 03<\/strong><\/p>\n\n\n\n<p class=\"has-medium-font-size\"><em>Frente \u00e0 crescente demanda dos recursos h\u00eddricos, a explora\u00e7\u00e3o das \u00e1guas subterr\u00e2neas \u00e9 uma alternativa bastante atraente para abastecimento, em virtude da sua abund\u00e2ncia, qualidade e relativo baixo custo de capta\u00e7\u00e3o, principalmente considerando-se a condi\u00e7\u00e3o inadequada de qualidade das \u00e1guas superficiais associada ao elevado custo do tratamento dessas \u00e1guas para os diversos usos e a escassez verificada em algumas regi\u00f5es. Assim, o recurso h\u00eddrico subterr\u00e2neo vem se tornando estrat\u00e9gico para desenvolvimento econ\u00f4mico da sociedade, devendo, portanto ser protegido contra a polui\u00e7\u00e3o.<\/em><\/p>\n\n\n\n<p class=\"has-text-align-right\" style=\"font-size:12px\">\u00c1GUAS Subterr\u00e2neas. Dispon\u00edvel em: &lt;https:\/\/cetesb.sp.gov.br\/aguas-subterraneas\/&gt;. Acesso em: 23, set. 2022.<\/p>\n\n\n\n<p class=\"has-medium-font-size\">Descreva como os reservat\u00f3rios subterr\u00e2neos podem ser contaminados pela polui\u00e7\u00e3o e quais a\u00e7\u00f5es humanas contribuem para redu\u00e7\u00e3o do volume de \u00e1gua dos aqu\u00edferos?<\/p>\n\n\n\n<p class=\"has-white-color has-text-color has-background has-link-color has-medium-font-size wp-elements-ef2b899b4dc51d4531d55fb059975254\" style=\"background-color:#532200\"><strong>Quest\u00e3o 04 <\/strong><\/p>\n\n\n\n<p class=\"has-black-color has-text-color has-link-color has-medium-font-size wp-elements-54ad0cb2a6be21b7d0e9673a36eefdc2\">Os aqu\u00edferos s\u00e3o grandes reservat\u00f3rios, que armazenam \u00e1gua no subterr\u00e2neo.\u00a0 O maior aqu\u00edfero do mundo em volume de \u00e1gua \u00e9 o\u00a0<\/p>\n\n\n\n<p class=\"has-black-color has-text-color has-link-color has-medium-font-size wp-elements-4f8da1569f3bf8179f69c74ef4891b17\">(A) Aqu\u00edfero Alter do Ch\u00e3o&nbsp;<\/p>\n\n\n\n<p class=\"has-black-color has-text-color has-link-color has-medium-font-size wp-elements-ffa5ae771fd7a5b8d05d2da933fcae4f\">(B) Aqu\u00edfero Guarani&nbsp;<\/p>\n\n\n\n<p class=\"has-black-color has-text-color has-link-color has-medium-font-size wp-elements-cb4ab2fe67bed9a3f6bb1609b912822b\">(C) Aqu\u00edfero da \u00c1frica&nbsp;<\/p>\n\n\n\n<p class=\"has-black-color has-text-color has-link-color has-medium-font-size wp-elements-a58a527981cbe8d696aff17b78affe41\">(D) Aqu\u00edfero Arenito N\u00fabia<\/p>\n\n\n\n<p class=\"has-white-color has-text-color has-background has-medium-font-size\" style=\"background-color:#532200\"><strong>SAIBA MAIS<\/strong><\/p>\n\n\n\n<p class=\"has-black-color has-text-color has-medium-font-size\">Chega o dedo no play e curte esse v\u00eddeo!<\/p>\n\n\n\n<figure class=\"wp-block-embed is-type-video is-provider-youtube wp-block-embed-youtube wp-embed-aspect-16-9 wp-has-aspect-ratio\"><div class=\"wp-block-embed__wrapper\">\n<p class=\"responsive-video-wrap clr\"><iframe title=\"Atividade 13 - Am\u00e9rica Latina: \u00c1guas subterr\u00e2neas  - 8\u00ba Ano\" width=\"1200\" height=\"675\" src=\"https:\/\/www.youtube.com\/embed\/WED3MTMSfpc?feature=oembed\" frameborder=\"0\" allow=\"accelerometer; autoplay; clipboard-write; encrypted-media; gyroscope; picture-in-picture; web-share\" referrerpolicy=\"strict-origin-when-cross-origin\" allowfullscreen><\/iframe><\/p>\n<\/div><figcaption class=\"wp-element-caption\">Canal Geo Power &#8220;Atividade 13 &#8211; Am\u00e9rica Latina: \u00c1guas subterr\u00e2neas &#8211; 8\u00ba Ano&#8221;. Dispon\u00edvel em:&lt;https:\/\/www.youtube.com\/watch?v=dxlZ_HTEyfA&gt;. Acesso em: 25, set.  2022.<\/figcaption><\/figure>\n\n\n\n<p class=\"has-black-color has-text-color has-background has-medium-font-size\" style=\"background-color:#fff5d8\"><strong>Acesse os materiais referentes a essa atividade clicando aqui:<\/strong><a href=\"https:\/\/sme.goiania.go.gov.br\/conexaoescola\/propostas_didaticas\/propostas-didaticas-geografia-8o-ano\/\"> <\/a><a href=\"https:\/\/sme.goiania.go.gov.br\/conexaoescola\/propostas_didaticas\/propostas-didaticas-geografia-8o-ano\/\" target=\"_blank\" rel=\"noreferrer noopener\">https:\/\/sme.goiania.go.gov.br\/conexaoescola\/propostas_didaticas\/propostas-didaticas-geografia-8o-ano\/<\/a><\/p>\n\n\n\n<hr class=\"wp-block-separator has-css-opacity\"\/>\n\n\n\n<figure class=\"wp-block-table is-style-stripes\"><table><tbody><tr><td><strong>Habilidade:<\/strong><\/td><td>(EF08GE15-A) Relacionar os recursos h\u00eddricos da Am\u00e9rica Latina, aqu\u00edferos, bacias hidrogr\u00e1ficas, com a din\u00e2mica clim\u00e1tica.<\/td><\/tr><tr><td><strong>Referencial Te\u00f3rico:&nbsp;<\/strong><\/td><td>ADAS, M; ADAS, S.<em> Expedi\u00e7\u00f5es Geogr\u00e1ficas: 8\u00b0 ano<\/em>. 3\u00b0 Edi\u00e7\u00e3o. S\u00e3o Paulo: Moderna, 2018.&nbsp;<br>_________.<em> Expedi\u00e7\u00f5es Geogr\u00e1ficas: 6\u00b0 ano<\/em>. 3\u00b0 Edi\u00e7\u00e3o. S\u00e3o Paulo: Moderna, 2018.<br>AQU\u00cdFERO Guarani, o gigante subterr\u00e2neo. Dispon\u00edvel em:&lt;<a href=\"https:\/\/www.gov.br\/fundaj\/pt-br\/destaques\/observa-fundaj-itens\/observa-fundaj\/revitalizacao-de-bacias\/aquifero-guarani-o-gigante-subterraneo\">https:\/\/www.gov.br\/fundaj\/pt-br\/destaques\/observa-fundaj-itens\/observa-fundaj\/revitalizacao-de-bacias\/aquifero-guarani-o-gigante-subterraneo<\/a>&gt;. Acesso em: 23, set. 2022.&nbsp;<br>CARMO, T.<em> \u00c1gua, um recurso finito. <\/em>Dispon\u00edvel em:&lt;https:\/\/www.prefeitura.sp.gov.br\/cidade\/secretarias\/saude\/noticias\/?p=231869#:~:text=Apesar%20de%20ser%20um%20recurso,a%20\u00e1gua%20e%20o%20solo.&gt;.Acesso em: 23, set. 2022.&nbsp;<br>CASTRO, J. E. <em>A gest\u00e3o da \u00e1gua na Am\u00e9rica Latina<\/em>. Dispon\u00edvel em:&lt;https:\/\/www.ipea.gov.br\/desafios\/index.php?option=com_content&amp;view=article&amp;id=2834:catid=28&amp;Itemid=23&gt;. Acesso em: 23, set. 2022.&nbsp;<br>EMBRAPA. <em>Manejo de recursos h\u00eddricos<\/em>. Dispon\u00edvel em:&lt;https:\/\/www.embrapa.br\/tema-manejo-de-recursos-hidricos\/perguntas-e-respostas&gt;. Acesso em: 23, set. 2022.&nbsp;<br>MORENO, S. <em>Universo: A \u00e1gua do planeta Terra vai acabar? Ou esse recurso natural \u00e9 infinito?<\/em>. Diposn\u00edvel em:&lt;<a href=\"https:\/\/agenciabrasil.ebc.com.br\/radioagencia-nacional\/acervo\/pesquisa-e-inovacao\/audio\/2018-03\/universo-agua-do-planeta-terra-vai-acabar-ou-esse-recurso-natural\/\">https:\/\/agenciabrasil.ebc.com.br\/radioagencia-nacional\/acervo\/pesquisa-e-inovacao\/audio\/2018-03\/universo-agua-do-planeta-terra-vai-acabar-ou-esse-recurso-natural\/<\/a>&gt;. Acesso em: 23, set. 2022.<\/td><\/tr><\/tbody><\/table><\/figure>\n\n\n\n<p><\/p>\n","protected":false},"author":52,"featured_media":151405,"template":"","ef_categoria":[],"ef_ano":[91],"ef_componente":[96],"class_list":["post-151401","ensino_fundamental","type-ensino_fundamental","status-publish","has-post-thumbnail","hentry","ef_ano-8o-ano","ef_componente-geografia","entry","has-media"],"acf":[],"_links":{"self":[{"href":"https:\/\/sme.goiania.go.gov.br\/conexaoescola\/wp-json\/wp\/v2\/ensino_fundamental\/151401","targetHints":{"allow":["GET"]}}],"collection":[{"href":"https:\/\/sme.goiania.go.gov.br\/conexaoescola\/wp-json\/wp\/v2\/ensino_fundamental"}],"about":[{"href":"https:\/\/sme.goiania.go.gov.br\/conexaoescola\/wp-json\/wp\/v2\/types\/ensino_fundamental"}],"author":[{"embeddable":true,"href":"https:\/\/sme.goiania.go.gov.br\/conexaoescola\/wp-json\/wp\/v2\/users\/52"}],"version-history":[{"count":1,"href":"https:\/\/sme.goiania.go.gov.br\/conexaoescola\/wp-json\/wp\/v2\/ensino_fundamental\/151401\/revisions"}],"predecessor-version":[{"id":183163,"href":"https:\/\/sme.goiania.go.gov.br\/conexaoescola\/wp-json\/wp\/v2\/ensino_fundamental\/151401\/revisions\/183163"}],"wp:featuredmedia":[{"embeddable":true,"href":"https:\/\/sme.goiania.go.gov.br\/conexaoescola\/wp-json\/wp\/v2\/media\/151405"}],"wp:attachment":[{"href":"https:\/\/sme.goiania.go.gov.br\/conexaoescola\/wp-json\/wp\/v2\/media?parent=151401"}],"wp:term":[{"taxonomy":"ef_categoria","embeddable":true,"href":"https:\/\/sme.goiania.go.gov.br\/conexaoescola\/wp-json\/wp\/v2\/ef_categoria?post=151401"},{"taxonomy":"ef_ano","embeddable":true,"href":"https:\/\/sme.goiania.go.gov.br\/conexaoescola\/wp-json\/wp\/v2\/ef_ano?post=151401"},{"taxonomy":"ef_componente","embeddable":true,"href":"https:\/\/sme.goiania.go.gov.br\/conexaoescola\/wp-json\/wp\/v2\/ef_componente?post=151401"}],"curies":[{"name":"wp","href":"https:\/\/api.w.org\/{rel}","templated":true}]}}