{"id":151107,"date":"2022-09-23T20:30:34","date_gmt":"2022-09-23T23:30:34","guid":{"rendered":"https:\/\/sme.goiania.go.gov.br\/conexaoescola\/?post_type=ensino_fundamental&#038;p=151107"},"modified":"2023-12-13T13:44:33","modified_gmt":"2023-12-13T16:44:33","slug":"matematica-funcao-de-1o-e-de-2o-grau","status":"publish","type":"ensino_fundamental","link":"https:\/\/sme.goiania.go.gov.br\/conexaoescola\/ensino_fundamental\/matematica-funcao-de-1o-e-de-2o-grau\/","title":{"rendered":"Matem\u00e1tica- Fun\u00e7\u00e3o de 1\u00ba e de 2\u00ba grau"},"content":{"rendered":"\n<p class=\"has-text-align-center has-black-color has-text-color has-background has-medium-font-size\" style=\"background-color:#add8f1\"> Esta atividade tem como base as sequ\u00eancias did\u00e1ticas propostas pelo Programa Aprender Sempre, da SME-Goi\u00e2nia, com base no DC\/GO &#8211; Ampliado e est\u00e1 destinada a estudantes do 9\u00ba ano do Ensino Fundamental.<\/p>\n\n\n\n<div class=\"wp-block-buttons is-content-justification-center is-layout-flex wp-container-core-buttons-is-layout-51f7783f wp-block-buttons-is-layout-flex\">\n<div class=\"wp-block-button has-custom-font-size has-medium-font-size\"><a class=\"wp-block-button__link wp-element-button\" href=\"https:\/\/docs.google.com\/document\/d\/1SoTOR-LKZ6On3bXIhZFQYMEIVEF8Gnc6\/copy\" target=\"_blank\" rel=\"noreferrer noopener\">BAIXE A ATIVIDADE<\/a><\/div>\n\n\n\n<div class=\"wp-block-button has-custom-font-size has-medium-font-size\"><a class=\"wp-block-button__link wp-element-button\" href=\"https:\/\/docs.google.com\/presentation\/d\/1d6qCIusnEEPyJ1tdGVG8O7ehCCVM2vqk\/copy\" target=\"_blank\" rel=\"noreferrer noopener\">BAIXE OS  SLIDES<\/a><\/div>\n\n\n\n<div class=\"wp-block-button has-custom-font-size has-medium-font-size\"><a class=\"wp-block-button__link wp-element-button\" href=\"https:\/\/docs.google.com\/document\/d\/1L4OHbLJiA8730DAb3f9PoSv7zEGx_NZ4\/copy\" target=\"_blank\" rel=\"noreferrer noopener\">BAIXE O TEXTO<\/a><\/div>\n<\/div>\n\n\n<div class=\"wp-block-image\">\n<figure class=\"aligncenter size-full\"><img fetchpriority=\"high\" decoding=\"async\" width=\"375\" height=\"247\" src=\"https:\/\/sme.goiania.go.gov.br\/conexaoescola\/wp-content\/uploads\/2022\/09\/Imagem8.jpg\" alt=\"\" class=\"wp-image-151110\" srcset=\"https:\/\/sme.goiania.go.gov.br\/conexaoescola\/wp-content\/uploads\/2022\/09\/Imagem8.jpg 375w, https:\/\/sme.goiania.go.gov.br\/conexaoescola\/wp-content\/uploads\/2022\/09\/Imagem8-300x198.jpg 300w\" sizes=\"(max-width: 375px) 100vw, 375px\" \/><\/figure><\/div>\n\n\n<p class=\"has-text-align-center has-small-font-size\">Dispon\u00edvel em: &lt;<a href=\"https:\/\/pixabay.com\/pt\/photos\/escola-estudo-aprender-livros-ler-2051712\/\">Escola Estudo Aprender &#8211; Foto gratuita no Pixabay<\/a><a href=\"https:\/\/pixabay.com\/pt\/vectors\/mulher-o-neg%c3%b3cio-apontar-1453935\/\"> <\/a>&gt; Acesso em 30 de agosto de 2022<\/p>\n\n\n\n<p class=\"has-black-color has-text-color has-medium-font-size\">A matem\u00e1tica \u00e9 uma linguagem universal que permeia diversas \u00e1reas do conhecimento, sendo essencial para compreender e interpretar fen\u00f4menos presentes no mundo que nos cerca. <\/p>\n\n\n\n<p class=\"has-black-color has-text-color has-medium-font-size\">Nesse sentido, as fun\u00e7\u00f5es matem\u00e1ticas desempenham um papel fundamental em diversas \u00e1reas da matem\u00e1tica e t\u00eam ampla aplica\u00e7\u00e3o em v\u00e1rias disciplinas cient\u00edficas e pr\u00e1ticas do mundo real. <\/p>\n\n\n\n<p class=\"has-black-color has-text-color has-medium-font-size\"><strong>O que \u00e9 uma fun\u00e7\u00e3o?<\/strong> <\/p>\n\n\n\n<p class=\"has-black-color has-text-color has-medium-font-size\">Uma fun\u00e7\u00e3o \u00e9 uma instru\u00e7\u00e3o matem\u00e1tica que associa cada valor <strong>x<\/strong> de um conjunto <strong>A<\/strong> a um \u00fanico valor <strong>y<\/strong> de um conjunto <strong>B<\/strong>. Esses conjuntos s\u00e3o chamados de <span style=\"text-decoration: underline;\">dom\u00ednio<\/span> e <span style=\"text-decoration: underline;\">contradom\u00ednio<\/span>. Al\u00e9m disso, <strong>x<\/strong> e <strong>y<\/strong> s\u00e3o designados como vari\u00e1vel independente e vari\u00e1vel dependente, respectivamente, uma vez que o valor de <strong>y<\/strong> sempre est\u00e1 condicionado ao valor de <strong>x<\/strong>.<\/p>\n\n\n\n<p class=\"has-black-color has-text-color has-medium-font-size\"><strong>Fun\u00e7\u00e3o de 1\u00ba Grau:<\/strong> <\/p>\n\n\n\n<p class=\"has-black-color has-text-color has-medium-font-size\">A fun\u00e7\u00e3o de 1\u00ba grau, tamb\u00e9m conhecida como fun\u00e7\u00e3o linear, \u00e9 uma rela\u00e7\u00e3o matem\u00e1tica entre duas vari\u00e1veis, representada pela equa\u00e7\u00e3o<strong> <mark style=\"background-color:#7bdcb5\" class=\"has-inline-color\"><em>y<\/em> = <em>ax<\/em>+<em>b<\/em><\/mark><\/strong>. Nessa equa\u00e7\u00e3o, <strong><mark style=\"background-color:#7bdcb5\" class=\"has-inline-color\">a<\/mark><\/strong> e <mark style=\"background-color:#7bdcb5\" class=\"has-inline-color\"><strong>b<\/strong><\/mark> s\u00e3o n\u00fameros reais, e <strong><mark style=\"background-color:#7bdcb5\" class=\"has-inline-color\">a<\/mark><\/strong> \u00e9 diferente de zero. Esse tipo de fun\u00e7\u00e3o tamb\u00e9m recebe o nome de <span style=\"text-decoration: underline;\">fun\u00e7\u00e3o afim<\/span>.<\/p>\n\n\n\n<p class=\"has-black-color has-text-color has-medium-font-size\">As caracter\u00edsticas fundamentais dessa fun\u00e7\u00e3o s\u00e3o sua linearidade e a representa\u00e7\u00e3o gr\u00e1fica por uma reta. <\/p>\n\n\n\n<p class=\"has-black-color has-text-color has-medium-font-size\"><span style=\"text-decoration: underline;\">Exemplos:<\/span> <\/p>\n\n\n\n<p class=\"has-text-align-center has-black-color has-text-color has-medium-font-size\">y = 2x + 6 <\/p>\n\n\n\n<p class=\"has-text-align-center has-black-color has-text-color has-medium-font-size\">y = -x + 2 <\/p>\n\n\n\n<p class=\"has-text-align-center has-black-color has-text-color has-medium-font-size\">y = 0,5x <\/p>\n\n\n\n<p class=\"has-black-color has-text-color has-medium-font-size\"><strong>Representa\u00e7\u00e3o gr\u00e1fica da fun\u00e7\u00e3o de 1\u00ba Grau:<\/strong> <\/p>\n\n\n\n<p class=\"has-black-color has-text-color has-medium-font-size\">Para fazer a representa\u00e7\u00e3o, devemos descobrir os pares ordenados. Para isso vamos escolher alguns valores para <em>x<\/em> (por exemplo, -2, -1, 0, 1, 2) e calcule os valores correspondentes de <em>y<\/em> usando a equa\u00e7\u00e3o da fun\u00e7\u00e3o. <\/p>\n\n\n\n<p class=\"has-black-color has-text-color has-medium-font-size\">Depois dessa etapa, para cada par de valores (<em>x<\/em> , <em>y<\/em>) que calculamos, devemos marcar os pontos no plano cartesiano. <\/p>\n\n\n\n<p class=\"has-black-color has-text-color has-medium-font-size\">Ent\u00e3o, vamos conectar os pontos marcados no plano cartesiano com uma linha reta. Isso representa graficamente a fun\u00e7\u00e3o linear.<\/p>\n\n\n<div class=\"wp-block-image is-style-default\">\n<figure class=\"aligncenter size-full is-resized\"><img decoding=\"async\" src=\"https:\/\/sme.goiania.go.gov.br\/conexaoescola\/wp-content\/uploads\/2023\/12\/image-17.png\" alt=\"\" class=\"wp-image-173918\" width=\"274\" height=\"340\" srcset=\"https:\/\/sme.goiania.go.gov.br\/conexaoescola\/wp-content\/uploads\/2023\/12\/image-17.png 365w, https:\/\/sme.goiania.go.gov.br\/conexaoescola\/wp-content\/uploads\/2023\/12\/image-17-242x300.png 242w\" sizes=\"(max-width: 274px) 100vw, 274px\" \/><\/figure><\/div>\n\n<div class=\"wp-block-image is-style-default\">\n<figure class=\"aligncenter size-full\"><img decoding=\"async\" width=\"299\" height=\"297\" src=\"https:\/\/sme.goiania.go.gov.br\/conexaoescola\/wp-content\/uploads\/2023\/12\/image-18.png\" alt=\"\" class=\"wp-image-173920\" srcset=\"https:\/\/sme.goiania.go.gov.br\/conexaoescola\/wp-content\/uploads\/2023\/12\/image-18.png 299w, https:\/\/sme.goiania.go.gov.br\/conexaoescola\/wp-content\/uploads\/2023\/12\/image-18-150x150.png 150w\" sizes=\"(max-width: 299px) 100vw, 299px\" \/><\/figure><\/div>\n\n\n<p class=\"has-black-color has-text-color has-medium-font-size\"><strong>Fun\u00e7\u00e3o de 2\u00ba Grau:<\/strong> <\/p>\n\n\n\n<p class=\"has-black-color has-text-color has-medium-font-size\">Uma fun\u00e7\u00e3o quadr\u00e1tica \u00e9 uma express\u00e3o matem\u00e1tica que pode ser formulada da seguinte maneira: <\/p>\n\n\n\n<p class=\"has-text-align-center has-black-color has-text-color has-medium-font-size\"><strong><mark style=\"background-color:#7bdcb5\" class=\"has-inline-color\"><em>f<\/em>(<em>x<\/em>) = <em>ax<\/em><sup>2<\/sup> + <em>bx<\/em> + <em>c<\/em><\/mark><\/strong><\/p>\n\n\n\n<p class=\"has-black-color has-text-color has-medium-font-size\">Nesta equa\u00e7\u00e3o,<strong> <em>a<\/em><\/strong>, <em><strong>b<\/strong><\/em> e <strong><em>c<\/em> <\/strong>s\u00e3o n\u00fameros reais conhecidos como coeficientes, sendo crucial que<strong> <em>a<\/em><\/strong> seja sempre diferente de zero.<\/p>\n\n\n\n<p class=\"has-black-color has-text-color has-medium-font-size\"><strong>Gr\u00e1fico de uma fun\u00e7\u00e3o de 2\u00ba Grau:<\/strong> <\/p>\n\n\n\n<p class=\"has-black-color has-text-color has-medium-font-size\">O gr\u00e1fico de uma fun\u00e7\u00e3o de 2\u00b0 grau \u00e9 uma par\u00e1bola com a abertura para cima se <strong>a<\/strong> <strong>> 0<\/strong>, e para baixo se <strong>a &lt; 0<\/strong>.<\/p>\n\n\n<div class=\"wp-block-image is-style-default\">\n<figure class=\"aligncenter size-full\"><img loading=\"lazy\" decoding=\"async\" width=\"293\" height=\"210\" src=\"https:\/\/sme.goiania.go.gov.br\/conexaoescola\/wp-content\/uploads\/2023\/12\/image-20.png\" alt=\"\" class=\"wp-image-173971\"\/><\/figure><\/div>\n\n\n<p class=\"has-black-color has-text-color has-medium-font-size\">Exemplo:<\/p>\n\n\n<div class=\"wp-block-image is-style-default\">\n<figure class=\"aligncenter size-full is-resized\"><img loading=\"lazy\" decoding=\"async\" src=\"https:\/\/sme.goiania.go.gov.br\/conexaoescola\/wp-content\/uploads\/2023\/12\/image-21.png\" alt=\"\" class=\"wp-image-173984\" width=\"279\" height=\"296\" srcset=\"https:\/\/sme.goiania.go.gov.br\/conexaoescola\/wp-content\/uploads\/2023\/12\/image-21.png 372w, https:\/\/sme.goiania.go.gov.br\/conexaoescola\/wp-content\/uploads\/2023\/12\/image-21-283x300.png 283w\" sizes=\"(max-width: 279px) 100vw, 279px\" \/><\/figure><\/div>\n\n<div class=\"wp-block-image is-style-default\">\n<figure class=\"aligncenter size-full is-resized\"><img loading=\"lazy\" decoding=\"async\" src=\"https:\/\/sme.goiania.go.gov.br\/conexaoescola\/wp-content\/uploads\/2023\/12\/image-22.png\" alt=\"\" class=\"wp-image-173986\" width=\"297\" height=\"287\" srcset=\"https:\/\/sme.goiania.go.gov.br\/conexaoescola\/wp-content\/uploads\/2023\/12\/image-22.png 396w, https:\/\/sme.goiania.go.gov.br\/conexaoescola\/wp-content\/uploads\/2023\/12\/image-22-300x289.png 300w\" sizes=\"(max-width: 297px) 100vw, 297px\" \/><\/figure><\/div>\n\n\n<p class=\"has-text-align-center has-black-color has-text-color has-background has-medium-font-size\" style=\"background-color:#9faff9\">Assista a videoaula da professora Priscilla com essa tem\u00e1tica.<\/p>\n\n\n\n<figure class=\"wp-block-embed is-type-video is-provider-youtube wp-block-embed-youtube wp-embed-aspect-16-9 wp-has-aspect-ratio\"><div class=\"wp-block-embed__wrapper\">\n<p class=\"responsive-video-wrap clr\"><iframe title=\"Aprender Sempre - Matem\u00e1tica - 9\u00ba Ano - 3\u00ba Bim - Videoaula 3 - FUN\u00c7\u00c3O DE 1\u00ba E 2\u00ba GRAU\" width=\"1200\" height=\"675\" src=\"https:\/\/www.youtube.com\/embed\/i6m3zN1ZxhQ?feature=oembed\" frameborder=\"0\" allow=\"accelerometer; autoplay; clipboard-write; encrypted-media; gyroscope; picture-in-picture; web-share\" allowfullscreen><\/iframe><\/p>\n<\/div><\/figure>\n\n\n\n<hr class=\"wp-block-separator has-css-opacity\"\/>\n\n\n\n<p class=\"has-text-align-center has-background has-medium-font-size\" style=\"background-color:#9faff9\"><strong>VAMOS RESPONDER ALGUMAS QUEST\u00d5ES?<\/strong><\/p>\n\n\n\n<p class=\"has-text-align-center\">  <\/p>\n\n\n\n<p class=\"has-black-color has-text-color has-background has-medium-font-size\" style=\"background-color:#fbbbcb\"><strong>Quest\u00e3o 1<\/strong><\/p>\n\n\n\n<p class=\"has-black-color has-text-color has-medium-font-size\">Um estacionamento cobra R$5,00 pela hora inicial e 3  reais por cada hora adicional. <\/p>\n\n\n\n<p class=\"has-black-color has-text-color has-medium-font-size\">a) Qual o valor a ser pago por algu\u00e9m que deixou o carro por 2 horas?<\/p>\n\n\n\n<p class=\"has-black-color has-text-color has-medium-font-size\">b) E por algu\u00e9m que deixou o carro por 3 horas?<\/p>\n\n\n\n<p class=\"has-black-color has-text-color has-medium-font-size\">c) Represente o valor a ser pago usando uma fun\u00e7\u00e3o.<\/p>\n\n\n\n<p class=\"has-black-color has-text-color has-medium-font-size\">d) Fa\u00e7a a representa\u00e7\u00e3o gr\u00e1fica dessa fun\u00e7\u00e3o. <\/p>\n\n\n\n<p class=\"has-black-color has-text-color has-background has-medium-font-size\" style=\"background-color:#fbbbcb\"><strong>Quest\u00e3o 2<\/strong><\/p>\n\n\n\n<p class=\"has-medium-font-size\">Seja a fun\u00e7\u00e3o <strong>y = f(x) = x\u00b2 &#8211; 4x + 3<\/strong> complete a tabela e depois fa\u00e7a a representa\u00e7\u00e3o gr\u00e1fica.<\/p>\n\n\n\n<figure class=\"wp-block-table aligncenter is-style-regular\"><table><tbody><tr><td class=\"has-text-align-center\" data-align=\"center\"><strong>x<\/strong><\/td><td><strong>y = x\u00b2 &#8211; 4x + 3<\/strong><\/td><td>  <strong>y<\/strong>   <\/td><\/tr><tr><td class=\"has-text-align-center\" data-align=\"center\">        <\/td><td><\/td><td><\/td><\/tr><tr><td class=\"has-text-align-center\" data-align=\"center\"><\/td><td><\/td><td><\/td><\/tr><tr><td class=\"has-text-align-center\" data-align=\"center\"><\/td><td><\/td><td><\/td><\/tr><tr><td class=\"has-text-align-center\" data-align=\"center\"><\/td><td><\/td><td><\/td><\/tr><\/tbody><\/table><\/figure>\n\n\n\n<p class=\"has-black-color has-text-color has-background has-medium-font-size\" style=\"background-color:#fbbbcb\"><strong>Quest\u00e3o 3<\/strong><\/p>\n\n\n\n<p class=\"has-black-color has-text-color has-medium-font-size\">Mariana comprou um pacote de mensagens de texto para seu celular. Ela pagou R$ 10 pelo pacote e mais R$ 0,50 por cada mensagem enviada. A fun\u00e7\u00e3o que modela o custo total <em>C<\/em> em rela\u00e7\u00e3o ao n\u00famero de mensagens enviadas <em>m<\/em> \u00e9 dada por <em>C<\/em>(<em>m<\/em>) = 0,50<em>m<\/em>+10. O que representa o coeficiente 0,50 na fun\u00e7\u00e3o?<\/p>\n\n\n\n<p class=\"has-black-color has-text-color has-medium-font-size\">(A) O custo inicial do pacote de mensagens.<\/p>\n\n\n\n<p class=\"has-black-color has-text-color has-medium-font-size\">(B) O n\u00famero total de mensagens enviadas por Mariana.<\/p>\n\n\n\n<p class=\"has-black-color has-text-color has-medium-font-size\">(C) A taxa de varia\u00e7\u00e3o do custo por mensagem.<\/p>\n\n\n\n<p class=\"has-black-color has-text-color has-medium-font-size\">(D) O custo total pago por Mariana.<\/p>\n\n\n\n<p class=\"has-black-color has-text-color has-background has-medium-font-size\" style=\"background-color:#fbbbcb\"><strong>Quest\u00e3o 4<\/strong><\/p>\n\n\n\n<p class=\"has-black-color has-text-color has-medium-font-size\">Lucas est\u00e1 economizando dinheiro para comprar um videogame. Ele come\u00e7ou com R$ 50 e est\u00e1 economizando R$ 20 por semana. A fun\u00e7\u00e3o que modela a quantia de dinheiro <em>M<\/em> em rela\u00e7\u00e3o ao n\u00famero de semanas <em>w<\/em> \u00e9 dada por <em>M<\/em>(<em>w<\/em>) = 20 <em>w<\/em> + 50. O que representa o coeficiente 20 na fun\u00e7\u00e3o?<\/p>\n\n\n\n<p class=\"has-black-color has-text-color has-medium-font-size\">(A) A quantia inicial de dinheiro que Lucas tinha.<br>(B) O n\u00famero de semanas que Lucas economizou.<br>(C) A taxa de varia\u00e7\u00e3o da quantia de dinheiro por semana.<br>(D) O pre\u00e7o do videogame que Lucas deseja comprar.<\/p>\n\n\n\n<figure class=\"wp-block-table is-style-stripes\"><table><tbody><tr><td><strong>Autoria:<\/strong><\/td><td>Priscilla Nascimento Dias, licenciada em matem\u00e1tica e pedagoga.<\/td><\/tr><tr><td><strong>Componente Curricular:<\/strong><\/td><td>Matem\u00e1tica<\/td><\/tr><tr><td><strong>Habilidades:<\/strong><\/td><td>(EF07MA17-A) Ler, interpretar, resolver e elaborar problemas que envolvam varia\u00e7\u00e3o de proporcionalidade direta e de proporcionalidade inversa entre duas grandezas, para calcular a quantidade de um produto ao valor a pagar, alterar as quantidades de ingredientes de receitas, ampliar ou reduzir escala em mapas, entre outros.<br>(EF07MA17-B) Ler, interpretar, resolver e elaborar problemas que envolvam varia\u00e7\u00e3o de proporcionalidade direta e de proporcionalidade inversa entre duas grandezas, utilizando senten\u00e7a alg\u00e9brica para expressar a rela\u00e7\u00e3o entre elas.<br>(EF08MA13) Ler, interpretar, resolver e elaborar problemas que envolvam grandezas diretamente ou inversamente proporcionais, por meio de estrat\u00e9gias variadas<\/td><\/tr><\/tbody><\/table><\/figure>\n","protected":false},"author":60,"featured_media":151110,"template":"","ef_categoria":[16,32],"ef_ano":[92],"ef_componente":[94],"class_list":["post-151107","ensino_fundamental","type-ensino_fundamental","status-publish","has-post-thumbnail","hentry","ef_categoria-ciclo-da-adolescencia-hi","ef_categoria-corpo-e-movimento-ciclo-da-adolescencia-hi","ef_ano-9o-ano","ef_componente-matematica","entry","has-media"],"acf":[],"_links":{"self":[{"href":"https:\/\/sme.goiania.go.gov.br\/conexaoescola\/wp-json\/wp\/v2\/ensino_fundamental\/151107","targetHints":{"allow":["GET"]}}],"collection":[{"href":"https:\/\/sme.goiania.go.gov.br\/conexaoescola\/wp-json\/wp\/v2\/ensino_fundamental"}],"about":[{"href":"https:\/\/sme.goiania.go.gov.br\/conexaoescola\/wp-json\/wp\/v2\/types\/ensino_fundamental"}],"author":[{"embeddable":true,"href":"https:\/\/sme.goiania.go.gov.br\/conexaoescola\/wp-json\/wp\/v2\/users\/60"}],"version-history":[{"count":5,"href":"https:\/\/sme.goiania.go.gov.br\/conexaoescola\/wp-json\/wp\/v2\/ensino_fundamental\/151107\/revisions"}],"predecessor-version":[{"id":174001,"href":"https:\/\/sme.goiania.go.gov.br\/conexaoescola\/wp-json\/wp\/v2\/ensino_fundamental\/151107\/revisions\/174001"}],"wp:featuredmedia":[{"embeddable":true,"href":"https:\/\/sme.goiania.go.gov.br\/conexaoescola\/wp-json\/wp\/v2\/media\/151110"}],"wp:attachment":[{"href":"https:\/\/sme.goiania.go.gov.br\/conexaoescola\/wp-json\/wp\/v2\/media?parent=151107"}],"wp:term":[{"taxonomy":"ef_categoria","embeddable":true,"href":"https:\/\/sme.goiania.go.gov.br\/conexaoescola\/wp-json\/wp\/v2\/ef_categoria?post=151107"},{"taxonomy":"ef_ano","embeddable":true,"href":"https:\/\/sme.goiania.go.gov.br\/conexaoescola\/wp-json\/wp\/v2\/ef_ano?post=151107"},{"taxonomy":"ef_componente","embeddable":true,"href":"https:\/\/sme.goiania.go.gov.br\/conexaoescola\/wp-json\/wp\/v2\/ef_componente?post=151107"}],"curies":[{"name":"wp","href":"https:\/\/api.w.org\/{rel}","templated":true}]}}