{"id":150623,"date":"2022-09-21T09:31:10","date_gmt":"2022-09-21T12:31:10","guid":{"rendered":"https:\/\/sme.goiania.go.gov.br\/conexaoescola\/?post_type=ensino_fundamental&#038;p=150623"},"modified":"2024-02-19T14:25:02","modified_gmt":"2024-02-19T17:25:02","slug":"geografia-modo-de-vida-das-criancas","status":"publish","type":"ensino_fundamental","link":"https:\/\/sme.goiania.go.gov.br\/conexaoescola\/ensino_fundamental\/geografia-modo-de-vida-das-criancas\/","title":{"rendered":"GEOGRAFIA &#8211; MODO DE VIDA DAS CRIAN\u00c7AS"},"content":{"rendered":"\n<p class=\"has-text-align-center has-background has-medium-font-size\" style=\"background-color:#f7fbfc\"><strong> ESTA PROPOSTA DE ATIVIDADE DE&nbsp;<strong>GEOGRAFIA<\/strong>&nbsp;\u00c9 DESTINADA AOS ESTUDANTES DO&nbsp;<strong>1\u00ba ANO DOS ANOS INICIAIS DO ENSINO FUNDAMENTAL<\/strong>.<\/strong><\/p>\n\n\n\n<p class=\"has-text-align-center\"><img decoding=\"async\" width=\"997px;\" height=\"561px;\" src=\"https:\/\/lh6.googleusercontent.com\/mYsIqwJrimur_flIGW11ZtaMmugRj_wnt2VBApnEhHO7U32V0HCuossDOZtR6kY5DJPobqu6JZiyW8dISINMPq1jv_NegCGr__lxehAplTFLAZzLxRx81u54bQeUryCOl2PEAFw8dLnXI7haML8jnc1_wfnmvwuTb2vuHJQPR5o3Mdv5U2j4QG_r5PXZxg=s2048\"><\/p>\n\n\n\n<hr class=\"wp-block-separator has-css-opacity\"\/>\n\n\n\n<div class=\"wp-block-buttons is-content-justification-center is-layout-flex wp-container-core-buttons-is-layout-16018d1d wp-block-buttons-is-layout-flex\">\n<div class=\"wp-block-button\"><a class=\"wp-block-button__link wp-element-button\" href=\"https:\/\/docs.google.com\/document\/d\/1EV0Jnp7yQy8J2yE_05IGCHpR7oDZFblb\/copy\" target=\"_blank\" rel=\"noreferrer noopener\">BAIXE AS ATIVIDADES<\/a><\/div>\n\n\n\n<div class=\"wp-block-button\"><a class=\"wp-block-button__link wp-element-button\" href=\"https:\/\/docs.google.com\/presentation\/d\/1esrtJDmwY9OLc9IfpNsaahf7F9hfh4vm\/copy\" target=\"_blank\" rel=\"noreferrer noopener\">BAIXE OS SLIDES<\/a><\/div>\n<\/div>\n\n\n\n<p class=\"has-text-align-center has-background has-medium-font-size\" style=\"background-color:#edf9f1\">AS PESSOAS MORAM EM DIFERENTES LUGARES DO MUNDO.&nbsp;<\/p>\n\n\n\n<p class=\"has-text-align-center has-background has-medium-font-size\" style=\"background-color:#f8f1f1\"><strong>O MODO DE VIDA DAS CRIAN\u00c7AS VARIAM DE ACORDO COM O LUGAR ONDE ELAS VIVEM<\/strong><\/p>\n\n\n\n<p class=\"has-text-align-center has-background has-medium-font-size\" style=\"background-color:#edf9f6\">O LUGAR ONDE MORAMOS INFLUENCIA NOSSA MANEIRA DE SER E VIVER. <\/p>\n\n\n\n<p class=\"has-text-align-center has-background has-medium-font-size\" style=\"background-color:#f4ecfb\">ALGUMAS PESSOAS MORAM EM LUGARES COM UM GRANDE FLUXOS DE CARROS, COM MUITAS CASAS, ESCOLAS, POUCO VERDE E MUITA AGITA\u00c7\u00c3O. <\/p>\n\n\n\n<p class=\"has-text-align-center has-background has-medium-font-size\" style=\"background-color:#edf9f6\">OUTRAS MORAM EM LUGARES MAIS TRANQUILOS, COM PLANTA\u00c7\u00d5ES, MUITOS ANIMAIS E UMA GRANDE DIVERSIDADE DE \u00c1RVORES E PLANTAS.<\/p>\n\n\n\n<p class=\"has-text-align-center has-background has-medium-font-size\" style=\"background-color:#f3ede9\"><strong>O MODO DE VIDA DAS CRIAN\u00c7AS VARIAM DE ACORDO COM O LUGAR ONDE ELAS VIVEM<\/strong><\/p>\n\n\n\n<hr class=\"wp-block-separator has-css-opacity\"\/>\n\n\n\n<p class=\"has-text-align-center has-background has-medium-font-size\" style=\"background-color:#f5f7ee\">VAMOS FAZER A ATIVIDADE?<\/p>\n\n\n\n<p class=\"has-background has-medium-font-size\" style=\"background-color:#e5ebed\">QUEST\u00c3O 1<\/p>\n\n\n\n<p class=\"has-medium-font-size\">VAMOS ESCREVER COISAS QUE PODEMOS FAZER NA CIDADE E NO CAMPO.<\/p>\n\n\n<div class=\"wp-block-image\">\n<figure class=\"aligncenter is-resized\"><img fetchpriority=\"high\" decoding=\"async\" src=\"https:\/\/lh6.googleusercontent.com\/n2etEzdWwZZrmZl46aMa07zbLJVI2uHwkaOEg4IMd6C0hE-VfoVngpqM_0B2a_jEI1SvKvje7DtCUc2Q7dwix2jDltCsTq21AW3ruYyU6R29MsDnp6M54LUHT6CVHjGk6S9VHbEfUzD4ROsYqobrTj2-_GAW_AfiNYhuZ8uBrOuUE9V-h28fwCpQTQ\" alt=\"\" width=\"774\" height=\"564\"\/><figcaption class=\"wp-element-caption\">FONTE: <a href=\"https:\/\/brasilescola.uol.com.br\/geografia\/espaco-urbano-rural.htm\">https:\/\/brasilescola.uol.com.br\/geografia\/espaco-urbano-rural.htm<\/a><\/figcaption><\/figure><\/div>\n\n\n<figure class=\"wp-block-table is-style-regular\"><table><tbody><tr><td>CIDADE<\/td><td>CAMPO<\/td><\/tr><tr><td><\/td><td><br><\/td><\/tr><tr><td><\/td><td><br><\/td><\/tr><tr><td><\/td><td><br><\/td><\/tr><tr><td><\/td><td><br><\/td><\/tr><tr><td><\/td><td><br><\/td><\/tr><tr><td><br><\/td><td><\/td><\/tr><tr><td><br><\/td><td><\/td><\/tr><\/tbody><\/table><\/figure>\n\n\n\n<hr class=\"wp-block-separator has-css-opacity\"\/>\n\n\n\n<p class=\"has-background has-medium-font-size\" style=\"background-color:#e9f2f6\"><strong>Acesse os materiais referentes a essa atividade clicando aqui:<\/strong> <a href=\"https:\/\/sme.goiania.go.gov.br\/conexaoescola\/propostas_didaticas\/propostas-didaticas-geografia-1o-ano\/\" target=\"_blank\" rel=\"noreferrer noopener\">https:\/\/sme.goiania.go.gov.br\/conexaoescola\/propostas_didaticas\/propostas-didaticas-geografia-1o-ano\/<\/a><\/p>\n\n\n\n<hr class=\"wp-block-separator has-css-opacity\"\/>\n\n\n\n<figure class=\"wp-block-table is-style-stripes\"><table><tbody><tr><td><strong>Componente Curricular:<\/strong><\/td><td>GEOGRAFIA<\/td><\/tr><tr><td><strong>Habilidade:<\/strong><\/td><td>(EF01GE01-A) IDENTIFICAR-SE E RECONHECER-SE COMO UM SUJEITO NO SEU COTIDIANO E INTEGRANTE DE UM ESPA\u00c7O VIVENCIADO. (EF01GE01-B\/C) OBSERVAR E DESCREVER CARACTER\u00cdSTICAS DE SEUS LUGARES DE VIV\u00caNCIA, IDENTIFICANDO SEMELHAN\u00c7AS E DIFEREN\u00c7AS DE OUTROS LUGARES.<\/td><\/tr><\/tbody><\/table><\/figure>\n\n\n\n<hr class=\"wp-block-separator has-css-opacity\"\/>\n\n\n\n<figure class=\"wp-block-table is-style-stripes\"><table><tbody><tr><td>REFER\u00caNCIAS<\/td><td>GOVERNO DO ESTADO DE GOI\u00c1S. SECRET\u00c1RIA DE ESTADO DE EDUCA\u00c7\u00c3O \u2013 SEDUC\/CONSED. DOCUMENTO CURRICULAR PARA GOI\u00c1S \u2013 AMPLIADO: <strong>VOLUME II ENSINO FUNDAMENTAL ANOS INICIAIS<\/strong>.<br>IMAGENS RETIRADAS DO SITE: CANVA<\/td><\/tr><\/tbody><\/table><\/figure>\n\n\n\n<hr class=\"wp-block-separator has-css-opacity\"\/>\n","protected":false},"author":39,"featured_media":150502,"template":"","ef_categoria":[28],"ef_ano":[84],"ef_componente":[96],"class_list":["post-150623","ensino_fundamental","type-ensino_fundamental","status-publish","has-post-thumbnail","hentry","ef_categoria-educacao-ambiental-e-saude-ciclo-da-adolescencia-fg","ef_ano-1o-ano","ef_componente-geografia","entry","has-media"],"acf":[],"_links":{"self":[{"href":"https:\/\/sme.goiania.go.gov.br\/conexaoescola\/wp-json\/wp\/v2\/ensino_fundamental\/150623","targetHints":{"allow":["GET"]}}],"collection":[{"href":"https:\/\/sme.goiania.go.gov.br\/conexaoescola\/wp-json\/wp\/v2\/ensino_fundamental"}],"about":[{"href":"https:\/\/sme.goiania.go.gov.br\/conexaoescola\/wp-json\/wp\/v2\/types\/ensino_fundamental"}],"author":[{"embeddable":true,"href":"https:\/\/sme.goiania.go.gov.br\/conexaoescola\/wp-json\/wp\/v2\/users\/39"}],"version-history":[{"count":3,"href":"https:\/\/sme.goiania.go.gov.br\/conexaoescola\/wp-json\/wp\/v2\/ensino_fundamental\/150623\/revisions"}],"predecessor-version":[{"id":177305,"href":"https:\/\/sme.goiania.go.gov.br\/conexaoescola\/wp-json\/wp\/v2\/ensino_fundamental\/150623\/revisions\/177305"}],"wp:featuredmedia":[{"embeddable":true,"href":"https:\/\/sme.goiania.go.gov.br\/conexaoescola\/wp-json\/wp\/v2\/media\/150502"}],"wp:attachment":[{"href":"https:\/\/sme.goiania.go.gov.br\/conexaoescola\/wp-json\/wp\/v2\/media?parent=150623"}],"wp:term":[{"taxonomy":"ef_categoria","embeddable":true,"href":"https:\/\/sme.goiania.go.gov.br\/conexaoescola\/wp-json\/wp\/v2\/ef_categoria?post=150623"},{"taxonomy":"ef_ano","embeddable":true,"href":"https:\/\/sme.goiania.go.gov.br\/conexaoescola\/wp-json\/wp\/v2\/ef_ano?post=150623"},{"taxonomy":"ef_componente","embeddable":true,"href":"https:\/\/sme.goiania.go.gov.br\/conexaoescola\/wp-json\/wp\/v2\/ef_componente?post=150623"}],"curies":[{"name":"wp","href":"https:\/\/api.w.org\/{rel}","templated":true}]}}