{"id":150366,"date":"2022-09-16T16:17:28","date_gmt":"2022-09-16T19:17:28","guid":{"rendered":"https:\/\/sme.goiania.go.gov.br\/conexaoescola\/?post_type=ensino_fundamental&#038;p=150366"},"modified":"2022-11-10T16:14:00","modified_gmt":"2022-11-10T19:14:00","slug":"arte-musica-ritmo-harmonia-e-melodia-2","status":"publish","type":"ensino_fundamental","link":"https:\/\/sme.goiania.go.gov.br\/conexaoescola\/ensino_fundamental\/arte-musica-ritmo-harmonia-e-melodia-2\/","title":{"rendered":"Arte &#8211; Ritmo, harmonia, melodia e dura\u00e7\u00e3o"},"content":{"rendered":"\n<p class=\"has-black-color has-text-color has-background has-medium-font-size\" style=\"background-color:#fff9d6\">Esta proposta de atividade de <strong>Arte<\/strong>, \u00e9 destinada a estudantes de <strong>5\u00ba ano<\/strong> do <strong>Ensino Fundamental.<\/strong><\/p>\n\n\n\n<p class=\"has-medium-font-size\">Voc\u00ea conhece os&nbsp;tr\u00eas elementos b\u00e1sicos da m\u00fasica?<\/p>\n\n\n\n<p class=\"has-medium-font-size\">N\u00e3o!<\/p>\n\n\n\n<p class=\"has-medium-font-size\">Veja, s\u00e3o elementos b\u00e1sicos da m\u00fasica a<strong> melodia, harmonia e ritmo<\/strong>. <\/p>\n\n\n\n<div class=\"wp-block-image is-style-rounded\"><figure class=\"aligncenter size-full is-resized\"><img fetchpriority=\"high\" decoding=\"async\" src=\"https:\/\/sme.goiania.go.gov.br\/conexaoescola\/wp-content\/uploads\/2022\/09\/music-104606_960_720.jpg\" alt=\"\" class=\"wp-image-150380\" width=\"720\" height=\"509\" srcset=\"https:\/\/sme.goiania.go.gov.br\/conexaoescola\/wp-content\/uploads\/2022\/09\/music-104606_960_720.jpg 960w, https:\/\/sme.goiania.go.gov.br\/conexaoescola\/wp-content\/uploads\/2022\/09\/music-104606_960_720-300x212.jpg 300w, https:\/\/sme.goiania.go.gov.br\/conexaoescola\/wp-content\/uploads\/2022\/09\/music-104606_960_720-768x542.jpg 768w\" sizes=\"(max-width: 720px) 100vw, 720px\" \/><figcaption>Pixabay. Dispon\u00edvel em: https:\/\/pixabay.com\/es\/illustrations\/los-grados-clave-de-sol-sonido-104606\/. Acessado em: 16\/09\/2022<\/figcaption><\/figure><\/div>\n\n\n\n<p class=\"has-medium-font-size\">Cada um destes elementos gera est\u00edmulos e sensa\u00e7\u00f5es diferentes em quem est\u00e1 ouvindo, cantando ou tocando!<\/p>\n\n\n\n<div style=\"height:47px\" aria-hidden=\"true\" class=\"wp-block-spacer\"><\/div>\n\n\n\n<p class=\"has-background has-medium-font-size\" style=\"background-color:#fff9d6\"><strong>QUEST\u00c3O 1<\/strong><\/p>\n\n\n\n<p class=\"has-medium-font-size\"><strong>Voc\u00ea consegue identificar o ritmo de uma m\u00fasica, os instrumentos tocados e o estilo a que ela pertence?<\/strong><\/p>\n\n\n\n<p class=\"has-medium-font-size\">O <strong>ritmo<\/strong>  requer aten\u00e7\u00e3o e pode ser compreendido como um <strong>movimento coordenado,<\/strong> <strong>uma repeti\u00e7\u00e3o<\/strong> de sons organizados em uma  uma ordem m\u00e9trica ao longo da m\u00fasica regidos pela sua maior ou menor dura\u00e7\u00e3o, que tende a ser constante com peri\u00f3dica repeti\u00e7\u00e3o.  Regulares ou irregulares, fortes ou fracos, longos ou breves, presentes na composi\u00e7\u00e3o musical. <\/p>\n\n\n\n<p class=\"has-medium-font-size\">O <strong>ritmo<\/strong>  pode ser aplicado tanto sobre a melodia quanto sobre a harmonia.<\/p>\n\n\n\n<p class=\"has-medium-font-size\">Responda:<\/p>\n\n\n\n<p class=\"has-medium-font-size\">a &#8211; Ou\u00e7a e observe a m\u00fasica abaixo e tente identificar o ritmo. Dica, preste aten\u00e7\u00e3o na bateria. <\/p>\n\n\n\n<p class=\"has-medium-font-size\">b &#8211; Quais s\u00e3o os instrumentos presente na m\u00fasica abaixo?<\/p>\n\n\n\n<p class=\"has-medium-font-size\">c &#8211; Qual deles \u00e9 respons\u00e1vel por marcar o ritmo? (Ou\u00e7a a m\u00fasica prestando a ten\u00e7\u00e3o em um instrumento, depois ou\u00e7a novamente com aten\u00e7\u00e3o em outro instrumento&#8230;)  <br><\/p>\n\n\n\n<figure class=\"wp-block-embed is-type-video is-provider-youtube wp-block-embed-youtube wp-embed-aspect-16-9 wp-has-aspect-ratio\"><div class=\"wp-block-embed__wrapper\">\n<p class=\"responsive-video-wrap clr\"><iframe title=\"Hills - Riot - ROCK CLASSIC - Royalties \/ Copyright FREE\" width=\"1200\" height=\"675\" src=\"https:\/\/www.youtube.com\/embed\/5LuCGdPBD5o?feature=oembed\" frameborder=\"0\" allow=\"accelerometer; autoplay; clipboard-write; encrypted-media; gyroscope; picture-in-picture\" allowfullscreen><\/iframe><\/p>\n<\/div><figcaption><br>CASA BATISTA &#8211; Hills &#8211; Riot &#8211; ROCK CLASSIC &#8211; Royalties \/ Copyright FREE &#8211; Dispon\u00edvel em: &lt;https:\/\/www.youtube.com\/watch?v=5LuCGdPBD5o&gt; Acessado em 16\/09\/2022 <\/figcaption><\/figure>\n\n\n\n<div style=\"height:53px\" aria-hidden=\"true\" class=\"wp-block-spacer\"><\/div>\n\n\n\n<p class=\"has-background has-medium-font-size\" style=\"background-color:#fff9d6\"><strong>QUEST\u00c3O 2<\/strong><\/p>\n\n\n\n<p class=\"has-medium-font-size\">A <strong>harmonia<\/strong> \u00e9 como um plano de fundo para a melodia, ela \u00e9 aquela que mais exige do c\u00e9rebro no sentido da aplica\u00e7\u00e3o de uma sequ\u00eancia l\u00f3gica e racional dos acordes, combina notas musicais simult\u00e2neas. A harmonia tamb\u00e9m preenche momentos de pausa da m\u00fasica quando h\u00e1 um cantor, com acordes por exemplo. Em geral n\u00e3o conseguimos cantar ou cantarolar uma harmonia.<\/p>\n\n\n\n<p class=\"has-medium-font-size\"><strong>Melodia,<\/strong> podemos dizer que \u00e9 uma sequ\u00eancia de notas com diferentes intervalos. Temos melodia instrumental e a melodia cantada, que \u00e9 onde o vocalista interpreta a letra em um determinado ritmo. \u00c9 por meio dela que conseguimos reconhecer uma m\u00fasica, solfejar ou cantar. <\/p>\n\n\n\n<ul class=\"has-medium-font-size wp-block-list\"><li> Vamos diferenciar harmonia e melodia?<\/li><\/ul>\n\n\n\n<figure class=\"wp-block-embed is-type-video is-provider-youtube wp-block-embed-youtube wp-embed-aspect-16-9 wp-has-aspect-ratio\"><div class=\"wp-block-embed__wrapper\">\n<p class=\"responsive-video-wrap clr\"><iframe title=\"Alecrim Dourado - Instrumental\" width=\"1200\" height=\"675\" src=\"https:\/\/www.youtube.com\/embed\/d_S6eOGFCOQ?feature=oembed\" frameborder=\"0\" allow=\"accelerometer; autoplay; clipboard-write; encrypted-media; gyroscope; picture-in-picture\" allowfullscreen><\/iframe><\/p>\n<\/div><figcaption><a href=\"https:\/\/www.youtube.com\/c\/WarleyQuirinoPIANO\">Warley Quirino PIANO<\/a> &#8211; Alecrim Dourado &#8211; Instrumental. Dispon\u00edvel em: https:\/\/www.youtube.com\/watch?v=d_S6eOGFCOQ<\/figcaption><\/figure>\n\n\n\n<p class=\"has-medium-font-size\">a &#8211; Ao ouvir a m\u00fasica acima voc\u00ea consegue dizer que m\u00fasica \u00e9 essa? Se sim, qual?<\/p>\n\n\n\n<p class=\"has-medium-font-size\">b &#8211; Quais s\u00e3o os instrumentos presentes?<\/p>\n\n\n\n<p class=\"has-medium-font-size\">C &#8211; Qual instrumento marca a Harmonia?<\/p>\n\n\n\n<p class=\"has-medium-font-size\">d &#8211; Qual instrumento marca a Melodia?<\/p>\n\n\n\n<div style=\"height:53px\" aria-hidden=\"true\" class=\"wp-block-spacer\"><\/div>\n\n\n\n<p class=\"has-text-align-center has-background has-large-font-size\" style=\"background-color:#fff9d6\"><strong>Desafio<\/strong><\/p>\n\n\n\n<p class=\"has-medium-font-size\"> Voc\u00ea sabe o que \u00e9 <strong>DURA\u00c7\u00c3O <\/strong>de um SOM na m\u00fasica ? <\/p>\n\n\n\n<p class=\"has-medium-font-size\">Este \u00e9 um conceito importante.<\/p>\n\n\n\n<p class=\"has-medium-font-size\">Existem sons curtos e longos. Este \u00e9 um conceito relativo, pois um som precisa ser comparado a outro para definirmos se \u00e9 longo ou curto.<\/p>\n\n\n\n<figure class=\"wp-block-image size-large is-resized\"><img decoding=\"async\" src=\"https:\/\/sme.goiania.go.gov.br\/conexaoescola\/wp-content\/uploads\/2022\/08\/som-1-1024x432.png\" alt=\"\" class=\"wp-image-149285\" width=\"768\" height=\"324\" srcset=\"https:\/\/sme.goiania.go.gov.br\/conexaoescola\/wp-content\/uploads\/2022\/08\/som-1-1024x432.png 1024w, https:\/\/sme.goiania.go.gov.br\/conexaoescola\/wp-content\/uploads\/2022\/08\/som-1-300x127.png 300w, https:\/\/sme.goiania.go.gov.br\/conexaoescola\/wp-content\/uploads\/2022\/08\/som-1-768x324.png 768w, https:\/\/sme.goiania.go.gov.br\/conexaoescola\/wp-content\/uploads\/2022\/08\/som-1-1536x648.png 1536w, https:\/\/sme.goiania.go.gov.br\/conexaoescola\/wp-content\/uploads\/2022\/08\/som-1.png 2000w\" sizes=\"(max-width: 768px) 100vw, 768px\" \/><figcaption>Imagem autoral, remixada no paint <\/figcaption><\/figure>\n\n\n\n<p class=\"has-medium-font-size\">Agora veja o v\u00eddeo abaixo e diga:<\/p>\n\n\n\n<figure class=\"wp-block-embed is-type-video is-provider-youtube wp-block-embed-youtube wp-embed-aspect-16-9 wp-has-aspect-ratio\"><div class=\"wp-block-embed__wrapper\">\n<p class=\"responsive-video-wrap clr\"><iframe title=\"DAURA\u00c7\u00c3O DO SOM: CURTO OU LONGO?\" width=\"1200\" height=\"675\" src=\"https:\/\/www.youtube.com\/embed\/f6JpMhmwi5c?feature=oembed\" frameborder=\"0\" allow=\"accelerometer; autoplay; clipboard-write; encrypted-media; gyroscope; picture-in-picture\" allowfullscreen><\/iframe><\/p>\n<\/div><\/figure>\n\n\n\n<p class=\"has-medium-font-size\">a &#8211; Qual animal tem o som mais curto?<\/p>\n\n\n\n<p class=\"has-medium-font-size\">b &#8211; Qual animal tem o som mais longo?<\/p>\n\n\n\n<hr class=\"wp-block-separator\"\/>\n\n\n\n<p class=\"has-text-color has-medium-font-size\" style=\"color:#960909\"> <strong><em>Professor (a), <\/em><\/strong>voc\u00ea pode acessar e fazer o download deste material em documentos edit\u00e1veis de texto e o PowerPoint. Entre na aba Propostas Did\u00e1ticas ou acesse o link a seguir:  &lt;https:\/\/sme.goiania.go.gov.br\/conexaoescola\/propostas_didaticas\/propostas-didaticas-arte-5a-serie\/ ><\/p>\n\n\n\n<hr class=\"wp-block-separator\"\/>\n\n\n\n<div style=\"height:47px\" aria-hidden=\"true\" class=\"wp-block-spacer\"><\/div>\n\n\n\n<p class=\"has-background has-medium-font-size\" style=\"background-color:#fff9d6\"><strong>Saber mais<\/strong><\/p>\n\n\n\n<figure class=\"wp-block-embed is-type-video is-provider-youtube wp-block-embed-youtube wp-embed-aspect-16-9 wp-has-aspect-ratio\"><div class=\"wp-block-embed__wrapper\">\n<p class=\"responsive-video-wrap clr\"><iframe title=\"Musica - Ritmo e Dura\u00e7\u00e3o\" width=\"1200\" height=\"675\" src=\"https:\/\/www.youtube.com\/embed\/G2TL1pAGIBc?feature=oembed\" frameborder=\"0\" allow=\"accelerometer; autoplay; clipboard-write; encrypted-media; gyroscope; picture-in-picture\" allowfullscreen><\/iframe><\/p>\n<\/div><figcaption> Canal: Ariadiny C\u00e2ndido &#8211; Musica &#8211; Ritmo e Dura\u00e7\u00e3o. Dispon\u00edvel em: https:\/\/youtu.be\/G2TL1pAGIBc <\/figcaption><\/figure>\n\n\n\n<p class=\"has-medium-font-size\">Acesse: O canal do YouTube do professor Jo\u00e3o San, Dispon\u00edvel em: <a href=\"https:\/\/www.youtube.com\/channel\/UCoBNbQOGtJIvC-1wbo_PDFQ\/videos\">https:\/\/www.youtube.com\/channel\/UCoBNbQOGtJIvC-1wbo_PDFQ\/videos<\/a>&nbsp;<\/p>\n\n\n\n<p class=\"has-medium-font-size\">Acesse o site Cifras Club: O que \u00e9 melodia? Aprenda tudo sobre esse fundamento da m\u00fasica. 07 de Abril de 2022, \u00e0s 10:58 &#8211; Por Carlos de Oliveira. Dispon\u00edvel em: https:\/\/www.cifraclub.com.br\/blog\/o-que-e-melodia\/<\/p>\n\n\n\n<p class=\"has-black-color has-text-color has-medium-font-size\">Acesse o site Blue note:  Os Elementos Da Musica, por Leandro Matos. Dispon\u00edvel em: http:\/\/www.escolabluenote.com\/os-elementos-da-musica\/ <\/p>\n\n\n\n<hr class=\"wp-block-separator\"\/>\n\n\n\n<figure class=\"wp-block-table\"><table><tbody><tr><td><strong>Componente Curricular<\/strong><\/td><td>Arte<\/td><\/tr><tr><td><strong>Objetivos de aprendizagem e desenvolvimento<\/strong><\/td><td>(GO-EF05AR14-B\/C) Perceber e identificar os elementos constitutivos da m\u00fasica, melodia, harmonia e ritmo e do som, altura, intensidade, timbre, dura\u00e7\u00e3o, por meio de pr\u00e1ticas musicais diversas. <\/td><\/tr><tr><td><strong>Refer\u00eancia&nbsp;<\/strong><\/td><td>Documento Curricular para Goi\u00e1s &#8211; Ampliado &#8211; Cortes Temporais.pdf. Dispon\u00edvel em: <a href=\"https:\/\/sme.goiania.go.gov.br\/site\/index.php\/institucional\/documentos-oficiais-2\">https:\/sme.goiania.go.gov.br\/site\/index.php\/institucional\/documentos-oficiais-2\/<\/a>&nbsp;<br><br>Documento Curricular para Goi\u00e1s Ampliado_vol II.pdf. Goi\u00e2nia\/GO: CONSED\/ UNDIME Goi\u00e1s, 2018.&nbsp;<br><br>SABRA no Conselho Municipal de Assist\u00eancia Social de Betim &#8211; O que \u00e9 Ritmo. Dispon\u00edvel em: <a href=\"https:\/\/www.significados.com.br\/ritmo\/\">https:\/\/www.significados.com.br\/ritmo\/<\/a> Acessado em: 30\/08\/2022<br><br><a href=\"https:\/\/www.sabra.org.br\/site\/author\/marcio-miranda-pontes\/\">PONTES, M\u00e1rcio Miranda<\/a>. O que \u00e9 o ritmo musical? Dispon\u00edvel em: <a href=\"https:\/\/www.sabra.org.br\/site\/o-que-e-o-ritmo-musical\/\">https:\/\/www.sabra.org.br\/site\/o-que-e-o-ritmo-musical\/<\/a> Acessado em: 30\/08\/2022<br><br>OLIVEIRA, Carlos de.  O que \u00e9 melodia? Aprenda tudo sobre esse fundamento da m\u00fasica. 07 de Abril de 2022, \u00e0s 10:58 &#8211; Dispon\u00edvel em: https:\/\/www.cifraclub.com.br\/blog\/o-que-e-melodia\/ <\/td><\/tr><\/tbody><\/table><\/figure>\n","protected":false},"author":12,"featured_media":150380,"template":"","ef_categoria":[13,17],"ef_ano":[88],"ef_componente":[99],"class_list":["post-150366","ensino_fundamental","type-ensino_fundamental","status-publish","has-post-thumbnail","hentry","ef_categoria-ciclo-da-infancia-abc","ef_categoria-corpo-e-movimento","ef_ano-5o-ano","ef_componente-arte-ef","entry","has-media"],"acf":[],"_links":{"self":[{"href":"https:\/\/sme.goiania.go.gov.br\/conexaoescola\/wp-json\/wp\/v2\/ensino_fundamental\/150366","targetHints":{"allow":["GET"]}}],"collection":[{"href":"https:\/\/sme.goiania.go.gov.br\/conexaoescola\/wp-json\/wp\/v2\/ensino_fundamental"}],"about":[{"href":"https:\/\/sme.goiania.go.gov.br\/conexaoescola\/wp-json\/wp\/v2\/types\/ensino_fundamental"}],"author":[{"embeddable":true,"href":"https:\/\/sme.goiania.go.gov.br\/conexaoescola\/wp-json\/wp\/v2\/users\/12"}],"version-history":[{"count":0,"href":"https:\/\/sme.goiania.go.gov.br\/conexaoescola\/wp-json\/wp\/v2\/ensino_fundamental\/150366\/revisions"}],"wp:featuredmedia":[{"embeddable":true,"href":"https:\/\/sme.goiania.go.gov.br\/conexaoescola\/wp-json\/wp\/v2\/media\/150380"}],"wp:attachment":[{"href":"https:\/\/sme.goiania.go.gov.br\/conexaoescola\/wp-json\/wp\/v2\/media?parent=150366"}],"wp:term":[{"taxonomy":"ef_categoria","embeddable":true,"href":"https:\/\/sme.goiania.go.gov.br\/conexaoescola\/wp-json\/wp\/v2\/ef_categoria?post=150366"},{"taxonomy":"ef_ano","embeddable":true,"href":"https:\/\/sme.goiania.go.gov.br\/conexaoescola\/wp-json\/wp\/v2\/ef_ano?post=150366"},{"taxonomy":"ef_componente","embeddable":true,"href":"https:\/\/sme.goiania.go.gov.br\/conexaoescola\/wp-json\/wp\/v2\/ef_componente?post=150366"}],"curies":[{"name":"wp","href":"https:\/\/api.w.org\/{rel}","templated":true}]}}