{"id":150349,"date":"2022-09-16T14:23:50","date_gmt":"2022-09-16T17:23:50","guid":{"rendered":"https:\/\/sme.goiania.go.gov.br\/conexaoescola\/?post_type=ensino_fundamental&#038;p=150349"},"modified":"2024-08-19T10:09:39","modified_gmt":"2024-08-19T13:09:39","slug":"lingua-portuguesa-textos-jornalisticos-com-recursos-semioticos","status":"publish","type":"ensino_fundamental","link":"https:\/\/sme.goiania.go.gov.br\/conexaoescola\/ensino_fundamental\/lingua-portuguesa-textos-jornalisticos-com-recursos-semioticos\/","title":{"rendered":"L\u00edngua Portuguesa &#8211;  Textos jornal\u00edsticos com recursos semi\u00f3ticos"},"content":{"rendered":"\n<p class=\"has-background has-medium-font-size\" style=\"background-color:#f4e2e6\">Esta atividade tem como base as sequ\u00eancias did\u00e1ticas propostas pelo Programa Aprender Sempre, da SME-Goi\u00e2nia, com base no DC\/GO &#8211; Ampliado e est\u00e1 destinada a estudantes do 4\u00ba ano do Ensino Fundamental.&nbsp;<\/p>\n\n\n\n<p class=\"has-background has-medium-font-size\" style=\"background-color:#d9dee2\"><strong>Iniciaremos mais uma sequ\u00eancia did\u00e1tica que tem como objetivo o estudo do g\u00eanero textual<\/strong> <strong>not\u00edcia. <\/strong><\/p>\n\n\n\n<div class=\"wp-block-buttons is-content-justification-center is-layout-flex wp-container-core-buttons-is-layout-16018d1d wp-block-buttons-is-layout-flex\">\n<div class=\"wp-block-button\"><a class=\"wp-block-button__link wp-element-button\" href=\"https:\/\/drive.google.com\/uc?export=download&amp;id=1N6Bnym8EP5SrpDte73eSxACSXTZ0pvhI\" target=\"_blank\" rel=\"noreferrer noopener\">BAIXE A ATIVIDADE<\/a><\/div>\n\n\n\n<div class=\"wp-block-button\"><a class=\"wp-block-button__link wp-element-button\" href=\"https:\/\/drive.google.com\/uc?export=download&amp;id=1ZSfpYpXMsJ0LXC13XLsn8Clc-ASz1VRL\" target=\"_blank\" rel=\"noreferrer noopener\">BAIXE OS SLIDES<\/a><\/div>\n\n\n\n<div class=\"wp-block-button\"><a class=\"wp-block-button__link wp-element-button\" href=\"https:\/\/drive.google.com\/uc?export=download&amp;id=1C_yKWIAL2m9CPlo96-YQsajPsOituuSp\" target=\"_blank\" rel=\"noreferrer noopener\">BAIXE O TEXTO<\/a><\/div>\n<\/div>\n\n\n\n<p><\/p>\n\n\n<div class=\"wp-block-image is-resized\">\n<figure class=\"aligncenter size-full\"><img fetchpriority=\"high\" decoding=\"async\" width=\"311\" height=\"286\" src=\"https:\/\/sme.goiania.go.gov.br\/conexaoescola\/wp-content\/uploads\/2022\/09\/1-27-e1663348217150.jpg\" alt=\"\" class=\"wp-image-150350\" srcset=\"https:\/\/sme.goiania.go.gov.br\/conexaoescola\/wp-content\/uploads\/2022\/09\/1-27-e1663348217150.jpg 311w, https:\/\/sme.goiania.go.gov.br\/conexaoescola\/wp-content\/uploads\/2022\/09\/1-27-e1663348217150-300x276.jpg 300w\" sizes=\"(max-width: 311px) 100vw, 311px\" \/><figcaption class=\"wp-element-caption\">Dispon\u00edvel em: &lt;https:\/\/br.freepik.com\/vetores-gratis\/um-menino-lendo-com-um-texto-explicativo-vazio_23722162.htm#query=jornal%20desenho&amp;position=9&amp;from_view=search&gt; Acesso em 15, agosto de 2022.<\/figcaption><\/figure><\/div>\n\n\n<p class=\"has-text-align-center has-background has-medium-font-size\" style=\"background-color:#f4e2e6\"><strong>ASSISTA A VIDEOAULA A SEGUIR<\/strong>:<\/p>\n\n\n\n<p><\/p>\n\n\n\n<figure class=\"wp-block-embed is-type-video is-provider-youtube wp-block-embed-youtube wp-embed-aspect-16-9 wp-has-aspect-ratio\"><div class=\"wp-block-embed__wrapper\">\n<p class=\"responsive-video-wrap clr\"><iframe title=\"Aprender Sempre - L. Portuguesa - 4\u00ba Ano - 3\u00ba Bim - Videoaula 3 - TEXTOS JORNAL\u00cdSTICOS COM RECURSOS\" width=\"1200\" height=\"675\" src=\"https:\/\/www.youtube.com\/embed\/9m3OI-8pTCo?feature=oembed\" frameborder=\"0\" allow=\"accelerometer; autoplay; clipboard-write; encrypted-media; gyroscope; picture-in-picture; web-share\" referrerpolicy=\"strict-origin-when-cross-origin\" allowfullscreen><\/iframe><\/p>\n<\/div><figcaption class=\"wp-element-caption\"><a href=\"https:\/\/www.youtube.com\/watch?v=9m3OI-8pTCo&amp;ab_channel=PortalConex%C3%A3oEscola\" target=\"_blank\" rel=\"noreferrer noopener\">Aprender Sempre &#8211; L. Portuguesa &#8211; 4\u00ba Ano &#8211; 3\u00ba Bim &#8211; Videoaula 3 &#8211; TEXTOS JORNAL\u00cdSTICOS COM RECURSOS<\/a><\/figcaption><\/figure>\n\n\n\n<p><\/p>\n\n\n\n<p class=\"has-text-align-center has-background has-medium-font-size\" style=\"background-color:#e3eef4\"><strong> Textos jornal\u00edsticos com recursos semi\u00f3ticos<\/strong><\/p>\n\n\n\n<p class=\"has-medium-font-size\"><strong>Ol\u00e1 estudante!<\/strong><\/p>\n\n\n\n<p class=\"has-medium-font-size\"><strong>Voc\u00ea tem o costume de ler not\u00edcias?<\/strong><\/p>\n\n\n\n<p class=\"has-medium-font-size\">Veja o texto seguinte:<\/p>\n\n\n\n<figure class=\"wp-block-image size-full\"><img decoding=\"async\" width=\"886\" height=\"591\" src=\"https:\/\/sme.goiania.go.gov.br\/conexaoescola\/wp-content\/uploads\/2022\/09\/1-74-e1715951418595.jpg\" alt=\"\" class=\"wp-image-182812\" srcset=\"https:\/\/sme.goiania.go.gov.br\/conexaoescola\/wp-content\/uploads\/2022\/09\/1-74-e1715951418595.jpg 886w, https:\/\/sme.goiania.go.gov.br\/conexaoescola\/wp-content\/uploads\/2022\/09\/1-74-e1715951418595-300x200.jpg 300w, https:\/\/sme.goiania.go.gov.br\/conexaoescola\/wp-content\/uploads\/2022\/09\/1-74-e1715951418595-768x512.jpg 768w\" sizes=\"(max-width: 886px) 100vw, 886px\" \/><figcaption class=\"wp-element-caption\">&nbsp;Dispon\u00edvel em:GOIANIA. Secretaria Municipal de Educa\u00e7\u00e3o. Aprender sempre. 4\u00b0. Ano &#8211; Ensino Fundamental; L\u00edngua Portuguesa e Matem\u00e1tica; 3\u00b0. Bimestre; Goi\u00e2nia, 2022.<\/figcaption><\/figure>\n\n\n\n<p class=\"has-medium-font-size\"><strong>Qual \u00e9 o tema principal da not\u00edcia?<\/strong><\/p>\n\n\n\n<p class=\"has-medium-font-size\"><strong>O que voc\u00ea achou desta informa\u00e7\u00e3o?&nbsp;<\/strong><\/p>\n\n\n\n<p class=\"has-medium-font-size\">A not\u00edcia \u00e9 um g\u00eanero textual espec\u00edfico do jornalismo, cujo principal objetivo \u00e9 informar o p\u00fablico sobre acontecimentos recentes, relevantes ou de interesse geral.<\/p>\n\n\n\n<p class=\"has-medium-font-size\">Ela informa: o que aconteceu, quando, onde e quem s\u00e3o os envolvidos.<\/p>\n\n\n\n<p class=\"has-medium-font-size\">A estrutura da not\u00edcia geralmente segue a pir\u00e2mide invertida, onde as informa\u00e7\u00f5es mais importantes aparecem no in\u00edcio e as menos importantes, como detalhes adicionais e antecedentes, v\u00eam depois.<\/p>\n\n\n\n<p class=\"has-medium-font-size\">O g\u00eanero not\u00edcia apresenta um t\u00edtulo principal escrito em destaque e em seguida um t\u00edtulo auxiliar.<\/p>\n\n\n\n<p class=\"has-medium-font-size\">O primeiro par\u00e1grafo da not\u00edcia \u00e9 chamado de lide, deve conter as informa\u00e7\u00f5es mais importantes, respondendo \u00e0s perguntas b\u00e1sicas: quem, o qu\u00ea, quando, onde, como e por qu\u00ea.<\/p>\n\n\n\n<figure class=\"wp-block-image size-full is-resized\"><img decoding=\"async\" width=\"622\" height=\"425\" src=\"https:\/\/sme.goiania.go.gov.br\/conexaoescola\/wp-content\/uploads\/2022\/09\/1-75-e1715951571879.jpg\" alt=\"\" class=\"wp-image-182815\" style=\"width:821px;height:auto\" srcset=\"https:\/\/sme.goiania.go.gov.br\/conexaoescola\/wp-content\/uploads\/2022\/09\/1-75-e1715951571879.jpg 622w, https:\/\/sme.goiania.go.gov.br\/conexaoescola\/wp-content\/uploads\/2022\/09\/1-75-e1715951571879-300x205.jpg 300w\" sizes=\"(max-width: 622px) 100vw, 622px\" \/><figcaption class=\"wp-element-caption\">Dispon\u00edvel em:GOIANIA. Secretaria Municipal de Educa\u00e7\u00e3o. Aprender sempre. 4\u00b0. Ano &#8211; Ensino Fundamental; L\u00edngua Portuguesa e Matem\u00e1tica; 3\u00b0. Bimestre; Goi\u00e2nia, 2022.<\/figcaption><\/figure>\n\n\n\n<p class=\"has-medium-font-size\">Voc\u00ea j\u00e1 observou que existem outros elementos que tamb\u00e9m aparecem nas not\u00edcias?<\/p>\n\n\n\n<p class=\"has-medium-font-size\">S\u00e3o os recursos expressivos gr\u00e1fico-visuais, elementos n\u00e3o textuais. Estes elementos ajudam na compreens\u00e3o do texto e atrai os leitores.<\/p>\n\n\n<div class=\"wp-block-image is-resized\">\n<figure class=\"aligncenter size-full\"><img loading=\"lazy\" decoding=\"async\" width=\"551\" height=\"459\" src=\"https:\/\/sme.goiania.go.gov.br\/conexaoescola\/wp-content\/uploads\/2022\/09\/3-4-e1663348702139.jpg\" alt=\"\" class=\"wp-image-150353\" style=\"width:824px;height:auto\" srcset=\"https:\/\/sme.goiania.go.gov.br\/conexaoescola\/wp-content\/uploads\/2022\/09\/3-4-e1663348702139.jpg 551w, https:\/\/sme.goiania.go.gov.br\/conexaoescola\/wp-content\/uploads\/2022\/09\/3-4-e1663348702139-300x250.jpg 300w\" sizes=\"(max-width: 551px) 100vw, 551px\" \/><figcaption class=\"wp-element-caption\">Dispon\u00edvel em: GOI\u00c2NIA. Secretaria Municipal de Educa\u00e7\u00e3o. Aprender sempre. 4\u00b0. Ano &#8211; Ensino Fundamental; L\u00edngua Portuguesa e Matem\u00e1tica; 4\u00b0. Bimestre; Goi\u00e2nia, 2022.<\/figcaption><\/figure><\/div>\n\n\n<p class=\"has-medium-font-size\">O infogr\u00e1fico, por exemplo, \u00e9 uma representa\u00e7\u00e3o visual de informa\u00e7\u00f5es, dados ou conhecimentos, combinando elementos gr\u00e1ficos, como imagens, ilustra\u00e7\u00f5es, gr\u00e1ficos e texto, para transmitir uma mensagem de forma clara e eficaz.<\/p>\n\n\n\n<p class=\"has-text-align-center has-background has-medium-font-size\" style=\"background-color:#e3eef4\"><strong>ATIVIDADES<\/strong><\/p>\n\n\n\n<p class=\"has-text-align-left has-background has-medium-font-size\" style=\"background-color:#f4e2e6\"><strong><strong>QUEST\u00c3O 1<\/strong><\/strong><\/p>\n\n\n\n<p class=\"has-medium-font-size\"><strong>A not\u00edcia \u00e9 um g\u00eanero textual espec\u00edfico do jornalismo, cujo principal objetivo \u00e9 informar o p\u00fablico sobre acontecimentos recentes, relevantes ou de interesse geral. Veja a not\u00edcia e realize as atividades propostas:<\/strong><\/p>\n\n\n\n<figure class=\"wp-block-image size-full is-resized\"><img loading=\"lazy\" decoding=\"async\" width=\"720\" height=\"411\" src=\"https:\/\/sme.goiania.go.gov.br\/conexaoescola\/wp-content\/uploads\/2022\/09\/2-5-e1663348374602.jpg\" alt=\"\" class=\"wp-image-150351\" srcset=\"https:\/\/sme.goiania.go.gov.br\/conexaoescola\/wp-content\/uploads\/2022\/09\/2-5-e1663348374602.jpg 720w, https:\/\/sme.goiania.go.gov.br\/conexaoescola\/wp-content\/uploads\/2022\/09\/2-5-e1663348374602-300x171.jpg 300w\" sizes=\"(max-width: 720px) 100vw, 720px\" \/><figcaption class=\"wp-element-caption\">Dispon\u00edvel em: GOI\u00c2NIA. Secretaria Municipal de Educa\u00e7\u00e3o. Aprender sempre. 4\u00b0. Ano &#8211; Ensino Fundamental; L\u00edngua Portuguesa e Matem\u00e1tica; 4\u00b0. Bimestre; Goi\u00e2nia, 2022.<\/figcaption><\/figure>\n\n\n\n<p class=\"has-medium-font-size\">A) Qual o assunto que gerou a not\u00edcia?<\/p>\n\n\n\n<p>_______________________________________________________________________________________________________________________<\/p>\n\n\n\n<p class=\"has-medium-font-size\">B) Onde ocorreu o fato?<\/p>\n\n\n\n<p>_______________________________________________________________________________________________________________________<\/p>\n\n\n\n<p class=\"has-medium-font-size\">C) Voc\u00ea considera o t\u00edtulo atrativo? D\u00ea um outro t\u00edtulo para a not\u00edcia.<\/p>\n\n\n\n<p>_______________________________________________________________________________________________________________________<\/p>\n\n\n\n<p class=\"has-medium-font-size\">&nbsp;<\/p>\n\n\n\n<p class=\"has-text-align-left has-background has-medium-font-size\" style=\"background-color:#f5e0e5\"> <strong>QUEST\u00c3O 2<\/strong><\/p>\n\n\n\n<p class=\"has-medium-font-size\">O texto que voc\u00ea leu \u00e9 uma not\u00edcia. Isso se justifica por sua finalidade ser<\/p>\n\n\n\n<p class=\"has-medium-font-size\">(A) apresentar um tema de interesse p\u00fablico visando explic\u00e1-lo \u00e0 luz da ci\u00eancia.&nbsp;<\/p>\n\n\n\n<p class=\"has-medium-font-size\">(B) passar ensinamentos para os seres humanos.<\/p>\n\n\n\n<p class=\"has-medium-font-size\">(C) contar uma hist\u00f3ria engra\u00e7ada para divertir o leitor.<\/p>\n\n\n\n<p class=\"has-medium-font-size\">(D) informar fatos do cotidiano relevantes para a sociedade.<\/p>\n\n\n\n<p class=\"has-text-align-left has-background has-medium-font-size\" style=\"background-color:#f5e0e5\"> <strong>QUEST\u00c3O 3<\/strong><\/p>\n\n\n\n<p class=\"has-medium-font-size\">Uma not\u00edcia deve informar elementos como<\/p>\n\n\n\n<p class=\"has-medium-font-size\">(A) quem, o qu\u00ea, onde e por que.<\/p>\n\n\n\n<p class=\"has-medium-font-size\">(B) o que aconteceu, quando, onde e quem s\u00e3o os envolvidos.<\/p>\n\n\n\n<p class=\"has-medium-font-size\">(C) quando, onde, como e por qu\u00ea.<\/p>\n\n\n\n<p class=\"has-medium-font-size\">(D) o que aconteceu, por qu\u00ea, quem e como.<\/p>\n\n\n\n<p><\/p>\n\n\n\n<p class=\"has-text-align-left has-background has-medium-font-size\" style=\"background-color:#f4e2e6\"><strong><strong>QUEST\u00c3O <\/strong>4<\/strong><\/p>\n\n\n\n<p class=\"has-medium-font-size\">Para garantir que uma informa\u00e7\u00e3o importante seja transmitida ao leitor, os autores podem fazer uso de infogr\u00e1ficos. Observe o seguinte exemplo e fique por dentro deste assunto!<\/p>\n\n\n\n<figure class=\"wp-block-image size-full is-resized\"><img loading=\"lazy\" decoding=\"async\" width=\"551\" height=\"459\" src=\"https:\/\/sme.goiania.go.gov.br\/conexaoescola\/wp-content\/uploads\/2022\/09\/3-4-e1663348702139.jpg\" alt=\"\" class=\"wp-image-150353\" style=\"width:787px;height:auto\" srcset=\"https:\/\/sme.goiania.go.gov.br\/conexaoescola\/wp-content\/uploads\/2022\/09\/3-4-e1663348702139.jpg 551w, https:\/\/sme.goiania.go.gov.br\/conexaoescola\/wp-content\/uploads\/2022\/09\/3-4-e1663348702139-300x250.jpg 300w\" sizes=\"(max-width: 551px) 100vw, 551px\" \/><figcaption class=\"wp-element-caption\">Dispon\u00edvel em: GOI\u00c2NIA. Secretaria Municipal de Educa\u00e7\u00e3o. Aprender sempre. 4\u00b0. Ano &#8211; Ensino Fundamental; L\u00edngua Portuguesa e Matem\u00e1tica; 4\u00b0. Bimestre; Goi\u00e2nia, 2022.<\/figcaption><\/figure>\n\n\n\n<p class=\"has-medium-font-size\">Que tal elaborar um infogr\u00e1fico?<\/p>\n\n\n\n<p class=\"has-medium-font-size\">Assim sendo, voc\u00ea dever\u00e1 fazer um levantamento de temas que sejam de interesse da comunidade escolar. Em seguida, fa\u00e7a uma pesquisa e selecione as informa\u00e7\u00f5es e imagens que v\u00e3o fazer parte do infogr\u00e1fico. Boa produ\u00e7\u00e3o!<\/p>\n\n\n\n<figure class=\"wp-block-image size-full is-resized\"><img loading=\"lazy\" decoding=\"async\" width=\"456\" height=\"388\" src=\"https:\/\/sme.goiania.go.gov.br\/conexaoescola\/wp-content\/uploads\/2022\/09\/1-28-e1663348850710.jpg\" alt=\"\" class=\"wp-image-150354\" style=\"width:838px;height:713px\" srcset=\"https:\/\/sme.goiania.go.gov.br\/conexaoescola\/wp-content\/uploads\/2022\/09\/1-28-e1663348850710.jpg 456w, https:\/\/sme.goiania.go.gov.br\/conexaoescola\/wp-content\/uploads\/2022\/09\/1-28-e1663348850710-300x255.jpg 300w\" sizes=\"(max-width: 456px) 100vw, 456px\" \/><\/figure>\n\n\n\n<hr class=\"wp-block-separator has-alpha-channel-opacity\"\/>\n\n\n\n<figure class=\"wp-block-table is-style-stripes\"><table><tbody><tr><td><strong>Componente Curricular:<\/strong><\/td><td>L\u00cdNGUA PORTUGUESA<\/td><\/tr><tr><td><strong>Habilidade:<\/strong><\/td><td>(EF35LP16) Identificar e reproduzir, em not\u00edcias, manchetes, lides e corpo de not\u00edcias simples para p\u00fablico infantil e cartas de reclama\u00e7\u00e3o (revista infantil), digitais ou impressos, a formata\u00e7\u00e3o e diagrama\u00e7\u00e3o espec\u00edfica de cada um desses g\u00eaneros, inclusive em suas vers\u00f5es orais.<br>(EF15LP05-C) Produzir pequenos textos com roteiros associados \u00e0 imagens e atentar-se \u00e0 estrutura textual.<br>(EF15LP14) Construir o sentido de hist\u00f3rias em quadrinhos e tirinhas, entre outros g\u00eaneros, relacionando imagens e palavras e interpretando recursos gr\u00e1ficos (tipos de bal\u00f5es, de letras, onomatop\u00e9ias).<br>(EF15LP14-A) Ler hist\u00f3rias em quadrinhos e tirinhas, entre outros g\u00eaneros, relacionando imagens e palavras, em colabora\u00e7\u00e3o com os colegas e com o aux\u00edlio doprofessor ou com certa autonomia.<br>(EF15LP14-B) Reconhecer as caracter\u00edsticas e organiza\u00e7\u00e3o de hist\u00f3rias em quadrinhos e tirinhas, entre outros g\u00eaneros, analisando e comparando assemelhan\u00e7as e diferen\u00e7as de cada g\u00eanero.<\/td><\/tr><tr><td><strong>Refer\u00eancias:<\/strong><\/td><td>GOI\u00c2NIA. Secretaria Municipal de Educa\u00e7\u00e3o. Aprender sempre. 4\u00b0. Ano &#8211; Ensino Fundamental; L\u00edngua Portuguesa e Matem\u00e1tica; 3\u00b0. Bimestre; Goi\u00e2nia, 2022.<br>Projeto Buriti. Portugu\u00eas. (Cole\u00e7\u00e3o do 2\u00ba ao 5\u00ba ano). S\u00e3o Paulo: Moderna, 2017.<\/td><\/tr><\/tbody><\/table><\/figure>\n","protected":false},"author":45,"featured_media":150350,"template":"","ef_categoria":[30],"ef_ano":[87],"ef_componente":[93],"class_list":["post-150349","ensino_fundamental","type-ensino_fundamental","status-publish","has-post-thumbnail","hentry","ef_categoria-etica-e-cidadania-ciclo-da-adolescencia-fg","ef_ano-4o-ano","ef_componente-portugues","entry","has-media"],"acf":[],"_links":{"self":[{"href":"https:\/\/sme.goiania.go.gov.br\/conexaoescola\/wp-json\/wp\/v2\/ensino_fundamental\/150349","targetHints":{"allow":["GET"]}}],"collection":[{"href":"https:\/\/sme.goiania.go.gov.br\/conexaoescola\/wp-json\/wp\/v2\/ensino_fundamental"}],"about":[{"href":"https:\/\/sme.goiania.go.gov.br\/conexaoescola\/wp-json\/wp\/v2\/types\/ensino_fundamental"}],"author":[{"embeddable":true,"href":"https:\/\/sme.goiania.go.gov.br\/conexaoescola\/wp-json\/wp\/v2\/users\/45"}],"version-history":[{"count":18,"href":"https:\/\/sme.goiania.go.gov.br\/conexaoescola\/wp-json\/wp\/v2\/ensino_fundamental\/150349\/revisions"}],"predecessor-version":[{"id":186157,"href":"https:\/\/sme.goiania.go.gov.br\/conexaoescola\/wp-json\/wp\/v2\/ensino_fundamental\/150349\/revisions\/186157"}],"wp:featuredmedia":[{"embeddable":true,"href":"https:\/\/sme.goiania.go.gov.br\/conexaoescola\/wp-json\/wp\/v2\/media\/150350"}],"wp:attachment":[{"href":"https:\/\/sme.goiania.go.gov.br\/conexaoescola\/wp-json\/wp\/v2\/media?parent=150349"}],"wp:term":[{"taxonomy":"ef_categoria","embeddable":true,"href":"https:\/\/sme.goiania.go.gov.br\/conexaoescola\/wp-json\/wp\/v2\/ef_categoria?post=150349"},{"taxonomy":"ef_ano","embeddable":true,"href":"https:\/\/sme.goiania.go.gov.br\/conexaoescola\/wp-json\/wp\/v2\/ef_ano?post=150349"},{"taxonomy":"ef_componente","embeddable":true,"href":"https:\/\/sme.goiania.go.gov.br\/conexaoescola\/wp-json\/wp\/v2\/ef_componente?post=150349"}],"curies":[{"name":"wp","href":"https:\/\/api.w.org\/{rel}","templated":true}]}}