{"id":150054,"date":"2022-09-11T10:01:45","date_gmt":"2022-09-11T13:01:45","guid":{"rendered":"https:\/\/sme.goiania.go.gov.br\/conexaoescola\/?post_type=ensino_fundamental&#038;p=150054"},"modified":"2022-09-11T10:01:46","modified_gmt":"2022-09-11T13:01:46","slug":"historia-patrimonio-natural","status":"publish","type":"ensino_fundamental","link":"https:\/\/sme.goiania.go.gov.br\/conexaoescola\/ensino_fundamental\/historia-patrimonio-natural\/","title":{"rendered":"Hist\u00f3ria &#8211; Patrim\u00f4nio natural"},"content":{"rendered":"\n<p class=\"has-text-align-center has-black-color has-text-color has-background has-medium-font-size\" style=\"background-color:#c9deeb\">Esta proposta de atividade de<strong>&nbsp;HIST\u00d3RIA&nbsp;<\/strong>\u00e9 destinada aos estudantes do <strong>5\u00ba ano&nbsp;do Ensino Fundamental<\/strong><\/p>\n\n\n\n<p class=\"has-medium-font-size\">O patrim\u00f4nio natural \u00e9 composto por riquezas presentes na natureza e que s\u00e3o de fundamental import\u00e2ncia para a mem\u00f3ria e identidade de um povo. A preserva\u00e7\u00e3o do patrim\u00f4nio natural \u00e9 um dever de toda a sociedade, para que as futuras gera\u00e7\u00f5es consigam usufruir de um meio ambiente sadio e equilibrado.<\/p>\n\n\n\n<p class=\"has-text-align-center has-black-color has-text-color has-background has-medium-font-size\" style=\"background-color:#efefef\"><strong>VAMOS RESPONDER ALGUMAS QUEST\u00d5ES?<\/strong><\/p>\n\n\n\n<p class=\"has-text-align-center\"><strong><img fetchpriority=\"high\" decoding=\"async\" src=\"https:\/\/lh4.googleusercontent.com\/01-0qzmy0OMVbuuxokixLXmkv3ZFGR0CBSeZfw81fZbzswMabrVfar83PWRfwW-dS3oti705vPc76O8ypbU30zi78NqGEGJb69W3393nBDSXO5LTzcWTFmBOmGo6oPZrU2sN34O3kSA5yrPQhwHgMeUt9IyRTkT4YWfL8Jpc1_05ycJaOQrQ2DO76g\" width=\"536\" height=\"401\"><\/strong><\/p>\n\n\n\n<p class=\"has-text-align-center has-small-font-size\"><strong>\u00a0<\/strong>Dispon\u00edvel em: https:\/\/commons.wikimedia.org\/wiki\/File:Reserva_Particular_do_Patrim%C3%B4nio_Natural_do_Vale_do_Corisco_Jonas_de_Paula_e_Silva%2801%29.jpg. Acesso em 05 set. 2022<\/p>\n\n\n\n<p class=\"has-black-color has-text-color has-background has-medium-font-size\" style=\"background-color:#c9deeb\"><strong>QUEST\u00c3O 1<\/strong><\/p>\n\n\n\n<p class=\"has-medium-font-size\">Observe e leia a charge:<\/p>\n\n\n\n<p class=\"has-text-align-center\"><img decoding=\"async\" src=\"https:\/\/lh3.googleusercontent.com\/q9PaA_ZhAtj76AcivvdLf1-J1t2q-tOGQlzEqoTFoGL5SCltg8opeUCLgSFkaIneAiDBvqh3x-J-K_Uu8qfwOb-hB6so8_donbuMRS3zIqjzSXgnf_RxLQdUMDp7PqN3t-JYqzQIhi22LPLEdIDguac-wIQv3oHLlYKozSSz0EKUOdCZqVPfwt8UZw\" width=\"452\" height=\"333\"><\/p>\n\n\n\n<p class=\"has-text-align-center has-small-font-size\">Dispon\u00edvel em: \u00a0www.arianocartuns.com.br . Acesso em 05 set. 2022<\/p>\n\n\n\n<p class=\"has-medium-font-size\">Qual a cr\u00edtica representada?<\/p>\n\n\n\n<p class=\"has-medium-font-size\">De que forma as a\u00e7\u00f5es demonstradas na charge interferem na preserva\u00e7\u00e3o do patrim\u00f4nio natural?<\/p>\n\n\n\n<p class=\"has-black-color has-text-color has-background has-medium-font-size\" style=\"background-color:#c9deeb\"><strong>QUEST\u00c3O 2<\/strong><\/p>\n\n\n\n<p class=\"has-medium-font-size\">Leia a not\u00edcia:<\/p>\n\n\n\n<p class=\"has-text-align-left\">\u201cQuase um quarto de todos os peixes de \u00e1gua doce do mundo &#8211; mais precisamente 23% &#8211; est\u00e3o nos rios brasileiros. Assim como 16% das aves do planeta, 12% dos mam\u00edferos e 15% de todas as esp\u00e9cies de animais e plantas. O estudo, realizado por um grupo de 17 cientistas, incluindo quatro brasileiros, \u00e9 a maior revis\u00e3o de dados sobre a biodiversidade nos tr\u00f3picos, segundo o bi\u00f3logo marinho, zo\u00f3logo e bot\u00e2nico brit\u00e2nico Jos Barlow, da Universidade de Lancaster, no Reino Unido, que liderou a pesquisa.\u201d<\/p>\n\n\n\n<p class=\"has-small-font-size\"><strong>\u00a0<\/strong>Dispon\u00edvel em: https:\/\/g1.globo.com\/natureza\/noticia\/2018\/08\/19\/importancia-do-brasil-na-biodiversidade-mundial-e-maior-do-que-se-pensava-dizem-cientistas.ghtml. Acesso em 05 set. 2022<\/p>\n\n\n\n<p class=\"has-medium-font-size\">Fa\u00e7a uma pesquisa sobre uma esp\u00e9cie animal ou vegetal que integra a biodiversidade brasileira e registre as informa\u00e7\u00f5es na ficha:<\/p>\n\n\n\n<figure class=\"wp-block-image size-full\"><img decoding=\"async\" width=\"862\" height=\"618\" src=\"https:\/\/sme.goiania.go.gov.br\/conexaoescola\/wp-content\/uploads\/2022\/09\/patrimonio-natural-1.png\" alt=\"\" class=\"wp-image-150056\" srcset=\"https:\/\/sme.goiania.go.gov.br\/conexaoescola\/wp-content\/uploads\/2022\/09\/patrimonio-natural-1.png 862w, https:\/\/sme.goiania.go.gov.br\/conexaoescola\/wp-content\/uploads\/2022\/09\/patrimonio-natural-1-300x215.png 300w, https:\/\/sme.goiania.go.gov.br\/conexaoescola\/wp-content\/uploads\/2022\/09\/patrimonio-natural-1-768x551.png 768w\" sizes=\"(max-width: 862px) 100vw, 862px\" \/><\/figure>\n\n\n\n<p class=\"has-black-color has-text-color has-background has-medium-font-size\" style=\"background-color:#c9deeb\"><strong>QUEST\u00c3O 3<\/strong><\/p>\n\n\n\n<p class=\"has-medium-font-size\">Em Goi\u00e1s encontramos o Parque Nacional da Chapada dos Veadeiros, que \u00e9 um Patrim\u00f4nio Natural da Humanidade reconhecido pela Unesco.<\/p>\n\n\n\n<p class=\"has-medium-font-size\">Leia o trecho de uma reportagem:<\/p>\n\n\n\n<p>\u201cEm outubro de 2017, o Parque Nacional da Chapada dos Veadeiros, em Goi\u00e1s, sofreu o maior inc\u00eandio de sua hist\u00f3ria. Foram queimados 65 mil hectares de terra, cerca de 25% da \u00e1rea total da reserva, o equivalente a metade da cidade do Rio de Janeiro. Caso tivesse ocorrido antes da \u00faltima amplia\u00e7\u00e3o do parque, em junho de 2017, o inc\u00eandio teria destru\u00eddo entre 80% e 90% da vegeta\u00e7\u00e3o.\u201d<\/p>\n\n\n\n<p class=\"has-small-font-size\">Dispon\u00edvel em: https:\/\/www.nationalgeographicbrasil.com\/meio-ambiente\/2018\/04\/parque-nacional-chapada-dos-veadeiros-incendio-florestal-cerrado. Acesso em 05 set. 2022<\/p>\n\n\n\n<p class=\"has-medium-font-size\">Em sua opini\u00e3o, como a trag\u00e9dia representada na not\u00edcia impacta a vida das comunidades? H\u00e1 alguma atitude que pode ser tomada para evitar tal situa\u00e7\u00e3o?<\/p>\n\n\n\n<p class=\"has-black-color has-text-color has-background has-medium-font-size\" style=\"background-color:#c9deeb\"><strong>SAIBA MAIS<\/strong><\/p>\n\n\n\n<p>Voc\u00ea sabe o que \u00e9 Patrim\u00f4nio Mundial? O Brasil possui diversas riquezas culturais e naturais. Entre elas, 25 s\u00e3o reconhecidas como Patrim\u00f4nio Mundial pela UNESCO nas listas de Patrim\u00f4nio Cultural, de s\u00edtios do Patrim\u00f4nio Natural e Patrim\u00f4nio Imaterial.<\/p>\n\n\n\n<figure class=\"wp-block-embed is-type-video is-provider-youtube wp-block-embed-youtube wp-embed-aspect-16-9 wp-has-aspect-ratio\"><div class=\"wp-block-embed__wrapper\">\n<p class=\"responsive-video-wrap clr\"><iframe title=\"Patrim\u00f4nio Mundial no Brasil e o Desenvolvimento Sustent\u00e1vel\" width=\"1200\" height=\"675\" src=\"https:\/\/www.youtube.com\/embed\/AVfSfcdOs0U?feature=oembed\" frameborder=\"0\" allow=\"accelerometer; autoplay; clipboard-write; encrypted-media; gyroscope; picture-in-picture\" allowfullscreen><\/iframe><\/p>\n<\/div><figcaption>Canal ONU Brasil &#8220;Patrim\u00f4nio Mundial no Brasil e o Desenvolvimento Sustent\u00e1vel https:\/\/www.youtube.com\/watch?v=AVfSfcdOs0U Acesso em 11 Set 2022<\/figcaption><\/figure>\n\n\n\n<p>O contato com a natureza \u00e9 essencial para o desenvolvimento saud\u00e1vel da crian\u00e7a. Assista ao v\u00eddeo e anote as dicas referentes aos parques de Goi\u00e2nia. <\/p>\n\n\n\n<figure class=\"wp-block-embed is-type-video is-provider-youtube wp-block-embed-youtube wp-embed-aspect-4-3 wp-has-aspect-ratio\"><div class=\"wp-block-embed__wrapper\">\n<p class=\"responsive-video-wrap clr\"><iframe title=\"Parques de Goi\u00e2nia - Op\u00e7\u00f5es de Lazer\" width=\"1200\" height=\"900\" src=\"https:\/\/www.youtube.com\/embed\/4TY8n14LrG4?feature=oembed\" frameborder=\"0\" allow=\"accelerometer; autoplay; clipboard-write; encrypted-media; gyroscope; picture-in-picture\" allowfullscreen><\/iframe><\/p>\n<\/div><figcaption>Canal Lorena Guimar\u00e3es de Oliveira &#8220;Parques de Goi\u00e2nia &#8211; op\u00e7\u00f5es de lazer&#8221; &#8211; Dispon\u00edvel em https:\/\/www.youtube.com\/watch? v=4TY8n14LrG4 Acesso 11 Set 2022<\/figcaption><\/figure>\n\n\n\n<p class=\"has-black-color has-text-color has-background has-medium-font-size\" style=\"background-color:#c9deeb\"><strong>ACESSE OS MATERIAIS REFERENTES A ESSA ATIVIDADE CLICANDO AQUI: <\/strong><a href=\"https:\/\/sme.goiania.go.gov.br\/conexaoescola\/propostas_didaticas\/propostas-didaticas-historia-5o-ano\/\" data-type=\"URL\" data-id=\"https:\/\/sme.goiania.go.gov.br\/conexaoescola\/propostas_didaticas\/propostas-didaticas-historia-5o-ano\/\">https:\/\/sme.goiania.go.gov.br\/conexaoescola\/propostas_didaticas\/propostas-didaticas-historia-5o-ano\/<\/a><\/p>\n\n\n\n<figure class=\"wp-block-table is-style-stripes\"><table><tbody><tr><td><strong>Componente Curricular:<\/strong><\/td><td>Hist\u00f3ria<\/td><\/tr><tr><td><strong>Habilidade:<\/strong><\/td><td><br>(EF05HI10) Inventariar&nbsp; os&nbsp; patrim\u00f4nios&nbsp; materiais&nbsp; e&nbsp; imateriais da humanidade e analisar mudan\u00e7as e perman\u00eancias desses patrim\u00f4nios ao longo do tempo.<br><\/td><\/tr><\/tbody><\/table><\/figure>\n\n\n\n<figure class=\"wp-block-table is-style-stripes\"><table><tbody><tr><td><strong>Refer\u00eancias<\/strong><\/td><td><br>ICMBIO. Parque Nacional da Chapada dos Veadeiros. Dispon\u00edvel em:https:\/\/www.icmbio.gov.br\/parnachapadadosveadeiros\/guia-do-visitante.html. Acesso em 05 set. 2022.<br><br>PALAVRA CANTADA OFICIAL. Can\u00e7\u00e3o para a fauna e flora. Dispon\u00edvel em: https:\/\/www.youtube.com\/watch?v=1yza3Nr3xF8. Acesso em 05 set. 2022.<br><br>TV BRASIL GOV. Conhe\u00e7a o Parque Nacional da Chapada dos Veadeiros em Goi\u00e1s . Dispon\u00edvel em:https:\/\/www.youtube.com\/watch?v=LV3Eb2khH90. Acesso em 05 set. 2022.\u00a0<br><br>WWF. O que \u00e9 biodiversidade? Dispon\u00edvel em:https:\/\/www.wwf.org.br\/natureza_brasileira\/questoes_ambientais\/biodiversidade\/. Acesso em: 05 set. 2022.<br><\/td><\/tr><\/tbody><\/table><\/figure>\n","protected":false},"author":59,"featured_media":150057,"template":"","ef_categoria":[13,20],"ef_ano":[88],"ef_componente":[95],"class_list":["post-150054","ensino_fundamental","type-ensino_fundamental","status-publish","has-post-thumbnail","hentry","ef_categoria-ciclo-da-infancia-abc","ef_categoria-etica-e-cidadania","ef_ano-5o-ano","ef_componente-historia","entry","has-media"],"acf":[],"_links":{"self":[{"href":"https:\/\/sme.goiania.go.gov.br\/conexaoescola\/wp-json\/wp\/v2\/ensino_fundamental\/150054","targetHints":{"allow":["GET"]}}],"collection":[{"href":"https:\/\/sme.goiania.go.gov.br\/conexaoescola\/wp-json\/wp\/v2\/ensino_fundamental"}],"about":[{"href":"https:\/\/sme.goiania.go.gov.br\/conexaoescola\/wp-json\/wp\/v2\/types\/ensino_fundamental"}],"author":[{"embeddable":true,"href":"https:\/\/sme.goiania.go.gov.br\/conexaoescola\/wp-json\/wp\/v2\/users\/59"}],"version-history":[{"count":0,"href":"https:\/\/sme.goiania.go.gov.br\/conexaoescola\/wp-json\/wp\/v2\/ensino_fundamental\/150054\/revisions"}],"wp:featuredmedia":[{"embeddable":true,"href":"https:\/\/sme.goiania.go.gov.br\/conexaoescola\/wp-json\/wp\/v2\/media\/150057"}],"wp:attachment":[{"href":"https:\/\/sme.goiania.go.gov.br\/conexaoescola\/wp-json\/wp\/v2\/media?parent=150054"}],"wp:term":[{"taxonomy":"ef_categoria","embeddable":true,"href":"https:\/\/sme.goiania.go.gov.br\/conexaoescola\/wp-json\/wp\/v2\/ef_categoria?post=150054"},{"taxonomy":"ef_ano","embeddable":true,"href":"https:\/\/sme.goiania.go.gov.br\/conexaoescola\/wp-json\/wp\/v2\/ef_ano?post=150054"},{"taxonomy":"ef_componente","embeddable":true,"href":"https:\/\/sme.goiania.go.gov.br\/conexaoescola\/wp-json\/wp\/v2\/ef_componente?post=150054"}],"curies":[{"name":"wp","href":"https:\/\/api.w.org\/{rel}","templated":true}]}}