{"id":149934,"date":"2022-09-09T11:06:45","date_gmt":"2022-09-09T14:06:45","guid":{"rendered":"https:\/\/sme.goiania.go.gov.br\/conexaoescola\/?post_type=ensino_fundamental&#038;p=149934"},"modified":"2024-04-17T21:29:44","modified_gmt":"2024-04-18T00:29:44","slug":"lingua-portuguesa-o-genero-peca-de-teatro","status":"publish","type":"ensino_fundamental","link":"https:\/\/sme.goiania.go.gov.br\/conexaoescola\/ensino_fundamental\/lingua-portuguesa-o-genero-peca-de-teatro\/","title":{"rendered":"L\u00edngua Portuguesa &#8211; O g\u00eanero pe\u00e7a de teatro"},"content":{"rendered":"\n<p class=\"has-black-color has-light-green-cyan-background-color has-text-color has-background has-medium-font-size\">Esta atividade de<strong>\u00a0L\u00edngua Portuguesa<\/strong>\u00a0tem como base as sequ\u00eancias did\u00e1ticas propostas pelo\u00a0<strong>Programa Aprender Sempre<\/strong>, da SME-Goi\u00e2nia, com base no DC\/GO \u2013 Ampliado e est\u00e1 destinada a estudantes do<strong>\u00a06\u00ba ano<\/strong>\u00a0do Ensino Fundamental. <\/p>\n\n\n\n<div class=\"wp-block-buttons is-content-justification-center is-layout-flex wp-container-core-buttons-is-layout-16018d1d wp-block-buttons-is-layout-flex\">\n<div class=\"wp-block-button\"><a class=\"wp-block-button__link wp-element-button\" href=\"https:\/\/drive.google.com\/uc?export=download&amp;id=1QnahNEQX9aOqJjJ9AMOLAUUGLjzL328g\" target=\"_blank\" rel=\"noreferrer noopener\">BAIXE A ATIVIDADE<\/a><\/div>\n\n\n\n<div class=\"wp-block-button aligncenter wp-embed-aspect-16-9 wp-has-aspect-ratio\"><a class=\"wp-block-button__link wp-element-button\" href=\"https:\/\/youtu.be\/6CMbiPm0qms?list=PLxRkqxlT0AC3UIVNCKViAjRDdnGCCQ8AA\" target=\"_blank\" rel=\"noreferrer noopener\">BAIXE OS SLIDES<\/a><\/div>\n\n\n\n<div class=\"wp-block-button aligncenter wp-embed-aspect-16-9 wp-has-aspect-ratio\"><a class=\"wp-block-button__link wp-element-button\" href=\"https:\/\/youtu.be\/6CMbiPm0qms?list=PLxRkqxlT0AC3UIVNCKViAjRDdnGCCQ8AA\" target=\"_blank\" rel=\"noreferrer noopener\">BAIXE O TEXTO<\/a><\/div>\n<\/div>\n\n\n\n<p><\/p>\n\n\n<div class=\"wp-block-image\">\n<figure class=\"aligncenter size-large is-resized\"><img fetchpriority=\"high\" decoding=\"async\" width=\"1024\" height=\"683\" src=\"https:\/\/sme.goiania.go.gov.br\/conexaoescola\/wp-content\/uploads\/2022\/09\/venetian-mask-ga9200d50f_1920-1-1024x683.jpg\" alt=\"\" class=\"wp-image-149936\" style=\"width:607px;height:404px\" srcset=\"https:\/\/sme.goiania.go.gov.br\/conexaoescola\/wp-content\/uploads\/2022\/09\/venetian-mask-ga9200d50f_1920-1-1024x683.jpg 1024w, https:\/\/sme.goiania.go.gov.br\/conexaoescola\/wp-content\/uploads\/2022\/09\/venetian-mask-ga9200d50f_1920-1-300x200.jpg 300w, https:\/\/sme.goiania.go.gov.br\/conexaoescola\/wp-content\/uploads\/2022\/09\/venetian-mask-ga9200d50f_1920-1-768x512.jpg 768w, https:\/\/sme.goiania.go.gov.br\/conexaoescola\/wp-content\/uploads\/2022\/09\/venetian-mask-ga9200d50f_1920-1-1536x1024.jpg 1536w, https:\/\/sme.goiania.go.gov.br\/conexaoescola\/wp-content\/uploads\/2022\/09\/venetian-mask-ga9200d50f_1920-1.jpg 1920w\" sizes=\"(max-width: 1024px) 100vw, 1024px\" \/><figcaption class=\"wp-element-caption\">Dispon\u00edvel em: &lt;<a href=\"https:\/\/pixabay.com\/images\/id-1342242\/\">https:\/\/pixabay.com\/images\/id-1342242\/<\/a>&gt; Acesso em: 24, ago. 22<\/figcaption><\/figure><\/div>\n\n\n<p class=\"has-black-color has-text-color has-link-color has-medium-font-size wp-elements-521a3ff1129edeb34d9640594e192fee\">A <strong>pe\u00e7a de teatro<\/strong> \u00e9 um texto dram\u00e1tico escrito com o objetivo de ser encenado, dramatizado. Quem escreve pe\u00e7as teatrais \u00e9 chamado de dramaturgo. Geralmente, essas pe\u00e7as seguem um esquema narrativo bem similar \u00e0 estrutura dos textos narrativos, mas divididas em \u201catos\u201d para separar mudan\u00e7as de a\u00e7\u00e3o, de cen\u00e1rio ou personagens, por exemplo. Nesse g\u00eanero, as personagens est\u00e3o em constante di\u00e1logo, enquanto o narrador apenas situa os espectadores a respeito de alguns espa\u00e7os, tempos e acontecimentos.<\/p>\n\n\n\n<p class=\"has-black-color has-text-color has-link-color has-medium-font-size wp-elements-5f13c9cc25f03503eb5b94d9f26cec7c\">Em alguns textos teatrais n\u00e3o h\u00e1 presen\u00e7a do narrador. Geralmente, o discurso adotado \u00e9 direto, pois as falas das personagens s\u00e3o reproduzidas de forma direta, introduzida por travess\u00e3o ( \u2013 ) ou dois pontos ( : ).&nbsp;&nbsp;<\/p>\n\n\n\n<p class=\"has-black-color has-text-color has-link-color has-medium-font-size wp-elements-166f9e139c78ee73acdc527b374707f8\">Outra caracter\u00edstica do roteiro teatral \u00e9 a presen\u00e7a das rubricas, que s\u00e3o pequenos coment\u00e1rios ou orienta\u00e7\u00f5es por escrito. Elas t\u00eam a fun\u00e7\u00e3o de conduzir uma a\u00e7\u00e3o que ser\u00e1 executada, fazer indica\u00e7\u00f5es c\u00eanicas, ou&nbsp; servir como um lembrete para uso posterior aos atores no momento da encena\u00e7\u00e3o.<\/p>\n\n\n\n<p class=\"has-black-color has-text-color has-link-color has-medium-font-size wp-elements-90343cd88ac459f752f1a8f78dbdea16\"><strong>Estrutura da pe\u00e7a teatral<\/strong><\/p>\n\n\n\n<ol class=\"wp-block-list\">\n<li class=\"has-medium-font-size\">Presen\u00e7a de personagens que devem estar ligados, com l\u00f3gica, uns aos outros e \u00e0 a\u00e7\u00e3o;\u00a0<\/li>\n\n\n\n<li class=\"has-medium-font-size\">A\u00e7\u00e3o dram\u00e1tica (trama, enredo);\u00a0<\/li>\n\n\n\n<li class=\"has-medium-font-size\">Situa\u00e7\u00e3o ou ambiente, que \u00e9 o conjunto de circunst\u00e2ncias f\u00edsicas, sociais e espirituais em que se situa a a\u00e7\u00e3o;\u00a0<\/li>\n\n\n\n<li class=\"has-medium-font-size\">Tema, ou seja, a ideia que o autor (dramaturgo) deseja expor por meio da representa\u00e7\u00e3o.<\/li>\n<\/ol>\n\n\n\n<p class=\"has-black-color has-text-color has-link-color has-medium-font-size wp-elements-cd8dd0168b725946c1c9afb2d6ea6f39\"><strong>Planejando uma pe\u00e7a de teatro<\/strong><\/p>\n\n\n\n<p class=\"has-black-color has-text-color has-link-color has-medium-font-size wp-elements-768edbc9127cc81920ccdb32044765b2\">Para escrever uma pe\u00e7a de teatro, \u00e9 preciso ter em mente um tema e uma trama a ser desenhada em um espa\u00e7o e tempo determinados. Como toda hist\u00f3ria a ser contada, \u00e9 preciso ter uma situa\u00e7\u00e3o inicial, algum conflito que altere a realidade inicial, o desenvolvimento do conflito, o cl\u00edmax (maior tens\u00e3o da hist\u00f3ria) e o desfecho. Tamb\u00e9m \u00e9 necess\u00e1rio definir quantos personagens a pe\u00e7a ter\u00e1, caracteriz\u00e1-los, pensar na rela\u00e7\u00e3o de uns com os outros e o figurino de cada um. A fim de guiar os int\u00e9rpretes na atua\u00e7\u00e3o, deve-se inserir as rubricas de interpreta\u00e7\u00e3o e de movimento (indica\u00e7\u00f5es de como as personagens devem falar e se movimentar).&nbsp;<\/p>\n\n\n\n<p class=\"has-black-color has-text-color has-link-color has-medium-font-size wp-elements-ed99718b1d79b12d3a85220c6a783680\">Al\u00e9m do texto, \u00e9 preciso definir o cen\u00e1rio em que a situa\u00e7\u00e3o se passa e os materiais necess\u00e1rios para montarem essa ambienta\u00e7\u00e3o. Estruturar as marcas das sequ\u00eancias de cada fala e a marca\u00e7\u00e3o das entradas e sa\u00eddas das personagens (caso haja) tamb\u00e9m deve ser considerado. Por fim, a escolha de uma trilha sonora ou efeito sonoro que dialogue com a hist\u00f3ria precisa ser pensada.<\/p>\n\n\n\n<p class=\"has-text-align-center has-black-color has-light-green-cyan-background-color has-text-color has-background has-medium-font-size\">Assista \u00e0 videoaula do professor Marlon Santos com essa tem\u00e1tica.<\/p>\n\n\n\n<figure class=\"wp-block-embed is-type-video is-provider-youtube wp-block-embed-youtube aligncenter wp-embed-aspect-16-9 wp-has-aspect-ratio\"><div class=\"wp-block-embed__wrapper\">\n<p class=\"responsive-video-wrap clr\"><iframe title=\"Aprender Sempre - L. Portuguesa - 6\u00ba Ano - 3\u00ba Bim - Videoaula 2 - O G\u00caNERO PE\u00c7A DE TEATRO\" width=\"1200\" height=\"675\" src=\"https:\/\/www.youtube.com\/embed\/6CMbiPm0qms?list=PLxRkqxlT0AC3UIVNCKViAjRDdnGCCQ8AA\" frameborder=\"0\" allow=\"accelerometer; autoplay; clipboard-write; encrypted-media; gyroscope; picture-in-picture; web-share\" referrerpolicy=\"strict-origin-when-cross-origin\" allowfullscreen><\/iframe><\/p>\n<\/div><figcaption class=\"wp-element-caption\">Canal Portal Conex\u00e3o Escola &#8211; Aprender Sempre &#8211; L. Portuguesa &#8211; 6\u00ba Ano &#8211; 3\u00ba Bim &#8211; Videoaula 2 &#8211; O G\u00caNERO PE\u00c7A DE TEATRO &#8211; Dispon\u00edvel em: &lt;https:\/\/www.youtube.com\/watch?v=6CMbiPm0qms&amp;list=PLxRkqxlT0AC3UIVNCKViAjRDdnGCCQ8AA&gt; Acesso em: 26, set. 22<\/figcaption><\/figure>\n\n\n\n<p class=\"has-text-align-center has-black-color has-text-color has-background has-medium-font-size\" style=\"background-color:#b8baff\"><strong>Responda \u00e0s quest\u00f5es a seguir.<\/strong><\/p>\n\n\n\n<p class=\"has-black-color has-text-color has-background has-medium-font-size\" style=\"background-color:#b8baff\"><strong>QUEST\u00c3O 1 <\/strong><\/p>\n\n\n\n<p class=\"has-black-color has-text-color has-medium-font-size\">Leia a f\u00e1bula a seguir e reescreva-a fazendo uma adapta\u00e7\u00e3o para pe\u00e7a de teatro. Lembre-se da estrutura desse g\u00eanero.<\/p>\n\n\n<div class=\"wp-block-image\">\n<figure class=\"aligncenter size-full is-resized\"><img decoding=\"async\" width=\"501\" height=\"716\" src=\"https:\/\/sme.goiania.go.gov.br\/conexaoescola\/wp-content\/uploads\/2022\/09\/fabulaa.png\" alt=\"\" class=\"wp-image-149937\" style=\"width:522px;height:746px\" srcset=\"https:\/\/sme.goiania.go.gov.br\/conexaoescola\/wp-content\/uploads\/2022\/09\/fabulaa.png 501w, https:\/\/sme.goiania.go.gov.br\/conexaoescola\/wp-content\/uploads\/2022\/09\/fabulaa-210x300.png 210w\" sizes=\"(max-width: 501px) 100vw, 501px\" \/><figcaption class=\"wp-element-caption\"><strong>As F\u00e1bulas de Esopo<\/strong> Adapta\u00e7\u00e3o: Joseph Shafan Baseado na edi\u00e7\u00e3o em l\u00edngua portuguesa: &#8220;Fabulas de Esopo &#8211; com applica\u00e7\u00f5es moraes a cada fabula&#8221; &#8211; 1848 &#8211; Paris, Typographia de Pillet Fils Ain\u00e9 [dom\u00ednio p\u00fablico em <a href=\"http:\/\/pt.wikisource.org\">http:\/\/pt.wikisource.org<\/a>] Dispon\u00edvel em: &lt;<a href=\"http:\/\/www.dominiopublico.gov.br\/download\/texto\/ea000378.pdf\">http:\/\/www.dominiopublico.gov.br\/download\/texto\/ea000378.pdf<\/a>&gt; Acesso em: 05, set. 22<\/figcaption><\/figure><\/div>\n\n\n<p class=\"has-black-color has-text-color has-background has-medium-font-size\" style=\"background-color:#b8baff\"><strong>QUEST\u00c3O 2 <\/strong><\/p>\n\n\n\n<p class=\"has-black-color has-text-color has-medium-font-size\">Qual \u00e9 a ideia central da f\u00e1bula lida na quest\u00e3o anterior? <\/p>\n\n\n\n<p class=\"has-black-color has-text-color has-background has-medium-font-size\" style=\"background-color:#b8baff\"><strong>QUEST\u00c3O 3<\/strong> <\/p>\n\n\n\n<p class=\"has-black-color has-text-color has-medium-font-size\">Agora, voc\u00ea ir\u00e1 elaborar um roteiro de pe\u00e7a de teatro. Siga o passo a passo para essa elabora\u00e7\u00e3o. <\/p>\n\n\n\n<p class=\"has-black-color has-text-color has-medium-font-size\">a) Qual ser\u00e1 o tema central da sua pe\u00e7a teatral? <\/p>\n\n\n\n<p class=\"has-black-color has-text-color has-medium-font-size\">b) Como a trama ser\u00e1 desenvolvida? <\/p>\n\n\n\n<p class=\"has-black-color has-text-color has-medium-font-size\">c) Divida essas partes da hist\u00f3ria em atos, ao menos tr\u00eas: um para o in\u00edcio e surgimento do conflito, outro para o desenvolvimento do conflito e outro para o desfecho da hist\u00f3ria. <\/p>\n\n\n\n<p class=\"has-black-color has-text-color has-medium-font-size\">d) Quantos personagens estar\u00e3o na pe\u00e7a? Descreva e caracterize cada um deles. <\/p>\n\n\n\n<p class=\"has-black-color has-text-color has-medium-font-size\">e) Defina o espa\u00e7o e o tempo em que se passam as a\u00e7\u00f5es. <\/p>\n\n\n\n<p class=\"has-black-color has-text-color has-medium-font-size\">f) Estruture o cen\u00e1rio da pe\u00e7a.&nbsp; <\/p>\n\n\n\n<p class=\"has-black-color has-text-color has-medium-font-size\">g) Agora que voc\u00ea j\u00e1 definiu os elementos b\u00e1sicos para sua pe\u00e7a de teatro, inicie a escrita dos di\u00e1logos. Lembre-se de inserir as rubricas e da divis\u00e3o da hist\u00f3ria em atos. Veja o exemplo a seguir: <\/p>\n\n\n\n<figure class=\"wp-block-image size-large\"><img decoding=\"async\" width=\"1024\" height=\"435\" src=\"https:\/\/sme.goiania.go.gov.br\/conexaoescola\/wp-content\/uploads\/2022\/09\/pecca-1024x435.jpg\" alt=\"\" class=\"wp-image-149938\" srcset=\"https:\/\/sme.goiania.go.gov.br\/conexaoescola\/wp-content\/uploads\/2022\/09\/pecca-1024x435.jpg 1024w, https:\/\/sme.goiania.go.gov.br\/conexaoescola\/wp-content\/uploads\/2022\/09\/pecca-300x127.jpg 300w, https:\/\/sme.goiania.go.gov.br\/conexaoescola\/wp-content\/uploads\/2022\/09\/pecca-768x326.jpg 768w, https:\/\/sme.goiania.go.gov.br\/conexaoescola\/wp-content\/uploads\/2022\/09\/pecca.jpg 1190w\" sizes=\"(max-width: 1024px) 100vw, 1024px\" \/><\/figure>\n\n\n\n<p class=\"has-black-color has-text-color has-background has-medium-font-size\" style=\"background-color:#b8baff\"><strong>QUEST\u00c3O 4 <\/strong><\/p>\n\n\n\n<p class=\"has-black-color has-text-color has-link-color has-medium-font-size wp-elements-6fa8a75fe9323b7ea65b7bd021ed9a3d\">O dramaturgo \u00e9<\/p>\n\n\n\n<p class=\"has-black-color has-text-color has-link-color has-medium-font-size wp-elements-21fa068e52756780a8bbe37550f29ff8\">(A) algu\u00e9m que encena pe\u00e7as teatrais.<br>(B) um ator famoso de teatro.<br>(C) uma pessoa que escreve pe\u00e7as teatrais.<br>(D) um especialista em cenografia. <\/p>\n\n\n\n<p class=\"has-black-color has-text-color has-background has-medium-font-size\" style=\"background-color:#b8baff\"><strong><strong>QUEST\u00c3O 5<\/strong> <\/strong> <\/p>\n\n\n\n<p class=\"has-black-color has-text-color has-link-color has-medium-font-size wp-elements-67fd8e4b626122a32c79bed603521748\">As rubricas de interpreta\u00e7\u00e3o e movimento em uma pe\u00e7a teatral s\u00e3o empregadas para <br>(A) guiar para os ensaios.<br>(B) indicar a hora do intervalo.<br>(C) definir o hor\u00e1rio da pe\u00e7a.<br>(D) organizar os bastidores.<\/p>\n\n\n\n<hr class=\"wp-block-separator has-css-opacity\"\/>\n\n\n\n<figure class=\"wp-block-table is-style-stripes\"><table><tbody><tr><td><strong>Autoria:<\/strong><\/td><td>Marlon Santos<\/td><\/tr><tr><td><strong>Forma\u00e7\u00e3o:<\/strong><\/td><td>Letras &#8211; Portugu\u00eas<\/td><\/tr><tr><td><strong>Componente curricular:<\/strong><\/td><td>L\u00edngua Portuguesa<\/td><\/tr><tr><td><strong>Habilidades estruturantes:<\/strong><\/td><td>(EF67LP27) Comparar textos liter\u00e1rios com outros textos (liter\u00e1rios, cinematogr\u00e1ficos, musicais, teatrais, art\u00edsticos visuais e midi\u00e1ticos), analisando as refer\u00eancias explicitas ou impl\u00edcitas quanto aos temas, as personagens, aos recursos liter\u00e1rios e semi\u00f3ticos.<br>(EF35LP03) Identificar a ideia central de textos, demonstrando compreens\u00e3o global.<br>(EF69LP53-B) Contar\/recontar hist\u00f3rias tanto da tradi\u00e7\u00e3o oral (contos de esperteza, contos de suspense, piadas, dentre outros), quanto da tradi\u00e7\u00e3o liter\u00e1ria escrita, expressando a compreens\u00e3o e interpreta\u00e7\u00e3o do texto, por meio de uma leitura ou fala expressiva e fluente, que respeitem o ritmo, as pausas, as hesita\u00e7\u00f5es, a entona\u00e7\u00e3o indicados pela pontua\u00e7\u00e3o e por outros recursos gr\u00e1fico-editoriais, (negritos, it\u00e1licos, caixa-alta, ilustra\u00e7\u00f5es etc) e gravar essa leitura ou esse conto\/reconto, seja para an\u00e1lise posterior, seja para produ\u00e7\u00e3o de audiobooks de textos liter\u00e1rios diversos ou de podcasts de leituras dram\u00e1ticas com ou sem efeitos especiais.<\/td><\/tr><tr><td><strong>Refer\u00eancias:<\/strong><\/td><td>GOI\u00c2NIA. Secretaria Municipal de Educa\u00e7\u00e3o. Aprender Sempre. 6\u00b0 ao 9\u00ba ano \u2013 Ensino Fundamental; L\u00edngua Portuguesa; 3\u00b0 Bimestre; Goi\u00e2nia, 2022.<\/td><\/tr><\/tbody><\/table><\/figure>\n","protected":false},"author":42,"featured_media":149935,"template":"","ef_categoria":[15,30],"ef_ano":[89],"ef_componente":[93],"class_list":["post-149934","ensino_fundamental","type-ensino_fundamental","status-publish","has-post-thumbnail","hentry","ef_categoria-ciclo-da-adolescencia-fg","ef_categoria-etica-e-cidadania-ciclo-da-adolescencia-fg","ef_ano-6o-ano","ef_componente-portugues","entry","has-media"],"acf":[],"_links":{"self":[{"href":"https:\/\/sme.goiania.go.gov.br\/conexaoescola\/wp-json\/wp\/v2\/ensino_fundamental\/149934","targetHints":{"allow":["GET"]}}],"collection":[{"href":"https:\/\/sme.goiania.go.gov.br\/conexaoescola\/wp-json\/wp\/v2\/ensino_fundamental"}],"about":[{"href":"https:\/\/sme.goiania.go.gov.br\/conexaoescola\/wp-json\/wp\/v2\/types\/ensino_fundamental"}],"author":[{"embeddable":true,"href":"https:\/\/sme.goiania.go.gov.br\/conexaoescola\/wp-json\/wp\/v2\/users\/42"}],"version-history":[{"count":1,"href":"https:\/\/sme.goiania.go.gov.br\/conexaoescola\/wp-json\/wp\/v2\/ensino_fundamental\/149934\/revisions"}],"predecessor-version":[{"id":181173,"href":"https:\/\/sme.goiania.go.gov.br\/conexaoescola\/wp-json\/wp\/v2\/ensino_fundamental\/149934\/revisions\/181173"}],"wp:featuredmedia":[{"embeddable":true,"href":"https:\/\/sme.goiania.go.gov.br\/conexaoescola\/wp-json\/wp\/v2\/media\/149935"}],"wp:attachment":[{"href":"https:\/\/sme.goiania.go.gov.br\/conexaoescola\/wp-json\/wp\/v2\/media?parent=149934"}],"wp:term":[{"taxonomy":"ef_categoria","embeddable":true,"href":"https:\/\/sme.goiania.go.gov.br\/conexaoescola\/wp-json\/wp\/v2\/ef_categoria?post=149934"},{"taxonomy":"ef_ano","embeddable":true,"href":"https:\/\/sme.goiania.go.gov.br\/conexaoescola\/wp-json\/wp\/v2\/ef_ano?post=149934"},{"taxonomy":"ef_componente","embeddable":true,"href":"https:\/\/sme.goiania.go.gov.br\/conexaoescola\/wp-json\/wp\/v2\/ef_componente?post=149934"}],"curies":[{"name":"wp","href":"https:\/\/api.w.org\/{rel}","templated":true}]}}