{"id":149775,"date":"2022-09-07T16:53:56","date_gmt":"2022-09-07T19:53:56","guid":{"rendered":"https:\/\/sme.goiania.go.gov.br\/conexaoescola\/?post_type=ensino_fundamental&#038;p=149775"},"modified":"2022-09-27T18:20:03","modified_gmt":"2022-09-27T21:20:03","slug":"matematica-proporcoes-e-fracoes-equivalentes","status":"publish","type":"ensino_fundamental","link":"https:\/\/sme.goiania.go.gov.br\/conexaoescola\/ensino_fundamental\/matematica-proporcoes-e-fracoes-equivalentes\/","title":{"rendered":"Matem\u00e1tica &#8211; Propor\u00e7\u00f5es e fra\u00e7\u00f5es equivalentes"},"content":{"rendered":"\n<p class=\"has-text-align-center has-black-color has-text-color has-background has-medium-font-size\" style=\"background-color:#32dccb\">Esta atividade tem como base as sequ\u00eancias did\u00e1ticas propostas pelo <strong>Programa Aprender Sempre<\/strong>, da SME-Goi\u00e2nia, com base no DC-GO Ampliado e est\u00e1 destinada a estudantes do<strong> 5\u00ba ano do Ensino Fundamental<\/strong>.<\/p>\n\n\n\n<p class=\"has-text-align-center has-medium-font-size\"><strong>Grandeza \u00e9 tudo que pode ser contado ou medido. A propor\u00e7\u00e3o \u00e9 definida como a igualdade entre duas raz\u00f5es (ou divis\u00f5es). \u00c0 medida em que uma grandeza varia a outra varia da mesma forma.<\/strong><\/p>\n\n\n\n<p class=\"has-text-align-center has-medium-font-size\"><strong>As fra\u00e7\u00f5es s\u00e3o representa\u00e7\u00f5es das partes de um todo. Tanto na matem\u00e1tica, quanto na vida, quando falamos de equival\u00eancia, estamos falando de igualdade entre elementos.&nbsp;<\/strong><\/p>\n\n\n\n<p class=\"has-text-align-center has-black-color has-text-color has-medium-font-size\"><strong>Vamos responder a algumas quest\u00f5es?<\/strong><\/p>\n\n\n\n<div class=\"wp-block-image is-style-default\"><figure class=\"aligncenter size-full\"><img fetchpriority=\"high\" decoding=\"async\" width=\"625\" height=\"304\" src=\"https:\/\/sme.goiania.go.gov.br\/conexaoescola\/wp-content\/uploads\/2022\/09\/1-13.jpg\" alt=\"\" class=\"wp-image-149778\" srcset=\"https:\/\/sme.goiania.go.gov.br\/conexaoescola\/wp-content\/uploads\/2022\/09\/1-13.jpg 625w, https:\/\/sme.goiania.go.gov.br\/conexaoescola\/wp-content\/uploads\/2022\/09\/1-13-300x146.jpg 300w\" sizes=\"(max-width: 625px) 100vw, 625px\" \/><figcaption>&nbsp;Dispon\u00edvel em: <a href=\"https:\/\/cutt.ly\/lXFPW6D\">https:\/\/cutt.ly\/lXFPW6D<\/a> acesso em 18, ago. 2022.<\/figcaption><\/figure><\/div>\n\n\n\n<hr class=\"wp-block-separator\"\/>\n\n\n\n<p class=\"has-text-align-center has-black-color has-text-color has-background has-medium-font-size\" style=\"background-color:#32dccb\"><strong>Assista a videoaula a seguir: <\/strong><\/p>\n\n\n\n<figure class=\"wp-block-embed is-type-video is-provider-youtube wp-block-embed-youtube wp-embed-aspect-16-9 wp-has-aspect-ratio\"><div class=\"wp-block-embed__wrapper\">\n<p class=\"responsive-video-wrap clr\"><iframe title=\"Aprender Sempre - Matem\u00e1tica - 5\u00ba Ano - 3\u00ba Bim - Videoaula 3 - Grandezas proporcionais e fra\u00e7\u00f5es equ\" width=\"1200\" height=\"675\" src=\"https:\/\/www.youtube.com\/embed\/UCyBiyXnkcA?feature=oembed\" frameborder=\"0\" allow=\"accelerometer; autoplay; clipboard-write; encrypted-media; gyroscope; picture-in-picture\" allowfullscreen><\/iframe><\/p>\n<\/div><figcaption>Portal Conex\u00e3o Escola: Aprender Sempre &#8211; Matem\u00e1tica &#8211; 5\u00ba Ano &#8211; 3\u00ba Bim &#8211; Videoaula 3 &#8211; Grandezas proporcionais e fra\u00e7\u00f5es equivalentes.<\/figcaption><\/figure>\n\n\n\n<p class=\"has-black-color has-text-color has-background has-medium-font-size\" style=\"background-color:#7adccd\"><strong>Quest\u00e3o 1<\/strong><\/p>\n\n\n\n<p class=\"has-medium-font-size\">Na bula de um rem\u00e9dio para crian\u00e7as, a dosagem recebida \u00e9 diretamente proporcional ao peso da crian\u00e7a. Sabendo que s\u00e3o recomendadas 3 gotas do medicamento a cada 2 kg, ent\u00e3o, a dosagem oferecida para uma crian\u00e7a que tem 18 kg \u00e9 de:<\/p>\n\n\n\n<p class=\"has-medium-font-size\">A) 22 gotas<\/p>\n\n\n\n<p class=\"has-medium-font-size\">B) 24 gotas<\/p>\n\n\n\n<p class=\"has-medium-font-size\">C) 27 gotas<\/p>\n\n\n\n<p class=\"has-medium-font-size\">D) 30 gotas<\/p>\n\n\n\n<p class=\"has-medium-font-size\">E) 54 gotas<\/p>\n\n\n\n<p class=\"has-black-color has-text-color has-background has-medium-font-size\" style=\"background-color:#7adccd\"><strong>Quest\u00e3o 2<\/strong><\/p>\n\n\n\n<p class=\"has-medium-font-size\">Uma gr\u00e1fica de jornal faz a impress\u00e3o de uma tiragem de 100 folhas em 2 minutos. Quantos minutos a gr\u00e1fica gastar\u00e1 se fizer uma impress\u00e3o de 700 folhas?&nbsp;&nbsp;<\/p>\n\n\n\n<p class=\"has-medium-font-size\">a) 10 minutos<\/p>\n\n\n\n<p class=\"has-medium-font-size\">b) 14 minutos<\/p>\n\n\n\n<p class=\"has-medium-font-size\">c) 15 minutos<\/p>\n\n\n\n<p class=\"has-medium-font-size\">d) 12 minutos<\/p>\n\n\n\n<p class=\"has-background has-medium-font-size\" style=\"background-color:#7adccd\"><strong> Quest\u00e3o 3<\/strong><\/p>\n\n\n\n<p class=\"has-medium-font-size\">Acesse o link e responda as quest\u00f5es:<\/p>\n\n\n\n<p class=\"has-text-align-center has-medium-font-size\"> <strong><a href=\"https:\/\/cutt.ly\/RXFA7KE\" target=\"_blank\" rel=\"noreferrer noopener\">https:\/\/cutt.ly\/RXFA7KE<\/a>&nbsp;&nbsp;<\/strong>&nbsp;<\/p>\n\n\n\n<p class=\"has-medium-font-size\">Caso n\u00e3o possa acessar a internet, responda abaixo:<\/p>\n\n\n\n<div class=\"wp-block-image is-style-default\"><figure class=\"aligncenter size-full\"><img decoding=\"async\" width=\"451\" height=\"465\" src=\"https:\/\/sme.goiania.go.gov.br\/conexaoescola\/wp-content\/uploads\/2022\/09\/3-3.jpg\" alt=\"\" class=\"wp-image-149780\" srcset=\"https:\/\/sme.goiania.go.gov.br\/conexaoescola\/wp-content\/uploads\/2022\/09\/3-3.jpg 451w, https:\/\/sme.goiania.go.gov.br\/conexaoescola\/wp-content\/uploads\/2022\/09\/3-3-291x300.jpg 291w\" sizes=\"(max-width: 451px) 100vw, 451px\" \/><\/figure><\/div>\n\n\n\n<div class=\"wp-block-image is-style-default\"><figure class=\"aligncenter size-full\"><img decoding=\"async\" width=\"453\" height=\"625\" src=\"https:\/\/sme.goiania.go.gov.br\/conexaoescola\/wp-content\/uploads\/2022\/09\/2-3.jpg\" alt=\"\" class=\"wp-image-149779\" srcset=\"https:\/\/sme.goiania.go.gov.br\/conexaoescola\/wp-content\/uploads\/2022\/09\/2-3.jpg 453w, https:\/\/sme.goiania.go.gov.br\/conexaoescola\/wp-content\/uploads\/2022\/09\/2-3-217x300.jpg 217w\" sizes=\"(max-width: 453px) 100vw, 453px\" \/><\/figure><\/div>\n\n\n\n<hr class=\"wp-block-separator\"\/>\n\n\n\n<p class=\"has-text-align-center has-black-color has-text-color has-background has-medium-font-size\" style=\"background-color:#32dccb\"> <strong>Acesse os materiais <\/strong><b>referente<\/b><strong>s a<\/strong><strong> essa atividade clicando aqui:<\/strong> <br><a rel=\"noreferrer noopener\" href=\"https:\/\/sme.goiania.go.gov.br\/conexaoescola\/propostas_didaticas\/propostas-didaticas-matematica-5o-ano\/\" target=\"_blank\">Propostas did\u00e1ticas \u2013 Matem\u00e1tica \u2013 5\u00ba ano \u2013 Conex\u00e3o Escola SME (goiania.go.gov.br)<\/a><\/p>\n\n\n\n<hr class=\"wp-block-separator\"\/>\n\n\n\n<figure class=\"wp-block-table\"><table><tbody><tr><td><strong>Componente Curricular:<\/strong><\/td><td>MATEM\u00c1TICA<\/td><\/tr><tr><td><strong>Habilidade:<\/strong><\/td><td>(EF05MA12-A) Ler, interpretar e resolver problemas que envolvam varia\u00e7\u00e3o de proporcionalidade direta entre duas grandezas, para associar a quantidade de um produto ao valor a pagar, alterar as quantidades de ingredientes de receitas, ampliar ou reduzir escala em mapas, entre outros.<br>(EF05MA05-A) Comparar e ordenar n\u00fameros racionais na representa\u00e7\u00e3o decimal e na fracion\u00e1ria, utilizando a no\u00e7\u00e3o de equival\u00eancia, relacionando-os a pontos na reta num\u00e9rica.<br>(EF05MA03-A) Reconhecer os significados dos n\u00fameros racionais, parte\/todo, quociente, e utiliz\u00e1-los em diferentes contextos.<br>(EF05MA03-B) Identificar e representar fra\u00e7\u00f5es (igual, menores e maiores que a unidade), associando-as ao resultado de uma divis\u00e3o ou \u00e0 ideia de parte de um todo, utilizando materiais manipul\u00e1veis e\/ou n\u00e3o e reta num\u00e9rica, como recursos.<br>(EF05MA04-B) Simplificar fra\u00e7\u00f5es equivalentes para comparar e ordenar n\u00fameros racionais, utilizando express\u00f5es, como equivalente a, mesmo valor que, maior do que, menor do que.<br>(EF05MA10) Concluir, por meio de investiga\u00e7\u00f5es, que a rela\u00e7\u00e3o de igualdade existente entre dois membros permanece ao adicionar, subtrair, multiplicar ou dividir cada um desses membros por um mesmo n\u00famero, para construir a no\u00e7\u00e3o de equival\u00eancia.<\/td><\/tr><tr><td><strong>Refer\u00eancias:<\/strong><\/td><td>BRASIL. Minist\u00e9rio da Educa\u00e7\u00e3o. Base Nacional Comum Curricular. Bras\u00edlia, 2018.<br>CADERNO APRENDER SEMPRE- 3\u00ba Bimestre 2022- 5\u00baAno\/ Ensino Fundamental\/ L\u00edngua Portuguesa e Matem\u00e1tica\/ Prefeitura de Goi\u00e2nia- Secretaria Municipal de Educa\u00e7\u00e3o.<br>Documento Curricular para Goi\u00e1s (DC-GO). Goi\u00e2nia\/GO: CONSED\/ UNDIME Goi\u00e1s, 2018.&nbsp;Dispon\u00edvel em: &lt;<a href=\"https:\/\/cutt.ly\/MOsX7AS\">https:\/\/cutt.ly\/MOsX7AS<\/a>&gt; acessado em 26, jan. 22.<br>PROGRAMA GEST\u00c3O DA APRENDIZAGEM ESCOLAR. Minist\u00e9rio da Educa\u00e7\u00e3o. Dispon\u00edvel em: &lt;<a href=\"https:\/\/cutt.ly\/hOsCu2n\">https:\/\/cutt.ly\/hOsCu2n<\/a>&gt; acessado em 26, jan. 22.<\/td><\/tr><\/tbody><\/table><\/figure>\n","protected":false},"author":46,"featured_media":149778,"template":"","ef_categoria":[14,24],"ef_ano":[88],"ef_componente":[94],"class_list":["post-149775","ensino_fundamental","type-ensino_fundamental","status-publish","has-post-thumbnail","hentry","ef_categoria-ciclo-da-infancia-de","ef_categoria-educacao-financeira-e-empreendedorismo-ciclo-da-infancia-de","ef_ano-5o-ano","ef_componente-matematica","entry","has-media"],"acf":[],"_links":{"self":[{"href":"https:\/\/sme.goiania.go.gov.br\/conexaoescola\/wp-json\/wp\/v2\/ensino_fundamental\/149775","targetHints":{"allow":["GET"]}}],"collection":[{"href":"https:\/\/sme.goiania.go.gov.br\/conexaoescola\/wp-json\/wp\/v2\/ensino_fundamental"}],"about":[{"href":"https:\/\/sme.goiania.go.gov.br\/conexaoescola\/wp-json\/wp\/v2\/types\/ensino_fundamental"}],"author":[{"embeddable":true,"href":"https:\/\/sme.goiania.go.gov.br\/conexaoescola\/wp-json\/wp\/v2\/users\/46"}],"version-history":[{"count":0,"href":"https:\/\/sme.goiania.go.gov.br\/conexaoescola\/wp-json\/wp\/v2\/ensino_fundamental\/149775\/revisions"}],"wp:featuredmedia":[{"embeddable":true,"href":"https:\/\/sme.goiania.go.gov.br\/conexaoescola\/wp-json\/wp\/v2\/media\/149778"}],"wp:attachment":[{"href":"https:\/\/sme.goiania.go.gov.br\/conexaoescola\/wp-json\/wp\/v2\/media?parent=149775"}],"wp:term":[{"taxonomy":"ef_categoria","embeddable":true,"href":"https:\/\/sme.goiania.go.gov.br\/conexaoescola\/wp-json\/wp\/v2\/ef_categoria?post=149775"},{"taxonomy":"ef_ano","embeddable":true,"href":"https:\/\/sme.goiania.go.gov.br\/conexaoescola\/wp-json\/wp\/v2\/ef_ano?post=149775"},{"taxonomy":"ef_componente","embeddable":true,"href":"https:\/\/sme.goiania.go.gov.br\/conexaoescola\/wp-json\/wp\/v2\/ef_componente?post=149775"}],"curies":[{"name":"wp","href":"https:\/\/api.w.org\/{rel}","templated":true}]}}