{"id":149569,"date":"2022-09-04T10:51:43","date_gmt":"2022-09-04T13:51:43","guid":{"rendered":"https:\/\/sme.goiania.go.gov.br\/conexaoescola\/?post_type=ensino_fundamental&#038;p=149569"},"modified":"2024-05-20T18:56:10","modified_gmt":"2024-05-20T21:56:10","slug":"lingua-portuguesa-revisando-figuras-de-linguagem","status":"publish","type":"ensino_fundamental","link":"https:\/\/sme.goiania.go.gov.br\/conexaoescola\/ensino_fundamental\/lingua-portuguesa-revisando-figuras-de-linguagem\/","title":{"rendered":"L\u00edngua Portuguesa &#8211; Revisando figuras de linguagem"},"content":{"rendered":"\n<p class=\"has-black-color has-light-green-cyan-background-color has-text-color has-background has-medium-font-size\">Esta atividade de<strong>\u00a0L\u00edngua Portuguesa<\/strong>\u00a0tem como base as sequ\u00eancias did\u00e1ticas propostas pelo\u00a0<strong>Programa Aprender Sempre<\/strong>, da SME-Goi\u00e2nia, com base no DC\/GO \u2013 Ampliado e est\u00e1 destinada a estudantes do<strong>\u00a09\u00ba ano<\/strong>\u00a0do Ensino Fundamental. <\/p>\n\n\n\n<div class=\"wp-block-buttons is-content-justification-center is-layout-flex wp-container-core-buttons-is-layout-16018d1d wp-block-buttons-is-layout-flex\">\n<div class=\"wp-block-button\"><a class=\"wp-block-button__link wp-element-button\" href=\"https:\/\/drive.google.com\/uc?export=download&amp;id=1nspIpsPyidIhmahPYCQ4WqxqJRdxykJ4\">BAIXE A ATIVIDADE<\/a><\/div>\n\n\n\n<div class=\"wp-block-button\"><a class=\"wp-block-button__link wp-element-button\" href=\"https:\/\/drive.google.com\/uc?export=download&amp;id=1o8GpdhFe0dsj58ISQPyJfzxypfuZSAxI\">BAIXE OS SLIDES<\/a><\/div>\n\n\n\n<div class=\"wp-block-button\"><a class=\"wp-block-button__link wp-element-button\" href=\"https:\/\/drive.google.com\/uc?export=download&amp;id=1LyZjsJLyiOuXrvgwWCQAnNGLEMQ9x53X\">BAIXE O TEXTO<\/a><\/div>\n<\/div>\n\n\n\n<p><\/p>\n\n\n<div class=\"wp-block-image\">\n<figure class=\"aligncenter size-large is-resized\"><img fetchpriority=\"high\" decoding=\"async\" width=\"892\" height=\"1024\" src=\"https:\/\/sme.goiania.go.gov.br\/conexaoescola\/wp-content\/uploads\/2022\/09\/study-gbb91bb795_1920-e1662297599532-892x1024.png\" alt=\"\" class=\"wp-image-149570\" style=\"width:396px;height:455px\" srcset=\"https:\/\/sme.goiania.go.gov.br\/conexaoescola\/wp-content\/uploads\/2022\/09\/study-gbb91bb795_1920-e1662297599532-892x1024.png 892w, https:\/\/sme.goiania.go.gov.br\/conexaoescola\/wp-content\/uploads\/2022\/09\/study-gbb91bb795_1920-e1662297599532-261x300.png 261w, https:\/\/sme.goiania.go.gov.br\/conexaoescola\/wp-content\/uploads\/2022\/09\/study-gbb91bb795_1920-e1662297599532-768x882.png 768w, https:\/\/sme.goiania.go.gov.br\/conexaoescola\/wp-content\/uploads\/2022\/09\/study-gbb91bb795_1920-e1662297599532-1338x1536.png 1338w, https:\/\/sme.goiania.go.gov.br\/conexaoescola\/wp-content\/uploads\/2022\/09\/study-gbb91bb795_1920-e1662297599532.png 1672w\" sizes=\"(max-width: 892px) 100vw, 892px\" \/><figcaption class=\"wp-element-caption\">Dispon\u00edvel em: &lt;<a href=\"https:\/\/pixabay.com\/images\/id-7332172\/\">https:\/\/pixabay.com\/images\/id-7332172\/<\/a>&gt; Acesso em: 29, ago. 22<\/figcaption><\/figure><\/div>\n\n\n<p class=\"has-black-color has-text-color has-link-color has-medium-font-size wp-elements-a79b3127c06b989d38a948af5f79c5c1\">As escolhas estil\u00edsticas no processo de comunica\u00e7\u00e3o, seja ele oral ou escrito, podem criar efeitos de sentido causados pelo uso da conota\u00e7\u00e3o, decorrentes do emprego de <strong>figuras de linguagem<\/strong>, que s\u00e3o recursos expressivos empregados nos textos para gerar efeitos diversos, como&nbsp; exagero, aus\u00eancia, similaridade, lirismo ou, at\u00e9 mesmo, estranheza.<\/p>\n\n\n\n<p class=\"has-black-color has-text-color has-link-color has-medium-font-size wp-elements-f299034186b7a91f0ec2d97a7fcea205\">Por exemplo, quando algu\u00e9m diz que est\u00e1 com o <strong>cora\u00e7\u00e3o partido<\/strong>, o que voc\u00ea pensa? \u00c9 bem prov\u00e1vel que voc\u00ea suponha que a pessoa esteja triste, e n\u00e3o, de fato, com o \u00f3rg\u00e3o partido. Nesse sentido, sua compreens\u00e3o a respeito da frase n\u00e3o perpassa o sentido literal (denotativo), mas sim figurado (conotativo). Para os v\u00e1rios sentidos figurados que conhecemos, h\u00e1 nomenclaturas espec\u00edficas.&nbsp;<\/p>\n\n\n\n<p class=\"has-black-color has-text-color has-link-color has-medium-font-size wp-elements-427a2eaaf15d3e85835872dcb31f396a\">As palavras podem ter sentidos variados a depender do contexto em que s\u00e3o usadas. Desse modo, uma mesma palavra pode ser empregada de v\u00e1rias formas. Isso vale para as express\u00f5es tamb\u00e9m. O que determina o sentido delas \u00e9 o contexto em que s\u00e3o empregadas.<\/p>\n\n\n\n<p class=\"has-black-color has-text-color has-link-color has-medium-font-size wp-elements-8f4997c036ce7c75d93d7771e2cf7c30\">Quando usamos a palavra em seu sentido real, comum, literal, estamos empregando seu sentido denotativo. Observe o exemplo:<\/p>\n\n\n\n<p class=\"has-text-align-center has-black-color has-text-color has-link-color has-medium-font-size wp-elements-a4baea39f7f2aa8faa3062d867f15196\"><em>O professor de Anatomia estudou com os alunos um <\/em><strong><em>cora\u00e7\u00e3o partido.<\/em><\/strong><\/p>\n\n\n\n<p class=\"has-black-color has-text-color has-link-color has-medium-font-size wp-elements-750fa331532eac591e0476c9fbeb0441\">Quando a palavra assume um sentido subjetivo, fora do costumeiro, um sentido figurado, po\u00e9tico, dizemos que estamos empregando seu sentido conotativo, como no seguinte exemplo:<\/p>\n\n\n\n<p class=\"has-text-align-center has-black-color has-text-color has-link-color has-medium-font-size wp-elements-d9039f4922fc0131f7d0a1933102a7f1\"><em>A despedida deixou Carol com o <\/em><strong><em>cora\u00e7\u00e3o partido.<\/em><\/strong><\/p>\n\n\n\n<p class=\"has-black-color has-text-color has-link-color has-medium-font-size wp-elements-33cdc7299e300a9e49be3d3e3f6232a5\">As escolhas estil\u00edsticas no processo de comunica\u00e7\u00e3o, seja ele oral ou escrito, podem criar efeitos de sentido causados pelo uso da conota\u00e7\u00e3o, decorrentes do emprego de <strong>figuras de linguagem<\/strong>.<\/p>\n\n\n\n<p class=\"has-black-color has-text-color has-link-color has-medium-font-size wp-elements-408bf45617ac574d4589d020c180b8d2\">As<strong> figuras de linguagem<\/strong> s\u00e3o recursos expressivos empregados nos textos para gerar efeitos diversos, como&nbsp; exagero, aus\u00eancia, similaridade, lirismo ou, at\u00e9 mesmo, estranheza. Elas s\u00e3o divididas em grupos: figuras de palavras, figuras de pensamento, figuras de sintaxe e figuras de som. Veja algumas delas:<\/p>\n\n\n\n<p class=\"has-black-color has-text-color has-link-color has-medium-font-size wp-elements-8c38bf06abc3b187e0a0352868ea232d\"><strong>Met\u00e1fora<\/strong><\/p>\n\n\n\n<p class=\"has-black-color has-text-color has-link-color has-medium-font-size wp-elements-024e64007f4486eb323b095b190b06e6\">Essa figura \u00e9&nbsp; utilizada para demonstrar algo semelhante ao que acontece na realidade, mas em linguagem figurada; trata-se de uma compara\u00e7\u00e3o impl\u00edcita.&nbsp;<\/p>\n\n\n\n<p class=\"has-text-align-center has-black-color has-text-color has-link-color has-medium-font-size wp-elements-d4ac9a0cac32d1ff69c5165f8a712630\"><em>Minha irm\u00e3 \u00e9 uma <\/em><strong><em>flor<\/em><\/strong><em>.<\/em><\/p>\n\n\n\n<p class=\"has-text-align-center has-black-color has-text-color has-link-color has-medium-font-size wp-elements-756af1b9dff7acca266da5b6557ae095\"><em>Cl\u00e1udia \u00e9 uma <\/em><strong><em>m\u00e1quina de escrever<\/em><\/strong><em>.<\/em><\/p>\n\n\n\n<p class=\"has-black-color has-text-color has-link-color has-medium-font-size wp-elements-0d65dea4908392233e3efab468b046f5\"><strong>Compara\u00e7\u00e3o&nbsp;<\/strong><\/p>\n\n\n\n<p class=\"has-black-color has-text-color has-link-color has-medium-font-size wp-elements-bcd292507124e66efbb6a0e3c491ccd8\">Essa figura tra\u00e7a um paralelo entre termos que apresentam rela\u00e7\u00e3o de semelhan\u00e7a, com a presen\u00e7a de um conectivo comparativo.<\/p>\n\n\n\n<p class=\"has-text-align-center has-black-color has-text-color has-link-color has-medium-font-size wp-elements-766092303c8aa241795ceb8d563f0393\"><em>A liberdade \u00e9 <\/em><strong><em>como<\/em><\/strong><em> um diamante bruto.<\/em><\/p>\n\n\n\n<p class=\"has-text-align-center has-black-color has-text-color has-link-color has-medium-font-size wp-elements-a916395d689573a5bf83520ffd4bd3e6\"><em>Mariana \u00e9 <\/em><strong><em>tal qual<\/em><\/strong><em> uma princesa.<\/em><\/p>\n\n\n\n<p class=\"has-text-align-center has-black-color has-text-color has-link-color has-medium-font-size wp-elements-1b5874163b4855506262ed488553ec41\"><em>Lucas digita <\/em><strong><em>igual a <\/em><\/strong><em>uma m\u00e1quina.<\/em><\/p>\n\n\n\n<p class=\"has-black-color has-text-color has-link-color has-medium-font-size wp-elements-cf48ef7999d5299cb6612681e32bd13d\"><strong>Meton\u00edmia<\/strong><\/p>\n\n\n\n<p class=\"has-black-color has-text-color has-link-color has-medium-font-size wp-elements-5822f7b169a46b359a80490d9a70e863\">Essa figura trata da substitui\u00e7\u00e3o de um termo por outro, desde que haja uma rela\u00e7\u00e3o de proximidade entre eles como, por exemplo, do continente pelo conte\u00fado.<\/p>\n\n\n\n<p class=\"has-text-align-center has-black-color has-text-color has-link-color has-medium-font-size wp-elements-464ae379a09f9edf3c1d933b80df65dc\"><em>Davi bebeu o <\/em><strong><em>copo todo <\/em><\/strong><em>de refrigerante.<\/em><\/p>\n\n\n\n<p class=\"has-text-align-center has-black-color has-text-color has-link-color has-medium-font-size wp-elements-e475af9e893ebd465b8c19198817168c\"><em>=<\/em><\/p>\n\n\n\n<p class=\"has-text-align-center has-black-color has-text-color has-link-color has-medium-font-size wp-elements-4e545a1a3f057c7493996069a157d78a\"><em>Davi bebeu <\/em><strong><em>todo o refrigerante que estava dentro do copo<\/em><\/strong><em>.<\/em><\/p>\n\n\n\n<p class=\"has-black-color has-text-color has-link-color has-medium-font-size wp-elements-c3055d25c332e3b05630b7d05671f247\">Tamb\u00e9m ocorre com a omiss\u00e3o de termos, subentendidos por outros:<\/p>\n\n\n\n<p class=\"has-text-align-center has-black-color has-text-color has-link-color has-medium-font-size wp-elements-bb22465abb2bbb0b5bd23777cd5a90e2\"><em>D\u00e9bora adora ouvir <\/em><strong><em>Skank<\/em><\/strong><em>.<\/em><\/p>\n\n\n\n<p class=\"has-text-align-center has-black-color has-text-color has-link-color has-medium-font-size wp-elements-e475af9e893ebd465b8c19198817168c\"><em>=<\/em><\/p>\n\n\n\n<p class=\"has-text-align-center has-black-color has-text-color has-link-color has-medium-font-size wp-elements-36eb403f69eb2801755e30e08d19819f\"><em>D\u00e9bora adora ouvir <\/em><strong><em>as m\u00fasicas do<\/em><\/strong><em> Skank.<\/em><\/p>\n\n\n\n<p class=\"has-black-color has-text-color has-link-color has-medium-font-size wp-elements-318820c4619e299e2bdb3385fbd051cb\">Do autor pela obra:&nbsp;<\/p>\n\n\n\n<p class=\"has-text-align-center has-black-color has-text-color has-link-color has-medium-font-size wp-elements-fc4980142cfbfa69ff0ad98019a44244\"><em>Ganhei <\/em><strong><em>um<\/em><\/strong><em> <\/em><strong><em>Concei\u00e7\u00e3o Evaristo<\/em><\/strong><em>.<\/em><\/p>\n\n\n\n<p class=\"has-text-align-center has-black-color has-text-color has-link-color has-medium-font-size wp-elements-2a2e98ae565b004e6b62f9aebb1cd381\"><em>Ganhei <\/em><strong><em>um livro<\/em><\/strong><em> de Concei\u00e7\u00e3o Evaristo.<\/em><\/p>\n\n\n\n<p class=\"has-black-color has-text-color has-link-color has-medium-font-size wp-elements-d1d89856a1ead574ed93a7dc5e36f1ae\">Da marca pelo produto:&nbsp;<\/p>\n\n\n\n<p class=\"has-text-align-center has-black-color has-text-color has-link-color has-medium-font-size wp-elements-5a7443bb6edf6caf44445c042c3c2ae6\"><em>Pai, compra um <\/em><strong><em>Toddynho<\/em><\/strong><em>!<\/em><\/p>\n\n\n\n<p class=\"has-text-align-center has-black-color has-text-color has-link-color has-medium-font-size wp-elements-e38acf7655b15fd39f45b2f91ddab1b3\">(<em>Pai, compra <\/em><strong><em>uma bebida l\u00e1ctea achocolatada da marca<\/em><\/strong><em> Toddynho.<\/em>)<\/p>\n\n\n\n<p class=\"has-black-color has-text-color has-link-color has-medium-font-size wp-elements-f8213c695198ee04940954a7f1b4765d\">Do possuidor pelo possu\u00eddo:<\/p>\n\n\n\n<p class=\"has-text-align-center has-black-color has-text-color has-link-color has-medium-font-size wp-elements-84d797363d1b1877d74600fccd016a90\"><em>Ontem fui ao <\/em><strong><em>m\u00e9dico<\/em><\/strong><em>!<\/em><\/p>\n\n\n\n<p class=\"has-text-align-center has-black-color has-text-color has-link-color has-medium-font-size wp-elements-b2f7eb03756a36c001efcb19ca5f784b\">(<em>Ontem fui ao <\/em><strong><em>consult\u00f3rio m\u00e9dico<\/em><\/strong><em>!<\/em>)<\/p>\n\n\n\n<p class=\"has-black-color has-text-color has-link-color has-medium-font-size wp-elements-5abe3a572fd3a7396e981ae85106580e\">Do concreto para o abstrato:<\/p>\n\n\n\n<p class=\"has-text-align-center has-black-color has-text-color has-link-color has-medium-font-size wp-elements-d7fc5f617de1a8949ed069d1f4010304\"><em>Gabriela usou a <\/em><strong><em>cabe\u00e7a<\/em><\/strong><em> para desvendar o enigma.<\/em><\/p>\n\n\n\n<p class=\"has-text-align-center has-black-color has-text-color has-link-color has-medium-font-size wp-elements-cae1eb10db44db69a992d3ed3a06822a\">(<em>Gabriela usou a <\/em><strong><em>intelig\u00eancia<\/em><\/strong><em> para desvendar o enigma.<\/em>)<\/p>\n\n\n\n<p class=\"has-black-color has-text-color has-link-color has-medium-font-size wp-elements-2984a1ba6aa1a259344e826e94ca8445\"><strong>Eufemismo<\/strong><\/p>\n\n\n\n<p class=\"has-black-color has-text-color has-link-color has-medium-font-size wp-elements-e4edd280ef83d0b440425a287289bb3b\">Essa \u00e9 uma das figuras de pensamento que tem como artif\u00edcio a sutileza, suavizando alguma ideia ou express\u00e3o. Tamb\u00e9m serve para substituir um xingamento ou mascarar alguma informa\u00e7\u00e3o.<\/p>\n\n\n\n<p class=\"has-text-align-center has-black-color has-text-color has-link-color has-medium-font-size wp-elements-dc393f10e6a9a2d5c6b966b546e0653f\"><em>Seu Z\u00e9 <\/em><strong><em>virou uma estrelinha<\/em><\/strong><em>.<\/em><\/p>\n\n\n\n<p class=\"has-text-align-center has-black-color has-text-color has-link-color has-medium-font-size wp-elements-f448322ca2731a59148f41316479a2be\">(<em>Seu Z\u00e9 <\/em><strong><em>faleceu<\/em><\/strong><em>.<\/em>)<\/p>\n\n\n\n<p class=\"has-black-color has-text-color has-link-color has-medium-font-size wp-elements-0c38f962262a119c951578e5bc403dff\"><strong>Hip\u00e9rbole<\/strong><\/p>\n\n\n\n<p class=\"has-black-color has-text-color has-link-color has-medium-font-size wp-elements-b20f27f288ecf4cee47a966003a0e573\">Essa a figura de pensamento utilizada na constru\u00e7\u00e3o de express\u00f5es que provocam o exagero de maneira intencional.<\/p>\n\n\n\n<p class=\"has-text-align-center has-black-color has-text-color has-link-color has-medium-font-size wp-elements-74dff055b9bce1f964426de1e5fded43\"><em>J\u00e1 faz <\/em><strong><em>um s\u00e9culo<\/em><\/strong><em> que J\u00falia saiu.<\/em><\/p>\n\n\n\n<p class=\"has-text-align-center has-black-color has-text-color has-link-color has-medium-font-size wp-elements-5d909cb70dcd06eed84301034a208468\">(<em>J\u00e1 faz <\/em><strong><em>muito tempo<\/em><\/strong><em> que J\u00falia saiu.<\/em>)<\/p>\n\n\n\n<p class=\"has-black-color has-text-color has-link-color has-medium-font-size wp-elements-4374e3ac6bec2eedd7a3aea584be81d9\"><strong>Ironia<\/strong><\/p>\n\n\n\n<p class=\"has-black-color has-text-color has-link-color has-medium-font-size wp-elements-452d3057f6c439d28e483e99d8abbca9\">Essa figura consiste em dizer ou escrever o contr\u00e1rio daquilo que se afirma.<\/p>\n\n\n\n<p class=\"has-text-align-center has-black-color has-text-color has-link-color has-medium-font-size wp-elements-e6b23d58fd4eb1224f04597359e22dbc\"><em>Goi\u00e2nia est\u00e1 t\u00e3o fria, que, se um ovo cair no ch\u00e3o, ele frita imediatamente.<\/em><\/p>\n\n\n\n<p class=\"has-black-color has-text-color has-link-color has-medium-font-size wp-elements-fdcfaf823fca86e7449b0b43b27f47eb\"><strong>Ant\u00edtese<\/strong><\/p>\n\n\n\n<p class=\"has-black-color has-text-color has-link-color has-medium-font-size wp-elements-811ce15a03f06ae81bd29c23c12e7757\">Essa figura consiste no emprego de palavras ou termos de sentido oposto na mesma frase para intensificar o sentido de uma ideia.&nbsp;<\/p>\n\n\n\n<p class=\"has-text-align-center has-black-color has-text-color has-link-color has-medium-font-size wp-elements-793f27d3aee0603dd1d1a993c8d4ce76\"><em>\u201c\u00c1gua <\/em><strong><em>mole<\/em><\/strong><em> em pedra <\/em><strong><em>dura<\/em><\/strong><em> tanto bate at\u00e9 que fura\u201d.<\/em><\/p>\n\n\n\n<p class=\"has-text-align-center has-black-color has-text-color has-link-color has-medium-font-size wp-elements-74466a74f6d14f5435408af2b07a9eaf\"><em>Estarei l\u00e1, fa\u00e7a <\/em><strong><em>chuva<\/em><\/strong><em> ou fa\u00e7a <\/em><strong><em>sol<\/em><\/strong><em>.<\/em><\/p>\n\n\n\n<p class=\"has-black-color has-text-color has-link-color has-medium-font-size wp-elements-4149264a3ca62783f10e1fe799e3f123\"><strong>Sinestesia<\/strong><\/p>\n\n\n\n<p class=\"has-black-color has-text-color has-link-color has-medium-font-size wp-elements-1f96226a82833a6ef6525e471b939679\">Essa figura de linguagem pode ser empregada quando se quer transmitir sensa\u00e7\u00f5es, mas se combinam palavras de forma a mesclar diferentes sensa\u00e7\u00f5es percebidas por diferentes \u00f3rg\u00e3os.<\/p>\n\n\n\n<p class=\"has-text-align-center has-black-color has-text-color has-link-color has-medium-font-size wp-elements-42ffe4f370c7b103e5c36841a88142c5\"><em>Aquele <\/em><strong><em>olhar amargo<\/em><\/strong><em> disse tudo.<\/em><\/p>\n\n\n\n<p class=\"has-text-align-center has-black-color has-text-color has-link-color has-medium-font-size wp-elements-19cbe656686711a7450abb335d110d00\">&nbsp;&nbsp;&nbsp;<em>Rever as fotos lhe trouxe um <\/em><strong><em>cheiro doce<\/em><\/strong><em> da inf\u00e2ncia.<\/em><\/p>\n\n\n\n<p class=\"has-black-color has-text-color has-link-color has-medium-font-size wp-elements-a7af9afc1979a3abac3e7e3ad047f244\"><strong>Personifica\u00e7\u00e3o<\/strong><\/p>\n\n\n\n<p class=\"has-black-color has-text-color has-link-color has-medium-font-size wp-elements-56e8fad10f10845cdeca96c41962fb88\">Essa figura de linguagem \u00e9 utilizada para atribuir a seres inanimados caracter\u00edsticas pr\u00f3prias de seres animados.<\/p>\n\n\n\n<p class=\"has-text-align-center has-black-color has-text-color has-link-color has-medium-font-size wp-elements-e61738cd11c0c59e05bd3808a8880353\"><em>\u201cA <\/em><strong><em>lua<\/em><\/strong><em> me <\/em><strong><em>traiu<\/em><\/strong><em>, acreditei que era pra valer\u201d.<\/em><\/p>\n\n\n\n<p class=\"has-text-align-center has-black-color has-text-color has-link-color has-medium-font-size wp-elements-4190a244e0894d4b35ce1a14d3e438c4\"><em>Ca\u00eda uma <\/em><strong><em>chuva triste<\/em><\/strong><em> naquele fim de tarde.<\/em><\/p>\n\n\n\n<p class=\"has-black-color has-text-color has-link-color has-medium-font-size wp-elements-e9e3e02bab380f5a205fc3ff292afeea\">Quais dessas figuras de linguagem voc\u00ea mais utiliza no seu dia a dia?&nbsp;<\/p>\n\n\n\n<p class=\"has-black-color has-text-color has-link-color has-medium-font-size wp-elements-5373729292c84ad633c9c230be85592e\">Utilizar a linguagem de maneira rica e produtiva \u00e9 uma arte. De maneira consciente e contextual, utilize as figuras de linguagem para enriquecer sua comunica\u00e7\u00e3o oral e escrita.<\/p>\n\n\n\n<p class=\"has-text-align-center has-black-color has-light-green-cyan-background-color has-text-color has-background has-medium-font-size\">Assista \u00e0 videoaula do professor Marlon Santos com essa tem\u00e1tica. <\/p>\n\n\n\n<figure class=\"wp-block-embed is-type-video is-provider-youtube wp-block-embed-youtube aligncenter wp-embed-aspect-16-9 wp-has-aspect-ratio\"><div class=\"wp-block-embed__wrapper\">\n<p class=\"responsive-video-wrap clr\"><iframe title=\"Aprender Sempre - L. Portuguesa - 9\u00ba Ano - 3\u00ba Bim - Videoaula 1 - REVISANDO FIGURAS DE LINGUAGEM.\" width=\"1200\" height=\"675\" src=\"https:\/\/www.youtube.com\/embed\/4XzoPonFR60?feature=oembed\" frameborder=\"0\" allow=\"accelerometer; autoplay; clipboard-write; encrypted-media; gyroscope; picture-in-picture; web-share\" referrerpolicy=\"strict-origin-when-cross-origin\" allowfullscreen><\/iframe><\/p>\n<\/div><figcaption class=\"wp-element-caption\">Canal Portal Conex\u00e3o Escola \u2013 Aprender Sempre &#8211; L. Portuguesa &#8211; 9\u00ba Ano &#8211; 3\u00ba Bim &#8211; Videoaula 1 &#8211; REVISANDO FIGURAS DE LINGUAGEM &#8211; Dispon\u00edvel em: &lt;https:\/\/www.youtube.com\/watch?v=4XzoPonFR60&gt; Acesso em: 31, ago. 22<\/figcaption><\/figure>\n\n\n\n<p class=\"has-text-align-center has-black-color has-text-color has-background has-medium-font-size\" style=\"background-color:#fec3d2\"><strong>Responda \u00e0s quest\u00f5es a seguir.<\/strong><\/p>\n\n\n\n<p class=\"has-black-color has-text-color has-background has-medium-font-size\" style=\"background-color:#fec3d2\"><strong>QUEST\u00c3O 1<\/strong> <\/p>\n\n\n\n<p class=\"has-black-color has-text-color has-medium-font-size\">Quando usamos a palavra em seu sentido real, comum, literal, estamos empregando seu sentido denotativo. Quando a palavra assume um sentido subjetivo, fora do costumeiro, um sentido figurado, po\u00e9tico, dizemos que estamos empregando seu sentido conotativo. Veja as palavras e express\u00f5es abaixo e elabore frases com os dois sentidos para cada uma delas. <\/p>\n\n\n\n<p class=\"has-black-color has-text-color has-medium-font-size\">a) Pedra <\/p>\n\n\n\n<p class=\"has-black-color has-text-color has-medium-font-size\">b) Bola <\/p>\n\n\n\n<p class=\"has-black-color has-text-color has-medium-font-size\">c) P\u00e9s nas costas <\/p>\n\n\n\n<p class=\"has-black-color has-text-color has-medium-font-size\">d) Cora\u00e7\u00e3o partido <\/p>\n\n\n\n<p class=\"has-text-align-center has-black-color has-light-green-cyan-background-color has-text-color has-background has-medium-font-size\">Leia a tirinha a seguir para responder \u00e0s quest\u00f5es 2 a 6.<\/p>\n\n\n\n<figure class=\"wp-block-image size-large\"><img decoding=\"async\" width=\"1024\" height=\"576\" src=\"https:\/\/sme.goiania.go.gov.br\/conexaoescola\/wp-content\/uploads\/2022\/09\/Slide1-1024x576.png\" alt=\"\" class=\"wp-image-149571\" srcset=\"https:\/\/sme.goiania.go.gov.br\/conexaoescola\/wp-content\/uploads\/2022\/09\/Slide1-1024x576.png 1024w, https:\/\/sme.goiania.go.gov.br\/conexaoescola\/wp-content\/uploads\/2022\/09\/Slide1-300x169.png 300w, https:\/\/sme.goiania.go.gov.br\/conexaoescola\/wp-content\/uploads\/2022\/09\/Slide1-768x432.png 768w, https:\/\/sme.goiania.go.gov.br\/conexaoescola\/wp-content\/uploads\/2022\/09\/Slide1.png 1280w\" sizes=\"(max-width: 1024px) 100vw, 1024px\" \/><\/figure>\n\n\n\n<p class=\"has-black-color has-text-color has-background has-medium-font-size\" style=\"background-color:#fec3d2\"><strong>QUEST\u00c3O 2<\/strong> <\/p>\n\n\n\n<p class=\"has-black-color has-text-color has-medium-font-size\">H\u00e1 uma express\u00e3o exagerada nessa tirinha. Identifique-a. <\/p>\n\n\n\n<p class=\"has-black-color has-text-color has-background has-medium-font-size\" style=\"background-color:#fec3d2\"><strong>QUEST\u00c3O 3  <\/strong><\/p>\n\n\n\n<p class=\"has-black-color has-text-color has-link-color has-medium-font-size wp-elements-1f73c0f5ded9be20eb2d6cc87fd054c5\">O nome \u00e9 dado \u00e0 figura de linguagem que utiliza express\u00f5es que provocam o exagero de maneira intencional \u00e9 <\/p>\n\n\n\n<p class=\"has-black-color has-text-color has-link-color has-medium-font-size wp-elements-aec9384341b4d2c01d4691b3fdacec68\">(A) met\u00e1fora <\/p>\n\n\n\n<p class=\"has-black-color has-text-color has-link-color has-medium-font-size wp-elements-09c9d150b61b3096d26f790f32c50d8a\">(B) meton\u00edmia <\/p>\n\n\n\n<p class=\"has-black-color has-text-color has-link-color has-medium-font-size wp-elements-fb78030cb4a043cfc59154161799970f\">(C) eufemismo <\/p>\n\n\n\n<p class=\"has-black-color has-text-color has-link-color has-medium-font-size wp-elements-4d198ca469368f5412304b8609ad7eb7\">(D) hip\u00e9rbole<\/p>\n\n\n\n<p class=\"has-black-color has-text-color has-background has-medium-font-size\" style=\"background-color:#fec3d2\"><strong>QUEST\u00c3O 4  <\/strong><\/p>\n\n\n\n<p class=\"has-black-color has-text-color has-medium-font-size\">Substitua o termo que provoca a ideia de exagero na tirinha por outro que, ainda, mantenha o mesmo sentido e contexto. <\/p>\n\n\n\n<p class=\"has-black-color has-text-color has-background has-medium-font-size\" style=\"background-color:#fec3d2\"><strong>QUEST\u00c3O 5 <\/strong><\/p>\n\n\n\n<p class=\"has-black-color has-text-color has-medium-font-size\">Que efeito de sentido a presen\u00e7a da linguagem conotativa imprime \u00e0 tirinha?  <\/p>\n\n\n\n<p class=\"has-black-color has-text-color has-background has-medium-font-size\" style=\"background-color:#fec3d2\"><strong>QUEST\u00c3O 6<\/strong> <\/p>\n\n\n\n<p class=\"has-black-color has-text-color has-medium-font-size\">Se a tirinha fosse reescrita sem o recurso da figura de linguagem, como ela poderia ser elaborada? Teria o mesmo impacto que a vers\u00e3o original? <\/p>\n\n\n\n<p class=\"has-text-align-center has-black-color has-light-green-cyan-background-color has-text-color has-background has-medium-font-size\">Leia o di\u00e1logo abaixo para responder \u00e0s quest\u00f5es 7 a 9.<\/p>\n\n\n<div class=\"wp-block-image\">\n<figure class=\"aligncenter size-full\"><img decoding=\"async\" width=\"283\" height=\"566\" src=\"https:\/\/sme.goiania.go.gov.br\/conexaoescola\/wp-content\/uploads\/2022\/09\/phone-g5157377b0_1280.png\" alt=\"\" class=\"wp-image-149573\" srcset=\"https:\/\/sme.goiania.go.gov.br\/conexaoescola\/wp-content\/uploads\/2022\/09\/phone-g5157377b0_1280.png 283w, https:\/\/sme.goiania.go.gov.br\/conexaoescola\/wp-content\/uploads\/2022\/09\/phone-g5157377b0_1280-150x300.png 150w\" sizes=\"(max-width: 283px) 100vw, 283px\" \/><figcaption class=\"wp-element-caption\">Imagem adaptada de: &lt;<a href=\"https:\/\/pixabay.com\/images\/id-2903272\/\">https:\/\/pixabay.com\/images\/id-2903272\/<\/a>&gt; Acesso em: 29, ago. 22<\/figcaption><\/figure><\/div>\n\n\n<p class=\"has-black-color has-text-color has-background has-medium-font-size\" style=\"background-color:#fec3d2\"><strong>QUEST\u00c3O 7 <\/strong><\/p>\n\n\n\n<p class=\"has-black-color has-text-color has-link-color has-medium-font-size wp-elements-3652995982e18fcdcefe719f550a2610\">Em \u201cPra quem ela vivia olhando doce?\u201d, h\u00e1 uma <\/p>\n\n\n\n<p class=\"has-black-color has-text-color has-link-color has-medium-font-size wp-elements-16fa8d0b4b3eda71c9e500394cdfa1cc\">(A) sinestesia <\/p>\n\n\n\n<p class=\"has-black-color has-text-color has-link-color has-medium-font-size wp-elements-2447bf9c5db8eb5bec24c2b6d9cb06c9\">(B) ant\u00edtese <\/p>\n\n\n\n<p class=\"has-black-color has-text-color has-link-color has-medium-font-size wp-elements-919433a639d5a4e307cc341bbbab1dbd\">(C) personifica\u00e7\u00e3o <\/p>\n\n\n\n<p class=\"has-black-color has-text-color has-link-color has-medium-font-size wp-elements-8c01501f38a2305c22104dc81f9cf6ec\">(D) compara\u00e7\u00e3o<\/p>\n\n\n\n<p class=\"has-black-color has-text-color has-background has-medium-font-size\" style=\"background-color:#fec3d2\"><strong>QUEST\u00c3O 8 <\/strong><\/p>\n\n\n\n<p class=\"has-black-color has-text-color has-medium-font-size\">Identifique outras figuras de linguagem presentes no di\u00e1logo. <\/p>\n\n\n\n<p class=\"has-black-color has-text-color has-background has-medium-font-size\" style=\"background-color:#fec3d2\"><strong>QUEST\u00c3O 9 <\/strong><\/p>\n\n\n\n<p class=\"has-black-color has-text-color has-medium-font-size\">Reescreva os di\u00e1logos alterando as figuras de linguagem pelo uso denotativo da l\u00edngua procurando n\u00e3o alterar os sentidos criados.<\/p>\n\n\n\n<hr class=\"wp-block-separator has-css-opacity\"\/>\n\n\n\n<figure class=\"wp-block-table is-style-stripes\"><table><tbody><tr><td><strong>Autoria:<\/strong><\/td><td>Marlon Santos<\/td><\/tr><tr><td><strong>Forma\u00e7\u00e3o:<\/strong><\/td><td>Letras &#8211; Portugu\u00eas<\/td><\/tr><tr><td><strong>Componente curricular:<\/strong><\/td><td>L\u00edngua Portuguesa<\/td><\/tr><tr><td><strong>Habilidade estruturante:<\/strong><\/td><td>(EF69LP05) Inferir e justificar, em textos multissemioticos \u2013 tirinhas, charges, memes, etc. \u2013, o efeito de humor, ironia e\/ou critica pelo uso amb\u00edguo de palavras, express\u00f5es ou imagens amb\u00edguas, de clich\u00eas, de recursos iconogr\u00e1ficos, de pontua\u00e7\u00e3o etc.<\/td><\/tr><tr><td><strong>Refer\u00eancias:<\/strong><\/td><td>GOI\u00c2NIA. Secretaria Municipal de Educa\u00e7\u00e3o. Aprender Sempre. 6\u00b0 ao 9\u00ba ano \u2013 Ensino Fundamental; L\u00edngua Portuguesa; 3\u00b0 Bimestre; Goi\u00e2nia, 2022.<\/td><\/tr><\/tbody><\/table><\/figure>\n","protected":false},"author":42,"featured_media":149570,"template":"","ef_categoria":[16,36],"ef_ano":[92],"ef_componente":[93],"class_list":["post-149569","ensino_fundamental","type-ensino_fundamental","status-publish","has-post-thumbnail","hentry","ef_categoria-ciclo-da-adolescencia-hi","ef_categoria-etica-e-cidadania-ciclo-da-adolescencia-hi","ef_ano-9o-ano","ef_componente-portugues","entry","has-media"],"acf":[],"_links":{"self":[{"href":"https:\/\/sme.goiania.go.gov.br\/conexaoescola\/wp-json\/wp\/v2\/ensino_fundamental\/149569","targetHints":{"allow":["GET"]}}],"collection":[{"href":"https:\/\/sme.goiania.go.gov.br\/conexaoescola\/wp-json\/wp\/v2\/ensino_fundamental"}],"about":[{"href":"https:\/\/sme.goiania.go.gov.br\/conexaoescola\/wp-json\/wp\/v2\/types\/ensino_fundamental"}],"author":[{"embeddable":true,"href":"https:\/\/sme.goiania.go.gov.br\/conexaoescola\/wp-json\/wp\/v2\/users\/42"}],"version-history":[{"count":1,"href":"https:\/\/sme.goiania.go.gov.br\/conexaoescola\/wp-json\/wp\/v2\/ensino_fundamental\/149569\/revisions"}],"predecessor-version":[{"id":182969,"href":"https:\/\/sme.goiania.go.gov.br\/conexaoescola\/wp-json\/wp\/v2\/ensino_fundamental\/149569\/revisions\/182969"}],"wp:featuredmedia":[{"embeddable":true,"href":"https:\/\/sme.goiania.go.gov.br\/conexaoescola\/wp-json\/wp\/v2\/media\/149570"}],"wp:attachment":[{"href":"https:\/\/sme.goiania.go.gov.br\/conexaoescola\/wp-json\/wp\/v2\/media?parent=149569"}],"wp:term":[{"taxonomy":"ef_categoria","embeddable":true,"href":"https:\/\/sme.goiania.go.gov.br\/conexaoescola\/wp-json\/wp\/v2\/ef_categoria?post=149569"},{"taxonomy":"ef_ano","embeddable":true,"href":"https:\/\/sme.goiania.go.gov.br\/conexaoescola\/wp-json\/wp\/v2\/ef_ano?post=149569"},{"taxonomy":"ef_componente","embeddable":true,"href":"https:\/\/sme.goiania.go.gov.br\/conexaoescola\/wp-json\/wp\/v2\/ef_componente?post=149569"}],"curies":[{"name":"wp","href":"https:\/\/api.w.org\/{rel}","templated":true}]}}